{"id":74325,"date":"2026-02-12T09:42:06","date_gmt":"2026-02-12T12:42:06","guid":{"rendered":"https:\/\/www.uninter.com\/portaldoegresso\/?page_id=74325"},"modified":"2026-04-01T09:21:02","modified_gmt":"2026-04-01T12:21:02","slug":"pesquisa-cursos-tecnicos-profissionalizantes","status":"publish","type":"page","link":"https:\/\/www.uninter.com\/portaldoegresso\/pesquisa-cursos-tecnicos-profissionalizantes\/","title":{"rendered":"Pesquisa &#8211; Cursos T\u00e9cnicos e Profissionalizantes"},"content":{"rendered":"\n<p><\/p>\n\n\n<div class=\"wp-block-image\">\n<figure class=\"aligncenter size-large\"><img loading=\"lazy\" width=\"1024\" height=\"366\" src=\"https:\/\/www.uninter.com\/portaldoegresso\/wp-content\/uploads\/2026\/03\/BANNER-01-Ouvir-para-Transformar_-Pesquisa-Unintertech-2026-1024x366.png\" alt=\"\" class=\"wp-image-74740\" srcset=\"https:\/\/www.uninter.com\/portaldoegresso\/wp-content\/uploads\/2026\/03\/BANNER-01-Ouvir-para-Transformar_-Pesquisa-Unintertech-2026-1024x366.png 1024w, https:\/\/www.uninter.com\/portaldoegresso\/wp-content\/uploads\/2026\/03\/BANNER-01-Ouvir-para-Transformar_-Pesquisa-Unintertech-2026-300x107.png 300w, https:\/\/www.uninter.com\/portaldoegresso\/wp-content\/uploads\/2026\/03\/BANNER-01-Ouvir-para-Transformar_-Pesquisa-Unintertech-2026-768x275.png 768w, https:\/\/www.uninter.com\/portaldoegresso\/wp-content\/uploads\/2026\/03\/BANNER-01-Ouvir-para-Transformar_-Pesquisa-Unintertech-2026-1536x550.png 1536w, https:\/\/www.uninter.com\/portaldoegresso\/wp-content\/uploads\/2026\/03\/BANNER-01-Ouvir-para-Transformar_-Pesquisa-Unintertech-2026-168x60.png 168w, https:\/\/www.uninter.com\/portaldoegresso\/wp-content\/uploads\/2026\/03\/BANNER-01-Ouvir-para-Transformar_-Pesquisa-Unintertech-2026.png 1920w\" sizes=\"(max-width: 1024px) 100vw, 1024px\" \/><\/figure><\/div>\n\n\n<h2><\/h2>\n\n\n\n<h2><\/h2>\n\n\n\n<h1 class=\"has-text-align-center has-black-color has-text-color has-medium-font-size\"><strong>Sua forma\u00e7\u00e3o impulsionou sua carreira? Queremos ouvir voc\u00ea.<\/strong><\/h1>\n\n\n\n<figure class=\"wp-block-image\"><img alt=\"\"\/><\/figure>\n\n\n\n<p class=\"has-black-color has-text-color\" style=\"font-size:17px\">Concluir um <strong>Curso T\u00e9cnico ou Profissionalizante<\/strong> \u00e9 mais do que obter um certificado. \u00c9 investir no desenvolvimento de compet\u00eancias pr\u00e1ticas, ampliar oportunidades no mercado de trabalho e fortalecer o crescimento profissional. <\/p>\n\n\n\n<p class=\"has-black-color has-text-color\" style=\"font-size:17px\">Na <strong>Uninter<\/strong>, os Cursos T\u00e9cnicos e Profissionalizantes s\u00e3o estruturados para integrar <strong>teoria e pr\u00e1tica<\/strong>, com metodologias atualizadas, professores qualificados e flexibilidade nos formatos <strong>semipresencial e a dist\u00e2ncia.<\/strong><\/p>\n\n\n\n<p class=\"has-black-color has-text-color\" style=\"font-size:17px\">Durante a forma\u00e7\u00e3o, os estudantes desenvolvem <strong>habilidades t\u00e9cnicas espec\u00edficas da \u00e1rea<\/strong>, fortalecem compet\u00eancias profissionais e se preparam melhor para os desafios do mercado de trabalho. Al\u00e9m disso, a certifica\u00e7\u00e3o,<strong> v\u00e1lida em todo o territ\u00f3rio nacional<\/strong>, torna-se um diferencial importante para <strong>ingresso, recoloca\u00e7\u00e3o e crescimento na carreira<\/strong>.<\/p>\n\n\n\n<h1><\/h1>\n\n\n\n<h2><\/h2>\n\n\n\n<hr class=\"wp-block-separator has-alpha-channel-opacity\"\/>\n\n\n\n<h2 class=\"has-text-align-center has-black-color has-text-color has-medium-font-size\" style=\"font-size:17px\">Agora queremos saber: como essa forma\u00e7\u00e3o impactou a sua trajet\u00f3ria?<\/h2>\n\n\n\n<h2 class=\"has-text-align-center has-black-color has-text-color has-medium-font-size\" style=\"font-size:17px\">Sua experi\u00eancia contribui para fortalecer a qualidade da forma\u00e7\u00e3o t\u00e9cnica e profissional da Uninter.<\/h2>\n\n\n\n<figure class=\"wp-block-image\"><img alt=\"\"\/><\/figure>\n\n\n\n<h2><\/h2>\n\n\n\n<p><\/p>\n\n\n\n<p class=\"has-black-color has-text-color\" style=\"font-size:17px\"><strong>Prezado(a) egresso(a),<\/strong><\/p>\n\n\n\n<p class=\"has-black-color has-text-color\" style=\"font-size:17px\">O Centro Universit\u00e1rio Internacional \u2013 UNINTER, por meio da Central de Acompanhamento de Egressos, convida voc\u00ea a participar da <strong>Pesquisa de Egressos 2026 \u2013 Cursos T\u00e9cnicos e Profissionalizantes.<\/strong><\/p>\n\n\n\n<p class=\"has-black-color has-text-color\" style=\"font-size:17px\">Sua participa\u00e7\u00e3o \u00e9 fundamental para compreendermos como a forma\u00e7\u00e3o recebida impactou sua atua\u00e7\u00e3o profissional, seu desenvolvimento de carreira e sua inser\u00e7\u00e3o no mercado de trabalho.<\/p>\n\n\n\n<p class=\"has-black-color has-text-color\" style=\"font-size:17px\">Cada resposta contribui diretamente para o aprimoramento cont\u00ednuo dos cursos, das pr\u00e1ticas pedag\u00f3gicas e das a\u00e7\u00f5es institucionais voltadas \u00e0 empregabilidade, ajudando a Uninter a oferecer uma forma\u00e7\u00e3o cada vez mais alinhada \u00e0s necessidades dos estudantes e \u00e0s demandas do mercado.<\/p>\n\n\n\n<h2><\/h2>\n\n\n\n<h2><\/h2>\n\n\n\n<h2 class=\"has-black-color has-text-color has-medium-font-size\" style=\"font-style:normal;font-weight:700\">\ud83d\udc65Quem pode participar?<\/h2>\n\n\n\n<p class=\"has-black-color has-text-color has-background\" style=\"background-color:#ffe5cc;font-size:17px\">Egressos (concluintes) dos Cursos T\u00e9cnicos e Profissionalizantes do Centro Universit\u00e1rio Internacional \u2013 Uninter, em todos os formatos de ensino ofertados.<\/p>\n\n\n\n<p class=\"has-black-color has-text-color\"><\/p>\n\n\n\n<h2><\/h2>\n\n\n\n<h2 class=\"has-black-color has-text-color has-medium-font-size\" style=\"font-style:normal;font-weight:700\">Per\u00edodo da pesquisa<\/h2>\n\n\n\n<p class=\"has-black-color has-text-color has-background\" style=\"background-color:#ffe5cc;font-size:17px\">\ud83d\udcc5 04 de maio a 24 de maio de 2026<\/p>\n\n\n\n<h2><\/h2>\n\n\n\n<h2 class=\"has-black-color has-text-color has-medium-font-size\" style=\"font-style:normal;font-weight:700\">Como participar?<\/h2>\n\n\n\n<p class=\"has-black-color has-text-color has-background\" style=\"background-color:#ffe5cc;font-size:17px\"><strong>1.<\/strong> Acesse a p\u00e1gina de <strong>Egressos da Uninter<\/strong><\/p>\n\n\n\n<p class=\"has-black-color has-text-color has-background\" style=\"background-color:#ffe5cc;font-size:17px\"><strong>2.<\/strong> Clique na aba <strong>Cursos T\u00e9cnicos e Profissionalizantes;<\/strong><\/p>\n\n\n\n<p class=\"has-black-color has-text-color has-background\" style=\"background-color:#ffe5cc;font-size:17px\"><strong>3.<\/strong> Role a p\u00e1gina at\u00e9 o final e localize o<strong> formul\u00e1rio da pesquisa e <\/strong>&nbsp;preencha as informa\u00e7\u00f5es solicitadas durante o per\u00edodo da pesquisa<strong> (01\/05 a 24\/05)<\/strong>;<\/p>\n\n\n\n<p class=\"has-black-color has-text-color has-background\" style=\"background-color:#ffe5cc;font-size:17px\"><strong>4.<\/strong> Em seguida, informe seus <strong>dados pessoais<\/strong> para avan\u00e7ar para a pr\u00f3xima;<\/p>\n\n\n\n<p class=\"has-black-color has-text-color has-background\" style=\"background-color:#ffe5cc;font-size:17px\"><strong>5.<\/strong> Utilize seu <strong>RU e senha <\/strong>para&nbsp; acessar e concluir a pesquisa.<\/p>\n\n\n\n<p class=\"has-black-color has-text-color has-background\" style=\"background-color:#ffe5cc;font-size:17px\">Caso n\u00e3o se lembre das informa\u00e7\u00f5es de acesso, basta seguir o <strong>segundo procedimento<\/strong> dispon\u00edvel na mesma p\u00e1gina para recuperar seu acesso e concluir a pesquisa.<\/p>\n\n\n\n<p class=\"has-black-color has-text-color\" style=\"font-size:17px\">Responder \u00e0 pesquisa \u00e9 r\u00e1pido, seguro.<\/p>\n\n\n\n<p><\/p>\n\n\n\n<p class=\"has-black-color has-text-color\" style=\"font-size:17px\">\ud83d\udc49 <strong>Participe da Pesquisa de Egressos 2026<\/strong> e contribua para fortalecer a qualidade da forma\u00e7\u00e3o t\u00e9cnica e profissional na Uninter.<\/p>\n\n\n\n<p><\/p>\n\n\n\n<h2 class=\"has-text-align-center has-black-color has-text-color has-medium-font-size\"><strong>Sua trajet\u00f3ria nos ajuda a evoluir continuamente.<\/strong><\/h2>\n\n\n\n<p><\/p>\n","protected":false},"excerpt":{"rendered":"<p>Sua forma\u00e7\u00e3o impulsionou sua carreira? Queremos ouvir voc\u00ea. Concluir um Curso T\u00e9cnico ou Profissionalizante \u00e9 mais do que obter um certificado. \u00c9 investir no desenvolvimento de compet\u00eancias pr\u00e1ticas, ampliar oportunidades no mercado de trabalho e fortalecer o crescimento profissional. Na Uninter, os Cursos T\u00e9cnicos e Profissionalizantes s\u00e3o estruturados para integrar teoria e pr\u00e1tica, com metodologias &hellip; <\/p>\n","protected":false},"author":1,"featured_media":0,"parent":0,"menu_order":0,"comment_status":"closed","ping_status":"closed","template":"Egressos\/page-pesquisa-cursos-tecnicos-profissionalizantes.php","meta":[],"yoast_head":"<!-- This site is optimized with the Yoast SEO plugin v19.0 - https:\/\/yoast.com\/wordpress\/plugins\/seo\/ -->\n<title>Pesquisa - Cursos T\u00e9cnicos e Profissionalizantes - Portal do Egresso<\/title>\n<meta name=\"robots\" content=\"index, follow, max-snippet:-1, max-image-preview:large, max-video-preview:-1\" \/>\n<link rel=\"canonical\" href=\"https:\/\/www.uninter.com\/portaldoegresso\/pesquisa-cursos-tecnicos-profissionalizantes\/\" \/>\n<meta property=\"og:locale\" content=\"pt_BR\" \/>\n<meta property=\"og:type\" content=\"article\" \/>\n<meta property=\"og:title\" content=\"Pesquisa - Cursos T\u00e9cnicos e Profissionalizantes - Portal do Egresso\" \/>\n<meta property=\"og:description\" content=\"Sua forma\u00e7\u00e3o impulsionou sua carreira? Queremos ouvir voc\u00ea. Concluir um Curso T\u00e9cnico ou Profissionalizante \u00e9 mais do que obter um certificado. \u00c9 investir no desenvolvimento de compet\u00eancias pr\u00e1ticas, ampliar oportunidades no mercado de trabalho e fortalecer o crescimento profissional. Na Uninter, os Cursos T\u00e9cnicos e Profissionalizantes s\u00e3o estruturados para integrar teoria e pr\u00e1tica, com metodologias &hellip;\" \/>\n<meta property=\"og:url\" content=\"https:\/\/www.uninter.com\/portaldoegresso\/pesquisa-cursos-tecnicos-profissionalizantes\/\" \/>\n<meta property=\"og:site_name\" content=\"Portal do Egresso\" \/>\n<meta property=\"article:modified_time\" content=\"2026-04-01T12:21:02+00:00\" \/>\n<meta property=\"og:image\" content=\"https:\/\/www.uninter.com\/portaldoegresso\/wp-content\/uploads\/2026\/03\/BANNER-01-Ouvir-para-Transformar_-Pesquisa-Unintertech-2026-1024x366.png\" \/>\n<meta name=\"twitter:card\" content=\"summary_large_image\" \/>\n<meta name=\"twitter:label1\" content=\"Est. tempo de leitura\" \/>\n\t<meta name=\"twitter:data1\" content=\"3 minutos\" \/>\n<script type=\"application\/ld+json\" class=\"yoast-schema-graph\">{\"@context\":\"https:\/\/schema.org\",\"@graph\":[{\"@type\":\"WebSite\",\"@id\":\"https:\/\/www.uninter.com\/portaldoegresso\/#website\",\"url\":\"https:\/\/www.uninter.com\/portaldoegresso\/\",\"name\":\"Portal do Egresso\",\"description\":\"\",\"potentialAction\":[{\"@type\":\"SearchAction\",\"target\":{\"@type\":\"EntryPoint\",\"urlTemplate\":\"https:\/\/www.uninter.com\/portaldoegresso\/?s={search_term_string}\"},\"query-input\":\"required name=search_term_string\"}],\"inLanguage\":\"pt-BR\"},{\"@type\":\"ImageObject\",\"inLanguage\":\"pt-BR\",\"@id\":\"https:\/\/www.uninter.com\/portaldoegresso\/pesquisa-cursos-tecnicos-profissionalizantes\/#primaryimage\",\"url\":\"https:\/\/www.uninter.com\/portaldoegresso\/wp-content\/uploads\/2026\/03\/BANNER-01-Ouvir-para-Transformar_-Pesquisa-Unintertech-2026.png\",\"contentUrl\":\"https:\/\/www.uninter.com\/portaldoegresso\/wp-content\/uploads\/2026\/03\/BANNER-01-Ouvir-para-Transformar_-Pesquisa-Unintertech-2026.png\",\"width\":1920,\"height\":687},{\"@type\":\"WebPage\",\"@id\":\"https:\/\/www.uninter.com\/portaldoegresso\/pesquisa-cursos-tecnicos-profissionalizantes\/#webpage\",\"url\":\"https:\/\/www.uninter.com\/portaldoegresso\/pesquisa-cursos-tecnicos-profissionalizantes\/\",\"name\":\"Pesquisa - Cursos T\u00e9cnicos e Profissionalizantes - Portal do Egresso\",\"isPartOf\":{\"@id\":\"https:\/\/www.uninter.com\/portaldoegresso\/#website\"},\"primaryImageOfPage\":{\"@id\":\"https:\/\/www.uninter.com\/portaldoegresso\/pesquisa-cursos-tecnicos-profissionalizantes\/#primaryimage\"},\"datePublished\":\"2026-02-12T12:42:06+00:00\",\"dateModified\":\"2026-04-01T12:21:02+00:00\",\"breadcrumb\":{\"@id\":\"https:\/\/www.uninter.com\/portaldoegresso\/pesquisa-cursos-tecnicos-profissionalizantes\/#breadcrumb\"},\"inLanguage\":\"pt-BR\",\"potentialAction\":[{\"@type\":\"ReadAction\",\"target\":[\"https:\/\/www.uninter.com\/portaldoegresso\/pesquisa-cursos-tecnicos-profissionalizantes\/\"]}]},{\"@type\":\"BreadcrumbList\",\"@id\":\"https:\/\/www.uninter.com\/portaldoegresso\/pesquisa-cursos-tecnicos-profissionalizantes\/#breadcrumb\",\"itemListElement\":[{\"@type\":\"ListItem\",\"position\":1,\"name\":\"In\u00edcio\",\"item\":\"https:\/\/www.uninter.com\/portaldoegresso\/\"},{\"@type\":\"ListItem\",\"position\":2,\"name\":\"Pesquisa &#8211; Cursos T\u00e9cnicos e Profissionalizantes\"}]}]}<\/script>\n<!-- \/ Yoast SEO plugin. -->","yoast_head_json":{"title":"Pesquisa - Cursos T\u00e9cnicos e Profissionalizantes - Portal do Egresso","robots":{"index":"index","follow":"follow","max-snippet":"max-snippet:-1","max-image-preview":"max-image-preview:large","max-video-preview":"max-video-preview:-1"},"canonical":"https:\/\/www.uninter.com\/portaldoegresso\/pesquisa-cursos-tecnicos-profissionalizantes\/","og_locale":"pt_BR","og_type":"article","og_title":"Pesquisa - Cursos T\u00e9cnicos e Profissionalizantes - Portal do Egresso","og_description":"Sua forma\u00e7\u00e3o impulsionou sua carreira? Queremos ouvir voc\u00ea. Concluir um Curso T\u00e9cnico ou Profissionalizante \u00e9 mais do que obter um certificado. \u00c9 investir no desenvolvimento de compet\u00eancias pr\u00e1ticas, ampliar oportunidades no mercado de trabalho e fortalecer o crescimento profissional. Na Uninter, os Cursos T\u00e9cnicos e Profissionalizantes s\u00e3o estruturados para integrar teoria e pr\u00e1tica, com metodologias &hellip;","og_url":"https:\/\/www.uninter.com\/portaldoegresso\/pesquisa-cursos-tecnicos-profissionalizantes\/","og_site_name":"Portal do Egresso","article_modified_time":"2026-04-01T12:21:02+00:00","og_image":[{"url":"https:\/\/www.uninter.com\/portaldoegresso\/wp-content\/uploads\/2026\/03\/BANNER-01-Ouvir-para-Transformar_-Pesquisa-Unintertech-2026-1024x366.png"}],"twitter_card":"summary_large_image","twitter_misc":{"Est. tempo de leitura":"3 minutos"},"schema":{"@context":"https:\/\/schema.org","@graph":[{"@type":"WebSite","@id":"https:\/\/www.uninter.com\/portaldoegresso\/#website","url":"https:\/\/www.uninter.com\/portaldoegresso\/","name":"Portal do Egresso","description":"","potentialAction":[{"@type":"SearchAction","target":{"@type":"EntryPoint","urlTemplate":"https:\/\/www.uninter.com\/portaldoegresso\/?s={search_term_string}"},"query-input":"required name=search_term_string"}],"inLanguage":"pt-BR"},{"@type":"ImageObject","inLanguage":"pt-BR","@id":"https:\/\/www.uninter.com\/portaldoegresso\/pesquisa-cursos-tecnicos-profissionalizantes\/#primaryimage","url":"https:\/\/www.uninter.com\/portaldoegresso\/wp-content\/uploads\/2026\/03\/BANNER-01-Ouvir-para-Transformar_-Pesquisa-Unintertech-2026.png","contentUrl":"https:\/\/www.uninter.com\/portaldoegresso\/wp-content\/uploads\/2026\/03\/BANNER-01-Ouvir-para-Transformar_-Pesquisa-Unintertech-2026.png","width":1920,"height":687},{"@type":"WebPage","@id":"https:\/\/www.uninter.com\/portaldoegresso\/pesquisa-cursos-tecnicos-profissionalizantes\/#webpage","url":"https:\/\/www.uninter.com\/portaldoegresso\/pesquisa-cursos-tecnicos-profissionalizantes\/","name":"Pesquisa - Cursos T\u00e9cnicos e Profissionalizantes - Portal do Egresso","isPartOf":{"@id":"https:\/\/www.uninter.com\/portaldoegresso\/#website"},"primaryImageOfPage":{"@id":"https:\/\/www.uninter.com\/portaldoegresso\/pesquisa-cursos-tecnicos-profissionalizantes\/#primaryimage"},"datePublished":"2026-02-12T12:42:06+00:00","dateModified":"2026-04-01T12:21:02+00:00","breadcrumb":{"@id":"https:\/\/www.uninter.com\/portaldoegresso\/pesquisa-cursos-tecnicos-profissionalizantes\/#breadcrumb"},"inLanguage":"pt-BR","potentialAction":[{"@type":"ReadAction","target":["https:\/\/www.uninter.com\/portaldoegresso\/pesquisa-cursos-tecnicos-profissionalizantes\/"]}]},{"@type":"BreadcrumbList","@id":"https:\/\/www.uninter.com\/portaldoegresso\/pesquisa-cursos-tecnicos-profissionalizantes\/#breadcrumb","itemListElement":[{"@type":"ListItem","position":1,"name":"In\u00edcio","item":"https:\/\/www.uninter.com\/portaldoegresso\/"},{"@type":"ListItem","position":2,"name":"Pesquisa &#8211; Cursos T\u00e9cnicos e Profissionalizantes"}]}]}},"_links":{"self":[{"href":"https:\/\/www.uninter.com\/portaldoegresso\/wp-json\/wp\/v2\/pages\/74325"}],"collection":[{"href":"https:\/\/www.uninter.com\/portaldoegresso\/wp-json\/wp\/v2\/pages"}],"about":[{"href":"https:\/\/www.uninter.com\/portaldoegresso\/wp-json\/wp\/v2\/types\/page"}],"author":[{"embeddable":true,"href":"https:\/\/www.uninter.com\/portaldoegresso\/wp-json\/wp\/v2\/users\/1"}],"replies":[{"embeddable":true,"href":"https:\/\/www.uninter.com\/portaldoegresso\/wp-json\/wp\/v2\/comments?post=74325"}],"version-history":[{"count":16,"href":"https:\/\/www.uninter.com\/portaldoegresso\/wp-json\/wp\/v2\/pages\/74325\/revisions"}],"predecessor-version":[{"id":74920,"href":"https:\/\/www.uninter.com\/portaldoegresso\/wp-json\/wp\/v2\/pages\/74325\/revisions\/74920"}],"wp:attachment":[{"href":"https:\/\/www.uninter.com\/portaldoegresso\/wp-json\/wp\/v2\/media?parent=74325"}],"curies":[{"name":"wp","href":"https:\/\/api.w.org\/{rel}","templated":true}]}}