{"id":1755,"date":"2020-12-04T08:09:17","date_gmt":"2020-12-04T11:09:17","guid":{"rendered":"https:\/\/www.uninter.com\/pesquisa\/?page_id=1755"},"modified":"2025-12-15T14:39:01","modified_gmt":"2025-12-15T17:39:01","slug":"apresentacao","status":"publish","type":"page","link":"https:\/\/www.uninter.com\/pesquisa\/apresentacao\/","title":{"rendered":"Comit\u00ea de \u00c9tica em Pesquisa"},"content":{"rendered":"<p><strong>COMIT\u00ca DE \u00c9TICA EM PESQUISA<\/strong><\/p>\n<p>O Comit\u00ea de \u00c9tica em Pesquisa Envolvendo Seres Humanos \u00e9 um \u00f3rg\u00e3o colegiado interdisciplinar de natureza t\u00e9cnico-cient\u00edfica, educativa, consultiva, deliberativa, normativa e independente, constitu\u00eddo nos termos das Resolu\u00e7\u00f5es n.\u00ba 466\/2012 do Conselho Nacional de Sa\u00fade, expedida em 12 de dezembro de 2012, e pela Resolu\u00e7\u00e3o CNS n.\u00ba 370\/07. Ao Comit\u00ea de \u00c9tica em Pesquisa compete regulamentar, analisar e fiscalizar a realiza\u00e7\u00e3o de pesquisas que envolvem seres humanos do CENTRO UNIVERSIT\u00c1RIO INTERNACIONAL UNINTER, institui\u00e7\u00e3o mantida pela UNINTER Educacional S. A., bem como de outras institui\u00e7\u00f5es educacionais que vierem a fazer parte do grupo ou quando solicitado pela CONEP.<\/p>\n<p><strong>Prof.\u00aa Me. Cleci Elisa Albiero<\/strong><br \/>\nCoordenadora do Comit\u00ea de \u00c9tica em Pesquisa UNINTER<\/p>\n<p><strong>Prof. Dr. Marcos Baroncini Proen\u00e7a<\/strong><br \/>\nVice-coordenador do Comit\u00ea de \u00c9tica em Pesquisa UNINTER<\/p>\n<p><strong>Suzana Vieira Macedo<\/strong><br \/>\nFuncion\u00e1ria Administrativa do Comit\u00ea de \u00c9tica em Pesquisa UNINTER<\/p>\n<p><strong>Hor\u00e1rio de funcionamento do CEP:<\/strong> De segunda-feira a sexta-feira, das 13h30 \u00e0s 17h30.<\/p>\n<p>&nbsp;<\/p>\n<p><strong>AGENDA DE REUNI\u00d5ES CEP UNINTER<\/strong><\/p>\n<div id=\"panel-31-0-0-1\" class=\"widget_text so-panel widget widget_custom_html panel-last-child\" data-index=\"1\">\n<div class=\"textwidget custom-html-widget\">\n<p><strong><a href=\"http:\/\/plataformabrasil.saude.gov.br\/login.jsf\">ACESSO PLATAFORMA BRASIL (Clique aqui)<\/a><\/strong><\/p>\n<p><a href=\"https:\/\/drive.google.com\/file\/d\/1_GCYhFrEqSv9af7H1-35C1KQMoTof5wW\/view?usp=sharing\" target=\"_blank\" rel=\"noopener\">AGENDA DE REUNI\u00d5ES 2026 (Clique aqui)<\/a><\/p>\n<\/div>\n<p><a href=\"https:\/\/www.uninter.com\/pesquisa\/wp-content\/uploads\/2025\/01\/Agenda-de-reunioes-CEP_2025.pdf\">AGENDA DE REUNI\u00c3O CEP 2025 (Clique aqui)<\/a><\/p>\n<p><strong><a href=\"https:\/\/www.uninter.com\/pesquisa\/wp-content\/uploads\/2024\/01\/AGENDA-DE-REUNIAO-CEP-2024.pdf\">AGENDA DE REUNI\u00c3O\u00a0 CEP 2024 (Clique aqui)<\/a><\/strong><\/p>\n<\/div>\n<p><strong><a href=\"https:\/\/www.uninter.com\/pesquisa\/wp-content\/uploads\/2024\/05\/EDITAL-48-2024-HOMOLOGACAO-SELECIONADOS-CEP-2024.pdf\">HOMOLOGA\u00c7\u00c3O SELECIONADOS CEP 2024<\/a><\/strong><\/p>\n<div id=\"panel-31-0-0-1\" class=\"widget_text so-panel widget widget_custom_html panel-last-child\" data-index=\"1\">\n<p><a href=\"https:\/\/www.uninter.com\/pesquisa\/wp-content\/uploads\/2024\/04\/EDITAL-MEMBROS-CEP-1.pdf\">EDITAL MEMBROS CEP<\/a><\/p>\n<\/div>\n<div id=\"pg-31-2\" class=\"panel-grid panel-no-style\">\n<div id=\"pgc-31-2-0\" class=\"panel-grid-cell\">\n<div id=\"panel-31-2-0-0\" class=\"widget_text so-panel widget widget_custom_html panel-first-child panel-last-child\" data-index=\"2\">\n<div class=\"textwidget custom-html-widget\">\n<p>Prof. Me. Alexandre Correia dos Santos<\/p>\n<p>Prof.\u00aa Dr.\u00aa Ana Carolina Tedeschi Gomes Abrantes<\/p>\n<p>Prof.\u00aa Dr.\u00aa Ana Paula de Andrade Janz Elias<\/p>\n<p>Prof. Dr. Andr\u00e9 Luiz Moscaleski Cavazzani<\/p>\n<p>Prof. Dr. Augusto Lima da Silvei<\/p>\n<p>Prof. Dr. Claudio Aur\u00e9lio Hernandes<\/p>\n<p>Prof. Dr. Daniel Guimar\u00e3es Tedesco<\/p>\n<p>Prof.\u00aa Me. Denise Ferreira Gomide Batista<\/p>\n<p>Prof. Dr. Doacir Gon\u00e7alves Quadros<\/p>\n<p>Prof.\u00aa Dr.\u00aa Glaucia da Silva Brito<\/p>\n<p>Prof.\u00aa Dr.\u00aa Greissi Tente Giraldi<\/p>\n<p>Prof. Dr. Guilherme Gon\u00e7alves de Carvalho<\/p>\n<p>Prof. Dr. Jailson de Souza Ara\u00fajo<\/p>\n<p>Prof.\u00aa Dr.\u00aa Joana Paulin Romanowski<\/p>\n<p>Prof.\u00aa Me. Sandra Maria Lopes de Souza<\/p>\n<p>Prof. Dr. Vinicius Bednarczuk de Oliveira<\/p>\n<p>Representante de usu\u00e1rio: Alisson Gon\u00e7alves<\/p>\n<p>Representante de usu\u00e1rio: Emanuely Girotto<\/p>\n<\/div>\n<\/div>\n<\/div>\n<\/div>\n<div id=\"pg-1291-3\" class=\"panel-grid panel-no-style\">\n<div id=\"pgc-1291-3-0\" class=\"panel-grid-cell panel-grid-cell-empty\" data-weight=\"1\"><\/div>\n<\/div>\n","protected":false},"excerpt":{"rendered":"<p>COMIT\u00ca DE \u00c9TICA EM PESQUISA O Comit\u00ea de \u00c9tica em Pesquisa Envolvendo Seres Humanos \u00e9 um \u00f3rg\u00e3o colegiado interdisciplinar de natureza t\u00e9cnico-cient\u00edfica, educativa, consultiva, deliberativa, normativa e independente, constitu\u00eddo nos termos das Resolu\u00e7\u00f5es n.\u00ba 466\/2012 do Conselho Nacional de Sa\u00fade, expedida em 12 de dezembro de 2012, e pela Resolu\u00e7\u00e3o CNS n.\u00ba 370\/07. Ao Comit\u00ea [&hellip;]<\/p>\n","protected":false},"author":1,"featured_media":0,"parent":0,"menu_order":0,"comment_status":"closed","ping_status":"closed","template":"page-apresentacao.php","meta":[],"acf":[],"_links":{"self":[{"href":"https:\/\/www.uninter.com\/pesquisa\/wp-json\/wp\/v2\/pages\/1755"}],"collection":[{"href":"https:\/\/www.uninter.com\/pesquisa\/wp-json\/wp\/v2\/pages"}],"about":[{"href":"https:\/\/www.uninter.com\/pesquisa\/wp-json\/wp\/v2\/types\/page"}],"author":[{"embeddable":true,"href":"https:\/\/www.uninter.com\/pesquisa\/wp-json\/wp\/v2\/users\/1"}],"replies":[{"embeddable":true,"href":"https:\/\/www.uninter.com\/pesquisa\/wp-json\/wp\/v2\/comments?post=1755"}],"version-history":[{"count":55,"href":"https:\/\/www.uninter.com\/pesquisa\/wp-json\/wp\/v2\/pages\/1755\/revisions"}],"predecessor-version":[{"id":3194,"href":"https:\/\/www.uninter.com\/pesquisa\/wp-json\/wp\/v2\/pages\/1755\/revisions\/3194"}],"wp:attachment":[{"href":"https:\/\/www.uninter.com\/pesquisa\/wp-json\/wp\/v2\/media?parent=1755"}],"curies":[{"name":"wp","href":"https:\/\/api.w.org\/{rel}","templated":true}]}}