{"id":170,"date":"2017-12-20T15:53:25","date_gmt":"2017-12-20T17:53:25","guid":{"rendered":"https:\/\/www.uninter.com\/pesquisa-\/?page_id=170"},"modified":"2026-02-04T08:28:24","modified_gmt":"2026-02-04T11:28:24","slug":"programa-de-iniciacao-cientifica-pic","status":"publish","type":"page","link":"https:\/\/www.uninter.com\/pesquisa\/programa-de-iniciacao-cientifica-pic\/","title":{"rendered":"Programa de Inicia\u00e7\u00e3o Cient\u00edfica &#8211; PIC"},"content":{"rendered":"<p><strong>APRESENTA\u00c7\u00c3O\u00a0<\/strong><\/p>\n<p>O Programa de Inicia\u00e7\u00e3o Cient\u00edfica, vinculado \u00e0 Coordena\u00e7\u00e3o de Pesquisa UNINTER, pretende viabilizar ao graduando a oportunidade de produzir conhecimento e desenvolver habilidades necess\u00e1rias \u00e0 pesquisa acad\u00eamica. Assim, enquanto aprende a utilizar o m\u00e9todo cient\u00edfico, o aluno poder\u00e1 empregar suas t\u00e9cnicas, e assim alinhar a teoria \u00e0 pr\u00e1tica, bem como formar atitude cr\u00edtica e reflexiva.<\/p>\n<p>O ingresso de pesquisadores no Programa de Inicia\u00e7\u00e3o Cient\u00edfica acontece anualmente, e para participar do processo de sele\u00e7\u00e3o o aluno dever\u00e1 atender aos requisitos dispostos no edital do programa. O aluno interessado em participar do PIC deve estar ciente do seguinte:<\/p>\n<ul>\n<li>\u00c9 necess\u00e1rio preencher o formul\u00e1rio de inscri\u00e7\u00e3o do processo seletivo no projeto de pesquisa cujo tema tenha afinidade com o seu curso e sua \u00e1rea de interesse.<\/li>\n<li>O respons\u00e1vel pela sele\u00e7\u00e3o \u00e9 o professor coordenador do projeto de pesquisa, com aval do l\u00edder do grupo de pesquisa, por meio de entrevista e das informa\u00e7\u00f5es contidas na justificativa do formul\u00e1rio de inscri\u00e7\u00e3o.<\/li>\n<li>Fica a cargo do coordenador do projeto de pesquisa acompanhar o processo de sele\u00e7\u00e3o do candidato PIC.<\/li>\n<li>O resultado da sele\u00e7\u00e3o ser\u00e1 divulgado via edital de homologa\u00e7\u00e3o e disponibilizado no site da Coordena\u00e7\u00e3o de Pesquisa.<\/li>\n<\/ul>\n<p>Para esclarecimento de outras d\u00favidas, consultar o edital de Abertura do Programa de Inicia\u00e7\u00e3o Cient\u00edfica.<\/p>\n<p><strong>EDITAIS DO PROGRAMA DE INICIA\u00c7\u00c3O CIENT\u00cdFICA<\/strong><\/p>\n<p>2026<\/p>\n<p><a href=\"https:\/\/www.uninter.com\/pesquisa\/wp-content\/uploads\/2026\/02\/EDITAL-12-2026_REITORIA_2025_HOMOLOGACAO-DO-PROGRAMA-DE-INICIACAO-CIENTIFICA_2026.pdf\">EDITAL N\u00ba 12_2026_HOMOLOGA\u00c7\u00c3O DO PROGRAMA DE INICIA\u00c7\u00c3O CIENT\u00cdFICA DO CENTRO UNIVERSIT\u00c1RIO INTERNACIONAL UNINTER 2026<\/a><\/p>\n<p><a href=\"https:\/\/www.uninter.com\/pesquisa\/wp-content\/uploads\/2025\/12\/RESULTADO_PRELIMINAR_-_PROGRAMA_DE_INICIACAO_CIENTIFICA_2026_1_assinado.pdf\">RESULTADO_PRELIMINAR_-_PROGRAMA_DE_INICIACAO_CIENTIFICA_2026<\/a><\/p>\n<p><a href=\"https:\/\/www.uninter.com\/pesquisa\/wp-content\/uploads\/2025\/10\/EDITAL_No-574_2025_PROGRAMA-DE-INICIACAO-CIENTIFICA.pdf\">EDITAL N\u00ba 574_2025_PROGRAMA DE INICIA\u00c7\u00c3O CIENT\u00cdFICA_ \u2013 SELE\u00c7\u00c3O DE PESQUISADORES PARA O ANO DE 2026<\/a><\/p>\n<p>&nbsp;<\/p>\n<p>2025<\/p>\n<p><a href=\"https:\/\/drive.google.com\/file\/d\/1JbCUtuAfqq31brfZ1zbIPRkwoCAH_Ogb\/view?usp=sharing\" target=\"_blank\" rel=\"noopener\">EDITAL N\u00ba 406\/2025 A Homologa\u00e7\u00e3o dos pesquisadores selecionados no Edital suplementar n\u00ba 315\/2025<\/a><\/p>\n<p><strong><a href=\"https:\/\/www.uninter.com\/pesquisa\/wp-content\/uploads\/2025\/04\/EDITAL-315-2025_PROGRAMA_DE_INICIACAO_CIENTIFICA_versao_SUPLEMENTAR_ABRIL_2025.pdf\">EDITAL SUPLEMENTAR N\u00ba 315\/2025 &#8211; PROCESSO SELETIVO PARA OPROGRAMA DE INICIA\u00c7\u00c3O CIENT\u00cdFICA 2025<\/a> <\/strong><\/p>\n<p><a href=\"https:\/\/www.uninter.com\/pesquisa\/wp-content\/uploads\/2024\/12\/EDITAL-263_REITORIA_2024_HOMOLOGACAO-DO-PROGRAMA-DE-INICIACAO-CIENTIFICA.pdf\">EDITAL N\u00ba 263\/2024_HOMOLOGA\u00c7\u00c3O DO PROGRAMA DE INICIA\u00c7\u00c3O CIENT\u00cdFICA<\/a><\/p>\n<p><a href=\"https:\/\/www.uninter.com\/pesquisa\/wp-content\/uploads\/2024\/09\/EDITAL_No_91_2024_PROGRAMA-DE-INICIACAO-CIENTIFICA_versao_reitoria-revisado-12-08-2024.pdf\">EDITAL 91_2024_PROGRAMA DE INICIA\u00c7\u00c3O CIENT\u00cdFICA_ &#8211; SELE\u00c7\u00c3O DE PESQUISADORES PARA O ANO DE 2025<\/a><\/p>\n<p>&nbsp;<\/p>\n<p>2024<\/p>\n<p><a href=\"https:\/\/www.uninter.com\/pesquisa\/wp-content\/uploads\/2024\/02\/EDITAL-N.o-02_2024_HOMOLOGACAO-DO-PROGRAMA-DE-INICIACAO-CIENTIFICA-2.pdf\">EDITAL N.\u00ba 02_2024_HOMOLOGA\u00c7\u00c3O DO PROGRAMA DE INICIA\u00c7\u00c3O CIENT\u00cdFICA<\/a><\/p>\n<p><a href=\"https:\/\/www.uninter.com\/pesquisa\/wp-content\/uploads\/2025\/08\/EDITAL-No-04_2023_PROGRAMA-DE-INICIACAO-CIENTIFICA.pdf\">EDITAL-No-04_2023_PROGRAMA-DE-INICIACAO-CIENTIFICA.pdf<\/a><\/p>\n<p>&nbsp;<\/p>\n<p>2023<\/p>\n<p><a href=\"https:\/\/www.uninter.com\/pesquisa\/wp-content\/uploads\/2023\/06\/EDITAL-N\u00ba-02_2023_HOMOLOGA\u00c7\u00c3O-DO-PROGRAMA-DE-INICIA\u00c7\u00c3O-CIENT\u00cdFICA.pdf\" target=\"_blank\" rel=\"noopener\">EDITAL-N\u00ba-02_2023_HOMOLOGA\u00c7\u00c3O-DO-PROGRAMA-DE-INICIA\u00c7\u00c3O-CIENT\u00cdFICA.pdf<\/a><\/p>\n<p><a href=\"https:\/\/www.uninter.com\/pesquisa\/wp-content\/uploads\/2022\/11\/EDITAL-N\u00ba-54_2022_PROGRAMA-DE-INICIA\u00c7\u00c3O-CIENT\u00cdFICA.pdf\">EDITAL N\u00ba 54_2022_PROGRAMA DE INICIA\u00c7\u00c3O CIENT\u00cdFICA<\/a><\/p>\n<p>&nbsp;<\/p>\n<p>2022<\/p>\n<p><a href=\"https:\/\/www.uninter.com\/pesquisa\/wp-content\/uploads\/2022\/05\/EDITAL-N\u00ba-02-2022_HOMOLOGA\u00c7\u00c3O-DO-PROGRAMA-DE-INICIA\u00c7\u00c3O-CIENT\u00cdFICA.pdf\">EDITAL N\u00ba 02 2022_HOMOLOGA\u00c7\u00c3O DO PROGRAMA DE INICIA\u00c7\u00c3O CIENT\u00cdFICA<\/a><\/p>\n<p><a href=\"https:\/\/www.uninter.com\/pesquisa\/wp-content\/uploads\/2022\/03\/EDITAL-N\u00ba-40-2021_PROGRAMA-DE-INICIA\u00c7\u00c3O-CIENT\u00cdFICA.pdf\">EDITAL N\u00ba 40 2021_PROGRAMA DE INICIA\u00c7\u00c3O CIENT\u00cdFICA<\/a><\/p>\n<p>&nbsp;<\/p>\n<p>2021<\/p>\n<p><a href=\"https:\/\/www.uninter.com\/pesquisa\/wp-content\/uploads\/2021\/04\/EDITAL-N\u00ba-03-2021_HOMOLOGA\u00c7\u00c3O-DO-PROGRAMA-DE-INICIA\u00c7\u00c3O-CIENT\u00cdFICA.docx.pdf\">EDITAL N\u00ba 03 2021_HOMOLOGA\u00c7\u00c3O DO PROGRAMA DE INICIA\u00c7\u00c3O CIENT\u00cdFICA<\/a><\/p>\n<p><a href=\"https:\/\/www.uninter.com\/pesquisa\/wp-content\/uploads\/2021\/02\/EDITAL-N\u00ba-08-2020_ABERTURA_DO_PROGRAMA_DE_INICIA\u00c7\u00c3O_CIENT\u00cdFICA.pdf\">EDITAL N\u00ba 08 2020_ABERTURA_DO_PROGRAMA_DE_INICIA\u00c7\u00c3O_CIENT\u00cdFICA<\/a><\/p>\n<p>&nbsp;<\/p>\n<p>2020<\/p>\n<p><a href=\"https:\/\/www.uninter.com\/pesquisa\/wp-content\/uploads\/2021\/02\/EDITAL-N\u00ba-04-2020_HOMOLOGA\u00c7\u00c3O_DE_ALUNOS_BOLSISTAS_E_VOLUNT\u00c1RIOS.pdf\">EDITAL N\u00ba 04 2020_HOMOLOGA\u00c7\u00c3O_DE_ALUNOS_BOLSISTAS_E_VOLUNT\u00c1RIOS<\/a><\/p>\n<p><a href=\"https:\/\/www.uninter.com\/pesquisa\/wp-content\/uploads\/2021\/02\/EDITAL-N\u00ba-02-2020_ABERTURA-DO-PROGRAMA_DE_INICIA\u00c7\u00c3O_CIENT\u00cdFICA.pdf\">EDITAL N\u00ba 02 2020_ABERTURA DO PROGRAMA_DE_INICIA\u00c7\u00c3O_CIENT\u00cdFICA<\/a><\/p>\n<p>&nbsp;<\/p>\n<p>2019<\/p>\n<p><a href=\"https:\/\/www.uninter.com\/pesquisa\/wp-content\/uploads\/2021\/02\/EDITAL-N\u00ba-03-2019_HOMOLOGA\u00c7\u00c3O_DE_ALUNOS_BOLSISTAS_E_VOLUNT\u00c1RIOS.pdf\">EDITAL N\u00ba 03 2019_HOMOLOGA\u00c7\u00c3O_DE_ALUNOS_BOLSISTAS_E_VOLUNT\u00c1RIOS<\/a><\/p>\n<p><a href=\"https:\/\/www.uninter.com\/pesquisa\/wp-content\/uploads\/2021\/02\/EDITAL-N\u00ba-02-2019_ABERTURA_DO_PROGRAMA_DE_INICIA\u00c7\u00c3O_CIENT\u00cdFICA.pdf\">EDITAL N\u00ba 02 2019_ABERTURA_DO_PROGRAMA_DE_INICIA\u00c7\u00c3O_CIENT\u00cdFICA<\/a><\/p>\n<p>&nbsp;<\/p>\n<p><strong>FORMUL\u00c1RIOS E MODELOS<\/strong><\/p>\n<p><a href=\"https:\/\/www.uninter.com\/pesquisa\/wp-content\/uploads\/2020\/03\/CANDIDATOS-PR\u00c9-SELECIONADOS-PIC-2020.docx\">LISTA CANDIDATOS PR\u00c9-SELECIONADOS<\/a><\/p>\n<p><a href=\"https:\/\/www.uninter.com\/pesquisa\/wp-content\/uploads\/2021\/02\/MODELO-RELAT\u00d3RIO-MENSAL.docx\" target=\"_blank\" rel=\"noopener\">MODELO &#8211; RELAT\u00d3RIO MENSAL COORDENADORES<\/a><\/p>\n<p><a href=\"https:\/\/docs.google.com\/document\/d\/1pm2yGKQVvLkFr5SnFg3gQPZAtnJ20yeA\/edit?usp=sharing&amp;ouid=111644777122075999989&amp;rtpof=true&amp;sd=true\" target=\"_blank\" rel=\"noopener\">MODELO DE RELAT\u00d3RIO PARCIAL PIC<\/a><\/p>\n<p><a href=\"https:\/\/www.uninter.com\/pesquisa\/wp-content\/uploads\/2025\/04\/FORMULARIO-DE-CANCELAMENTO.docx\">FORMUL\u00c1RIO DE CANCELAMENTO<\/a><\/p>\n<p><a href=\"https:\/\/www.uninter.com\/pesquisa\/wp-content\/uploads\/2025\/04\/SUBSTITUICAO-DE-BOLSISTA.docx\">FORMUL\u00c1RIO DE SUBSTITUI\u00c7\u00c3O DE BOLSISTA<\/a><\/p>\n<p>&nbsp;<\/p>\n<p><strong>MANUAIS DE NORMAS ACAD\u00caMICAS<\/strong><\/p>\n<a href=\"https:\/\/www.uninter.com\/pesquisa\/wp-content\/plugins\/download-attachments\/includes\/download.php?id=2990\" title=\"NORMAS ABNT TODAS\" class=\"da-download-link da-download-attachment-2990\"\">NORMAS ABNT TODAS<\/a>\n<p>&nbsp;<\/p>\n<a href=\"https:\/\/www.uninter.com\/pesquisa\/wp-content\/plugins\/download-attachments\/includes\/download.php?id=2991\" title=\"Como desenvolver um artigo cientif\u00edco\" class=\"da-download-link da-download-attachment-2991\"\">Como desenvolver um artigo cientif\u00edco<\/a>\n<p>&nbsp;<\/p>\n<a href=\"https:\/\/www.uninter.com\/pesquisa\/wp-content\/plugins\/download-attachments\/includes\/download.php?id=2992\" title=\"Normas ABNT para artigos\" class=\"da-download-link da-download-attachment-2992\"\">Normas ABNT para artigos<\/a>\n<p>&nbsp;<\/p>\n<a href=\"https:\/\/www.uninter.com\/pesquisa\/wp-content\/plugins\/download-attachments\/includes\/download.php?id=2993\" title=\"Exemplos de refer\u00eancias no padr\u00e3o ABNT\" class=\"da-download-link da-download-attachment-2993\"\">Exemplos de refer\u00eancias no padr\u00e3o ABNT<\/a>\n<p>&nbsp;<\/p>\n<p><a href=\"https:\/\/www.uninter.com\/biblioteca\/nova-normas-abnt\/\" target=\"_blank\" rel=\"noopener\">Manuais de normas ABNT em nossa biblioteca virtual<\/a><\/p>\n<p>&nbsp;<\/p>\n","protected":false},"excerpt":{"rendered":"<p>APRESENTA\u00c7\u00c3O\u00a0 O Programa de Inicia\u00e7\u00e3o Cient\u00edfica, vinculado \u00e0 Coordena\u00e7\u00e3o de Pesquisa UNINTER, pretende viabilizar ao graduando a oportunidade de produzir conhecimento e desenvolver habilidades necess\u00e1rias \u00e0 pesquisa acad\u00eamica. Assim, enquanto aprende a utilizar o m\u00e9todo cient\u00edfico, o aluno poder\u00e1 empregar suas t\u00e9cnicas, e assim alinhar a teoria \u00e0 pr\u00e1tica, bem como formar atitude cr\u00edtica e [&hellip;]<\/p>\n","protected":false},"author":1,"featured_media":0,"parent":0,"menu_order":0,"comment_status":"closed","ping_status":"closed","template":"","meta":[],"acf":[],"_links":{"self":[{"href":"https:\/\/www.uninter.com\/pesquisa\/wp-json\/wp\/v2\/pages\/170"}],"collection":[{"href":"https:\/\/www.uninter.com\/pesquisa\/wp-json\/wp\/v2\/pages"}],"about":[{"href":"https:\/\/www.uninter.com\/pesquisa\/wp-json\/wp\/v2\/types\/page"}],"author":[{"embeddable":true,"href":"https:\/\/www.uninter.com\/pesquisa\/wp-json\/wp\/v2\/users\/1"}],"replies":[{"embeddable":true,"href":"https:\/\/www.uninter.com\/pesquisa\/wp-json\/wp\/v2\/comments?post=170"}],"version-history":[{"count":125,"href":"https:\/\/www.uninter.com\/pesquisa\/wp-json\/wp\/v2\/pages\/170\/revisions"}],"predecessor-version":[{"id":3210,"href":"https:\/\/www.uninter.com\/pesquisa\/wp-json\/wp\/v2\/pages\/170\/revisions\/3210"}],"wp:attachment":[{"href":"https:\/\/www.uninter.com\/pesquisa\/wp-json\/wp\/v2\/media?parent=170"}],"curies":[{"name":"wp","href":"https:\/\/api.w.org\/{rel}","templated":true}]}}