{"id":2271,"date":"2023-06-05T12:02:43","date_gmt":"2023-06-05T15:02:43","guid":{"rendered":"https:\/\/www.uninter.com\/pesquisa\/?post_type=eventos&#038;p=2271"},"modified":"2025-04-08T09:01:43","modified_gmt":"2025-04-08T12:01:43","slug":"minicurso-curriculo-lattes-cadastro-e-atualizacao","status":"publish","type":"eventos","link":"https:\/\/www.uninter.com\/pesquisa\/eventos\/minicurso-curriculo-lattes-cadastro-e-atualizacao\/","title":{"rendered":"Minicurso Curr\u00edculo Lattes: Cadastro e atualiza\u00e7\u00e3o"},"content":{"rendered":"<p><a href=\"https:\/\/www.even3.com.br\/MINICURSOCURRICULOLATTESATUALIZACAO2022\">https:\/\/www.even3.com.br\/MINICURSOCURRICULOLATTESATUALIZACAO2022<\/a><\/p>\n<p>O Minicurso Curr\u00edculo Lattes tem como objetivo apresentar de forma objetiva e sist\u00eamica as funcionalidades do preenchimento da plataforma Lattes \u2013 a partir de sua cria\u00e7\u00e3o e procedimentos de atualiza\u00e7\u00e3o, privilegiando informa\u00e7\u00f5es importantes para uma gest\u00e3o da informa\u00e7\u00e3o acad\u00eamico\/cient\u00edfica e profissional assertiva e de resultados. Esse curr\u00edculo tem por finalidade obter um padr\u00e3o nacional para coleta de informa\u00e7\u00f5es curriculares. Criado em 1999, Curr\u00edculo Lattes \u00e9 um curr\u00edculo elaborado nos padr\u00f5es da Plataforma Lattes, gerida pelo CNPq (Conselho Nacional de Desenvolvimento Cient\u00edfico e Tecnol\u00f3gico). Tornou-se um padr\u00e3o nacional no registro do percurso acad\u00eamico de estudantes e pesquisadores do Brasil. Atualmente \u00e9 adotado pela maioria das institui\u00e7\u00f5es de fomento, universidades e institutos de pesquisa do pa\u00eds.<\/p>\n","protected":false},"featured_media":2939,"menu_order":0,"template":"","categories":[15],"acf":[],"_links":{"self":[{"href":"https:\/\/www.uninter.com\/pesquisa\/wp-json\/wp\/v2\/eventos\/2271"}],"collection":[{"href":"https:\/\/www.uninter.com\/pesquisa\/wp-json\/wp\/v2\/eventos"}],"about":[{"href":"https:\/\/www.uninter.com\/pesquisa\/wp-json\/wp\/v2\/types\/eventos"}],"wp:featuredmedia":[{"embeddable":true,"href":"https:\/\/www.uninter.com\/pesquisa\/wp-json\/wp\/v2\/media\/2939"}],"wp:attachment":[{"href":"https:\/\/www.uninter.com\/pesquisa\/wp-json\/wp\/v2\/media?parent=2271"}],"wp:term":[{"taxonomy":"category","embeddable":true,"href":"https:\/\/www.uninter.com\/pesquisa\/wp-json\/wp\/v2\/categories?post=2271"}],"curies":[{"name":"wp","href":"https:\/\/api.w.org\/{rel}","templated":true}]}}