{"id":4626,"date":"2023-06-28T14:08:05","date_gmt":"2023-06-28T17:08:05","guid":{"rendered":"https:\/\/www.uninter.com\/biblioteca\/?page_id=4626"},"modified":"2025-08-07T14:29:10","modified_gmt":"2025-08-07T17:29:10","slug":"regulamento-de-emprestimo-polos","status":"publish","type":"page","link":"https:\/\/www.uninter.com\/biblioteca\/regulamento-de-emprestimo-polos\/","title":{"rendered":"Regulamento de Empr\u00e9stimo Equipamentos aos Alunos"},"content":{"rendered":"\r\n<p class=\"has-text-align-center\">CAP\u00cdTULO I<\/p>\r\n\r\n\r\n\r\n<p>Da Finalidade<\/p>\r\n\r\n\r\n\r\n<p>Art. 1\u00ba. O empr\u00e9stimo de equipamentos da UNINTER visa proporcionar suporte ao corpo discente nas atividades pr\u00e1ticas.<\/p>\r\n\r\n\r\n\r\n<p class=\"has-text-align-center\">CAP\u00cdTULO II<\/p>\r\n\r\n\r\n\r\n<p class=\"has-text-align-center\">Se\u00e7\u00e3o I<\/p>\r\n\r\n\r\n\r\n<p>Do Empr\u00e9stimo<\/p>\r\n\r\n\r\n\r\n<p>Art. 2\u00ba. O empr\u00e9stimo dos equipamentos \u00e9 restrito aos Alunos:<\/p>\r\n\r\n\r\n\r\n<p>I. Aluno, devidamente <strong>matriculado e ativo na oferta da disciplina<\/strong> que necessita do equipamento para realizar a atividade pr\u00e1tica;<\/p>\r\n\r\n\r\n\r\n<p>II. Aluno deve estar matriculado na referida disciplina, efetuando o empr\u00e9stimo do equipamento dentro do per\u00edodo e nos prazos previstos para a realiza\u00e7\u00e3o da atividade pr\u00e1tica;<\/p>\r\n\r\n\r\n\r\n<p>Art. 3\u00ba. Aluno deve consultar o acervo de equipamentos dispon\u00edveis, via Sistema PERGAMUM, para ver a sua disponibilidade no Polo de Apoio Presencial em que estiver matriculado.<\/p>\r\n\r\n\r\n\r\n<p>Art. 4\u00ba. O empr\u00e9stimo de equipamento somente poder\u00e1 ser realizado pelo Aluno, mediante reserva online e pr\u00e9via, via Sistema PERGAMUM com acesso pelo endere\u00e7o: <a href=\"https:\/\/pergamum.uninter.com\/\" target=\"_blank\" rel=\"noreferrer noopener\" data-type=\"URL\" data-id=\"https:\/\/pergamum.uninter.com\/\">https:\/\/pergamum.uninter.com\/<\/a><\/p>\r\n\r\n\r\n\r\n<p>Art. 5\u00ba. Uma vez realizada a reserva, o prazo do Aluno para retirada do equipamento no Polo ser\u00e1 de at\u00e9 48 horas a contar do momento da realiza\u00e7\u00e3o da reserva. Caso n\u00e3o seja respeitado o prazo, a reserva ser\u00e1 cancelada, necessitando realizar nova reserva.<\/p>\r\n\r\n\r\n\r\n<p>Art. 6\u00ba. Caso o equipamento esteja indispon\u00edvel para empr\u00e9stimo, o Aluno poder\u00e1 efetuar a reserva e ficar em fila de espera.<\/p>\r\n\r\n\r\n\r\n<p>Art. 7\u00ba.O prazo estipulado para o empr\u00e9stimo \u00e9 de at\u00e9 07(sete) dias <strong>corridos<\/strong>\u00a0a contar da data da retirada do equipamento, <strong>podendo ser renovado\u00a0at\u00e9 tr\u00eas vezes<\/strong>, por mais 07 (sete) dias <strong>corridos<\/strong> cada, <strong>desde que n\u00e3o tenha sido reservado para empr\u00e9stimo por outro Aluno<\/strong>.<\/p>\r\n\r\n\r\n\r\n\r\n\r\n<p>Art. 8\u00ba. O empr\u00e9stimo (retirada do equipamento) ser\u00e1 realizado somente pelo Aluno, junto \u00e0 Secretaria do Polo em que estiver matriculado, sendo pessoal e intransfer\u00edvel.<\/p>\r\n\r\n\r\n\r\n<p>Par\u00e1grafo Primeiro: <strong><em>Em caso de desist\u00eancia da reserva ou da retirada do equipamento, o aluno dever\u00e1 cancel\u00e1-los no sistema PERGAMUM atrav\u00e9s do<\/em><\/strong> <strong><em>MEU PERGAMUM<\/em><\/strong>, para que outros Alunos que s\u00e3o os pr\u00f3ximos na fila de reserva, sejam alertados da disponibilidade do equipamento.<\/p>\r\n\r\n\r\n\r\n<p>Par\u00e1grafo Segundo: N\u00e3o \u00e9 admitido o uso dos equipamentos para outros fins que n\u00e3o sejam das atividades acad\u00eamicas vinculadas aos trabalhos solicitados pelos professores do curso.<\/p>\r\n\r\n\r\n\r\n<p class=\"has-text-align-center\">Se\u00e7\u00e3o II<\/p>\r\n\r\n\r\n\r\n<p>Da Retirada<\/p>\r\n\r\n\r\n\r\n<p>Art. 9\u00ba. Quando da retirada do equipamento o Aluno dever\u00e1 tomar as seguintes provid\u00eancias:<\/p>\r\n\r\n\r\n\r\n<p>I. Certificar que est\u00e1 devidamente matriculado no curso, com matr\u00edcula ativa;<\/p>\r\n\r\n\r\n\r\n<p>II. O Aluno s\u00f3 poder\u00e1 retirar o equipamento no Polo em que estiver matriculado;<\/p>\r\n\r\n\r\n\r\n<p>III. Realizar a reserva do item antecipadamente, conforme descrito na Se\u00e7\u00e3o I;<\/p>\r\n\r\n\r\n\r\n<p>IV. Dar ci\u00eancia, utilizando a sua senha, de que o equipamento est\u00e1 em perfeitas condi\u00e7\u00f5es de uso.<\/p>\r\n\r\n\r\n\r\n<p>Par\u00e1grafo \u00fanico. Cabe ao aluno avaliar no ato da retirada do equipamento se ele est\u00e1 em perfeitas condi\u00e7\u00f5es de uso, bem como averiguar se os acess\u00f3rios, quando houver, foram disponibilizados no momento do empr\u00e9stimo, caso contr\u00e1rio, dever\u00e1 informar o Polo;<\/p>\r\n\r\n\r\n\r\n<p class=\"has-text-align-center\">Se\u00e7\u00e3o III<\/p>\r\n\r\n\r\n\r\n<p>Da Devolu\u00e7\u00e3o<\/p>\r\n\r\n\r\n\r\n<p>Art. 10\u00ba. No momento da devolu\u00e7\u00e3o do equipamento, o Aluno dever\u00e1 adotar as seguintes provid\u00eancias:<\/p>\r\n\r\n\r\n\r\n<p>I. O Aluno s\u00f3 poder\u00e1 devolver o equipamento no Polo em que estiver matriculado;<\/p>\r\n\r\n\r\n\r\n<p>II. Devolver impreterivelmente at\u00e9 1 (uma hora) antes do fechamento ou conforme orienta\u00e7\u00e3o do Polo;<\/p>\r\n\r\n\r\n\r\n<p>III. Dar ci\u00eancia em conjunto com o Polo, utilizando a sua senha, de que o item est\u00e1 sendo devolvido em perfeitas condi\u00e7\u00f5es de uso.<\/p>\r\n\r\n\r\n\r\n<p>IV. Relatar qualquer incidente ou mau funcionamento do equipamento no momento da devolu\u00e7\u00e3o.<\/p>\r\n\r\n\r\n\r\n<p class=\"has-text-align-center\">Cap\u00edtulo III<\/p>\r\n\r\n\r\n\r\n<p class=\"has-text-align-center\">Se\u00e7\u00e3o I<\/p>\r\n\r\n\r\n\r\n<p>Dos Deveres do Aluno<\/p>\r\n\r\n\r\n\r\n<p>Art. 11\u00ba. Quando o equipamento estiver em posse do Aluno, este dever\u00e1 adotar as seguintes condutas:<\/p>\r\n\r\n\r\n\r\n<p>I. Verificar se o item est\u00e1 em condi\u00e7\u00f5es de uso, caso contr\u00e1rio, avisar o Polo;<\/p>\r\n\r\n\r\n\r\n<p>II. N\u00e3o instalar ou desinstalar qualquer programa no equipamento;<\/p>\r\n\r\n\r\n\r\n<p>III. N\u00e3o violar lacres de seguran\u00e7a;<\/p>\r\n\r\n\r\n\r\n<p>IV. O empr\u00e9stimo \u00e9 de uso individual e intransfer\u00edvel, sendo a integridade do item de responsabilidade do Aluno que realizou o empr\u00e9stimo;<\/p>\r\n\r\n\r\n\r\n<p>V. Todo arquivo eletr\u00f4nico contendo dados, deixado no item, ser\u00e1 apagado;<\/p>\r\n\r\n\r\n\r\n<p>VI. O Polo n\u00e3o se responsabiliza por perdas de arquivos e informa\u00e7\u00f5es;<\/p>\r\n\r\n\r\n\r\n<p>VII. Salvar os arquivos pessoais em seu pr\u00f3prio meio de armazenagem (pen drive, e-mail e outros);<\/p>\r\n\r\n\r\n\r\n<p>VIII. N\u00e3o abrir o item, retirar pe\u00e7as, ou alterar qualquer componente;<\/p>\r\n\r\n\r\n\r\n<p>Par\u00e1grafo \u00fanico. O Aluno \u00e9 o \u00fanico respons\u00e1vel pelo item, n\u00e3o podendo emprest\u00e1-lo para terceiros ou outros Alunos.<\/p>\r\n\r\n\r\n\r\n<p class=\"has-text-align-center\">CAP\u00cdTULO IV<\/p>\r\n\r\n\r\n\r\n<p class=\"has-text-align-center\">Se\u00e7\u00e3o I<\/p>\r\n\r\n\r\n\r\n<p>Das Penalidades<\/p>\r\n\r\n\r\n\r\n<p>Art. 12\u00ba. O atraso na devolu\u00e7\u00e3o do equipamento poder\u00e1 resultar em multas\/penalidades.<\/p>\r\n\r\n\r\n\r\n<p>Art. 13\u00ba. No caso de danos, perda, roubo e\/ou extravio do equipamento ou de seus acess\u00f3rios, o Aluno dever\u00e1 informar ao Polo o mais rapidamente poss\u00edvel.<\/p>\r\n\r\n\r\n\r\n<p>Par\u00e1grafo \u00danico: No caso de roubo o Aluno dever\u00e1 apresentar boletim de ocorr\u00eancia para o Polo de Apoio Presencial.<\/p>\r\n\r\n\r\n\r\n<p>Art. 14\u00ba. Em caso de dano o equipamento dever\u00e1 ser devolvido ao Polo assim que poss\u00edvel para que possa ser substitu\u00eddo.<\/p>\r\n\r\n\r\n\r\n<p>Art. 15\u00ba. Sendo o equipamento entregue no prazo, mas constatado algum tipo de dano, o Aluno poder\u00e1 estar sujeito a aplica\u00e7\u00e3o de multas\/penalidades.<\/p>\r\n\r\n\r\n\r\n\r\n\r\n<p>Art. 16\u00ba. Sendo o equipamento entregue fora do prazo e constatado algum tipo de dano, no ato da devolu\u00e7\u00e3o ao Polo, o Aluno poder\u00e1 estar sujeito multas\/penalidades.<\/p>\r\n\r\n\r\n\r\n<p>Art. 17\u00ba. Caso o aluno n\u00e3o devolva o equipamento, mas tenha informado ao Polo o motivo, at\u00e9 a data prevista para a sua devolu\u00e7\u00e3o, a ocorr\u00eancia ser\u00e1 registrada pelo Polo e informada \u00e0 Uninter, que analisar\u00e1 o caso, podendo o Aluno estar sujeito a multas\/penalidades.<\/p>\r\n\r\n\r\n\r\n<p>Art. 18\u00ba. Caso o aluno n\u00e3o devolva o equipamento e n\u00e3o tenha informado ao Polo o motivo, em tempo algum, a ocorr\u00eancia ser\u00e1 registrada pelo Polo e informada \u00e0 Uninter, que analisar\u00e1 o caso, podendo o Aluno estar sujeito multas\/penalidades.<\/p>\r\n\r\n\r\n\r\n<p>Art. 19\u00ba. Al\u00e9m das penalidades previstas nesta se\u00e7\u00e3o, o Aluno ainda ficar\u00e1 sujeito \u00e0 aplica\u00e7\u00e3o das penalidades administrativas previstas no Regimento Geral da IES e na Resolu\u00e7\u00e3o n\u00ba 64 do CEPE que trata do regime disciplinar.<\/p>\r\n","protected":false},"excerpt":{"rendered":"<p>CAP\u00cdTULO I Da Finalidade Art. 1\u00ba. O empr\u00e9stimo de equipamentos da UNINTER visa proporcionar suporte ao corpo discente nas atividades pr\u00e1ticas. CAP\u00cdTULO II Se\u00e7\u00e3o I Do Empr\u00e9stimo Art. 2\u00ba. O empr\u00e9stimo dos equipamentos \u00e9 restrito aos Alunos: I. Aluno, devidamente matriculado e ativo na oferta da disciplina que necessita do equipamento para realizar a atividade [&hellip;]<\/p>\n","protected":false},"author":123461,"featured_media":0,"parent":0,"menu_order":0,"comment_status":"closed","ping_status":"closed","template":"","meta":[],"acf":[],"_links":{"self":[{"href":"https:\/\/www.uninter.com\/biblioteca\/wp-json\/wp\/v2\/pages\/4626"}],"collection":[{"href":"https:\/\/www.uninter.com\/biblioteca\/wp-json\/wp\/v2\/pages"}],"about":[{"href":"https:\/\/www.uninter.com\/biblioteca\/wp-json\/wp\/v2\/types\/page"}],"author":[{"embeddable":true,"href":"https:\/\/www.uninter.com\/biblioteca\/wp-json\/wp\/v2\/users\/123461"}],"replies":[{"embeddable":true,"href":"https:\/\/www.uninter.com\/biblioteca\/wp-json\/wp\/v2\/comments?post=4626"}],"version-history":[{"count":33,"href":"https:\/\/www.uninter.com\/biblioteca\/wp-json\/wp\/v2\/pages\/4626\/revisions"}],"predecessor-version":[{"id":5872,"href":"https:\/\/www.uninter.com\/biblioteca\/wp-json\/wp\/v2\/pages\/4626\/revisions\/5872"}],"wp:attachment":[{"href":"https:\/\/www.uninter.com\/biblioteca\/wp-json\/wp\/v2\/media?parent=4626"}],"curies":[{"name":"wp","href":"https:\/\/api.w.org\/{rel}","templated":true}]}}