{"id":3902,"date":"2022-04-26T14:35:23","date_gmt":"2022-04-26T17:35:23","guid":{"rendered":"https:\/\/www.uninter.com\/biblioteca\/?page_id=3902"},"modified":"2022-08-19T17:40:59","modified_gmt":"2022-08-19T20:40:59","slug":"periodicos-humanidades","status":"publish","type":"page","link":"https:\/\/www.uninter.com\/biblioteca\/periodicos-humanidades\/","title":{"rendered":"Peri\u00f3dicos Humanidades"},"content":{"rendered":"<p><a title=\"ADMINISTRA\u00c7\u00c3O RURAL, AGRICULTURA, AGRONOMIA, PAISAGISMO E JARDINAGEM\" href=\"\/biblioteca\/periodicos-ciencias-agrarias\">CI\u00caNCIAS AGR\u00c1RIAS<\/a> | <a title=\"JORNALISMO, MARKETING, MARKETING DIGITAL, PUBLICIDADE E PROPAGANDA, VAREJO DIGITAL\" href=\"\/biblioteca\/periodicos-comunicacao-e-marketing\">COMUNICA\u00c7\u00c3O E MARKETING<\/a> | <a title=\"GEST\u00c3O DE NEG\u00d3CIOS DIGITAIS, GEST\u00c3O DO E-COMMERCE E SISTEMAS LOG\u00cdSTICOS, GEST\u00c3O DE STARTUPS E EMPREENDEDORISMO DIGITAL\" href=\"\/biblioteca\/periodicos-digital\">DIGITAL<\/a> | <a title=\"ARTES VISUAIS, EDUCA\u00c7\u00c3O ESPECIAL, EDUCA\u00c7\u00c3O F\u00cdSICA, EDUCA\u00c7\u00c3O GERAL, FILOSOFIA, F\u00cdSICA, GEOGRAFIA, HIST\u00d3RIA, LETRAS, MATEM\u00c1TICA, M\u00daSICA, PEDAGOGIA, PSICOPEDAGOGIA, SOCIOLOGIA, QU\u00cdMICA\" href=\"\/biblioteca\/periodicos-educacao-e-artes\">EDUCA\u00c7\u00c3O E ARTES<\/a> | <a title=\"LOG\u00cdSTICA, AN\u00c1LISE E DESENVOLVIMENTO DE SISTEMAS, ENGENHARIA BIOM\u00c9DICA, ENGENHARIA CIVIL, ENGENHARIA DA COMPUTA\u00c7\u00c3O, ENGENHARIA DA PRODU\u00c7\u00c3O, ENGENHARIA EL\u00c9TRICA, GEST\u00c3O DA PRODU\u00c7\u00c3O INDUSTRIAL, GEST\u00c3O DA QUALIDADE, GEST\u00c3O DA TECNOLOGIA DA INFORMA\u00c7\u00c3O, MECATR\u00d4NICA AUTOMOTIVA, PROCESSOS QU\u00cdMICOS, REDES DE COMPUTADORES\" href=\"\/biblioteca\/periodicos-engenharia-industria-e-tecnologias\">ENGENHARIA IND\u00daSTRIA E TECNOLOGIAS<\/a> | <a title=\"ADMINISTRA\u00c7\u00c3O, CI\u00caNCIAS CONT\u00c1BEIS, COM\u00c9RCIO EXTERIOR, GEST\u00c3O COMERCIAL, GEST\u00c3O DE TURISMO, GEST\u00c3O FINANCEIRA, GLOBAL TRADING, PROCESSOS GERENCIAIS, SECRETARIADO, GEST\u00c3O EMPREENDEDORA DE SERVI\u00c7OS\" href=\"\/biblioteca\/periodicos-gestao-e-negocios\">GEST\u00c3O E NEG\u00d3CIOS<\/a> | <a style=\"color: #003168; font-weight: bold;\" title=\"SERVI\u00c7O SOCIAL, EDUCADOR SOCIAL, GEST\u00c3O DAS ORGANIZA\u00c7\u00d5ES DO TERCEIRO SETOR\" href=\"\/biblioteca\/periodicos-humanidades\">HUMANIDADES<\/a> | <a title=\"DIREITO, GEST\u00c3O DE SERVI\u00c7OS JUR\u00cdDICOS E NOTARIAIS, MEDIA\u00c7\u00c3O E ARBITRAGEM\" href=\"\/biblioteca\/periodicos-juridica\">JUR\u00cdDICA<\/a> | <a title=\"ENGENHARIA AMBIENTAL, SANEAMENTO AMBIENTAL, GEST\u00c3O AMBIENTAL\" href=\"\/biblioteca\/periodicos-meio-ambiente\">MEIO AMBIENTE<\/a> | <a title=\"CI\u00caNCIA POL\u00cdTICA, RELA\u00c7\u00d5ES INTERNACIONAIS\" href=\"\/biblioteca\/periodicos-politica\">POL\u00cdTICA<\/a> | <a title=\"GEST\u00c3O P\u00daBLICA, GEST\u00c3O DE TR\u00c2NSITO E MOBILIDADE URBANA, ADMINISTRA\u00c7\u00c3O P\u00daBLICA\" href=\"\/biblioteca\/periodicos-publico-e-urbano\">P\u00daBLICO E URBANO<\/a> | <a title=\"RECURSOS HUMANOS\" href=\"\/biblioteca\/periodicos-recursos-humanos\">RECURSOS HUMANOS<\/a> | <a title=\"AUDITORIA EM SA\u00daDE, ENFERMAGEM, EST\u00c9TICA E COSM\u00c9TICA, GERONTOLOGIA, GEST\u00c3O EM SA\u00daDE P\u00daBLICA, GEST\u00c3O DE VIGIL\u00c2NCIA EM SA\u00daDE, GEST\u00c3O HOSPITALAR, FISIOTERAPIA, NUTRI\u00c7\u00c3O, PSICOLOGIA, PR\u00c1TICAS INTEGRATIVAS E COMPLEMENTARES, PODOLOGIA, FARM\u00c1CIA, BIOMEDICINA, PARAMEDICINA, INSTRUMENTA\u00c7\u00c3O CIRURGICA, AGENTE COMUNIT\u00c1RIO DE SA\u00daDE E ENDEMIAS\" href=\"\/biblioteca\/periodicos-saude\">SA\u00daDE<\/a> | <a title=\"GEST\u00c3O DE SEGURAN\u00c7A PRIVADA, INVESTIGA\u00c7\u00c3O PROFISSIONAL, SEGURAN\u00c7A P\u00daBLICA\" href=\"\/biblioteca\/periodicos-seguranca\">SEGURAN\u00c7A<\/a><\/p>\n<h2>Peri\u00f3dicos on-line: Clique no curso para expandir as revistas cient\u00edficas.<\/h2>\n<div style=\"background: #003168; border-radius: 10px; font-family: Arial; color: #ffffff; font-size: 30px; padding: 10px 20px 10px 20px; text-decoration: none; width: 100%; font-weight: bold;\">Humanidades<\/div>\n<p>\r\n<!--  Starting Simple Link Directory Plugin Output -->\n<div class=\"qcopd_embed_container\">\r\n\r\n\r\n\r\n\r\n\r\n\r\n\r\n<\/div>\r\n<div class=\"qcopd-list-wrapper\">\n\t<div id=\"opd-list-holder\" class=\"qcopd-list-holder\">\n\t\t\n\t\t<!-- Individual List Item -->\n\t\t<div id=\"list-item-1-1607\" class=\"qc-grid-item qcopd-list-column opd-column-1 simple opd-list-id-1607\">\n\t\t\t<div class=\"qcopd-single-list\">\n\t\t\t\t\t<h2 onclick=\"if(document.getElementById('1607').style.display=='block'){document.getElementById('1607').style.display='none';}else{document.getElementById('1607').style.display='block';};\">\n\t\t\t\t\tServi\u00e7o Social\t\t\t\t<\/h2>\n\t\t\t\t<ul  style=display:none; id=1607 >\n\t\t\t\t\t\n\t\t\t\t\t<li id=\"item-1607-1\">\n\t\t\t\t\t\t\t\t\t\t\t\t<!-- List Anchor -->\n\t\t\t\t\t\t<a   href=\"https:\/\/onlinelibrary.wiley.com\/journal\/15206629\"\n\t\t\t\t\t\t\ttarget=\"_blank\">\n\n\t\t\t\t\t\t\t<!-- Image, If Present -->\n\t\t\t\t\t\t\t1 - \t\t\t\t\t\t\t\t\t\t\t\t\t\t\n\t\t\t\t\t\t\t\n\t\t\t\t\t\t\t\t<span class=\"list-img\">\n\t\t\t\t\t\t\t\t\t\t\t\t\t\t\t\t\t\t<img src=\"https:\/\/www.uninter.com\/biblioteca\/wp-content\/uploads\/2019\/08\/journal-1-150x150.jpg\" alt=\"\">\n\t\t\t\t\t\t\t\t<\/span>\n\t\t\t\t\t\t\t\n\t\t\t\t\t\t\t<!-- Link Text -->\n\t\t\t\t\t\t\tJournal of Community Psychology\t\t\t\t\t\t\t\n\t\t\t\t\t\t\t\t\t\t\t\t\t\t<span style=\"font-size:12px;\"><br>\n\t                                \t\t\t\t\t\t\t<\/span>\t\n\t                        \n\t\t\t\t\t\t<\/a>\n\t\t\t\t\t\t\n\t\t\t\t\t\t\t<!-- upvote section -->\n\t\t\t\t\t\t\t<div class=\"upvote-section\">\n\t\t\t\t\t\t\t\t<span data-post-id=\"1607\" data-item-title=\"Journal of Community Psychology\" data-item-link=\"https:\/\/onlinelibrary.wiley.com\/journal\/15206629\" class=\"upvote-btn upvote-on\">\n\t\t\t\t\t\t\t\t\t<i class=\"fa fa-thumbs-up\"><\/i>\n\t\t\t\t\t\t\t\t<\/span>\n\t\t\t\t\t\t\t\t<span class=\"upvote-count\">\n\t\t\t\t\t\t\t\t\t1\t\t\t\t\t\t\t\t<\/span>\n\t\t\t\t\t\t\t<\/div>\n\t\t\t\t\t\t\t<!-- \/upvote section -->\n\n\t\t\t\t\t\t\t\t\t\t\t\t\n\t\t\t\t\t<\/li>\n\t\t\t\t\t\n\t\t\t\t\t<li id=\"item-1607-2\">\n\t\t\t\t\t\t\t\t\t\t\t\t<!-- List Anchor -->\n\t\t\t\t\t\t<a   href=\"http:\/\/www.cresspr.org.br\/site\/category\/publicacoes\/\"\n\t\t\t\t\t\t\ttarget=\"_blank\">\n\n\t\t\t\t\t\t\t<!-- Image, If Present -->\n\t\t\t\t\t\t\t2 - \t\t\t\t\t\t\t\t\t\t\t\t\t\t\n\t\t\t\t\t\t\t\n\t\t\t\t\t\t\t\t<span class=\"list-img\">\n\t\t\t\t\t\t\t\t\t\t\t\t\t\t\t\t\t\t<img src=\"https:\/\/www.uninter.com\/biblioteca\/wp-content\/uploads\/2019\/08\/cresspr-150x150.jpg\" alt=\"\">\n\t\t\t\t\t\t\t\t<\/span>\n\t\t\t\t\t\t\t\n\t\t\t\t\t\t\t<!-- Link Text -->\n\t\t\t\t\t\t\tCRESS PR \u2013 Publica\u00e7\u00f5es\t\t\t\t\t\t\t\n\t\t\t\t\t\t\t\t\t\t\t\t\t\t<span style=\"font-size:12px;\"><br>\n\t                                \t\t\t\t\t\t\t<\/span>\t\n\t                        \n\t\t\t\t\t\t<\/a>\n\t\t\t\t\t\t\n\t\t\t\t\t\t\t<!-- upvote section -->\n\t\t\t\t\t\t\t<div class=\"upvote-section\">\n\t\t\t\t\t\t\t\t<span data-post-id=\"1607\" data-item-title=\"CRESS PR \u2013 Publica\u00e7\u00f5es\" data-item-link=\"http:\/\/www.cresspr.org.br\/site\/category\/publicacoes\/\" class=\"upvote-btn upvote-on\">\n\t\t\t\t\t\t\t\t\t<i class=\"fa fa-thumbs-up\"><\/i>\n\t\t\t\t\t\t\t\t<\/span>\n\t\t\t\t\t\t\t\t<span class=\"upvote-count\">\n\t\t\t\t\t\t\t\t\t1\t\t\t\t\t\t\t\t<\/span>\n\t\t\t\t\t\t\t<\/div>\n\t\t\t\t\t\t\t<!-- \/upvote section -->\n\n\t\t\t\t\t\t\t\t\t\t\t\t\n\t\t\t\t\t<\/li>\n\t\t\t\t\t\n\t\t\t\t\t<li id=\"item-1607-3\">\n\t\t\t\t\t\t\t\t\t\t\t\t<!-- List Anchor -->\n\t\t\t\t\t\t<a   href=\"http:\/\/e-revista.unioeste.br\/index.php\/ccsaemperspectiva\"\n\t\t\t\t\t\t\ttarget=\"_blank\">\n\n\t\t\t\t\t\t\t<!-- Image, If Present -->\n\t\t\t\t\t\t\t3 - \t\t\t\t\t\t\t\t\t\t\t\t\t\t\n\t\t\t\t\t\t\t\n\t\t\t\t\t\t\t\t<span class=\"list-img\">\n\t\t\t\t\t\t\t\t\t\t\t\t\t\t\t\t\t\t<img src=\"https:\/\/www.uninter.com\/biblioteca\/wp-content\/uploads\/2019\/08\/unioeste-150x150.jpg\" alt=\"\">\n\t\t\t\t\t\t\t\t<\/span>\n\t\t\t\t\t\t\t\n\t\t\t\t\t\t\t<!-- Link Text -->\n\t\t\t\t\t\t\tCi\u00eancias Sociais em Perspectiva \u2013 UNIOESTE\t\t\t\t\t\t\t\n\t\t\t\t\t\t\t\t\t\t\t\t\t\t<span style=\"font-size:12px;\"><br>\n\t                                \t\t\t\t\t\t\t<\/span>\t\n\t                        \n\t\t\t\t\t\t<\/a>\n\t\t\t\t\t\t\n\t\t\t\t\t\t\t<!-- upvote section -->\n\t\t\t\t\t\t\t<div class=\"upvote-section\">\n\t\t\t\t\t\t\t\t<span data-post-id=\"1607\" data-item-title=\"Ci\u00eancias Sociais em Perspectiva \u2013 UNIOESTE\" data-item-link=\"http:\/\/e-revista.unioeste.br\/index.php\/ccsaemperspectiva\" class=\"upvote-btn upvote-on\">\n\t\t\t\t\t\t\t\t\t<i class=\"fa fa-thumbs-up\"><\/i>\n\t\t\t\t\t\t\t\t<\/span>\n\t\t\t\t\t\t\t\t<span class=\"upvote-count\">\n\t\t\t\t\t\t\t\t\t1\t\t\t\t\t\t\t\t<\/span>\n\t\t\t\t\t\t\t<\/div>\n\t\t\t\t\t\t\t<!-- \/upvote section -->\n\n\t\t\t\t\t\t\t\t\t\t\t\t\n\t\t\t\t\t<\/li>\n\t\t\t\t\t\n\t\t\t\t\t<li id=\"item-1607-4\">\n\t\t\t\t\t\t\t\t\t\t\t\t<!-- List Anchor -->\n\t\t\t\t\t\t<a   href=\"http:\/\/www.scielo.br\/scielo.php?script=sci_serial&#038;pid=0011-5258&#038;lng=pt&#038;nrm=iso\"\n\t\t\t\t\t\t\ttarget=\"_blank\">\n\n\t\t\t\t\t\t\t<!-- Image, If Present -->\n\t\t\t\t\t\t\t4 - \t\t\t\t\t\t\t\t\t\t\t\t\t\t\n\t\t\t\t\t\t\t\n\t\t\t\t\t\t\t\t<span class=\"list-img\">\n\t\t\t\t\t\t\t\t\t\t\t\t\t\t\t\t\t\t<img src=\"https:\/\/www.uninter.com\/biblioteca\/wp-content\/uploads\/2019\/08\/dados-1-150x150.jpg\" alt=\"\">\n\t\t\t\t\t\t\t\t<\/span>\n\t\t\t\t\t\t\t\n\t\t\t\t\t\t\t<!-- Link Text -->\n\t\t\t\t\t\t\tRevista de Ci\u00eancias Sociais \u2013 Dados\t\t\t\t\t\t\t\n\t\t\t\t\t\t\t\t\t\t\t\t\t\t<span style=\"font-size:12px;\"><br>\n\t                                \t\t\t\t\t\t\t<\/span>\t\n\t                        \n\t\t\t\t\t\t<\/a>\n\t\t\t\t\t\t\n\t\t\t\t\t\t\t<!-- upvote section -->\n\t\t\t\t\t\t\t<div class=\"upvote-section\">\n\t\t\t\t\t\t\t\t<span data-post-id=\"1607\" data-item-title=\"Revista de Ci\u00eancias Sociais \u2013 Dados\" data-item-link=\"http:\/\/www.scielo.br\/scielo.php?script=sci_serial&#038;pid=0011-5258&#038;lng=pt&#038;nrm=iso\" class=\"upvote-btn upvote-on\">\n\t\t\t\t\t\t\t\t\t<i class=\"fa fa-thumbs-up\"><\/i>\n\t\t\t\t\t\t\t\t<\/span>\n\t\t\t\t\t\t\t\t<span class=\"upvote-count\">\n\t\t\t\t\t\t\t\t\t1\t\t\t\t\t\t\t\t<\/span>\n\t\t\t\t\t\t\t<\/div>\n\t\t\t\t\t\t\t<!-- \/upvote section -->\n\n\t\t\t\t\t\t\t\t\t\t\t\t\n\t\t\t\t\t<\/li>\n\t\t\t\t\t\n\t\t\t\t\t<li id=\"item-1607-5\">\n\t\t\t\t\t\t\t\t\t\t\t\t<!-- List Anchor -->\n\t\t\t\t\t\t<a   href=\"https:\/\/seer.ufrgs.br\/RevEnvelhecer\"\n\t\t\t\t\t\t\ttarget=\"_blank\">\n\n\t\t\t\t\t\t\t<!-- Image, If Present -->\n\t\t\t\t\t\t\t5 - \t\t\t\t\t\t\t\t\t\t\t\t\t\t\n\t\t\t\t\t\t\t\n\t\t\t\t\t\t\t\t<span class=\"list-img\">\n\t\t\t\t\t\t\t\t\t\t\t\t\t\t\t\t\t\t<img src=\"https:\/\/www.uninter.com\/biblioteca\/wp-content\/uploads\/2019\/08\/envelhe-150x150.jpg\" alt=\"\">\n\t\t\t\t\t\t\t\t<\/span>\n\t\t\t\t\t\t\t\n\t\t\t\t\t\t\t<!-- Link Text -->\n\t\t\t\t\t\t\tRevista Estudos Interdisciplinares Sobre o Envelhecimento\t\t\t\t\t\t\t\n\t\t\t\t\t\t\t\t\t\t\t\t\t\t<span style=\"font-size:12px;\"><br>\n\t                                \t\t\t\t\t\t\t<\/span>\t\n\t                        \n\t\t\t\t\t\t<\/a>\n\t\t\t\t\t\t\n\t\t\t\t\t\t\t<!-- upvote section -->\n\t\t\t\t\t\t\t<div class=\"upvote-section\">\n\t\t\t\t\t\t\t\t<span data-post-id=\"1607\" data-item-title=\"Revista Estudos Interdisciplinares Sobre o Envelhecimento\" data-item-link=\"https:\/\/seer.ufrgs.br\/RevEnvelhecer\" class=\"upvote-btn upvote-on\">\n\t\t\t\t\t\t\t\t\t<i class=\"fa fa-thumbs-up\"><\/i>\n\t\t\t\t\t\t\t\t<\/span>\n\t\t\t\t\t\t\t\t<span class=\"upvote-count\">\n\t\t\t\t\t\t\t\t\t1\t\t\t\t\t\t\t\t<\/span>\n\t\t\t\t\t\t\t<\/div>\n\t\t\t\t\t\t\t<!-- \/upvote section -->\n\n\t\t\t\t\t\t\t\t\t\t\t\t\n\t\t\t\t\t<\/li>\n\t\t\t\t\t\n\t\t\t\t\t<li id=\"item-1607-6\">\n\t\t\t\t\t\t\t\t\t\t\t\t<!-- List Anchor -->\n\t\t\t\t\t\t<a   href=\"https:\/\/www.revistas2.uepg.br\/index.php\/sociais\"\n\t\t\t\t\t\t\ttarget=\"_blank\">\n\n\t\t\t\t\t\t\t<!-- Image, If Present -->\n\t\t\t\t\t\t\t6 - \t\t\t\t\t\t\t\t\t\t\t\t\t\t\n\t\t\t\t\t\t\t\n\t\t\t\t\t\t\t\t<span class=\"list-img\">\n\t\t\t\t\t\t\t\t\t\t\t\t\t\t\t\t\t\t<img src=\"https:\/\/www.uninter.com\/biblioteca\/wp-content\/uploads\/2019\/08\/publicatio-150x150.jpg\" alt=\"\">\n\t\t\t\t\t\t\t\t<\/span>\n\t\t\t\t\t\t\t\n\t\t\t\t\t\t\t<!-- Link Text -->\n\t\t\t\t\t\t\tPublicatio \u2013 UEPG\t\t\t\t\t\t\t\n\t\t\t\t\t\t\t\t\t\t\t\t\t\t<span style=\"font-size:12px;\"><br>\n\t                                \t\t\t\t\t\t\t<\/span>\t\n\t                        \n\t\t\t\t\t\t<\/a>\n\t\t\t\t\t\t\n\t\t\t\t\t\t\t<!-- upvote section -->\n\t\t\t\t\t\t\t<div class=\"upvote-section\">\n\t\t\t\t\t\t\t\t<span data-post-id=\"1607\" data-item-title=\"Publicatio \u2013 UEPG\" data-item-link=\"https:\/\/www.revistas2.uepg.br\/index.php\/sociais\" class=\"upvote-btn upvote-on\">\n\t\t\t\t\t\t\t\t\t<i class=\"fa fa-thumbs-up\"><\/i>\n\t\t\t\t\t\t\t\t<\/span>\n\t\t\t\t\t\t\t\t<span class=\"upvote-count\">\n\t\t\t\t\t\t\t\t\t1\t\t\t\t\t\t\t\t<\/span>\n\t\t\t\t\t\t\t<\/div>\n\t\t\t\t\t\t\t<!-- \/upvote section -->\n\n\t\t\t\t\t\t\t\t\t\t\t\t\n\t\t\t\t\t<\/li>\n\t\t\t\t\t\n\t\t\t\t\t<li id=\"item-1607-7\">\n\t\t\t\t\t\t\t\t\t\t\t\t<!-- List Anchor -->\n\t\t\t\t\t\t<a   href=\"http:\/\/www.scielo.br\/scielo.php\/script_sci_serial\/pid_0102-6909\/lng_en\/nrm_iso\"\n\t\t\t\t\t\t\ttarget=\"_blank\">\n\n\t\t\t\t\t\t\t<!-- Image, If Present -->\n\t\t\t\t\t\t\t7 - \t\t\t\t\t\t\t\t\t\t\t\t\t\t\n\t\t\t\t\t\t\t\n\t\t\t\t\t\t\t\t<span class=\"list-img\">\n\t\t\t\t\t\t\t\t\t\t\t\t\t\t\t\t\t\t<img src=\"https:\/\/www.uninter.com\/biblioteca\/wp-content\/uploads\/2019\/08\/sociais-1-150x150.jpg\" alt=\"\">\n\t\t\t\t\t\t\t\t<\/span>\n\t\t\t\t\t\t\t\n\t\t\t\t\t\t\t<!-- Link Text -->\n\t\t\t\t\t\t\tRevista Brasileira de Ci\u00eancias Sociais\t\t\t\t\t\t\t\n\t\t\t\t\t\t\t\t\t\t\t\t\t\t<span style=\"font-size:12px;\"><br>\n\t                                \t\t\t\t\t\t\t<\/span>\t\n\t                        \n\t\t\t\t\t\t<\/a>\n\t\t\t\t\t\t\n\t\t\t\t\t\t\t<!-- upvote section -->\n\t\t\t\t\t\t\t<div class=\"upvote-section\">\n\t\t\t\t\t\t\t\t<span data-post-id=\"1607\" data-item-title=\"Revista Brasileira de Ci\u00eancias Sociais\" data-item-link=\"http:\/\/www.scielo.br\/scielo.php\/script_sci_serial\/pid_0102-6909\/lng_en\/nrm_iso\" class=\"upvote-btn upvote-on\">\n\t\t\t\t\t\t\t\t\t<i class=\"fa fa-thumbs-up\"><\/i>\n\t\t\t\t\t\t\t\t<\/span>\n\t\t\t\t\t\t\t\t<span class=\"upvote-count\">\n\t\t\t\t\t\t\t\t\t1\t\t\t\t\t\t\t\t<\/span>\n\t\t\t\t\t\t\t<\/div>\n\t\t\t\t\t\t\t<!-- \/upvote section -->\n\n\t\t\t\t\t\t\t\t\t\t\t\t\n\t\t\t\t\t<\/li>\n\t\t\t\t\t\n\t\t\t\t\t<li id=\"item-1607-8\">\n\t\t\t\t\t\t\t\t\t\t\t\t<!-- List Anchor -->\n\t\t\t\t\t\t<a   href=\"https:\/\/revistas.unicentro.br\/index.php\/capitalcientifico\"\n\t\t\t\t\t\t\ttarget=\"_blank\">\n\n\t\t\t\t\t\t\t<!-- Image, If Present -->\n\t\t\t\t\t\t\t8 - \t\t\t\t\t\t\t\t\t\t\t\t\t\t\n\t\t\t\t\t\t\t\n\t\t\t\t\t\t\t\t<span class=\"list-img\">\n\t\t\t\t\t\t\t\t\t\t\t\t\t\t\t\t\t\t<img src=\"https:\/\/www.uninter.com\/biblioteca\/wp-content\/uploads\/2019\/08\/capital-1-150x150.jpg\" alt=\"\">\n\t\t\t\t\t\t\t\t<\/span>\n\t\t\t\t\t\t\t\n\t\t\t\t\t\t\t<!-- Link Text -->\n\t\t\t\t\t\t\tRevista Capital Cient\u00edfico\t\t\t\t\t\t\t\n\t\t\t\t\t\t\t\t\t\t\t\t\t\t<span style=\"font-size:12px;\"><br>\n\t                                \t\t\t\t\t\t\t<\/span>\t\n\t                        \n\t\t\t\t\t\t<\/a>\n\t\t\t\t\t\t\n\t\t\t\t\t\t\t<!-- upvote section -->\n\t\t\t\t\t\t\t<div class=\"upvote-section\">\n\t\t\t\t\t\t\t\t<span data-post-id=\"1607\" data-item-title=\"Revista Capital Cient\u00edfico\" data-item-link=\"https:\/\/revistas.unicentro.br\/index.php\/capitalcientifico\" class=\"upvote-btn upvote-on\">\n\t\t\t\t\t\t\t\t\t<i class=\"fa fa-thumbs-up\"><\/i>\n\t\t\t\t\t\t\t\t<\/span>\n\t\t\t\t\t\t\t\t<span class=\"upvote-count\">\n\t\t\t\t\t\t\t\t\t1\t\t\t\t\t\t\t\t<\/span>\n\t\t\t\t\t\t\t<\/div>\n\t\t\t\t\t\t\t<!-- \/upvote section -->\n\n\t\t\t\t\t\t\t\t\t\t\t\t\n\t\t\t\t\t<\/li>\n\t\t\t\t\t\n\t\t\t\t\t<li id=\"item-1607-9\">\n\t\t\t\t\t\t\t\t\t\t\t\t<!-- List Anchor -->\n\t\t\t\t\t\t<a   href=\"http:\/\/revistaseletronicas.pucrs.br\/ojs\/index.php\/civitas\/index\"\n\t\t\t\t\t\t\ttarget=\"_blank\">\n\n\t\t\t\t\t\t\t<!-- Image, If Present -->\n\t\t\t\t\t\t\t9 - \t\t\t\t\t\t\t\t\t\t\t\t\t\t\n\t\t\t\t\t\t\t\n\t\t\t\t\t\t\t\t<span class=\"list-img\">\n\t\t\t\t\t\t\t\t\t\t\t\t\t\t\t\t\t\t<img src=\"https:\/\/www.uninter.com\/biblioteca\/wp-content\/uploads\/2019\/08\/civitas-150x150.jpg\" alt=\"\">\n\t\t\t\t\t\t\t\t<\/span>\n\t\t\t\t\t\t\t\n\t\t\t\t\t\t\t<!-- Link Text -->\n\t\t\t\t\t\t\tRevista Civitas\t\t\t\t\t\t\t\n\t\t\t\t\t\t\t\t\t\t\t\t\t\t<span style=\"font-size:12px;\"><br>\n\t                                \t\t\t\t\t\t\t<\/span>\t\n\t                        \n\t\t\t\t\t\t<\/a>\n\t\t\t\t\t\t\n\t\t\t\t\t\t\t<!-- upvote section -->\n\t\t\t\t\t\t\t<div class=\"upvote-section\">\n\t\t\t\t\t\t\t\t<span data-post-id=\"1607\" data-item-title=\"Revista Civitas\" data-item-link=\"http:\/\/revistaseletronicas.pucrs.br\/ojs\/index.php\/civitas\/index\" class=\"upvote-btn upvote-on\">\n\t\t\t\t\t\t\t\t\t<i class=\"fa fa-thumbs-up\"><\/i>\n\t\t\t\t\t\t\t\t<\/span>\n\t\t\t\t\t\t\t\t<span class=\"upvote-count\">\n\t\t\t\t\t\t\t\t\t1\t\t\t\t\t\t\t\t<\/span>\n\t\t\t\t\t\t\t<\/div>\n\t\t\t\t\t\t\t<!-- \/upvote section -->\n\n\t\t\t\t\t\t\t\t\t\t\t\t\n\t\t\t\t\t<\/li>\n\t\t\t\t\t\n\t\t\t\t\t<li id=\"item-1607-10\">\n\t\t\t\t\t\t\t\t\t\t\t\t<!-- List Anchor -->\n\t\t\t\t\t\t<a   href=\"http:\/\/periodicos.pucminas.br\/index.php\/revistaich\/index\"\n\t\t\t\t\t\t\ttarget=\"_blank\">\n\n\t\t\t\t\t\t\t<!-- Image, If Present -->\n\t\t\t\t\t\t\t10 - \t\t\t\t\t\t\t\t\t\t\t\t\t\t\n\t\t\t\t\t\t\t\n\t\t\t\t\t\t\t\t<span class=\"list-img\">\n\t\t\t\t\t\t\t\t\t\t\t\t\t\t\t\t\t\t<img src=\"https:\/\/www.uninter.com\/biblioteca\/wp-content\/uploads\/2019\/08\/instituto-150x150.jpg\" alt=\"\">\n\t\t\t\t\t\t\t\t<\/span>\n\t\t\t\t\t\t\t\n\t\t\t\t\t\t\t<!-- Link Text -->\n\t\t\t\t\t\t\tRevista do Instituto de Ci\u00eancias Humanas\t\t\t\t\t\t\t\n\t\t\t\t\t\t\t\t\t\t\t\t\t\t<span style=\"font-size:12px;\"><br>\n\t                                \t\t\t\t\t\t\t<\/span>\t\n\t                        \n\t\t\t\t\t\t<\/a>\n\t\t\t\t\t\t\n\t\t\t\t\t\t\t<!-- upvote section -->\n\t\t\t\t\t\t\t<div class=\"upvote-section\">\n\t\t\t\t\t\t\t\t<span data-post-id=\"1607\" data-item-title=\"Revista do Instituto de Ci\u00eancias Humanas\" data-item-link=\"http:\/\/periodicos.pucminas.br\/index.php\/revistaich\/index\" class=\"upvote-btn upvote-on\">\n\t\t\t\t\t\t\t\t\t<i class=\"fa fa-thumbs-up\"><\/i>\n\t\t\t\t\t\t\t\t<\/span>\n\t\t\t\t\t\t\t\t<span class=\"upvote-count\">\n\t\t\t\t\t\t\t\t\t1\t\t\t\t\t\t\t\t<\/span>\n\t\t\t\t\t\t\t<\/div>\n\t\t\t\t\t\t\t<!-- \/upvote section -->\n\n\t\t\t\t\t\t\t\t\t\t\t\t\n\t\t\t\t\t<\/li>\n\t\t\t\t\t\n\t\t\t\t\t<li id=\"item-1607-11\">\n\t\t\t\t\t\t\t\t\t\t\t\t<!-- List Anchor -->\n\t\t\t\t\t\t<a   href=\"https:\/\/www.revistas2.uepg.br\/index.php\/emancipacao\"\n\t\t\t\t\t\t\ttarget=\"_blank\">\n\n\t\t\t\t\t\t\t<!-- Image, If Present -->\n\t\t\t\t\t\t\t11 - \t\t\t\t\t\t\t\t\t\t\t\t\t\t\n\t\t\t\t\t\t\t\n\t\t\t\t\t\t\t\t<span class=\"list-img\">\n\t\t\t\t\t\t\t\t\t\t\t\t\t\t\t\t\t\t<img src=\"https:\/\/www.uninter.com\/biblioteca\/wp-content\/uploads\/2019\/08\/emancipa-150x150.jpg\" alt=\"\">\n\t\t\t\t\t\t\t\t<\/span>\n\t\t\t\t\t\t\t\n\t\t\t\t\t\t\t<!-- Link Text -->\n\t\t\t\t\t\t\tRevista Emancipa\u00e7\u00e3o\t\t\t\t\t\t\t\n\t\t\t\t\t\t\t\t\t\t\t\t\t\t<span style=\"font-size:12px;\"><br>\n\t                                \t\t\t\t\t\t\t<\/span>\t\n\t                        \n\t\t\t\t\t\t<\/a>\n\t\t\t\t\t\t\n\t\t\t\t\t\t\t<!-- upvote section -->\n\t\t\t\t\t\t\t<div class=\"upvote-section\">\n\t\t\t\t\t\t\t\t<span data-post-id=\"1607\" data-item-title=\"Revista Emancipa\u00e7\u00e3o\" data-item-link=\"https:\/\/www.revistas2.uepg.br\/index.php\/emancipacao\" class=\"upvote-btn upvote-on\">\n\t\t\t\t\t\t\t\t\t<i class=\"fa fa-thumbs-up\"><\/i>\n\t\t\t\t\t\t\t\t<\/span>\n\t\t\t\t\t\t\t\t<span class=\"upvote-count\">\n\t\t\t\t\t\t\t\t\t1\t\t\t\t\t\t\t\t<\/span>\n\t\t\t\t\t\t\t<\/div>\n\t\t\t\t\t\t\t<!-- \/upvote section -->\n\n\t\t\t\t\t\t\t\t\t\t\t\t\n\t\t\t\t\t<\/li>\n\t\t\t\t\t\n\t\t\t\t\t<li id=\"item-1607-12\">\n\t\t\t\t\t\t\t\t\t\t\t\t<!-- List Anchor -->\n\t\t\t\t\t\t<a   href=\"http:\/\/www.scielo.br\/scielo.php?script=sci_serial&#038;pid=0104-026X&#038;lng=pt&#038;nrm=iso\"\n\t\t\t\t\t\t\ttarget=\"_blank\">\n\n\t\t\t\t\t\t\t<!-- Image, If Present -->\n\t\t\t\t\t\t\t12 - \t\t\t\t\t\t\t\t\t\t\t\t\t\t\n\t\t\t\t\t\t\t\n\t\t\t\t\t\t\t\t<span class=\"list-img\">\n\t\t\t\t\t\t\t\t\t\t\t\t\t\t\t\t\t\t<img src=\"https:\/\/www.uninter.com\/biblioteca\/wp-content\/uploads\/2019\/08\/ref-150x150.jpg\" alt=\"\">\n\t\t\t\t\t\t\t\t<\/span>\n\t\t\t\t\t\t\t\n\t\t\t\t\t\t\t<!-- Link Text -->\n\t\t\t\t\t\t\tRevista Estudos Feministas\t\t\t\t\t\t\t\n\t\t\t\t\t\t\t\t\t\t\t\t\t\t<span style=\"font-size:12px;\"><br>\n\t                                \t\t\t\t\t\t\t<\/span>\t\n\t                        \n\t\t\t\t\t\t<\/a>\n\t\t\t\t\t\t\n\t\t\t\t\t\t\t<!-- upvote section -->\n\t\t\t\t\t\t\t<div class=\"upvote-section\">\n\t\t\t\t\t\t\t\t<span data-post-id=\"1607\" data-item-title=\"Revista Estudos Feministas\" data-item-link=\"http:\/\/www.scielo.br\/scielo.php?script=sci_serial&#038;pid=0104-026X&#038;lng=pt&#038;nrm=iso\" class=\"upvote-btn upvote-on\">\n\t\t\t\t\t\t\t\t\t<i class=\"fa fa-thumbs-up\"><\/i>\n\t\t\t\t\t\t\t\t<\/span>\n\t\t\t\t\t\t\t\t<span class=\"upvote-count\">\n\t\t\t\t\t\t\t\t\t1\t\t\t\t\t\t\t\t<\/span>\n\t\t\t\t\t\t\t<\/div>\n\t\t\t\t\t\t\t<!-- \/upvote section -->\n\n\t\t\t\t\t\t\t\t\t\t\t\t\n\t\t\t\t\t<\/li>\n\t\t\t\t\t\n\t\t\t\t\t<li id=\"item-1607-13\">\n\t\t\t\t\t\t\t\t\t\t\t\t<!-- List Anchor -->\n\t\t\t\t\t\t<a   href=\"http:\/\/www.ieg.ufsc.br\/revista_detalhe.php?id=14\"\n\t\t\t\t\t\t\ttarget=\"_blank\">\n\n\t\t\t\t\t\t\t<!-- Image, If Present -->\n\t\t\t\t\t\t\t13 - \t\t\t\t\t\t\t\t\t\t\t\t\t\t\n\t\t\t\t\t\t\t\n\t\t\t\t\t\t\t\t<span class=\"list-img\">\n\t\t\t\t\t\t\t\t\t\t\t\t\t\t\t\t\t\t<img src=\"https:\/\/www.uninter.com\/biblioteca\/wp-content\/uploads\/2019\/08\/genero-2-150x150.jpg\" alt=\"\">\n\t\t\t\t\t\t\t\t<\/span>\n\t\t\t\t\t\t\t\n\t\t\t\t\t\t\t<!-- Link Text -->\n\t\t\t\t\t\t\tRevista G\u00eanero \u2013 UFSC\t\t\t\t\t\t\t\n\t\t\t\t\t\t\t\t\t\t\t\t\t\t<span style=\"font-size:12px;\"><br>\n\t                                \t\t\t\t\t\t\t<\/span>\t\n\t                        \n\t\t\t\t\t\t<\/a>\n\t\t\t\t\t\t\n\t\t\t\t\t\t\t<!-- upvote section -->\n\t\t\t\t\t\t\t<div class=\"upvote-section\">\n\t\t\t\t\t\t\t\t<span data-post-id=\"1607\" data-item-title=\"Revista G\u00eanero \u2013 UFSC\" data-item-link=\"http:\/\/www.ieg.ufsc.br\/revista_detalhe.php?id=14\" class=\"upvote-btn upvote-on\">\n\t\t\t\t\t\t\t\t\t<i class=\"fa fa-thumbs-up\"><\/i>\n\t\t\t\t\t\t\t\t<\/span>\n\t\t\t\t\t\t\t\t<span class=\"upvote-count\">\n\t\t\t\t\t\t\t\t\t1\t\t\t\t\t\t\t\t<\/span>\n\t\t\t\t\t\t\t<\/div>\n\t\t\t\t\t\t\t<!-- \/upvote section -->\n\n\t\t\t\t\t\t\t\t\t\t\t\t\n\t\t\t\t\t<\/li>\n\t\t\t\t\t\n\t\t\t\t\t<li id=\"item-1607-14\">\n\t\t\t\t\t\t\t\t\t\t\t\t<!-- List Anchor -->\n\t\t\t\t\t\t<a   href=\"http:\/\/www.histedbr.fe.unicamp.br\/\"\n\t\t\t\t\t\t\ttarget=\"_blank\">\n\n\t\t\t\t\t\t\t<!-- Image, If Present -->\n\t\t\t\t\t\t\t14 - \t\t\t\t\t\t\t\t\t\t\t\t\t\t\n\t\t\t\t\t\t\t\n\t\t\t\t\t\t\t\t<span class=\"list-img\">\n\t\t\t\t\t\t\t\t\t\t\t\t\t\t\t\t\t\t<img src=\"https:\/\/www.uninter.com\/biblioteca\/wp-content\/uploads\/2019\/08\/histed-150x150.jpg\" alt=\"\">\n\t\t\t\t\t\t\t\t<\/span>\n\t\t\t\t\t\t\t\n\t\t\t\t\t\t\t<!-- Link Text -->\n\t\t\t\t\t\t\tRevista HISTEDBR Online\t\t\t\t\t\t\t\n\t\t\t\t\t\t\t\t\t\t\t\t\t\t<span style=\"font-size:12px;\"><br>\n\t                                \t\t\t\t\t\t\t<\/span>\t\n\t                        \n\t\t\t\t\t\t<\/a>\n\t\t\t\t\t\t\n\t\t\t\t\t\t\t<!-- upvote section -->\n\t\t\t\t\t\t\t<div class=\"upvote-section\">\n\t\t\t\t\t\t\t\t<span data-post-id=\"1607\" data-item-title=\"Revista HISTEDBR Online\" data-item-link=\"http:\/\/www.histedbr.fe.unicamp.br\/\" class=\"upvote-btn upvote-on\">\n\t\t\t\t\t\t\t\t\t<i class=\"fa fa-thumbs-up\"><\/i>\n\t\t\t\t\t\t\t\t<\/span>\n\t\t\t\t\t\t\t\t<span class=\"upvote-count\">\n\t\t\t\t\t\t\t\t\t1\t\t\t\t\t\t\t\t<\/span>\n\t\t\t\t\t\t\t<\/div>\n\t\t\t\t\t\t\t<!-- \/upvote section -->\n\n\t\t\t\t\t\t\t\t\t\t\t\t\n\t\t\t\t\t<\/li>\n\t\t\t\t\t\n\t\t\t\t\t<li id=\"item-1607-15\">\n\t\t\t\t\t\t\t\t\t\t\t\t<!-- List Anchor -->\n\t\t\t\t\t\t<a   href=\"https:\/\/periodicos.ufsc.br\/index.php\/katalysis\/index\"\n\t\t\t\t\t\t\ttarget=\"_blank\">\n\n\t\t\t\t\t\t\t<!-- Image, If Present -->\n\t\t\t\t\t\t\t15 - \t\t\t\t\t\t\t\t\t\t\t\t\t\t\n\t\t\t\t\t\t\t\n\t\t\t\t\t\t\t\t<span class=\"list-img\">\n\t\t\t\t\t\t\t\t\t\t\t\t\t\t\t\t\t\t<img src=\"https:\/\/www.uninter.com\/biblioteca\/wp-content\/uploads\/2019\/08\/katalysis-150x150.jpg\" alt=\"\">\n\t\t\t\t\t\t\t\t<\/span>\n\t\t\t\t\t\t\t\n\t\t\t\t\t\t\t<!-- Link Text -->\n\t\t\t\t\t\t\tRevista Kat\u00e1lysis\t\t\t\t\t\t\t\n\t\t\t\t\t\t\t\t\t\t\t\t\t\t<span style=\"font-size:12px;\"><br>\n\t                                \t\t\t\t\t\t\t<\/span>\t\n\t                        \n\t\t\t\t\t\t<\/a>\n\t\t\t\t\t\t\n\t\t\t\t\t\t\t<!-- upvote section -->\n\t\t\t\t\t\t\t<div class=\"upvote-section\">\n\t\t\t\t\t\t\t\t<span data-post-id=\"1607\" data-item-title=\"Revista Kat\u00e1lysis\" data-item-link=\"https:\/\/periodicos.ufsc.br\/index.php\/katalysis\/index\" class=\"upvote-btn upvote-on\">\n\t\t\t\t\t\t\t\t\t<i class=\"fa fa-thumbs-up\"><\/i>\n\t\t\t\t\t\t\t\t<\/span>\n\t\t\t\t\t\t\t\t<span class=\"upvote-count\">\n\t\t\t\t\t\t\t\t\t1\t\t\t\t\t\t\t\t<\/span>\n\t\t\t\t\t\t\t<\/div>\n\t\t\t\t\t\t\t<!-- \/upvote section -->\n\n\t\t\t\t\t\t\t\t\t\t\t\t\n\t\t\t\t\t<\/li>\n\t\t\t\t\t\n\t\t\t\t\t<li id=\"item-1607-16\">\n\t\t\t\t\t\t\t\t\t\t\t\t<!-- List Anchor -->\n\t\t\t\t\t\t<a   href=\"https:\/\/periodicos.ufjf.br\/index.php\/libertas\"\n\t\t\t\t\t\t\ttarget=\"_blank\">\n\n\t\t\t\t\t\t\t<!-- Image, If Present -->\n\t\t\t\t\t\t\t16 - \t\t\t\t\t\t\t\t\t\t\t\t\t\t\n\t\t\t\t\t\t\t\n\t\t\t\t\t\t\t\t<span class=\"list-img\">\n\t\t\t\t\t\t\t\t\t\t\t\t\t\t\t\t\t\t<img src=\"https:\/\/www.uninter.com\/biblioteca\/wp-content\/uploads\/2019\/08\/libertas-150x150.jpg\" alt=\"\">\n\t\t\t\t\t\t\t\t<\/span>\n\t\t\t\t\t\t\t\n\t\t\t\t\t\t\t<!-- Link Text -->\n\t\t\t\t\t\t\tRevista Libertas \u2013 UFJF\t\t\t\t\t\t\t\n\t\t\t\t\t\t\t\t\t\t\t\t\t\t<span style=\"font-size:12px;\"><br>\n\t                                \t\t\t\t\t\t\t<\/span>\t\n\t                        \n\t\t\t\t\t\t<\/a>\n\t\t\t\t\t\t\n\t\t\t\t\t\t\t<!-- upvote section -->\n\t\t\t\t\t\t\t<div class=\"upvote-section\">\n\t\t\t\t\t\t\t\t<span data-post-id=\"1607\" data-item-title=\"Revista Libertas \u2013 UFJF\" data-item-link=\"https:\/\/periodicos.ufjf.br\/index.php\/libertas\" class=\"upvote-btn upvote-on\">\n\t\t\t\t\t\t\t\t\t<i class=\"fa fa-thumbs-up\"><\/i>\n\t\t\t\t\t\t\t\t<\/span>\n\t\t\t\t\t\t\t\t<span class=\"upvote-count\">\n\t\t\t\t\t\t\t\t\t1\t\t\t\t\t\t\t\t<\/span>\n\t\t\t\t\t\t\t<\/div>\n\t\t\t\t\t\t\t<!-- \/upvote section -->\n\n\t\t\t\t\t\t\t\t\t\t\t\t\n\t\t\t\t\t<\/li>\n\t\t\t\t\t\n\t\t\t\t\t<li id=\"item-1607-17\">\n\t\t\t\t\t\t\t\t\t\t\t\t<!-- List Anchor -->\n\t\t\t\t\t\t<a   href=\"http:\/\/www.scielo.br\/scielo.php?script=sci_issuetoc&#038;pid=0102-644520120003&#038;lng=pt&#038;nrm=iso\"\n\t\t\t\t\t\t\ttarget=\"_blank\">\n\n\t\t\t\t\t\t\t<!-- Image, If Present -->\n\t\t\t\t\t\t\t17 - \t\t\t\t\t\t\t\t\t\t\t\t\t\t\n\t\t\t\t\t\t\t\n\t\t\t\t\t\t\t\t<span class=\"list-img\">\n\t\t\t\t\t\t\t\t\t\t\t\t\t\t\t\t\t\t<img src=\"https:\/\/www.uninter.com\/biblioteca\/wp-content\/uploads\/2019\/08\/luaNova-1-150x150.jpg\" alt=\"\">\n\t\t\t\t\t\t\t\t<\/span>\n\t\t\t\t\t\t\t\n\t\t\t\t\t\t\t<!-- Link Text -->\n\t\t\t\t\t\t\tRevista Lua Nova\t\t\t\t\t\t\t\n\t\t\t\t\t\t\t\t\t\t\t\t\t\t<span style=\"font-size:12px;\"><br>\n\t                                \t\t\t\t\t\t\t<\/span>\t\n\t                        \n\t\t\t\t\t\t<\/a>\n\t\t\t\t\t\t\n\t\t\t\t\t\t\t<!-- upvote section -->\n\t\t\t\t\t\t\t<div class=\"upvote-section\">\n\t\t\t\t\t\t\t\t<span data-post-id=\"1607\" data-item-title=\"Revista Lua Nova\" data-item-link=\"http:\/\/www.scielo.br\/scielo.php?script=sci_issuetoc&#038;pid=0102-644520120003&#038;lng=pt&#038;nrm=iso\" class=\"upvote-btn upvote-on\">\n\t\t\t\t\t\t\t\t\t<i class=\"fa fa-thumbs-up\"><\/i>\n\t\t\t\t\t\t\t\t<\/span>\n\t\t\t\t\t\t\t\t<span class=\"upvote-count\">\n\t\t\t\t\t\t\t\t\t1\t\t\t\t\t\t\t\t<\/span>\n\t\t\t\t\t\t\t<\/div>\n\t\t\t\t\t\t\t<!-- \/upvote section -->\n\n\t\t\t\t\t\t\t\t\t\t\t\t\n\t\t\t\t\t<\/li>\n\t\t\t\t\t\n\t\t\t\t\t<li id=\"item-1607-18\">\n\t\t\t\t\t\t\t\t\t\t\t\t<!-- List Anchor -->\n\t\t\t\t\t\t<a   href=\"http:\/\/osocialemquestao.ser.puc-rio.br\/cgi\/cgilua.exe\/sys\/start.htm?tpl=home\"\n\t\t\t\t\t\t\ttarget=\"_blank\">\n\n\t\t\t\t\t\t\t<!-- Image, If Present -->\n\t\t\t\t\t\t\t18 - \t\t\t\t\t\t\t\t\t\t\t\t\t\t\n\t\t\t\t\t\t\t\n\t\t\t\t\t\t\t\t<span class=\"list-img\">\n\t\t\t\t\t\t\t\t\t\t\t\t\t\t\t\t\t\t<img src=\"https:\/\/www.uninter.com\/biblioteca\/wp-content\/uploads\/2019\/08\/questao-1-150x150.jpg\" alt=\"\">\n\t\t\t\t\t\t\t\t<\/span>\n\t\t\t\t\t\t\t\n\t\t\t\t\t\t\t<!-- Link Text -->\n\t\t\t\t\t\t\tRevista O Social em Quest\u00e3o\t\t\t\t\t\t\t\n\t\t\t\t\t\t\t\t\t\t\t\t\t\t<span style=\"font-size:12px;\"><br>\n\t                                \t\t\t\t\t\t\t<\/span>\t\n\t                        \n\t\t\t\t\t\t<\/a>\n\t\t\t\t\t\t\n\t\t\t\t\t\t\t<!-- upvote section -->\n\t\t\t\t\t\t\t<div class=\"upvote-section\">\n\t\t\t\t\t\t\t\t<span data-post-id=\"1607\" data-item-title=\"Revista O Social em Quest\u00e3o\" data-item-link=\"http:\/\/osocialemquestao.ser.puc-rio.br\/cgi\/cgilua.exe\/sys\/start.htm?tpl=home\" class=\"upvote-btn upvote-on\">\n\t\t\t\t\t\t\t\t\t<i class=\"fa fa-thumbs-up\"><\/i>\n\t\t\t\t\t\t\t\t<\/span>\n\t\t\t\t\t\t\t\t<span class=\"upvote-count\">\n\t\t\t\t\t\t\t\t\t1\t\t\t\t\t\t\t\t<\/span>\n\t\t\t\t\t\t\t<\/div>\n\t\t\t\t\t\t\t<!-- \/upvote section -->\n\n\t\t\t\t\t\t\t\t\t\t\t\t\n\t\t\t\t\t<\/li>\n\t\t\t\t\t\n\t\t\t\t\t<li id=\"item-1607-19\">\n\t\t\t\t\t\t\t\t\t\t\t\t<!-- List Anchor -->\n\t\t\t\t\t\t<a   href=\"https:\/\/revistas.ufrj.br\/index.php\/praiavermelha\"\n\t\t\t\t\t\t\ttarget=\"_blank\">\n\n\t\t\t\t\t\t\t<!-- Image, If Present -->\n\t\t\t\t\t\t\t19 - \t\t\t\t\t\t\t\t\t\t\t\t\t\t\n\t\t\t\t\t\t\t\n\t\t\t\t\t\t\t\t<span class=\"list-img\">\n\t\t\t\t\t\t\t\t\t\t\t\t\t\t\t\t\t\t<img src=\"https:\/\/www.uninter.com\/biblioteca\/wp-content\/uploads\/2019\/08\/vermelha-150x150.jpg\" alt=\"\">\n\t\t\t\t\t\t\t\t<\/span>\n\t\t\t\t\t\t\t\n\t\t\t\t\t\t\t<!-- Link Text -->\n\t\t\t\t\t\t\tRevista Praia Vermelha\t\t\t\t\t\t\t\n\t\t\t\t\t\t\t\t\t\t\t\t\t\t<span style=\"font-size:12px;\"><br>\n\t                                \t\t\t\t\t\t\t<\/span>\t\n\t                        \n\t\t\t\t\t\t<\/a>\n\t\t\t\t\t\t\n\t\t\t\t\t\t\t<!-- upvote section -->\n\t\t\t\t\t\t\t<div class=\"upvote-section\">\n\t\t\t\t\t\t\t\t<span data-post-id=\"1607\" data-item-title=\"Revista Praia Vermelha\" data-item-link=\"https:\/\/revistas.ufrj.br\/index.php\/praiavermelha\" class=\"upvote-btn upvote-on\">\n\t\t\t\t\t\t\t\t\t<i class=\"fa fa-thumbs-up\"><\/i>\n\t\t\t\t\t\t\t\t<\/span>\n\t\t\t\t\t\t\t\t<span class=\"upvote-count\">\n\t\t\t\t\t\t\t\t\t1\t\t\t\t\t\t\t\t<\/span>\n\t\t\t\t\t\t\t<\/div>\n\t\t\t\t\t\t\t<!-- \/upvote section -->\n\n\t\t\t\t\t\t\t\t\t\t\t\t\n\t\t\t\t\t<\/li>\n\t\t\t\t\t\n\t\t\t\t\t<li id=\"item-1607-20\">\n\t\t\t\t\t\t\t\t\t\t\t\t<!-- List Anchor -->\n\t\t\t\t\t\t<a   href=\"http:\/\/periodicos.unb.br\/index.php\/SER_Social\"\n\t\t\t\t\t\t\ttarget=\"_blank\">\n\n\t\t\t\t\t\t\t<!-- Image, If Present -->\n\t\t\t\t\t\t\t20 - \t\t\t\t\t\t\t\t\t\t\t\t\t\t\n\t\t\t\t\t\t\t\n\t\t\t\t\t\t\t\t<span class=\"list-img\">\n\t\t\t\t\t\t\t\t\t\t\t\t\t\t\t\t\t\t<img src=\"https:\/\/www.uninter.com\/biblioteca\/wp-content\/uploads\/2019\/08\/serSocial-150x150.jpg\" alt=\"\">\n\t\t\t\t\t\t\t\t<\/span>\n\t\t\t\t\t\t\t\n\t\t\t\t\t\t\t<!-- Link Text -->\n\t\t\t\t\t\t\tRevista Ser Social\t\t\t\t\t\t\t\n\t\t\t\t\t\t\t\t\t\t\t\t\t\t<span style=\"font-size:12px;\"><br>\n\t                                \t\t\t\t\t\t\t<\/span>\t\n\t                        \n\t\t\t\t\t\t<\/a>\n\t\t\t\t\t\t\n\t\t\t\t\t\t\t<!-- upvote section -->\n\t\t\t\t\t\t\t<div class=\"upvote-section\">\n\t\t\t\t\t\t\t\t<span data-post-id=\"1607\" data-item-title=\"Revista Ser Social\" data-item-link=\"http:\/\/periodicos.unb.br\/index.php\/SER_Social\" class=\"upvote-btn upvote-on\">\n\t\t\t\t\t\t\t\t\t<i class=\"fa fa-thumbs-up\"><\/i>\n\t\t\t\t\t\t\t\t<\/span>\n\t\t\t\t\t\t\t\t<span class=\"upvote-count\">\n\t\t\t\t\t\t\t\t\t1\t\t\t\t\t\t\t\t<\/span>\n\t\t\t\t\t\t\t<\/div>\n\t\t\t\t\t\t\t<!-- \/upvote section -->\n\n\t\t\t\t\t\t\t\t\t\t\t\t\n\t\t\t\t\t<\/li>\n\t\t\t\t\t\n\t\t\t\t\t<li id=\"item-1607-21\">\n\t\t\t\t\t\t\t\t\t\t\t\t<!-- List Anchor -->\n\t\t\t\t\t\t<a   href=\"http:\/\/periodicos.ufes.br\/temporalis\"\n\t\t\t\t\t\t\ttarget=\"_blank\">\n\n\t\t\t\t\t\t\t<!-- Image, If Present -->\n\t\t\t\t\t\t\t21 - \t\t\t\t\t\t\t\t\t\t\t\t\t\t\n\t\t\t\t\t\t\t\n\t\t\t\t\t\t\t\t<span class=\"list-img\">\n\t\t\t\t\t\t\t\t\t\t\t\t\t\t\t\t\t\t<img src=\"https:\/\/www.uninter.com\/biblioteca\/wp-content\/uploads\/2019\/08\/temporalis-150x150.jpg\" alt=\"\">\n\t\t\t\t\t\t\t\t<\/span>\n\t\t\t\t\t\t\t\n\t\t\t\t\t\t\t<!-- Link Text -->\n\t\t\t\t\t\t\tRevista Temporalis\t\t\t\t\t\t\t\n\t\t\t\t\t\t\t\t\t\t\t\t\t\t<span style=\"font-size:12px;\"><br>\n\t                                \t\t\t\t\t\t\t<\/span>\t\n\t                        \n\t\t\t\t\t\t<\/a>\n\t\t\t\t\t\t\n\t\t\t\t\t\t\t<!-- upvote section -->\n\t\t\t\t\t\t\t<div class=\"upvote-section\">\n\t\t\t\t\t\t\t\t<span data-post-id=\"1607\" data-item-title=\"Revista Temporalis\" data-item-link=\"http:\/\/periodicos.ufes.br\/temporalis\" class=\"upvote-btn upvote-on\">\n\t\t\t\t\t\t\t\t\t<i class=\"fa fa-thumbs-up\"><\/i>\n\t\t\t\t\t\t\t\t<\/span>\n\t\t\t\t\t\t\t\t<span class=\"upvote-count\">\n\t\t\t\t\t\t\t\t\t1\t\t\t\t\t\t\t\t<\/span>\n\t\t\t\t\t\t\t<\/div>\n\t\t\t\t\t\t\t<!-- \/upvote section -->\n\n\t\t\t\t\t\t\t\t\t\t\t\t\n\t\t\t\t\t<\/li>\n\t\t\t\t\t\n\t\t\t\t\t<li id=\"item-1607-22\">\n\t\t\t\t\t\t\t\t\t\t\t\t<!-- List Anchor -->\n\t\t\t\t\t\t<a   href=\"https:\/\/ojs.franca.unesp.br\/index.php\/SSR\/index\"\n\t\t\t\t\t\t\ttarget=\"_blank\">\n\n\t\t\t\t\t\t\t<!-- Image, If Present -->\n\t\t\t\t\t\t\t22 - \t\t\t\t\t\t\t\t\t\t\t\t\t\t\n\t\t\t\t\t\t\t\n\t\t\t\t\t\t\t\t<span class=\"list-img\">\n\t\t\t\t\t\t\t\t\t\t\t\t\t\t\t\t\t\t<img src=\"https:\/\/www.uninter.com\/biblioteca\/wp-content\/uploads\/2019\/08\/realidae-150x150.jpg\" alt=\"\">\n\t\t\t\t\t\t\t\t<\/span>\n\t\t\t\t\t\t\t\n\t\t\t\t\t\t\t<!-- Link Text -->\n\t\t\t\t\t\t\tServi\u00e7o Social e Realidade\t\t\t\t\t\t\t\n\t\t\t\t\t\t\t\t\t\t\t\t\t\t<span style=\"font-size:12px;\"><br>\n\t                                \t\t\t\t\t\t\t<\/span>\t\n\t                        \n\t\t\t\t\t\t<\/a>\n\t\t\t\t\t\t\n\t\t\t\t\t\t\t<!-- upvote section -->\n\t\t\t\t\t\t\t<div class=\"upvote-section\">\n\t\t\t\t\t\t\t\t<span data-post-id=\"1607\" data-item-title=\"Servi\u00e7o Social e Realidade\" data-item-link=\"https:\/\/ojs.franca.unesp.br\/index.php\/SSR\/index\" class=\"upvote-btn upvote-on\">\n\t\t\t\t\t\t\t\t\t<i class=\"fa fa-thumbs-up\"><\/i>\n\t\t\t\t\t\t\t\t<\/span>\n\t\t\t\t\t\t\t\t<span class=\"upvote-count\">\n\t\t\t\t\t\t\t\t\t1\t\t\t\t\t\t\t\t<\/span>\n\t\t\t\t\t\t\t<\/div>\n\t\t\t\t\t\t\t<!-- \/upvote section -->\n\n\t\t\t\t\t\t\t\t\t\t\t\t\n\t\t\t\t\t<\/li>\n\t\t\t\t\t\n\t\t\t\t\t<li id=\"item-1607-23\">\n\t\t\t\t\t\t\t\t\t\t\t\t<!-- List Anchor -->\n\t\t\t\t\t\t<a   href=\"http:\/\/www.scielo.br\/scielo.php?script=sci_issuetoc&#038;pid=0101-662820120004&#038;lng=pt&#038;nrm=iso\"\n\t\t\t\t\t\t\ttarget=\"_blank\">\n\n\t\t\t\t\t\t\t<!-- Image, If Present -->\n\t\t\t\t\t\t\t23 - \t\t\t\t\t\t\t\t\t\t\t\t\t\t\n\t\t\t\t\t\t\t\n\t\t\t\t\t\t\t\t<span class=\"list-img\">\n\t\t\t\t\t\t\t\t\t\t\t\t\t\t\t\t\t\t<img src=\"https:\/\/www.uninter.com\/biblioteca\/wp-content\/uploads\/2019\/08\/sociedad-150x150.jpg\" alt=\"\">\n\t\t\t\t\t\t\t\t<\/span>\n\t\t\t\t\t\t\t\n\t\t\t\t\t\t\t<!-- Link Text -->\n\t\t\t\t\t\t\tServi\u00e7o Social e Sociedade\t\t\t\t\t\t\t\n\t\t\t\t\t\t\t\t\t\t\t\t\t\t<span style=\"font-size:12px;\"><br>\n\t                                \t\t\t\t\t\t\t<\/span>\t\n\t                        \n\t\t\t\t\t\t<\/a>\n\t\t\t\t\t\t\n\t\t\t\t\t\t\t<!-- upvote section -->\n\t\t\t\t\t\t\t<div class=\"upvote-section\">\n\t\t\t\t\t\t\t\t<span data-post-id=\"1607\" data-item-title=\"Servi\u00e7o Social e Sociedade\" data-item-link=\"http:\/\/www.scielo.br\/scielo.php?script=sci_issuetoc&#038;pid=0101-662820120004&#038;lng=pt&#038;nrm=iso\" class=\"upvote-btn upvote-on\">\n\t\t\t\t\t\t\t\t\t<i class=\"fa fa-thumbs-up\"><\/i>\n\t\t\t\t\t\t\t\t<\/span>\n\t\t\t\t\t\t\t\t<span class=\"upvote-count\">\n\t\t\t\t\t\t\t\t\t1\t\t\t\t\t\t\t\t<\/span>\n\t\t\t\t\t\t\t<\/div>\n\t\t\t\t\t\t\t<!-- \/upvote section -->\n\n\t\t\t\t\t\t\t\t\t\t\t\t\n\t\t\t\t\t<\/li>\n\t\t\t\t\t\n\t\t\t\t\t<li id=\"item-1607-24\">\n\t\t\t\t\t\t\t\t\t\t\t\t<!-- List Anchor -->\n\t\t\t\t\t\t<a   href=\"http:\/\/www.uel.br\/revistas\/uel\/index.php\/ssrevista\"\n\t\t\t\t\t\t\ttarget=\"_blank\">\n\n\t\t\t\t\t\t\t<!-- Image, If Present -->\n\t\t\t\t\t\t\t24 - \t\t\t\t\t\t\t\t\t\t\t\t\t\t\n\t\t\t\t\t\t\t\n\t\t\t\t\t\t\t\t<span class=\"list-img\">\n\t\t\t\t\t\t\t\t\t\t\t\t\t\t\t\t\t\t<img src=\"https:\/\/www.uninter.com\/biblioteca\/wp-content\/uploads\/2019\/08\/emRevista-150x150.jpg\" alt=\"\">\n\t\t\t\t\t\t\t\t<\/span>\n\t\t\t\t\t\t\t\n\t\t\t\t\t\t\t<!-- Link Text -->\n\t\t\t\t\t\t\tServi\u00e7o Social em Revista\t\t\t\t\t\t\t\n\t\t\t\t\t\t\t\t\t\t\t\t\t\t<span style=\"font-size:12px;\"><br>\n\t                                \t\t\t\t\t\t\t<\/span>\t\n\t                        \n\t\t\t\t\t\t<\/a>\n\t\t\t\t\t\t\n\t\t\t\t\t\t\t<!-- upvote section -->\n\t\t\t\t\t\t\t<div class=\"upvote-section\">\n\t\t\t\t\t\t\t\t<span data-post-id=\"1607\" data-item-title=\"Servi\u00e7o Social em Revista\" data-item-link=\"http:\/\/www.uel.br\/revistas\/uel\/index.php\/ssrevista\" class=\"upvote-btn upvote-on\">\n\t\t\t\t\t\t\t\t\t<i class=\"fa fa-thumbs-up\"><\/i>\n\t\t\t\t\t\t\t\t<\/span>\n\t\t\t\t\t\t\t\t<span class=\"upvote-count\">\n\t\t\t\t\t\t\t\t\t1\t\t\t\t\t\t\t\t<\/span>\n\t\t\t\t\t\t\t<\/div>\n\t\t\t\t\t\t\t<!-- \/upvote section -->\n\n\t\t\t\t\t\t\t\t\t\t\t\t\n\t\t\t\t\t<\/li>\n\t\t\t\t\t\n\t\t\t\t\t<li id=\"item-1607-25\">\n\t\t\t\t\t\t\t\t\t\t\t\t<!-- List Anchor -->\n\t\t\t\t\t\t<a   href=\"http:\/\/revistaseletronicas.pucrs.br\/fass\/ojs\/index.php\/fass\"\n\t\t\t\t\t\t\ttarget=\"_blank\">\n\n\t\t\t\t\t\t\t<!-- Image, If Present -->\n\t\t\t\t\t\t\t25 - \t\t\t\t\t\t\t\t\t\t\t\t\t\t\n\t\t\t\t\t\t\t\n\t\t\t\t\t\t\t\t<span class=\"list-img\">\n\t\t\t\t\t\t\t\t\t\t\t\t\t\t\t\t\t\t<img src=\"https:\/\/www.uninter.com\/biblioteca\/wp-content\/uploads\/2019\/08\/contextos-150x150.jpg\" alt=\"\">\n\t\t\t\t\t\t\t\t<\/span>\n\t\t\t\t\t\t\t\n\t\t\t\t\t\t\t<!-- Link Text -->\n\t\t\t\t\t\t\tTextos &amp; Contextos \u2013 PUCRS\t\t\t\t\t\t\t\n\t\t\t\t\t\t\t\t\t\t\t\t\t\t<span style=\"font-size:12px;\"><br>\n\t                                \t\t\t\t\t\t\t<\/span>\t\n\t                        \n\t\t\t\t\t\t<\/a>\n\t\t\t\t\t\t\n\t\t\t\t\t\t\t<!-- upvote section -->\n\t\t\t\t\t\t\t<div class=\"upvote-section\">\n\t\t\t\t\t\t\t\t<span data-post-id=\"1607\" data-item-title=\"Textos &amp; Contextos \u2013 PUCRS\" data-item-link=\"http:\/\/revistaseletronicas.pucrs.br\/fass\/ojs\/index.php\/fass\" class=\"upvote-btn upvote-on\">\n\t\t\t\t\t\t\t\t\t<i class=\"fa fa-thumbs-up\"><\/i>\n\t\t\t\t\t\t\t\t<\/span>\n\t\t\t\t\t\t\t\t<span class=\"upvote-count\">\n\t\t\t\t\t\t\t\t\t1\t\t\t\t\t\t\t\t<\/span>\n\t\t\t\t\t\t\t<\/div>\n\t\t\t\t\t\t\t<!-- \/upvote section -->\n\n\t\t\t\t\t\t\t\t\t\t\t\t\n\t\t\t\t\t<\/li>\n\t\t\t\t\t\n\t\t\t\t\t<li id=\"item-1607-26\">\n\t\t\t\t\t\t\t\t\t\t\t\t<!-- List Anchor -->\n\t\t\t\t\t\t<a   href=\"http:\/\/revistas.ufcg.edu.br\/raizes\/volumes.php?Rg=0\"\n\t\t\t\t\t\t\ttarget=\"_blank\">\n\n\t\t\t\t\t\t\t<!-- Image, If Present -->\n\t\t\t\t\t\t\t26 - \t\t\t\t\t\t\t\t\t\t\t\t\t\t\n\t\t\t\t\t\t\t\n\t\t\t\t\t\t\t\t<span class=\"list-img\">\n\t\t\t\t\t\t\t\t\t\t\t\t\t\t\t\t\t\t<img src=\"https:\/\/www.uninter.com\/biblioteca\/wp-content\/uploads\/2019\/08\/Ra\u00edzes-Revista-de-Ci\u00eancias-Sociais-e-Econ\u00f4micas-150x150.jpg\" alt=\"\">\n\t\t\t\t\t\t\t\t<\/span>\n\t\t\t\t\t\t\t\n\t\t\t\t\t\t\t<!-- Link Text -->\n\t\t\t\t\t\t\tRa\u00edzes Revista de Ci\u00eancias Sociais e Econ\u00f4micos\t\t\t\t\t\t\t\n\t\t\t\t\t\t\t\t\t\t\t\t\t\t<span style=\"font-size:12px;\"><br>\n\t                                \t\t\t\t\t\t\t<\/span>\t\n\t                        \n\t\t\t\t\t\t<\/a>\n\t\t\t\t\t\t\n\t\t\t\t\t\t\t<!-- upvote section -->\n\t\t\t\t\t\t\t<div class=\"upvote-section\">\n\t\t\t\t\t\t\t\t<span data-post-id=\"1607\" data-item-title=\"Ra\u00edzes Revista de Ci\u00eancias Sociais e Econ\u00f4micos\" data-item-link=\"http:\/\/revistas.ufcg.edu.br\/raizes\/volumes.php?Rg=0\" class=\"upvote-btn upvote-on\">\n\t\t\t\t\t\t\t\t\t<i class=\"fa fa-thumbs-up\"><\/i>\n\t\t\t\t\t\t\t\t<\/span>\n\t\t\t\t\t\t\t\t<span class=\"upvote-count\">\n\t\t\t\t\t\t\t\t\t1\t\t\t\t\t\t\t\t<\/span>\n\t\t\t\t\t\t\t<\/div>\n\t\t\t\t\t\t\t<!-- \/upvote section -->\n\n\t\t\t\t\t\t\t\t\t\t\t\t\n\t\t\t\t\t<\/li>\n\t\t\t\t\t\t\t\t\t<\/ul>\n\n\t\t\t<\/div>\n\n\t\t<\/div>\n\t\t<!-- \/Individual List Item -->\n\n\t\t\n\t\t<br \/>\n\r\n<!--  Starting Simple Link Directory Plugin Output -->\n<div class=\"qcopd_embed_container\">\r\n\r\n\r\n\r\n\r\n\r\n\r\n\r\n<\/div>\r\n<div class=\"qcopd-list-wrapper\">\n\t<div id=\"opd-list-holder\" class=\"qcopd-list-holder\">\n\t\t\n\t\t<!-- Individual List Item -->\n\t\t<div id=\"list-item-1-1981\" class=\"qc-grid-item qcopd-list-column opd-column-1 simple opd-list-id-1981\">\n\t\t\t<div class=\"qcopd-single-list\">\n\t\t\t\t\t<h2 onclick=\"if(document.getElementById('1981').style.display=='block'){document.getElementById('1981').style.display='none';}else{document.getElementById('1981').style.display='block';};\">\n\t\t\t\t\tServi\u00e7o Social &#8211; Bibliografia Complementar\t\t\t\t<\/h2>\n\t\t\t\t<ul  style=display:none; id=1981 >\n\t\t\t\t\t\n\t\t\t\t\t<li id=\"item-1981-1\">\n\t\t\t\t\t\t\t\t\t\t\t\t<!-- List Anchor -->\n\t\t\t\t\t\t<a   href=\"http:\/\/www.cfess.org.br\/arquivos\/pneabepss_maio2010_corrigida.pdf\"\n\t\t\t\t\t\t\ttarget=\"_blank\">\n\n\t\t\t\t\t\t\t<!-- Image, If Present -->\n\t\t\t\t\t\t\t1 - \t\t\t\t\t\t\t\t\t\t\t\t\t\t\t<span class=\"list-img\">\n\t\t\t\t\t\t\t\t\t<img src=\"https:\/\/www.uninter.com\/biblioteca\/wp-content\/plugins\/simple-link-directory\/\/assets\/images\/list-image-placeholder.png\" alt=\"\">\n\t\t\t\t\t\t\t\t<\/span>\n\t\t\t\t\t\t\t\n\t\t\t\t\t\t\t<!-- Link Text -->\n\t\t\t\t\t\t\tASSOCIA\u00c7\u00c3O BRASILEIRA DE ENSINO E PESQUISA EM SERVI\u00c7O SOCIAL. Pol\u00edtica Nacional de Est\u00e1gio em Servi\u00e7o Social da ABEPSS,.2010\t\t\t\t\t\t\t\n\t\t\t\t\t\t\t\t\t\t\t\t\t\t<span style=\"font-size:12px;\"><br>\n\t                                \t\t\t\t\t\t\t<\/span>\t\n\t                        \n\t\t\t\t\t\t<\/a>\n\t\t\t\t\t\t\n\t\t\t\t\t\t\t<!-- upvote section -->\n\t\t\t\t\t\t\t<div class=\"upvote-section\">\n\t\t\t\t\t\t\t\t<span data-post-id=\"1981\" data-item-title=\"ASSOCIA\u00c7\u00c3O BRASILEIRA DE ENSINO E PESQUISA EM SERVI\u00c7O SOCIAL. Pol\u00edtica Nacional de Est\u00e1gio em Servi\u00e7o Social da ABEPSS,.2010\" data-item-link=\"http:\/\/www.cfess.org.br\/arquivos\/pneabepss_maio2010_corrigida.pdf\" class=\"upvote-btn upvote-on\">\n\t\t\t\t\t\t\t\t\t<i class=\"fa fa-thumbs-up\"><\/i>\n\t\t\t\t\t\t\t\t<\/span>\n\t\t\t\t\t\t\t\t<span class=\"upvote-count\">\n\t\t\t\t\t\t\t\t\t1\t\t\t\t\t\t\t\t<\/span>\n\t\t\t\t\t\t\t<\/div>\n\t\t\t\t\t\t\t<!-- \/upvote section -->\n\n\t\t\t\t\t\t\t\t\t\t\t\t\n\t\t\t\t\t<\/li>\n\t\t\t\t\t\n\t\t\t\t\t<li id=\"item-1981-2\">\n\t\t\t\t\t\t\t\t\t\t\t\t<!-- List Anchor -->\n\t\t\t\t\t\t<a   href=\"http:\/\/www.cfess.org.br\/index\"\n\t\t\t\t\t\t\ttarget=\"_blank\">\n\n\t\t\t\t\t\t\t<!-- Image, If Present -->\n\t\t\t\t\t\t\t2 - \t\t\t\t\t\t\t\t\t\t\t\t\t\t\t<span class=\"list-img\">\n\t\t\t\t\t\t\t\t\t<img src=\"https:\/\/www.uninter.com\/biblioteca\/wp-content\/plugins\/simple-link-directory\/\/assets\/images\/list-image-placeholder.png\" alt=\"\">\n\t\t\t\t\t\t\t\t<\/span>\n\t\t\t\t\t\t\t\n\t\t\t\t\t\t\t<!-- Link Text -->\n\t\t\t\t\t\t\tCFESS \u2013 Conselho Federal de Servi\u00e7o Social, site\t\t\t\t\t\t\t\n\t\t\t\t\t\t\t\t\t\t\t\t\t\t<span style=\"font-size:12px;\"><br>\n\t                                \t\t\t\t\t\t\t<\/span>\t\n\t                        \n\t\t\t\t\t\t<\/a>\n\t\t\t\t\t\t\n\t\t\t\t\t\t\t<!-- upvote section -->\n\t\t\t\t\t\t\t<div class=\"upvote-section\">\n\t\t\t\t\t\t\t\t<span data-post-id=\"1981\" data-item-title=\"CFESS \u2013 Conselho Federal de Servi\u00e7o Social, site\" data-item-link=\"http:\/\/www.cfess.org.br\/index\" class=\"upvote-btn upvote-on\">\n\t\t\t\t\t\t\t\t\t<i class=\"fa fa-thumbs-up\"><\/i>\n\t\t\t\t\t\t\t\t<\/span>\n\t\t\t\t\t\t\t\t<span class=\"upvote-count\">\n\t\t\t\t\t\t\t\t\t1\t\t\t\t\t\t\t\t<\/span>\n\t\t\t\t\t\t\t<\/div>\n\t\t\t\t\t\t\t<!-- \/upvote section -->\n\n\t\t\t\t\t\t\t\t\t\t\t\t\n\t\t\t\t\t<\/li>\n\t\t\t\t\t\n\t\t\t\t\t<li id=\"item-1981-3\">\n\t\t\t\t\t\t\t\t\t\t\t\t<!-- List Anchor -->\n\t\t\t\t\t\t<a   href=\"https:\/\/www2.camara.leg.br\/a-camara\/estruturaadm\/gestao-na-camara-dos-deputados\/responsabilidade-social-e-ambiental\/acessibilidade\/legislacao-pdf\/Legislaoidoso.pdf\"\n\t\t\t\t\t\t\ttarget=\"_blank\">\n\n\t\t\t\t\t\t\t<!-- Image, If Present -->\n\t\t\t\t\t\t\t3 - \t\t\t\t\t\t\t\t\t\t\t\t\t\t\t<span class=\"list-img\">\n\t\t\t\t\t\t\t\t\t<img src=\"https:\/\/www.uninter.com\/biblioteca\/wp-content\/plugins\/simple-link-directory\/\/assets\/images\/list-image-placeholder.png\" alt=\"\">\n\t\t\t\t\t\t\t\t<\/span>\n\t\t\t\t\t\t\t\n\t\t\t\t\t\t\t<!-- Link Text -->\n\t\t\t\t\t\t\tBRASIL. Lei n\u00ba 10.741, de 1\u00ba de outubro de 2003 (Estatuto do Idoso).\t\t\t\t\t\t\t\n\t\t\t\t\t\t\t\t\t\t\t\t\t\t<span style=\"font-size:12px;\"><br>\n\t                                \t\t\t\t\t\t\t<\/span>\t\n\t                        \n\t\t\t\t\t\t<\/a>\n\t\t\t\t\t\t\n\t\t\t\t\t\t\t<!-- upvote section -->\n\t\t\t\t\t\t\t<div class=\"upvote-section\">\n\t\t\t\t\t\t\t\t<span data-post-id=\"1981\" data-item-title=\"BRASIL. Lei n\u00ba 10.741, de 1\u00ba de outubro de 2003 (Estatuto do Idoso).\" data-item-link=\"https:\/\/www2.camara.leg.br\/a-camara\/estruturaadm\/gestao-na-camara-dos-deputados\/responsabilidade-social-e-ambiental\/acessibilidade\/legislacao-pdf\/Legislaoidoso.pdf\" class=\"upvote-btn upvote-on\">\n\t\t\t\t\t\t\t\t\t<i class=\"fa fa-thumbs-up\"><\/i>\n\t\t\t\t\t\t\t\t<\/span>\n\t\t\t\t\t\t\t\t<span class=\"upvote-count\">\n\t\t\t\t\t\t\t\t\t1\t\t\t\t\t\t\t\t<\/span>\n\t\t\t\t\t\t\t<\/div>\n\t\t\t\t\t\t\t<!-- \/upvote section -->\n\n\t\t\t\t\t\t\t\t\t\t\t\t\n\t\t\t\t\t<\/li>\n\t\t\t\t\t\n\t\t\t\t\t<li id=\"item-1981-4\">\n\t\t\t\t\t\t\t\t\t\t\t\t<!-- List Anchor -->\n\t\t\t\t\t\t<a   href=\"http:\/\/www.planalto.gov.br\/ccivil_03\/_Ato2015-2018\/2015\/Lei\/L13146.htm\"\n\t\t\t\t\t\t\ttarget=\"_blank\">\n\n\t\t\t\t\t\t\t<!-- Image, If Present -->\n\t\t\t\t\t\t\t4 - \t\t\t\t\t\t\t\t\t\t\t\t\t\t\t<span class=\"list-img\">\n\t\t\t\t\t\t\t\t\t<img src=\"https:\/\/www.uninter.com\/biblioteca\/wp-content\/plugins\/simple-link-directory\/\/assets\/images\/list-image-placeholder.png\" alt=\"\">\n\t\t\t\t\t\t\t\t<\/span>\n\t\t\t\t\t\t\t\n\t\t\t\t\t\t\t<!-- Link Text -->\n\t\t\t\t\t\t\tBRASIL. Lei n\u00ba 13, 146, de 6 de julho de 2015. Lei Brasileira de Inclus\u00e3o da Pessoa com Defici\u00eancia (Estatuto da Pessoa com Defici\u00eancia)\t\t\t\t\t\t\t\n\t\t\t\t\t\t\t\t\t\t\t\t\t\t<span style=\"font-size:12px;\"><br>\n\t                                \t\t\t\t\t\t\t<\/span>\t\n\t                        \n\t\t\t\t\t\t<\/a>\n\t\t\t\t\t\t\n\t\t\t\t\t\t\t<!-- upvote section -->\n\t\t\t\t\t\t\t<div class=\"upvote-section\">\n\t\t\t\t\t\t\t\t<span data-post-id=\"1981\" data-item-title=\"BRASIL. Lei n\u00ba 13, 146, de 6 de julho de 2015. Lei Brasileira de Inclus\u00e3o da Pessoa com Defici\u00eancia (Estatuto da Pessoa com Defici\u00eancia)\" data-item-link=\"http:\/\/www.planalto.gov.br\/ccivil_03\/_Ato2015-2018\/2015\/Lei\/L13146.htm\" class=\"upvote-btn upvote-on\">\n\t\t\t\t\t\t\t\t\t<i class=\"fa fa-thumbs-up\"><\/i>\n\t\t\t\t\t\t\t\t<\/span>\n\t\t\t\t\t\t\t\t<span class=\"upvote-count\">\n\t\t\t\t\t\t\t\t\t1\t\t\t\t\t\t\t\t<\/span>\n\t\t\t\t\t\t\t<\/div>\n\t\t\t\t\t\t\t<!-- \/upvote section -->\n\n\t\t\t\t\t\t\t\t\t\t\t\t\n\t\t\t\t\t<\/li>\n\t\t\t\t\t\n\t\t\t\t\t<li id=\"item-1981-5\">\n\t\t\t\t\t\t\t\t\t\t\t\t<!-- List Anchor -->\n\t\t\t\t\t\t<a   href=\"http:\/\/www.planalto.gov.br\/ccivil_03\/_Ato2015-2018\/2018\/Lei\/L13675.htm\"\n\t\t\t\t\t\t\ttarget=\"_blank\">\n\n\t\t\t\t\t\t\t<!-- Image, If Present -->\n\t\t\t\t\t\t\t5 - \t\t\t\t\t\t\t\t\t\t\t\t\t\t\t<span class=\"list-img\">\n\t\t\t\t\t\t\t\t\t<img src=\"https:\/\/www.uninter.com\/biblioteca\/wp-content\/plugins\/simple-link-directory\/\/assets\/images\/list-image-placeholder.png\" alt=\"\">\n\t\t\t\t\t\t\t\t<\/span>\n\t\t\t\t\t\t\t\n\t\t\t\t\t\t\t<!-- Link Text -->\n\t\t\t\t\t\t\tBRASIL. Lei n\u00ba 13.675, de 11 de junho de 2018. Pol\u00edtica Nacional de Seguran\u00e7a P\u00fablica e Defesa Social (PNSPDS)\t\t\t\t\t\t\t\n\t\t\t\t\t\t\t\t\t\t\t\t\t\t<span style=\"font-size:12px;\"><br>\n\t                                \t\t\t\t\t\t\t<\/span>\t\n\t                        \n\t\t\t\t\t\t<\/a>\n\t\t\t\t\t\t\n\t\t\t\t\t\t\t<!-- upvote section -->\n\t\t\t\t\t\t\t<div class=\"upvote-section\">\n\t\t\t\t\t\t\t\t<span data-post-id=\"1981\" data-item-title=\"BRASIL. Lei n\u00ba 13.675, de 11 de junho de 2018. Pol\u00edtica Nacional de Seguran\u00e7a P\u00fablica e Defesa Social (PNSPDS)\" data-item-link=\"http:\/\/www.planalto.gov.br\/ccivil_03\/_Ato2015-2018\/2018\/Lei\/L13675.htm\" class=\"upvote-btn upvote-on\">\n\t\t\t\t\t\t\t\t\t<i class=\"fa fa-thumbs-up\"><\/i>\n\t\t\t\t\t\t\t\t<\/span>\n\t\t\t\t\t\t\t\t<span class=\"upvote-count\">\n\t\t\t\t\t\t\t\t\t1\t\t\t\t\t\t\t\t<\/span>\n\t\t\t\t\t\t\t<\/div>\n\t\t\t\t\t\t\t<!-- \/upvote section -->\n\n\t\t\t\t\t\t\t\t\t\t\t\t\n\t\t\t\t\t<\/li>\n\t\t\t\t\t\n\t\t\t\t\t<li id=\"item-1981-6\">\n\t\t\t\t\t\t\t\t\t\t\t\t<!-- List Anchor -->\n\t\t\t\t\t\t<a   href=\"http:\/\/www.planalto.gov.br\/ccivil_03\/LEIS\/L8069.htm\"\n\t\t\t\t\t\t\ttarget=\"_blank\">\n\n\t\t\t\t\t\t\t<!-- Image, If Present -->\n\t\t\t\t\t\t\t6 - \t\t\t\t\t\t\t\t\t\t\t\t\t\t\t<span class=\"list-img\">\n\t\t\t\t\t\t\t\t\t<img src=\"https:\/\/www.uninter.com\/biblioteca\/wp-content\/plugins\/simple-link-directory\/\/assets\/images\/list-image-placeholder.png\" alt=\"\">\n\t\t\t\t\t\t\t\t<\/span>\n\t\t\t\t\t\t\t\n\t\t\t\t\t\t\t<!-- Link Text -->\n\t\t\t\t\t\t\tBRASIL. Lei n\u00ba 8.069, de 13 de julho de 1990. Estatuto da Crian\u00e7a e do Adolescente\t\t\t\t\t\t\t\n\t\t\t\t\t\t\t\t\t\t\t\t\t\t<span style=\"font-size:12px;\"><br>\n\t                                \t\t\t\t\t\t\t<\/span>\t\n\t                        \n\t\t\t\t\t\t<\/a>\n\t\t\t\t\t\t\n\t\t\t\t\t\t\t<!-- upvote section -->\n\t\t\t\t\t\t\t<div class=\"upvote-section\">\n\t\t\t\t\t\t\t\t<span data-post-id=\"1981\" data-item-title=\"BRASIL. Lei n\u00ba 8.069, de 13 de julho de 1990. Estatuto da Crian\u00e7a e do Adolescente\" data-item-link=\"http:\/\/www.planalto.gov.br\/ccivil_03\/LEIS\/L8069.htm\" class=\"upvote-btn upvote-on\">\n\t\t\t\t\t\t\t\t\t<i class=\"fa fa-thumbs-up\"><\/i>\n\t\t\t\t\t\t\t\t<\/span>\n\t\t\t\t\t\t\t\t<span class=\"upvote-count\">\n\t\t\t\t\t\t\t\t\t1\t\t\t\t\t\t\t\t<\/span>\n\t\t\t\t\t\t\t<\/div>\n\t\t\t\t\t\t\t<!-- \/upvote section -->\n\n\t\t\t\t\t\t\t\t\t\t\t\t\n\t\t\t\t\t<\/li>\n\t\t\t\t\t\n\t\t\t\t\t<li id=\"item-1981-7\">\n\t\t\t\t\t\t\t\t\t\t\t\t<!-- List Anchor -->\n\t\t\t\t\t\t<a   href=\"http:\/\/www.planalto.gov.br\/ccivil_03\/LEIS\/LEIS_2001\/L10257.htm\"\n\t\t\t\t\t\t\ttarget=\"_blank\">\n\n\t\t\t\t\t\t\t<!-- Image, If Present -->\n\t\t\t\t\t\t\t7 - \t\t\t\t\t\t\t\t\t\t\t\t\t\t\t<span class=\"list-img\">\n\t\t\t\t\t\t\t\t\t<img src=\"https:\/\/www.uninter.com\/biblioteca\/wp-content\/plugins\/simple-link-directory\/\/assets\/images\/list-image-placeholder.png\" alt=\"\">\n\t\t\t\t\t\t\t\t<\/span>\n\t\t\t\t\t\t\t\n\t\t\t\t\t\t\t<!-- Link Text -->\n\t\t\t\t\t\t\tBRASIL. Lei n\u00ba. 10.257, de 10 de julho de 2001 (Estatuto da Cidade). Regulamenta os arts. 182 e 183 da Constitui\u00e7\u00e3o Federal, estabelece diretrizes gerais da pol\u00edtica urbana e d\u00e1 outras provid\u00eancias. Bras\u00edlia: Casa Civil, 2001\t\t\t\t\t\t\t\n\t\t\t\t\t\t\t\t\t\t\t\t\t\t<span style=\"font-size:12px;\"><br>\n\t                                \t\t\t\t\t\t\t<\/span>\t\n\t                        \n\t\t\t\t\t\t<\/a>\n\t\t\t\t\t\t\n\t\t\t\t\t\t\t<!-- upvote section -->\n\t\t\t\t\t\t\t<div class=\"upvote-section\">\n\t\t\t\t\t\t\t\t<span data-post-id=\"1981\" data-item-title=\"BRASIL. Lei n\u00ba. 10.257, de 10 de julho de 2001 (Estatuto da Cidade). Regulamenta os arts. 182 e 183 da Constitui\u00e7\u00e3o Federal, estabelece diretrizes gerais da pol\u00edtica urbana e d\u00e1 outras provid\u00eancias. Bras\u00edlia: Casa Civil, 2001\" data-item-link=\"http:\/\/www.planalto.gov.br\/ccivil_03\/LEIS\/LEIS_2001\/L10257.htm\" class=\"upvote-btn upvote-on\">\n\t\t\t\t\t\t\t\t\t<i class=\"fa fa-thumbs-up\"><\/i>\n\t\t\t\t\t\t\t\t<\/span>\n\t\t\t\t\t\t\t\t<span class=\"upvote-count\">\n\t\t\t\t\t\t\t\t\t1\t\t\t\t\t\t\t\t<\/span>\n\t\t\t\t\t\t\t<\/div>\n\t\t\t\t\t\t\t<!-- \/upvote section -->\n\n\t\t\t\t\t\t\t\t\t\t\t\t\n\t\t\t\t\t<\/li>\n\t\t\t\t\t\n\t\t\t\t\t<li id=\"item-1981-8\">\n\t\t\t\t\t\t\t\t\t\t\t\t<!-- List Anchor -->\n\t\t\t\t\t\t<a   href=\"http:\/\/www.planalto.gov.br\/ccivil_03\/_Ato2007-2010\/2008\/Lei\/L11888.htm\"\n\t\t\t\t\t\t\ttarget=\"_blank\">\n\n\t\t\t\t\t\t\t<!-- Image, If Present -->\n\t\t\t\t\t\t\t8 - \t\t\t\t\t\t\t\t\t\t\t\t\t\t\t<span class=\"list-img\">\n\t\t\t\t\t\t\t\t\t<img src=\"https:\/\/www.uninter.com\/biblioteca\/wp-content\/plugins\/simple-link-directory\/\/assets\/images\/list-image-placeholder.png\" alt=\"\">\n\t\t\t\t\t\t\t\t<\/span>\n\t\t\t\t\t\t\t\n\t\t\t\t\t\t\t<!-- Link Text -->\n\t\t\t\t\t\t\tBRASIL. Lei n\u00ba. 11.888, de 24 de dezembro de 2008. Assegura \u00e0s fam\u00edlias de baixa renda assist\u00eancia t\u00e9cnica p\u00fablica e gratuita para o projeto e a constru\u00e7\u00e3o de habita\u00e7\u00e3o de interesse social e altera a Lei no 11.124, de 16 de junho de 2005. Bras\u00edlia: Casa Civil, 2008\t\t\t\t\t\t\t\n\t\t\t\t\t\t\t\t\t\t\t\t\t\t<span style=\"font-size:12px;\"><br>\n\t                                \t\t\t\t\t\t\t<\/span>\t\n\t                        \n\t\t\t\t\t\t<\/a>\n\t\t\t\t\t\t\n\t\t\t\t\t\t\t<!-- upvote section -->\n\t\t\t\t\t\t\t<div class=\"upvote-section\">\n\t\t\t\t\t\t\t\t<span data-post-id=\"1981\" data-item-title=\"BRASIL. Lei n\u00ba. 11.888, de 24 de dezembro de 2008. Assegura \u00e0s fam\u00edlias de baixa renda assist\u00eancia t\u00e9cnica p\u00fablica e gratuita para o projeto e a constru\u00e7\u00e3o de habita\u00e7\u00e3o de interesse social e altera a Lei no 11.124, de 16 de junho de 2005. Bras\u00edlia: Casa Civil, 2008\" data-item-link=\"http:\/\/www.planalto.gov.br\/ccivil_03\/_Ato2007-2010\/2008\/Lei\/L11888.htm\" class=\"upvote-btn upvote-on\">\n\t\t\t\t\t\t\t\t\t<i class=\"fa fa-thumbs-up\"><\/i>\n\t\t\t\t\t\t\t\t<\/span>\n\t\t\t\t\t\t\t\t<span class=\"upvote-count\">\n\t\t\t\t\t\t\t\t\t1\t\t\t\t\t\t\t\t<\/span>\n\t\t\t\t\t\t\t<\/div>\n\t\t\t\t\t\t\t<!-- \/upvote section -->\n\n\t\t\t\t\t\t\t\t\t\t\t\t\n\t\t\t\t\t<\/li>\n\t\t\t\t\t\n\t\t\t\t\t<li id=\"item-1981-9\">\n\t\t\t\t\t\t\t\t\t\t\t\t<!-- List Anchor -->\n\t\t\t\t\t\t<a   href=\"http:\/\/www.cfess.org.br\/arquivos\/Resolucao_493-06.pdf\"\n\t\t\t\t\t\t\ttarget=\"_blank\">\n\n\t\t\t\t\t\t\t<!-- Image, If Present -->\n\t\t\t\t\t\t\t9 - \t\t\t\t\t\t\t\t\t\t\t\t\t\t\t<span class=\"list-img\">\n\t\t\t\t\t\t\t\t\t<img src=\"https:\/\/www.uninter.com\/biblioteca\/wp-content\/plugins\/simple-link-directory\/\/assets\/images\/list-image-placeholder.png\" alt=\"\">\n\t\t\t\t\t\t\t\t<\/span>\n\t\t\t\t\t\t\t\n\t\t\t\t\t\t\t<!-- Link Text -->\n\t\t\t\t\t\t\tCONSELHO FEDERAL DE SERVI\u00c7O SOCIAL \u2013 CFESS. RESOLU\u00c7\u00c3O CFESS n\u00ba 493\/2006 de 21 de agosto de 2006. Disp\u00f5e sobre as condi\u00e7\u00f5es \u00e9ticas e t\u00e9cnicas do exerc\u00edcio profissional do assistente social\t\t\t\t\t\t\t\n\t\t\t\t\t\t\t\t\t\t\t\t\t\t<span style=\"font-size:12px;\"><br>\n\t                                \t\t\t\t\t\t\t<\/span>\t\n\t                        \n\t\t\t\t\t\t<\/a>\n\t\t\t\t\t\t\n\t\t\t\t\t\t\t<!-- upvote section -->\n\t\t\t\t\t\t\t<div class=\"upvote-section\">\n\t\t\t\t\t\t\t\t<span data-post-id=\"1981\" data-item-title=\"CONSELHO FEDERAL DE SERVI\u00c7O SOCIAL \u2013 CFESS. RESOLU\u00c7\u00c3O CFESS n\u00ba 493\/2006 de 21 de agosto de 2006. Disp\u00f5e sobre as condi\u00e7\u00f5es \u00e9ticas e t\u00e9cnicas do exerc\u00edcio profissional do assistente social\" data-item-link=\"http:\/\/www.cfess.org.br\/arquivos\/Resolucao_493-06.pdf\" class=\"upvote-btn upvote-on\">\n\t\t\t\t\t\t\t\t\t<i class=\"fa fa-thumbs-up\"><\/i>\n\t\t\t\t\t\t\t\t<\/span>\n\t\t\t\t\t\t\t\t<span class=\"upvote-count\">\n\t\t\t\t\t\t\t\t\t1\t\t\t\t\t\t\t\t<\/span>\n\t\t\t\t\t\t\t<\/div>\n\t\t\t\t\t\t\t<!-- \/upvote section -->\n\n\t\t\t\t\t\t\t\t\t\t\t\t\n\t\t\t\t\t<\/li>\n\t\t\t\t\t\n\t\t\t\t\t<li id=\"item-1981-10\">\n\t\t\t\t\t\t\t\t\t\t\t\t<!-- List Anchor -->\n\t\t\t\t\t\t<a   href=\"https:\/\/www.uepg.br\/proex\/Documents\/Ebooks\/INSTRUMENTAIS%20TECNICO-OPERATIVOS%20NO%20SERVICO%20SOCIAL.pdf\"\n\t\t\t\t\t\t\ttarget=\"_blank\">\n\n\t\t\t\t\t\t\t<!-- Image, If Present -->\n\t\t\t\t\t\t\t10 - \t\t\t\t\t\t\t\t\t\t\t\t\t\t\t<span class=\"list-img\">\n\t\t\t\t\t\t\t\t\t<img src=\"https:\/\/www.uninter.com\/biblioteca\/wp-content\/plugins\/simple-link-directory\/\/assets\/images\/list-image-placeholder.png\" alt=\"\">\n\t\t\t\t\t\t\t\t<\/span>\n\t\t\t\t\t\t\t\n\t\t\t\t\t\t\t<!-- Link Text -->\n\t\t\t\t\t\t\tLAVORATTI, Cleide; COSTA Dorival (Org). Instrumentos t\u00e9cnico-operativos no Servi\u00e7o Social: um debate necess\u00e1rio. Ponta Grossa: Ed Est\u00fadio Texto, 2016\t\t\t\t\t\t\t\n\t\t\t\t\t\t\t\t\t\t\t\t\t\t<span style=\"font-size:12px;\"><br>\n\t                                \t\t\t\t\t\t\t<\/span>\t\n\t                        \n\t\t\t\t\t\t<\/a>\n\t\t\t\t\t\t\n\t\t\t\t\t\t\t<!-- upvote section -->\n\t\t\t\t\t\t\t<div class=\"upvote-section\">\n\t\t\t\t\t\t\t\t<span data-post-id=\"1981\" data-item-title=\"LAVORATTI, Cleide; COSTA Dorival (Org). Instrumentos t\u00e9cnico-operativos no Servi\u00e7o Social: um debate necess\u00e1rio. Ponta Grossa: Ed Est\u00fadio Texto, 2016\" data-item-link=\"https:\/\/www.uepg.br\/proex\/Documents\/Ebooks\/INSTRUMENTAIS%20TECNICO-OPERATIVOS%20NO%20SERVICO%20SOCIAL.pdf\" class=\"upvote-btn upvote-on\">\n\t\t\t\t\t\t\t\t\t<i class=\"fa fa-thumbs-up\"><\/i>\n\t\t\t\t\t\t\t\t<\/span>\n\t\t\t\t\t\t\t\t<span class=\"upvote-count\">\n\t\t\t\t\t\t\t\t\t1\t\t\t\t\t\t\t\t<\/span>\n\t\t\t\t\t\t\t<\/div>\n\t\t\t\t\t\t\t<!-- \/upvote section -->\n\n\t\t\t\t\t\t\t\t\t\t\t\t\n\t\t\t\t\t<\/li>\n\t\t\t\t\t\n\t\t\t\t\t<li id=\"item-1981-11\">\n\t\t\t\t\t\t\t\t\t\t\t\t<!-- List Anchor -->\n\t\t\t\t\t\t<a   href=\"http:\/\/www.planalto.gov.br\/ccivil_03\/LEIS\/L8213compilado.htm\"\n\t\t\t\t\t\t\ttarget=\"_blank\">\n\n\t\t\t\t\t\t\t<!-- Image, If Present -->\n\t\t\t\t\t\t\t11 - \t\t\t\t\t\t\t\t\t\t\t\t\t\t\t<span class=\"list-img\">\n\t\t\t\t\t\t\t\t\t<img src=\"https:\/\/www.uninter.com\/biblioteca\/wp-content\/plugins\/simple-link-directory\/\/assets\/images\/list-image-placeholder.png\" alt=\"\">\n\t\t\t\t\t\t\t\t<\/span>\n\t\t\t\t\t\t\t\n\t\t\t\t\t\t\t<!-- Link Text -->\n\t\t\t\t\t\t\tBRASIL. Lei N\u00ba 8.213, de 24 de julho de 1991. Planos de Benef\u00edcios da Previd\u00eancia Social\t\t\t\t\t\t\t\n\t\t\t\t\t\t\t\t\t\t\t\t\t\t<span style=\"font-size:12px;\"><br>\n\t                                \t\t\t\t\t\t\t<\/span>\t\n\t                        \n\t\t\t\t\t\t<\/a>\n\t\t\t\t\t\t\n\t\t\t\t\t\t\t<!-- upvote section -->\n\t\t\t\t\t\t\t<div class=\"upvote-section\">\n\t\t\t\t\t\t\t\t<span data-post-id=\"1981\" data-item-title=\"BRASIL. Lei N\u00ba 8.213, de 24 de julho de 1991. Planos de Benef\u00edcios da Previd\u00eancia Social\" data-item-link=\"http:\/\/www.planalto.gov.br\/ccivil_03\/LEIS\/L8213compilado.htm\" class=\"upvote-btn upvote-on\">\n\t\t\t\t\t\t\t\t\t<i class=\"fa fa-thumbs-up\"><\/i>\n\t\t\t\t\t\t\t\t<\/span>\n\t\t\t\t\t\t\t\t<span class=\"upvote-count\">\n\t\t\t\t\t\t\t\t\t1\t\t\t\t\t\t\t\t<\/span>\n\t\t\t\t\t\t\t<\/div>\n\t\t\t\t\t\t\t<!-- \/upvote section -->\n\n\t\t\t\t\t\t\t\t\t\t\t\t\n\t\t\t\t\t<\/li>\n\t\t\t\t\t\n\t\t\t\t\t<li id=\"item-1981-12\">\n\t\t\t\t\t\t\t\t\t\t\t\t<!-- List Anchor -->\n\t\t\t\t\t\t<a   href=\"http:\/\/www.planalto.gov.br\/ccivil_03\/leis\/L8080.htm\"\n\t\t\t\t\t\t\ttarget=\"_blank\">\n\n\t\t\t\t\t\t\t<!-- Image, If Present -->\n\t\t\t\t\t\t\t12 - \t\t\t\t\t\t\t\t\t\t\t\t\t\t\t<span class=\"list-img\">\n\t\t\t\t\t\t\t\t\t<img src=\"https:\/\/www.uninter.com\/biblioteca\/wp-content\/plugins\/simple-link-directory\/\/assets\/images\/list-image-placeholder.png\" alt=\"\">\n\t\t\t\t\t\t\t\t<\/span>\n\t\t\t\t\t\t\t\n\t\t\t\t\t\t\t<!-- Link Text -->\n\t\t\t\t\t\t\tBRASIL. CASA CIVIL. Lei n\u00ba 8.080 de 19 de setembro de 1990. Lei Org\u00e2nica da Sa\u00fade (LOS). Bras\u00edlia: Casa Civil, 1993\t\t\t\t\t\t\t\n\t\t\t\t\t\t\t\t\t\t\t\t\t\t<span style=\"font-size:12px;\"><br>\n\t                                \t\t\t\t\t\t\t<\/span>\t\n\t                        \n\t\t\t\t\t\t<\/a>\n\t\t\t\t\t\t\n\t\t\t\t\t\t\t<!-- upvote section -->\n\t\t\t\t\t\t\t<div class=\"upvote-section\">\n\t\t\t\t\t\t\t\t<span data-post-id=\"1981\" data-item-title=\"BRASIL. CASA CIVIL. Lei n\u00ba 8.080 de 19 de setembro de 1990. Lei Org\u00e2nica da Sa\u00fade (LOS). Bras\u00edlia: Casa Civil, 1993\" data-item-link=\"http:\/\/www.planalto.gov.br\/ccivil_03\/leis\/L8080.htm\" class=\"upvote-btn upvote-on\">\n\t\t\t\t\t\t\t\t\t<i class=\"fa fa-thumbs-up\"><\/i>\n\t\t\t\t\t\t\t\t<\/span>\n\t\t\t\t\t\t\t\t<span class=\"upvote-count\">\n\t\t\t\t\t\t\t\t\t1\t\t\t\t\t\t\t\t<\/span>\n\t\t\t\t\t\t\t<\/div>\n\t\t\t\t\t\t\t<!-- \/upvote section -->\n\n\t\t\t\t\t\t\t\t\t\t\t\t\n\t\t\t\t\t<\/li>\n\t\t\t\t\t\n\t\t\t\t\t<li id=\"item-1981-13\">\n\t\t\t\t\t\t\t\t\t\t\t\t<!-- List Anchor -->\n\t\t\t\t\t\t<a   href=\"http:\/\/www.planalto.gov.br\/ccivil_03\/LEIS\/L8742.htm\"\n\t\t\t\t\t\t\ttarget=\"_blank\">\n\n\t\t\t\t\t\t\t<!-- Image, If Present -->\n\t\t\t\t\t\t\t13 - \t\t\t\t\t\t\t\t\t\t\t\t\t\t\t<span class=\"list-img\">\n\t\t\t\t\t\t\t\t\t<img src=\"https:\/\/www.uninter.com\/biblioteca\/wp-content\/plugins\/simple-link-directory\/\/assets\/images\/list-image-placeholder.png\" alt=\"\">\n\t\t\t\t\t\t\t\t<\/span>\n\t\t\t\t\t\t\t\n\t\t\t\t\t\t\t<!-- Link Text -->\n\t\t\t\t\t\t\tBRASIL. CASA CIVIL. Lei n\u00ba 8.742, de 7 de dezembro de 1993. Lei Org\u00e2nica da Assist\u00eancia Social (LOAS). Bras\u00edlia: Casa Civil, 1993\t\t\t\t\t\t\t\n\t\t\t\t\t\t\t\t\t\t\t\t\t\t<span style=\"font-size:12px;\"><br>\n\t                                \t\t\t\t\t\t\t<\/span>\t\n\t                        \n\t\t\t\t\t\t<\/a>\n\t\t\t\t\t\t\n\t\t\t\t\t\t\t<!-- upvote section -->\n\t\t\t\t\t\t\t<div class=\"upvote-section\">\n\t\t\t\t\t\t\t\t<span data-post-id=\"1981\" data-item-title=\"BRASIL. CASA CIVIL. Lei n\u00ba 8.742, de 7 de dezembro de 1993. Lei Org\u00e2nica da Assist\u00eancia Social (LOAS). Bras\u00edlia: Casa Civil, 1993\" data-item-link=\"http:\/\/www.planalto.gov.br\/ccivil_03\/LEIS\/L8742.htm\" class=\"upvote-btn upvote-on\">\n\t\t\t\t\t\t\t\t\t<i class=\"fa fa-thumbs-up\"><\/i>\n\t\t\t\t\t\t\t\t<\/span>\n\t\t\t\t\t\t\t\t<span class=\"upvote-count\">\n\t\t\t\t\t\t\t\t\t1\t\t\t\t\t\t\t\t<\/span>\n\t\t\t\t\t\t\t<\/div>\n\t\t\t\t\t\t\t<!-- \/upvote section -->\n\n\t\t\t\t\t\t\t\t\t\t\t\t\n\t\t\t\t\t<\/li>\n\t\t\t\t\t\n\t\t\t\t\t<li id=\"item-1981-14\">\n\t\t\t\t\t\t\t\t\t\t\t\t<!-- List Anchor -->\n\t\t\t\t\t\t<a   href=\"http:\/\/www.mds.gov.br\/webarquivos\/publicacao\/assistencia_social\/Livros\/direito_a_assistencia_social2016.pdf\"\n\t\t\t\t\t\t\ttarget=\"_blank\">\n\n\t\t\t\t\t\t\t<!-- Image, If Present -->\n\t\t\t\t\t\t\t14 - \t\t\t\t\t\t\t\t\t\t\t\t\t\t\t<span class=\"list-img\">\n\t\t\t\t\t\t\t\t\t<img src=\"https:\/\/www.uninter.com\/biblioteca\/wp-content\/plugins\/simple-link-directory\/\/assets\/images\/list-image-placeholder.png\" alt=\"\">\n\t\t\t\t\t\t\t\t<\/span>\n\t\t\t\t\t\t\t\n\t\t\t\t\t\t\t<!-- Link Text -->\n\t\t\t\t\t\t\tALBUQUERQUE, Simone Aparecida. OLIVINDO, Karoline Aires Ferreira. ALVES, Sandra Mara Campos. (Org.). Direito e assist\u00eancia social. Bras\u00edlia, DF: Fiocruz Bras\u00edlia: Minist\u00e9rio do Desenvolvimento Social e Combate \u00e0 Fome, 2014\t\t\t\t\t\t\t\n\t\t\t\t\t\t\t\t\t\t\t\t\t\t<span style=\"font-size:12px;\"><br>\n\t                                \t\t\t\t\t\t\t<\/span>\t\n\t                        \n\t\t\t\t\t\t<\/a>\n\t\t\t\t\t\t\n\t\t\t\t\t\t\t<!-- upvote section -->\n\t\t\t\t\t\t\t<div class=\"upvote-section\">\n\t\t\t\t\t\t\t\t<span data-post-id=\"1981\" data-item-title=\"ALBUQUERQUE, Simone Aparecida. OLIVINDO, Karoline Aires Ferreira. ALVES, Sandra Mara Campos. (Org.). Direito e assist\u00eancia social. Bras\u00edlia, DF: Fiocruz Bras\u00edlia: Minist\u00e9rio do Desenvolvimento Social e Combate \u00e0 Fome, 2014\" data-item-link=\"http:\/\/www.mds.gov.br\/webarquivos\/publicacao\/assistencia_social\/Livros\/direito_a_assistencia_social2016.pdf\" class=\"upvote-btn upvote-on\">\n\t\t\t\t\t\t\t\t\t<i class=\"fa fa-thumbs-up\"><\/i>\n\t\t\t\t\t\t\t\t<\/span>\n\t\t\t\t\t\t\t\t<span class=\"upvote-count\">\n\t\t\t\t\t\t\t\t\t1\t\t\t\t\t\t\t\t<\/span>\n\t\t\t\t\t\t\t<\/div>\n\t\t\t\t\t\t\t<!-- \/upvote section -->\n\n\t\t\t\t\t\t\t\t\t\t\t\t\n\t\t\t\t\t<\/li>\n\t\t\t\t\t\n\t\t\t\t\t<li id=\"item-1981-15\">\n\t\t\t\t\t\t\t\t\t\t\t\t<!-- List Anchor -->\n\t\t\t\t\t\t<a   href=\"http:\/\/www.planalto.gov.br\/ccivil_03\/constituicao\/constituicaocompilado.htm\"\n\t\t\t\t\t\t\ttarget=\"_blank\">\n\n\t\t\t\t\t\t\t<!-- Image, If Present -->\n\t\t\t\t\t\t\t15 - \t\t\t\t\t\t\t\t\t\t\t\t\t\t\t<span class=\"list-img\">\n\t\t\t\t\t\t\t\t\t<img src=\"https:\/\/www.uninter.com\/biblioteca\/wp-content\/plugins\/simple-link-directory\/\/assets\/images\/list-image-placeholder.png\" alt=\"\">\n\t\t\t\t\t\t\t\t<\/span>\n\t\t\t\t\t\t\t\n\t\t\t\t\t\t\t<!-- Link Text -->\n\t\t\t\t\t\t\tBRASIL. Constitui\u00e7\u00e3o da Rep\u00fablica Federativa do Brasil de 1988\t\t\t\t\t\t\t\n\t\t\t\t\t\t\t\t\t\t\t\t\t\t<span style=\"font-size:12px;\"><br>\n\t                                \t\t\t\t\t\t\t<\/span>\t\n\t                        \n\t\t\t\t\t\t<\/a>\n\t\t\t\t\t\t\n\t\t\t\t\t\t\t<!-- upvote section -->\n\t\t\t\t\t\t\t<div class=\"upvote-section\">\n\t\t\t\t\t\t\t\t<span data-post-id=\"1981\" data-item-title=\"BRASIL. Constitui\u00e7\u00e3o da Rep\u00fablica Federativa do Brasil de 1988\" data-item-link=\"http:\/\/www.planalto.gov.br\/ccivil_03\/constituicao\/constituicaocompilado.htm\" class=\"upvote-btn upvote-on\">\n\t\t\t\t\t\t\t\t\t<i class=\"fa fa-thumbs-up\"><\/i>\n\t\t\t\t\t\t\t\t<\/span>\n\t\t\t\t\t\t\t\t<span class=\"upvote-count\">\n\t\t\t\t\t\t\t\t\t1\t\t\t\t\t\t\t\t<\/span>\n\t\t\t\t\t\t\t<\/div>\n\t\t\t\t\t\t\t<!-- \/upvote section -->\n\n\t\t\t\t\t\t\t\t\t\t\t\t\n\t\t\t\t\t<\/li>\n\t\t\t\t\t\n\t\t\t\t\t<li id=\"item-1981-16\">\n\t\t\t\t\t\t\t\t\t\t\t\t<!-- List Anchor -->\n\t\t\t\t\t\t<a   href=\"http:\/\/www.cfess.org.br\/arquivos\/Parametros_para_a_Atuacao_de_Assistentes_Sociais_na_Saude.pdf\"\n\t\t\t\t\t\t\ttarget=\"_blank\">\n\n\t\t\t\t\t\t\t<!-- Image, If Present -->\n\t\t\t\t\t\t\t16 - \t\t\t\t\t\t\t\t\t\t\t\t\t\t\t<span class=\"list-img\">\n\t\t\t\t\t\t\t\t\t<img src=\"https:\/\/www.uninter.com\/biblioteca\/wp-content\/plugins\/simple-link-directory\/\/assets\/images\/list-image-placeholder.png\" alt=\"\">\n\t\t\t\t\t\t\t\t<\/span>\n\t\t\t\t\t\t\t\n\t\t\t\t\t\t\t<!-- Link Text -->\n\t\t\t\t\t\t\tCFESS. Conselho Nacional de Servi\u00e7o Social. Par\u00e2metros para atua\u00e7\u00e3o de assistentes sociais na pol\u00edtica de sa\u00fade. Bras\u00edlia: CFESS, 2010\t\t\t\t\t\t\t\n\t\t\t\t\t\t\t\t\t\t\t\t\t\t<span style=\"font-size:12px;\"><br>\n\t                                \t\t\t\t\t\t\t<\/span>\t\n\t                        \n\t\t\t\t\t\t<\/a>\n\t\t\t\t\t\t\n\t\t\t\t\t\t\t<!-- upvote section -->\n\t\t\t\t\t\t\t<div class=\"upvote-section\">\n\t\t\t\t\t\t\t\t<span data-post-id=\"1981\" data-item-title=\"CFESS. Conselho Nacional de Servi\u00e7o Social. Par\u00e2metros para atua\u00e7\u00e3o de assistentes sociais na pol\u00edtica de sa\u00fade. Bras\u00edlia: CFESS, 2010\" data-item-link=\"http:\/\/www.cfess.org.br\/arquivos\/Parametros_para_a_Atuacao_de_Assistentes_Sociais_na_Saude.pdf\" class=\"upvote-btn upvote-on\">\n\t\t\t\t\t\t\t\t\t<i class=\"fa fa-thumbs-up\"><\/i>\n\t\t\t\t\t\t\t\t<\/span>\n\t\t\t\t\t\t\t\t<span class=\"upvote-count\">\n\t\t\t\t\t\t\t\t\t1\t\t\t\t\t\t\t\t<\/span>\n\t\t\t\t\t\t\t<\/div>\n\t\t\t\t\t\t\t<!-- \/upvote section -->\n\n\t\t\t\t\t\t\t\t\t\t\t\t\n\t\t\t\t\t<\/li>\n\t\t\t\t\t\n\t\t\t\t\t<li id=\"item-1981-17\">\n\t\t\t\t\t\t\t\t\t\t\t\t<!-- List Anchor -->\n\t\t\t\t\t\t<a   href=\"http:\/\/www.ipardes.gov.br\/ojs\/index.php\/revistaparanaense\/issue\/archive\"\n\t\t\t\t\t\t\ttarget=\"_blank\">\n\n\t\t\t\t\t\t\t<!-- Image, If Present -->\n\t\t\t\t\t\t\t17 - \t\t\t\t\t\t\t\t\t\t\t\t\t\t\n\t\t\t\t\t\t\t\n\t\t\t\t\t\t\t\t<span class=\"list-img\">\n\t\t\t\t\t\t\t\t\t\t\t\t\t\t\t\t\t\t<img src=\"https:\/\/www.uninter.com\/biblioteca\/wp-content\/uploads\/2019\/08\/cover_issue_71_pt_BR-150x150.png\" alt=\"\">\n\t\t\t\t\t\t\t\t<\/span>\n\t\t\t\t\t\t\t\n\t\t\t\t\t\t\t<!-- Link Text -->\n\t\t\t\t\t\t\tRevista Paranaense de Desenvolvimento - RPD\t\t\t\t\t\t\t\n\t\t\t\t\t\t\t\t\t\t\t\t\t\t<span style=\"font-size:12px;\"><br>\n\t                                \t\t\t\t\t\t\t<\/span>\t\n\t                        \n\t\t\t\t\t\t<\/a>\n\t\t\t\t\t\t\n\t\t\t\t\t\t\t<!-- upvote section -->\n\t\t\t\t\t\t\t<div class=\"upvote-section\">\n\t\t\t\t\t\t\t\t<span data-post-id=\"1981\" data-item-title=\"Revista Paranaense de Desenvolvimento - RPD\" data-item-link=\"http:\/\/www.ipardes.gov.br\/ojs\/index.php\/revistaparanaense\/issue\/archive\" class=\"upvote-btn upvote-on\">\n\t\t\t\t\t\t\t\t\t<i class=\"fa fa-thumbs-up\"><\/i>\n\t\t\t\t\t\t\t\t<\/span>\n\t\t\t\t\t\t\t\t<span class=\"upvote-count\">\n\t\t\t\t\t\t\t\t\t1\t\t\t\t\t\t\t\t<\/span>\n\t\t\t\t\t\t\t<\/div>\n\t\t\t\t\t\t\t<!-- \/upvote section -->\n\n\t\t\t\t\t\t\t\t\t\t\t\t\n\t\t\t\t\t<\/li>\n\t\t\t\t\t\t\t\t\t<\/ul>\n\n\t\t\t<\/div>\n\n\t\t<\/div>\n\t\t<!-- \/Individual List Item -->\n\n\t\t\n\t\t<br \/>\n\r\n<!--  Starting Simple Link Directory Plugin Output -->\n<div class=\"qcopd_embed_container\">\r\n\r\n\r\n\r\n\r\n\r\n\r\n\r\n<\/div>\r\n<div class=\"qcopd-list-wrapper\">\n\t<div id=\"opd-list-holder\" class=\"qcopd-list-holder\">\n\t\t\n\t\t<!-- Individual List Item -->\n\t\t<div id=\"list-item-1-2004\" class=\"qc-grid-item qcopd-list-column opd-column-1 simple opd-list-id-2004\">\n\t\t\t<div class=\"qcopd-single-list\">\n\t\t\t\t\t<h2 onclick=\"if(document.getElementById('2004').style.display=='block'){document.getElementById('2004').style.display='none';}else{document.getElementById('2004').style.display='block';};\">\n\t\t\t\t\tServi\u00e7o Social &#8211; Artigos Selecionados\t\t\t\t<\/h2>\n\t\t\t\t<ul  style=display:none; id=2004 >\n\t\t\t\t\t\n\t\t\t\t\t<li id=\"item-2004-1\">\n\t\t\t\t\t\t\t\t\t\t\t\t<!-- List Anchor -->\n\t\t\t\t\t\t<a   href=\"https:\/\/onlinelibrary.wiley.com\/doi\/10.1002\/jcop.22128\"\n\t\t\t\t\t\t\ttarget=\"_blank\">\n\n\t\t\t\t\t\t\t<!-- Image, If Present -->\n\t\t\t\t\t\t\t1 - \t\t\t\t\t\t\t\t\t\t\t\t\t\t\t<span class=\"list-img\">\n\t\t\t\t\t\t\t\t\t<img src=\"https:\/\/www.uninter.com\/biblioteca\/wp-content\/plugins\/simple-link-directory\/\/assets\/images\/list-image-placeholder.png\" alt=\"\">\n\t\t\t\t\t\t\t\t<\/span>\n\t\t\t\t\t\t\t\n\t\t\t\t\t\t\t<!-- Link Text -->\n\t\t\t\t\t\t\tSocial and community program approaches to participants: Exploring best practices\t\t\t\t\t\t\t\n\t\t\t\t\t\t\t\t\t\t\t\t\t\t<span style=\"font-size:12px;\"><br>\n\t                                \t\t\t\t\t\t\t<\/span>\t\n\t                        \n\t\t\t\t\t\t<\/a>\n\t\t\t\t\t\t\n\t\t\t\t\t\t\t<!-- upvote section -->\n\t\t\t\t\t\t\t<div class=\"upvote-section\">\n\t\t\t\t\t\t\t\t<span data-post-id=\"2004\" data-item-title=\"Social and community program approaches to participants: Exploring best practices\" data-item-link=\"https:\/\/onlinelibrary.wiley.com\/doi\/10.1002\/jcop.22128\" class=\"upvote-btn upvote-on\">\n\t\t\t\t\t\t\t\t\t<i class=\"fa fa-thumbs-up\"><\/i>\n\t\t\t\t\t\t\t\t<\/span>\n\t\t\t\t\t\t\t\t<span class=\"upvote-count\">\n\t\t\t\t\t\t\t\t\t1\t\t\t\t\t\t\t\t<\/span>\n\t\t\t\t\t\t\t<\/div>\n\t\t\t\t\t\t\t<!-- \/upvote section -->\n\n\t\t\t\t\t\t\t\t\t\t\t\t\n\t\t\t\t\t<\/li>\n\t\t\t\t\t\t\t\t\t<\/ul>\n\n\t\t\t<\/div>\n\n\t\t<\/div>\n\t\t<!-- \/Individual List Item -->\n\n\t\t\n\t\t<br \/>\n\r\n<!--  Starting Simple Link Directory Plugin Output -->\n<div class=\"qcopd_embed_container\">\r\n\r\n\r\n\r\n\r\n\r\n\r\n\r\n<\/div>\r\n<div class=\"qcopd-list-wrapper\">\n\t<div id=\"opd-list-holder\" class=\"qcopd-list-holder\">\n\t\t\n\t\t<!-- Individual List Item -->\n\t\t<div id=\"list-item-1-2811\" class=\"qc-grid-item qcopd-list-column opd-column-1 simple opd-list-id-2811\">\n\t\t\t<div class=\"qcopd-single-list\">\n\t\t\t\t\t<h2 onclick=\"if(document.getElementById('2811').style.display=='block'){document.getElementById('2811').style.display='none';}else{document.getElementById('2811').style.display='block';};\">\n\t\t\t\t\tEDUCADOR SOCIAL\t\t\t\t<\/h2>\n\t\t\t\t<ul  style=display:none; id=2811 >\n\t\t\t\t\t\n\t\t\t\t\t<li id=\"item-2811-1\">\n\t\t\t\t\t\t\t\t\t\t\t\t<!-- List Anchor -->\n\t\t\t\t\t\t<a   href=\"https:\/\/periodicos.uninove.br\/index.php?journal=eccos&#038;page=article&#038;op=view&#038;path%5B%5D=11617\"\n\t\t\t\t\t\t\ttarget=\"_blank\">\n\n\t\t\t\t\t\t\t<!-- Image, If Present -->\n\t\t\t\t\t\t\t1 - \t\t\t\t\t\t\t\t\t\t\t\t\t\t\n\t\t\t\t\t\t\t\n\t\t\t\t\t\t\t\t<span class=\"list-img\">\n\t\t\t\t\t\t\t\t\t\t\t\t\t\t\t\t\t\t<img src=\"https:\/\/www.uninter.com\/biblioteca\/wp-content\/uploads\/2020\/07\/eccos-revista-uninove-150x150.jpg\" alt=\"\">\n\t\t\t\t\t\t\t\t<\/span>\n\t\t\t\t\t\t\t\n\t\t\t\t\t\t\t<!-- Link Text -->\n\t\t\t\t\t\t\tECCOS - REVISTA CIENT\u00cdFICA\t\t\t\t\t\t\t\n\t\t\t\t\t\t\t\t\t\t\t\t\t\t<span style=\"font-size:12px;\"><br>\n\t                                \t\t\t\t\t\t\t<\/span>\t\n\t                        \n\t\t\t\t\t\t<\/a>\n\t\t\t\t\t\t\n\t\t\t\t\t\t\t<!-- upvote section -->\n\t\t\t\t\t\t\t<div class=\"upvote-section\">\n\t\t\t\t\t\t\t\t<span data-post-id=\"2811\" data-item-title=\"ECCOS - REVISTA CIENT\u00cdFICA\" data-item-link=\"https:\/\/periodicos.uninove.br\/index.php?journal=eccos&#038;page=article&#038;op=view&#038;path%5B%5D=11617\" class=\"upvote-btn upvote-on\">\n\t\t\t\t\t\t\t\t\t<i class=\"fa fa-thumbs-up\"><\/i>\n\t\t\t\t\t\t\t\t<\/span>\n\t\t\t\t\t\t\t\t<span class=\"upvote-count\">\n\t\t\t\t\t\t\t\t\t1\t\t\t\t\t\t\t\t<\/span>\n\t\t\t\t\t\t\t<\/div>\n\t\t\t\t\t\t\t<!-- \/upvote section -->\n\n\t\t\t\t\t\t\t\t\t\t\t\t\n\t\t\t\t\t<\/li>\n\t\t\t\t\t\n\t\t\t\t\t<li id=\"item-2811-2\">\n\t\t\t\t\t\t\t\t\t\t\t\t<!-- List Anchor -->\n\t\t\t\t\t\t<a   href=\"https:\/\/www.scielo.br\/scielo.php?script=sci_arttext&#038;pid=S1517-97022009000300005&#038;lng=pt&#038;tlng=pt\"\n\t\t\t\t\t\t\ttarget=\"_blank\">\n\n\t\t\t\t\t\t\t<!-- Image, If Present -->\n\t\t\t\t\t\t\t2 - \t\t\t\t\t\t\t\t\t\t\t\t\t\t\n\t\t\t\t\t\t\t\n\t\t\t\t\t\t\t\t<span class=\"list-img\">\n\t\t\t\t\t\t\t\t\t\t\t\t\t\t\t\t\t\t<img src=\"https:\/\/www.uninter.com\/biblioteca\/wp-content\/uploads\/2020\/07\/glogo-150x134.gif\" alt=\"\">\n\t\t\t\t\t\t\t\t<\/span>\n\t\t\t\t\t\t\t\n\t\t\t\t\t\t\t<!-- Link Text -->\n\t\t\t\t\t\t\tREVISTA EDUCA\u00c7\u00c3O E PESQUISA\t\t\t\t\t\t\t\n\t\t\t\t\t\t\t\t\t\t\t\t\t\t<span style=\"font-size:12px;\"><br>\n\t                                \t\t\t\t\t\t\t<\/span>\t\n\t                        \n\t\t\t\t\t\t<\/a>\n\t\t\t\t\t\t\n\t\t\t\t\t\t\t<!-- upvote section -->\n\t\t\t\t\t\t\t<div class=\"upvote-section\">\n\t\t\t\t\t\t\t\t<span data-post-id=\"2811\" data-item-title=\"REVISTA EDUCA\u00c7\u00c3O E PESQUISA\" data-item-link=\"https:\/\/www.scielo.br\/scielo.php?script=sci_arttext&#038;pid=S1517-97022009000300005&#038;lng=pt&#038;tlng=pt\" class=\"upvote-btn upvote-on\">\n\t\t\t\t\t\t\t\t\t<i class=\"fa fa-thumbs-up\"><\/i>\n\t\t\t\t\t\t\t\t<\/span>\n\t\t\t\t\t\t\t\t<span class=\"upvote-count\">\n\t\t\t\t\t\t\t\t\t1\t\t\t\t\t\t\t\t<\/span>\n\t\t\t\t\t\t\t<\/div>\n\t\t\t\t\t\t\t<!-- \/upvote section -->\n\n\t\t\t\t\t\t\t\t\t\t\t\t\n\t\t\t\t\t<\/li>\n\t\t\t\t\t\n\t\t\t\t\t<li id=\"item-2811-3\">\n\t\t\t\t\t\t\t\t\t\t\t\t<!-- List Anchor -->\n\t\t\t\t\t\t<a   href=\"https:\/\/www.serie-estudos.ucdb.br\/serie-estudos\/article\/view\/910\"\n\t\t\t\t\t\t\ttarget=\"_blank\">\n\n\t\t\t\t\t\t\t<!-- Image, If Present -->\n\t\t\t\t\t\t\t3 - \t\t\t\t\t\t\t\t\t\t\t\t\t\t\n\t\t\t\t\t\t\t\n\t\t\t\t\t\t\t\t<span class=\"list-img\">\n\t\t\t\t\t\t\t\t\t\t\t\t\t\t\t\t\t\t<img src=\"https:\/\/www.uninter.com\/biblioteca\/wp-content\/uploads\/2020\/07\/cover_issue_64_pt_BR-150x150.jpg\" alt=\"\">\n\t\t\t\t\t\t\t\t<\/span>\n\t\t\t\t\t\t\t\n\t\t\t\t\t\t\t<!-- Link Text -->\n\t\t\t\t\t\t\tS\u00c9RIE-ESTUDOS\t\t\t\t\t\t\t\n\t\t\t\t\t\t\t\t\t\t\t\t\t\t<span style=\"font-size:12px;\"><br>\n\t                                \t\t\t\t\t\t\t<\/span>\t\n\t                        \n\t\t\t\t\t\t<\/a>\n\t\t\t\t\t\t\n\t\t\t\t\t\t\t<!-- upvote section -->\n\t\t\t\t\t\t\t<div class=\"upvote-section\">\n\t\t\t\t\t\t\t\t<span data-post-id=\"2811\" data-item-title=\"S\u00c9RIE-ESTUDOS\" data-item-link=\"https:\/\/www.serie-estudos.ucdb.br\/serie-estudos\/article\/view\/910\" class=\"upvote-btn upvote-on\">\n\t\t\t\t\t\t\t\t\t<i class=\"fa fa-thumbs-up\"><\/i>\n\t\t\t\t\t\t\t\t<\/span>\n\t\t\t\t\t\t\t\t<span class=\"upvote-count\">\n\t\t\t\t\t\t\t\t\t1\t\t\t\t\t\t\t\t<\/span>\n\t\t\t\t\t\t\t<\/div>\n\t\t\t\t\t\t\t<!-- \/upvote section -->\n\n\t\t\t\t\t\t\t\t\t\t\t\t\n\t\t\t\t\t<\/li>\n\t\t\t\t\t\n\t\t\t\t\t<li id=\"item-2811-4\">\n\t\t\t\t\t\t\t\t\t\t\t\t<!-- List Anchor -->\n\t\t\t\t\t\t<a   href=\"https:\/\/periodicos.fclar.unesp.br\/iberoamericana\/article\/view\/6041\/5910#\"\n\t\t\t\t\t\t\ttarget=\"_blank\">\n\n\t\t\t\t\t\t\t<!-- Image, If Present -->\n\t\t\t\t\t\t\t4 - \t\t\t\t\t\t\t\t\t\t\t\t\t\t\n\t\t\t\t\t\t\t\n\t\t\t\t\t\t\t\t<span class=\"list-img\">\n\t\t\t\t\t\t\t\t\t\t\t\t\t\t\t\t\t\t<img src=\"https:\/\/www.uninter.com\/biblioteca\/wp-content\/uploads\/2020\/07\/pageHeaderTitleImage_pt_BR-150x150.png\" alt=\"\">\n\t\t\t\t\t\t\t\t<\/span>\n\t\t\t\t\t\t\t\n\t\t\t\t\t\t\t<!-- Link Text -->\n\t\t\t\t\t\t\tREVISTA IBERO-AMERICANA DE ESTUDOS EM EDUCA\u00c7\u00c3O\t\t\t\t\t\t\t\n\t\t\t\t\t\t\t\t\t\t\t\t\t\t<span style=\"font-size:12px;\"><br>\n\t                                \t\t\t\t\t\t\t<\/span>\t\n\t                        \n\t\t\t\t\t\t<\/a>\n\t\t\t\t\t\t\n\t\t\t\t\t\t\t<!-- upvote section -->\n\t\t\t\t\t\t\t<div class=\"upvote-section\">\n\t\t\t\t\t\t\t\t<span data-post-id=\"2811\" data-item-title=\"REVISTA IBERO-AMERICANA DE ESTUDOS EM EDUCA\u00c7\u00c3O\" data-item-link=\"https:\/\/periodicos.fclar.unesp.br\/iberoamericana\/article\/view\/6041\/5910#\" class=\"upvote-btn upvote-on\">\n\t\t\t\t\t\t\t\t\t<i class=\"fa fa-thumbs-up\"><\/i>\n\t\t\t\t\t\t\t\t<\/span>\n\t\t\t\t\t\t\t\t<span class=\"upvote-count\">\n\t\t\t\t\t\t\t\t\t1\t\t\t\t\t\t\t\t<\/span>\n\t\t\t\t\t\t\t<\/div>\n\t\t\t\t\t\t\t<!-- \/upvote section -->\n\n\t\t\t\t\t\t\t\t\t\t\t\t\n\t\t\t\t\t<\/li>\n\t\t\t\t\t\n\t\t\t\t\t<li id=\"item-2811-5\">\n\t\t\t\t\t\t\t\t\t\t\t\t<!-- List Anchor -->\n\t\t\t\t\t\t<a   href=\"http:\/\/pepsic.bvsalud.org\/scielo.php?script=sci_arttext&#038;pid=S1518-61482012000100010\"\n\t\t\t\t\t\t\ttarget=\"_blank\">\n\n\t\t\t\t\t\t\t<!-- Image, If Present -->\n\t\t\t\t\t\t\t5 - \t\t\t\t\t\t\t\t\t\t\t\t\t\t\n\t\t\t\t\t\t\t\n\t\t\t\t\t\t\t\t<span class=\"list-img\">\n\t\t\t\t\t\t\t\t\t\t\t\t\t\t\t\t\t\t<img src=\"https:\/\/www.uninter.com\/biblioteca\/wp-content\/uploads\/2020\/07\/glogo-1-150x150.gif\" alt=\"\">\n\t\t\t\t\t\t\t\t<\/span>\n\t\t\t\t\t\t\t\n\t\t\t\t\t\t\t<!-- Link Text -->\n\t\t\t\t\t\t\tREVISTA MAL ESTAR E SUBJETIVIDADE\t\t\t\t\t\t\t\n\t\t\t\t\t\t\t\t\t\t\t\t\t\t<span style=\"font-size:12px;\"><br>\n\t                                \t\t\t\t\t\t\t<\/span>\t\n\t                        \n\t\t\t\t\t\t<\/a>\n\t\t\t\t\t\t\n\t\t\t\t\t\t\t<!-- upvote section -->\n\t\t\t\t\t\t\t<div class=\"upvote-section\">\n\t\t\t\t\t\t\t\t<span data-post-id=\"2811\" data-item-title=\"REVISTA MAL ESTAR E SUBJETIVIDADE\" data-item-link=\"http:\/\/pepsic.bvsalud.org\/scielo.php?script=sci_arttext&#038;pid=S1518-61482012000100010\" class=\"upvote-btn upvote-on\">\n\t\t\t\t\t\t\t\t\t<i class=\"fa fa-thumbs-up\"><\/i>\n\t\t\t\t\t\t\t\t<\/span>\n\t\t\t\t\t\t\t\t<span class=\"upvote-count\">\n\t\t\t\t\t\t\t\t\t1\t\t\t\t\t\t\t\t<\/span>\n\t\t\t\t\t\t\t<\/div>\n\t\t\t\t\t\t\t<!-- \/upvote section -->\n\n\t\t\t\t\t\t\t\t\t\t\t\t\n\t\t\t\t\t<\/li>\n\t\t\t\t\t\n\t\t\t\t\t<li id=\"item-2811-6\">\n\t\t\t\t\t\t\t\t\t\t\t\t<!-- List Anchor -->\n\t\t\t\t\t\t<a   href=\"https:\/\/www.seer.ufal.br\/index.php\/debateseducacao\/article\/view\/5466\"\n\t\t\t\t\t\t\ttarget=\"_blank\">\n\n\t\t\t\t\t\t\t<!-- Image, If Present -->\n\t\t\t\t\t\t\t6 - \t\t\t\t\t\t\t\t\t\t\t\t\t\t\n\t\t\t\t\t\t\t\n\t\t\t\t\t\t\t\t<span class=\"list-img\">\n\t\t\t\t\t\t\t\t\t\t\t\t\t\t\t\t\t\t<img src=\"https:\/\/www.uninter.com\/biblioteca\/wp-content\/uploads\/2020\/07\/download-150x137.png\" alt=\"\">\n\t\t\t\t\t\t\t\t<\/span>\n\t\t\t\t\t\t\t\n\t\t\t\t\t\t\t<!-- Link Text -->\n\t\t\t\t\t\t\tREVISTA DEBATES EM EDUCA\u00c7\u00c3O\t\t\t\t\t\t\t\n\t\t\t\t\t\t\t\t\t\t\t\t\t\t<span style=\"font-size:12px;\"><br>\n\t                                \t\t\t\t\t\t\t<\/span>\t\n\t                        \n\t\t\t\t\t\t<\/a>\n\t\t\t\t\t\t\n\t\t\t\t\t\t\t<!-- upvote section -->\n\t\t\t\t\t\t\t<div class=\"upvote-section\">\n\t\t\t\t\t\t\t\t<span data-post-id=\"2811\" data-item-title=\"REVISTA DEBATES EM EDUCA\u00c7\u00c3O\" data-item-link=\"https:\/\/www.seer.ufal.br\/index.php\/debateseducacao\/article\/view\/5466\" class=\"upvote-btn upvote-on\">\n\t\t\t\t\t\t\t\t\t<i class=\"fa fa-thumbs-up\"><\/i>\n\t\t\t\t\t\t\t\t<\/span>\n\t\t\t\t\t\t\t\t<span class=\"upvote-count\">\n\t\t\t\t\t\t\t\t\t1\t\t\t\t\t\t\t\t<\/span>\n\t\t\t\t\t\t\t<\/div>\n\t\t\t\t\t\t\t<!-- \/upvote section -->\n\n\t\t\t\t\t\t\t\t\t\t\t\t\n\t\t\t\t\t<\/li>\n\t\t\t\t\t\n\t\t\t\t\t<li id=\"item-2811-7\">\n\t\t\t\t\t\t\t\t\t\t\t\t<!-- List Anchor -->\n\t\t\t\t\t\t<a   href=\"https:\/\/www.scielo.br\/scielo.php?script=sci_issues&#038;pid=0101-3262&#038;lng=en&#038;nrm=isso\"\n\t\t\t\t\t\t\ttarget=\"_blank\">\n\n\t\t\t\t\t\t\t<!-- Image, If Present -->\n\t\t\t\t\t\t\t7 - \t\t\t\t\t\t\t\t\t\t\t\t\t\t\n\t\t\t\t\t\t\t\n\t\t\t\t\t\t\t\t<span class=\"list-img\">\n\t\t\t\t\t\t\t\t\t\t\t\t\t\t\t\t\t\t<img src=\"https:\/\/www.uninter.com\/biblioteca\/wp-content\/uploads\/2020\/07\/images-150x150.png\" alt=\"\">\n\t\t\t\t\t\t\t\t<\/span>\n\t\t\t\t\t\t\t\n\t\t\t\t\t\t\t<!-- Link Text -->\n\t\t\t\t\t\t\tCADERNOS CEDES\t\t\t\t\t\t\t\n\t\t\t\t\t\t\t\t\t\t\t\t\t\t<span style=\"font-size:12px;\"><br>\n\t                                \t\t\t\t\t\t\t<\/span>\t\n\t                        \n\t\t\t\t\t\t<\/a>\n\t\t\t\t\t\t\n\t\t\t\t\t\t\t<!-- upvote section -->\n\t\t\t\t\t\t\t<div class=\"upvote-section\">\n\t\t\t\t\t\t\t\t<span data-post-id=\"2811\" data-item-title=\"CADERNOS CEDES\" data-item-link=\"https:\/\/www.scielo.br\/scielo.php?script=sci_issues&#038;pid=0101-3262&#038;lng=en&#038;nrm=isso\" class=\"upvote-btn upvote-on\">\n\t\t\t\t\t\t\t\t\t<i class=\"fa fa-thumbs-up\"><\/i>\n\t\t\t\t\t\t\t\t<\/span>\n\t\t\t\t\t\t\t\t<span class=\"upvote-count\">\n\t\t\t\t\t\t\t\t\t1\t\t\t\t\t\t\t\t<\/span>\n\t\t\t\t\t\t\t<\/div>\n\t\t\t\t\t\t\t<!-- \/upvote section -->\n\n\t\t\t\t\t\t\t\t\t\t\t\t\n\t\t\t\t\t<\/li>\n\t\t\t\t\t\n\t\t\t\t\t<li id=\"item-2811-8\">\n\t\t\t\t\t\t\t\t\t\t\t\t<!-- List Anchor -->\n\t\t\t\t\t\t<a   href=\"https:\/\/www.scielo.br\/scielo.php?script=sci_issues&#038;pid=0101-7330&#038;lng=pt&#038;nrm=isso\"\n\t\t\t\t\t\t\ttarget=\"_blank\">\n\n\t\t\t\t\t\t\t<!-- Image, If Present -->\n\t\t\t\t\t\t\t8 - \t\t\t\t\t\t\t\t\t\t\t\t\t\t\n\t\t\t\t\t\t\t\n\t\t\t\t\t\t\t\t<span class=\"list-img\">\n\t\t\t\t\t\t\t\t\t\t\t\t\t\t\t\t\t\t<img src=\"https:\/\/www.uninter.com\/biblioteca\/wp-content\/uploads\/2020\/07\/glogo-2-150x95.gif\" alt=\"\">\n\t\t\t\t\t\t\t\t<\/span>\n\t\t\t\t\t\t\t\n\t\t\t\t\t\t\t<!-- Link Text -->\n\t\t\t\t\t\t\tREVISTA EDUCA\u00c7\u00c3O &amp; SOCIEDADE\t\t\t\t\t\t\t\n\t\t\t\t\t\t\t\t\t\t\t\t\t\t<span style=\"font-size:12px;\"><br>\n\t                                \t\t\t\t\t\t\t<\/span>\t\n\t                        \n\t\t\t\t\t\t<\/a>\n\t\t\t\t\t\t\n\t\t\t\t\t\t\t<!-- upvote section -->\n\t\t\t\t\t\t\t<div class=\"upvote-section\">\n\t\t\t\t\t\t\t\t<span data-post-id=\"2811\" data-item-title=\"REVISTA EDUCA\u00c7\u00c3O &amp; SOCIEDADE\" data-item-link=\"https:\/\/www.scielo.br\/scielo.php?script=sci_issues&#038;pid=0101-7330&#038;lng=pt&#038;nrm=isso\" class=\"upvote-btn upvote-on\">\n\t\t\t\t\t\t\t\t\t<i class=\"fa fa-thumbs-up\"><\/i>\n\t\t\t\t\t\t\t\t<\/span>\n\t\t\t\t\t\t\t\t<span class=\"upvote-count\">\n\t\t\t\t\t\t\t\t\t\t\t\t\t\t\t\t\t<\/span>\n\t\t\t\t\t\t\t<\/div>\n\t\t\t\t\t\t\t<!-- \/upvote section -->\n\n\t\t\t\t\t\t\t\t\t\t\t\t\n\t\t\t\t\t<\/li>\n\t\t\t\t\t\n\t\t\t\t\t<li id=\"item-2811-9\">\n\t\t\t\t\t\t\t\t\t\t\t\t<!-- List Anchor -->\n\t\t\t\t\t\t<a   href=\"https:\/\/portalrevistas.ucb.br\/index.php\/RDL\/index\"\n\t\t\t\t\t\t\ttarget=\"_blank\">\n\n\t\t\t\t\t\t\t<!-- Image, If Present -->\n\t\t\t\t\t\t\t9 - \t\t\t\t\t\t\t\t\t\t\t\t\t\t\n\t\t\t\t\t\t\t\n\t\t\t\t\t\t\t\t<span class=\"list-img\">\n\t\t\t\t\t\t\t\t\t\t\t\t\t\t\t\t\t\t<img src=\"https:\/\/www.uninter.com\/biblioteca\/wp-content\/uploads\/2020\/07\/homepageImage_pt_BR-150x150.jpg\" alt=\"\">\n\t\t\t\t\t\t\t\t<\/span>\n\t\t\t\t\t\t\t\n\t\t\t\t\t\t\t<!-- Link Text -->\n\t\t\t\t\t\t\tREVISTA DIALOGOS\t\t\t\t\t\t\t\n\t\t\t\t\t\t\t\t\t\t\t\t\t\t<span style=\"font-size:12px;\"><br>\n\t                                \t\t\t\t\t\t\t<\/span>\t\n\t                        \n\t\t\t\t\t\t<\/a>\n\t\t\t\t\t\t\n\t\t\t\t\t\t\t<!-- upvote section -->\n\t\t\t\t\t\t\t<div class=\"upvote-section\">\n\t\t\t\t\t\t\t\t<span data-post-id=\"2811\" data-item-title=\"REVISTA DIALOGOS\" data-item-link=\"https:\/\/portalrevistas.ucb.br\/index.php\/RDL\/index\" class=\"upvote-btn upvote-on\">\n\t\t\t\t\t\t\t\t\t<i class=\"fa fa-thumbs-up\"><\/i>\n\t\t\t\t\t\t\t\t<\/span>\n\t\t\t\t\t\t\t\t<span class=\"upvote-count\">\n\t\t\t\t\t\t\t\t\t\t\t\t\t\t\t\t\t<\/span>\n\t\t\t\t\t\t\t<\/div>\n\t\t\t\t\t\t\t<!-- \/upvote section -->\n\n\t\t\t\t\t\t\t\t\t\t\t\t\n\t\t\t\t\t<\/li>\n\t\t\t\t\t\n\t\t\t\t\t<li id=\"item-2811-10\">\n\t\t\t\t\t\t\t\t\t\t\t\t<!-- List Anchor -->\n\t\t\t\t\t\t<a   href=\"http:\/\/ead.soufabra.com.br\/revista\/index.php\/cedfabra\"\n\t\t\t\t\t\t\ttarget=\"_blank\">\n\n\t\t\t\t\t\t\t<!-- Image, If Present -->\n\t\t\t\t\t\t\t10 - \t\t\t\t\t\t\t\t\t\t\t\t\t\t\n\t\t\t\t\t\t\t\n\t\t\t\t\t\t\t\t<span class=\"list-img\">\n\t\t\t\t\t\t\t\t\t\t\t\t\t\t\t\t\t\t<img src=\"https:\/\/www.uninter.com\/biblioteca\/wp-content\/uploads\/2020\/07\/homepageImage_pt_BR-1-150x150.jpg\" alt=\"\">\n\t\t\t\t\t\t\t\t<\/span>\n\t\t\t\t\t\t\t\n\t\t\t\t\t\t\t<!-- Link Text -->\n\t\t\t\t\t\t\tREVISTA CONHECIMENTO EM DESTAQUE\t\t\t\t\t\t\t\n\t\t\t\t\t\t\t\t\t\t\t\t\t\t<span style=\"font-size:12px;\"><br>\n\t                                \t\t\t\t\t\t\t<\/span>\t\n\t                        \n\t\t\t\t\t\t<\/a>\n\t\t\t\t\t\t\n\t\t\t\t\t\t\t<!-- upvote section -->\n\t\t\t\t\t\t\t<div class=\"upvote-section\">\n\t\t\t\t\t\t\t\t<span data-post-id=\"2811\" data-item-title=\"REVISTA CONHECIMENTO EM DESTAQUE\" data-item-link=\"http:\/\/ead.soufabra.com.br\/revista\/index.php\/cedfabra\" class=\"upvote-btn upvote-on\">\n\t\t\t\t\t\t\t\t\t<i class=\"fa fa-thumbs-up\"><\/i>\n\t\t\t\t\t\t\t\t<\/span>\n\t\t\t\t\t\t\t\t<span class=\"upvote-count\">\n\t\t\t\t\t\t\t\t\t\t\t\t\t\t\t\t\t<\/span>\n\t\t\t\t\t\t\t<\/div>\n\t\t\t\t\t\t\t<!-- \/upvote section -->\n\n\t\t\t\t\t\t\t\t\t\t\t\t\n\t\t\t\t\t<\/li>\n\t\t\t\t\t\n\t\t\t\t\t<li id=\"item-2811-11\">\n\t\t\t\t\t\t\t\t\t\t\t\t<!-- List Anchor -->\n\t\t\t\t\t\t<a   href=\"https:\/\/www.scielo.br\/scielo.php?script=sci_issues&#038;pid=0100-1574&#038;lng=pt&#038;nrm=isso\"\n\t\t\t\t\t\t\ttarget=\"_blank\">\n\n\t\t\t\t\t\t\t<!-- Image, If Present -->\n\t\t\t\t\t\t\t11 - \t\t\t\t\t\t\t\t\t\t\t\t\t\t\n\t\t\t\t\t\t\t\n\t\t\t\t\t\t\t\t<span class=\"list-img\">\n\t\t\t\t\t\t\t\t\t\t\t\t\t\t\t\t\t\t<img src=\"https:\/\/www.uninter.com\/biblioteca\/wp-content\/uploads\/2020\/07\/download-150x145.jpg\" alt=\"\">\n\t\t\t\t\t\t\t\t<\/span>\n\t\t\t\t\t\t\t\n\t\t\t\t\t\t\t<!-- Link Text -->\n\t\t\t\t\t\t\tCADERNOS D PESQUISA\t\t\t\t\t\t\t\n\t\t\t\t\t\t\t\t\t\t\t\t\t\t<span style=\"font-size:12px;\"><br>\n\t                                \t\t\t\t\t\t\t<\/span>\t\n\t                        \n\t\t\t\t\t\t<\/a>\n\t\t\t\t\t\t\n\t\t\t\t\t\t\t<!-- upvote section -->\n\t\t\t\t\t\t\t<div class=\"upvote-section\">\n\t\t\t\t\t\t\t\t<span data-post-id=\"2811\" data-item-title=\"CADERNOS D PESQUISA\" data-item-link=\"https:\/\/www.scielo.br\/scielo.php?script=sci_issues&#038;pid=0100-1574&#038;lng=pt&#038;nrm=isso\" class=\"upvote-btn upvote-on\">\n\t\t\t\t\t\t\t\t\t<i class=\"fa fa-thumbs-up\"><\/i>\n\t\t\t\t\t\t\t\t<\/span>\n\t\t\t\t\t\t\t\t<span class=\"upvote-count\">\n\t\t\t\t\t\t\t\t\t\t\t\t\t\t\t\t\t<\/span>\n\t\t\t\t\t\t\t<\/div>\n\t\t\t\t\t\t\t<!-- \/upvote section -->\n\n\t\t\t\t\t\t\t\t\t\t\t\t\n\t\t\t\t\t<\/li>\n\t\t\t\t\t\n\t\t\t\t\t<li id=\"item-2811-12\">\n\t\t\t\t\t\t\t\t\t\t\t\t<!-- List Anchor -->\n\t\t\t\t\t\t<a   href=\"http:\/\/pepsic.bvsalud.org\/scielo.php?script=sci_serial&#038;pid=0104-1282\"\n\t\t\t\t\t\t\ttarget=\"_blank\">\n\n\t\t\t\t\t\t\t<!-- Image, If Present -->\n\t\t\t\t\t\t\t12 - \t\t\t\t\t\t\t\t\t\t\t\t\t\t\n\t\t\t\t\t\t\t\n\t\t\t\t\t\t\t\t<span class=\"list-img\">\n\t\t\t\t\t\t\t\t\t\t\t\t\t\t\t\t\t\t<img src=\"https:\/\/www.uninter.com\/biblioteca\/wp-content\/uploads\/2020\/07\/glogo-3-150x150.gif\" alt=\"\">\n\t\t\t\t\t\t\t\t<\/span>\n\t\t\t\t\t\t\t\n\t\t\t\t\t\t\t<!-- Link Text -->\n\t\t\t\t\t\t\tJOURNAL OF HUMAN GROWTH AND DEVELOPMENT\t\t\t\t\t\t\t\n\t\t\t\t\t\t\t\t\t\t\t\t\t\t<span style=\"font-size:12px;\"><br>\n\t                                \t\t\t\t\t\t\t<\/span>\t\n\t                        \n\t\t\t\t\t\t<\/a>\n\t\t\t\t\t\t\n\t\t\t\t\t\t\t<!-- upvote section -->\n\t\t\t\t\t\t\t<div class=\"upvote-section\">\n\t\t\t\t\t\t\t\t<span data-post-id=\"2811\" data-item-title=\"JOURNAL OF HUMAN GROWTH AND DEVELOPMENT\" data-item-link=\"http:\/\/pepsic.bvsalud.org\/scielo.php?script=sci_serial&#038;pid=0104-1282\" class=\"upvote-btn upvote-on\">\n\t\t\t\t\t\t\t\t\t<i class=\"fa fa-thumbs-up\"><\/i>\n\t\t\t\t\t\t\t\t<\/span>\n\t\t\t\t\t\t\t\t<span class=\"upvote-count\">\n\t\t\t\t\t\t\t\t\t\t\t\t\t\t\t\t\t<\/span>\n\t\t\t\t\t\t\t<\/div>\n\t\t\t\t\t\t\t<!-- \/upvote section -->\n\n\t\t\t\t\t\t\t\t\t\t\t\t\n\t\t\t\t\t<\/li>\n\t\t\t\t\t\n\t\t\t\t\t<li id=\"item-2811-13\">\n\t\t\t\t\t\t\t\t\t\t\t\t<!-- List Anchor -->\n\t\t\t\t\t\t<a   href=\"http:\/\/www.revista.unisal.br\/ojs\/index.php\/educacao\"\n\t\t\t\t\t\t\ttarget=\"_blank\">\n\n\t\t\t\t\t\t\t<!-- Image, If Present -->\n\t\t\t\t\t\t\t13 - \t\t\t\t\t\t\t\t\t\t\t\t\t\t\n\t\t\t\t\t\t\t\n\t\t\t\t\t\t\t\t<span class=\"list-img\">\n\t\t\t\t\t\t\t\t\t\t\t\t\t\t\t\t\t\t<img src=\"https:\/\/www.uninter.com\/biblioteca\/wp-content\/uploads\/2020\/07\/cover_issue_36_pt_BR-150x150.jpg\" alt=\"\">\n\t\t\t\t\t\t\t\t<\/span>\n\t\t\t\t\t\t\t\n\t\t\t\t\t\t\t<!-- Link Text -->\n\t\t\t\t\t\t\tREVISTA CI\u00caNCIAS DA EDUCA\u00c7\u00c3O\t\t\t\t\t\t\t\n\t\t\t\t\t\t\t\t\t\t\t\t\t\t<span style=\"font-size:12px;\"><br>\n\t                                \t\t\t\t\t\t\t<\/span>\t\n\t                        \n\t\t\t\t\t\t<\/a>\n\t\t\t\t\t\t\n\t\t\t\t\t\t\t<!-- upvote section -->\n\t\t\t\t\t\t\t<div class=\"upvote-section\">\n\t\t\t\t\t\t\t\t<span data-post-id=\"2811\" data-item-title=\"REVISTA CI\u00caNCIAS DA EDUCA\u00c7\u00c3O\" data-item-link=\"http:\/\/www.revista.unisal.br\/ojs\/index.php\/educacao\" class=\"upvote-btn upvote-on\">\n\t\t\t\t\t\t\t\t\t<i class=\"fa fa-thumbs-up\"><\/i>\n\t\t\t\t\t\t\t\t<\/span>\n\t\t\t\t\t\t\t\t<span class=\"upvote-count\">\n\t\t\t\t\t\t\t\t\t\t\t\t\t\t\t\t\t<\/span>\n\t\t\t\t\t\t\t<\/div>\n\t\t\t\t\t\t\t<!-- \/upvote section -->\n\n\t\t\t\t\t\t\t\t\t\t\t\t\n\t\t\t\t\t<\/li>\n\t\t\t\t\t\n\t\t\t\t\t<li id=\"item-2811-14\">\n\t\t\t\t\t\t\t\t\t\t\t\t<!-- List Anchor -->\n\t\t\t\t\t\t<a   href=\"https:\/\/seer.utp.br\/index.php\/a\/article\/view\/506\"\n\t\t\t\t\t\t\ttarget=\"_blank\">\n\n\t\t\t\t\t\t\t<!-- Image, If Present -->\n\t\t\t\t\t\t\t14 - \t\t\t\t\t\t\t\t\t\t\t\t\t\t\n\t\t\t\t\t\t\t\n\t\t\t\t\t\t\t\t<span class=\"list-img\">\n\t\t\t\t\t\t\t\t\t\t\t\t\t\t\t\t\t\t<img src=\"https:\/\/www.uninter.com\/biblioteca\/wp-content\/uploads\/2020\/07\/download-1-150x150.jpg\" alt=\"\">\n\t\t\t\t\t\t\t\t<\/span>\n\t\t\t\t\t\t\t\n\t\t\t\t\t\t\t<!-- Link Text -->\n\t\t\t\t\t\t\tCADERNOS DE PESQUISA - PENSAMENTO EDUCACIONAL\t\t\t\t\t\t\t\n\t\t\t\t\t\t\t\t\t\t\t\t\t\t<span style=\"font-size:12px;\"><br>\n\t                                \t\t\t\t\t\t\t<\/span>\t\n\t                        \n\t\t\t\t\t\t<\/a>\n\t\t\t\t\t\t\n\t\t\t\t\t\t\t<!-- upvote section -->\n\t\t\t\t\t\t\t<div class=\"upvote-section\">\n\t\t\t\t\t\t\t\t<span data-post-id=\"2811\" data-item-title=\"CADERNOS DE PESQUISA - PENSAMENTO EDUCACIONAL\" data-item-link=\"https:\/\/seer.utp.br\/index.php\/a\/article\/view\/506\" class=\"upvote-btn upvote-on\">\n\t\t\t\t\t\t\t\t\t<i class=\"fa fa-thumbs-up\"><\/i>\n\t\t\t\t\t\t\t\t<\/span>\n\t\t\t\t\t\t\t\t<span class=\"upvote-count\">\n\t\t\t\t\t\t\t\t\t\t\t\t\t\t\t\t\t<\/span>\n\t\t\t\t\t\t\t<\/div>\n\t\t\t\t\t\t\t<!-- \/upvote section -->\n\n\t\t\t\t\t\t\t\t\t\t\t\t\n\t\t\t\t\t<\/li>\n\t\t\t\t\t\n\t\t\t\t\t<li id=\"item-2811-15\">\n\t\t\t\t\t\t\t\t\t\t\t\t<!-- List Anchor -->\n\t\t\t\t\t\t<a   href=\"https:\/\/www.revistas.uneb.br\/index.php\/educajovenseadultos\/article\/view\/2136\"\n\t\t\t\t\t\t\ttarget=\"_blank\">\n\n\t\t\t\t\t\t\t<!-- Image, If Present -->\n\t\t\t\t\t\t\t15 - \t\t\t\t\t\t\t\t\t\t\t\t\t\t\n\t\t\t\t\t\t\t\n\t\t\t\t\t\t\t\t<span class=\"list-img\">\n\t\t\t\t\t\t\t\t\t\t\t\t\t\t\t\t\t\t<img src=\"https:\/\/www.uninter.com\/biblioteca\/wp-content\/uploads\/2020\/07\/homeHeaderTitleImage_pt_BR-150x90.jpg\" alt=\"\">\n\t\t\t\t\t\t\t\t<\/span>\n\t\t\t\t\t\t\t\n\t\t\t\t\t\t\t<!-- Link Text -->\n\t\t\t\t\t\t\tREVISTA BRASILEIRA DE EDUCA\u00c7\u00c3O DE JOVENS E ADULTOS\t\t\t\t\t\t\t\n\t\t\t\t\t\t\t\t\t\t\t\t\t\t<span style=\"font-size:12px;\"><br>\n\t                                \t\t\t\t\t\t\t<\/span>\t\n\t                        \n\t\t\t\t\t\t<\/a>\n\t\t\t\t\t\t\n\t\t\t\t\t\t\t<!-- upvote section -->\n\t\t\t\t\t\t\t<div class=\"upvote-section\">\n\t\t\t\t\t\t\t\t<span data-post-id=\"2811\" data-item-title=\"REVISTA BRASILEIRA DE EDUCA\u00c7\u00c3O DE JOVENS E ADULTOS\" data-item-link=\"https:\/\/www.revistas.uneb.br\/index.php\/educajovenseadultos\/article\/view\/2136\" class=\"upvote-btn upvote-on\">\n\t\t\t\t\t\t\t\t\t<i class=\"fa fa-thumbs-up\"><\/i>\n\t\t\t\t\t\t\t\t<\/span>\n\t\t\t\t\t\t\t\t<span class=\"upvote-count\">\n\t\t\t\t\t\t\t\t\t\t\t\t\t\t\t\t\t<\/span>\n\t\t\t\t\t\t\t<\/div>\n\t\t\t\t\t\t\t<!-- \/upvote section -->\n\n\t\t\t\t\t\t\t\t\t\t\t\t\n\t\t\t\t\t<\/li>\n\t\t\t\t\t\n\t\t\t\t\t<li id=\"item-2811-16\">\n\t\t\t\t\t\t\t\t\t\t\t\t<!-- List Anchor -->\n\t\t\t\t\t\t<a   href=\"https:\/\/seer.imed.edu.br\/index.php\/REBES\/article\/view\/1461\"\n\t\t\t\t\t\t\ttarget=\"_blank\">\n\n\t\t\t\t\t\t\t<!-- Image, If Present -->\n\t\t\t\t\t\t\t16 - \t\t\t\t\t\t\t\t\t\t\t\t\t\t\n\t\t\t\t\t\t\t\n\t\t\t\t\t\t\t\t<span class=\"list-img\">\n\t\t\t\t\t\t\t\t\t\t\t\t\t\t\t\t\t\t<img src=\"https:\/\/www.uninter.com\/biblioteca\/wp-content\/uploads\/2020\/07\/REBES1-150x120.png\" alt=\"\">\n\t\t\t\t\t\t\t\t<\/span>\n\t\t\t\t\t\t\t\n\t\t\t\t\t\t\t<!-- Link Text -->\n\t\t\t\t\t\t\tREVISTA BRASILEIRA DE ENSINO SUPERIOR\t\t\t\t\t\t\t\n\t\t\t\t\t\t\t\t\t\t\t\t\t\t<span style=\"font-size:12px;\"><br>\n\t                                \t\t\t\t\t\t\t<\/span>\t\n\t                        \n\t\t\t\t\t\t<\/a>\n\t\t\t\t\t\t\n\t\t\t\t\t\t\t<!-- upvote section -->\n\t\t\t\t\t\t\t<div class=\"upvote-section\">\n\t\t\t\t\t\t\t\t<span data-post-id=\"2811\" data-item-title=\"REVISTA BRASILEIRA DE ENSINO SUPERIOR\" data-item-link=\"https:\/\/seer.imed.edu.br\/index.php\/REBES\/article\/view\/1461\" class=\"upvote-btn upvote-on\">\n\t\t\t\t\t\t\t\t\t<i class=\"fa fa-thumbs-up\"><\/i>\n\t\t\t\t\t\t\t\t<\/span>\n\t\t\t\t\t\t\t\t<span class=\"upvote-count\">\n\t\t\t\t\t\t\t\t\t\t\t\t\t\t\t\t\t<\/span>\n\t\t\t\t\t\t\t<\/div>\n\t\t\t\t\t\t\t<!-- \/upvote section -->\n\n\t\t\t\t\t\t\t\t\t\t\t\t\n\t\t\t\t\t<\/li>\n\t\t\t\t\t\n\t\t\t\t\t<li id=\"item-2811-17\">\n\t\t\t\t\t\t\t\t\t\t\t\t<!-- List Anchor -->\n\t\t\t\t\t\t<a   href=\"https:\/\/periodicos.ufrn.br\/educacaoemquestao\"\n\t\t\t\t\t\t\ttarget=\"_blank\">\n\n\t\t\t\t\t\t\t<!-- Image, If Present -->\n\t\t\t\t\t\t\t17 - \t\t\t\t\t\t\t\t\t\t\t\t\t\t\n\t\t\t\t\t\t\t\n\t\t\t\t\t\t\t\t<span class=\"list-img\">\n\t\t\t\t\t\t\t\t\t\t\t\t\t\t\t\t\t\t<img src=\"https:\/\/www.uninter.com\/biblioteca\/wp-content\/uploads\/2020\/07\/download-2-150x147.jpg\" alt=\"\">\n\t\t\t\t\t\t\t\t<\/span>\n\t\t\t\t\t\t\t\n\t\t\t\t\t\t\t<!-- Link Text -->\n\t\t\t\t\t\t\tREVISTA EDUCA\u00c7\u00c3O EM QUEST\u00c3O\t\t\t\t\t\t\t\n\t\t\t\t\t\t\t\t\t\t\t\t\t\t<span style=\"font-size:12px;\"><br>\n\t                                \t\t\t\t\t\t\t<\/span>\t\n\t                        \n\t\t\t\t\t\t<\/a>\n\t\t\t\t\t\t\n\t\t\t\t\t\t\t<!-- upvote section -->\n\t\t\t\t\t\t\t<div class=\"upvote-section\">\n\t\t\t\t\t\t\t\t<span data-post-id=\"2811\" data-item-title=\"REVISTA EDUCA\u00c7\u00c3O EM QUEST\u00c3O\" data-item-link=\"https:\/\/periodicos.ufrn.br\/educacaoemquestao\" class=\"upvote-btn upvote-on\">\n\t\t\t\t\t\t\t\t\t<i class=\"fa fa-thumbs-up\"><\/i>\n\t\t\t\t\t\t\t\t<\/span>\n\t\t\t\t\t\t\t\t<span class=\"upvote-count\">\n\t\t\t\t\t\t\t\t\t\t\t\t\t\t\t\t\t<\/span>\n\t\t\t\t\t\t\t<\/div>\n\t\t\t\t\t\t\t<!-- \/upvote section -->\n\n\t\t\t\t\t\t\t\t\t\t\t\t\n\t\t\t\t\t<\/li>\n\t\t\t\t\t\n\t\t\t\t\t<li id=\"item-2811-18\">\n\t\t\t\t\t\t\t\t\t\t\t\t<!-- List Anchor -->\n\t\t\t\t\t\t<a   href=\"http:\/\/www.revistas.uniube.br\/index.php\/rpd\/index\"\n\t\t\t\t\t\t\ttarget=\"_blank\">\n\n\t\t\t\t\t\t\t<!-- Image, If Present -->\n\t\t\t\t\t\t\t18 - \t\t\t\t\t\t\t\t\t\t\t\t\t\t\n\t\t\t\t\t\t\t\n\t\t\t\t\t\t\t\t<span class=\"list-img\">\n\t\t\t\t\t\t\t\t\t\t\t\t\t\t\t\t\t\t<img src=\"https:\/\/www.uninter.com\/biblioteca\/wp-content\/uploads\/2020\/07\/Revista-Profiss\u00e3o-Docente-Online-150x150.png\" alt=\"\">\n\t\t\t\t\t\t\t\t<\/span>\n\t\t\t\t\t\t\t\n\t\t\t\t\t\t\t<!-- Link Text -->\n\t\t\t\t\t\t\tREVISTA PROFISS\u00c3O DOCENTE\t\t\t\t\t\t\t\n\t\t\t\t\t\t\t\t\t\t\t\t\t\t<span style=\"font-size:12px;\"><br>\n\t                                \t\t\t\t\t\t\t<\/span>\t\n\t                        \n\t\t\t\t\t\t<\/a>\n\t\t\t\t\t\t\n\t\t\t\t\t\t\t<!-- upvote section -->\n\t\t\t\t\t\t\t<div class=\"upvote-section\">\n\t\t\t\t\t\t\t\t<span data-post-id=\"2811\" data-item-title=\"REVISTA PROFISS\u00c3O DOCENTE\" data-item-link=\"http:\/\/www.revistas.uniube.br\/index.php\/rpd\/index\" class=\"upvote-btn upvote-on\">\n\t\t\t\t\t\t\t\t\t<i class=\"fa fa-thumbs-up\"><\/i>\n\t\t\t\t\t\t\t\t<\/span>\n\t\t\t\t\t\t\t\t<span class=\"upvote-count\">\n\t\t\t\t\t\t\t\t\t\t\t\t\t\t\t\t\t<\/span>\n\t\t\t\t\t\t\t<\/div>\n\t\t\t\t\t\t\t<!-- \/upvote section -->\n\n\t\t\t\t\t\t\t\t\t\t\t\t\n\t\t\t\t\t<\/li>\n\t\t\t\t\t\n\t\t\t\t\t<li id=\"item-2811-19\">\n\t\t\t\t\t\t\t\t\t\t\t\t<!-- List Anchor -->\n\t\t\t\t\t\t<a   href=\"https:\/\/www.scielo.br\/scielo.php?script=sci_issuetoc&#038;pid=0101-662820120004&#038;lng=pt&#038;nrm=isso\"\n\t\t\t\t\t\t\ttarget=\"_blank\">\n\n\t\t\t\t\t\t\t<!-- Image, If Present -->\n\t\t\t\t\t\t\t19 - \t\t\t\t\t\t\t\t\t\t\t\t\t\t\n\t\t\t\t\t\t\t\n\t\t\t\t\t\t\t\t<span class=\"list-img\">\n\t\t\t\t\t\t\t\t\t\t\t\t\t\t\t\t\t\t<img src=\"https:\/\/www.uninter.com\/biblioteca\/wp-content\/uploads\/2020\/07\/unnamed-150x150.jpg\" alt=\"\">\n\t\t\t\t\t\t\t\t<\/span>\n\t\t\t\t\t\t\t\n\t\t\t\t\t\t\t<!-- Link Text -->\n\t\t\t\t\t\t\tREVISTA SERVI\u00c7O SOCIAL &amp; SOCIEDADE\t\t\t\t\t\t\t\n\t\t\t\t\t\t\t\t\t\t\t\t\t\t<span style=\"font-size:12px;\"><br>\n\t                                \t\t\t\t\t\t\t<\/span>\t\n\t                        \n\t\t\t\t\t\t<\/a>\n\t\t\t\t\t\t\n\t\t\t\t\t\t\t<!-- upvote section -->\n\t\t\t\t\t\t\t<div class=\"upvote-section\">\n\t\t\t\t\t\t\t\t<span data-post-id=\"2811\" data-item-title=\"REVISTA SERVI\u00c7O SOCIAL &amp; SOCIEDADE\" data-item-link=\"https:\/\/www.scielo.br\/scielo.php?script=sci_issuetoc&#038;pid=0101-662820120004&#038;lng=pt&#038;nrm=isso\" class=\"upvote-btn upvote-on\">\n\t\t\t\t\t\t\t\t\t<i class=\"fa fa-thumbs-up\"><\/i>\n\t\t\t\t\t\t\t\t<\/span>\n\t\t\t\t\t\t\t\t<span class=\"upvote-count\">\n\t\t\t\t\t\t\t\t\t\t\t\t\t\t\t\t\t<\/span>\n\t\t\t\t\t\t\t<\/div>\n\t\t\t\t\t\t\t<!-- \/upvote section -->\n\n\t\t\t\t\t\t\t\t\t\t\t\t\n\t\t\t\t\t<\/li>\n\t\t\t\t\t\n\t\t\t\t\t<li id=\"item-2811-20\">\n\t\t\t\t\t\t\t\t\t\t\t\t<!-- List Anchor -->\n\t\t\t\t\t\t<a   href=\"http:\/\/e-revista.unioeste.br\/index.php\/ccsaemperspectiva\"\n\t\t\t\t\t\t\ttarget=\"_blank\">\n\n\t\t\t\t\t\t\t<!-- Image, If Present -->\n\t\t\t\t\t\t\t20 - \t\t\t\t\t\t\t\t\t\t\t\t\t\t\n\t\t\t\t\t\t\t\n\t\t\t\t\t\t\t\t<span class=\"list-img\">\n\t\t\t\t\t\t\t\t\t\t\t\t\t\t\t\t\t\t<img src=\"https:\/\/www.uninter.com\/biblioteca\/wp-content\/uploads\/2020\/07\/homeHeaderTitleImage_pt_BR-150x150.png\" alt=\"\">\n\t\t\t\t\t\t\t\t<\/span>\n\t\t\t\t\t\t\t\n\t\t\t\t\t\t\t<!-- Link Text -->\n\t\t\t\t\t\t\tREVISTA CSP - CI\u00caNCIAS SOCIAIS EM PERSPECTIVA\t\t\t\t\t\t\t\n\t\t\t\t\t\t\t\t\t\t\t\t\t\t<span style=\"font-size:12px;\"><br>\n\t                                \t\t\t\t\t\t\t<\/span>\t\n\t                        \n\t\t\t\t\t\t<\/a>\n\t\t\t\t\t\t\n\t\t\t\t\t\t\t<!-- upvote section -->\n\t\t\t\t\t\t\t<div class=\"upvote-section\">\n\t\t\t\t\t\t\t\t<span data-post-id=\"2811\" data-item-title=\"REVISTA CSP - CI\u00caNCIAS SOCIAIS EM PERSPECTIVA\" data-item-link=\"http:\/\/e-revista.unioeste.br\/index.php\/ccsaemperspectiva\" class=\"upvote-btn upvote-on\">\n\t\t\t\t\t\t\t\t\t<i class=\"fa fa-thumbs-up\"><\/i>\n\t\t\t\t\t\t\t\t<\/span>\n\t\t\t\t\t\t\t\t<span class=\"upvote-count\">\n\t\t\t\t\t\t\t\t\t\t\t\t\t\t\t\t\t<\/span>\n\t\t\t\t\t\t\t<\/div>\n\t\t\t\t\t\t\t<!-- \/upvote section -->\n\n\t\t\t\t\t\t\t\t\t\t\t\t\n\t\t\t\t\t<\/li>\n\t\t\t\t\t\n\t\t\t\t\t<li id=\"item-2811-21\">\n\t\t\t\t\t\t\t\t\t\t\t\t<!-- List Anchor -->\n\t\t\t\t\t\t<a   href=\"https:\/\/www.scielo.br\/scielo.php?script=sci_serial&#038;pid=0011-5258&#038;lng=pt&#038;nrm=isso\"\n\t\t\t\t\t\t\ttarget=\"_blank\">\n\n\t\t\t\t\t\t\t<!-- Image, If Present -->\n\t\t\t\t\t\t\t21 - \t\t\t\t\t\t\t\t\t\t\t\t\t\t\n\t\t\t\t\t\t\t\n\t\t\t\t\t\t\t\t<span class=\"list-img\">\n\t\t\t\t\t\t\t\t\t\t\t\t\t\t\t\t\t\t<img src=\"https:\/\/www.uninter.com\/biblioteca\/wp-content\/uploads\/2020\/07\/dados-150x150.png\" alt=\"\">\n\t\t\t\t\t\t\t\t<\/span>\n\t\t\t\t\t\t\t\n\t\t\t\t\t\t\t<!-- Link Text -->\n\t\t\t\t\t\t\tDADOS - REVISTA DE CI\u00caNCIAS SOCIAIS\t\t\t\t\t\t\t\n\t\t\t\t\t\t\t\t\t\t\t\t\t\t<span style=\"font-size:12px;\"><br>\n\t                                \t\t\t\t\t\t\t<\/span>\t\n\t                        \n\t\t\t\t\t\t<\/a>\n\t\t\t\t\t\t\n\t\t\t\t\t\t\t<!-- upvote section -->\n\t\t\t\t\t\t\t<div class=\"upvote-section\">\n\t\t\t\t\t\t\t\t<span data-post-id=\"2811\" data-item-title=\"DADOS - REVISTA DE CI\u00caNCIAS SOCIAIS\" data-item-link=\"https:\/\/www.scielo.br\/scielo.php?script=sci_serial&#038;pid=0011-5258&#038;lng=pt&#038;nrm=isso\" class=\"upvote-btn upvote-on\">\n\t\t\t\t\t\t\t\t\t<i class=\"fa fa-thumbs-up\"><\/i>\n\t\t\t\t\t\t\t\t<\/span>\n\t\t\t\t\t\t\t\t<span class=\"upvote-count\">\n\t\t\t\t\t\t\t\t\t\t\t\t\t\t\t\t\t<\/span>\n\t\t\t\t\t\t\t<\/div>\n\t\t\t\t\t\t\t<!-- \/upvote section -->\n\n\t\t\t\t\t\t\t\t\t\t\t\t\n\t\t\t\t\t<\/li>\n\t\t\t\t\t\n\t\t\t\t\t<li id=\"item-2811-22\">\n\t\t\t\t\t\t\t\t\t\t\t\t<!-- List Anchor -->\n\t\t\t\t\t\t<a   href=\"https:\/\/revistas2.uepg.br\/index.php\/sociais\"\n\t\t\t\t\t\t\ttarget=\"_blank\">\n\n\t\t\t\t\t\t\t<!-- Image, If Present -->\n\t\t\t\t\t\t\t22 - \t\t\t\t\t\t\t\t\t\t\t\t\t\t\n\t\t\t\t\t\t\t\n\t\t\t\t\t\t\t\t<span class=\"list-img\">\n\t\t\t\t\t\t\t\t\t\t\t\t\t\t\t\t\t\t<img src=\"https:\/\/www.uninter.com\/biblioteca\/wp-content\/uploads\/2020\/07\/pub-150x150.jpg\" alt=\"\">\n\t\t\t\t\t\t\t\t<\/span>\n\t\t\t\t\t\t\t\n\t\t\t\t\t\t\t<!-- Link Text -->\n\t\t\t\t\t\t\tPUBLICATIO UEPG - CI\u00caNCIAS SOCIAIS APLICADAS\t\t\t\t\t\t\t\n\t\t\t\t\t\t\t\t\t\t\t\t\t\t<span style=\"font-size:12px;\"><br>\n\t                                \t\t\t\t\t\t\t<\/span>\t\n\t                        \n\t\t\t\t\t\t<\/a>\n\t\t\t\t\t\t\n\t\t\t\t\t\t\t<!-- upvote section -->\n\t\t\t\t\t\t\t<div class=\"upvote-section\">\n\t\t\t\t\t\t\t\t<span data-post-id=\"2811\" data-item-title=\"PUBLICATIO UEPG - CI\u00caNCIAS SOCIAIS APLICADAS\" data-item-link=\"https:\/\/revistas2.uepg.br\/index.php\/sociais\" class=\"upvote-btn upvote-on\">\n\t\t\t\t\t\t\t\t\t<i class=\"fa fa-thumbs-up\"><\/i>\n\t\t\t\t\t\t\t\t<\/span>\n\t\t\t\t\t\t\t\t<span class=\"upvote-count\">\n\t\t\t\t\t\t\t\t\t\t\t\t\t\t\t\t\t<\/span>\n\t\t\t\t\t\t\t<\/div>\n\t\t\t\t\t\t\t<!-- \/upvote section -->\n\n\t\t\t\t\t\t\t\t\t\t\t\t\n\t\t\t\t\t<\/li>\n\t\t\t\t\t\n\t\t\t\t\t<li id=\"item-2811-23\">\n\t\t\t\t\t\t\t\t\t\t\t\t<!-- List Anchor -->\n\t\t\t\t\t\t<a   href=\"https:\/\/www.scielo.br\/scielo.php\/script_sci_serial\/pid_0102-6909\/lng_en\/nrm_iso\"\n\t\t\t\t\t\t\ttarget=\"_blank\">\n\n\t\t\t\t\t\t\t<!-- Image, If Present -->\n\t\t\t\t\t\t\t23 - \t\t\t\t\t\t\t\t\t\t\t\t\t\t\n\t\t\t\t\t\t\t\n\t\t\t\t\t\t\t\t<span class=\"list-img\">\n\t\t\t\t\t\t\t\t\t\t\t\t\t\t\t\t\t\t<img src=\"https:\/\/www.uninter.com\/biblioteca\/wp-content\/uploads\/2020\/07\/rbcs-150x150.jpg\" alt=\"\">\n\t\t\t\t\t\t\t\t<\/span>\n\t\t\t\t\t\t\t\n\t\t\t\t\t\t\t<!-- Link Text -->\n\t\t\t\t\t\t\tREVISTA BRASILEIRA DE CI\u00caNCIAS SOCIAIS\t\t\t\t\t\t\t\n\t\t\t\t\t\t\t\t\t\t\t\t\t\t<span style=\"font-size:12px;\"><br>\n\t                                \t\t\t\t\t\t\t<\/span>\t\n\t                        \n\t\t\t\t\t\t<\/a>\n\t\t\t\t\t\t\n\t\t\t\t\t\t\t<!-- upvote section -->\n\t\t\t\t\t\t\t<div class=\"upvote-section\">\n\t\t\t\t\t\t\t\t<span data-post-id=\"2811\" data-item-title=\"REVISTA BRASILEIRA DE CI\u00caNCIAS SOCIAIS\" data-item-link=\"https:\/\/www.scielo.br\/scielo.php\/script_sci_serial\/pid_0102-6909\/lng_en\/nrm_iso\" class=\"upvote-btn upvote-on\">\n\t\t\t\t\t\t\t\t\t<i class=\"fa fa-thumbs-up\"><\/i>\n\t\t\t\t\t\t\t\t<\/span>\n\t\t\t\t\t\t\t\t<span class=\"upvote-count\">\n\t\t\t\t\t\t\t\t\t\t\t\t\t\t\t\t\t<\/span>\n\t\t\t\t\t\t\t<\/div>\n\t\t\t\t\t\t\t<!-- \/upvote section -->\n\n\t\t\t\t\t\t\t\t\t\t\t\t\n\t\t\t\t\t<\/li>\n\t\t\t\t\t\n\t\t\t\t\t<li id=\"item-2811-24\">\n\t\t\t\t\t\t\t\t\t\t\t\t<!-- List Anchor -->\n\t\t\t\t\t\t<a   href=\"https:\/\/revistaseletronicas.pucrs.br\/ojs\/index.php\/civitas\/index\"\n\t\t\t\t\t\t\ttarget=\"_blank\">\n\n\t\t\t\t\t\t\t<!-- Image, If Present -->\n\t\t\t\t\t\t\t24 - \t\t\t\t\t\t\t\t\t\t\t\t\t\t\n\t\t\t\t\t\t\t\n\t\t\t\t\t\t\t\t<span class=\"list-img\">\n\t\t\t\t\t\t\t\t\t\t\t\t\t\t\t\t\t\t<img src=\"https:\/\/www.uninter.com\/biblioteca\/wp-content\/uploads\/2020\/07\/glogo-4-150x150.gif\" alt=\"\">\n\t\t\t\t\t\t\t\t<\/span>\n\t\t\t\t\t\t\t\n\t\t\t\t\t\t\t<!-- Link Text -->\n\t\t\t\t\t\t\tCIVITAS - REVISTA DE CI\u00caNCIAS SOCIAIS\t\t\t\t\t\t\t\n\t\t\t\t\t\t\t\t\t\t\t\t\t\t<span style=\"font-size:12px;\"><br>\n\t                                \t\t\t\t\t\t\t<\/span>\t\n\t                        \n\t\t\t\t\t\t<\/a>\n\t\t\t\t\t\t\n\t\t\t\t\t\t\t<!-- upvote section -->\n\t\t\t\t\t\t\t<div class=\"upvote-section\">\n\t\t\t\t\t\t\t\t<span data-post-id=\"2811\" data-item-title=\"CIVITAS - REVISTA DE CI\u00caNCIAS SOCIAIS\" data-item-link=\"https:\/\/revistaseletronicas.pucrs.br\/ojs\/index.php\/civitas\/index\" class=\"upvote-btn upvote-on\">\n\t\t\t\t\t\t\t\t\t<i class=\"fa fa-thumbs-up\"><\/i>\n\t\t\t\t\t\t\t\t<\/span>\n\t\t\t\t\t\t\t\t<span class=\"upvote-count\">\n\t\t\t\t\t\t\t\t\t\t\t\t\t\t\t\t\t<\/span>\n\t\t\t\t\t\t\t<\/div>\n\t\t\t\t\t\t\t<!-- \/upvote section -->\n\n\t\t\t\t\t\t\t\t\t\t\t\t\n\t\t\t\t\t<\/li>\n\t\t\t\t\t\n\t\t\t\t\t<li id=\"item-2811-25\">\n\t\t\t\t\t\t\t\t\t\t\t\t<!-- List Anchor -->\n\t\t\t\t\t\t<a   href=\"http:\/\/periodicos.pucminas.br\/index.php\/revistaich\/index\"\n\t\t\t\t\t\t\ttarget=\"_blank\">\n\n\t\t\t\t\t\t\t<!-- Image, If Present -->\n\t\t\t\t\t\t\t25 - \t\t\t\t\t\t\t\t\t\t\t\t\t\t\n\t\t\t\t\t\t\t\n\t\t\t\t\t\t\t\t<span class=\"list-img\">\n\t\t\t\t\t\t\t\t\t\t\t\t\t\t\t\t\t\t<img src=\"https:\/\/www.uninter.com\/biblioteca\/wp-content\/uploads\/2020\/07\/homepageImage_pt_BR-2-150x150.jpg\" alt=\"\">\n\t\t\t\t\t\t\t\t<\/span>\n\t\t\t\t\t\t\t\n\t\t\t\t\t\t\t<!-- Link Text -->\n\t\t\t\t\t\t\tREVISTA DO INSTITUTO DE CI\u00caNCIAS HUMANAS\t\t\t\t\t\t\t\n\t\t\t\t\t\t\t\t\t\t\t\t\t\t<span style=\"font-size:12px;\"><br>\n\t                                \t\t\t\t\t\t\t<\/span>\t\n\t                        \n\t\t\t\t\t\t<\/a>\n\t\t\t\t\t\t\n\t\t\t\t\t\t\t<!-- upvote section -->\n\t\t\t\t\t\t\t<div class=\"upvote-section\">\n\t\t\t\t\t\t\t\t<span data-post-id=\"2811\" data-item-title=\"REVISTA DO INSTITUTO DE CI\u00caNCIAS HUMANAS\" data-item-link=\"http:\/\/periodicos.pucminas.br\/index.php\/revistaich\/index\" class=\"upvote-btn upvote-on\">\n\t\t\t\t\t\t\t\t\t<i class=\"fa fa-thumbs-up\"><\/i>\n\t\t\t\t\t\t\t\t<\/span>\n\t\t\t\t\t\t\t\t<span class=\"upvote-count\">\n\t\t\t\t\t\t\t\t\t\t\t\t\t\t\t\t\t<\/span>\n\t\t\t\t\t\t\t<\/div>\n\t\t\t\t\t\t\t<!-- \/upvote section -->\n\n\t\t\t\t\t\t\t\t\t\t\t\t\n\t\t\t\t\t<\/li>\n\t\t\t\t\t\n\t\t\t\t\t<li id=\"item-2811-26\">\n\t\t\t\t\t\t\t\t\t\t\t\t<!-- List Anchor -->\n\t\t\t\t\t\t<a   href=\"https:\/\/revistas2.uepg.br\/index.php\/emancipacao\"\n\t\t\t\t\t\t\ttarget=\"_blank\">\n\n\t\t\t\t\t\t\t<!-- Image, If Present -->\n\t\t\t\t\t\t\t26 - \t\t\t\t\t\t\t\t\t\t\t\t\t\t\n\t\t\t\t\t\t\t\n\t\t\t\t\t\t\t\t<span class=\"list-img\">\n\t\t\t\t\t\t\t\t\t\t\t\t\t\t\t\t\t\t<img src=\"https:\/\/www.uninter.com\/biblioteca\/wp-content\/uploads\/2020\/07\/cover_issue_754_pt_BR-150x150.jpg\" alt=\"\">\n\t\t\t\t\t\t\t\t<\/span>\n\t\t\t\t\t\t\t\n\t\t\t\t\t\t\t<!-- Link Text -->\n\t\t\t\t\t\t\tREVISTA EMANCIPA\u00c7\u00c3O\t\t\t\t\t\t\t\n\t\t\t\t\t\t\t\t\t\t\t\t\t\t<span style=\"font-size:12px;\"><br>\n\t                                \t\t\t\t\t\t\t<\/span>\t\n\t                        \n\t\t\t\t\t\t<\/a>\n\t\t\t\t\t\t\n\t\t\t\t\t\t\t<!-- upvote section -->\n\t\t\t\t\t\t\t<div class=\"upvote-section\">\n\t\t\t\t\t\t\t\t<span data-post-id=\"2811\" data-item-title=\"REVISTA EMANCIPA\u00c7\u00c3O\" data-item-link=\"https:\/\/revistas2.uepg.br\/index.php\/emancipacao\" class=\"upvote-btn upvote-on\">\n\t\t\t\t\t\t\t\t\t<i class=\"fa fa-thumbs-up\"><\/i>\n\t\t\t\t\t\t\t\t<\/span>\n\t\t\t\t\t\t\t\t<span class=\"upvote-count\">\n\t\t\t\t\t\t\t\t\t\t\t\t\t\t\t\t\t<\/span>\n\t\t\t\t\t\t\t<\/div>\n\t\t\t\t\t\t\t<!-- \/upvote section -->\n\n\t\t\t\t\t\t\t\t\t\t\t\t\n\t\t\t\t\t<\/li>\n\t\t\t\t\t\n\t\t\t\t\t<li id=\"item-2811-27\">\n\t\t\t\t\t\t\t\t\t\t\t\t<!-- List Anchor -->\n\t\t\t\t\t\t<a   href=\"http:\/\/revistaestudospoliticos.com\/\"\n\t\t\t\t\t\t\ttarget=\"_blank\">\n\n\t\t\t\t\t\t\t<!-- Image, If Present -->\n\t\t\t\t\t\t\t27 - \t\t\t\t\t\t\t\t\t\t\t\t\t\t\n\t\t\t\t\t\t\t\n\t\t\t\t\t\t\t\t<span class=\"list-img\">\n\t\t\t\t\t\t\t\t\t\t\t\t\t\t\t\t\t\t<img src=\"https:\/\/www.uninter.com\/biblioteca\/wp-content\/uploads\/2020\/07\/images-150x150.jpg\" alt=\"\">\n\t\t\t\t\t\t\t\t<\/span>\n\t\t\t\t\t\t\t\n\t\t\t\t\t\t\t<!-- Link Text -->\n\t\t\t\t\t\t\tREVISTA ESTUDOS POL\u00cdTICOS\t\t\t\t\t\t\t\n\t\t\t\t\t\t\t\t\t\t\t\t\t\t<span style=\"font-size:12px;\"><br>\n\t                                \t\t\t\t\t\t\t<\/span>\t\n\t                        \n\t\t\t\t\t\t<\/a>\n\t\t\t\t\t\t\n\t\t\t\t\t\t\t<!-- upvote section -->\n\t\t\t\t\t\t\t<div class=\"upvote-section\">\n\t\t\t\t\t\t\t\t<span data-post-id=\"2811\" data-item-title=\"REVISTA ESTUDOS POL\u00cdTICOS\" data-item-link=\"http:\/\/revistaestudospoliticos.com\/\" class=\"upvote-btn upvote-on\">\n\t\t\t\t\t\t\t\t\t<i class=\"fa fa-thumbs-up\"><\/i>\n\t\t\t\t\t\t\t\t<\/span>\n\t\t\t\t\t\t\t\t<span class=\"upvote-count\">\n\t\t\t\t\t\t\t\t\t\t\t\t\t\t\t\t\t<\/span>\n\t\t\t\t\t\t\t<\/div>\n\t\t\t\t\t\t\t<!-- \/upvote section -->\n\n\t\t\t\t\t\t\t\t\t\t\t\t\n\t\t\t\t\t<\/li>\n\t\t\t\t\t\n\t\t\t\t\t<li id=\"item-2811-28\">\n\t\t\t\t\t\t\t\t\t\t\t\t<!-- List Anchor -->\n\t\t\t\t\t\t<a   href=\"https:\/\/periodicos.sbu.unicamp.br\/ojs\/index.php\/histedbr\"\n\t\t\t\t\t\t\ttarget=\"_blank\">\n\n\t\t\t\t\t\t\t<!-- Image, If Present -->\n\t\t\t\t\t\t\t28 - \t\t\t\t\t\t\t\t\t\t\t\t\t\t\n\t\t\t\t\t\t\t\n\t\t\t\t\t\t\t\t<span class=\"list-img\">\n\t\t\t\t\t\t\t\t\t\t\t\t\t\t\t\t\t\t<img src=\"https:\/\/www.uninter.com\/biblioteca\/wp-content\/uploads\/2020\/07\/logo_histebr_online-150x150.jpg\" alt=\"\">\n\t\t\t\t\t\t\t\t<\/span>\n\t\t\t\t\t\t\t\n\t\t\t\t\t\t\t<!-- Link Text -->\n\t\t\t\t\t\t\tREVISTA HISTEDBR ON-LINE\t\t\t\t\t\t\t\n\t\t\t\t\t\t\t\t\t\t\t\t\t\t<span style=\"font-size:12px;\"><br>\n\t                                \t\t\t\t\t\t\t<\/span>\t\n\t                        \n\t\t\t\t\t\t<\/a>\n\t\t\t\t\t\t\n\t\t\t\t\t\t\t<!-- upvote section -->\n\t\t\t\t\t\t\t<div class=\"upvote-section\">\n\t\t\t\t\t\t\t\t<span data-post-id=\"2811\" data-item-title=\"REVISTA HISTEDBR ON-LINE\" data-item-link=\"https:\/\/periodicos.sbu.unicamp.br\/ojs\/index.php\/histedbr\" class=\"upvote-btn upvote-on\">\n\t\t\t\t\t\t\t\t\t<i class=\"fa fa-thumbs-up\"><\/i>\n\t\t\t\t\t\t\t\t<\/span>\n\t\t\t\t\t\t\t\t<span class=\"upvote-count\">\n\t\t\t\t\t\t\t\t\t\t\t\t\t\t\t\t\t<\/span>\n\t\t\t\t\t\t\t<\/div>\n\t\t\t\t\t\t\t<!-- \/upvote section -->\n\n\t\t\t\t\t\t\t\t\t\t\t\t\n\t\t\t\t\t<\/li>\n\t\t\t\t\t\n\t\t\t\t\t<li id=\"item-2811-29\">\n\t\t\t\t\t\t\t\t\t\t\t\t<!-- List Anchor -->\n\t\t\t\t\t\t<a   href=\"https:\/\/periodicos.ufsc.br\/index.php\/katalysis\/index\"\n\t\t\t\t\t\t\ttarget=\"_blank\">\n\n\t\t\t\t\t\t\t<!-- Image, If Present -->\n\t\t\t\t\t\t\t29 - \t\t\t\t\t\t\t\t\t\t\t\t\t\t\n\t\t\t\t\t\t\t\n\t\t\t\t\t\t\t\t<span class=\"list-img\">\n\t\t\t\t\t\t\t\t\t\t\t\t\t\t\t\t\t\t<img src=\"https:\/\/www.uninter.com\/biblioteca\/wp-content\/uploads\/2020\/07\/ERTc1m6XkAEtiPl-150x150.png\" alt=\"\">\n\t\t\t\t\t\t\t\t<\/span>\n\t\t\t\t\t\t\t\n\t\t\t\t\t\t\t<!-- Link Text -->\n\t\t\t\t\t\t\tREVISTA KAT\u00c1LYSIS\t\t\t\t\t\t\t\n\t\t\t\t\t\t\t\t\t\t\t\t\t\t<span style=\"font-size:12px;\"><br>\n\t                                \t\t\t\t\t\t\t<\/span>\t\n\t                        \n\t\t\t\t\t\t<\/a>\n\t\t\t\t\t\t\n\t\t\t\t\t\t\t<!-- upvote section -->\n\t\t\t\t\t\t\t<div class=\"upvote-section\">\n\t\t\t\t\t\t\t\t<span data-post-id=\"2811\" data-item-title=\"REVISTA KAT\u00c1LYSIS\" data-item-link=\"https:\/\/periodicos.ufsc.br\/index.php\/katalysis\/index\" class=\"upvote-btn upvote-on\">\n\t\t\t\t\t\t\t\t\t<i class=\"fa fa-thumbs-up\"><\/i>\n\t\t\t\t\t\t\t\t<\/span>\n\t\t\t\t\t\t\t\t<span class=\"upvote-count\">\n\t\t\t\t\t\t\t\t\t\t\t\t\t\t\t\t\t<\/span>\n\t\t\t\t\t\t\t<\/div>\n\t\t\t\t\t\t\t<!-- \/upvote section -->\n\n\t\t\t\t\t\t\t\t\t\t\t\t\n\t\t\t\t\t<\/li>\n\t\t\t\t\t\n\t\t\t\t\t<li id=\"item-2811-30\">\n\t\t\t\t\t\t\t\t\t\t\t\t<!-- List Anchor -->\n\t\t\t\t\t\t<a   href=\"http:\/\/osocialemquestao.ser.puc-rio.br\/cgi\/cgilua.exe\/sys\/start.htm?tpl=home\"\n\t\t\t\t\t\t\ttarget=\"_blank\">\n\n\t\t\t\t\t\t\t<!-- Image, If Present -->\n\t\t\t\t\t\t\t30 - \t\t\t\t\t\t\t\t\t\t\t\t\t\t\n\t\t\t\t\t\t\t\n\t\t\t\t\t\t\t\t<span class=\"list-img\">\n\t\t\t\t\t\t\t\t\t\t\t\t\t\t\t\t\t\t<img src=\"https:\/\/www.uninter.com\/biblioteca\/wp-content\/uploads\/2020\/07\/7_social-em-questao-1-150x150.jpg\" alt=\"\">\n\t\t\t\t\t\t\t\t<\/span>\n\t\t\t\t\t\t\t\n\t\t\t\t\t\t\t<!-- Link Text -->\n\t\t\t\t\t\t\tREVISTA - O SOCIAL EM QUEST\u00c3O\t\t\t\t\t\t\t\n\t\t\t\t\t\t\t\t\t\t\t\t\t\t<span style=\"font-size:12px;\"><br>\n\t                                \t\t\t\t\t\t\t<\/span>\t\n\t                        \n\t\t\t\t\t\t<\/a>\n\t\t\t\t\t\t\n\t\t\t\t\t\t\t<!-- upvote section -->\n\t\t\t\t\t\t\t<div class=\"upvote-section\">\n\t\t\t\t\t\t\t\t<span data-post-id=\"2811\" data-item-title=\"REVISTA - O SOCIAL EM QUEST\u00c3O\" data-item-link=\"http:\/\/osocialemquestao.ser.puc-rio.br\/cgi\/cgilua.exe\/sys\/start.htm?tpl=home\" class=\"upvote-btn upvote-on\">\n\t\t\t\t\t\t\t\t\t<i class=\"fa fa-thumbs-up\"><\/i>\n\t\t\t\t\t\t\t\t<\/span>\n\t\t\t\t\t\t\t\t<span class=\"upvote-count\">\n\t\t\t\t\t\t\t\t\t\t\t\t\t\t\t\t\t<\/span>\n\t\t\t\t\t\t\t<\/div>\n\t\t\t\t\t\t\t<!-- \/upvote section -->\n\n\t\t\t\t\t\t\t\t\t\t\t\t\n\t\t\t\t\t<\/li>\n\t\t\t\t\t\n\t\t\t\t\t<li id=\"item-2811-31\">\n\t\t\t\t\t\t\t\t\t\t\t\t<!-- List Anchor -->\n\t\t\t\t\t\t<a   href=\"https:\/\/revistas.ufrj.br\/index.php\/praiavermelha\"\n\t\t\t\t\t\t\ttarget=\"_blank\">\n\n\t\t\t\t\t\t\t<!-- Image, If Present -->\n\t\t\t\t\t\t\t31 - \t\t\t\t\t\t\t\t\t\t\t\t\t\t\n\t\t\t\t\t\t\t\n\t\t\t\t\t\t\t\t<span class=\"list-img\">\n\t\t\t\t\t\t\t\t\t\t\t\t\t\t\t\t\t\t<img src=\"https:\/\/www.uninter.com\/biblioteca\/wp-content\/uploads\/2020\/07\/selo-ojs-capa-150x150.jpg\" alt=\"\">\n\t\t\t\t\t\t\t\t<\/span>\n\t\t\t\t\t\t\t\n\t\t\t\t\t\t\t<!-- Link Text -->\n\t\t\t\t\t\t\tREVISTA PRAIA VERMELHA\t\t\t\t\t\t\t\n\t\t\t\t\t\t\t\t\t\t\t\t\t\t<span style=\"font-size:12px;\"><br>\n\t                                \t\t\t\t\t\t\t<\/span>\t\n\t                        \n\t\t\t\t\t\t<\/a>\n\t\t\t\t\t\t\n\t\t\t\t\t\t\t<!-- upvote section -->\n\t\t\t\t\t\t\t<div class=\"upvote-section\">\n\t\t\t\t\t\t\t\t<span data-post-id=\"2811\" data-item-title=\"REVISTA PRAIA VERMELHA\" data-item-link=\"https:\/\/revistas.ufrj.br\/index.php\/praiavermelha\" class=\"upvote-btn upvote-on\">\n\t\t\t\t\t\t\t\t\t<i class=\"fa fa-thumbs-up\"><\/i>\n\t\t\t\t\t\t\t\t<\/span>\n\t\t\t\t\t\t\t\t<span class=\"upvote-count\">\n\t\t\t\t\t\t\t\t\t\t\t\t\t\t\t\t\t<\/span>\n\t\t\t\t\t\t\t<\/div>\n\t\t\t\t\t\t\t<!-- \/upvote section -->\n\n\t\t\t\t\t\t\t\t\t\t\t\t\n\t\t\t\t\t<\/li>\n\t\t\t\t\t\n\t\t\t\t\t<li id=\"item-2811-32\">\n\t\t\t\t\t\t\t\t\t\t\t\t<!-- List Anchor -->\n\t\t\t\t\t\t<a   href=\"https:\/\/periodicos.unb.br\/index.php\/SER_Social\/index\"\n\t\t\t\t\t\t\ttarget=\"_blank\">\n\n\t\t\t\t\t\t\t<!-- Image, If Present -->\n\t\t\t\t\t\t\t32 - \t\t\t\t\t\t\t\t\t\t\t\t\t\t\n\t\t\t\t\t\t\t\n\t\t\t\t\t\t\t\t<span class=\"list-img\">\n\t\t\t\t\t\t\t\t\t\t\t\t\t\t\t\t\t\t<img src=\"https:\/\/www.uninter.com\/biblioteca\/wp-content\/uploads\/2020\/07\/unnamed-1-150x108.jpg\" alt=\"\">\n\t\t\t\t\t\t\t\t<\/span>\n\t\t\t\t\t\t\t\n\t\t\t\t\t\t\t<!-- Link Text -->\n\t\t\t\t\t\t\tREVISTA SER SOCIAL\t\t\t\t\t\t\t\n\t\t\t\t\t\t\t\t\t\t\t\t\t\t<span style=\"font-size:12px;\"><br>\n\t                                \t\t\t\t\t\t\t<\/span>\t\n\t                        \n\t\t\t\t\t\t<\/a>\n\t\t\t\t\t\t\n\t\t\t\t\t\t\t<!-- upvote section -->\n\t\t\t\t\t\t\t<div class=\"upvote-section\">\n\t\t\t\t\t\t\t\t<span data-post-id=\"2811\" data-item-title=\"REVISTA SER SOCIAL\" data-item-link=\"https:\/\/periodicos.unb.br\/index.php\/SER_Social\/index\" class=\"upvote-btn upvote-on\">\n\t\t\t\t\t\t\t\t\t<i class=\"fa fa-thumbs-up\"><\/i>\n\t\t\t\t\t\t\t\t<\/span>\n\t\t\t\t\t\t\t\t<span class=\"upvote-count\">\n\t\t\t\t\t\t\t\t\t\t\t\t\t\t\t\t\t<\/span>\n\t\t\t\t\t\t\t<\/div>\n\t\t\t\t\t\t\t<!-- \/upvote section -->\n\n\t\t\t\t\t\t\t\t\t\t\t\t\n\t\t\t\t\t<\/li>\n\t\t\t\t\t\n\t\t\t\t\t<li id=\"item-2811-33\">\n\t\t\t\t\t\t\t\t\t\t\t\t<!-- List Anchor -->\n\t\t\t\t\t\t<a   href=\"https:\/\/periodicos.ufes.br\/index.php\/temporalis\"\n\t\t\t\t\t\t\ttarget=\"_blank\">\n\n\t\t\t\t\t\t\t<!-- Image, If Present -->\n\t\t\t\t\t\t\t33 - \t\t\t\t\t\t\t\t\t\t\t\t\t\t\n\t\t\t\t\t\t\t\n\t\t\t\t\t\t\t\t<span class=\"list-img\">\n\t\t\t\t\t\t\t\t\t\t\t\t\t\t\t\t\t\t<img src=\"https:\/\/www.uninter.com\/biblioteca\/wp-content\/uploads\/2020\/07\/cover_issue_1193_pt_BR-150x150.jpg\" alt=\"\">\n\t\t\t\t\t\t\t\t<\/span>\n\t\t\t\t\t\t\t\n\t\t\t\t\t\t\t<!-- Link Text -->\n\t\t\t\t\t\t\tREVISTA TEMPORALIS\t\t\t\t\t\t\t\n\t\t\t\t\t\t\t\t\t\t\t\t\t\t<span style=\"font-size:12px;\"><br>\n\t                                \t\t\t\t\t\t\t<\/span>\t\n\t                        \n\t\t\t\t\t\t<\/a>\n\t\t\t\t\t\t\n\t\t\t\t\t\t\t<!-- upvote section -->\n\t\t\t\t\t\t\t<div class=\"upvote-section\">\n\t\t\t\t\t\t\t\t<span data-post-id=\"2811\" data-item-title=\"REVISTA TEMPORALIS\" data-item-link=\"https:\/\/periodicos.ufes.br\/index.php\/temporalis\" class=\"upvote-btn upvote-on\">\n\t\t\t\t\t\t\t\t\t<i class=\"fa fa-thumbs-up\"><\/i>\n\t\t\t\t\t\t\t\t<\/span>\n\t\t\t\t\t\t\t\t<span class=\"upvote-count\">\n\t\t\t\t\t\t\t\t\t\t\t\t\t\t\t\t\t<\/span>\n\t\t\t\t\t\t\t<\/div>\n\t\t\t\t\t\t\t<!-- \/upvote section -->\n\n\t\t\t\t\t\t\t\t\t\t\t\t\n\t\t\t\t\t<\/li>\n\t\t\t\t\t\n\t\t\t\t\t<li id=\"item-2811-34\">\n\t\t\t\t\t\t\t\t\t\t\t\t<!-- List Anchor -->\n\t\t\t\t\t\t<a   href=\"http:\/\/www.uel.br\/revistas\/uel\/index.php\/ssrevista\"\n\t\t\t\t\t\t\ttarget=\"_blank\">\n\n\t\t\t\t\t\t\t<!-- Image, If Present -->\n\t\t\t\t\t\t\t34 - \t\t\t\t\t\t\t\t\t\t\t\t\t\t\n\t\t\t\t\t\t\t\n\t\t\t\t\t\t\t\t<span class=\"list-img\">\n\t\t\t\t\t\t\t\t\t\t\t\t\t\t\t\t\t\t<img src=\"https:\/\/www.uninter.com\/biblioteca\/wp-content\/uploads\/2020\/07\/unnamed-2-150x150.jpg\" alt=\"\">\n\t\t\t\t\t\t\t\t<\/span>\n\t\t\t\t\t\t\t\n\t\t\t\t\t\t\t<!-- Link Text -->\n\t\t\t\t\t\t\tSERVI\u00c7O SOCIAL EM REVISTA\t\t\t\t\t\t\t\n\t\t\t\t\t\t\t\t\t\t\t\t\t\t<span style=\"font-size:12px;\"><br>\n\t                                \t\t\t\t\t\t\t<\/span>\t\n\t                        \n\t\t\t\t\t\t<\/a>\n\t\t\t\t\t\t\n\t\t\t\t\t\t\t<!-- upvote section -->\n\t\t\t\t\t\t\t<div class=\"upvote-section\">\n\t\t\t\t\t\t\t\t<span data-post-id=\"2811\" data-item-title=\"SERVI\u00c7O SOCIAL EM REVISTA\" data-item-link=\"http:\/\/www.uel.br\/revistas\/uel\/index.php\/ssrevista\" class=\"upvote-btn upvote-on\">\n\t\t\t\t\t\t\t\t\t<i class=\"fa fa-thumbs-up\"><\/i>\n\t\t\t\t\t\t\t\t<\/span>\n\t\t\t\t\t\t\t\t<span class=\"upvote-count\">\n\t\t\t\t\t\t\t\t\t\t\t\t\t\t\t\t\t<\/span>\n\t\t\t\t\t\t\t<\/div>\n\t\t\t\t\t\t\t<!-- \/upvote section -->\n\n\t\t\t\t\t\t\t\t\t\t\t\t\n\t\t\t\t\t<\/li>\n\t\t\t\t\t\t\t\t\t<\/ul>\n\n\t\t\t<\/div>\n\n\t\t<\/div>\n\t\t<!-- \/Individual List Item -->\n\n\t\t\n\t\t<br \/>\n\r\n<!--  Starting Simple Link Directory Plugin Output -->\n<div class=\"qcopd_embed_container\">\r\n\r\n\r\n\r\n\r\n\r\n\r\n\r\n<\/div>\r\n<div class=\"qcopd-list-wrapper\">\n\t<div id=\"opd-list-holder\" class=\"qcopd-list-holder\">\n\t\t\n\t\t<!-- Individual List Item -->\n\t\t<div id=\"list-item-1-2818\" class=\"qc-grid-item qcopd-list-column opd-column-1 simple opd-list-id-2818\">\n\t\t\t<div class=\"qcopd-single-list\">\n\t\t\t\t\t<h2 onclick=\"if(document.getElementById('2818').style.display=='block'){document.getElementById('2818').style.display='none';}else{document.getElementById('2818').style.display='block';};\">\n\t\t\t\t\tEDUCADOR SOCIAL &#8211; BIBLIOGRAFIA COMPLEMENTAR\/ARTIGOS\t\t\t\t<\/h2>\n\t\t\t\t<ul  style=display:none; id=2818 >\n\t\t\t\t\t\n\t\t\t\t\t<li id=\"item-2818-1\">\n\t\t\t\t\t\t\t\t\t\t\t\t<!-- List Anchor -->\n\t\t\t\t\t\t<a   href=\"https:\/\/revistas.pucsp.br\/index.php\/curriculum\/article\/view\/5752\"\n\t\t\t\t\t\t\ttarget=\"_blank\">\n\n\t\t\t\t\t\t\t<!-- Image, If Present -->\n\t\t\t\t\t\t\t1 - \t\t\t\t\t\t\t\t\t\t\t\t\t\t\t<span class=\"list-img\">\n\t\t\t\t\t\t\t\t\t<img src=\"https:\/\/www.uninter.com\/biblioteca\/wp-content\/plugins\/simple-link-directory\/\/assets\/images\/list-image-placeholder.png\" alt=\"\">\n\t\t\t\t\t\t\t\t<\/span>\n\t\t\t\t\t\t\t\n\t\t\t\t\t\t\t<!-- Link Text -->\n\t\t\t\t\t\t\tEduca\u00e7\u00e3o n\u00e3o Formal e Avalia\u00e7\u00e3o: Em Busca de um Debate.\t\t\t\t\t\t\t\n\t\t\t\t\t\t\t\t\t\t\t\t\t\t<span style=\"font-size:12px;\"><br>\n\t                                \t\t\t\t\t\t\t<\/span>\t\n\t                        \n\t\t\t\t\t\t<\/a>\n\t\t\t\t\t\t\n\t\t\t\t\t\t\t<!-- upvote section -->\n\t\t\t\t\t\t\t<div class=\"upvote-section\">\n\t\t\t\t\t\t\t\t<span data-post-id=\"2818\" data-item-title=\"Educa\u00e7\u00e3o n\u00e3o Formal e Avalia\u00e7\u00e3o: Em Busca de um Debate.\" data-item-link=\"https:\/\/revistas.pucsp.br\/index.php\/curriculum\/article\/view\/5752\" class=\"upvote-btn upvote-on\">\n\t\t\t\t\t\t\t\t\t<i class=\"fa fa-thumbs-up\"><\/i>\n\t\t\t\t\t\t\t\t<\/span>\n\t\t\t\t\t\t\t\t<span class=\"upvote-count\">\n\t\t\t\t\t\t\t\t\t\t\t\t\t\t\t\t\t<\/span>\n\t\t\t\t\t\t\t<\/div>\n\t\t\t\t\t\t\t<!-- \/upvote section -->\n\n\t\t\t\t\t\t\t\t\t\t\t\t\n\t\t\t\t\t<\/li>\n\t\t\t\t\t\n\t\t\t\t\t<li id=\"item-2818-2\">\n\t\t\t\t\t\t\t\t\t\t\t\t<!-- List Anchor -->\n\t\t\t\t\t\t<a   href=\"https:\/\/www.scielo.br\/scielo.php?script=sci_arttext&#038;pid=S0104-40362006000100003\"\n\t\t\t\t\t\t\ttarget=\"_blank\">\n\n\t\t\t\t\t\t\t<!-- Image, If Present -->\n\t\t\t\t\t\t\t2 - \t\t\t\t\t\t\t\t\t\t\t\t\t\t\t<span class=\"list-img\">\n\t\t\t\t\t\t\t\t\t<img src=\"https:\/\/www.uninter.com\/biblioteca\/wp-content\/plugins\/simple-link-directory\/\/assets\/images\/list-image-placeholder.png\" alt=\"\">\n\t\t\t\t\t\t\t\t<\/span>\n\t\t\t\t\t\t\t\n\t\t\t\t\t\t\t<!-- Link Text -->\n\t\t\t\t\t\t\tEduca\u00e7\u00e3o n\u00e3o-formal, participa\u00e7\u00e3o da sociedade civil e estruturas colegiadas nas escolas.\t\t\t\t\t\t\t\n\t\t\t\t\t\t\t\t\t\t\t\t\t\t<span style=\"font-size:12px;\"><br>\n\t                                \t\t\t\t\t\t\t<\/span>\t\n\t                        \n\t\t\t\t\t\t<\/a>\n\t\t\t\t\t\t\n\t\t\t\t\t\t\t<!-- upvote section -->\n\t\t\t\t\t\t\t<div class=\"upvote-section\">\n\t\t\t\t\t\t\t\t<span data-post-id=\"2818\" data-item-title=\"Educa\u00e7\u00e3o n\u00e3o-formal, participa\u00e7\u00e3o da sociedade civil e estruturas colegiadas nas escolas.\" data-item-link=\"https:\/\/www.scielo.br\/scielo.php?script=sci_arttext&#038;pid=S0104-40362006000100003\" class=\"upvote-btn upvote-on\">\n\t\t\t\t\t\t\t\t\t<i class=\"fa fa-thumbs-up\"><\/i>\n\t\t\t\t\t\t\t\t<\/span>\n\t\t\t\t\t\t\t\t<span class=\"upvote-count\">\n\t\t\t\t\t\t\t\t\t\t\t\t\t\t\t\t\t<\/span>\n\t\t\t\t\t\t\t<\/div>\n\t\t\t\t\t\t\t<!-- \/upvote section -->\n\n\t\t\t\t\t\t\t\t\t\t\t\t\n\t\t\t\t\t<\/li>\n\t\t\t\t\t\n\t\t\t\t\t<li id=\"item-2818-3\">\n\t\t\t\t\t\t\t\t\t\t\t\t<!-- List Anchor -->\n\t\t\t\t\t\t<a   href=\"http:\/\/www.cefuria.org.br\/files\/2012\/08\/cartilha1.pdf\"\n\t\t\t\t\t\t\ttarget=\"_blank\">\n\n\t\t\t\t\t\t\t<!-- Image, If Present -->\n\t\t\t\t\t\t\t3 - \t\t\t\t\t\t\t\t\t\t\t\t\t\t\t<span class=\"list-img\">\n\t\t\t\t\t\t\t\t\t<img src=\"https:\/\/www.uninter.com\/biblioteca\/wp-content\/plugins\/simple-link-directory\/\/assets\/images\/list-image-placeholder.png\" alt=\"\">\n\t\t\t\t\t\t\t\t<\/span>\n\t\t\t\t\t\t\t\n\t\t\t\t\t\t\t<!-- Link Text -->\n\t\t\t\t\t\t\tCARNEIRO, Gisele A Pedagogia de Paulo Freire: Uma Pedagogia Humanizadora.\t\t\t\t\t\t\t\n\t\t\t\t\t\t\t\t\t\t\t\t\t\t<span style=\"font-size:12px;\"><br>\n\t                                \t\t\t\t\t\t\t<\/span>\t\n\t                        \n\t\t\t\t\t\t<\/a>\n\t\t\t\t\t\t\n\t\t\t\t\t\t\t<!-- upvote section -->\n\t\t\t\t\t\t\t<div class=\"upvote-section\">\n\t\t\t\t\t\t\t\t<span data-post-id=\"2818\" data-item-title=\"CARNEIRO, Gisele A Pedagogia de Paulo Freire: Uma Pedagogia Humanizadora.\" data-item-link=\"http:\/\/www.cefuria.org.br\/files\/2012\/08\/cartilha1.pdf\" class=\"upvote-btn upvote-on\">\n\t\t\t\t\t\t\t\t\t<i class=\"fa fa-thumbs-up\"><\/i>\n\t\t\t\t\t\t\t\t<\/span>\n\t\t\t\t\t\t\t\t<span class=\"upvote-count\">\n\t\t\t\t\t\t\t\t\t\t\t\t\t\t\t\t\t<\/span>\n\t\t\t\t\t\t\t<\/div>\n\t\t\t\t\t\t\t<!-- \/upvote section -->\n\n\t\t\t\t\t\t\t\t\t\t\t\t\n\t\t\t\t\t<\/li>\n\t\t\t\t\t\n\t\t\t\t\t<li id=\"item-2818-4\">\n\t\t\t\t\t\t\t\t\t\t\t\t<!-- List Anchor -->\n\t\t\t\t\t\t<a   href=\"http:\/\/www.cefuria.org.br\/files\/2012\/08\/tema_gerador_Ed_Popular_Gouvea.pdf\"\n\t\t\t\t\t\t\ttarget=\"_blank\">\n\n\t\t\t\t\t\t\t<!-- Image, If Present -->\n\t\t\t\t\t\t\t4 - \t\t\t\t\t\t\t\t\t\t\t\t\t\t\t<span class=\"list-img\">\n\t\t\t\t\t\t\t\t\t<img src=\"https:\/\/www.uninter.com\/biblioteca\/wp-content\/plugins\/simple-link-directory\/\/assets\/images\/list-image-placeholder.png\" alt=\"\">\n\t\t\t\t\t\t\t\t<\/span>\n\t\t\t\t\t\t\t\n\t\t\t\t\t\t\t<!-- Link Text -->\n\t\t\t\t\t\t\tSILVA, Antonio Fernando Gouv\u00eaa- A busca do tema gerador nas pr\u00e1xis da educa\u00e7\u00e3o popular. \t\t\t\t\t\t\t\n\t\t\t\t\t\t\t\t\t\t\t\t\t\t<span style=\"font-size:12px;\"><br>\n\t                                \t\t\t\t\t\t\t<\/span>\t\n\t                        \n\t\t\t\t\t\t<\/a>\n\t\t\t\t\t\t\n\t\t\t\t\t\t\t<!-- upvote section -->\n\t\t\t\t\t\t\t<div class=\"upvote-section\">\n\t\t\t\t\t\t\t\t<span data-post-id=\"2818\" data-item-title=\"SILVA, Antonio Fernando Gouv\u00eaa- A busca do tema gerador nas pr\u00e1xis da educa\u00e7\u00e3o popular.\" data-item-link=\"http:\/\/www.cefuria.org.br\/files\/2012\/08\/tema_gerador_Ed_Popular_Gouvea.pdf\" class=\"upvote-btn upvote-on\">\n\t\t\t\t\t\t\t\t\t<i class=\"fa fa-thumbs-up\"><\/i>\n\t\t\t\t\t\t\t\t<\/span>\n\t\t\t\t\t\t\t\t<span class=\"upvote-count\">\n\t\t\t\t\t\t\t\t\t\t\t\t\t\t\t\t\t<\/span>\n\t\t\t\t\t\t\t<\/div>\n\t\t\t\t\t\t\t<!-- \/upvote section -->\n\n\t\t\t\t\t\t\t\t\t\t\t\t\n\t\t\t\t\t<\/li>\n\t\t\t\t\t\n\t\t\t\t\t<li id=\"item-2818-5\">\n\t\t\t\t\t\t\t\t\t\t\t\t<!-- List Anchor -->\n\t\t\t\t\t\t<a   href=\"https:\/\/www.scielo.br\/pdf\/ep\/v31n3\/a09v31n3.pdf\"\n\t\t\t\t\t\t\ttarget=\"_blank\">\n\n\t\t\t\t\t\t\t<!-- Image, If Present -->\n\t\t\t\t\t\t\t5 - \t\t\t\t\t\t\t\t\t\t\t\t\t\t\t<span class=\"list-img\">\n\t\t\t\t\t\t\t\t\t<img src=\"https:\/\/www.uninter.com\/biblioteca\/wp-content\/plugins\/simple-link-directory\/\/assets\/images\/list-image-placeholder.png\" alt=\"\">\n\t\t\t\t\t\t\t\t<\/span>\n\t\t\t\t\t\t\t\n\t\t\t\t\t\t\t<!-- Link Text -->\n\t\t\t\t\t\t\tTRIPP, David. Pesquisa-a\u00e7\u00e3o: uma introdu\u00e7\u00e3o metodol\u00f3gica.\t\t\t\t\t\t\t\n\t\t\t\t\t\t\t\t\t\t\t\t\t\t<span style=\"font-size:12px;\"><br>\n\t                                \t\t\t\t\t\t\t<\/span>\t\n\t                        \n\t\t\t\t\t\t<\/a>\n\t\t\t\t\t\t\n\t\t\t\t\t\t\t<!-- upvote section -->\n\t\t\t\t\t\t\t<div class=\"upvote-section\">\n\t\t\t\t\t\t\t\t<span data-post-id=\"2818\" data-item-title=\"TRIPP, David. Pesquisa-a\u00e7\u00e3o: uma introdu\u00e7\u00e3o metodol\u00f3gica.\" data-item-link=\"https:\/\/www.scielo.br\/pdf\/ep\/v31n3\/a09v31n3.pdf\" class=\"upvote-btn upvote-on\">\n\t\t\t\t\t\t\t\t\t<i class=\"fa fa-thumbs-up\"><\/i>\n\t\t\t\t\t\t\t\t<\/span>\n\t\t\t\t\t\t\t\t<span class=\"upvote-count\">\n\t\t\t\t\t\t\t\t\t\t\t\t\t\t\t\t\t<\/span>\n\t\t\t\t\t\t\t<\/div>\n\t\t\t\t\t\t\t<!-- \/upvote section -->\n\n\t\t\t\t\t\t\t\t\t\t\t\t\n\t\t\t\t\t<\/li>\n\t\t\t\t\t\n\t\t\t\t\t<li id=\"item-2818-6\">\n\t\t\t\t\t\t\t\t\t\t\t\t<!-- List Anchor -->\n\t\t\t\t\t\t<a   href=\"http:\/\/www.prac.ufpb.br\/anais\/Icbeu_anais\/anais\/conferencias\/construcao.pdf\"\n\t\t\t\t\t\t\ttarget=\"_blank\">\n\n\t\t\t\t\t\t\t<!-- Image, If Present -->\n\t\t\t\t\t\t\t6 - \t\t\t\t\t\t\t\t\t\t\t\t\t\t\t<span class=\"list-img\">\n\t\t\t\t\t\t\t\t\t<img src=\"https:\/\/www.uninter.com\/biblioteca\/wp-content\/plugins\/simple-link-directory\/\/assets\/images\/list-image-placeholder.png\" alt=\"\">\n\t\t\t\t\t\t\t\t<\/span>\n\t\t\t\t\t\t\t\n\t\t\t\t\t\t\t<!-- Link Text -->\n\t\t\t\t\t\t\tTHIOLLENT, Michel. Constru\u00e7\u00e3o do Conhecimento e Metodologia da Extens\u00e3o.\t\t\t\t\t\t\t\n\t\t\t\t\t\t\t\t\t\t\t\t\t\t<span style=\"font-size:12px;\"><br>\n\t                                \t\t\t\t\t\t\t<\/span>\t\n\t                        \n\t\t\t\t\t\t<\/a>\n\t\t\t\t\t\t\n\t\t\t\t\t\t\t<!-- upvote section -->\n\t\t\t\t\t\t\t<div class=\"upvote-section\">\n\t\t\t\t\t\t\t\t<span data-post-id=\"2818\" data-item-title=\"THIOLLENT, Michel. Constru\u00e7\u00e3o do Conhecimento e Metodologia da Extens\u00e3o.\" data-item-link=\"http:\/\/www.prac.ufpb.br\/anais\/Icbeu_anais\/anais\/conferencias\/construcao.pdf\" class=\"upvote-btn upvote-on\">\n\t\t\t\t\t\t\t\t\t<i class=\"fa fa-thumbs-up\"><\/i>\n\t\t\t\t\t\t\t\t<\/span>\n\t\t\t\t\t\t\t\t<span class=\"upvote-count\">\n\t\t\t\t\t\t\t\t\t\t\t\t\t\t\t\t\t<\/span>\n\t\t\t\t\t\t\t<\/div>\n\t\t\t\t\t\t\t<!-- \/upvote section -->\n\n\t\t\t\t\t\t\t\t\t\t\t\t\n\t\t\t\t\t<\/li>\n\t\t\t\t\t\n\t\t\t\t\t<li id=\"item-2818-7\">\n\t\t\t\t\t\t\t\t\t\t\t\t<!-- List Anchor -->\n\t\t\t\t\t\t<a   href=\"http:\/\/www.eca.usp.br\/prof\/moran\/site\/textos\/educacao_inovadora\/humanista.pdf\"\n\t\t\t\t\t\t\ttarget=\"_blank\">\n\n\t\t\t\t\t\t\t<!-- Image, If Present -->\n\t\t\t\t\t\t\t7 - \t\t\t\t\t\t\t\t\t\t\t\t\t\t\t<span class=\"list-img\">\n\t\t\t\t\t\t\t\t\t<img src=\"https:\/\/www.uninter.com\/biblioteca\/wp-content\/plugins\/simple-link-directory\/\/assets\/images\/list-image-placeholder.png\" alt=\"\">\n\t\t\t\t\t\t\t\t<\/span>\n\t\t\t\t\t\t\t\n\t\t\t\t\t\t\t<!-- Link Text -->\n\t\t\t\t\t\t\tMORAN, J. M. Educa\u00e7\u00e3o social-escolar humanista e inovadora.\t\t\t\t\t\t\t\n\t\t\t\t\t\t\t\t\t\t\t\t\t\t<span style=\"font-size:12px;\"><br>\n\t                                \t\t\t\t\t\t\t<\/span>\t\n\t                        \n\t\t\t\t\t\t<\/a>\n\t\t\t\t\t\t\n\t\t\t\t\t\t\t<!-- upvote section -->\n\t\t\t\t\t\t\t<div class=\"upvote-section\">\n\t\t\t\t\t\t\t\t<span data-post-id=\"2818\" data-item-title=\"MORAN, J. M. Educa\u00e7\u00e3o social-escolar humanista e inovadora.\" data-item-link=\"http:\/\/www.eca.usp.br\/prof\/moran\/site\/textos\/educacao_inovadora\/humanista.pdf\" class=\"upvote-btn upvote-on\">\n\t\t\t\t\t\t\t\t\t<i class=\"fa fa-thumbs-up\"><\/i>\n\t\t\t\t\t\t\t\t<\/span>\n\t\t\t\t\t\t\t\t<span class=\"upvote-count\">\n\t\t\t\t\t\t\t\t\t\t\t\t\t\t\t\t\t<\/span>\n\t\t\t\t\t\t\t<\/div>\n\t\t\t\t\t\t\t<!-- \/upvote section -->\n\n\t\t\t\t\t\t\t\t\t\t\t\t\n\t\t\t\t\t<\/li>\n\t\t\t\t\t\n\t\t\t\t\t<li id=\"item-2818-8\">\n\t\t\t\t\t\t\t\t\t\t\t\t<!-- List Anchor -->\n\t\t\t\t\t\t<a   href=\"http:\/\/www.eca.usp.br\/prof\/moran\/site\/textos\/educacao_inovadora\/libertadora.pdf\"\n\t\t\t\t\t\t\ttarget=\"_blank\">\n\n\t\t\t\t\t\t\t<!-- Image, If Present -->\n\t\t\t\t\t\t\t8 - \t\t\t\t\t\t\t\t\t\t\t\t\t\t\t<span class=\"list-img\">\n\t\t\t\t\t\t\t\t\t<img src=\"https:\/\/www.uninter.com\/biblioteca\/wp-content\/plugins\/simple-link-directory\/\/assets\/images\/list-image-placeholder.png\" alt=\"\">\n\t\t\t\t\t\t\t\t<\/span>\n\t\t\t\t\t\t\t\n\t\t\t\t\t\t\t<!-- Link Text -->\n\t\t\t\t\t\t\tMORAN, J. M. Educa\u00e7\u00e3o pessoal libertadora. \t\t\t\t\t\t\t\n\t\t\t\t\t\t\t\t\t\t\t\t\t\t<span style=\"font-size:12px;\"><br>\n\t                                \t\t\t\t\t\t\t<\/span>\t\n\t                        \n\t\t\t\t\t\t<\/a>\n\t\t\t\t\t\t\n\t\t\t\t\t\t\t<!-- upvote section -->\n\t\t\t\t\t\t\t<div class=\"upvote-section\">\n\t\t\t\t\t\t\t\t<span data-post-id=\"2818\" data-item-title=\"MORAN, J. M. Educa\u00e7\u00e3o pessoal libertadora.\" data-item-link=\"http:\/\/www.eca.usp.br\/prof\/moran\/site\/textos\/educacao_inovadora\/libertadora.pdf\" class=\"upvote-btn upvote-on\">\n\t\t\t\t\t\t\t\t\t<i class=\"fa fa-thumbs-up\"><\/i>\n\t\t\t\t\t\t\t\t<\/span>\n\t\t\t\t\t\t\t\t<span class=\"upvote-count\">\n\t\t\t\t\t\t\t\t\t\t\t\t\t\t\t\t\t<\/span>\n\t\t\t\t\t\t\t<\/div>\n\t\t\t\t\t\t\t<!-- \/upvote section -->\n\n\t\t\t\t\t\t\t\t\t\t\t\t\n\t\t\t\t\t<\/li>\n\t\t\t\t\t\n\t\t\t\t\t<li id=\"item-2818-9\">\n\t\t\t\t\t\t\t\t\t\t\t\t<!-- List Anchor -->\n\t\t\t\t\t\t<a   href=\"http:\/\/www.eca.usp.br\/prof\/moran\/site\/textos\/educacao_inovadora\/livres.pdf\"\n\t\t\t\t\t\t\ttarget=\"_blank\">\n\n\t\t\t\t\t\t\t<!-- Image, If Present -->\n\t\t\t\t\t\t\t9 - \t\t\t\t\t\t\t\t\t\t\t\t\t\t\t<span class=\"list-img\">\n\t\t\t\t\t\t\t\t\t<img src=\"https:\/\/www.uninter.com\/biblioteca\/wp-content\/plugins\/simple-link-directory\/\/assets\/images\/list-image-placeholder.png\" alt=\"\">\n\t\t\t\t\t\t\t\t<\/span>\n\t\t\t\t\t\t\t\n\t\t\t\t\t\t\t<!-- Link Text -->\n\t\t\t\t\t\t\tMORAN, J. M. Aprendendo e ensinando a ser livres.\t\t\t\t\t\t\t\n\t\t\t\t\t\t\t\t\t\t\t\t\t\t<span style=\"font-size:12px;\"><br>\n\t                                \t\t\t\t\t\t\t<\/span>\t\n\t                        \n\t\t\t\t\t\t<\/a>\n\t\t\t\t\t\t\n\t\t\t\t\t\t\t<!-- upvote section -->\n\t\t\t\t\t\t\t<div class=\"upvote-section\">\n\t\t\t\t\t\t\t\t<span data-post-id=\"2818\" data-item-title=\"MORAN, J. M. Aprendendo e ensinando a ser livres.\" data-item-link=\"http:\/\/www.eca.usp.br\/prof\/moran\/site\/textos\/educacao_inovadora\/livres.pdf\" class=\"upvote-btn upvote-on\">\n\t\t\t\t\t\t\t\t\t<i class=\"fa fa-thumbs-up\"><\/i>\n\t\t\t\t\t\t\t\t<\/span>\n\t\t\t\t\t\t\t\t<span class=\"upvote-count\">\n\t\t\t\t\t\t\t\t\t\t\t\t\t\t\t\t\t<\/span>\n\t\t\t\t\t\t\t<\/div>\n\t\t\t\t\t\t\t<!-- \/upvote section -->\n\n\t\t\t\t\t\t\t\t\t\t\t\t\n\t\t\t\t\t<\/li>\n\t\t\t\t\t\n\t\t\t\t\t<li id=\"item-2818-10\">\n\t\t\t\t\t\t\t\t\t\t\t\t<!-- List Anchor -->\n\t\t\t\t\t\t<a   href=\"http:\/\/www.cefuria.org.br\/files\/2012\/08\/Cartilha-Ponto-de-Cultura.pdf\"\n\t\t\t\t\t\t\ttarget=\"_blank\">\n\n\t\t\t\t\t\t\t<!-- Image, If Present -->\n\t\t\t\t\t\t\t10 - \t\t\t\t\t\t\t\t\t\t\t\t\t\t\t<span class=\"list-img\">\n\t\t\t\t\t\t\t\t\t<img src=\"https:\/\/www.uninter.com\/biblioteca\/wp-content\/plugins\/simple-link-directory\/\/assets\/images\/list-image-placeholder.png\" alt=\"\">\n\t\t\t\t\t\t\t\t<\/span>\n\t\t\t\t\t\t\t\n\t\t\t\t\t\t\t<!-- Link Text -->\n\t\t\t\t\t\t\tMOREIRA, Anderson. Produtora de \u00c1udio Popular: Compartilhando Experi\u00eancias. \t\t\t\t\t\t\t\n\t\t\t\t\t\t\t\t\t\t\t\t\t\t<span style=\"font-size:12px;\"><br>\n\t                                \t\t\t\t\t\t\t<\/span>\t\n\t                        \n\t\t\t\t\t\t<\/a>\n\t\t\t\t\t\t\n\t\t\t\t\t\t\t<!-- upvote section -->\n\t\t\t\t\t\t\t<div class=\"upvote-section\">\n\t\t\t\t\t\t\t\t<span data-post-id=\"2818\" data-item-title=\"MOREIRA, Anderson. Produtora de \u00c1udio Popular: Compartilhando Experi\u00eancias.\" data-item-link=\"http:\/\/www.cefuria.org.br\/files\/2012\/08\/Cartilha-Ponto-de-Cultura.pdf\" class=\"upvote-btn upvote-on\">\n\t\t\t\t\t\t\t\t\t<i class=\"fa fa-thumbs-up\"><\/i>\n\t\t\t\t\t\t\t\t<\/span>\n\t\t\t\t\t\t\t\t<span class=\"upvote-count\">\n\t\t\t\t\t\t\t\t\t\t\t\t\t\t\t\t\t<\/span>\n\t\t\t\t\t\t\t<\/div>\n\t\t\t\t\t\t\t<!-- \/upvote section -->\n\n\t\t\t\t\t\t\t\t\t\t\t\t\n\t\t\t\t\t<\/li>\n\t\t\t\t\t\n\t\t\t\t\t<li id=\"item-2818-11\">\n\t\t\t\t\t\t\t\t\t\t\t\t<!-- List Anchor -->\n\t\t\t\t\t\t<a   href=\"http:\/\/www.usp.br\/nce\/wcp\/arq\/textos\/86.pdf\"\n\t\t\t\t\t\t\ttarget=\"_blank\">\n\n\t\t\t\t\t\t\t<!-- Image, If Present -->\n\t\t\t\t\t\t\t11 - \t\t\t\t\t\t\t\t\t\t\t\t\t\t\t<span class=\"list-img\">\n\t\t\t\t\t\t\t\t\t<img src=\"https:\/\/www.uninter.com\/biblioteca\/wp-content\/plugins\/simple-link-directory\/\/assets\/images\/list-image-placeholder.png\" alt=\"\">\n\t\t\t\t\t\t\t\t<\/span>\n\t\t\t\t\t\t\t\n\t\t\t\t\t\t\t<!-- Link Text -->\n\t\t\t\t\t\t\tSARTORI, A.S.; SOARES, M.S.P. Concep\u00e7\u00e3o dial\u00f3gica e as NTIC: a educomunica\u00e7\u00e3o e os ecossistemas comunicativos. \t\t\t\t\t\t\t\n\t\t\t\t\t\t\t\t\t\t\t\t\t\t<span style=\"font-size:12px;\"><br>\n\t                                \t\t\t\t\t\t\t<\/span>\t\n\t                        \n\t\t\t\t\t\t<\/a>\n\t\t\t\t\t\t\n\t\t\t\t\t\t\t<!-- upvote section -->\n\t\t\t\t\t\t\t<div class=\"upvote-section\">\n\t\t\t\t\t\t\t\t<span data-post-id=\"2818\" data-item-title=\"SARTORI, A.S.; SOARES, M.S.P. Concep\u00e7\u00e3o dial\u00f3gica e as NTIC: a educomunica\u00e7\u00e3o e os ecossistemas comunicativos.\" data-item-link=\"http:\/\/www.usp.br\/nce\/wcp\/arq\/textos\/86.pdf\" class=\"upvote-btn upvote-on\">\n\t\t\t\t\t\t\t\t\t<i class=\"fa fa-thumbs-up\"><\/i>\n\t\t\t\t\t\t\t\t<\/span>\n\t\t\t\t\t\t\t\t<span class=\"upvote-count\">\n\t\t\t\t\t\t\t\t\t\t\t\t\t\t\t\t\t<\/span>\n\t\t\t\t\t\t\t<\/div>\n\t\t\t\t\t\t\t<!-- \/upvote section -->\n\n\t\t\t\t\t\t\t\t\t\t\t\t\n\t\t\t\t\t<\/li>\n\t\t\t\t\t\n\t\t\t\t\t<li id=\"item-2818-12\">\n\t\t\t\t\t\t\t\t\t\t\t\t<!-- List Anchor -->\n\t\t\t\t\t\t<a   href=\"https:\/\/www.cnmp.mp.br\/portal\/images\/stories\/Comissoes\/CSCCEAP\/Di%C3%A1logos_e_Media%C3%A7%C3%A3o_de_Conflitos_nas_Escolas_-_Guia_Pr%C3%A1tico_para_Educadores.pdf\"\n\t\t\t\t\t\t\ttarget=\"_blank\">\n\n\t\t\t\t\t\t\t<!-- Image, If Present -->\n\t\t\t\t\t\t\t12 - \t\t\t\t\t\t\t\t\t\t\t\t\t\t\t<span class=\"list-img\">\n\t\t\t\t\t\t\t\t\t<img src=\"https:\/\/www.uninter.com\/biblioteca\/wp-content\/plugins\/simple-link-directory\/\/assets\/images\/list-image-placeholder.png\" alt=\"\">\n\t\t\t\t\t\t\t\t<\/span>\n\t\t\t\t\t\t\t\n\t\t\t\t\t\t\t<!-- Link Text -->\n\t\t\t\t\t\t\tConselho Nacional do Minist\u00e9rio P\u00fablico. Di\u00e1logos e Media\u00e7\u00e3o de Conflitos nas Escolas para educadores. \t\t\t\t\t\t\t\n\t\t\t\t\t\t\t\t\t\t\t\t\t\t<span style=\"font-size:12px;\"><br>\n\t                                \t\t\t\t\t\t\t<\/span>\t\n\t                        \n\t\t\t\t\t\t<\/a>\n\t\t\t\t\t\t\n\t\t\t\t\t\t\t<!-- upvote section -->\n\t\t\t\t\t\t\t<div class=\"upvote-section\">\n\t\t\t\t\t\t\t\t<span data-post-id=\"2818\" data-item-title=\"Conselho Nacional do Minist\u00e9rio P\u00fablico. Di\u00e1logos e Media\u00e7\u00e3o de Conflitos nas Escolas para educadores.\" data-item-link=\"https:\/\/www.cnmp.mp.br\/portal\/images\/stories\/Comissoes\/CSCCEAP\/Di%C3%A1logos_e_Media%C3%A7%C3%A3o_de_Conflitos_nas_Escolas_-_Guia_Pr%C3%A1tico_para_Educadores.pdf\" class=\"upvote-btn upvote-on\">\n\t\t\t\t\t\t\t\t\t<i class=\"fa fa-thumbs-up\"><\/i>\n\t\t\t\t\t\t\t\t<\/span>\n\t\t\t\t\t\t\t\t<span class=\"upvote-count\">\n\t\t\t\t\t\t\t\t\t\t\t\t\t\t\t\t\t<\/span>\n\t\t\t\t\t\t\t<\/div>\n\t\t\t\t\t\t\t<!-- \/upvote section -->\n\n\t\t\t\t\t\t\t\t\t\t\t\t\n\t\t\t\t\t<\/li>\n\t\t\t\t\t\n\t\t\t\t\t<li id=\"item-2818-13\">\n\t\t\t\t\t\t\t\t\t\t\t\t<!-- List Anchor -->\n\t\t\t\t\t\t<a   href=\"http:\/\/www.mprj.mp.br\/documents\/20184\/216116\/Cartilha_A_Justica_Restaurativa_no_Ambiente_Escolar.pdf\"\n\t\t\t\t\t\t\ttarget=\"_blank\">\n\n\t\t\t\t\t\t\t<!-- Image, If Present -->\n\t\t\t\t\t\t\t13 - \t\t\t\t\t\t\t\t\t\t\t\t\t\t\t<span class=\"list-img\">\n\t\t\t\t\t\t\t\t\t<img src=\"https:\/\/www.uninter.com\/biblioteca\/wp-content\/plugins\/simple-link-directory\/\/assets\/images\/list-image-placeholder.png\" alt=\"\">\n\t\t\t\t\t\t\t\t<\/span>\n\t\t\t\t\t\t\t\n\t\t\t\t\t\t\t<!-- Link Text -->\n\t\t\t\t\t\t\tA Justi\u00e7a Restaurativa no Ambiente Escolar\t\t\t\t\t\t\t\n\t\t\t\t\t\t\t\t\t\t\t\t\t\t<span style=\"font-size:12px;\"><br>\n\t                                \t\t\t\t\t\t\t<\/span>\t\n\t                        \n\t\t\t\t\t\t<\/a>\n\t\t\t\t\t\t\n\t\t\t\t\t\t\t<!-- upvote section -->\n\t\t\t\t\t\t\t<div class=\"upvote-section\">\n\t\t\t\t\t\t\t\t<span data-post-id=\"2818\" data-item-title=\"A Justi\u00e7a Restaurativa no Ambiente Escolar\" data-item-link=\"http:\/\/www.mprj.mp.br\/documents\/20184\/216116\/Cartilha_A_Justica_Restaurativa_no_Ambiente_Escolar.pdf\" class=\"upvote-btn upvote-on\">\n\t\t\t\t\t\t\t\t\t<i class=\"fa fa-thumbs-up\"><\/i>\n\t\t\t\t\t\t\t\t<\/span>\n\t\t\t\t\t\t\t\t<span class=\"upvote-count\">\n\t\t\t\t\t\t\t\t\t\t\t\t\t\t\t\t\t<\/span>\n\t\t\t\t\t\t\t<\/div>\n\t\t\t\t\t\t\t<!-- \/upvote section -->\n\n\t\t\t\t\t\t\t\t\t\t\t\t\n\t\t\t\t\t<\/li>\n\t\t\t\t\t\n\t\t\t\t\t<li id=\"item-2818-14\">\n\t\t\t\t\t\t\t\t\t\t\t\t<!-- List Anchor -->\n\t\t\t\t\t\t<a   href=\"http:\/\/www.direitoshumanos.usp.br\/\"\n\t\t\t\t\t\t\ttarget=\"_blank\">\n\n\t\t\t\t\t\t\t<!-- Image, If Present -->\n\t\t\t\t\t\t\t14 - \t\t\t\t\t\t\t\t\t\t\t\t\t\t\t<span class=\"list-img\">\n\t\t\t\t\t\t\t\t\t<img src=\"https:\/\/www.uninter.com\/biblioteca\/wp-content\/plugins\/simple-link-directory\/\/assets\/images\/list-image-placeholder.png\" alt=\"\">\n\t\t\t\t\t\t\t\t<\/span>\n\t\t\t\t\t\t\t\n\t\t\t\t\t\t\t<!-- Link Text -->\n\t\t\t\t\t\t\tBiblioteca Virtual de Direitos Humanos\t\t\t\t\t\t\t\n\t\t\t\t\t\t\t\t\t\t\t\t\t\t<span style=\"font-size:12px;\"><br>\n\t                                \t\t\t\t\t\t\t<\/span>\t\n\t                        \n\t\t\t\t\t\t<\/a>\n\t\t\t\t\t\t\n\t\t\t\t\t\t\t<!-- upvote section -->\n\t\t\t\t\t\t\t<div class=\"upvote-section\">\n\t\t\t\t\t\t\t\t<span data-post-id=\"2818\" data-item-title=\"Biblioteca Virtual de Direitos Humanos\" data-item-link=\"http:\/\/www.direitoshumanos.usp.br\/\" class=\"upvote-btn upvote-on\">\n\t\t\t\t\t\t\t\t\t<i class=\"fa fa-thumbs-up\"><\/i>\n\t\t\t\t\t\t\t\t<\/span>\n\t\t\t\t\t\t\t\t<span class=\"upvote-count\">\n\t\t\t\t\t\t\t\t\t\t\t\t\t\t\t\t\t<\/span>\n\t\t\t\t\t\t\t<\/div>\n\t\t\t\t\t\t\t<!-- \/upvote section -->\n\n\t\t\t\t\t\t\t\t\t\t\t\t\n\t\t\t\t\t<\/li>\n\t\t\t\t\t\n\t\t\t\t\t<li id=\"item-2818-15\">\n\t\t\t\t\t\t\t\t\t\t\t\t<!-- List Anchor -->\n\t\t\t\t\t\t<a   href=\"http:\/\/www.dhnet.org.br\/\"\n\t\t\t\t\t\t\ttarget=\"_blank\">\n\n\t\t\t\t\t\t\t<!-- Image, If Present -->\n\t\t\t\t\t\t\t15 - \t\t\t\t\t\t\t\t\t\t\t\t\t\t\t<span class=\"list-img\">\n\t\t\t\t\t\t\t\t\t<img src=\"https:\/\/www.uninter.com\/biblioteca\/wp-content\/plugins\/simple-link-directory\/\/assets\/images\/list-image-placeholder.png\" alt=\"\">\n\t\t\t\t\t\t\t\t<\/span>\n\t\t\t\t\t\t\t\n\t\t\t\t\t\t\t<!-- Link Text -->\n\t\t\t\t\t\t\tDHnet Direitos Humanos na Internet\t\t\t\t\t\t\t\n\t\t\t\t\t\t\t\t\t\t\t\t\t\t<span style=\"font-size:12px;\"><br>\n\t                                \t\t\t\t\t\t\t<\/span>\t\n\t                        \n\t\t\t\t\t\t<\/a>\n\t\t\t\t\t\t\n\t\t\t\t\t\t\t<!-- upvote section -->\n\t\t\t\t\t\t\t<div class=\"upvote-section\">\n\t\t\t\t\t\t\t\t<span data-post-id=\"2818\" data-item-title=\"DHnet Direitos Humanos na Internet\" data-item-link=\"http:\/\/www.dhnet.org.br\/\" class=\"upvote-btn upvote-on\">\n\t\t\t\t\t\t\t\t\t<i class=\"fa fa-thumbs-up\"><\/i>\n\t\t\t\t\t\t\t\t<\/span>\n\t\t\t\t\t\t\t\t<span class=\"upvote-count\">\n\t\t\t\t\t\t\t\t\t\t\t\t\t\t\t\t\t<\/span>\n\t\t\t\t\t\t\t<\/div>\n\t\t\t\t\t\t\t<!-- \/upvote section -->\n\n\t\t\t\t\t\t\t\t\t\t\t\t\n\t\t\t\t\t<\/li>\n\t\t\t\t\t\n\t\t\t\t\t<li id=\"item-2818-16\">\n\t\t\t\t\t\t\t\t\t\t\t\t<!-- List Anchor -->\n\t\t\t\t\t\t<a   href=\"https:\/\/www.cedes.unicamp.br\/\"\n\t\t\t\t\t\t\ttarget=\"_blank\">\n\n\t\t\t\t\t\t\t<!-- Image, If Present -->\n\t\t\t\t\t\t\t16 - \t\t\t\t\t\t\t\t\t\t\t\t\t\t\t<span class=\"list-img\">\n\t\t\t\t\t\t\t\t\t<img src=\"https:\/\/www.uninter.com\/biblioteca\/wp-content\/plugins\/simple-link-directory\/\/assets\/images\/list-image-placeholder.png\" alt=\"\">\n\t\t\t\t\t\t\t\t<\/span>\n\t\t\t\t\t\t\t\n\t\t\t\t\t\t\t<!-- Link Text -->\n\t\t\t\t\t\t\tARROYO, Miguel. Educa\u00e7\u00e3o Popular, Sa\u00fade, Equidade e Justi\u00e7a Social. Caderno Cedes, Campinas, vol. 29, n. 79, p. 401-416, set\/dez. 2009.\t\t\t\t\t\t\t\n\t\t\t\t\t\t\t\t\t\t\t\t\t\t<span style=\"font-size:12px;\"><br>\n\t                                \t\t\t\t\t\t\t<\/span>\t\n\t                        \n\t\t\t\t\t\t<\/a>\n\t\t\t\t\t\t\n\t\t\t\t\t\t\t<!-- upvote section -->\n\t\t\t\t\t\t\t<div class=\"upvote-section\">\n\t\t\t\t\t\t\t\t<span data-post-id=\"2818\" data-item-title=\"ARROYO, Miguel. Educa\u00e7\u00e3o Popular, Sa\u00fade, Equidade e Justi\u00e7a Social. Caderno Cedes, Campinas, vol. 29, n. 79, p. 401-416, set\/dez. 2009.\" data-item-link=\"https:\/\/www.cedes.unicamp.br\/\" class=\"upvote-btn upvote-on\">\n\t\t\t\t\t\t\t\t\t<i class=\"fa fa-thumbs-up\"><\/i>\n\t\t\t\t\t\t\t\t<\/span>\n\t\t\t\t\t\t\t\t<span class=\"upvote-count\">\n\t\t\t\t\t\t\t\t\t\t\t\t\t\t\t\t\t<\/span>\n\t\t\t\t\t\t\t<\/div>\n\t\t\t\t\t\t\t<!-- \/upvote section -->\n\n\t\t\t\t\t\t\t\t\t\t\t\t\n\t\t\t\t\t<\/li>\n\t\t\t\t\t\n\t\t\t\t\t<li id=\"item-2818-17\">\n\t\t\t\t\t\t\t\t\t\t\t\t<!-- List Anchor -->\n\t\t\t\t\t\t<a   href=\"https:\/\/pt.scribd.com\/document\/341431313\/EBOOK-PEDAGOGIA-DA-LIDERANC-A\"\n\t\t\t\t\t\t\ttarget=\"_blank\">\n\n\t\t\t\t\t\t\t<!-- Image, If Present -->\n\t\t\t\t\t\t\t17 - \t\t\t\t\t\t\t\t\t\t\t\t\t\t\t<span class=\"list-img\">\n\t\t\t\t\t\t\t\t\t<img src=\"https:\/\/www.uninter.com\/biblioteca\/wp-content\/plugins\/simple-link-directory\/\/assets\/images\/list-image-placeholder.png\" alt=\"\">\n\t\t\t\t\t\t\t\t<\/span>\n\t\t\t\t\t\t\t\n\t\t\t\t\t\t\t<!-- Link Text -->\n\t\t\t\t\t\t\tDICKMANN, Ivanio, DICKMANN, Ivo. Pedagogia da Lideran\u00e7a (As 10 Caracter\u00edsticas dos Educadores e Educadoras Populares na Pedagogia do Oprimido de Paulo Freire) \u2013 S\u00e3o Paulo: Editora Dialogar, 2016.\t\t\t\t\t\t\t\n\t\t\t\t\t\t\t\t\t\t\t\t\t\t<span style=\"font-size:12px;\"><br>\n\t                                \t\t\t\t\t\t\t<\/span>\t\n\t                        \n\t\t\t\t\t\t<\/a>\n\t\t\t\t\t\t\n\t\t\t\t\t\t\t<!-- upvote section -->\n\t\t\t\t\t\t\t<div class=\"upvote-section\">\n\t\t\t\t\t\t\t\t<span data-post-id=\"2818\" data-item-title=\"DICKMANN, Ivanio, DICKMANN, Ivo. Pedagogia da Lideran\u00e7a (As 10 Caracter\u00edsticas dos Educadores e Educadoras Populares na Pedagogia do Oprimido de Paulo Freire) \u2013 S\u00e3o Paulo: Editora Dialogar, 2016.\" data-item-link=\"https:\/\/pt.scribd.com\/document\/341431313\/EBOOK-PEDAGOGIA-DA-LIDERANC-A\" class=\"upvote-btn upvote-on\">\n\t\t\t\t\t\t\t\t\t<i class=\"fa fa-thumbs-up\"><\/i>\n\t\t\t\t\t\t\t\t<\/span>\n\t\t\t\t\t\t\t\t<span class=\"upvote-count\">\n\t\t\t\t\t\t\t\t\t\t\t\t\t\t\t\t\t<\/span>\n\t\t\t\t\t\t\t<\/div>\n\t\t\t\t\t\t\t<!-- \/upvote section -->\n\n\t\t\t\t\t\t\t\t\t\t\t\t\n\t\t\t\t\t<\/li>\n\t\t\t\t\t\t\t\t\t<\/ul>\n\n\t\t\t<\/div>\n\n\t\t<\/div>\n\t\t<!-- \/Individual List Item -->\n\n\t\t\n\t\t<br \/>\n\r\n<!--  Starting Simple Link Directory Plugin Output -->\n<div class=\"qcopd_embed_container\">\r\n\r\n\r\n\r\n\r\n\r\n\r\n\r\n<\/div>\r\n<div class=\"qcopd-list-wrapper\">\n\t<div id=\"opd-list-holder\" class=\"qcopd-list-holder\">\n\t\t\n\t\t<!-- Individual List Item -->\n\t\t<div id=\"list-item-1-2829\" class=\"qc-grid-item qcopd-list-column opd-column-1 simple opd-list-id-2829\">\n\t\t\t<div class=\"qcopd-single-list\">\n\t\t\t\t\t<h2 onclick=\"if(document.getElementById('2829').style.display=='block'){document.getElementById('2829').style.display='none';}else{document.getElementById('2829').style.display='block';};\">\n\t\t\t\t\tGEST\u00c3O DAS ORGANIZA\u00c7\u00d5ES DO TERCEIRO SETOR\t\t\t\t<\/h2>\n\t\t\t\t<ul  style=display:none; id=2829 >\n\t\t\t\t\t\n\t\t\t\t\t<li id=\"item-2829-1\">\n\t\t\t\t\t\t\t\t\t\t\t\t<!-- List Anchor -->\n\t\t\t\t\t\t<a   href=\"https:\/\/nemac.paginas.ufsc.br\/files\/2012\/10\/2-bento1.pdf\"\n\t\t\t\t\t\t\ttarget=\"_blank\">\n\n\t\t\t\t\t\t\t<!-- Image, If Present -->\n\t\t\t\t\t\t\t1 - \t\t\t\t\t\t\t\t\t\t\t\t\t\t\n\t\t\t\t\t\t\t\n\t\t\t\t\t\t\t\t<span class=\"list-img\">\n\t\t\t\t\t\t\t\t\t\t\t\t\t\t\t\t\t\t<img src=\"https:\/\/www.uninter.com\/biblioteca\/wp-content\/uploads\/2020\/07\/S-150x150.jpg\" alt=\"\">\n\t\t\t\t\t\t\t\t<\/span>\n\t\t\t\t\t\t\t\n\t\t\t\t\t\t\t<!-- Link Text -->\n\t\t\t\t\t\t\tANAIS DO SEMEAD\t\t\t\t\t\t\t\n\t\t\t\t\t\t\t\t\t\t\t\t\t\t<span style=\"font-size:12px;\"><br>\n\t                                \t\t\t\t\t\t\t<\/span>\t\n\t                        \n\t\t\t\t\t\t<\/a>\n\t\t\t\t\t\t\n\t\t\t\t\t\t\t<!-- upvote section -->\n\t\t\t\t\t\t\t<div class=\"upvote-section\">\n\t\t\t\t\t\t\t\t<span data-post-id=\"2829\" data-item-title=\"ANAIS DO SEMEAD\" data-item-link=\"https:\/\/nemac.paginas.ufsc.br\/files\/2012\/10\/2-bento1.pdf\" class=\"upvote-btn upvote-on\">\n\t\t\t\t\t\t\t\t\t<i class=\"fa fa-thumbs-up\"><\/i>\n\t\t\t\t\t\t\t\t<\/span>\n\t\t\t\t\t\t\t\t<span class=\"upvote-count\">\n\t\t\t\t\t\t\t\t\t\t\t\t\t\t\t\t\t<\/span>\n\t\t\t\t\t\t\t<\/div>\n\t\t\t\t\t\t\t<!-- \/upvote section -->\n\n\t\t\t\t\t\t\t\t\t\t\t\t\n\t\t\t\t\t<\/li>\n\t\t\t\t\t\n\t\t\t\t\t<li id=\"item-2829-2\">\n\t\t\t\t\t\t\t\t\t\t\t\t<!-- List Anchor -->\n\t\t\t\t\t\t<a   href=\"https:\/\/periodicos.uff.br\/pca\/article\/view\/11195\"\n\t\t\t\t\t\t\ttarget=\"_blank\">\n\n\t\t\t\t\t\t\t<!-- Image, If Present -->\n\t\t\t\t\t\t\t2 - \t\t\t\t\t\t\t\t\t\t\t\t\t\t\n\t\t\t\t\t\t\t\n\t\t\t\t\t\t\t\t<span class=\"list-img\">\n\t\t\t\t\t\t\t\t\t\t\t\t\t\t\t\t\t\t<img src=\"https:\/\/www.uninter.com\/biblioteca\/wp-content\/uploads\/2020\/07\/homepageImage_pt_BR-150x150.png\" alt=\"\">\n\t\t\t\t\t\t\t\t<\/span>\n\t\t\t\t\t\t\t\n\t\t\t\t\t\t\t<!-- Link Text -->\n\t\t\t\t\t\t\tRevista Pensamento Contempor\u00e2neo em Administra\u00e7\u00e3o\t\t\t\t\t\t\t\n\t\t\t\t\t\t\t\t\t\t\t\t\t\t<span style=\"font-size:12px;\"><br>\n\t                                \t\t\t\t\t\t\t<\/span>\t\n\t                        \n\t\t\t\t\t\t<\/a>\n\t\t\t\t\t\t\n\t\t\t\t\t\t\t<!-- upvote section -->\n\t\t\t\t\t\t\t<div class=\"upvote-section\">\n\t\t\t\t\t\t\t\t<span data-post-id=\"2829\" data-item-title=\"Revista Pensamento Contempor\u00e2neo em Administra\u00e7\u00e3o\" data-item-link=\"https:\/\/periodicos.uff.br\/pca\/article\/view\/11195\" class=\"upvote-btn upvote-on\">\n\t\t\t\t\t\t\t\t\t<i class=\"fa fa-thumbs-up\"><\/i>\n\t\t\t\t\t\t\t\t<\/span>\n\t\t\t\t\t\t\t\t<span class=\"upvote-count\">\n\t\t\t\t\t\t\t\t\t\t\t\t\t\t\t\t\t<\/span>\n\t\t\t\t\t\t\t<\/div>\n\t\t\t\t\t\t\t<!-- \/upvote section -->\n\n\t\t\t\t\t\t\t\t\t\t\t\t\n\t\t\t\t\t<\/li>\n\t\t\t\t\t\n\t\t\t\t\t<li id=\"item-2829-3\">\n\t\t\t\t\t\t\t\t\t\t\t\t<!-- List Anchor -->\n\t\t\t\t\t\t<a   href=\"https:\/\/revistas.ufrj.br\/index.php\/scg\/article\/view\/13376\"\n\t\t\t\t\t\t\ttarget=\"_blank\">\n\n\t\t\t\t\t\t\t<!-- Image, If Present -->\n\t\t\t\t\t\t\t3 - \t\t\t\t\t\t\t\t\t\t\t\t\t\t\n\t\t\t\t\t\t\t\n\t\t\t\t\t\t\t\t<span class=\"list-img\">\n\t\t\t\t\t\t\t\t\t\t\t\t\t\t\t\t\t\t<img src=\"https:\/\/www.uninter.com\/biblioteca\/wp-content\/uploads\/2020\/07\/download-3-150x97.jpg\" alt=\"\">\n\t\t\t\t\t\t\t\t<\/span>\n\t\t\t\t\t\t\t\n\t\t\t\t\t\t\t<!-- Link Text -->\n\t\t\t\t\t\t\tRevista Sociedade, Contabilidade e Gest\u00e3o\t\t\t\t\t\t\t\n\t\t\t\t\t\t\t\t\t\t\t\t\t\t<span style=\"font-size:12px;\"><br>\n\t                                \t\t\t\t\t\t\t<\/span>\t\n\t                        \n\t\t\t\t\t\t<\/a>\n\t\t\t\t\t\t\n\t\t\t\t\t\t\t<!-- upvote section -->\n\t\t\t\t\t\t\t<div class=\"upvote-section\">\n\t\t\t\t\t\t\t\t<span data-post-id=\"2829\" data-item-title=\"Revista Sociedade, Contabilidade e Gest\u00e3o\" data-item-link=\"https:\/\/revistas.ufrj.br\/index.php\/scg\/article\/view\/13376\" class=\"upvote-btn upvote-on\">\n\t\t\t\t\t\t\t\t\t<i class=\"fa fa-thumbs-up\"><\/i>\n\t\t\t\t\t\t\t\t<\/span>\n\t\t\t\t\t\t\t\t<span class=\"upvote-count\">\n\t\t\t\t\t\t\t\t\t\t\t\t\t\t\t\t\t<\/span>\n\t\t\t\t\t\t\t<\/div>\n\t\t\t\t\t\t\t<!-- \/upvote section -->\n\n\t\t\t\t\t\t\t\t\t\t\t\t\n\t\t\t\t\t<\/li>\n\t\t\t\t\t\n\t\t\t\t\t<li id=\"item-2829-4\">\n\t\t\t\t\t\t\t\t\t\t\t\t<!-- List Anchor -->\n\t\t\t\t\t\t<a   href=\"https:\/\/www.scielo.br\/scielo.php?script=sci_arttext&#038;pid=S0034-76122010000600003&#038;lng=pt&#038;nrm=isso\"\n\t\t\t\t\t\t\ttarget=\"_blank\">\n\n\t\t\t\t\t\t\t<!-- Image, If Present -->\n\t\t\t\t\t\t\t4 - \t\t\t\t\t\t\t\t\t\t\t\t\t\t\n\t\t\t\t\t\t\t\n\t\t\t\t\t\t\t\t<span class=\"list-img\">\n\t\t\t\t\t\t\t\t\t\t\t\t\t\t\t\t\t\t<img src=\"https:\/\/www.uninter.com\/biblioteca\/wp-content\/uploads\/2020\/07\/marca_rap2-150x150.png\" alt=\"\">\n\t\t\t\t\t\t\t\t<\/span>\n\t\t\t\t\t\t\t\n\t\t\t\t\t\t\t<!-- Link Text -->\n\t\t\t\t\t\t\tRevista de Administra\u00e7\u00e3o P\u00fablica\t\t\t\t\t\t\t\n\t\t\t\t\t\t\t\t\t\t\t\t\t\t<span style=\"font-size:12px;\"><br>\n\t                                \t\t\t\t\t\t\t<\/span>\t\n\t                        \n\t\t\t\t\t\t<\/a>\n\t\t\t\t\t\t\n\t\t\t\t\t\t\t<!-- upvote section -->\n\t\t\t\t\t\t\t<div class=\"upvote-section\">\n\t\t\t\t\t\t\t\t<span data-post-id=\"2829\" data-item-title=\"Revista de Administra\u00e7\u00e3o P\u00fablica\" data-item-link=\"https:\/\/www.scielo.br\/scielo.php?script=sci_arttext&#038;pid=S0034-76122010000600003&#038;lng=pt&#038;nrm=isso\" class=\"upvote-btn upvote-on\">\n\t\t\t\t\t\t\t\t\t<i class=\"fa fa-thumbs-up\"><\/i>\n\t\t\t\t\t\t\t\t<\/span>\n\t\t\t\t\t\t\t\t<span class=\"upvote-count\">\n\t\t\t\t\t\t\t\t\t\t\t\t\t\t\t\t\t<\/span>\n\t\t\t\t\t\t\t<\/div>\n\t\t\t\t\t\t\t<!-- \/upvote section -->\n\n\t\t\t\t\t\t\t\t\t\t\t\t\n\t\t\t\t\t<\/li>\n\t\t\t\t\t\n\t\t\t\t\t<li id=\"item-2829-5\">\n\t\t\t\t\t\t\t\t\t\t\t\t<!-- List Anchor -->\n\t\t\t\t\t\t<a   href=\"http:\/\/www.repec.org.br\/repec\/article\/view\/20\"\n\t\t\t\t\t\t\ttarget=\"_blank\">\n\n\t\t\t\t\t\t\t<!-- Image, If Present -->\n\t\t\t\t\t\t\t5 - \t\t\t\t\t\t\t\t\t\t\t\t\t\t\n\t\t\t\t\t\t\t\n\t\t\t\t\t\t\t\t<span class=\"list-img\">\n\t\t\t\t\t\t\t\t\t\t\t\t\t\t\t\t\t\t<img src=\"https:\/\/www.uninter.com\/biblioteca\/wp-content\/uploads\/2020\/07\/unnamed-3-150x150.jpg\" alt=\"\">\n\t\t\t\t\t\t\t\t<\/span>\n\t\t\t\t\t\t\t\n\t\t\t\t\t\t\t<!-- Link Text -->\n\t\t\t\t\t\t\tRevista de Educa\u00e7\u00e3o e Pesquisa em Contabilidade\t\t\t\t\t\t\t\n\t\t\t\t\t\t\t\t\t\t\t\t\t\t<span style=\"font-size:12px;\"><br>\n\t                                \t\t\t\t\t\t\t<\/span>\t\n\t                        \n\t\t\t\t\t\t<\/a>\n\t\t\t\t\t\t\n\t\t\t\t\t\t\t<!-- upvote section -->\n\t\t\t\t\t\t\t<div class=\"upvote-section\">\n\t\t\t\t\t\t\t\t<span data-post-id=\"2829\" data-item-title=\"Revista de Educa\u00e7\u00e3o e Pesquisa em Contabilidade\" data-item-link=\"http:\/\/www.repec.org.br\/repec\/article\/view\/20\" class=\"upvote-btn upvote-on\">\n\t\t\t\t\t\t\t\t\t<i class=\"fa fa-thumbs-up\"><\/i>\n\t\t\t\t\t\t\t\t<\/span>\n\t\t\t\t\t\t\t\t<span class=\"upvote-count\">\n\t\t\t\t\t\t\t\t\t\t\t\t\t\t\t\t\t<\/span>\n\t\t\t\t\t\t\t<\/div>\n\t\t\t\t\t\t\t<!-- \/upvote section -->\n\n\t\t\t\t\t\t\t\t\t\t\t\t\n\t\t\t\t\t<\/li>\n\t\t\t\t\t\n\t\t\t\t\t<li id=\"item-2829-6\">\n\t\t\t\t\t\t\t\t\t\t\t\t<!-- List Anchor -->\n\t\t\t\t\t\t<a   href=\"http:\/\/periodicos.uem.br\/ojs\/index.php\/Enfoque\/article\/view\/3493\"\n\t\t\t\t\t\t\ttarget=\"_blank\">\n\n\t\t\t\t\t\t\t<!-- Image, If Present -->\n\t\t\t\t\t\t\t6 - \t\t\t\t\t\t\t\t\t\t\t\t\t\t\n\t\t\t\t\t\t\t\n\t\t\t\t\t\t\t\t<span class=\"list-img\">\n\t\t\t\t\t\t\t\t\t\t\t\t\t\t\t\t\t\t<img src=\"https:\/\/www.uninter.com\/biblioteca\/wp-content\/uploads\/2020\/07\/getImagemPeriodico-150x150.jpg\" alt=\"\">\n\t\t\t\t\t\t\t\t<\/span>\n\t\t\t\t\t\t\t\n\t\t\t\t\t\t\t<!-- Link Text -->\n\t\t\t\t\t\t\tEnfoque: Reflex\u00e3o Cont\u00e1bil\t\t\t\t\t\t\t\n\t\t\t\t\t\t\t\t\t\t\t\t\t\t<span style=\"font-size:12px;\"><br>\n\t                                \t\t\t\t\t\t\t<\/span>\t\n\t                        \n\t\t\t\t\t\t<\/a>\n\t\t\t\t\t\t\n\t\t\t\t\t\t\t<!-- upvote section -->\n\t\t\t\t\t\t\t<div class=\"upvote-section\">\n\t\t\t\t\t\t\t\t<span data-post-id=\"2829\" data-item-title=\"Enfoque: Reflex\u00e3o Cont\u00e1bil\" data-item-link=\"http:\/\/periodicos.uem.br\/ojs\/index.php\/Enfoque\/article\/view\/3493\" class=\"upvote-btn upvote-on\">\n\t\t\t\t\t\t\t\t\t<i class=\"fa fa-thumbs-up\"><\/i>\n\t\t\t\t\t\t\t\t<\/span>\n\t\t\t\t\t\t\t\t<span class=\"upvote-count\">\n\t\t\t\t\t\t\t\t\t\t\t\t\t\t\t\t\t<\/span>\n\t\t\t\t\t\t\t<\/div>\n\t\t\t\t\t\t\t<!-- \/upvote section -->\n\n\t\t\t\t\t\t\t\t\t\t\t\t\n\t\t\t\t\t<\/li>\n\t\t\t\t\t\n\t\t\t\t\t<li id=\"item-2829-7\">\n\t\t\t\t\t\t\t\t\t\t\t\t<!-- List Anchor -->\n\t\t\t\t\t\t<a   href=\"https:\/\/www.revistacgg.org\/index.php\/contabil\"\n\t\t\t\t\t\t\ttarget=\"_blank\">\n\n\t\t\t\t\t\t\t<!-- Image, If Present -->\n\t\t\t\t\t\t\t7 - \t\t\t\t\t\t\t\t\t\t\t\t\t\t\n\t\t\t\t\t\t\t\n\t\t\t\t\t\t\t\t<span class=\"list-img\">\n\t\t\t\t\t\t\t\t\t\t\t\t\t\t\t\t\t\t<img src=\"https:\/\/www.uninter.com\/biblioteca\/wp-content\/uploads\/2020\/07\/homepageImage_en_US-150x150.jpg\" alt=\"\">\n\t\t\t\t\t\t\t\t<\/span>\n\t\t\t\t\t\t\t\n\t\t\t\t\t\t\t<!-- Link Text -->\n\t\t\t\t\t\t\tJournal of Accounting, Management and Governance\t\t\t\t\t\t\t\n\t\t\t\t\t\t\t\t\t\t\t\t\t\t<span style=\"font-size:12px;\"><br>\n\t                                \t\t\t\t\t\t\t<\/span>\t\n\t                        \n\t\t\t\t\t\t<\/a>\n\t\t\t\t\t\t\n\t\t\t\t\t\t\t<!-- upvote section -->\n\t\t\t\t\t\t\t<div class=\"upvote-section\">\n\t\t\t\t\t\t\t\t<span data-post-id=\"2829\" data-item-title=\"Journal of Accounting, Management and Governance\" data-item-link=\"https:\/\/www.revistacgg.org\/index.php\/contabil\" class=\"upvote-btn upvote-on\">\n\t\t\t\t\t\t\t\t\t<i class=\"fa fa-thumbs-up\"><\/i>\n\t\t\t\t\t\t\t\t<\/span>\n\t\t\t\t\t\t\t\t<span class=\"upvote-count\">\n\t\t\t\t\t\t\t\t\t\t\t\t\t\t\t\t\t<\/span>\n\t\t\t\t\t\t\t<\/div>\n\t\t\t\t\t\t\t<!-- \/upvote section -->\n\n\t\t\t\t\t\t\t\t\t\t\t\t\n\t\t\t\t\t<\/li>\n\t\t\t\t\t\n\t\t\t\t\t<li id=\"item-2829-8\">\n\t\t\t\t\t\t\t\t\t\t\t\t<!-- List Anchor -->\n\t\t\t\t\t\t<a   href=\"https:\/\/periodicos.ufjf.br\/index.php\/libertas\/article\/view\/18158\"\n\t\t\t\t\t\t\ttarget=\"_blank\">\n\n\t\t\t\t\t\t\t<!-- Image, If Present -->\n\t\t\t\t\t\t\t8 - \t\t\t\t\t\t\t\t\t\t\t\t\t\t\n\t\t\t\t\t\t\t\n\t\t\t\t\t\t\t\t<span class=\"list-img\">\n\t\t\t\t\t\t\t\t\t\t\t\t\t\t\t\t\t\t<img src=\"https:\/\/www.uninter.com\/biblioteca\/wp-content\/uploads\/2020\/07\/cover_issue_780_pt_BR-150x150.jpg\" alt=\"\">\n\t\t\t\t\t\t\t\t<\/span>\n\t\t\t\t\t\t\t\n\t\t\t\t\t\t\t<!-- Link Text -->\n\t\t\t\t\t\t\tRevista Libertas\t\t\t\t\t\t\t\n\t\t\t\t\t\t\t\t\t\t\t\t\t\t<span style=\"font-size:12px;\"><br>\n\t                                \t\t\t\t\t\t\t<\/span>\t\n\t                        \n\t\t\t\t\t\t<\/a>\n\t\t\t\t\t\t\n\t\t\t\t\t\t\t<!-- upvote section -->\n\t\t\t\t\t\t\t<div class=\"upvote-section\">\n\t\t\t\t\t\t\t\t<span data-post-id=\"2829\" data-item-title=\"Revista Libertas\" data-item-link=\"https:\/\/periodicos.ufjf.br\/index.php\/libertas\/article\/view\/18158\" class=\"upvote-btn upvote-on\">\n\t\t\t\t\t\t\t\t\t<i class=\"fa fa-thumbs-up\"><\/i>\n\t\t\t\t\t\t\t\t<\/span>\n\t\t\t\t\t\t\t\t<span class=\"upvote-count\">\n\t\t\t\t\t\t\t\t\t\t\t\t\t\t\t\t\t<\/span>\n\t\t\t\t\t\t\t<\/div>\n\t\t\t\t\t\t\t<!-- \/upvote section -->\n\n\t\t\t\t\t\t\t\t\t\t\t\t\n\t\t\t\t\t<\/li>\n\t\t\t\t\t\n\t\t\t\t\t<li id=\"item-2829-9\">\n\t\t\t\t\t\t\t\t\t\t\t\t<!-- List Anchor -->\n\t\t\t\t\t\t<a   href=\"https:\/\/periodicos.ufpb.br\/index.php\/mepad\"\n\t\t\t\t\t\t\ttarget=\"_blank\">\n\n\t\t\t\t\t\t\t<!-- Image, If Present -->\n\t\t\t\t\t\t\t9 - \t\t\t\t\t\t\t\t\t\t\t\t\t\t\n\t\t\t\t\t\t\t\n\t\t\t\t\t\t\t\t<span class=\"list-img\">\n\t\t\t\t\t\t\t\t\t\t\t\t\t\t\t\t\t\t<img src=\"https:\/\/www.uninter.com\/biblioteca\/wp-content\/uploads\/2020\/07\/pageHeaderLogoImage_pt_BR-150x150.png\" alt=\"\">\n\t\t\t\t\t\t\t\t<\/span>\n\t\t\t\t\t\t\t\n\t\t\t\t\t\t\t<!-- Link Text -->\n\t\t\t\t\t\t\tRevista mepad\t\t\t\t\t\t\t\n\t\t\t\t\t\t\t\t\t\t\t\t\t\t<span style=\"font-size:12px;\"><br>\n\t                                \t\t\t\t\t\t\t<\/span>\t\n\t                        \n\t\t\t\t\t\t<\/a>\n\t\t\t\t\t\t\n\t\t\t\t\t\t\t<!-- upvote section -->\n\t\t\t\t\t\t\t<div class=\"upvote-section\">\n\t\t\t\t\t\t\t\t<span data-post-id=\"2829\" data-item-title=\"Revista mepad\" data-item-link=\"https:\/\/periodicos.ufpb.br\/index.php\/mepad\" class=\"upvote-btn upvote-on\">\n\t\t\t\t\t\t\t\t\t<i class=\"fa fa-thumbs-up\"><\/i>\n\t\t\t\t\t\t\t\t<\/span>\n\t\t\t\t\t\t\t\t<span class=\"upvote-count\">\n\t\t\t\t\t\t\t\t\t\t\t\t\t\t\t\t\t<\/span>\n\t\t\t\t\t\t\t<\/div>\n\t\t\t\t\t\t\t<!-- \/upvote section -->\n\n\t\t\t\t\t\t\t\t\t\t\t\t\n\t\t\t\t\t<\/li>\n\t\t\t\t\t\n\t\t\t\t\t<li id=\"item-2829-10\">\n\t\t\t\t\t\t\t\t\t\t\t\t<!-- List Anchor -->\n\t\t\t\t\t\t<a   href=\"http:\/\/www.spell.org.br\/periodicos\/ver\/61\/revista-organizacoes-em-contexto\"\n\t\t\t\t\t\t\ttarget=\"_blank\">\n\n\t\t\t\t\t\t\t<!-- Image, If Present -->\n\t\t\t\t\t\t\t10 - \t\t\t\t\t\t\t\t\t\t\t\t\t\t\n\t\t\t\t\t\t\t\n\t\t\t\t\t\t\t\t<span class=\"list-img\">\n\t\t\t\t\t\t\t\t\t\t\t\t\t\t\t\t\t\t<img src=\"https:\/\/www.uninter.com\/biblioteca\/wp-content\/uploads\/2020\/07\/thumb_61-150x47.jpg\" alt=\"\">\n\t\t\t\t\t\t\t\t<\/span>\n\t\t\t\t\t\t\t\n\t\t\t\t\t\t\t<!-- Link Text -->\n\t\t\t\t\t\t\tROC - Revista Organiza\u00e7\u00f5es em Contexto\t\t\t\t\t\t\t\n\t\t\t\t\t\t\t\t\t\t\t\t\t\t<span style=\"font-size:12px;\"><br>\n\t                                \t\t\t\t\t\t\t<\/span>\t\n\t                        \n\t\t\t\t\t\t<\/a>\n\t\t\t\t\t\t\n\t\t\t\t\t\t\t<!-- upvote section -->\n\t\t\t\t\t\t\t<div class=\"upvote-section\">\n\t\t\t\t\t\t\t\t<span data-post-id=\"2829\" data-item-title=\"ROC - Revista Organiza\u00e7\u00f5es em Contexto\" data-item-link=\"http:\/\/www.spell.org.br\/periodicos\/ver\/61\/revista-organizacoes-em-contexto\" class=\"upvote-btn upvote-on\">\n\t\t\t\t\t\t\t\t\t<i class=\"fa fa-thumbs-up\"><\/i>\n\t\t\t\t\t\t\t\t<\/span>\n\t\t\t\t\t\t\t\t<span class=\"upvote-count\">\n\t\t\t\t\t\t\t\t\t\t\t\t\t\t\t\t\t<\/span>\n\t\t\t\t\t\t\t<\/div>\n\t\t\t\t\t\t\t<!-- \/upvote section -->\n\n\t\t\t\t\t\t\t\t\t\t\t\t\n\t\t\t\t\t<\/li>\n\t\t\t\t\t\n\t\t\t\t\t<li id=\"item-2829-11\">\n\t\t\t\t\t\t\t\t\t\t\t\t<!-- List Anchor -->\n\t\t\t\t\t\t<a   href=\"https:\/\/periodicos.ufes.br\/index.php\/ppgadm\"\n\t\t\t\t\t\t\ttarget=\"_blank\">\n\n\t\t\t\t\t\t\t<!-- Image, If Present -->\n\t\t\t\t\t\t\t11 - \t\t\t\t\t\t\t\t\t\t\t\t\t\t\n\t\t\t\t\t\t\t\n\t\t\t\t\t\t\t\t<span class=\"list-img\">\n\t\t\t\t\t\t\t\t\t\t\t\t\t\t\t\t\t\t<img src=\"https:\/\/www.uninter.com\/biblioteca\/wp-content\/uploads\/2020\/07\/cover_issue_1172_pt_BR-150x150.png\" alt=\"\">\n\t\t\t\t\t\t\t\t<\/span>\n\t\t\t\t\t\t\t\n\t\t\t\t\t\t\t<!-- Link Text -->\n\t\t\t\t\t\t\tRevista Gest\u00e3o &amp; Conex\u00f5es\t\t\t\t\t\t\t\n\t\t\t\t\t\t\t\t\t\t\t\t\t\t<span style=\"font-size:12px;\"><br>\n\t                                \t\t\t\t\t\t\t<\/span>\t\n\t                        \n\t\t\t\t\t\t<\/a>\n\t\t\t\t\t\t\n\t\t\t\t\t\t\t<!-- upvote section -->\n\t\t\t\t\t\t\t<div class=\"upvote-section\">\n\t\t\t\t\t\t\t\t<span data-post-id=\"2829\" data-item-title=\"Revista Gest\u00e3o &amp; Conex\u00f5es\" data-item-link=\"https:\/\/periodicos.ufes.br\/index.php\/ppgadm\" class=\"upvote-btn upvote-on\">\n\t\t\t\t\t\t\t\t\t<i class=\"fa fa-thumbs-up\"><\/i>\n\t\t\t\t\t\t\t\t<\/span>\n\t\t\t\t\t\t\t\t<span class=\"upvote-count\">\n\t\t\t\t\t\t\t\t\t\t\t\t\t\t\t\t\t<\/span>\n\t\t\t\t\t\t\t<\/div>\n\t\t\t\t\t\t\t<!-- \/upvote section -->\n\n\t\t\t\t\t\t\t\t\t\t\t\t\n\t\t\t\t\t<\/li>\n\t\t\t\t\t\n\t\t\t\t\t<li id=\"item-2829-12\">\n\t\t\t\t\t\t\t\t\t\t\t\t<!-- List Anchor -->\n\t\t\t\t\t\t<a   href=\"https:\/\/periodicos.ufv.br\/apgs\/article\/view\/4799\"\n\t\t\t\t\t\t\ttarget=\"_blank\">\n\n\t\t\t\t\t\t\t<!-- Image, If Present -->\n\t\t\t\t\t\t\t12 - \t\t\t\t\t\t\t\t\t\t\t\t\t\t\n\t\t\t\t\t\t\t\n\t\t\t\t\t\t\t\t<span class=\"list-img\">\n\t\t\t\t\t\t\t\t\t\t\t\t\t\t\t\t\t\t<img src=\"https:\/\/www.uninter.com\/biblioteca\/wp-content\/uploads\/2020\/07\/download-1-150x150.png\" alt=\"\">\n\t\t\t\t\t\t\t\t<\/span>\n\t\t\t\t\t\t\t\n\t\t\t\t\t\t\t<!-- Link Text -->\n\t\t\t\t\t\t\tRevista APGS\t\t\t\t\t\t\t\n\t\t\t\t\t\t\t\t\t\t\t\t\t\t<span style=\"font-size:12px;\"><br>\n\t                                \t\t\t\t\t\t\t<\/span>\t\n\t                        \n\t\t\t\t\t\t<\/a>\n\t\t\t\t\t\t\n\t\t\t\t\t\t\t<!-- upvote section -->\n\t\t\t\t\t\t\t<div class=\"upvote-section\">\n\t\t\t\t\t\t\t\t<span data-post-id=\"2829\" data-item-title=\"Revista APGS\" data-item-link=\"https:\/\/periodicos.ufv.br\/apgs\/article\/view\/4799\" class=\"upvote-btn upvote-on\">\n\t\t\t\t\t\t\t\t\t<i class=\"fa fa-thumbs-up\"><\/i>\n\t\t\t\t\t\t\t\t<\/span>\n\t\t\t\t\t\t\t\t<span class=\"upvote-count\">\n\t\t\t\t\t\t\t\t\t\t\t\t\t\t\t\t\t<\/span>\n\t\t\t\t\t\t\t<\/div>\n\t\t\t\t\t\t\t<!-- \/upvote section -->\n\n\t\t\t\t\t\t\t\t\t\t\t\t\n\t\t\t\t\t<\/li>\n\t\t\t\t\t\n\t\t\t\t\t<li id=\"item-2829-13\">\n\t\t\t\t\t\t\t\t\t\t\t\t<!-- List Anchor -->\n\t\t\t\t\t\t<a   href=\"https:\/\/periodicos.unifor.br\/rca\/article\/view\/397\"\n\t\t\t\t\t\t\ttarget=\"_blank\">\n\n\t\t\t\t\t\t\t<!-- Image, If Present -->\n\t\t\t\t\t\t\t13 - \t\t\t\t\t\t\t\t\t\t\t\t\t\t\n\t\t\t\t\t\t\t\n\t\t\t\t\t\t\t\t<span class=\"list-img\">\n\t\t\t\t\t\t\t\t\t\t\t\t\t\t\t\t\t\t<img src=\"https:\/\/www.uninter.com\/biblioteca\/wp-content\/uploads\/2020\/07\/pageHeaderTitleImage_pt_BR-1-150x150.png\" alt=\"\">\n\t\t\t\t\t\t\t\t<\/span>\n\t\t\t\t\t\t\t\n\t\t\t\t\t\t\t<!-- Link Text -->\n\t\t\t\t\t\t\tRevista Ci\u00eancias Administrativas\t\t\t\t\t\t\t\n\t\t\t\t\t\t\t\t\t\t\t\t\t\t<span style=\"font-size:12px;\"><br>\n\t                                \t\t\t\t\t\t\t<\/span>\t\n\t                        \n\t\t\t\t\t\t<\/a>\n\t\t\t\t\t\t\n\t\t\t\t\t\t\t<!-- upvote section -->\n\t\t\t\t\t\t\t<div class=\"upvote-section\">\n\t\t\t\t\t\t\t\t<span data-post-id=\"2829\" data-item-title=\"Revista Ci\u00eancias Administrativas\" data-item-link=\"https:\/\/periodicos.unifor.br\/rca\/article\/view\/397\" class=\"upvote-btn upvote-on\">\n\t\t\t\t\t\t\t\t\t<i class=\"fa fa-thumbs-up\"><\/i>\n\t\t\t\t\t\t\t\t<\/span>\n\t\t\t\t\t\t\t\t<span class=\"upvote-count\">\n\t\t\t\t\t\t\t\t\t\t\t\t\t\t\t\t\t<\/span>\n\t\t\t\t\t\t\t<\/div>\n\t\t\t\t\t\t\t<!-- \/upvote section -->\n\n\t\t\t\t\t\t\t\t\t\t\t\t\n\t\t\t\t\t<\/li>\n\t\t\t\t\t\n\t\t\t\t\t<li id=\"item-2829-14\">\n\t\t\t\t\t\t\t\t\t\t\t\t<!-- List Anchor -->\n\t\t\t\t\t\t<a   href=\"http:\/\/revistas.ung.br\/index.php\/3setor\/index\"\n\t\t\t\t\t\t\ttarget=\"_blank\">\n\n\t\t\t\t\t\t\t<!-- Image, If Present -->\n\t\t\t\t\t\t\t14 - \t\t\t\t\t\t\t\t\t\t\t\t\t\t\n\t\t\t\t\t\t\t\n\t\t\t\t\t\t\t\t<span class=\"list-img\">\n\t\t\t\t\t\t\t\t\t\t\t\t\t\t\t\t\t\t<img src=\"https:\/\/www.uninter.com\/biblioteca\/wp-content\/uploads\/2020\/07\/cover_issue_145_pt_BR-150x150.jpg\" alt=\"\">\n\t\t\t\t\t\t\t\t<\/span>\n\t\t\t\t\t\t\t\n\t\t\t\t\t\t\t<!-- Link Text -->\n\t\t\t\t\t\t\tREVISTA TERCEIRO SETOR &amp; GEST\u00c3O - UNG-SER\t\t\t\t\t\t\t\n\t\t\t\t\t\t\t\t\t\t\t\t\t\t<span style=\"font-size:12px;\"><br>\n\t                                \t\t\t\t\t\t\t<\/span>\t\n\t                        \n\t\t\t\t\t\t<\/a>\n\t\t\t\t\t\t\n\t\t\t\t\t\t\t<!-- upvote section -->\n\t\t\t\t\t\t\t<div class=\"upvote-section\">\n\t\t\t\t\t\t\t\t<span data-post-id=\"2829\" data-item-title=\"REVISTA TERCEIRO SETOR &amp; GEST\u00c3O - UNG-SER\" data-item-link=\"http:\/\/revistas.ung.br\/index.php\/3setor\/index\" class=\"upvote-btn upvote-on\">\n\t\t\t\t\t\t\t\t\t<i class=\"fa fa-thumbs-up\"><\/i>\n\t\t\t\t\t\t\t\t<\/span>\n\t\t\t\t\t\t\t\t<span class=\"upvote-count\">\n\t\t\t\t\t\t\t\t\t\t\t\t\t\t\t\t\t<\/span>\n\t\t\t\t\t\t\t<\/div>\n\t\t\t\t\t\t\t<!-- \/upvote section -->\n\n\t\t\t\t\t\t\t\t\t\t\t\t\n\t\t\t\t\t<\/li>\n\t\t\t\t\t\n\t\t\t\t\t<li id=\"item-2829-15\">\n\t\t\t\t\t\t\t\t\t\t\t\t<!-- List Anchor -->\n\t\t\t\t\t\t<a   href=\"http:\/\/pepsic.bvsalud.org\/scielo.php?script=sci_arttext&#038;pid=S1519-549X2009000100009\"\n\t\t\t\t\t\t\ttarget=\"_blank\">\n\n\t\t\t\t\t\t\t<!-- Image, If Present -->\n\t\t\t\t\t\t\t15 - \t\t\t\t\t\t\t\t\t\t\t\t\t\t\n\t\t\t\t\t\t\t\n\t\t\t\t\t\t\t\t<span class=\"list-img\">\n\t\t\t\t\t\t\t\t\t\t\t\t\t\t\t\t\t\t<img src=\"https:\/\/www.uninter.com\/biblioteca\/wp-content\/uploads\/2020\/07\/18332-150x150.jpg\" alt=\"\">\n\t\t\t\t\t\t\t\t<\/span>\n\t\t\t\t\t\t\t\n\t\t\t\t\t\t\t<!-- Link Text -->\n\t\t\t\t\t\t\tRevista Psicologia Pol\u00edtica\t\t\t\t\t\t\t\n\t\t\t\t\t\t\t\t\t\t\t\t\t\t<span style=\"font-size:12px;\"><br>\n\t                                \t\t\t\t\t\t\t<\/span>\t\n\t                        \n\t\t\t\t\t\t<\/a>\n\t\t\t\t\t\t\n\t\t\t\t\t\t\t<!-- upvote section -->\n\t\t\t\t\t\t\t<div class=\"upvote-section\">\n\t\t\t\t\t\t\t\t<span data-post-id=\"2829\" data-item-title=\"Revista Psicologia Pol\u00edtica\" data-item-link=\"http:\/\/pepsic.bvsalud.org\/scielo.php?script=sci_arttext&#038;pid=S1519-549X2009000100009\" class=\"upvote-btn upvote-on\">\n\t\t\t\t\t\t\t\t\t<i class=\"fa fa-thumbs-up\"><\/i>\n\t\t\t\t\t\t\t\t<\/span>\n\t\t\t\t\t\t\t\t<span class=\"upvote-count\">\n\t\t\t\t\t\t\t\t\t\t\t\t\t\t\t\t\t<\/span>\n\t\t\t\t\t\t\t<\/div>\n\t\t\t\t\t\t\t<!-- \/upvote section -->\n\n\t\t\t\t\t\t\t\t\t\t\t\t\n\t\t\t\t\t<\/li>\n\t\t\t\t\t\n\t\t\t\t\t<li id=\"item-2829-16\">\n\t\t\t\t\t\t\t\t\t\t\t\t<!-- List Anchor -->\n\t\t\t\t\t\t<a   href=\"http:\/\/revista.uepb.edu.br\/index.php\/qualitas\/index\"\n\t\t\t\t\t\t\ttarget=\"_blank\">\n\n\t\t\t\t\t\t\t<!-- Image, If Present -->\n\t\t\t\t\t\t\t16 - \t\t\t\t\t\t\t\t\t\t\t\t\t\t\n\t\t\t\t\t\t\t\n\t\t\t\t\t\t\t\t<span class=\"list-img\">\n\t\t\t\t\t\t\t\t\t\t\t\t\t\t\t\t\t\t<img src=\"https:\/\/www.uninter.com\/biblioteca\/wp-content\/uploads\/2020\/07\/images-1-150x150.jpg\" alt=\"\">\n\t\t\t\t\t\t\t\t<\/span>\n\t\t\t\t\t\t\t\n\t\t\t\t\t\t\t<!-- Link Text -->\n\t\t\t\t\t\t\tQualitas Revista Eletr\u00f4nica\t\t\t\t\t\t\t\n\t\t\t\t\t\t\t\t\t\t\t\t\t\t<span style=\"font-size:12px;\"><br>\n\t                                \t\t\t\t\t\t\t<\/span>\t\n\t                        \n\t\t\t\t\t\t<\/a>\n\t\t\t\t\t\t\n\t\t\t\t\t\t\t<!-- upvote section -->\n\t\t\t\t\t\t\t<div class=\"upvote-section\">\n\t\t\t\t\t\t\t\t<span data-post-id=\"2829\" data-item-title=\"Qualitas Revista Eletr\u00f4nica\" data-item-link=\"http:\/\/revista.uepb.edu.br\/index.php\/qualitas\/index\" class=\"upvote-btn upvote-on\">\n\t\t\t\t\t\t\t\t\t<i class=\"fa fa-thumbs-up\"><\/i>\n\t\t\t\t\t\t\t\t<\/span>\n\t\t\t\t\t\t\t\t<span class=\"upvote-count\">\n\t\t\t\t\t\t\t\t\t\t\t\t\t\t\t\t\t<\/span>\n\t\t\t\t\t\t\t<\/div>\n\t\t\t\t\t\t\t<!-- \/upvote section -->\n\n\t\t\t\t\t\t\t\t\t\t\t\t\n\t\t\t\t\t<\/li>\n\t\t\t\t\t\n\t\t\t\t\t<li id=\"item-2829-17\">\n\t\t\t\t\t\t\t\t\t\t\t\t<!-- List Anchor -->\n\t\t\t\t\t\t<a   href=\"https:\/\/rac.anpad.org.br\/index.php\/rac\/index\"\n\t\t\t\t\t\t\ttarget=\"_blank\">\n\n\t\t\t\t\t\t\t<!-- Image, If Present -->\n\t\t\t\t\t\t\t17 - \t\t\t\t\t\t\t\t\t\t\t\t\t\t\n\t\t\t\t\t\t\t\n\t\t\t\t\t\t\t\t<span class=\"list-img\">\n\t\t\t\t\t\t\t\t\t\t\t\t\t\t\t\t\t\t<img src=\"https:\/\/www.uninter.com\/biblioteca\/wp-content\/uploads\/2020\/07\/homepageImage_pt_BR-3-150x150.jpg\" alt=\"\">\n\t\t\t\t\t\t\t\t<\/span>\n\t\t\t\t\t\t\t\n\t\t\t\t\t\t\t<!-- Link Text -->\n\t\t\t\t\t\t\tRevista de Administra\u00e7\u00e3o Contempor\u00e2nea (RAC)\t\t\t\t\t\t\t\n\t\t\t\t\t\t\t\t\t\t\t\t\t\t<span style=\"font-size:12px;\"><br>\n\t                                \t\t\t\t\t\t\t<\/span>\t\n\t                        \n\t\t\t\t\t\t<\/a>\n\t\t\t\t\t\t\n\t\t\t\t\t\t\t<!-- upvote section -->\n\t\t\t\t\t\t\t<div class=\"upvote-section\">\n\t\t\t\t\t\t\t\t<span data-post-id=\"2829\" data-item-title=\"Revista de Administra\u00e7\u00e3o Contempor\u00e2nea (RAC)\" data-item-link=\"https:\/\/rac.anpad.org.br\/index.php\/rac\/index\" class=\"upvote-btn upvote-on\">\n\t\t\t\t\t\t\t\t\t<i class=\"fa fa-thumbs-up\"><\/i>\n\t\t\t\t\t\t\t\t<\/span>\n\t\t\t\t\t\t\t\t<span class=\"upvote-count\">\n\t\t\t\t\t\t\t\t\t\t\t\t\t\t\t\t\t<\/span>\n\t\t\t\t\t\t\t<\/div>\n\t\t\t\t\t\t\t<!-- \/upvote section -->\n\n\t\t\t\t\t\t\t\t\t\t\t\t\n\t\t\t\t\t<\/li>\n\t\t\t\t\t\n\t\t\t\t\t<li id=\"item-2829-18\">\n\t\t\t\t\t\t\t\t\t\t\t\t<!-- List Anchor -->\n\t\t\t\t\t\t<a   href=\"http:\/\/bibliotecadigital.fgv.br\/ojs\/index.php\/rae\/index\"\n\t\t\t\t\t\t\ttarget=\"_blank\">\n\n\t\t\t\t\t\t\t<!-- Image, If Present -->\n\t\t\t\t\t\t\t18 - \t\t\t\t\t\t\t\t\t\t\t\t\t\t\n\t\t\t\t\t\t\t\n\t\t\t\t\t\t\t\t<span class=\"list-img\">\n\t\t\t\t\t\t\t\t\t\t\t\t\t\t\t\t\t\t<img src=\"https:\/\/www.uninter.com\/biblioteca\/wp-content\/uploads\/2020\/07\/rae_1_2013_0-150x150.jpg\" alt=\"\">\n\t\t\t\t\t\t\t\t<\/span>\n\t\t\t\t\t\t\t\n\t\t\t\t\t\t\t<!-- Link Text -->\n\t\t\t\t\t\t\tRAE-Revista de Administra\u00e7\u00e3o de Empresas\t\t\t\t\t\t\t\n\t\t\t\t\t\t\t\t\t\t\t\t\t\t<span style=\"font-size:12px;\"><br>\n\t                                \t\t\t\t\t\t\t<\/span>\t\n\t                        \n\t\t\t\t\t\t<\/a>\n\t\t\t\t\t\t\n\t\t\t\t\t\t\t<!-- upvote section -->\n\t\t\t\t\t\t\t<div class=\"upvote-section\">\n\t\t\t\t\t\t\t\t<span data-post-id=\"2829\" data-item-title=\"RAE-Revista de Administra\u00e7\u00e3o de Empresas\" data-item-link=\"http:\/\/bibliotecadigital.fgv.br\/ojs\/index.php\/rae\/index\" class=\"upvote-btn upvote-on\">\n\t\t\t\t\t\t\t\t\t<i class=\"fa fa-thumbs-up\"><\/i>\n\t\t\t\t\t\t\t\t<\/span>\n\t\t\t\t\t\t\t\t<span class=\"upvote-count\">\n\t\t\t\t\t\t\t\t\t\t\t\t\t\t\t\t\t<\/span>\n\t\t\t\t\t\t\t<\/div>\n\t\t\t\t\t\t\t<!-- \/upvote section -->\n\n\t\t\t\t\t\t\t\t\t\t\t\t\n\t\t\t\t\t<\/li>\n\t\t\t\t\t\n\t\t\t\t\t<li id=\"item-2829-19\">\n\t\t\t\t\t\t\t\t\t\t\t\t<!-- List Anchor -->\n\t\t\t\t\t\t<a   href=\"https:\/\/periodicos.ufpe.br\/revistas\/gestaoorg\/article\/view\/21687\"\n\t\t\t\t\t\t\ttarget=\"_blank\">\n\n\t\t\t\t\t\t\t<!-- Image, If Present -->\n\t\t\t\t\t\t\t19 - \t\t\t\t\t\t\t\t\t\t\t\t\t\t\n\t\t\t\t\t\t\t\n\t\t\t\t\t\t\t\t<span class=\"list-img\">\n\t\t\t\t\t\t\t\t\t\t\t\t\t\t\t\t\t\t<img src=\"https:\/\/www.uninter.com\/biblioteca\/wp-content\/uploads\/2020\/07\/journalThumbnail_pt_BR-150x150.gif\" alt=\"\">\n\t\t\t\t\t\t\t\t<\/span>\n\t\t\t\t\t\t\t\n\t\t\t\t\t\t\t<!-- Link Text -->\n\t\t\t\t\t\t\tRevista Eletr\u00f4nica de Gest\u00e3o Organizacional\t\t\t\t\t\t\t\n\t\t\t\t\t\t\t\t\t\t\t\t\t\t<span style=\"font-size:12px;\"><br>\n\t                                \t\t\t\t\t\t\t<\/span>\t\n\t                        \n\t\t\t\t\t\t<\/a>\n\t\t\t\t\t\t\n\t\t\t\t\t\t\t<!-- upvote section -->\n\t\t\t\t\t\t\t<div class=\"upvote-section\">\n\t\t\t\t\t\t\t\t<span data-post-id=\"2829\" data-item-title=\"Revista Eletr\u00f4nica de Gest\u00e3o Organizacional\" data-item-link=\"https:\/\/periodicos.ufpe.br\/revistas\/gestaoorg\/article\/view\/21687\" class=\"upvote-btn upvote-on\">\n\t\t\t\t\t\t\t\t\t<i class=\"fa fa-thumbs-up\"><\/i>\n\t\t\t\t\t\t\t\t<\/span>\n\t\t\t\t\t\t\t\t<span class=\"upvote-count\">\n\t\t\t\t\t\t\t\t\t\t\t\t\t\t\t\t\t<\/span>\n\t\t\t\t\t\t\t<\/div>\n\t\t\t\t\t\t\t<!-- \/upvote section -->\n\n\t\t\t\t\t\t\t\t\t\t\t\t\n\t\t\t\t\t<\/li>\n\t\t\t\t\t\n\t\t\t\t\t<li id=\"item-2829-20\">\n\t\t\t\t\t\t\t\t\t\t\t\t<!-- List Anchor -->\n\t\t\t\t\t\t<a   href=\"https:\/\/periodicos.ufrn.br\/ambiente\/article\/view\/16503\"\n\t\t\t\t\t\t\ttarget=\"_blank\">\n\n\t\t\t\t\t\t\t<!-- Image, If Present -->\n\t\t\t\t\t\t\t20 - \t\t\t\t\t\t\t\t\t\t\t\t\t\t\n\t\t\t\t\t\t\t\n\t\t\t\t\t\t\t\t<span class=\"list-img\">\n\t\t\t\t\t\t\t\t\t\t\t\t\t\t\t\t\t\t<img src=\"https:\/\/www.uninter.com\/biblioteca\/wp-content\/uploads\/2020\/07\/favicon_pt_BR-150x131.jpg\" alt=\"\">\n\t\t\t\t\t\t\t\t<\/span>\n\t\t\t\t\t\t\t\n\t\t\t\t\t\t\t<!-- Link Text -->\n\t\t\t\t\t\t\tREVISTA AMBIENTE CONT\u00c1BIL\t\t\t\t\t\t\t\n\t\t\t\t\t\t\t\t\t\t\t\t\t\t<span style=\"font-size:12px;\"><br>\n\t                                \t\t\t\t\t\t\t<\/span>\t\n\t                        \n\t\t\t\t\t\t<\/a>\n\t\t\t\t\t\t\n\t\t\t\t\t\t\t<!-- upvote section -->\n\t\t\t\t\t\t\t<div class=\"upvote-section\">\n\t\t\t\t\t\t\t\t<span data-post-id=\"2829\" data-item-title=\"REVISTA AMBIENTE CONT\u00c1BIL\" data-item-link=\"https:\/\/periodicos.ufrn.br\/ambiente\/article\/view\/16503\" class=\"upvote-btn upvote-on\">\n\t\t\t\t\t\t\t\t\t<i class=\"fa fa-thumbs-up\"><\/i>\n\t\t\t\t\t\t\t\t<\/span>\n\t\t\t\t\t\t\t\t<span class=\"upvote-count\">\n\t\t\t\t\t\t\t\t\t\t\t\t\t\t\t\t\t<\/span>\n\t\t\t\t\t\t\t<\/div>\n\t\t\t\t\t\t\t<!-- \/upvote section -->\n\n\t\t\t\t\t\t\t\t\t\t\t\t\n\t\t\t\t\t<\/li>\n\t\t\t\t\t\t\t\t\t<\/ul>\n\n\t\t\t<\/div>\n\n\t\t<\/div>\n\t\t<!-- \/Individual List Item -->\n\n\t\t\n\t\t<\/p>\n","protected":false},"excerpt":{"rendered":"<p>CI\u00caNCIAS AGR\u00c1RIAS | COMUNICA\u00c7\u00c3O E MARKETING | DIGITAL | EDUCA\u00c7\u00c3O E ARTES | ENGENHARIA IND\u00daSTRIA E TECNOLOGIAS | GEST\u00c3O E NEG\u00d3CIOS | HUMANIDADES | JUR\u00cdDICA | MEIO AMBIENTE | POL\u00cdTICA | P\u00daBLICO E URBANO | RECURSOS HUMANOS | SA\u00daDE | SEGURAN\u00c7A Peri\u00f3dicos on-line: Clique no curso para expandir as revistas cient\u00edficas. Humanidades<\/p>\n","protected":false},"author":4,"featured_media":0,"parent":0,"menu_order":0,"comment_status":"closed","ping_status":"closed","template":"templates\/template-full.php","meta":[],"acf":[],"_links":{"self":[{"href":"https:\/\/www.uninter.com\/biblioteca\/wp-json\/wp\/v2\/pages\/3902"}],"collection":[{"href":"https:\/\/www.uninter.com\/biblioteca\/wp-json\/wp\/v2\/pages"}],"about":[{"href":"https:\/\/www.uninter.com\/biblioteca\/wp-json\/wp\/v2\/types\/page"}],"author":[{"embeddable":true,"href":"https:\/\/www.uninter.com\/biblioteca\/wp-json\/wp\/v2\/users\/4"}],"replies":[{"embeddable":true,"href":"https:\/\/www.uninter.com\/biblioteca\/wp-json\/wp\/v2\/comments?post=3902"}],"version-history":[{"count":13,"href":"https:\/\/www.uninter.com\/biblioteca\/wp-json\/wp\/v2\/pages\/3902\/revisions"}],"predecessor-version":[{"id":4302,"href":"https:\/\/www.uninter.com\/biblioteca\/wp-json\/wp\/v2\/pages\/3902\/revisions\/4302"}],"wp:attachment":[{"href":"https:\/\/www.uninter.com\/biblioteca\/wp-json\/wp\/v2\/media?parent=3902"}],"curies":[{"name":"wp","href":"https:\/\/api.w.org\/{rel}","templated":true}]}}