{"id":3880,"date":"2022-04-26T13:26:27","date_gmt":"2022-04-26T16:26:27","guid":{"rendered":"https:\/\/www.uninter.com\/biblioteca\/?page_id=3880"},"modified":"2023-10-09T14:50:21","modified_gmt":"2023-10-09T17:50:21","slug":"periodicos-politica","status":"publish","type":"page","link":"https:\/\/www.uninter.com\/biblioteca\/periodicos-politica\/","title":{"rendered":"Peri\u00f3dicos Pol\u00edtica"},"content":{"rendered":"<p><a title=\"ADMINISTRA\u00c7\u00c3O RURAL, AGRICULTURA, AGRONOMIA, PAISAGISMO E JARDINAGEM\" href=\"\/biblioteca\/periodicos-ciencias-agrarias\">CI\u00caNCIAS AGR\u00c1RIAS<\/a> | <a title=\"JORNALISMO, MARKETING, MARKETING DIGITAL, PUBLICIDADE E PROPAGANDA, VAREJO DIGITAL\" href=\"\/biblioteca\/periodicos-comunicacao-e-marketing\">COMUNICA\u00c7\u00c3O E MARKETING<\/a> | <a title=\"GEST\u00c3O DE NEG\u00d3CIOS DIGITAIS, GEST\u00c3O DO E-COMMERCE E SISTEMAS LOG\u00cdSTICOS, GEST\u00c3O DE STARTUPS E EMPREENDEDORISMO DIGITAL\" href=\"\/biblioteca\/periodicos-digital\">DIGITAL<\/a> | <a title=\"ARTES VISUAIS, EDUCA\u00c7\u00c3O ESPECIAL, EDUCA\u00c7\u00c3O F\u00cdSICA, EDUCA\u00c7\u00c3O GERAL, FILOSOFIA, F\u00cdSICA, GEOGRAFIA, HIST\u00d3RIA, LETRAS, MATEM\u00c1TICA, M\u00daSICA, PEDAGOGIA, PSICOPEDAGOGIA, SOCIOLOGIA, QU\u00cdMICA\" href=\"\/biblioteca\/periodicos-educacao-e-artes\">EDUCA\u00c7\u00c3O E ARTES<\/a> | <a title=\"LOG\u00cdSTICA, AN\u00c1LISE E DESENVOLVIMENTO DE SISTEMAS, ENGENHARIA BIOM\u00c9DICA, ENGENHARIA CIVIL, ENGENHARIA DA COMPUTA\u00c7\u00c3O, ENGENHARIA DA PRODU\u00c7\u00c3O, ENGENHARIA EL\u00c9TRICA, GEST\u00c3O DA PRODU\u00c7\u00c3O INDUSTRIAL, GEST\u00c3O DA QUALIDADE, GEST\u00c3O DA TECNOLOGIA DA INFORMA\u00c7\u00c3O, MECATR\u00d4NICA AUTOMOTIVA, PROCESSOS QU\u00cdMICOS, REDES DE COMPUTADORES\" href=\"\/biblioteca\/periodicos-engenharia-industria-e-tecnologias\">ENGENHARIA IND\u00daSTRIA E TECNOLOGIAS<\/a> | <a title=\"ADMINISTRA\u00c7\u00c3O, CI\u00caNCIAS CONT\u00c1BEIS, COM\u00c9RCIO EXTERIOR, GEST\u00c3O COMERCIAL, GEST\u00c3O DE TURISMO, GEST\u00c3O FINANCEIRA, GLOBAL TRADING, PROCESSOS GERENCIAIS, SECRETARIADO, GEST\u00c3O EMPREENDEDORA DE SERVI\u00c7OS\" href=\"\/biblioteca\/periodicos-gestao-e-negocios\">GEST\u00c3O E NEG\u00d3CIOS<\/a> | <a title=\"SERVI\u00c7O SOCIAL, EDUCADOR SOCIAL, GEST\u00c3O DAS ORGANIZA\u00c7\u00d5ES DO TERCEIRO SETOR\" href=\"\/biblioteca\/periodicos-humanidades\">HUMANIDADES<\/a> | <a title=\"DIREITO, GEST\u00c3O DE SERVI\u00c7OS JUR\u00cdDICOS E NOTARIAIS, MEDIA\u00c7\u00c3O E ARBITRAGEM\" href=\"\/biblioteca\/periodicos-juridica\">JUR\u00cdDICA<\/a> | <a title=\"ENGENHARIA AMBIENTAL, SANEAMENTO AMBIENTAL, GEST\u00c3O AMBIENTAL\" href=\"\/biblioteca\/periodicos-meio-ambiente\">MEIO AMBIENTE<\/a> | <a style=\"color: #003168; font-weight: bold;\" title=\"CI\u00caNCIA POL\u00cdTICA, RELA\u00c7\u00d5ES INTERNACIONAIS\" href=\"\/biblioteca\/periodicos-politica\">POL\u00cdTICA<\/a> | <a title=\"GEST\u00c3O P\u00daBLICA, GEST\u00c3O DE TR\u00c2NSITO E MOBILIDADE URBANA, ADMINISTRA\u00c7\u00c3O P\u00daBLICA\" href=\"\/biblioteca\/periodicos-publico-e-urbano\">P\u00daBLICO E URBANO<\/a> | <a title=\"RECURSOS HUMANOS\" href=\"\/biblioteca\/periodicos-recursos-humanos\">RECURSOS HUMANOS<\/a> | <a title=\"AUDITORIA EM SA\u00daDE, ENFERMAGEM, EST\u00c9TICA E COSM\u00c9TICA, GERONTOLOGIA, GEST\u00c3O EM SA\u00daDE P\u00daBLICA, GEST\u00c3O DE VIGIL\u00c2NCIA EM SA\u00daDE, GEST\u00c3O HOSPITALAR, FISIOTERAPIA, NUTRI\u00c7\u00c3O, PSICOLOGIA, PR\u00c1TICAS INTEGRATIVAS E COMPLEMENTARES, PODOLOGIA, FARM\u00c1CIA, BIOMEDICINA, PARAMEDICINA, INSTRUMENTA\u00c7\u00c3O CIRURGICA, AGENTE COMUNIT\u00c1RIO DE SA\u00daDE E ENDEMIAS\" href=\"\/biblioteca\/periodicos-saude\">SA\u00daDE<\/a> | <a title=\"GEST\u00c3O DE SEGURAN\u00c7A PRIVADA, INVESTIGA\u00c7\u00c3O PROFISSIONAL, SEGURAN\u00c7A P\u00daBLICA\" href=\"\/biblioteca\/periodicos-seguranca\">SEGURAN\u00c7A<\/a><\/p>\n<h2>Peri\u00f3dicos on-line: Clique no curso para expandir as revistas cient\u00edficas.<\/h2>\n<div style=\"background: #003168; border-radius: 10px; font-family: Arial; color: #ffffff; font-size: 30px; padding: 10px 20px 10px 20px; text-decoration: none; width: 100%; font-weight: bold;\">Pol\u00edtica<\/div>\n\r\n<!--  Starting Simple Link Directory Plugin Output -->\n<div class=\"qcopd_embed_container\">\r\n\r\n\r\n\r\n\r\n\r\n\r\n\r\n<\/div>\r\n<div class=\"qcopd-list-wrapper\">\n\t<div id=\"opd-list-holder\" class=\"qcopd-list-holder\">\n\t\t\n\t\t<!-- Individual List Item -->\n\t\t<div id=\"list-item-1-1281\" class=\"qc-grid-item qcopd-list-column opd-column-1 simple opd-list-id-1281\">\n\t\t\t<div class=\"qcopd-single-list\">\n\t\t\t\t\t<h2 onclick=\"if(document.getElementById('1281').style.display=='block'){document.getElementById('1281').style.display='none';}else{document.getElementById('1281').style.display='block';};\">\n\t\t\t\t\tCi\u00eancia Pol\u00edtica\t\t\t\t<\/h2>\n\t\t\t\t<ul  style=display:none; id=1281 >\n\t\t\t\t\t\n\t\t\t\t\t<li id=\"item-1281-1\">\n\t\t\t\t\t\t\t\t\t\t\t\t<!-- List Anchor -->\n\t\t\t\t\t\t<a   href=\"http:\/\/www.scielo.br\/scielo.php?script=sci_serial&#038;pid=0103-4014&#038;lng=pt&#038;nrm=iso\"\n\t\t\t\t\t\t\ttarget=\"_blank\">\n\n\t\t\t\t\t\t\t<!-- Image, If Present -->\n\t\t\t\t\t\t\t1 - \t\t\t\t\t\t\t\t\t\t\t\t\t\t\n\t\t\t\t\t\t\t\n\t\t\t\t\t\t\t\t<span class=\"list-img\">\n\t\t\t\t\t\t\t\t\t\t\t\t\t\t\t\t\t\t<img src=\"https:\/\/www.uninter.com\/biblioteca\/wp-content\/uploads\/2019\/08\/avancados-150x150.jpg\" alt=\"\">\n\t\t\t\t\t\t\t\t<\/span>\n\t\t\t\t\t\t\t\n\t\t\t\t\t\t\t<!-- Link Text -->\n\t\t\t\t\t\t\tRevista Estudos Avan\u00e7ados\t\t\t\t\t\t\t\n\t\t\t\t\t\t\t\t\t\t\t\t\t\t<span style=\"font-size:12px;\"><br>\n\t                                \t\t\t\t\t\t\t<\/span>\t\n\t                        \n\t\t\t\t\t\t<\/a>\n\t\t\t\t\t\t\n\t\t\t\t\t\t\t<!-- upvote section -->\n\t\t\t\t\t\t\t<div class=\"upvote-section\">\n\t\t\t\t\t\t\t\t<span data-post-id=\"1281\" data-item-title=\"Revista Estudos Avan\u00e7ados\" data-item-link=\"http:\/\/www.scielo.br\/scielo.php?script=sci_serial&#038;pid=0103-4014&#038;lng=pt&#038;nrm=iso\" class=\"upvote-btn upvote-on\">\n\t\t\t\t\t\t\t\t\t<i class=\"fa fa-thumbs-up\"><\/i>\n\t\t\t\t\t\t\t\t<\/span>\n\t\t\t\t\t\t\t\t<span class=\"upvote-count\">\n\t\t\t\t\t\t\t\t\t1519\t\t\t\t\t\t\t\t<\/span>\n\t\t\t\t\t\t\t<\/div>\n\t\t\t\t\t\t\t<!-- \/upvote section -->\n\n\t\t\t\t\t\t\t\t\t\t\t\t\n\t\t\t\t\t<\/li>\n\t\t\t\t\t\n\t\t\t\t\t<li id=\"item-1281-2\">\n\t\t\t\t\t\t\t\t\t\t\t\t<!-- List Anchor -->\n\t\t\t\t\t\t<a   href=\"http:\/\/www.scielo.br\/scielo.php?script=sci_serial&#038;pid=0102-6445&#038;lng=pt&#038;nrm=iso\"\n\t\t\t\t\t\t\ttarget=\"_blank\">\n\n\t\t\t\t\t\t\t<!-- Image, If Present -->\n\t\t\t\t\t\t\t2 - \t\t\t\t\t\t\t\t\t\t\t\t\t\t\n\t\t\t\t\t\t\t\n\t\t\t\t\t\t\t\t<span class=\"list-img\">\n\t\t\t\t\t\t\t\t\t\t\t\t\t\t\t\t\t\t<img src=\"https:\/\/www.uninter.com\/biblioteca\/wp-content\/uploads\/2019\/08\/luaNova-150x150.jpg\" alt=\"\">\n\t\t\t\t\t\t\t\t<\/span>\n\t\t\t\t\t\t\t\n\t\t\t\t\t\t\t<!-- Link Text -->\n\t\t\t\t\t\t\tRevista de Cultura e Pol\u00edtica \u2013 Lua Nova\t\t\t\t\t\t\t\n\t\t\t\t\t\t\t\t\t\t\t\t\t\t<span style=\"font-size:12px;\"><br>\n\t                                \t\t\t\t\t\t\t<\/span>\t\n\t                        \n\t\t\t\t\t\t<\/a>\n\t\t\t\t\t\t\n\t\t\t\t\t\t\t<!-- upvote section -->\n\t\t\t\t\t\t\t<div class=\"upvote-section\">\n\t\t\t\t\t\t\t\t<span data-post-id=\"1281\" data-item-title=\"Revista de Cultura e Pol\u00edtica \u2013 Lua Nova\" data-item-link=\"http:\/\/www.scielo.br\/scielo.php?script=sci_serial&#038;pid=0102-6445&#038;lng=pt&#038;nrm=iso\" class=\"upvote-btn upvote-on\">\n\t\t\t\t\t\t\t\t\t<i class=\"fa fa-thumbs-up\"><\/i>\n\t\t\t\t\t\t\t\t<\/span>\n\t\t\t\t\t\t\t\t<span class=\"upvote-count\">\n\t\t\t\t\t\t\t\t\t1493\t\t\t\t\t\t\t\t<\/span>\n\t\t\t\t\t\t\t<\/div>\n\t\t\t\t\t\t\t<!-- \/upvote section -->\n\n\t\t\t\t\t\t\t\t\t\t\t\t\n\t\t\t\t\t<\/li>\n\t\t\t\t\t\n\t\t\t\t\t<li id=\"item-1281-3\">\n\t\t\t\t\t\t\t\t\t\t\t\t<!-- List Anchor -->\n\t\t\t\t\t\t<a   href=\"https:\/\/revistas.pucsp.br\/\/ls\"\n\t\t\t\t\t\t\ttarget=\"_blank\">\n\n\t\t\t\t\t\t\t<!-- Image, If Present -->\n\t\t\t\t\t\t\t3 - \t\t\t\t\t\t\t\t\t\t\t\t\t\t\n\t\t\t\t\t\t\t\n\t\t\t\t\t\t\t\t<span class=\"list-img\">\n\t\t\t\t\t\t\t\t\t\t\t\t\t\t\t\t\t\t<img src=\"https:\/\/www.uninter.com\/biblioteca\/wp-content\/uploads\/2019\/08\/lutasSociais-150x150.jpg\" alt=\"\">\n\t\t\t\t\t\t\t\t<\/span>\n\t\t\t\t\t\t\t\n\t\t\t\t\t\t\t<!-- Link Text -->\n\t\t\t\t\t\t\tRevista Lutas Sociais\t\t\t\t\t\t\t\n\t\t\t\t\t\t\t\t\t\t\t\t\t\t<span style=\"font-size:12px;\"><br>\n\t                                \t\t\t\t\t\t\t<\/span>\t\n\t                        \n\t\t\t\t\t\t<\/a>\n\t\t\t\t\t\t\n\t\t\t\t\t\t\t<!-- upvote section -->\n\t\t\t\t\t\t\t<div class=\"upvote-section\">\n\t\t\t\t\t\t\t\t<span data-post-id=\"1281\" data-item-title=\"Revista Lutas Sociais\" data-item-link=\"https:\/\/revistas.pucsp.br\/\/ls\" class=\"upvote-btn upvote-on\">\n\t\t\t\t\t\t\t\t\t<i class=\"fa fa-thumbs-up\"><\/i>\n\t\t\t\t\t\t\t\t<\/span>\n\t\t\t\t\t\t\t\t<span class=\"upvote-count\">\n\t\t\t\t\t\t\t\t\t2441\t\t\t\t\t\t\t\t<\/span>\n\t\t\t\t\t\t\t<\/div>\n\t\t\t\t\t\t\t<!-- \/upvote section -->\n\n\t\t\t\t\t\t\t\t\t\t\t\t\n\t\t\t\t\t<\/li>\n\t\t\t\t\t\n\t\t\t\t\t<li id=\"item-1281-4\">\n\t\t\t\t\t\t\t\t\t\t\t\t<!-- List Anchor -->\n\t\t\t\t\t\t<a   href=\"http:\/\/periodicos.unb.br\/index.php\/MED\/index\"\n\t\t\t\t\t\t\ttarget=\"_blank\">\n\n\t\t\t\t\t\t\t<!-- Image, If Present -->\n\t\t\t\t\t\t\t4 - \t\t\t\t\t\t\t\t\t\t\t\t\t\t\n\t\t\t\t\t\t\t\n\t\t\t\t\t\t\t\t<span class=\"list-img\">\n\t\t\t\t\t\t\t\t\t\t\t\t\t\t\t\t\t\t<img src=\"https:\/\/www.uninter.com\/biblioteca\/wp-content\/uploads\/2019\/08\/meridiano47-150x150.jpg\" alt=\"\">\n\t\t\t\t\t\t\t\t<\/span>\n\t\t\t\t\t\t\t\n\t\t\t\t\t\t\t<!-- Link Text -->\n\t\t\t\t\t\t\tJornal Meridiano 47\t\t\t\t\t\t\t\n\t\t\t\t\t\t\t\t\t\t\t\t\t\t<span style=\"font-size:12px;\"><br>\n\t                                \t\t\t\t\t\t\t<\/span>\t\n\t                        \n\t\t\t\t\t\t<\/a>\n\t\t\t\t\t\t\n\t\t\t\t\t\t\t<!-- upvote section -->\n\t\t\t\t\t\t\t<div class=\"upvote-section\">\n\t\t\t\t\t\t\t\t<span data-post-id=\"1281\" data-item-title=\"Jornal Meridiano 47\" data-item-link=\"http:\/\/periodicos.unb.br\/index.php\/MED\/index\" class=\"upvote-btn upvote-on\">\n\t\t\t\t\t\t\t\t\t<i class=\"fa fa-thumbs-up\"><\/i>\n\t\t\t\t\t\t\t\t<\/span>\n\t\t\t\t\t\t\t\t<span class=\"upvote-count\">\n\t\t\t\t\t\t\t\t\t551\t\t\t\t\t\t\t\t<\/span>\n\t\t\t\t\t\t\t<\/div>\n\t\t\t\t\t\t\t<!-- \/upvote section -->\n\n\t\t\t\t\t\t\t\t\t\t\t\t\n\t\t\t\t\t<\/li>\n\t\t\t\t\t\n\t\t\t\t\t<li id=\"item-1281-5\">\n\t\t\t\t\t\t\t\t\t\t\t\t<!-- List Anchor -->\n\t\t\t\t\t\t<a   href=\"http:\/\/www.scielo.br\/scielo.php?script=sci_serial&#038;pid=0101-3300&#038;lng=pt&#038;nrm=iso\"\n\t\t\t\t\t\t\ttarget=\"_blank\">\n\n\t\t\t\t\t\t\t<!-- Image, If Present -->\n\t\t\t\t\t\t\t5 - \t\t\t\t\t\t\t\t\t\t\t\t\t\t\n\t\t\t\t\t\t\t\n\t\t\t\t\t\t\t\t<span class=\"list-img\">\n\t\t\t\t\t\t\t\t\t\t\t\t\t\t\t\t\t\t<img src=\"https:\/\/www.uninter.com\/biblioteca\/wp-content\/uploads\/2019\/08\/novosEstudos-150x150.jpg\" alt=\"\">\n\t\t\t\t\t\t\t\t<\/span>\n\t\t\t\t\t\t\t\n\t\t\t\t\t\t\t<!-- Link Text -->\n\t\t\t\t\t\t\tRevista Novos Estudos\t\t\t\t\t\t\t\n\t\t\t\t\t\t\t\t\t\t\t\t\t\t<span style=\"font-size:12px;\"><br>\n\t                                \t\t\t\t\t\t\t<\/span>\t\n\t                        \n\t\t\t\t\t\t<\/a>\n\t\t\t\t\t\t\n\t\t\t\t\t\t\t<!-- upvote section -->\n\t\t\t\t\t\t\t<div class=\"upvote-section\">\n\t\t\t\t\t\t\t\t<span data-post-id=\"1281\" data-item-title=\"Revista Novos Estudos\" data-item-link=\"http:\/\/www.scielo.br\/scielo.php?script=sci_serial&#038;pid=0101-3300&#038;lng=pt&#038;nrm=iso\" class=\"upvote-btn upvote-on\">\n\t\t\t\t\t\t\t\t\t<i class=\"fa fa-thumbs-up\"><\/i>\n\t\t\t\t\t\t\t\t<\/span>\n\t\t\t\t\t\t\t\t<span class=\"upvote-count\">\n\t\t\t\t\t\t\t\t\t550\t\t\t\t\t\t\t\t<\/span>\n\t\t\t\t\t\t\t<\/div>\n\t\t\t\t\t\t\t<!-- \/upvote section -->\n\n\t\t\t\t\t\t\t\t\t\t\t\t\n\t\t\t\t\t<\/li>\n\t\t\t\t\t\n\t\t\t\t\t<li id=\"item-1281-6\">\n\t\t\t\t\t\t\t\t\t\t\t\t<!-- List Anchor -->\n\t\t\t\t\t\t<a   href=\"http:\/\/www.scielo.br\/scielo.php?script=sci_serial&#038;pid=0104-6276&#038;lng=pt&#038;nrm=iso\"\n\t\t\t\t\t\t\ttarget=\"_blank\">\n\n\t\t\t\t\t\t\t<!-- Image, If Present -->\n\t\t\t\t\t\t\t6 - \t\t\t\t\t\t\t\t\t\t\t\t\t\t\n\t\t\t\t\t\t\t\n\t\t\t\t\t\t\t\t<span class=\"list-img\">\n\t\t\t\t\t\t\t\t\t\t\t\t\t\t\t\t\t\t<img src=\"https:\/\/www.uninter.com\/biblioteca\/wp-content\/uploads\/2019\/08\/opiniao-150x150.jpg\" alt=\"\">\n\t\t\t\t\t\t\t\t<\/span>\n\t\t\t\t\t\t\t\n\t\t\t\t\t\t\t<!-- Link Text -->\n\t\t\t\t\t\t\tRevista Opini\u00e3o Publica\t\t\t\t\t\t\t\n\t\t\t\t\t\t\t\t\t\t\t\t\t\t<span style=\"font-size:12px;\"><br>\n\t                                \t\t\t\t\t\t\t<\/span>\t\n\t                        \n\t\t\t\t\t\t<\/a>\n\t\t\t\t\t\t\n\t\t\t\t\t\t\t<!-- upvote section -->\n\t\t\t\t\t\t\t<div class=\"upvote-section\">\n\t\t\t\t\t\t\t\t<span data-post-id=\"1281\" data-item-title=\"Revista Opini\u00e3o Publica\" data-item-link=\"http:\/\/www.scielo.br\/scielo.php?script=sci_serial&#038;pid=0104-6276&#038;lng=pt&#038;nrm=iso\" class=\"upvote-btn upvote-on\">\n\t\t\t\t\t\t\t\t\t<i class=\"fa fa-thumbs-up\"><\/i>\n\t\t\t\t\t\t\t\t<\/span>\n\t\t\t\t\t\t\t\t<span class=\"upvote-count\">\n\t\t\t\t\t\t\t\t\t551\t\t\t\t\t\t\t\t<\/span>\n\t\t\t\t\t\t\t<\/div>\n\t\t\t\t\t\t\t<!-- \/upvote section -->\n\n\t\t\t\t\t\t\t\t\t\t\t\t\n\t\t\t\t\t<\/li>\n\t\t\t\t\t\n\t\t\t\t\t<li id=\"item-1281-7\">\n\t\t\t\t\t\t\t\t\t\t\t\t<!-- List Anchor -->\n\t\t\t\t\t\t<a   href=\"https:\/\/periodicos.ufpel.edu.br\/ojs2\/index.php\/pensamentoplural\/index\"\n\t\t\t\t\t\t\ttarget=\"_blank\">\n\n\t\t\t\t\t\t\t<!-- Image, If Present -->\n\t\t\t\t\t\t\t7 - \t\t\t\t\t\t\t\t\t\t\t\t\t\t\n\t\t\t\t\t\t\t\n\t\t\t\t\t\t\t\t<span class=\"list-img\">\n\t\t\t\t\t\t\t\t\t\t\t\t\t\t\t\t\t\t<img src=\"https:\/\/www.uninter.com\/biblioteca\/wp-content\/uploads\/2019\/08\/plural-2-150x150.jpg\" alt=\"\">\n\t\t\t\t\t\t\t\t<\/span>\n\t\t\t\t\t\t\t\n\t\t\t\t\t\t\t<!-- Link Text -->\n\t\t\t\t\t\t\tRevista Pensamento Plural\t\t\t\t\t\t\t\n\t\t\t\t\t\t\t\t\t\t\t\t\t\t<span style=\"font-size:12px;\"><br>\n\t                                \t\t\t\t\t\t\t<\/span>\t\n\t                        \n\t\t\t\t\t\t<\/a>\n\t\t\t\t\t\t\n\t\t\t\t\t\t\t<!-- upvote section -->\n\t\t\t\t\t\t\t<div class=\"upvote-section\">\n\t\t\t\t\t\t\t\t<span data-post-id=\"1281\" data-item-title=\"Revista Pensamento Plural\" data-item-link=\"https:\/\/periodicos.ufpel.edu.br\/ojs2\/index.php\/pensamentoplural\/index\" class=\"upvote-btn upvote-on\">\n\t\t\t\t\t\t\t\t\t<i class=\"fa fa-thumbs-up\"><\/i>\n\t\t\t\t\t\t\t\t<\/span>\n\t\t\t\t\t\t\t\t<span class=\"upvote-count\">\n\t\t\t\t\t\t\t\t\t3\t\t\t\t\t\t\t\t<\/span>\n\t\t\t\t\t\t\t<\/div>\n\t\t\t\t\t\t\t<!-- \/upvote section -->\n\n\t\t\t\t\t\t\t\t\t\t\t\t\n\t\t\t\t\t<\/li>\n\t\t\t\t\t\n\t\t\t\t\t<li id=\"item-1281-8\">\n\t\t\t\t\t\t\t\t\t\t\t\t<!-- List Anchor -->\n\t\t\t\t\t\t<a   href=\"http:\/\/www.scielo.br\/scielo.php?script=sci_serial&#038;pid=0102-6909&#038;lng=pt&#038;nrm=iso\"\n\t\t\t\t\t\t\ttarget=\"_blank\">\n\n\t\t\t\t\t\t\t<!-- Image, If Present -->\n\t\t\t\t\t\t\t8 - \t\t\t\t\t\t\t\t\t\t\t\t\t\t\n\t\t\t\t\t\t\t\n\t\t\t\t\t\t\t\t<span class=\"list-img\">\n\t\t\t\t\t\t\t\t\t\t\t\t\t\t\t\t\t\t<img src=\"https:\/\/www.uninter.com\/biblioteca\/wp-content\/uploads\/2019\/08\/sociais-150x150.jpg\" alt=\"\">\n\t\t\t\t\t\t\t\t<\/span>\n\t\t\t\t\t\t\t\n\t\t\t\t\t\t\t<!-- Link Text -->\n\t\t\t\t\t\t\tRevista Brasileira de Ci\u00eancias Sociais\t\t\t\t\t\t\t\n\t\t\t\t\t\t\t\t\t\t\t\t\t\t<span style=\"font-size:12px;\"><br>\n\t                                \t\t\t\t\t\t\t<\/span>\t\n\t                        \n\t\t\t\t\t\t<\/a>\n\t\t\t\t\t\t\n\t\t\t\t\t\t\t<!-- upvote section -->\n\t\t\t\t\t\t\t<div class=\"upvote-section\">\n\t\t\t\t\t\t\t\t<span data-post-id=\"1281\" data-item-title=\"Revista Brasileira de Ci\u00eancias Sociais\" data-item-link=\"http:\/\/www.scielo.br\/scielo.php?script=sci_serial&#038;pid=0102-6909&#038;lng=pt&#038;nrm=iso\" class=\"upvote-btn upvote-on\">\n\t\t\t\t\t\t\t\t\t<i class=\"fa fa-thumbs-up\"><\/i>\n\t\t\t\t\t\t\t\t<\/span>\n\t\t\t\t\t\t\t\t<span class=\"upvote-count\">\n\t\t\t\t\t\t\t\t\t3\t\t\t\t\t\t\t\t<\/span>\n\t\t\t\t\t\t\t<\/div>\n\t\t\t\t\t\t\t<!-- \/upvote section -->\n\n\t\t\t\t\t\t\t\t\t\t\t\t\n\t\t\t\t\t<\/li>\n\t\t\t\t\t\n\t\t\t\t\t<li id=\"item-1281-9\">\n\t\t\t\t\t\t\t\t\t\t\t\t<!-- List Anchor -->\n\t\t\t\t\t\t<a   href=\"https:\/\/revistas.ufpr.br\/pe\"\n\t\t\t\t\t\t\ttarget=\"_blank\">\n\n\t\t\t\t\t\t\t<!-- Image, If Present -->\n\t\t\t\t\t\t\t9 - \t\t\t\t\t\t\t\t\t\t\t\t\t\t\n\t\t\t\t\t\t\t\n\t\t\t\t\t\t\t\t<span class=\"list-img\">\n\t\t\t\t\t\t\t\t\t\t\t\t\t\t\t\t\t\t<img src=\"https:\/\/www.uninter.com\/biblioteca\/wp-content\/uploads\/2019\/08\/parana-1-150x150.jpg\" alt=\"\">\n\t\t\t\t\t\t\t\t<\/span>\n\t\t\t\t\t\t\t\n\t\t\t\t\t\t\t<!-- Link Text -->\n\t\t\t\t\t\t\tRevista Brasileira de Direito Eleitoral e Ci\u00eancia Pol\u00edtica \u2013 Paran\u00e1 Eleitoral\t\t\t\t\t\t\t\n\t\t\t\t\t\t\t\t\t\t\t\t\t\t<span style=\"font-size:12px;\"><br>\n\t                                \t\t\t\t\t\t\t<\/span>\t\n\t                        \n\t\t\t\t\t\t<\/a>\n\t\t\t\t\t\t\n\t\t\t\t\t\t\t<!-- upvote section -->\n\t\t\t\t\t\t\t<div class=\"upvote-section\">\n\t\t\t\t\t\t\t\t<span data-post-id=\"1281\" data-item-title=\"Revista Brasileira de Direito Eleitoral e Ci\u00eancia Pol\u00edtica \u2013 Paran\u00e1 Eleitoral\" data-item-link=\"https:\/\/revistas.ufpr.br\/pe\" class=\"upvote-btn upvote-on\">\n\t\t\t\t\t\t\t\t\t<i class=\"fa fa-thumbs-up\"><\/i>\n\t\t\t\t\t\t\t\t<\/span>\n\t\t\t\t\t\t\t\t<span class=\"upvote-count\">\n\t\t\t\t\t\t\t\t\t3\t\t\t\t\t\t\t\t<\/span>\n\t\t\t\t\t\t\t<\/div>\n\t\t\t\t\t\t\t<!-- \/upvote section -->\n\n\t\t\t\t\t\t\t\t\t\t\t\t\n\t\t\t\t\t<\/li>\n\t\t\t\t\t\n\t\t\t\t\t<li id=\"item-1281-10\">\n\t\t\t\t\t\t\t\t\t\t\t\t<!-- List Anchor -->\n\t\t\t\t\t\t<a   href=\"\"\n\t\t\t\t\t\t\ttarget=\"_blank\">\n\n\t\t\t\t\t\t\t<!-- Image, If Present -->\n\t\t\t\t\t\t\t10 - \t\t\t\t\t\t\t\t\t\t\t\t\t\t\n\t\t\t\t\t\t\t\n\t\t\t\t\t\t\t\t<span class=\"list-img\">\n\t\t\t\t\t\t\t\t\t\t\t\t\t\t\t\t\t\t<img src=\"https:\/\/www.uninter.com\/biblioteca\/wp-content\/uploads\/2019\/08\/rbpi-150x150.jpg\" alt=\"\">\n\t\t\t\t\t\t\t\t<\/span>\n\t\t\t\t\t\t\t\n\t\t\t\t\t\t\t<!-- Link Text -->\n\t\t\t\t\t\t\tRevista Brasileira de Pol\u00edtica Internacional\t\t\t\t\t\t\t\n\t\t\t\t\t\t\t\t\t\t\t\t\t\t<span style=\"font-size:12px;\"><br>\n\t                                \t\t\t\t\t\t\t<\/span>\t\n\t                        \n\t\t\t\t\t\t<\/a>\n\t\t\t\t\t\t\n\t\t\t\t\t\t\t<!-- upvote section -->\n\t\t\t\t\t\t\t<div class=\"upvote-section\">\n\t\t\t\t\t\t\t\t<span data-post-id=\"1281\" data-item-title=\"Revista Brasileira de Pol\u00edtica Internacional\" data-item-link=\"\" class=\"upvote-btn upvote-on\">\n\t\t\t\t\t\t\t\t\t<i class=\"fa fa-thumbs-up\"><\/i>\n\t\t\t\t\t\t\t\t<\/span>\n\t\t\t\t\t\t\t\t<span class=\"upvote-count\">\n\t\t\t\t\t\t\t\t\t3\t\t\t\t\t\t\t\t<\/span>\n\t\t\t\t\t\t\t<\/div>\n\t\t\t\t\t\t\t<!-- \/upvote section -->\n\n\t\t\t\t\t\t\t\t\t\t\t\t\n\t\t\t\t\t<\/li>\n\t\t\t\t\t\n\t\t\t\t\t<li id=\"item-1281-11\">\n\t\t\t\t\t\t\t\t\t\t\t\t<!-- List Anchor -->\n\t\t\t\t\t\t<a   href=\"https:\/\/revistas.ufpr.br\/conjgloblal\"\n\t\t\t\t\t\t\ttarget=\"_blank\">\n\n\t\t\t\t\t\t\t<!-- Image, If Present -->\n\t\t\t\t\t\t\t11 - \t\t\t\t\t\t\t\t\t\t\t\t\t\t\n\t\t\t\t\t\t\t\n\t\t\t\t\t\t\t\t<span class=\"list-img\">\n\t\t\t\t\t\t\t\t\t\t\t\t\t\t\t\t\t\t<img src=\"https:\/\/www.uninter.com\/biblioteca\/wp-content\/uploads\/2019\/08\/conjuntura-150x150.jpg\" alt=\"\">\n\t\t\t\t\t\t\t\t<\/span>\n\t\t\t\t\t\t\t\n\t\t\t\t\t\t\t<!-- Link Text -->\n\t\t\t\t\t\t\tRevista Conjuntura Global\t\t\t\t\t\t\t\n\t\t\t\t\t\t\t\t\t\t\t\t\t\t<span style=\"font-size:12px;\"><br>\n\t                                \t\t\t\t\t\t\t<\/span>\t\n\t                        \n\t\t\t\t\t\t<\/a>\n\t\t\t\t\t\t\n\t\t\t\t\t\t\t<!-- upvote section -->\n\t\t\t\t\t\t\t<div class=\"upvote-section\">\n\t\t\t\t\t\t\t\t<span data-post-id=\"1281\" data-item-title=\"Revista Conjuntura Global\" data-item-link=\"https:\/\/revistas.ufpr.br\/conjgloblal\" class=\"upvote-btn upvote-on\">\n\t\t\t\t\t\t\t\t\t<i class=\"fa fa-thumbs-up\"><\/i>\n\t\t\t\t\t\t\t\t<\/span>\n\t\t\t\t\t\t\t\t<span class=\"upvote-count\">\n\t\t\t\t\t\t\t\t\t3\t\t\t\t\t\t\t\t<\/span>\n\t\t\t\t\t\t\t<\/div>\n\t\t\t\t\t\t\t<!-- \/upvote section -->\n\n\t\t\t\t\t\t\t\t\t\t\t\t\n\t\t\t\t\t<\/li>\n\t\t\t\t\t\n\t\t\t\t\t<li id=\"item-1281-12\">\n\t\t\t\t\t\t\t\t\t\t\t\t<!-- List Anchor -->\n\t\t\t\t\t\t<a   href=\"https:\/\/scielo.conicyt.cl\/scielo.php?script=sci_serial&#038;pid=0718-090X&#038;lng=es&#038;nrm=iso\"\n\t\t\t\t\t\t\ttarget=\"_blank\">\n\n\t\t\t\t\t\t\t<!-- Image, If Present -->\n\t\t\t\t\t\t\t12 - \t\t\t\t\t\t\t\t\t\t\t\t\t\t\n\t\t\t\t\t\t\t\n\t\t\t\t\t\t\t\t<span class=\"list-img\">\n\t\t\t\t\t\t\t\t\t\t\t\t\t\t\t\t\t\t<img src=\"https:\/\/www.uninter.com\/biblioteca\/wp-content\/uploads\/2019\/08\/rcp-150x150.jpg\" alt=\"\">\n\t\t\t\t\t\t\t\t<\/span>\n\t\t\t\t\t\t\t\n\t\t\t\t\t\t\t<!-- Link Text -->\n\t\t\t\t\t\t\tRevista de Ci\u00eancia Pol\u00edtica\t\t\t\t\t\t\t\n\t\t\t\t\t\t\t\t\t\t\t\t\t\t<span style=\"font-size:12px;\"><br>\n\t                                \t\t\t\t\t\t\t<\/span>\t\n\t                        \n\t\t\t\t\t\t<\/a>\n\t\t\t\t\t\t\n\t\t\t\t\t\t\t<!-- upvote section -->\n\t\t\t\t\t\t\t<div class=\"upvote-section\">\n\t\t\t\t\t\t\t\t<span data-post-id=\"1281\" data-item-title=\"Revista de Ci\u00eancia Pol\u00edtica\" data-item-link=\"https:\/\/scielo.conicyt.cl\/scielo.php?script=sci_serial&#038;pid=0718-090X&#038;lng=es&#038;nrm=iso\" class=\"upvote-btn upvote-on\">\n\t\t\t\t\t\t\t\t\t<i class=\"fa fa-thumbs-up\"><\/i>\n\t\t\t\t\t\t\t\t<\/span>\n\t\t\t\t\t\t\t\t<span class=\"upvote-count\">\n\t\t\t\t\t\t\t\t\t3\t\t\t\t\t\t\t\t<\/span>\n\t\t\t\t\t\t\t<\/div>\n\t\t\t\t\t\t\t<!-- \/upvote section -->\n\n\t\t\t\t\t\t\t\t\t\t\t\t\n\t\t\t\t\t<\/li>\n\t\t\t\t\t\n\t\t\t\t\t<li id=\"item-1281-13\">\n\t\t\t\t\t\t\t\t\t\t\t\t<!-- List Anchor -->\n\t\t\t\t\t\t<a   href=\"https:\/\/seer.ufrgs.br\/index.php\/debates\/index\"\n\t\t\t\t\t\t\ttarget=\"_blank\">\n\n\t\t\t\t\t\t\t<!-- Image, If Present -->\n\t\t\t\t\t\t\t13 - \t\t\t\t\t\t\t\t\t\t\t\t\t\t\n\t\t\t\t\t\t\t\n\t\t\t\t\t\t\t\t<span class=\"list-img\">\n\t\t\t\t\t\t\t\t\t\t\t\t\t\t\t\t\t\t<img src=\"https:\/\/www.uninter.com\/biblioteca\/wp-content\/uploads\/2019\/08\/debates-150x150.jpg\" alt=\"\">\n\t\t\t\t\t\t\t\t<\/span>\n\t\t\t\t\t\t\t\n\t\t\t\t\t\t\t<!-- Link Text -->\n\t\t\t\t\t\t\tRevista Debates\t\t\t\t\t\t\t\n\t\t\t\t\t\t\t\t\t\t\t\t\t\t<span style=\"font-size:12px;\"><br>\n\t                                \t\t\t\t\t\t\t<\/span>\t\n\t                        \n\t\t\t\t\t\t<\/a>\n\t\t\t\t\t\t\n\t\t\t\t\t\t\t<!-- upvote section -->\n\t\t\t\t\t\t\t<div class=\"upvote-section\">\n\t\t\t\t\t\t\t\t<span data-post-id=\"1281\" data-item-title=\"Revista Debates\" data-item-link=\"https:\/\/seer.ufrgs.br\/index.php\/debates\/index\" class=\"upvote-btn upvote-on\">\n\t\t\t\t\t\t\t\t\t<i class=\"fa fa-thumbs-up\"><\/i>\n\t\t\t\t\t\t\t\t<\/span>\n\t\t\t\t\t\t\t\t<span class=\"upvote-count\">\n\t\t\t\t\t\t\t\t\t3\t\t\t\t\t\t\t\t<\/span>\n\t\t\t\t\t\t\t<\/div>\n\t\t\t\t\t\t\t<!-- \/upvote section -->\n\n\t\t\t\t\t\t\t\t\t\t\t\t\n\t\t\t\t\t<\/li>\n\t\t\t\t\t\n\t\t\t\t\t<li id=\"item-1281-14\">\n\t\t\t\t\t\t\t\t\t\t\t\t<!-- List Anchor -->\n\t\t\t\t\t\t<a   href=\"http:\/\/www.scielo.br\/scielo.php?script=sci_serial&#038;pid=0101-3157&#038;lng=pt&#038;nrm=iso\"\n\t\t\t\t\t\t\ttarget=\"_blank\">\n\n\t\t\t\t\t\t\t<!-- Image, If Present -->\n\t\t\t\t\t\t\t14 - \t\t\t\t\t\t\t\t\t\t\t\t\t\t\n\t\t\t\t\t\t\t\n\t\t\t\t\t\t\t\t<span class=\"list-img\">\n\t\t\t\t\t\t\t\t\t\t\t\t\t\t\t\t\t\t<img src=\"https:\/\/www.uninter.com\/biblioteca\/wp-content\/uploads\/2019\/08\/economia-150x150.jpg\" alt=\"\">\n\t\t\t\t\t\t\t\t<\/span>\n\t\t\t\t\t\t\t\n\t\t\t\t\t\t\t<!-- Link Text -->\n\t\t\t\t\t\t\tRevista Economia Pol\u00edtica\t\t\t\t\t\t\t\n\t\t\t\t\t\t\t\t\t\t\t\t\t\t<span style=\"font-size:12px;\"><br>\n\t                                \t\t\t\t\t\t\t<\/span>\t\n\t                        \n\t\t\t\t\t\t<\/a>\n\t\t\t\t\t\t\n\t\t\t\t\t\t\t<!-- upvote section -->\n\t\t\t\t\t\t\t<div class=\"upvote-section\">\n\t\t\t\t\t\t\t\t<span data-post-id=\"1281\" data-item-title=\"Revista Economia Pol\u00edtica\" data-item-link=\"http:\/\/www.scielo.br\/scielo.php?script=sci_serial&#038;pid=0101-3157&#038;lng=pt&#038;nrm=iso\" class=\"upvote-btn upvote-on\">\n\t\t\t\t\t\t\t\t\t<i class=\"fa fa-thumbs-up\"><\/i>\n\t\t\t\t\t\t\t\t<\/span>\n\t\t\t\t\t\t\t\t<span class=\"upvote-count\">\n\t\t\t\t\t\t\t\t\t3\t\t\t\t\t\t\t\t<\/span>\n\t\t\t\t\t\t\t<\/div>\n\t\t\t\t\t\t\t<!-- \/upvote section -->\n\n\t\t\t\t\t\t\t\t\t\t\t\t\n\t\t\t\t\t<\/li>\n\t\t\t\t\t\n\t\t\t\t\t<li id=\"item-1281-15\">\n\t\t\t\t\t\t\t\t\t\t\t\t<!-- List Anchor -->\n\t\t\t\t\t\t<a   href=\"https:\/\/revistas.ufpr.br\/politica\"\n\t\t\t\t\t\t\ttarget=\"_blank\">\n\n\t\t\t\t\t\t\t<!-- Image, If Present -->\n\t\t\t\t\t\t\t15 - \t\t\t\t\t\t\t\t\t\t\t\t\t\t\n\t\t\t\t\t\t\t\n\t\t\t\t\t\t\t\t<span class=\"list-img\">\n\t\t\t\t\t\t\t\t\t\t\t\t\t\t\t\t\t\t<img src=\"https:\/\/www.uninter.com\/biblioteca\/wp-content\/uploads\/2019\/08\/recp-150x150.jpg\" alt=\"\">\n\t\t\t\t\t\t\t\t<\/span>\n\t\t\t\t\t\t\t\n\t\t\t\t\t\t\t<!-- Link Text -->\n\t\t\t\t\t\t\tRevista Eletr\u00f4nica de Ci\u00eancia Pol\u00edtica\t\t\t\t\t\t\t\n\t\t\t\t\t\t\t\t\t\t\t\t\t\t<span style=\"font-size:12px;\"><br>\n\t                                \t\t\t\t\t\t\t<\/span>\t\n\t                        \n\t\t\t\t\t\t<\/a>\n\t\t\t\t\t\t\n\t\t\t\t\t\t\t<!-- upvote section -->\n\t\t\t\t\t\t\t<div class=\"upvote-section\">\n\t\t\t\t\t\t\t\t<span data-post-id=\"1281\" data-item-title=\"Revista Eletr\u00f4nica de Ci\u00eancia Pol\u00edtica\" data-item-link=\"https:\/\/revistas.ufpr.br\/politica\" class=\"upvote-btn upvote-on\">\n\t\t\t\t\t\t\t\t\t<i class=\"fa fa-thumbs-up\"><\/i>\n\t\t\t\t\t\t\t\t<\/span>\n\t\t\t\t\t\t\t\t<span class=\"upvote-count\">\n\t\t\t\t\t\t\t\t\t3\t\t\t\t\t\t\t\t<\/span>\n\t\t\t\t\t\t\t<\/div>\n\t\t\t\t\t\t\t<!-- \/upvote section -->\n\n\t\t\t\t\t\t\t\t\t\t\t\t\n\t\t\t\t\t<\/li>\n\t\t\t\t\t\n\t\t\t\t\t<li id=\"item-1281-16\">\n\t\t\t\t\t\t\t\t\t\t\t\t<!-- List Anchor -->\n\t\t\t\t\t\t<a   href=\"https:\/\/siaiap32.univali.br\/\/seer\/index.php\/rdp\"\n\t\t\t\t\t\t\ttarget=\"_blank\">\n\n\t\t\t\t\t\t\t<!-- Image, If Present -->\n\t\t\t\t\t\t\t16 - \t\t\t\t\t\t\t\t\t\t\t\t\t\t\n\t\t\t\t\t\t\t\n\t\t\t\t\t\t\t\t<span class=\"list-img\">\n\t\t\t\t\t\t\t\t\t\t\t\t\t\t\t\t\t\t<img src=\"https:\/\/www.uninter.com\/biblioteca\/wp-content\/uploads\/2019\/08\/direitoPolitica-150x150.jpg\" alt=\"\">\n\t\t\t\t\t\t\t\t<\/span>\n\t\t\t\t\t\t\t\n\t\t\t\t\t\t\t<!-- Link Text -->\n\t\t\t\t\t\t\tRevista Eletr\u00f4nica de Direito e Pol\u00edtica\t\t\t\t\t\t\t\n\t\t\t\t\t\t\t\t\t\t\t\t\t\t<span style=\"font-size:12px;\"><br>\n\t                                \t\t\t\t\t\t\t<\/span>\t\n\t                        \n\t\t\t\t\t\t<\/a>\n\t\t\t\t\t\t\n\t\t\t\t\t\t\t<!-- upvote section -->\n\t\t\t\t\t\t\t<div class=\"upvote-section\">\n\t\t\t\t\t\t\t\t<span data-post-id=\"1281\" data-item-title=\"Revista Eletr\u00f4nica de Direito e Pol\u00edtica\" data-item-link=\"https:\/\/siaiap32.univali.br\/\/seer\/index.php\/rdp\" class=\"upvote-btn upvote-on\">\n\t\t\t\t\t\t\t\t\t<i class=\"fa fa-thumbs-up\"><\/i>\n\t\t\t\t\t\t\t\t<\/span>\n\t\t\t\t\t\t\t\t<span class=\"upvote-count\">\n\t\t\t\t\t\t\t\t\t3\t\t\t\t\t\t\t\t<\/span>\n\t\t\t\t\t\t\t<\/div>\n\t\t\t\t\t\t\t<!-- \/upvote section -->\n\n\t\t\t\t\t\t\t\t\t\t\t\t\n\t\t\t\t\t<\/li>\n\t\t\t\t\t\n\t\t\t\t\t<li id=\"item-1281-17\">\n\t\t\t\t\t\t\t\t\t\t\t\t<!-- List Anchor -->\n\t\t\t\t\t\t<a   href=\"http:\/\/www.intellectus.uerj.br\/\"\n\t\t\t\t\t\t\ttarget=\"_blank\">\n\n\t\t\t\t\t\t\t<!-- Image, If Present -->\n\t\t\t\t\t\t\t17 - \t\t\t\t\t\t\t\t\t\t\t\t\t\t\n\t\t\t\t\t\t\t\n\t\t\t\t\t\t\t\t<span class=\"list-img\">\n\t\t\t\t\t\t\t\t\t\t\t\t\t\t\t\t\t\t<img src=\"https:\/\/www.uninter.com\/biblioteca\/wp-content\/uploads\/2019\/08\/intellectus-150x150.jpg\" alt=\"\">\n\t\t\t\t\t\t\t\t<\/span>\n\t\t\t\t\t\t\t\n\t\t\t\t\t\t\t<!-- Link Text -->\n\t\t\t\t\t\t\tRevista Intell\u00e8ctus\t\t\t\t\t\t\t\n\t\t\t\t\t\t\t\t\t\t\t\t\t\t<span style=\"font-size:12px;\"><br>\n\t                                \t\t\t\t\t\t\t<\/span>\t\n\t                        \n\t\t\t\t\t\t<\/a>\n\t\t\t\t\t\t\n\t\t\t\t\t\t\t<!-- upvote section -->\n\t\t\t\t\t\t\t<div class=\"upvote-section\">\n\t\t\t\t\t\t\t\t<span data-post-id=\"1281\" data-item-title=\"Revista Intell\u00e8ctus\" data-item-link=\"http:\/\/www.intellectus.uerj.br\/\" class=\"upvote-btn upvote-on\">\n\t\t\t\t\t\t\t\t\t<i class=\"fa fa-thumbs-up\"><\/i>\n\t\t\t\t\t\t\t\t<\/span>\n\t\t\t\t\t\t\t\t<span class=\"upvote-count\">\n\t\t\t\t\t\t\t\t\t3\t\t\t\t\t\t\t\t<\/span>\n\t\t\t\t\t\t\t<\/div>\n\t\t\t\t\t\t\t<!-- \/upvote section -->\n\n\t\t\t\t\t\t\t\t\t\t\t\t\n\t\t\t\t\t<\/li>\n\t\t\t\t\t\n\t\t\t\t\t<li id=\"item-1281-18\">\n\t\t\t\t\t\t\t\t\t\t\t\t<!-- List Anchor -->\n\t\t\t\t\t\t<a   href=\"http:\/\/www.scielo.br\/scielo.php\/script_sci_serial\/pid_0102-6992\/lng_en\/nrm_iso\/lng_en\"\n\t\t\t\t\t\t\ttarget=\"_blank\">\n\n\t\t\t\t\t\t\t<!-- Image, If Present -->\n\t\t\t\t\t\t\t18 - \t\t\t\t\t\t\t\t\t\t\t\t\t\t\n\t\t\t\t\t\t\t\n\t\t\t\t\t\t\t\t<span class=\"list-img\">\n\t\t\t\t\t\t\t\t\t\t\t\t\t\t\t\t\t\t<img src=\"https:\/\/www.uninter.com\/biblioteca\/wp-content\/uploads\/2019\/08\/se-150x150.jpg\" alt=\"\">\n\t\t\t\t\t\t\t\t<\/span>\n\t\t\t\t\t\t\t\n\t\t\t\t\t\t\t<!-- Link Text -->\n\t\t\t\t\t\t\tRevista Sociedade e Estado\t\t\t\t\t\t\t\n\t\t\t\t\t\t\t\t\t\t\t\t\t\t<span style=\"font-size:12px;\"><br>\n\t                                \t\t\t\t\t\t\t<\/span>\t\n\t                        \n\t\t\t\t\t\t<\/a>\n\t\t\t\t\t\t\n\t\t\t\t\t\t\t<!-- upvote section -->\n\t\t\t\t\t\t\t<div class=\"upvote-section\">\n\t\t\t\t\t\t\t\t<span data-post-id=\"1281\" data-item-title=\"Revista Sociedade e Estado\" data-item-link=\"http:\/\/www.scielo.br\/scielo.php\/script_sci_serial\/pid_0102-6992\/lng_en\/nrm_iso\/lng_en\" class=\"upvote-btn upvote-on\">\n\t\t\t\t\t\t\t\t\t<i class=\"fa fa-thumbs-up\"><\/i>\n\t\t\t\t\t\t\t\t<\/span>\n\t\t\t\t\t\t\t\t<span class=\"upvote-count\">\n\t\t\t\t\t\t\t\t\t3\t\t\t\t\t\t\t\t<\/span>\n\t\t\t\t\t\t\t<\/div>\n\t\t\t\t\t\t\t<!-- \/upvote section -->\n\n\t\t\t\t\t\t\t\t\t\t\t\t\n\t\t\t\t\t<\/li>\n\t\t\t\t\t\n\t\t\t\t\t<li id=\"item-1281-19\">\n\t\t\t\t\t\t\t\t\t\t\t\t<!-- List Anchor -->\n\t\t\t\t\t\t<a   href=\"https:\/\/sur.conectas.org\/\"\n\t\t\t\t\t\t\ttarget=\"_blank\">\n\n\t\t\t\t\t\t\t<!-- Image, If Present -->\n\t\t\t\t\t\t\t19 - \t\t\t\t\t\t\t\t\t\t\t\t\t\t\n\t\t\t\t\t\t\t\n\t\t\t\t\t\t\t\t<span class=\"list-img\">\n\t\t\t\t\t\t\t\t\t\t\t\t\t\t\t\t\t\t<img src=\"https:\/\/www.uninter.com\/biblioteca\/wp-content\/uploads\/2019\/08\/sur-150x150.jpg\" alt=\"\">\n\t\t\t\t\t\t\t\t<\/span>\n\t\t\t\t\t\t\t\n\t\t\t\t\t\t\t<!-- Link Text -->\n\t\t\t\t\t\t\tSUR \u2013 Revista Internacional de Direitos Humanos\t\t\t\t\t\t\t\n\t\t\t\t\t\t\t\t\t\t\t\t\t\t<span style=\"font-size:12px;\"><br>\n\t                                \t\t\t\t\t\t\t<\/span>\t\n\t                        \n\t\t\t\t\t\t<\/a>\n\t\t\t\t\t\t\n\t\t\t\t\t\t\t<!-- upvote section -->\n\t\t\t\t\t\t\t<div class=\"upvote-section\">\n\t\t\t\t\t\t\t\t<span data-post-id=\"1281\" data-item-title=\"SUR \u2013 Revista Internacional de Direitos Humanos\" data-item-link=\"https:\/\/sur.conectas.org\/\" class=\"upvote-btn upvote-on\">\n\t\t\t\t\t\t\t\t\t<i class=\"fa fa-thumbs-up\"><\/i>\n\t\t\t\t\t\t\t\t<\/span>\n\t\t\t\t\t\t\t\t<span class=\"upvote-count\">\n\t\t\t\t\t\t\t\t\t3\t\t\t\t\t\t\t\t<\/span>\n\t\t\t\t\t\t\t<\/div>\n\t\t\t\t\t\t\t<!-- \/upvote section -->\n\n\t\t\t\t\t\t\t\t\t\t\t\t\n\t\t\t\t\t<\/li>\n\t\t\t\t\t\n\t\t\t\t\t<li id=\"item-1281-20\">\n\t\t\t\t\t\t\t\t\t\t\t\t<!-- List Anchor -->\n\t\t\t\t\t\t<a   href=\"http:\/\/www.scielo.br\/scielo.php?script=sci_serial&#038;pid=0104-9313&#038;lng=en&#038;nrm=iso\"\n\t\t\t\t\t\t\ttarget=\"_blank\">\n\n\t\t\t\t\t\t\t<!-- Image, If Present -->\n\t\t\t\t\t\t\t20 - \t\t\t\t\t\t\t\t\t\t\t\t\t\t\n\t\t\t\t\t\t\t\n\t\t\t\t\t\t\t\t<span class=\"list-img\">\n\t\t\t\t\t\t\t\t\t\t\t\t\t\t\t\t\t\t<img src=\"https:\/\/www.uninter.com\/biblioteca\/wp-content\/uploads\/2019\/08\/mana-150x150.jpg\" alt=\"\">\n\t\t\t\t\t\t\t\t<\/span>\n\t\t\t\t\t\t\t\n\t\t\t\t\t\t\t<!-- Link Text -->\n\t\t\t\t\t\t\tRevista Mana: estudos de antropologia social\t\t\t\t\t\t\t\n\t\t\t\t\t\t\t\t\t\t\t\t\t\t<span style=\"font-size:12px;\"><br>\n\t                                \t\t\t\t\t\t\t<\/span>\t\n\t                        \n\t\t\t\t\t\t<\/a>\n\t\t\t\t\t\t\n\t\t\t\t\t\t\t<!-- upvote section -->\n\t\t\t\t\t\t\t<div class=\"upvote-section\">\n\t\t\t\t\t\t\t\t<span data-post-id=\"1281\" data-item-title=\"Revista Mana: estudos de antropologia social\" data-item-link=\"http:\/\/www.scielo.br\/scielo.php?script=sci_serial&#038;pid=0104-9313&#038;lng=en&#038;nrm=iso\" class=\"upvote-btn upvote-on\">\n\t\t\t\t\t\t\t\t\t<i class=\"fa fa-thumbs-up\"><\/i>\n\t\t\t\t\t\t\t\t<\/span>\n\t\t\t\t\t\t\t\t<span class=\"upvote-count\">\n\t\t\t\t\t\t\t\t\t3\t\t\t\t\t\t\t\t<\/span>\n\t\t\t\t\t\t\t<\/div>\n\t\t\t\t\t\t\t<!-- \/upvote section -->\n\n\t\t\t\t\t\t\t\t\t\t\t\t\n\t\t\t\t\t<\/li>\n\t\t\t\t\t\n\t\t\t\t\t<li id=\"item-1281-21\">\n\t\t\t\t\t\t\t\t\t\t\t\t<!-- List Anchor -->\n\t\t\t\t\t\t<a   href=\"http:\/\/www.scielo.br\/scielo.php?script=sci_serial&#038;pid=0103-3352&#038;lng=en&#038;nrm=iso\"\n\t\t\t\t\t\t\ttarget=\"_blank\">\n\n\t\t\t\t\t\t\t<!-- Image, If Present -->\n\t\t\t\t\t\t\t21 - \t\t\t\t\t\t\t\t\t\t\t\t\t\t\n\t\t\t\t\t\t\t\n\t\t\t\t\t\t\t\t<span class=\"list-img\">\n\t\t\t\t\t\t\t\t\t\t\t\t\t\t\t\t\t\t<img src=\"https:\/\/www.uninter.com\/biblioteca\/wp-content\/uploads\/2019\/08\/brasileira-1-150x150.jpg\" alt=\"\">\n\t\t\t\t\t\t\t\t<\/span>\n\t\t\t\t\t\t\t\n\t\t\t\t\t\t\t<!-- Link Text -->\n\t\t\t\t\t\t\tRevista Brasileira de Ci\u00eancia Pol\u00edtica\t\t\t\t\t\t\t\n\t\t\t\t\t\t\t\t\t\t\t\t\t\t<span style=\"font-size:12px;\"><br>\n\t                                \t\t\t\t\t\t\t<\/span>\t\n\t                        \n\t\t\t\t\t\t<\/a>\n\t\t\t\t\t\t\n\t\t\t\t\t\t\t<!-- upvote section -->\n\t\t\t\t\t\t\t<div class=\"upvote-section\">\n\t\t\t\t\t\t\t\t<span data-post-id=\"1281\" data-item-title=\"Revista Brasileira de Ci\u00eancia Pol\u00edtica\" data-item-link=\"http:\/\/www.scielo.br\/scielo.php?script=sci_serial&#038;pid=0103-3352&#038;lng=en&#038;nrm=iso\" class=\"upvote-btn upvote-on\">\n\t\t\t\t\t\t\t\t\t<i class=\"fa fa-thumbs-up\"><\/i>\n\t\t\t\t\t\t\t\t<\/span>\n\t\t\t\t\t\t\t\t<span class=\"upvote-count\">\n\t\t\t\t\t\t\t\t\t3\t\t\t\t\t\t\t\t<\/span>\n\t\t\t\t\t\t\t<\/div>\n\t\t\t\t\t\t\t<!-- \/upvote section -->\n\n\t\t\t\t\t\t\t\t\t\t\t\t\n\t\t\t\t\t<\/li>\n\t\t\t\t\t\n\t\t\t\t\t<li id=\"item-1281-22\">\n\t\t\t\t\t\t\t\t\t\t\t\t<!-- List Anchor -->\n\t\t\t\t\t\t<a   href=\"https:\/\/www.e-publicacoes.uerj.br\/index.php\/revistaceaju\/issue\/archive\"\n\t\t\t\t\t\t\ttarget=\"_blank\">\n\n\t\t\t\t\t\t\t<!-- Image, If Present -->\n\t\t\t\t\t\t\t22 - \t\t\t\t\t\t\t\t\t\t\t\t\t\t\n\t\t\t\t\t\t\t\n\t\t\t\t\t\t\t\t<span class=\"list-img\">\n\t\t\t\t\t\t\t\t\t\t\t\t\t\t\t\t\t\t<img src=\"https:\/\/www.uninter.com\/biblioteca\/wp-content\/uploads\/2019\/08\/praxis-2-150x150.jpg\" alt=\"\">\n\t\t\t\t\t\t\t\t<\/span>\n\t\t\t\t\t\t\t\n\t\t\t\t\t\t\t<!-- Link Text -->\n\t\t\t\t\t\t\tRevista Direito e Pr\u00e1xis\t\t\t\t\t\t\t\n\t\t\t\t\t\t\t\t\t\t\t\t\t\t<span style=\"font-size:12px;\"><br>\n\t                                \t\t\t\t\t\t\t<\/span>\t\n\t                        \n\t\t\t\t\t\t<\/a>\n\t\t\t\t\t\t\n\t\t\t\t\t\t\t<!-- upvote section -->\n\t\t\t\t\t\t\t<div class=\"upvote-section\">\n\t\t\t\t\t\t\t\t<span data-post-id=\"1281\" data-item-title=\"Revista Direito e Pr\u00e1xis\" data-item-link=\"https:\/\/www.e-publicacoes.uerj.br\/index.php\/revistaceaju\/issue\/archive\" class=\"upvote-btn upvote-on\">\n\t\t\t\t\t\t\t\t\t<i class=\"fa fa-thumbs-up\"><\/i>\n\t\t\t\t\t\t\t\t<\/span>\n\t\t\t\t\t\t\t\t<span class=\"upvote-count\">\n\t\t\t\t\t\t\t\t\t2\t\t\t\t\t\t\t\t<\/span>\n\t\t\t\t\t\t\t<\/div>\n\t\t\t\t\t\t\t<!-- \/upvote section -->\n\n\t\t\t\t\t\t\t\t\t\t\t\t\n\t\t\t\t\t<\/li>\n\t\t\t\t\t\n\t\t\t\t\t<li id=\"item-1281-23\">\n\t\t\t\t\t\t\t\t\t\t\t\t<!-- List Anchor -->\n\t\t\t\t\t\t<a   href=\"https:\/\/periodicos.ufsc.br\/index.php\/sequencia\/index\"\n\t\t\t\t\t\t\ttarget=\"_blank\">\n\n\t\t\t\t\t\t\t<!-- Image, If Present -->\n\t\t\t\t\t\t\t23 - \t\t\t\t\t\t\t\t\t\t\t\t\t\t\n\t\t\t\t\t\t\t\n\t\t\t\t\t\t\t\t<span class=\"list-img\">\n\t\t\t\t\t\t\t\t\t\t\t\t\t\t\t\t\t\t<img src=\"https:\/\/www.uninter.com\/biblioteca\/wp-content\/uploads\/2019\/08\/sequencia-150x150.jpg\" alt=\"\">\n\t\t\t\t\t\t\t\t<\/span>\n\t\t\t\t\t\t\t\n\t\t\t\t\t\t\t<!-- Link Text -->\n\t\t\t\t\t\t\tRevista Seq\u00fc\u00eancia: Estudos Jur\u00eddicos e Pol\u00edticos\t\t\t\t\t\t\t\n\t\t\t\t\t\t\t\t\t\t\t\t\t\t<span style=\"font-size:12px;\"><br>\n\t                                \t\t\t\t\t\t\t<\/span>\t\n\t                        \n\t\t\t\t\t\t<\/a>\n\t\t\t\t\t\t\n\t\t\t\t\t\t\t<!-- upvote section -->\n\t\t\t\t\t\t\t<div class=\"upvote-section\">\n\t\t\t\t\t\t\t\t<span data-post-id=\"1281\" data-item-title=\"Revista Seq\u00fc\u00eancia: Estudos Jur\u00eddicos e Pol\u00edticos\" data-item-link=\"https:\/\/periodicos.ufsc.br\/index.php\/sequencia\/index\" class=\"upvote-btn upvote-on\">\n\t\t\t\t\t\t\t\t\t<i class=\"fa fa-thumbs-up\"><\/i>\n\t\t\t\t\t\t\t\t<\/span>\n\t\t\t\t\t\t\t\t<span class=\"upvote-count\">\n\t\t\t\t\t\t\t\t\t2\t\t\t\t\t\t\t\t<\/span>\n\t\t\t\t\t\t\t<\/div>\n\t\t\t\t\t\t\t<!-- \/upvote section -->\n\n\t\t\t\t\t\t\t\t\t\t\t\t\n\t\t\t\t\t<\/li>\n\t\t\t\t\t\n\t\t\t\t\t<li id=\"item-1281-24\">\n\t\t\t\t\t\t\t\t\t\t\t\t<!-- List Anchor -->\n\t\t\t\t\t\t<a   href=\"http:\/\/www.scielo.br\/scielo.php?script=sci_issues&#038;pid=0104-4478&#038;lng=pt&#038;nrm=iso\"\n\t\t\t\t\t\t\ttarget=\"_blank\">\n\n\t\t\t\t\t\t\t<!-- Image, If Present -->\n\t\t\t\t\t\t\t24 - \t\t\t\t\t\t\t\t\t\t\t\t\t\t\n\t\t\t\t\t\t\t\n\t\t\t\t\t\t\t\t<span class=\"list-img\">\n\t\t\t\t\t\t\t\t\t\t\t\t\t\t\t\t\t\t<img src=\"https:\/\/www.uninter.com\/biblioteca\/wp-content\/uploads\/2019\/08\/sociologiaPolitica-150x150.jpg\" alt=\"\">\n\t\t\t\t\t\t\t\t<\/span>\n\t\t\t\t\t\t\t\n\t\t\t\t\t\t\t<!-- Link Text -->\n\t\t\t\t\t\t\tRevista de Sociologia e Pol\u00edtica\t\t\t\t\t\t\t\n\t\t\t\t\t\t\t\t\t\t\t\t\t\t<span style=\"font-size:12px;\"><br>\n\t                                \t\t\t\t\t\t\t<\/span>\t\n\t                        \n\t\t\t\t\t\t<\/a>\n\t\t\t\t\t\t\n\t\t\t\t\t\t\t<!-- upvote section -->\n\t\t\t\t\t\t\t<div class=\"upvote-section\">\n\t\t\t\t\t\t\t\t<span data-post-id=\"1281\" data-item-title=\"Revista de Sociologia e Pol\u00edtica\" data-item-link=\"http:\/\/www.scielo.br\/scielo.php?script=sci_issues&#038;pid=0104-4478&#038;lng=pt&#038;nrm=iso\" class=\"upvote-btn upvote-on\">\n\t\t\t\t\t\t\t\t\t<i class=\"fa fa-thumbs-up\"><\/i>\n\t\t\t\t\t\t\t\t<\/span>\n\t\t\t\t\t\t\t\t<span class=\"upvote-count\">\n\t\t\t\t\t\t\t\t\t2\t\t\t\t\t\t\t\t<\/span>\n\t\t\t\t\t\t\t<\/div>\n\t\t\t\t\t\t\t<!-- \/upvote section -->\n\n\t\t\t\t\t\t\t\t\t\t\t\t\n\t\t\t\t\t<\/li>\n\t\t\t\t\t\n\t\t\t\t\t<li id=\"item-1281-25\">\n\t\t\t\t\t\t\t\t\t\t\t\t<!-- List Anchor -->\n\t\t\t\t\t\t<a   href=\"http:\/\/bibliotecadigital.fgv.br\/ojs\/index.php\/reh\/issue\/archive\"\n\t\t\t\t\t\t\ttarget=\"_blank\">\n\n\t\t\t\t\t\t\t<!-- Image, If Present -->\n\t\t\t\t\t\t\t25 - \t\t\t\t\t\t\t\t\t\t\t\t\t\t\n\t\t\t\t\t\t\t\n\t\t\t\t\t\t\t\t<span class=\"list-img\">\n\t\t\t\t\t\t\t\t\t\t\t\t\t\t\t\t\t\t<img src=\"https:\/\/www.uninter.com\/biblioteca\/wp-content\/uploads\/2019\/08\/estudosHistoricos-150x150.jpg\" alt=\"\">\n\t\t\t\t\t\t\t\t<\/span>\n\t\t\t\t\t\t\t\n\t\t\t\t\t\t\t<!-- Link Text -->\n\t\t\t\t\t\t\tRevista Estudos Hist\u00f3ricos\t\t\t\t\t\t\t\n\t\t\t\t\t\t\t\t\t\t\t\t\t\t<span style=\"font-size:12px;\"><br>\n\t                                \t\t\t\t\t\t\t<\/span>\t\n\t                        \n\t\t\t\t\t\t<\/a>\n\t\t\t\t\t\t\n\t\t\t\t\t\t\t<!-- upvote section -->\n\t\t\t\t\t\t\t<div class=\"upvote-section\">\n\t\t\t\t\t\t\t\t<span data-post-id=\"1281\" data-item-title=\"Revista Estudos Hist\u00f3ricos\" data-item-link=\"http:\/\/bibliotecadigital.fgv.br\/ojs\/index.php\/reh\/issue\/archive\" class=\"upvote-btn upvote-on\">\n\t\t\t\t\t\t\t\t\t<i class=\"fa fa-thumbs-up\"><\/i>\n\t\t\t\t\t\t\t\t<\/span>\n\t\t\t\t\t\t\t\t<span class=\"upvote-count\">\n\t\t\t\t\t\t\t\t\t2\t\t\t\t\t\t\t\t<\/span>\n\t\t\t\t\t\t\t<\/div>\n\t\t\t\t\t\t\t<!-- \/upvote section -->\n\n\t\t\t\t\t\t\t\t\t\t\t\t\n\t\t\t\t\t<\/li>\n\t\t\t\t\t\n\t\t\t\t\t<li id=\"item-1281-26\">\n\t\t\t\t\t\t\t\t\t\t\t\t<!-- List Anchor -->\n\t\t\t\t\t\t<a   href=\"http:\/\/repositorio.ipea.gov.br\/bitstream\/11058\/8060\/1\/td_2334.pdf\"\n\t\t\t\t\t\t\ttarget=\"_blank\">\n\n\t\t\t\t\t\t\t<!-- Image, If Present -->\n\t\t\t\t\t\t\t26 - \t\t\t\t\t\t\t\t\t\t\t\t\t\t\n\t\t\t\t\t\t\t\n\t\t\t\t\t\t\t\t<span class=\"list-img\">\n\t\t\t\t\t\t\t\t\t\t\t\t\t\t\t\t\t\t<img src=\"https:\/\/www.uninter.com\/biblioteca\/wp-content\/uploads\/2019\/08\/ipea-150x150.jpg\" alt=\"\">\n\t\t\t\t\t\t\t\t<\/span>\n\t\t\t\t\t\t\t\n\t\t\t\t\t\t\t<!-- Link Text -->\n\t\t\t\t\t\t\tRevista IPEA\t\t\t\t\t\t\t\n\t\t\t\t\t\t\t\t\t\t\t\t\t\t<span style=\"font-size:12px;\"><br>\n\t                                \t\t\t\t\t\t\t<\/span>\t\n\t                        \n\t\t\t\t\t\t<\/a>\n\t\t\t\t\t\t\n\t\t\t\t\t\t\t<!-- upvote section -->\n\t\t\t\t\t\t\t<div class=\"upvote-section\">\n\t\t\t\t\t\t\t\t<span data-post-id=\"1281\" data-item-title=\"Revista IPEA\" data-item-link=\"http:\/\/repositorio.ipea.gov.br\/bitstream\/11058\/8060\/1\/td_2334.pdf\" class=\"upvote-btn upvote-on\">\n\t\t\t\t\t\t\t\t\t<i class=\"fa fa-thumbs-up\"><\/i>\n\t\t\t\t\t\t\t\t<\/span>\n\t\t\t\t\t\t\t\t<span class=\"upvote-count\">\n\t\t\t\t\t\t\t\t\t2\t\t\t\t\t\t\t\t<\/span>\n\t\t\t\t\t\t\t<\/div>\n\t\t\t\t\t\t\t<!-- \/upvote section -->\n\n\t\t\t\t\t\t\t\t\t\t\t\t\n\t\t\t\t\t<\/li>\n\t\t\t\t\t\n\t\t\t\t\t<li id=\"item-1281-27\">\n\t\t\t\t\t\t\t\t\t\t\t\t<!-- List Anchor -->\n\t\t\t\t\t\t<a   href=\"http:\/\/www.scielo.br\/scielo.php?script=sci_issues&#038;pid=0011-5258&#038;lng=en&#038;nrm=iso\"\n\t\t\t\t\t\t\ttarget=\"_blank\">\n\n\t\t\t\t\t\t\t<!-- Image, If Present -->\n\t\t\t\t\t\t\t27 - \t\t\t\t\t\t\t\t\t\t\t\t\t\t\n\t\t\t\t\t\t\t\n\t\t\t\t\t\t\t\t<span class=\"list-img\">\n\t\t\t\t\t\t\t\t\t\t\t\t\t\t\t\t\t\t<img src=\"https:\/\/www.uninter.com\/biblioteca\/wp-content\/uploads\/2019\/08\/dados-150x150.jpg\" alt=\"\">\n\t\t\t\t\t\t\t\t<\/span>\n\t\t\t\t\t\t\t\n\t\t\t\t\t\t\t<!-- Link Text -->\n\t\t\t\t\t\t\tDADOS \u2013 Revista de Ci\u00eancias Sociais\t\t\t\t\t\t\t\n\t\t\t\t\t\t\t\t\t\t\t\t\t\t<span style=\"font-size:12px;\"><br>\n\t                                \t\t\t\t\t\t\t<\/span>\t\n\t                        \n\t\t\t\t\t\t<\/a>\n\t\t\t\t\t\t\n\t\t\t\t\t\t\t<!-- upvote section -->\n\t\t\t\t\t\t\t<div class=\"upvote-section\">\n\t\t\t\t\t\t\t\t<span data-post-id=\"1281\" data-item-title=\"DADOS \u2013 Revista de Ci\u00eancias Sociais\" data-item-link=\"http:\/\/www.scielo.br\/scielo.php?script=sci_issues&#038;pid=0011-5258&#038;lng=en&#038;nrm=iso\" class=\"upvote-btn upvote-on\">\n\t\t\t\t\t\t\t\t\t<i class=\"fa fa-thumbs-up\"><\/i>\n\t\t\t\t\t\t\t\t<\/span>\n\t\t\t\t\t\t\t\t<span class=\"upvote-count\">\n\t\t\t\t\t\t\t\t\t2\t\t\t\t\t\t\t\t<\/span>\n\t\t\t\t\t\t\t<\/div>\n\t\t\t\t\t\t\t<!-- \/upvote section -->\n\n\t\t\t\t\t\t\t\t\t\t\t\t\n\t\t\t\t\t<\/li>\n\t\t\t\t\t\n\t\t\t\t\t<li id=\"item-1281-28\">\n\t\t\t\t\t\t\t\t\t\t\t\t<!-- List Anchor -->\n\t\t\t\t\t\t<a   href=\"https:\/\/www2.camara.leg.br\/atividade-legislativa\/estudos-e-notas-tecnicas\/publicacoes-da-consultoria-legislativa\/areas-da-conle\/tema3\/2010_4088.pdf\"\n\t\t\t\t\t\t\ttarget=\"_blank\">\n\n\t\t\t\t\t\t\t<!-- Image, If Present -->\n\t\t\t\t\t\t\t28 - \t\t\t\t\t\t\t\t\t\t\t\t\t\t\n\t\t\t\t\t\t\t\n\t\t\t\t\t\t\t\t<span class=\"list-img\">\n\t\t\t\t\t\t\t\t\t\t\t\t\t\t\t\t\t\t<img src=\"https:\/\/www.uninter.com\/biblioteca\/wp-content\/uploads\/2019\/08\/legislativa-150x150.jpg\" alt=\"\">\n\t\t\t\t\t\t\t\t<\/span>\n\t\t\t\t\t\t\t\n\t\t\t\t\t\t\t<!-- Link Text -->\n\t\t\t\t\t\t\tRevista Consultoria Legislativa\t\t\t\t\t\t\t\n\t\t\t\t\t\t\t\t\t\t\t\t\t\t<span style=\"font-size:12px;\"><br>\n\t                                \t\t\t\t\t\t\t<\/span>\t\n\t                        \n\t\t\t\t\t\t<\/a>\n\t\t\t\t\t\t\n\t\t\t\t\t\t\t<!-- upvote section -->\n\t\t\t\t\t\t\t<div class=\"upvote-section\">\n\t\t\t\t\t\t\t\t<span data-post-id=\"1281\" data-item-title=\"Revista Consultoria Legislativa\" data-item-link=\"https:\/\/www2.camara.leg.br\/atividade-legislativa\/estudos-e-notas-tecnicas\/publicacoes-da-consultoria-legislativa\/areas-da-conle\/tema3\/2010_4088.pdf\" class=\"upvote-btn upvote-on\">\n\t\t\t\t\t\t\t\t\t<i class=\"fa fa-thumbs-up\"><\/i>\n\t\t\t\t\t\t\t\t<\/span>\n\t\t\t\t\t\t\t\t<span class=\"upvote-count\">\n\t\t\t\t\t\t\t\t\t2\t\t\t\t\t\t\t\t<\/span>\n\t\t\t\t\t\t\t<\/div>\n\t\t\t\t\t\t\t<!-- \/upvote section -->\n\n\t\t\t\t\t\t\t\t\t\t\t\t\n\t\t\t\t\t<\/li>\n\t\t\t\t\t\n\t\t\t\t\t<li id=\"item-1281-29\">\n\t\t\t\t\t\t\t\t\t\t\t\t<!-- List Anchor -->\n\t\t\t\t\t\t<a   href=\"https:\/\/journals.openedition.org\/rccs\/\"\n\t\t\t\t\t\t\ttarget=\"_blank\">\n\n\t\t\t\t\t\t\t<!-- Image, If Present -->\n\t\t\t\t\t\t\t29 - \t\t\t\t\t\t\t\t\t\t\t\t\t\t\n\t\t\t\t\t\t\t\n\t\t\t\t\t\t\t\t<span class=\"list-img\">\n\t\t\t\t\t\t\t\t\t\t\t\t\t\t\t\t\t\t<img src=\"https:\/\/www.uninter.com\/biblioteca\/wp-content\/uploads\/2019\/08\/critica-150x150.jpg\" alt=\"\">\n\t\t\t\t\t\t\t\t<\/span>\n\t\t\t\t\t\t\t\n\t\t\t\t\t\t\t<!-- Link Text -->\n\t\t\t\t\t\t\tRevista Cr\u00edtica de Ci\u00eancias Sociais\t\t\t\t\t\t\t\n\t\t\t\t\t\t\t\t\t\t\t\t\t\t<span style=\"font-size:12px;\"><br>\n\t                                \t\t\t\t\t\t\t<\/span>\t\n\t                        \n\t\t\t\t\t\t<\/a>\n\t\t\t\t\t\t\n\t\t\t\t\t\t\t<!-- upvote section -->\n\t\t\t\t\t\t\t<div class=\"upvote-section\">\n\t\t\t\t\t\t\t\t<span data-post-id=\"1281\" data-item-title=\"Revista Cr\u00edtica de Ci\u00eancias Sociais\" data-item-link=\"https:\/\/journals.openedition.org\/rccs\/\" class=\"upvote-btn upvote-on\">\n\t\t\t\t\t\t\t\t\t<i class=\"fa fa-thumbs-up\"><\/i>\n\t\t\t\t\t\t\t\t<\/span>\n\t\t\t\t\t\t\t\t<span class=\"upvote-count\">\n\t\t\t\t\t\t\t\t\t2\t\t\t\t\t\t\t\t<\/span>\n\t\t\t\t\t\t\t<\/div>\n\t\t\t\t\t\t\t<!-- \/upvote section -->\n\n\t\t\t\t\t\t\t\t\t\t\t\t\n\t\t\t\t\t<\/li>\n\t\t\t\t\t\n\t\t\t\t\t<li id=\"item-1281-30\">\n\t\t\t\t\t\t\t\t\t\t\t\t<!-- List Anchor -->\n\t\t\t\t\t\t<a   href=\"https:\/\/periodicos.fclar.unesp.br\/perspectivas%20\"\n\t\t\t\t\t\t\ttarget=\"_blank\">\n\n\t\t\t\t\t\t\t<!-- Image, If Present -->\n\t\t\t\t\t\t\t30 - \t\t\t\t\t\t\t\t\t\t\t\t\t\t\n\t\t\t\t\t\t\t\n\t\t\t\t\t\t\t\t<span class=\"list-img\">\n\t\t\t\t\t\t\t\t\t\t\t\t\t\t\t\t\t\t<img src=\"https:\/\/www.uninter.com\/biblioteca\/wp-content\/uploads\/2019\/08\/Perspectivas-150x150.jpg\" alt=\"\">\n\t\t\t\t\t\t\t\t<\/span>\n\t\t\t\t\t\t\t\n\t\t\t\t\t\t\t<!-- Link Text -->\n\t\t\t\t\t\t\tPerspectivas: Revista de Ci\u00eancias Sociais \t\t\t\t\t\t\t\n\t\t\t\t\t\t\t\t\t\t\t\t\t\t<span style=\"font-size:12px;\"><br>\n\t                                \t\t\t\t\t\t\t<\/span>\t\n\t                        \n\t\t\t\t\t\t<\/a>\n\t\t\t\t\t\t\n\t\t\t\t\t\t\t<!-- upvote section -->\n\t\t\t\t\t\t\t<div class=\"upvote-section\">\n\t\t\t\t\t\t\t\t<span data-post-id=\"1281\" data-item-title=\"Perspectivas: Revista de Ci\u00eancias Sociais\" data-item-link=\"https:\/\/periodicos.fclar.unesp.br\/perspectivas%20\" class=\"upvote-btn upvote-on\">\n\t\t\t\t\t\t\t\t\t<i class=\"fa fa-thumbs-up\"><\/i>\n\t\t\t\t\t\t\t\t<\/span>\n\t\t\t\t\t\t\t\t<span class=\"upvote-count\">\n\t\t\t\t\t\t\t\t\t\t\t\t\t\t\t\t\t<\/span>\n\t\t\t\t\t\t\t<\/div>\n\t\t\t\t\t\t\t<!-- \/upvote section -->\n\n\t\t\t\t\t\t\t\t\t\t\t\t\n\t\t\t\t\t<\/li>\n\t\t\t\t\t\n\t\t\t\t\t<li id=\"item-1281-31\">\n\t\t\t\t\t\t\t\t\t\t\t\t<!-- List Anchor -->\n\t\t\t\t\t\t<a   href=\"https:\/\/revistaseletronicas.pucrs.br\/ojs\/index.php\/iberoamericana\/index\"\n\t\t\t\t\t\t\ttarget=\"_blank\">\n\n\t\t\t\t\t\t\t<!-- Image, If Present -->\n\t\t\t\t\t\t\t31 - \t\t\t\t\t\t\t\t\t\t\t\t\t\t\n\t\t\t\t\t\t\t\n\t\t\t\t\t\t\t\t<span class=\"list-img\">\n\t\t\t\t\t\t\t\t\t\t\t\t\t\t\t\t\t\t<img src=\"https:\/\/www.uninter.com\/biblioteca\/wp-content\/uploads\/2021\/11\/ESTUDOS-IBERO-AMERICANOS-150x150.jpg\" alt=\"\">\n\t\t\t\t\t\t\t\t<\/span>\n\t\t\t\t\t\t\t\n\t\t\t\t\t\t\t<!-- Link Text -->\n\t\t\t\t\t\t\tESTUDOS IBERO-AMERICANOS\t\t\t\t\t\t\t\n\t\t\t\t\t\t\t\t\t\t\t\t\t\t<span style=\"font-size:12px;\"><br>\n\t                                \t\t\t\t\t\t\t<\/span>\t\n\t                        \n\t\t\t\t\t\t<\/a>\n\t\t\t\t\t\t\n\t\t\t\t\t\t\t<!-- upvote section -->\n\t\t\t\t\t\t\t<div class=\"upvote-section\">\n\t\t\t\t\t\t\t\t<span data-post-id=\"1281\" data-item-title=\"ESTUDOS IBERO-AMERICANOS\" data-item-link=\"https:\/\/revistaseletronicas.pucrs.br\/ojs\/index.php\/iberoamericana\/index\" class=\"upvote-btn upvote-on\">\n\t\t\t\t\t\t\t\t\t<i class=\"fa fa-thumbs-up\"><\/i>\n\t\t\t\t\t\t\t\t<\/span>\n\t\t\t\t\t\t\t\t<span class=\"upvote-count\">\n\t\t\t\t\t\t\t\t\t1\t\t\t\t\t\t\t\t<\/span>\n\t\t\t\t\t\t\t<\/div>\n\t\t\t\t\t\t\t<!-- \/upvote section -->\n\n\t\t\t\t\t\t\t\t\t\t\t\t\n\t\t\t\t\t<\/li>\n\t\t\t\t\t\n\t\t\t\t\t<li id=\"item-1281-32\">\n\t\t\t\t\t\t\t\t\t\t\t\t<!-- List Anchor -->\n\t\t\t\t\t\t<a   href=\"https:\/\/pos.direito.ufmg.br\/rbep\/index.php\/rbep\"\n\t\t\t\t\t\t\ttarget=\"_blank\">\n\n\t\t\t\t\t\t\t<!-- Image, If Present -->\n\t\t\t\t\t\t\t32 - \t\t\t\t\t\t\t\t\t\t\t\t\t\t\n\t\t\t\t\t\t\t\n\t\t\t\t\t\t\t\t<span class=\"list-img\">\n\t\t\t\t\t\t\t\t\t\t\t\t\t\t\t\t\t\t<img src=\"https:\/\/www.uninter.com\/biblioteca\/wp-content\/uploads\/2021\/11\/REVISTA-BRASILEIRA-DE-ESTUDOS-POL\u00cdTICOS-150x150.jpg\" alt=\"\">\n\t\t\t\t\t\t\t\t<\/span>\n\t\t\t\t\t\t\t\n\t\t\t\t\t\t\t<!-- Link Text -->\n\t\t\t\t\t\t\tREVISTA BRASILEIRA DE ESTUDOS POL\u00cdTICOS\t\t\t\t\t\t\t\n\t\t\t\t\t\t\t\t\t\t\t\t\t\t<span style=\"font-size:12px;\"><br>\n\t                                \t\t\t\t\t\t\t<\/span>\t\n\t                        \n\t\t\t\t\t\t<\/a>\n\t\t\t\t\t\t\n\t\t\t\t\t\t\t<!-- upvote section -->\n\t\t\t\t\t\t\t<div class=\"upvote-section\">\n\t\t\t\t\t\t\t\t<span data-post-id=\"1281\" data-item-title=\"REVISTA BRASILEIRA DE ESTUDOS POL\u00cdTICOS\" data-item-link=\"https:\/\/pos.direito.ufmg.br\/rbep\/index.php\/rbep\" class=\"upvote-btn upvote-on\">\n\t\t\t\t\t\t\t\t\t<i class=\"fa fa-thumbs-up\"><\/i>\n\t\t\t\t\t\t\t\t<\/span>\n\t\t\t\t\t\t\t\t<span class=\"upvote-count\">\n\t\t\t\t\t\t\t\t\t1\t\t\t\t\t\t\t\t<\/span>\n\t\t\t\t\t\t\t<\/div>\n\t\t\t\t\t\t\t<!-- \/upvote section -->\n\n\t\t\t\t\t\t\t\t\t\t\t\t\n\t\t\t\t\t<\/li>\n\t\t\t\t\t\t\t\t\t<\/ul>\n\n\t\t\t<\/div>\n\n\t\t<\/div>\n\t\t<!-- \/Individual List Item -->\n\n\t\t\n\t\t\n<p>\r\n<!--  Starting Simple Link Directory Plugin Output -->\n<div class=\"qcopd_embed_container\">\r\n\r\n\r\n\r\n\r\n\r\n\r\n\r\n<\/div>\r\n<div class=\"qcopd-list-wrapper\">\n\t<div id=\"opd-list-holder\" class=\"qcopd-list-holder\">\n\t\t\n\t\t<!-- Individual List Item -->\n\t\t<div id=\"list-item-1-4731\" class=\"qc-grid-item qcopd-list-column opd-column-1 simple opd-list-id-4731\">\n\t\t\t<div class=\"qcopd-single-list\">\n\t\t\t\t\t<h2 onclick=\"if(document.getElementById('4731').style.display=='block'){document.getElementById('4731').style.display='none';}else{document.getElementById('4731').style.display='block';};\">\n\t\t\t\t\tGEST\u00c3O DE PARTIDOS POL\u00cdTICOS\t\t\t\t<\/h2>\n\t\t\t\t<ul  style=display:none; id=4731 >\n\t\t\t\t\t\n\t\t\t\t\t<li id=\"item-4731-1\">\n\t\t\t\t\t\t\t\t\t\t\t\t<!-- List Anchor -->\n\t\t\t\t\t\t<a   href=\"http:\/\/www.scielo.org.za\/scielo.php?script=sci_serial&#038;pid=2415-0479&#038;lng=en&#038;nrm=isso\"\n\t\t\t\t\t\t\ttarget=\"_blank\">\n\n\t\t\t\t\t\t\t<!-- Image, If Present -->\n\t\t\t\t\t\t\t1 - \t\t\t\t\t\t\t\t\t\t\t\t\t\t\n\t\t\t\t\t\t\t\n\t\t\t\t\t\t\t\t<span class=\"list-img\">\n\t\t\t\t\t\t\t\t\t\t\t\t\t\t\t\t\t\t<img src=\"https:\/\/www.uninter.com\/biblioteca\/wp-content\/uploads\/2023\/10\/Acta-Academica-150x150.jpg\" alt=\"\">\n\t\t\t\t\t\t\t\t<\/span>\n\t\t\t\t\t\t\t\n\t\t\t\t\t\t\t<!-- Link Text -->\n\t\t\t\t\t\t\tActa Acad\u00eamica\t\t\t\t\t\t\t\n\t\t\t\t\t\t\t\t\t\t\t\t\t\t<span style=\"font-size:12px;\"><br>\n\t                                2415-0479\t\t\t\t\t\t\t<\/span>\t\n\t                        \n\t\t\t\t\t\t<\/a>\n\t\t\t\t\t\t\n\t\t\t\t\t\t\t<!-- upvote section -->\n\t\t\t\t\t\t\t<div class=\"upvote-section\">\n\t\t\t\t\t\t\t\t<span data-post-id=\"4731\" data-item-title=\"Acta Acad\u00eamica\" data-item-link=\"http:\/\/www.scielo.org.za\/scielo.php?script=sci_serial&#038;pid=2415-0479&#038;lng=en&#038;nrm=isso\" class=\"upvote-btn upvote-on\">\n\t\t\t\t\t\t\t\t\t<i class=\"fa fa-thumbs-up\"><\/i>\n\t\t\t\t\t\t\t\t<\/span>\n\t\t\t\t\t\t\t\t<span class=\"upvote-count\">\n\t\t\t\t\t\t\t\t\t1\t\t\t\t\t\t\t\t<\/span>\n\t\t\t\t\t\t\t<\/div>\n\t\t\t\t\t\t\t<!-- \/upvote section -->\n\n\t\t\t\t\t\t\t\t\t\t\t\t\n\t\t\t\t\t<\/li>\n\t\t\t\t\t\n\t\t\t\t\t<li id=\"item-4731-2\">\n\t\t\t\t\t\t\t\t\t\t\t\t<!-- List Anchor -->\n\t\t\t\t\t\t<a   href=\"https:\/\/revistacomsoc.pt\/\"\n\t\t\t\t\t\t\ttarget=\"_blank\">\n\n\t\t\t\t\t\t\t<!-- Image, If Present -->\n\t\t\t\t\t\t\t2 - \t\t\t\t\t\t\t\t\t\t\t\t\t\t\n\t\t\t\t\t\t\t\n\t\t\t\t\t\t\t\t<span class=\"list-img\">\n\t\t\t\t\t\t\t\t\t\t\t\t\t\t\t\t\t\t<img src=\"https:\/\/www.uninter.com\/biblioteca\/wp-content\/uploads\/2023\/10\/Comunicacao-e-Sociedade-150x150.jpg\" alt=\"\">\n\t\t\t\t\t\t\t\t<\/span>\n\t\t\t\t\t\t\t\n\t\t\t\t\t\t\t<!-- Link Text -->\n\t\t\t\t\t\t\tComunica\u00e7\u00e3o e Sociedade\t\t\t\t\t\t\t\n\t\t\t\t\t\t\t\t\t\t\t\t\t\t<span style=\"font-size:12px;\"><br>\n\t                                2183-3575\t\t\t\t\t\t\t<\/span>\t\n\t                        \n\t\t\t\t\t\t<\/a>\n\t\t\t\t\t\t\n\t\t\t\t\t\t\t<!-- upvote section -->\n\t\t\t\t\t\t\t<div class=\"upvote-section\">\n\t\t\t\t\t\t\t\t<span data-post-id=\"4731\" data-item-title=\"Comunica\u00e7\u00e3o e Sociedade\" data-item-link=\"https:\/\/revistacomsoc.pt\/\" class=\"upvote-btn upvote-on\">\n\t\t\t\t\t\t\t\t\t<i class=\"fa fa-thumbs-up\"><\/i>\n\t\t\t\t\t\t\t\t<\/span>\n\t\t\t\t\t\t\t\t<span class=\"upvote-count\">\n\t\t\t\t\t\t\t\t\t1\t\t\t\t\t\t\t\t<\/span>\n\t\t\t\t\t\t\t<\/div>\n\t\t\t\t\t\t\t<!-- \/upvote section -->\n\n\t\t\t\t\t\t\t\t\t\t\t\t\n\t\t\t\t\t<\/li>\n\t\t\t\t\t\n\t\t\t\t\t<li id=\"item-4731-3\">\n\t\t\t\t\t\t\t\t\t\t\t\t<!-- List Anchor -->\n\t\t\t\t\t\t<a   href=\"https:\/\/seer.ufrgs.br\/debates\"\n\t\t\t\t\t\t\ttarget=\"_blank\">\n\n\t\t\t\t\t\t\t<!-- Image, If Present -->\n\t\t\t\t\t\t\t3 - \t\t\t\t\t\t\t\t\t\t\t\t\t\t\n\t\t\t\t\t\t\t\n\t\t\t\t\t\t\t\t<span class=\"list-img\">\n\t\t\t\t\t\t\t\t\t\t\t\t\t\t\t\t\t\t<img src=\"https:\/\/www.uninter.com\/biblioteca\/wp-content\/uploads\/2023\/10\/Revista-Debates-150x150.jpg\" alt=\"\">\n\t\t\t\t\t\t\t\t<\/span>\n\t\t\t\t\t\t\t\n\t\t\t\t\t\t\t<!-- Link Text -->\n\t\t\t\t\t\t\tRevista Debates\t\t\t\t\t\t\t\n\t\t\t\t\t\t\t\t\t\t\t\t\t\t<span style=\"font-size:12px;\"><br>\n\t                                1982-5269\t\t\t\t\t\t\t<\/span>\t\n\t                        \n\t\t\t\t\t\t<\/a>\n\t\t\t\t\t\t\n\t\t\t\t\t\t\t<!-- upvote section -->\n\t\t\t\t\t\t\t<div class=\"upvote-section\">\n\t\t\t\t\t\t\t\t<span data-post-id=\"4731\" data-item-title=\"Revista Debates\" data-item-link=\"https:\/\/seer.ufrgs.br\/debates\" class=\"upvote-btn upvote-on\">\n\t\t\t\t\t\t\t\t\t<i class=\"fa fa-thumbs-up\"><\/i>\n\t\t\t\t\t\t\t\t<\/span>\n\t\t\t\t\t\t\t\t<span class=\"upvote-count\">\n\t\t\t\t\t\t\t\t\t1\t\t\t\t\t\t\t\t<\/span>\n\t\t\t\t\t\t\t<\/div>\n\t\t\t\t\t\t\t<!-- \/upvote section -->\n\n\t\t\t\t\t\t\t\t\t\t\t\t\n\t\t\t\t\t<\/li>\n\t\t\t\t\t\n\t\t\t\t\t<li id=\"item-4731-4\">\n\t\t\t\t\t\t\t\t\t\t\t\t<!-- List Anchor -->\n\t\t\t\t\t\t<a   href=\"https:\/\/www.tse.jus.br\/institucional\/escola-judiciaria-eleitoral\/publicacoes\/revista-estudos-eleitorais-portugues\"\n\t\t\t\t\t\t\ttarget=\"_blank\">\n\n\t\t\t\t\t\t\t<!-- Image, If Present -->\n\t\t\t\t\t\t\t4 - \t\t\t\t\t\t\t\t\t\t\t\t\t\t\n\t\t\t\t\t\t\t\n\t\t\t\t\t\t\t\t<span class=\"list-img\">\n\t\t\t\t\t\t\t\t\t\t\t\t\t\t\t\t\t\t<img src=\"https:\/\/www.uninter.com\/biblioteca\/wp-content\/uploads\/2023\/10\/Revista-Estudos-Eleitorais-150x150.jpg\" alt=\"\">\n\t\t\t\t\t\t\t\t<\/span>\n\t\t\t\t\t\t\t\n\t\t\t\t\t\t\t<!-- Link Text -->\n\t\t\t\t\t\t\tRevista Estudos Eleitorais\t\t\t\t\t\t\t\n\t\t\t\t\t\t\t\t\t\t\t\t\t\t<span style=\"font-size:12px;\"><br>\n\t                                1414-5146\t\t\t\t\t\t\t<\/span>\t\n\t                        \n\t\t\t\t\t\t<\/a>\n\t\t\t\t\t\t\n\t\t\t\t\t\t\t<!-- upvote section -->\n\t\t\t\t\t\t\t<div class=\"upvote-section\">\n\t\t\t\t\t\t\t\t<span data-post-id=\"4731\" data-item-title=\"Revista Estudos Eleitorais\" data-item-link=\"https:\/\/www.tse.jus.br\/institucional\/escola-judiciaria-eleitoral\/publicacoes\/revista-estudos-eleitorais-portugues\" class=\"upvote-btn upvote-on\">\n\t\t\t\t\t\t\t\t\t<i class=\"fa fa-thumbs-up\"><\/i>\n\t\t\t\t\t\t\t\t<\/span>\n\t\t\t\t\t\t\t\t<span class=\"upvote-count\">\n\t\t\t\t\t\t\t\t\t1\t\t\t\t\t\t\t\t<\/span>\n\t\t\t\t\t\t\t<\/div>\n\t\t\t\t\t\t\t<!-- \/upvote section -->\n\n\t\t\t\t\t\t\t\t\t\t\t\t\n\t\t\t\t\t<\/li>\n\t\t\t\t\t\n\t\t\t\t\t<li id=\"item-4731-5\">\n\t\t\t\t\t\t\t\t\t\t\t\t<!-- List Anchor -->\n\t\t\t\t\t\t<a   href=\"https:\/\/novosestudos.com.br\/\"\n\t\t\t\t\t\t\ttarget=\"_blank\">\n\n\t\t\t\t\t\t\t<!-- Image, If Present -->\n\t\t\t\t\t\t\t5 - \t\t\t\t\t\t\t\t\t\t\t\t\t\t\n\t\t\t\t\t\t\t\n\t\t\t\t\t\t\t\t<span class=\"list-img\">\n\t\t\t\t\t\t\t\t\t\t\t\t\t\t\t\t\t\t<img src=\"https:\/\/www.uninter.com\/biblioteca\/wp-content\/uploads\/2023\/10\/Revista-Novos-Estudos-CEBRAP-150x150.jpg\" alt=\"\">\n\t\t\t\t\t\t\t\t<\/span>\n\t\t\t\t\t\t\t\n\t\t\t\t\t\t\t<!-- Link Text -->\n\t\t\t\t\t\t\tRevista Novos Estudos CEBRAP\t\t\t\t\t\t\t\n\t\t\t\t\t\t\t\t\t\t\t\t\t\t<span style=\"font-size:12px;\"><br>\n\t                                1980-5403\t\t\t\t\t\t\t<\/span>\t\n\t                        \n\t\t\t\t\t\t<\/a>\n\t\t\t\t\t\t\n\t\t\t\t\t\t\t<!-- upvote section -->\n\t\t\t\t\t\t\t<div class=\"upvote-section\">\n\t\t\t\t\t\t\t\t<span data-post-id=\"4731\" data-item-title=\"Revista Novos Estudos CEBRAP\" data-item-link=\"https:\/\/novosestudos.com.br\/\" class=\"upvote-btn upvote-on\">\n\t\t\t\t\t\t\t\t\t<i class=\"fa fa-thumbs-up\"><\/i>\n\t\t\t\t\t\t\t\t<\/span>\n\t\t\t\t\t\t\t\t<span class=\"upvote-count\">\n\t\t\t\t\t\t\t\t\t1\t\t\t\t\t\t\t\t<\/span>\n\t\t\t\t\t\t\t<\/div>\n\t\t\t\t\t\t\t<!-- \/upvote section -->\n\n\t\t\t\t\t\t\t\t\t\t\t\t\n\t\t\t\t\t<\/li>\n\t\t\t\t\t\n\t\t\t\t\t<li id=\"item-4731-6\">\n\t\t\t\t\t\t\t\t\t\t\t\t<!-- List Anchor -->\n\t\t\t\t\t\t<a   href=\"https:\/\/econtents.bc.unicamp.br\/inpec\/index.php\/phaos\"\n\t\t\t\t\t\t\ttarget=\"_blank\">\n\n\t\t\t\t\t\t\t<!-- Image, If Present -->\n\t\t\t\t\t\t\t6 - \t\t\t\t\t\t\t\t\t\t\t\t\t\t\n\t\t\t\t\t\t\t\n\t\t\t\t\t\t\t\t<span class=\"list-img\">\n\t\t\t\t\t\t\t\t\t\t\t\t\t\t\t\t\t\t<img src=\"https:\/\/www.uninter.com\/biblioteca\/wp-content\/uploads\/2023\/10\/PhaoS-Revista-de-Estudos-Classicos-150x150.jpg\" alt=\"\">\n\t\t\t\t\t\t\t\t<\/span>\n\t\t\t\t\t\t\t\n\t\t\t\t\t\t\t<!-- Link Text -->\n\t\t\t\t\t\t\tPhaoS - Revista de Estudos Cl\u00e1ssicos\t\t\t\t\t\t\t\n\t\t\t\t\t\t\t\t\t\t\t\t\t\t<span style=\"font-size:12px;\"><br>\n\t                                1676-3076\t\t\t\t\t\t\t<\/span>\t\n\t                        \n\t\t\t\t\t\t<\/a>\n\t\t\t\t\t\t\n\t\t\t\t\t\t\t<!-- upvote section -->\n\t\t\t\t\t\t\t<div class=\"upvote-section\">\n\t\t\t\t\t\t\t\t<span data-post-id=\"4731\" data-item-title=\"PhaoS - Revista de Estudos Cl\u00e1ssicos\" data-item-link=\"https:\/\/econtents.bc.unicamp.br\/inpec\/index.php\/phaos\" class=\"upvote-btn upvote-on\">\n\t\t\t\t\t\t\t\t\t<i class=\"fa fa-thumbs-up\"><\/i>\n\t\t\t\t\t\t\t\t<\/span>\n\t\t\t\t\t\t\t\t<span class=\"upvote-count\">\n\t\t\t\t\t\t\t\t\t1\t\t\t\t\t\t\t\t<\/span>\n\t\t\t\t\t\t\t<\/div>\n\t\t\t\t\t\t\t<!-- \/upvote section -->\n\n\t\t\t\t\t\t\t\t\t\t\t\t\n\t\t\t\t\t<\/li>\n\t\t\t\t\t\n\t\t\t\t\t<li id=\"item-4731-7\">\n\t\t\t\t\t\t\t\t\t\t\t\t<!-- List Anchor -->\n\t\t\t\t\t\t<a   href=\"https:\/\/www.fe.unicamp.br\/a-fe\/publicacoes\/periodicos\/pro-posicoes\"\n\t\t\t\t\t\t\ttarget=\"_blank\">\n\n\t\t\t\t\t\t\t<!-- Image, If Present -->\n\t\t\t\t\t\t\t7 - \t\t\t\t\t\t\t\t\t\t\t\t\t\t\n\t\t\t\t\t\t\t\n\t\t\t\t\t\t\t\t<span class=\"list-img\">\n\t\t\t\t\t\t\t\t\t\t\t\t\t\t\t\t\t\t<img src=\"https:\/\/www.uninter.com\/biblioteca\/wp-content\/uploads\/2023\/10\/Revista-Pro-Posicoes-150x150.jpg\" alt=\"\">\n\t\t\t\t\t\t\t\t<\/span>\n\t\t\t\t\t\t\t\n\t\t\t\t\t\t\t<!-- Link Text -->\n\t\t\t\t\t\t\tRevista Pro-Posi\u00e7\u00f5es\t\t\t\t\t\t\t\n\t\t\t\t\t\t\t\t\t\t\t\t\t\t<span style=\"font-size:12px;\"><br>\n\t                                1980-6248\t\t\t\t\t\t\t<\/span>\t\n\t                        \n\t\t\t\t\t\t<\/a>\n\t\t\t\t\t\t\n\t\t\t\t\t\t\t<!-- upvote section -->\n\t\t\t\t\t\t\t<div class=\"upvote-section\">\n\t\t\t\t\t\t\t\t<span data-post-id=\"4731\" data-item-title=\"Revista Pro-Posi\u00e7\u00f5es\" data-item-link=\"https:\/\/www.fe.unicamp.br\/a-fe\/publicacoes\/periodicos\/pro-posicoes\" class=\"upvote-btn upvote-on\">\n\t\t\t\t\t\t\t\t\t<i class=\"fa fa-thumbs-up\"><\/i>\n\t\t\t\t\t\t\t\t<\/span>\n\t\t\t\t\t\t\t\t<span class=\"upvote-count\">\n\t\t\t\t\t\t\t\t\t1\t\t\t\t\t\t\t\t<\/span>\n\t\t\t\t\t\t\t<\/div>\n\t\t\t\t\t\t\t<!-- \/upvote section -->\n\n\t\t\t\t\t\t\t\t\t\t\t\t\n\t\t\t\t\t<\/li>\n\t\t\t\t\t\n\t\t\t\t\t<li id=\"item-4731-8\">\n\t\t\t\t\t\t\t\t\t\t\t\t<!-- List Anchor -->\n\t\t\t\t\t\t<a   href=\"https:\/\/bibanpocs.emnuvens.com.br\/revista\"\n\t\t\t\t\t\t\ttarget=\"_blank\">\n\n\t\t\t\t\t\t\t<!-- Image, If Present -->\n\t\t\t\t\t\t\t8 - \t\t\t\t\t\t\t\t\t\t\t\t\t\t\n\t\t\t\t\t\t\t\n\t\t\t\t\t\t\t\t<span class=\"list-img\">\n\t\t\t\t\t\t\t\t\t\t\t\t\t\t\t\t\t\t<img src=\"https:\/\/www.uninter.com\/biblioteca\/wp-content\/uploads\/2023\/10\/Revista-Brasileira-de-Informacao-Bibliografica-em-Ciencias-Sociais-150x150.jpg\" alt=\"\">\n\t\t\t\t\t\t\t\t<\/span>\n\t\t\t\t\t\t\t\n\t\t\t\t\t\t\t<!-- Link Text -->\n\t\t\t\t\t\t\tRevista Brasileira de Informa\u00e7\u00e3o Bibliogr\u00e1fica em Ci\u00eancias Sociais\t\t\t\t\t\t\t\n\t\t\t\t\t\t\t\t\t\t\t\t\t\t<span style=\"font-size:12px;\"><br>\n\t                                2317-6644\t\t\t\t\t\t\t<\/span>\t\n\t                        \n\t\t\t\t\t\t<\/a>\n\t\t\t\t\t\t\n\t\t\t\t\t\t\t<!-- upvote section -->\n\t\t\t\t\t\t\t<div class=\"upvote-section\">\n\t\t\t\t\t\t\t\t<span data-post-id=\"4731\" data-item-title=\"Revista Brasileira de Informa\u00e7\u00e3o Bibliogr\u00e1fica em Ci\u00eancias Sociais\" data-item-link=\"https:\/\/bibanpocs.emnuvens.com.br\/revista\" class=\"upvote-btn upvote-on\">\n\t\t\t\t\t\t\t\t\t<i class=\"fa fa-thumbs-up\"><\/i>\n\t\t\t\t\t\t\t\t<\/span>\n\t\t\t\t\t\t\t\t<span class=\"upvote-count\">\n\t\t\t\t\t\t\t\t\t1\t\t\t\t\t\t\t\t<\/span>\n\t\t\t\t\t\t\t<\/div>\n\t\t\t\t\t\t\t<!-- \/upvote section -->\n\n\t\t\t\t\t\t\t\t\t\t\t\t\n\t\t\t\t\t<\/li>\n\t\t\t\t\t\n\t\t\t\t\t<li id=\"item-4731-9\">\n\t\t\t\t\t\t\t\t\t\t\t\t<!-- List Anchor -->\n\t\t\t\t\t\t<a   href=\"https:\/\/www.scielo.br\/j\/rap\/\"\n\t\t\t\t\t\t\ttarget=\"_blank\">\n\n\t\t\t\t\t\t\t<!-- Image, If Present -->\n\t\t\t\t\t\t\t9 - \t\t\t\t\t\t\t\t\t\t\t\t\t\t\n\t\t\t\t\t\t\t\n\t\t\t\t\t\t\t\t<span class=\"list-img\">\n\t\t\t\t\t\t\t\t\t\t\t\t\t\t\t\t\t\t<img src=\"https:\/\/www.uninter.com\/biblioteca\/wp-content\/uploads\/2023\/10\/Revista-de-Administracao-Publica-150x150.jpg\" alt=\"\">\n\t\t\t\t\t\t\t\t<\/span>\n\t\t\t\t\t\t\t\n\t\t\t\t\t\t\t<!-- Link Text -->\n\t\t\t\t\t\t\tRevista de Administra\u00e7\u00e3o P\u00fablica\t\t\t\t\t\t\t\n\t\t\t\t\t\t\t\t\t\t\t\t\t\t<span style=\"font-size:12px;\"><br>\n\t                                1982-3134\t\t\t\t\t\t\t<\/span>\t\n\t                        \n\t\t\t\t\t\t<\/a>\n\t\t\t\t\t\t\n\t\t\t\t\t\t\t<!-- upvote section -->\n\t\t\t\t\t\t\t<div class=\"upvote-section\">\n\t\t\t\t\t\t\t\t<span data-post-id=\"4731\" data-item-title=\"Revista de Administra\u00e7\u00e3o P\u00fablica\" data-item-link=\"https:\/\/www.scielo.br\/j\/rap\/\" class=\"upvote-btn upvote-on\">\n\t\t\t\t\t\t\t\t\t<i class=\"fa fa-thumbs-up\"><\/i>\n\t\t\t\t\t\t\t\t<\/span>\n\t\t\t\t\t\t\t\t<span class=\"upvote-count\">\n\t\t\t\t\t\t\t\t\t1\t\t\t\t\t\t\t\t<\/span>\n\t\t\t\t\t\t\t<\/div>\n\t\t\t\t\t\t\t<!-- \/upvote section -->\n\n\t\t\t\t\t\t\t\t\t\t\t\t\n\t\t\t\t\t<\/li>\n\t\t\t\t\t\n\t\t\t\t\t<li id=\"item-4731-10\">\n\t\t\t\t\t\t\t\t\t\t\t\t<!-- List Anchor -->\n\t\t\t\t\t\t<a   href=\"http:\/\/univates.br\/revistas\/index.php\/destaques\/index\"\n\t\t\t\t\t\t\ttarget=\"_blank\">\n\n\t\t\t\t\t\t\t<!-- Image, If Present -->\n\t\t\t\t\t\t\t10 - \t\t\t\t\t\t\t\t\t\t\t\t\t\t\n\t\t\t\t\t\t\t\n\t\t\t\t\t\t\t\t<span class=\"list-img\">\n\t\t\t\t\t\t\t\t\t\t\t\t\t\t\t\t\t\t<img src=\"https:\/\/www.uninter.com\/biblioteca\/wp-content\/uploads\/2023\/10\/Revista-Destaques-Academicos-150x150.jpg\" alt=\"\">\n\t\t\t\t\t\t\t\t<\/span>\n\t\t\t\t\t\t\t\n\t\t\t\t\t\t\t<!-- Link Text -->\n\t\t\t\t\t\t\tRevista Destaques Acad\u00eamicos\t\t\t\t\t\t\t\n\t\t\t\t\t\t\t\t\t\t\t\t\t\t<span style=\"font-size:12px;\"><br>\n\t                                2176-3070\t\t\t\t\t\t\t<\/span>\t\n\t                        \n\t\t\t\t\t\t<\/a>\n\t\t\t\t\t\t\n\t\t\t\t\t\t\t<!-- upvote section -->\n\t\t\t\t\t\t\t<div class=\"upvote-section\">\n\t\t\t\t\t\t\t\t<span data-post-id=\"4731\" data-item-title=\"Revista Destaques Acad\u00eamicos\" data-item-link=\"http:\/\/univates.br\/revistas\/index.php\/destaques\/index\" class=\"upvote-btn upvote-on\">\n\t\t\t\t\t\t\t\t\t<i class=\"fa fa-thumbs-up\"><\/i>\n\t\t\t\t\t\t\t\t<\/span>\n\t\t\t\t\t\t\t\t<span class=\"upvote-count\">\n\t\t\t\t\t\t\t\t\t1\t\t\t\t\t\t\t\t<\/span>\n\t\t\t\t\t\t\t<\/div>\n\t\t\t\t\t\t\t<!-- \/upvote section -->\n\n\t\t\t\t\t\t\t\t\t\t\t\t\n\t\t\t\t\t<\/li>\n\t\t\t\t\t\n\t\t\t\t\t<li id=\"item-4731-11\">\n\t\t\t\t\t\t\t\t\t\t\t\t<!-- List Anchor -->\n\t\t\t\t\t\t<a   href=\"https:\/\/www.scielo.br\/j\/rdgv\/\"\n\t\t\t\t\t\t\ttarget=\"_blank\">\n\n\t\t\t\t\t\t\t<!-- Image, If Present -->\n\t\t\t\t\t\t\t11 - \t\t\t\t\t\t\t\t\t\t\t\t\t\t\n\t\t\t\t\t\t\t\n\t\t\t\t\t\t\t\t<span class=\"list-img\">\n\t\t\t\t\t\t\t\t\t\t\t\t\t\t\t\t\t\t<img src=\"https:\/\/www.uninter.com\/biblioteca\/wp-content\/uploads\/2023\/10\/Revista-Direito-GV-150x150.jpg\" alt=\"\">\n\t\t\t\t\t\t\t\t<\/span>\n\t\t\t\t\t\t\t\n\t\t\t\t\t\t\t<!-- Link Text -->\n\t\t\t\t\t\t\tRevista Direito GV\t\t\t\t\t\t\t\n\t\t\t\t\t\t\t\t\t\t\t\t\t\t<span style=\"font-size:12px;\"><br>\n\t                                2317-6172\t\t\t\t\t\t\t<\/span>\t\n\t                        \n\t\t\t\t\t\t<\/a>\n\t\t\t\t\t\t\n\t\t\t\t\t\t\t<!-- upvote section -->\n\t\t\t\t\t\t\t<div class=\"upvote-section\">\n\t\t\t\t\t\t\t\t<span data-post-id=\"4731\" data-item-title=\"Revista Direito GV\" data-item-link=\"https:\/\/www.scielo.br\/j\/rdgv\/\" class=\"upvote-btn upvote-on\">\n\t\t\t\t\t\t\t\t\t<i class=\"fa fa-thumbs-up\"><\/i>\n\t\t\t\t\t\t\t\t<\/span>\n\t\t\t\t\t\t\t\t<span class=\"upvote-count\">\n\t\t\t\t\t\t\t\t\t1\t\t\t\t\t\t\t\t<\/span>\n\t\t\t\t\t\t\t<\/div>\n\t\t\t\t\t\t\t<!-- \/upvote section -->\n\n\t\t\t\t\t\t\t\t\t\t\t\t\n\t\t\t\t\t<\/li>\n\t\t\t\t\t\n\t\t\t\t\t<li id=\"item-4731-12\">\n\t\t\t\t\t\t\t\t\t\t\t\t<!-- List Anchor -->\n\t\t\t\t\t\t<a   href=\"https:\/\/periodicos.ufsc.br\/index.php\/emtese\"\n\t\t\t\t\t\t\ttarget=\"_blank\">\n\n\t\t\t\t\t\t\t<!-- Image, If Present -->\n\t\t\t\t\t\t\t12 - \t\t\t\t\t\t\t\t\t\t\t\t\t\t\n\t\t\t\t\t\t\t\n\t\t\t\t\t\t\t\t<span class=\"list-img\">\n\t\t\t\t\t\t\t\t\t\t\t\t\t\t\t\t\t\t<img src=\"https:\/\/www.uninter.com\/biblioteca\/wp-content\/uploads\/2023\/10\/Revista-em-Tese-150x150.jpg\" alt=\"\">\n\t\t\t\t\t\t\t\t<\/span>\n\t\t\t\t\t\t\t\n\t\t\t\t\t\t\t<!-- Link Text -->\n\t\t\t\t\t\t\tRevista em Tese\t\t\t\t\t\t\t\n\t\t\t\t\t\t\t\t\t\t\t\t\t\t<span style=\"font-size:12px;\"><br>\n\t                                1806-5023\t\t\t\t\t\t\t<\/span>\t\n\t                        \n\t\t\t\t\t\t<\/a>\n\t\t\t\t\t\t\n\t\t\t\t\t\t\t<!-- upvote section -->\n\t\t\t\t\t\t\t<div class=\"upvote-section\">\n\t\t\t\t\t\t\t\t<span data-post-id=\"4731\" data-item-title=\"Revista em Tese\" data-item-link=\"https:\/\/periodicos.ufsc.br\/index.php\/emtese\" class=\"upvote-btn upvote-on\">\n\t\t\t\t\t\t\t\t\t<i class=\"fa fa-thumbs-up\"><\/i>\n\t\t\t\t\t\t\t\t<\/span>\n\t\t\t\t\t\t\t\t<span class=\"upvote-count\">\n\t\t\t\t\t\t\t\t\t1\t\t\t\t\t\t\t\t<\/span>\n\t\t\t\t\t\t\t<\/div>\n\t\t\t\t\t\t\t<!-- \/upvote section -->\n\n\t\t\t\t\t\t\t\t\t\t\t\t\n\t\t\t\t\t<\/li>\n\t\t\t\t\t\n\t\t\t\t\t<li id=\"item-4731-13\">\n\t\t\t\t\t\t\t\t\t\t\t\t<!-- List Anchor -->\n\t\t\t\t\t\t<a   href=\"https:\/\/revistarelacionespublicas.uma.es\/index.php\/revrrpp\"\n\t\t\t\t\t\t\ttarget=\"_blank\">\n\n\t\t\t\t\t\t\t<!-- Image, If Present -->\n\t\t\t\t\t\t\t13 - \t\t\t\t\t\t\t\t\t\t\t\t\t\t\n\t\t\t\t\t\t\t\n\t\t\t\t\t\t\t\t<span class=\"list-img\">\n\t\t\t\t\t\t\t\t\t\t\t\t\t\t\t\t\t\t<img src=\"https:\/\/www.uninter.com\/biblioteca\/wp-content\/uploads\/2023\/10\/Revista-Internacional-de-Relaciones-Publicas-150x150.jpg\" alt=\"\">\n\t\t\t\t\t\t\t\t<\/span>\n\t\t\t\t\t\t\t\n\t\t\t\t\t\t\t<!-- Link Text -->\n\t\t\t\t\t\t\tRevista Internacional de Relaciones P\u00fablicas\t\t\t\t\t\t\t\n\t\t\t\t\t\t\t\t\t\t\t\t\t\t<span style=\"font-size:12px;\"><br>\n\t                                2174-3681\t\t\t\t\t\t\t<\/span>\t\n\t                        \n\t\t\t\t\t\t<\/a>\n\t\t\t\t\t\t\n\t\t\t\t\t\t\t<!-- upvote section -->\n\t\t\t\t\t\t\t<div class=\"upvote-section\">\n\t\t\t\t\t\t\t\t<span data-post-id=\"4731\" data-item-title=\"Revista Internacional de Relaciones P\u00fablicas\" data-item-link=\"https:\/\/revistarelacionespublicas.uma.es\/index.php\/revrrpp\" class=\"upvote-btn upvote-on\">\n\t\t\t\t\t\t\t\t\t<i class=\"fa fa-thumbs-up\"><\/i>\n\t\t\t\t\t\t\t\t<\/span>\n\t\t\t\t\t\t\t\t<span class=\"upvote-count\">\n\t\t\t\t\t\t\t\t\t1\t\t\t\t\t\t\t\t<\/span>\n\t\t\t\t\t\t\t<\/div>\n\t\t\t\t\t\t\t<!-- \/upvote section -->\n\n\t\t\t\t\t\t\t\t\t\t\t\t\n\t\t\t\t\t<\/li>\n\t\t\t\t\t\n\t\t\t\t\t<li id=\"item-4731-14\">\n\t\t\t\t\t\t\t\t\t\t\t\t<!-- List Anchor -->\n\t\t\t\t\t\t<a   href=\"https:\/\/www.scielo.br\/j\/gp\/\"\n\t\t\t\t\t\t\ttarget=\"_blank\">\n\n\t\t\t\t\t\t\t<!-- Image, If Present -->\n\t\t\t\t\t\t\t14 - \t\t\t\t\t\t\t\t\t\t\t\t\t\t\n\t\t\t\t\t\t\t\n\t\t\t\t\t\t\t\t<span class=\"list-img\">\n\t\t\t\t\t\t\t\t\t\t\t\t\t\t\t\t\t\t<img src=\"https:\/\/www.uninter.com\/biblioteca\/wp-content\/uploads\/2023\/10\/Revista-Gestao-Producao-150x150.jpg\" alt=\"\">\n\t\t\t\t\t\t\t\t<\/span>\n\t\t\t\t\t\t\t\n\t\t\t\t\t\t\t<!-- Link Text -->\n\t\t\t\t\t\t\tRevista Gest\u00e3o &amp; Produ\u00e7\u00e3o\t\t\t\t\t\t\t\n\t\t\t\t\t\t\t\t\t\t\t\t\t\t<span style=\"font-size:12px;\"><br>\n\t                                1806-9649\t\t\t\t\t\t\t<\/span>\t\n\t                        \n\t\t\t\t\t\t<\/a>\n\t\t\t\t\t\t\n\t\t\t\t\t\t\t<!-- upvote section -->\n\t\t\t\t\t\t\t<div class=\"upvote-section\">\n\t\t\t\t\t\t\t\t<span data-post-id=\"4731\" data-item-title=\"Revista Gest\u00e3o &amp; Produ\u00e7\u00e3o\" data-item-link=\"https:\/\/www.scielo.br\/j\/gp\/\" class=\"upvote-btn upvote-on\">\n\t\t\t\t\t\t\t\t\t<i class=\"fa fa-thumbs-up\"><\/i>\n\t\t\t\t\t\t\t\t<\/span>\n\t\t\t\t\t\t\t\t<span class=\"upvote-count\">\n\t\t\t\t\t\t\t\t\t1\t\t\t\t\t\t\t\t<\/span>\n\t\t\t\t\t\t\t<\/div>\n\t\t\t\t\t\t\t<!-- \/upvote section -->\n\n\t\t\t\t\t\t\t\t\t\t\t\t\n\t\t\t\t\t<\/li>\n\t\t\t\t\t\n\t\t\t\t\t<li id=\"item-4731-15\">\n\t\t\t\t\t\t\t\t\t\t\t\t<!-- List Anchor -->\n\t\t\t\t\t\t<a   href=\"https:\/\/www.tre-pr.jus.br\/institucional\/revista-parana-eleitoral\/revistas-e-livros\"\n\t\t\t\t\t\t\ttarget=\"_blank\">\n\n\t\t\t\t\t\t\t<!-- Image, If Present -->\n\t\t\t\t\t\t\t15 - \t\t\t\t\t\t\t\t\t\t\t\t\t\t\n\t\t\t\t\t\t\t\n\t\t\t\t\t\t\t\t<span class=\"list-img\">\n\t\t\t\t\t\t\t\t\t\t\t\t\t\t\t\t\t\t<img src=\"https:\/\/www.uninter.com\/biblioteca\/wp-content\/uploads\/2023\/10\/Revista-Parana-Eleitoral-150x150.jpg\" alt=\"\">\n\t\t\t\t\t\t\t\t<\/span>\n\t\t\t\t\t\t\t\n\t\t\t\t\t\t\t<!-- Link Text -->\n\t\t\t\t\t\t\tRevista Paran\u00e1 Eleitoral\t\t\t\t\t\t\t\n\t\t\t\t\t\t\t\t\t\t\t\t\t\t<span style=\"font-size:12px;\"><br>\n\t                                1414-7866\t\t\t\t\t\t\t<\/span>\t\n\t                        \n\t\t\t\t\t\t<\/a>\n\t\t\t\t\t\t\n\t\t\t\t\t\t\t<!-- upvote section -->\n\t\t\t\t\t\t\t<div class=\"upvote-section\">\n\t\t\t\t\t\t\t\t<span data-post-id=\"4731\" data-item-title=\"Revista Paran\u00e1 Eleitoral\" data-item-link=\"https:\/\/www.tre-pr.jus.br\/institucional\/revista-parana-eleitoral\/revistas-e-livros\" class=\"upvote-btn upvote-on\">\n\t\t\t\t\t\t\t\t\t<i class=\"fa fa-thumbs-up\"><\/i>\n\t\t\t\t\t\t\t\t<\/span>\n\t\t\t\t\t\t\t\t<span class=\"upvote-count\">\n\t\t\t\t\t\t\t\t\t1\t\t\t\t\t\t\t\t<\/span>\n\t\t\t\t\t\t\t<\/div>\n\t\t\t\t\t\t\t<!-- \/upvote section -->\n\n\t\t\t\t\t\t\t\t\t\t\t\t\n\t\t\t\t\t<\/li>\n\t\t\t\t\t\n\t\t\t\t\t<li id=\"item-4731-16\">\n\t\t\t\t\t\t\t\t\t\t\t\t<!-- List Anchor -->\n\t\t\t\t\t\t<a   href=\"https:\/\/www.scielo.br\/j\/ln\/\"\n\t\t\t\t\t\t\ttarget=\"_blank\">\n\n\t\t\t\t\t\t\t<!-- Image, If Present -->\n\t\t\t\t\t\t\t16 - \t\t\t\t\t\t\t\t\t\t\t\t\t\t\n\t\t\t\t\t\t\t\n\t\t\t\t\t\t\t\t<span class=\"list-img\">\n\t\t\t\t\t\t\t\t\t\t\t\t\t\t\t\t\t\t<img src=\"https:\/\/www.uninter.com\/biblioteca\/wp-content\/uploads\/2023\/10\/Lua-Nova-Revista-de-Cultura-e-Politica-150x150.jpg\" alt=\"\">\n\t\t\t\t\t\t\t\t<\/span>\n\t\t\t\t\t\t\t\n\t\t\t\t\t\t\t<!-- Link Text -->\n\t\t\t\t\t\t\tLua Nova: Revista de Cultura e Pol\u00edtica\t\t\t\t\t\t\t\n\t\t\t\t\t\t\t\t\t\t\t\t\t\t<span style=\"font-size:12px;\"><br>\n\t                                1807-0175\t\t\t\t\t\t\t<\/span>\t\n\t                        \n\t\t\t\t\t\t<\/a>\n\t\t\t\t\t\t\n\t\t\t\t\t\t\t<!-- upvote section -->\n\t\t\t\t\t\t\t<div class=\"upvote-section\">\n\t\t\t\t\t\t\t\t<span data-post-id=\"4731\" data-item-title=\"Lua Nova: Revista de Cultura e Pol\u00edtica\" data-item-link=\"https:\/\/www.scielo.br\/j\/ln\/\" class=\"upvote-btn upvote-on\">\n\t\t\t\t\t\t\t\t\t<i class=\"fa fa-thumbs-up\"><\/i>\n\t\t\t\t\t\t\t\t<\/span>\n\t\t\t\t\t\t\t\t<span class=\"upvote-count\">\n\t\t\t\t\t\t\t\t\t1\t\t\t\t\t\t\t\t<\/span>\n\t\t\t\t\t\t\t<\/div>\n\t\t\t\t\t\t\t<!-- \/upvote section -->\n\n\t\t\t\t\t\t\t\t\t\t\t\t\n\t\t\t\t\t<\/li>\n\t\t\t\t\t\n\t\t\t\t\t<li id=\"item-4731-17\">\n\t\t\t\t\t\t\t\t\t\t\t\t<!-- List Anchor -->\n\t\t\t\t\t\t<a   href=\"https:\/\/www.scielo.br\/j\/dados\/\"\n\t\t\t\t\t\t\ttarget=\"_blank\">\n\n\t\t\t\t\t\t\t<!-- Image, If Present -->\n\t\t\t\t\t\t\t17 - \t\t\t\t\t\t\t\t\t\t\t\t\t\t\n\t\t\t\t\t\t\t\n\t\t\t\t\t\t\t\t<span class=\"list-img\">\n\t\t\t\t\t\t\t\t\t\t\t\t\t\t\t\t\t\t<img src=\"https:\/\/www.uninter.com\/biblioteca\/wp-content\/uploads\/2023\/10\/Revista-Dados-150x150.jpg\" alt=\"\">\n\t\t\t\t\t\t\t\t<\/span>\n\t\t\t\t\t\t\t\n\t\t\t\t\t\t\t<!-- Link Text -->\n\t\t\t\t\t\t\tRevista Dados\t\t\t\t\t\t\t\n\t\t\t\t\t\t\t\t\t\t\t\t\t\t<span style=\"font-size:12px;\"><br>\n\t                                1678-4588\t\t\t\t\t\t\t<\/span>\t\n\t                        \n\t\t\t\t\t\t<\/a>\n\t\t\t\t\t\t\n\t\t\t\t\t\t\t<!-- upvote section -->\n\t\t\t\t\t\t\t<div class=\"upvote-section\">\n\t\t\t\t\t\t\t\t<span data-post-id=\"4731\" data-item-title=\"Revista Dados\" data-item-link=\"https:\/\/www.scielo.br\/j\/dados\/\" class=\"upvote-btn upvote-on\">\n\t\t\t\t\t\t\t\t\t<i class=\"fa fa-thumbs-up\"><\/i>\n\t\t\t\t\t\t\t\t<\/span>\n\t\t\t\t\t\t\t\t<span class=\"upvote-count\">\n\t\t\t\t\t\t\t\t\t1\t\t\t\t\t\t\t\t<\/span>\n\t\t\t\t\t\t\t<\/div>\n\t\t\t\t\t\t\t<!-- \/upvote section -->\n\n\t\t\t\t\t\t\t\t\t\t\t\t\n\t\t\t\t\t<\/li>\n\t\t\t\t\t\n\t\t\t\t\t<li id=\"item-4731-18\">\n\t\t\t\t\t\t\t\t\t\t\t\t<!-- List Anchor -->\n\t\t\t\t\t\t<a   href=\"https:\/\/www.scielo.br\/j\/rbcpol\/\"\n\t\t\t\t\t\t\ttarget=\"_blank\">\n\n\t\t\t\t\t\t\t<!-- Image, If Present -->\n\t\t\t\t\t\t\t18 - \t\t\t\t\t\t\t\t\t\t\t\t\t\t\n\t\t\t\t\t\t\t\n\t\t\t\t\t\t\t\t<span class=\"list-img\">\n\t\t\t\t\t\t\t\t\t\t\t\t\t\t\t\t\t\t<img src=\"https:\/\/www.uninter.com\/biblioteca\/wp-content\/uploads\/2023\/10\/Revista-Brasileira-de-Ciencia-Politica-150x150.jpg\" alt=\"\">\n\t\t\t\t\t\t\t\t<\/span>\n\t\t\t\t\t\t\t\n\t\t\t\t\t\t\t<!-- Link Text -->\n\t\t\t\t\t\t\tRevista Brasileira de Ci\u00eancia Pol\u00edtica\t\t\t\t\t\t\t\n\t\t\t\t\t\t\t\t\t\t\t\t\t\t<span style=\"font-size:12px;\"><br>\n\t                                2178-4884\t\t\t\t\t\t\t<\/span>\t\n\t                        \n\t\t\t\t\t\t<\/a>\n\t\t\t\t\t\t\n\t\t\t\t\t\t\t<!-- upvote section -->\n\t\t\t\t\t\t\t<div class=\"upvote-section\">\n\t\t\t\t\t\t\t\t<span data-post-id=\"4731\" data-item-title=\"Revista Brasileira de Ci\u00eancia Pol\u00edtica\" data-item-link=\"https:\/\/www.scielo.br\/j\/rbcpol\/\" class=\"upvote-btn upvote-on\">\n\t\t\t\t\t\t\t\t\t<i class=\"fa fa-thumbs-up\"><\/i>\n\t\t\t\t\t\t\t\t<\/span>\n\t\t\t\t\t\t\t\t<span class=\"upvote-count\">\n\t\t\t\t\t\t\t\t\t1\t\t\t\t\t\t\t\t<\/span>\n\t\t\t\t\t\t\t<\/div>\n\t\t\t\t\t\t\t<!-- \/upvote section -->\n\n\t\t\t\t\t\t\t\t\t\t\t\t\n\t\t\t\t\t<\/li>\n\t\t\t\t\t\n\t\t\t\t\t<li id=\"item-4731-19\">\n\t\t\t\t\t\t\t\t\t\t\t\t<!-- List Anchor -->\n\t\t\t\t\t\t<a   href=\"http:\/\/compolitica.org\/revista\/index.php\/revista\"\n\t\t\t\t\t\t\ttarget=\"_blank\">\n\n\t\t\t\t\t\t\t<!-- Image, If Present -->\n\t\t\t\t\t\t\t19 - \t\t\t\t\t\t\t\t\t\t\t\t\t\t\n\t\t\t\t\t\t\t\n\t\t\t\t\t\t\t\t<span class=\"list-img\">\n\t\t\t\t\t\t\t\t\t\t\t\t\t\t\t\t\t\t<img src=\"https:\/\/www.uninter.com\/biblioteca\/wp-content\/uploads\/2023\/10\/Revista-Compolitica-150x150.jpg\" alt=\"\">\n\t\t\t\t\t\t\t\t<\/span>\n\t\t\t\t\t\t\t\n\t\t\t\t\t\t\t<!-- Link Text -->\n\t\t\t\t\t\t\tRevista Compol\u00edtica\t\t\t\t\t\t\t\n\t\t\t\t\t\t\t\t\t\t\t\t\t\t<span style=\"font-size:12px;\"><br>\n\t                                2236-4781\t\t\t\t\t\t\t<\/span>\t\n\t                        \n\t\t\t\t\t\t<\/a>\n\t\t\t\t\t\t\n\t\t\t\t\t\t\t<!-- upvote section -->\n\t\t\t\t\t\t\t<div class=\"upvote-section\">\n\t\t\t\t\t\t\t\t<span data-post-id=\"4731\" data-item-title=\"Revista Compol\u00edtica\" data-item-link=\"http:\/\/compolitica.org\/revista\/index.php\/revista\" class=\"upvote-btn upvote-on\">\n\t\t\t\t\t\t\t\t\t<i class=\"fa fa-thumbs-up\"><\/i>\n\t\t\t\t\t\t\t\t<\/span>\n\t\t\t\t\t\t\t\t<span class=\"upvote-count\">\n\t\t\t\t\t\t\t\t\t1\t\t\t\t\t\t\t\t<\/span>\n\t\t\t\t\t\t\t<\/div>\n\t\t\t\t\t\t\t<!-- \/upvote section -->\n\n\t\t\t\t\t\t\t\t\t\t\t\t\n\t\t\t\t\t<\/li>\n\t\t\t\t\t\n\t\t\t\t\t<li id=\"item-4731-20\">\n\t\t\t\t\t\t\t\t\t\t\t\t<!-- List Anchor -->\n\t\t\t\t\t\t<a   href=\"https:\/\/www.scielo.br\/j\/op\/\"\n\t\t\t\t\t\t\ttarget=\"_blank\">\n\n\t\t\t\t\t\t\t<!-- Image, If Present -->\n\t\t\t\t\t\t\t20 - \t\t\t\t\t\t\t\t\t\t\t\t\t\t\n\t\t\t\t\t\t\t\n\t\t\t\t\t\t\t\t<span class=\"list-img\">\n\t\t\t\t\t\t\t\t\t\t\t\t\t\t\t\t\t\t<img src=\"https:\/\/www.uninter.com\/biblioteca\/wp-content\/uploads\/2023\/10\/Revista-Opiniao-Publica-150x118.jpg\" alt=\"\">\n\t\t\t\t\t\t\t\t<\/span>\n\t\t\t\t\t\t\t\n\t\t\t\t\t\t\t<!-- Link Text -->\n\t\t\t\t\t\t\tRevista Opini\u00e3o P\u00fablica\t\t\t\t\t\t\t\n\t\t\t\t\t\t\t\t\t\t\t\t\t\t<span style=\"font-size:12px;\"><br>\n\t                                1807-0191\t\t\t\t\t\t\t<\/span>\t\n\t                        \n\t\t\t\t\t\t<\/a>\n\t\t\t\t\t\t\n\t\t\t\t\t\t\t<!-- upvote section -->\n\t\t\t\t\t\t\t<div class=\"upvote-section\">\n\t\t\t\t\t\t\t\t<span data-post-id=\"4731\" data-item-title=\"Revista Opini\u00e3o P\u00fablica\" data-item-link=\"https:\/\/www.scielo.br\/j\/op\/\" class=\"upvote-btn upvote-on\">\n\t\t\t\t\t\t\t\t\t<i class=\"fa fa-thumbs-up\"><\/i>\n\t\t\t\t\t\t\t\t<\/span>\n\t\t\t\t\t\t\t\t<span class=\"upvote-count\">\n\t\t\t\t\t\t\t\t\t\t\t\t\t\t\t\t\t<\/span>\n\t\t\t\t\t\t\t<\/div>\n\t\t\t\t\t\t\t<!-- \/upvote section -->\n\n\t\t\t\t\t\t\t\t\t\t\t\t\n\t\t\t\t\t<\/li>\n\t\t\t\t\t\n\t\t\t\t\t<li id=\"item-4731-21\">\n\t\t\t\t\t\t\t\t\t\t\t\t<!-- List Anchor -->\n\t\t\t\t\t\t<a   href=\"https:\/\/www.scielo.br\/j\/rbcsoc\/\"\n\t\t\t\t\t\t\ttarget=\"_blank\">\n\n\t\t\t\t\t\t\t<!-- Image, If Present -->\n\t\t\t\t\t\t\t21 - \t\t\t\t\t\t\t\t\t\t\t\t\t\t\n\t\t\t\t\t\t\t\n\t\t\t\t\t\t\t\t<span class=\"list-img\">\n\t\t\t\t\t\t\t\t\t\t\t\t\t\t\t\t\t\t<img src=\"https:\/\/www.uninter.com\/biblioteca\/wp-content\/uploads\/2023\/10\/Revista-Brasileira-de-Ciencias-Sociais-150x122.jpg\" alt=\"\">\n\t\t\t\t\t\t\t\t<\/span>\n\t\t\t\t\t\t\t\n\t\t\t\t\t\t\t<!-- Link Text -->\n\t\t\t\t\t\t\tRevista Brasileira de Ci\u00eancias Sociais\t\t\t\t\t\t\t\n\t\t\t\t\t\t\t\t\t\t\t\t\t\t<span style=\"font-size:12px;\"><br>\n\t                                1806-9053\t\t\t\t\t\t\t<\/span>\t\n\t                        \n\t\t\t\t\t\t<\/a>\n\t\t\t\t\t\t\n\t\t\t\t\t\t\t<!-- upvote section -->\n\t\t\t\t\t\t\t<div class=\"upvote-section\">\n\t\t\t\t\t\t\t\t<span data-post-id=\"4731\" data-item-title=\"Revista Brasileira de Ci\u00eancias Sociais\" data-item-link=\"https:\/\/www.scielo.br\/j\/rbcsoc\/\" class=\"upvote-btn upvote-on\">\n\t\t\t\t\t\t\t\t\t<i class=\"fa fa-thumbs-up\"><\/i>\n\t\t\t\t\t\t\t\t<\/span>\n\t\t\t\t\t\t\t\t<span class=\"upvote-count\">\n\t\t\t\t\t\t\t\t\t\t\t\t\t\t\t\t\t<\/span>\n\t\t\t\t\t\t\t<\/div>\n\t\t\t\t\t\t\t<!-- \/upvote section -->\n\n\t\t\t\t\t\t\t\t\t\t\t\t\n\t\t\t\t\t<\/li>\n\t\t\t\t\t\n\t\t\t\t\t<li id=\"item-4731-22\">\n\t\t\t\t\t\t\t\t\t\t\t\t<!-- List Anchor -->\n\t\t\t\t\t\t<a   href=\"https:\/\/www.scielo.br\/j\/rsocp\/\"\n\t\t\t\t\t\t\ttarget=\"_blank\">\n\n\t\t\t\t\t\t\t<!-- Image, If Present -->\n\t\t\t\t\t\t\t22 - \t\t\t\t\t\t\t\t\t\t\t\t\t\t\n\t\t\t\t\t\t\t\n\t\t\t\t\t\t\t\t<span class=\"list-img\">\n\t\t\t\t\t\t\t\t\t\t\t\t\t\t\t\t\t\t<img src=\"https:\/\/www.uninter.com\/biblioteca\/wp-content\/uploads\/2023\/10\/Revista-de-Sociologia-e-Politica-150x150.jpg\" alt=\"\">\n\t\t\t\t\t\t\t\t<\/span>\n\t\t\t\t\t\t\t\n\t\t\t\t\t\t\t<!-- Link Text -->\n\t\t\t\t\t\t\tRevista de Sociologia e Pol\u00edtica\t\t\t\t\t\t\t\n\t\t\t\t\t\t\t\t\t\t\t\t\t\t<span style=\"font-size:12px;\"><br>\n\t                                1678-9873\t\t\t\t\t\t\t<\/span>\t\n\t                        \n\t\t\t\t\t\t<\/a>\n\t\t\t\t\t\t\n\t\t\t\t\t\t\t<!-- upvote section -->\n\t\t\t\t\t\t\t<div class=\"upvote-section\">\n\t\t\t\t\t\t\t\t<span data-post-id=\"4731\" data-item-title=\"Revista de Sociologia e Pol\u00edtica\" data-item-link=\"https:\/\/www.scielo.br\/j\/rsocp\/\" class=\"upvote-btn upvote-on\">\n\t\t\t\t\t\t\t\t\t<i class=\"fa fa-thumbs-up\"><\/i>\n\t\t\t\t\t\t\t\t<\/span>\n\t\t\t\t\t\t\t\t<span class=\"upvote-count\">\n\t\t\t\t\t\t\t\t\t\t\t\t\t\t\t\t\t<\/span>\n\t\t\t\t\t\t\t<\/div>\n\t\t\t\t\t\t\t<!-- \/upvote section -->\n\n\t\t\t\t\t\t\t\t\t\t\t\t\n\t\t\t\t\t<\/li>\n\t\t\t\t\t\t\t\t\t<\/ul>\n\n\t\t\t<\/div>\n\n\t\t<\/div>\n\t\t<!-- \/Individual List Item -->\n\n\t\t\n\t\t<br \/>\n\r\n<!--  Starting Simple Link Directory Plugin Output -->\n<div class=\"qcopd_embed_container\">\r\n\r\n\r\n\r\n\r\n\r\n\r\n\r\n<\/div>\r\n<div class=\"qcopd-list-wrapper\">\n\t<div id=\"opd-list-holder\" class=\"qcopd-list-holder\">\n\t\t\n\t\t<!-- Individual List Item -->\n\t\t<div id=\"list-item-1-1450\" class=\"qc-grid-item qcopd-list-column opd-column-1 simple opd-list-id-1450\">\n\t\t\t<div class=\"qcopd-single-list\">\n\t\t\t\t\t<h2 onclick=\"if(document.getElementById('1450').style.display=='block'){document.getElementById('1450').style.display='none';}else{document.getElementById('1450').style.display='block';};\">\n\t\t\t\t\tRela\u00e7\u00f5es Internacionais\t\t\t\t<\/h2>\n\t\t\t\t<ul  style=display:none; id=1450 >\n\t\t\t\t\t\n\t\t\t\t\t<li id=\"item-1450-1\">\n\t\t\t\t\t\t\t\t\t\t\t\t<!-- List Anchor -->\n\t\t\t\t\t\t<a   href=\"https:\/\/seer.ufrgs.br\/index.php\/austral\/index\"\n\t\t\t\t\t\t\ttarget=\"_blank\">\n\n\t\t\t\t\t\t\t<!-- Image, If Present -->\n\t\t\t\t\t\t\t1 - \t\t\t\t\t\t\t\t\t\t\t\t\t\t\n\t\t\t\t\t\t\t\n\t\t\t\t\t\t\t\t<span class=\"list-img\">\n\t\t\t\t\t\t\t\t\t\t\t\t\t\t\t\t\t\t<img src=\"https:\/\/www.uninter.com\/biblioteca\/wp-content\/uploads\/2019\/08\/austral-150x150.jpg\" alt=\"\">\n\t\t\t\t\t\t\t\t<\/span>\n\t\t\t\t\t\t\t\n\t\t\t\t\t\t\t<!-- Link Text -->\n\t\t\t\t\t\t\tRevista Brasileira de Estrat\u00e9gia e Rela\u00e7\u00f5es Internacionais\t\t\t\t\t\t\t\n\t\t\t\t\t\t\t\t\t\t\t\t\t\t<span style=\"font-size:12px;\"><br>\n\t                                \t\t\t\t\t\t\t<\/span>\t\n\t                        \n\t\t\t\t\t\t<\/a>\n\t\t\t\t\t\t\n\t\t\t\t\t\t\t<!-- upvote section -->\n\t\t\t\t\t\t\t<div class=\"upvote-section\">\n\t\t\t\t\t\t\t\t<span data-post-id=\"1450\" data-item-title=\"Revista Brasileira de Estrat\u00e9gia e Rela\u00e7\u00f5es Internacionais\" data-item-link=\"https:\/\/seer.ufrgs.br\/index.php\/austral\/index\" class=\"upvote-btn upvote-on\">\n\t\t\t\t\t\t\t\t\t<i class=\"fa fa-thumbs-up\"><\/i>\n\t\t\t\t\t\t\t\t<\/span>\n\t\t\t\t\t\t\t\t<span class=\"upvote-count\">\n\t\t\t\t\t\t\t\t\t\t\t\t\t\t\t\t\t<\/span>\n\t\t\t\t\t\t\t<\/div>\n\t\t\t\t\t\t\t<!-- \/upvote section -->\n\n\t\t\t\t\t\t\t\t\t\t\t\t\n\t\t\t\t\t<\/li>\n\t\t\t\t\t\n\t\t\t\t\t<li id=\"item-1450-2\">\n\t\t\t\t\t\t\t\t\t\t\t\t<!-- List Anchor -->\n\t\t\t\t\t\t<a   href=\"http:\/\/periodicos.pucminas.br\/index.php\/conjuntura\"\n\t\t\t\t\t\t\ttarget=\"_blank\">\n\n\t\t\t\t\t\t\t<!-- Image, If Present -->\n\t\t\t\t\t\t\t2 - \t\t\t\t\t\t\t\t\t\t\t\t\t\t\n\t\t\t\t\t\t\t\n\t\t\t\t\t\t\t\t<span class=\"list-img\">\n\t\t\t\t\t\t\t\t\t\t\t\t\t\t\t\t\t\t<img src=\"https:\/\/www.uninter.com\/biblioteca\/wp-content\/uploads\/2019\/08\/conjuntura-1-150x150.jpg\" alt=\"\">\n\t\t\t\t\t\t\t\t<\/span>\n\t\t\t\t\t\t\t\n\t\t\t\t\t\t\t<!-- Link Text -->\n\t\t\t\t\t\t\tRevista Conjuntura Internacional\t\t\t\t\t\t\t\n\t\t\t\t\t\t\t\t\t\t\t\t\t\t<span style=\"font-size:12px;\"><br>\n\t                                \t\t\t\t\t\t\t<\/span>\t\n\t                        \n\t\t\t\t\t\t<\/a>\n\t\t\t\t\t\t\n\t\t\t\t\t\t\t<!-- upvote section -->\n\t\t\t\t\t\t\t<div class=\"upvote-section\">\n\t\t\t\t\t\t\t\t<span data-post-id=\"1450\" data-item-title=\"Revista Conjuntura Internacional\" data-item-link=\"http:\/\/periodicos.pucminas.br\/index.php\/conjuntura\" class=\"upvote-btn upvote-on\">\n\t\t\t\t\t\t\t\t\t<i class=\"fa fa-thumbs-up\"><\/i>\n\t\t\t\t\t\t\t\t<\/span>\n\t\t\t\t\t\t\t\t<span class=\"upvote-count\">\n\t\t\t\t\t\t\t\t\t\t\t\t\t\t\t\t\t<\/span>\n\t\t\t\t\t\t\t<\/div>\n\t\t\t\t\t\t\t<!-- \/upvote section -->\n\n\t\t\t\t\t\t\t\t\t\t\t\t\n\t\t\t\t\t<\/li>\n\t\t\t\t\t\n\t\t\t\t\t<li id=\"item-1450-3\">\n\t\t\t\t\t\t\t\t\t\t\t\t<!-- List Anchor -->\n\t\t\t\t\t\t<a   href=\"http:\/\/periodicos.pucminas.br\/index.php\/estudosinternacionais\"\n\t\t\t\t\t\t\ttarget=\"_blank\">\n\n\t\t\t\t\t\t\t<!-- Image, If Present -->\n\t\t\t\t\t\t\t3 - \t\t\t\t\t\t\t\t\t\t\t\t\t\t\n\t\t\t\t\t\t\t\n\t\t\t\t\t\t\t\t<span class=\"list-img\">\n\t\t\t\t\t\t\t\t\t\t\t\t\t\t\t\t\t\t<img src=\"https:\/\/www.uninter.com\/biblioteca\/wp-content\/uploads\/2019\/08\/ei-150x150.jpg\" alt=\"\">\n\t\t\t\t\t\t\t\t<\/span>\n\t\t\t\t\t\t\t\n\t\t\t\t\t\t\t<!-- Link Text -->\n\t\t\t\t\t\t\tRevista de Rela\u00e7\u00f5es Internacionais da PUC Minas\t\t\t\t\t\t\t\n\t\t\t\t\t\t\t\t\t\t\t\t\t\t<span style=\"font-size:12px;\"><br>\n\t                                \t\t\t\t\t\t\t<\/span>\t\n\t                        \n\t\t\t\t\t\t<\/a>\n\t\t\t\t\t\t\n\t\t\t\t\t\t\t<!-- upvote section -->\n\t\t\t\t\t\t\t<div class=\"upvote-section\">\n\t\t\t\t\t\t\t\t<span data-post-id=\"1450\" data-item-title=\"Revista de Rela\u00e7\u00f5es Internacionais da PUC Minas\" data-item-link=\"http:\/\/periodicos.pucminas.br\/index.php\/estudosinternacionais\" class=\"upvote-btn upvote-on\">\n\t\t\t\t\t\t\t\t\t<i class=\"fa fa-thumbs-up\"><\/i>\n\t\t\t\t\t\t\t\t<\/span>\n\t\t\t\t\t\t\t\t<span class=\"upvote-count\">\n\t\t\t\t\t\t\t\t\t\t\t\t\t\t\t\t\t<\/span>\n\t\t\t\t\t\t\t<\/div>\n\t\t\t\t\t\t\t<!-- \/upvote section -->\n\n\t\t\t\t\t\t\t\t\t\t\t\t\n\t\t\t\t\t<\/li>\n\t\t\t\t\t\n\t\t\t\t\t<li id=\"item-1450-4\">\n\t\t\t\t\t\t\t\t\t\t\t\t<!-- List Anchor -->\n\t\t\t\t\t\t<a   href=\"http:\/\/periodicos.pucminas.br\/index.php\/fronteira\"\n\t\t\t\t\t\t\ttarget=\"_blank\">\n\n\t\t\t\t\t\t\t<!-- Image, If Present -->\n\t\t\t\t\t\t\t4 - \t\t\t\t\t\t\t\t\t\t\t\t\t\t\n\t\t\t\t\t\t\t\n\t\t\t\t\t\t\t\t<span class=\"list-img\">\n\t\t\t\t\t\t\t\t\t\t\t\t\t\t\t\t\t\t<img src=\"https:\/\/www.uninter.com\/biblioteca\/wp-content\/uploads\/2019\/08\/fronteira-150x150.jpg\" alt=\"\">\n\t\t\t\t\t\t\t\t<\/span>\n\t\t\t\t\t\t\t\n\t\t\t\t\t\t\t<!-- Link Text -->\n\t\t\t\t\t\t\tRevista de Inicia\u00e7\u00e3o Cient\u00edfica em Rela\u00e7\u00f5es Internacionais\t\t\t\t\t\t\t\n\t\t\t\t\t\t\t\t\t\t\t\t\t\t<span style=\"font-size:12px;\"><br>\n\t                                \t\t\t\t\t\t\t<\/span>\t\n\t                        \n\t\t\t\t\t\t<\/a>\n\t\t\t\t\t\t\n\t\t\t\t\t\t\t<!-- upvote section -->\n\t\t\t\t\t\t\t<div class=\"upvote-section\">\n\t\t\t\t\t\t\t\t<span data-post-id=\"1450\" data-item-title=\"Revista de Inicia\u00e7\u00e3o Cient\u00edfica em Rela\u00e7\u00f5es Internacionais\" data-item-link=\"http:\/\/periodicos.pucminas.br\/index.php\/fronteira\" class=\"upvote-btn upvote-on\">\n\t\t\t\t\t\t\t\t\t<i class=\"fa fa-thumbs-up\"><\/i>\n\t\t\t\t\t\t\t\t<\/span>\n\t\t\t\t\t\t\t\t<span class=\"upvote-count\">\n\t\t\t\t\t\t\t\t\t\t\t\t\t\t\t\t\t<\/span>\n\t\t\t\t\t\t\t<\/div>\n\t\t\t\t\t\t\t<!-- \/upvote section -->\n\n\t\t\t\t\t\t\t\t\t\t\t\t\n\t\t\t\t\t<\/li>\n\t\t\t\t\t\n\t\t\t\t\t<li id=\"item-1450-5\">\n\t\t\t\t\t\t\t\t\t\t\t\t<!-- List Anchor -->\n\t\t\t\t\t\t<a   href=\"https:\/\/jia.sipa.columbia.edu\/\"\n\t\t\t\t\t\t\ttarget=\"_blank\">\n\n\t\t\t\t\t\t\t<!-- Image, If Present -->\n\t\t\t\t\t\t\t5 - \t\t\t\t\t\t\t\t\t\t\t\t\t\t\n\t\t\t\t\t\t\t\n\t\t\t\t\t\t\t\t<span class=\"list-img\">\n\t\t\t\t\t\t\t\t\t\t\t\t\t\t\t\t\t\t<img src=\"https:\/\/www.uninter.com\/biblioteca\/wp-content\/uploads\/2019\/08\/affairs-150x150.jpg\" alt=\"\">\n\t\t\t\t\t\t\t\t<\/span>\n\t\t\t\t\t\t\t\n\t\t\t\t\t\t\t<!-- Link Text -->\n\t\t\t\t\t\t\tJournal of International Affairs\t\t\t\t\t\t\t\n\t\t\t\t\t\t\t\t\t\t\t\t\t\t<span style=\"font-size:12px;\"><br>\n\t                                \t\t\t\t\t\t\t<\/span>\t\n\t                        \n\t\t\t\t\t\t<\/a>\n\t\t\t\t\t\t\n\t\t\t\t\t\t\t<!-- upvote section -->\n\t\t\t\t\t\t\t<div class=\"upvote-section\">\n\t\t\t\t\t\t\t\t<span data-post-id=\"1450\" data-item-title=\"Journal of International Affairs\" data-item-link=\"https:\/\/jia.sipa.columbia.edu\/\" class=\"upvote-btn upvote-on\">\n\t\t\t\t\t\t\t\t\t<i class=\"fa fa-thumbs-up\"><\/i>\n\t\t\t\t\t\t\t\t<\/span>\n\t\t\t\t\t\t\t\t<span class=\"upvote-count\">\n\t\t\t\t\t\t\t\t\t\t\t\t\t\t\t\t\t<\/span>\n\t\t\t\t\t\t\t<\/div>\n\t\t\t\t\t\t\t<!-- \/upvote section -->\n\n\t\t\t\t\t\t\t\t\t\t\t\t\n\t\t\t\t\t<\/li>\n\t\t\t\t\t\n\t\t\t\t\t<li id=\"item-1450-6\">\n\t\t\t\t\t\t\t\t\t\t\t\t<!-- List Anchor -->\n\t\t\t\t\t\t<a   href=\"https:\/\/www.tandfonline.com\/toc\/fjss20\/current\"\n\t\t\t\t\t\t\ttarget=\"_blank\">\n\n\t\t\t\t\t\t\t<!-- Image, If Present -->\n\t\t\t\t\t\t\t6 - \t\t\t\t\t\t\t\t\t\t\t\t\t\t\n\t\t\t\t\t\t\t\n\t\t\t\t\t\t\t\t<span class=\"list-img\">\n\t\t\t\t\t\t\t\t\t\t\t\t\t\t\t\t\t\t<img src=\"https:\/\/www.uninter.com\/biblioteca\/wp-content\/uploads\/2019\/08\/studies-150x150.jpg\" alt=\"\">\n\t\t\t\t\t\t\t\t<\/span>\n\t\t\t\t\t\t\t\n\t\t\t\t\t\t\t<!-- Link Text -->\n\t\t\t\t\t\t\tJournal of Strategic Studies\t\t\t\t\t\t\t\n\t\t\t\t\t\t\t\t\t\t\t\t\t\t<span style=\"font-size:12px;\"><br>\n\t                                \t\t\t\t\t\t\t<\/span>\t\n\t                        \n\t\t\t\t\t\t<\/a>\n\t\t\t\t\t\t\n\t\t\t\t\t\t\t<!-- upvote section -->\n\t\t\t\t\t\t\t<div class=\"upvote-section\">\n\t\t\t\t\t\t\t\t<span data-post-id=\"1450\" data-item-title=\"Journal of Strategic Studies\" data-item-link=\"https:\/\/www.tandfonline.com\/toc\/fjss20\/current\" class=\"upvote-btn upvote-on\">\n\t\t\t\t\t\t\t\t\t<i class=\"fa fa-thumbs-up\"><\/i>\n\t\t\t\t\t\t\t\t<\/span>\n\t\t\t\t\t\t\t\t<span class=\"upvote-count\">\n\t\t\t\t\t\t\t\t\t\t\t\t\t\t\t\t\t<\/span>\n\t\t\t\t\t\t\t<\/div>\n\t\t\t\t\t\t\t<!-- \/upvote section -->\n\n\t\t\t\t\t\t\t\t\t\t\t\t\n\t\t\t\t\t<\/li>\n\t\t\t\t\t\n\t\t\t\t\t<li id=\"item-1450-7\">\n\t\t\t\t\t\t\t\t\t\t\t\t<!-- List Anchor -->\n\t\t\t\t\t\t<a   href=\"https:\/\/scholarlycommons.law.northwestern.edu\/njtip\/\"\n\t\t\t\t\t\t\ttarget=\"_blank\">\n\n\t\t\t\t\t\t\t<!-- Image, If Present -->\n\t\t\t\t\t\t\t7 - \t\t\t\t\t\t\t\t\t\t\t\t\t\t\n\t\t\t\t\t\t\t\n\t\t\t\t\t\t\t\t<span class=\"list-img\">\n\t\t\t\t\t\t\t\t\t\t\t\t\t\t\t\t\t\t<img src=\"https:\/\/www.uninter.com\/biblioteca\/wp-content\/uploads\/2019\/08\/property-150x150.jpg\" alt=\"\">\n\t\t\t\t\t\t\t\t<\/span>\n\t\t\t\t\t\t\t\n\t\t\t\t\t\t\t<!-- Link Text -->\n\t\t\t\t\t\t\tJournal of Technology and Intellectual Property\t\t\t\t\t\t\t\n\t\t\t\t\t\t\t\t\t\t\t\t\t\t<span style=\"font-size:12px;\"><br>\n\t                                \t\t\t\t\t\t\t<\/span>\t\n\t                        \n\t\t\t\t\t\t<\/a>\n\t\t\t\t\t\t\n\t\t\t\t\t\t\t<!-- upvote section -->\n\t\t\t\t\t\t\t<div class=\"upvote-section\">\n\t\t\t\t\t\t\t\t<span data-post-id=\"1450\" data-item-title=\"Journal of Technology and Intellectual Property\" data-item-link=\"https:\/\/scholarlycommons.law.northwestern.edu\/njtip\/\" class=\"upvote-btn upvote-on\">\n\t\t\t\t\t\t\t\t\t<i class=\"fa fa-thumbs-up\"><\/i>\n\t\t\t\t\t\t\t\t<\/span>\n\t\t\t\t\t\t\t\t<span class=\"upvote-count\">\n\t\t\t\t\t\t\t\t\t\t\t\t\t\t\t\t\t<\/span>\n\t\t\t\t\t\t\t<\/div>\n\t\t\t\t\t\t\t<!-- \/upvote section -->\n\n\t\t\t\t\t\t\t\t\t\t\t\t\n\t\t\t\t\t<\/li>\n\t\t\t\t\t\n\t\t\t\t\t<li id=\"item-1450-8\">\n\t\t\t\t\t\t\t\t\t\t\t\t<!-- List Anchor -->\n\t\t\t\t\t\t<a   href=\"http:\/\/www.iri.usp.br\/?pg=72\"\n\t\t\t\t\t\t\ttarget=\"_blank\">\n\n\t\t\t\t\t\t\t<!-- Image, If Present -->\n\t\t\t\t\t\t\t8 - \t\t\t\t\t\t\t\t\t\t\t\t\t\t\n\t\t\t\t\t\t\t\n\t\t\t\t\t\t\t\t<span class=\"list-img\">\n\t\t\t\t\t\t\t\t\t\t\t\t\t\t\t\t\t\t<img src=\"https:\/\/www.uninter.com\/biblioteca\/wp-content\/uploads\/2019\/08\/panorama-150x150.jpg\" alt=\"\">\n\t\t\t\t\t\t\t\t<\/span>\n\t\t\t\t\t\t\t\n\t\t\t\t\t\t\t<!-- Link Text -->\n\t\t\t\t\t\t\tPanorama da Conjuntura Internacional\t\t\t\t\t\t\t\n\t\t\t\t\t\t\t\t\t\t\t\t\t\t<span style=\"font-size:12px;\"><br>\n\t                                \t\t\t\t\t\t\t<\/span>\t\n\t                        \n\t\t\t\t\t\t<\/a>\n\t\t\t\t\t\t\n\t\t\t\t\t\t\t<!-- upvote section -->\n\t\t\t\t\t\t\t<div class=\"upvote-section\">\n\t\t\t\t\t\t\t\t<span data-post-id=\"1450\" data-item-title=\"Panorama da Conjuntura Internacional\" data-item-link=\"http:\/\/www.iri.usp.br\/?pg=72\" class=\"upvote-btn upvote-on\">\n\t\t\t\t\t\t\t\t\t<i class=\"fa fa-thumbs-up\"><\/i>\n\t\t\t\t\t\t\t\t<\/span>\n\t\t\t\t\t\t\t\t<span class=\"upvote-count\">\n\t\t\t\t\t\t\t\t\t\t\t\t\t\t\t\t\t<\/span>\n\t\t\t\t\t\t\t<\/div>\n\t\t\t\t\t\t\t<!-- \/upvote section -->\n\n\t\t\t\t\t\t\t\t\t\t\t\t\n\t\t\t\t\t<\/li>\n\t\t\t\t\t\n\t\t\t\t\t<li id=\"item-1450-9\">\n\t\t\t\t\t\t\t\t\t\t\t\t<!-- List Anchor -->\n\t\t\t\t\t\t<a   href=\"https:\/\/www.ifri.org\/\"\n\t\t\t\t\t\t\ttarget=\"_blank\">\n\n\t\t\t\t\t\t\t<!-- Image, If Present -->\n\t\t\t\t\t\t\t9 - \t\t\t\t\t\t\t\t\t\t\t\t\t\t\n\t\t\t\t\t\t\t\n\t\t\t\t\t\t\t\t<span class=\"list-img\">\n\t\t\t\t\t\t\t\t\t\t\t\t\t\t\t\t\t\t<img src=\"https:\/\/www.uninter.com\/biblioteca\/wp-content\/uploads\/2019\/08\/ifri-150x150.jpg\" alt=\"\">\n\t\t\t\t\t\t\t\t<\/span>\n\t\t\t\t\t\t\t\n\t\t\t\t\t\t\t<!-- Link Text -->\n\t\t\t\t\t\t\tRelations Internationales\t\t\t\t\t\t\t\n\t\t\t\t\t\t\t\t\t\t\t\t\t\t<span style=\"font-size:12px;\"><br>\n\t                                \t\t\t\t\t\t\t<\/span>\t\n\t                        \n\t\t\t\t\t\t<\/a>\n\t\t\t\t\t\t\n\t\t\t\t\t\t\t<!-- upvote section -->\n\t\t\t\t\t\t\t<div class=\"upvote-section\">\n\t\t\t\t\t\t\t\t<span data-post-id=\"1450\" data-item-title=\"Relations Internationales\" data-item-link=\"https:\/\/www.ifri.org\/\" class=\"upvote-btn upvote-on\">\n\t\t\t\t\t\t\t\t\t<i class=\"fa fa-thumbs-up\"><\/i>\n\t\t\t\t\t\t\t\t<\/span>\n\t\t\t\t\t\t\t\t<span class=\"upvote-count\">\n\t\t\t\t\t\t\t\t\t\t\t\t\t\t\t\t\t<\/span>\n\t\t\t\t\t\t\t<\/div>\n\t\t\t\t\t\t\t<!-- \/upvote section -->\n\n\t\t\t\t\t\t\t\t\t\t\t\t\n\t\t\t\t\t<\/li>\n\t\t\t\t\t\n\t\t\t\t\t<li id=\"item-1450-10\">\n\t\t\t\t\t\t\t\t\t\t\t\t<!-- List Anchor -->\n\t\t\t\t\t\t<a   href=\"https:\/\/revistas.ufpr.br\/dint\/issue\/view\/799\"\n\t\t\t\t\t\t\ttarget=\"_blank\">\n\n\t\t\t\t\t\t\t<!-- Image, If Present -->\n\t\t\t\t\t\t\t10 - \t\t\t\t\t\t\t\t\t\t\t\t\t\t\n\t\t\t\t\t\t\t\n\t\t\t\t\t\t\t\t<span class=\"list-img\">\n\t\t\t\t\t\t\t\t\t\t\t\t\t\t\t\t\t\t<img src=\"https:\/\/www.uninter.com\/biblioteca\/wp-content\/uploads\/2019\/08\/rbdi-150x150.jpg\" alt=\"\">\n\t\t\t\t\t\t\t\t<\/span>\n\t\t\t\t\t\t\t\n\t\t\t\t\t\t\t<!-- Link Text -->\n\t\t\t\t\t\t\tRevista Brasileira de Direito Internacional \u2013 RBDI\t\t\t\t\t\t\t\n\t\t\t\t\t\t\t\t\t\t\t\t\t\t<span style=\"font-size:12px;\"><br>\n\t                                \t\t\t\t\t\t\t<\/span>\t\n\t                        \n\t\t\t\t\t\t<\/a>\n\t\t\t\t\t\t\n\t\t\t\t\t\t\t<!-- upvote section -->\n\t\t\t\t\t\t\t<div class=\"upvote-section\">\n\t\t\t\t\t\t\t\t<span data-post-id=\"1450\" data-item-title=\"Revista Brasileira de Direito Internacional \u2013 RBDI\" data-item-link=\"https:\/\/revistas.ufpr.br\/dint\/issue\/view\/799\" class=\"upvote-btn upvote-on\">\n\t\t\t\t\t\t\t\t\t<i class=\"fa fa-thumbs-up\"><\/i>\n\t\t\t\t\t\t\t\t<\/span>\n\t\t\t\t\t\t\t\t<span class=\"upvote-count\">\n\t\t\t\t\t\t\t\t\t\t\t\t\t\t\t\t\t<\/span>\n\t\t\t\t\t\t\t<\/div>\n\t\t\t\t\t\t\t<!-- \/upvote section -->\n\n\t\t\t\t\t\t\t\t\t\t\t\t\n\t\t\t\t\t<\/li>\n\t\t\t\t\t\n\t\t\t\t\t<li id=\"item-1450-11\">\n\t\t\t\t\t\t\t\t\t\t\t\t<!-- List Anchor -->\n\t\t\t\t\t\t<a   href=\"http:\/\/www.mundorama.net\/2009\/06\/13\/revista-cena-internacional-vol-10-no-2-2008\/\"\n\t\t\t\t\t\t\ttarget=\"_blank\">\n\n\t\t\t\t\t\t\t<!-- Image, If Present -->\n\t\t\t\t\t\t\t11 - \t\t\t\t\t\t\t\t\t\t\t\t\t\t\n\t\t\t\t\t\t\t\n\t\t\t\t\t\t\t\t<span class=\"list-img\">\n\t\t\t\t\t\t\t\t\t\t\t\t\t\t\t\t\t\t<img src=\"https:\/\/www.uninter.com\/biblioteca\/wp-content\/uploads\/2019\/08\/mundorama-150x150.jpg\" alt=\"\">\n\t\t\t\t\t\t\t\t<\/span>\n\t\t\t\t\t\t\t\n\t\t\t\t\t\t\t<!-- Link Text -->\n\t\t\t\t\t\t\tRevista Cena Internacional\t\t\t\t\t\t\t\n\t\t\t\t\t\t\t\t\t\t\t\t\t\t<span style=\"font-size:12px;\"><br>\n\t                                \t\t\t\t\t\t\t<\/span>\t\n\t                        \n\t\t\t\t\t\t<\/a>\n\t\t\t\t\t\t\n\t\t\t\t\t\t\t<!-- upvote section -->\n\t\t\t\t\t\t\t<div class=\"upvote-section\">\n\t\t\t\t\t\t\t\t<span data-post-id=\"1450\" data-item-title=\"Revista Cena Internacional\" data-item-link=\"http:\/\/www.mundorama.net\/2009\/06\/13\/revista-cena-internacional-vol-10-no-2-2008\/\" class=\"upvote-btn upvote-on\">\n\t\t\t\t\t\t\t\t\t<i class=\"fa fa-thumbs-up\"><\/i>\n\t\t\t\t\t\t\t\t<\/span>\n\t\t\t\t\t\t\t\t<span class=\"upvote-count\">\n\t\t\t\t\t\t\t\t\t\t\t\t\t\t\t\t\t<\/span>\n\t\t\t\t\t\t\t<\/div>\n\t\t\t\t\t\t\t<!-- \/upvote section -->\n\n\t\t\t\t\t\t\t\t\t\t\t\t\n\t\t\t\t\t<\/li>\n\t\t\t\t\t\n\t\t\t\t\t<li id=\"item-1450-12\">\n\t\t\t\t\t\t\t\t\t\t\t\t<!-- List Anchor -->\n\t\t\t\t\t\t<a   href=\"https:\/\/portalibre.fgv.br\/main.jsp?lumChannelId=402880811D8E34B9011D92CC23104342\"\n\t\t\t\t\t\t\ttarget=\"_blank\">\n\n\t\t\t\t\t\t\t<!-- Image, If Present -->\n\t\t\t\t\t\t\t12 - \t\t\t\t\t\t\t\t\t\t\t\t\t\t\n\t\t\t\t\t\t\t\n\t\t\t\t\t\t\t\t<span class=\"list-img\">\n\t\t\t\t\t\t\t\t\t\t\t\t\t\t\t\t\t\t<img src=\"https:\/\/www.uninter.com\/biblioteca\/wp-content\/uploads\/2019\/08\/conjunturaEco-150x150.jpg\" alt=\"\">\n\t\t\t\t\t\t\t\t<\/span>\n\t\t\t\t\t\t\t\n\t\t\t\t\t\t\t<!-- Link Text -->\n\t\t\t\t\t\t\tRevista Conjuntura Economica\t\t\t\t\t\t\t\n\t\t\t\t\t\t\t\t\t\t\t\t\t\t<span style=\"font-size:12px;\"><br>\n\t                                \t\t\t\t\t\t\t<\/span>\t\n\t                        \n\t\t\t\t\t\t<\/a>\n\t\t\t\t\t\t\n\t\t\t\t\t\t\t<!-- upvote section -->\n\t\t\t\t\t\t\t<div class=\"upvote-section\">\n\t\t\t\t\t\t\t\t<span data-post-id=\"1450\" data-item-title=\"Revista Conjuntura Economica\" data-item-link=\"https:\/\/portalibre.fgv.br\/main.jsp?lumChannelId=402880811D8E34B9011D92CC23104342\" class=\"upvote-btn upvote-on\">\n\t\t\t\t\t\t\t\t\t<i class=\"fa fa-thumbs-up\"><\/i>\n\t\t\t\t\t\t\t\t<\/span>\n\t\t\t\t\t\t\t\t<span class=\"upvote-count\">\n\t\t\t\t\t\t\t\t\t\t\t\t\t\t\t\t\t<\/span>\n\t\t\t\t\t\t\t<\/div>\n\t\t\t\t\t\t\t<!-- \/upvote section -->\n\n\t\t\t\t\t\t\t\t\t\t\t\t\n\t\t\t\t\t<\/li>\n\t\t\t\t\t\n\t\t\t\t\t<li id=\"item-1450-13\">\n\t\t\t\t\t\t\t\t\t\t\t\t<!-- List Anchor -->\n\t\t\t\t\t\t<a   href=\"https:\/\/jus.com.br\/revista\/direito-economico-internacional\"\n\t\t\t\t\t\t\ttarget=\"_blank\">\n\n\t\t\t\t\t\t\t<!-- Image, If Present -->\n\t\t\t\t\t\t\t13 - \t\t\t\t\t\t\t\t\t\t\t\t\t\t\n\t\t\t\t\t\t\t\n\t\t\t\t\t\t\t\t<span class=\"list-img\">\n\t\t\t\t\t\t\t\t\t\t\t\t\t\t\t\t\t\t<img src=\"https:\/\/www.uninter.com\/biblioteca\/wp-content\/uploads\/2019\/08\/internacional-150x150.jpg\" alt=\"\">\n\t\t\t\t\t\t\t\t<\/span>\n\t\t\t\t\t\t\t\n\t\t\t\t\t\t\t<!-- Link Text -->\n\t\t\t\t\t\t\tRevista de Direito Econ\u00f4mico Internacional\t\t\t\t\t\t\t\n\t\t\t\t\t\t\t\t\t\t\t\t\t\t<span style=\"font-size:12px;\"><br>\n\t                                \t\t\t\t\t\t\t<\/span>\t\n\t                        \n\t\t\t\t\t\t<\/a>\n\t\t\t\t\t\t\n\t\t\t\t\t\t\t<!-- upvote section -->\n\t\t\t\t\t\t\t<div class=\"upvote-section\">\n\t\t\t\t\t\t\t\t<span data-post-id=\"1450\" data-item-title=\"Revista de Direito Econ\u00f4mico Internacional\" data-item-link=\"https:\/\/jus.com.br\/revista\/direito-economico-internacional\" class=\"upvote-btn upvote-on\">\n\t\t\t\t\t\t\t\t\t<i class=\"fa fa-thumbs-up\"><\/i>\n\t\t\t\t\t\t\t\t<\/span>\n\t\t\t\t\t\t\t\t<span class=\"upvote-count\">\n\t\t\t\t\t\t\t\t\t\t\t\t\t\t\t\t\t<\/span>\n\t\t\t\t\t\t\t<\/div>\n\t\t\t\t\t\t\t<!-- \/upvote section -->\n\n\t\t\t\t\t\t\t\t\t\t\t\t\n\t\t\t\t\t<\/li>\n\t\t\t\t\t\n\t\t\t\t\t<li id=\"item-1450-14\">\n\t\t\t\t\t\t\t\t\t\t\t\t<!-- List Anchor -->\n\t\t\t\t\t\t<a   href=\"http:\/\/www.anpec.org.br\/revista\/index.htm\"\n\t\t\t\t\t\t\ttarget=\"_blank\">\n\n\t\t\t\t\t\t\t<!-- Image, If Present -->\n\t\t\t\t\t\t\t14 - \t\t\t\t\t\t\t\t\t\t\t\t\t\t\n\t\t\t\t\t\t\t\n\t\t\t\t\t\t\t\t<span class=\"list-img\">\n\t\t\t\t\t\t\t\t\t\t\t\t\t\t\t\t\t\t<img src=\"https:\/\/www.uninter.com\/biblioteca\/wp-content\/uploads\/2019\/08\/anpec-150x150.jpg\" alt=\"\">\n\t\t\t\t\t\t\t\t<\/span>\n\t\t\t\t\t\t\t\n\t\t\t\t\t\t\t<!-- Link Text -->\n\t\t\t\t\t\t\tRevista Economia\t\t\t\t\t\t\t\n\t\t\t\t\t\t\t\t\t\t\t\t\t\t<span style=\"font-size:12px;\"><br>\n\t                                \t\t\t\t\t\t\t<\/span>\t\n\t                        \n\t\t\t\t\t\t<\/a>\n\t\t\t\t\t\t\n\t\t\t\t\t\t\t<!-- upvote section -->\n\t\t\t\t\t\t\t<div class=\"upvote-section\">\n\t\t\t\t\t\t\t\t<span data-post-id=\"1450\" data-item-title=\"Revista Economia\" data-item-link=\"http:\/\/www.anpec.org.br\/revista\/index.htm\" class=\"upvote-btn upvote-on\">\n\t\t\t\t\t\t\t\t\t<i class=\"fa fa-thumbs-up\"><\/i>\n\t\t\t\t\t\t\t\t<\/span>\n\t\t\t\t\t\t\t\t<span class=\"upvote-count\">\n\t\t\t\t\t\t\t\t\t\t\t\t\t\t\t\t\t<\/span>\n\t\t\t\t\t\t\t<\/div>\n\t\t\t\t\t\t\t<!-- \/upvote section -->\n\n\t\t\t\t\t\t\t\t\t\t\t\t\n\t\t\t\t\t<\/li>\n\t\t\t\t\t\n\t\t\t\t\t<li id=\"item-1450-15\">\n\t\t\t\t\t\t\t\t\t\t\t\t<!-- List Anchor -->\n\t\t\t\t\t\t<a   href=\"http:\/\/www.reei.org\/\"\n\t\t\t\t\t\t\ttarget=\"_blank\">\n\n\t\t\t\t\t\t\t<!-- Image, If Present -->\n\t\t\t\t\t\t\t15 - \t\t\t\t\t\t\t\t\t\t\t\t\t\t\n\t\t\t\t\t\t\t\n\t\t\t\t\t\t\t\t<span class=\"list-img\">\n\t\t\t\t\t\t\t\t\t\t\t\t\t\t\t\t\t\t<img src=\"https:\/\/www.uninter.com\/biblioteca\/wp-content\/uploads\/2019\/08\/reei-150x150.jpg\" alt=\"\">\n\t\t\t\t\t\t\t\t<\/span>\n\t\t\t\t\t\t\t\n\t\t\t\t\t\t\t<!-- Link Text -->\n\t\t\t\t\t\t\tRevista Estudios Internacionales\t\t\t\t\t\t\t\n\t\t\t\t\t\t\t\t\t\t\t\t\t\t<span style=\"font-size:12px;\"><br>\n\t                                \t\t\t\t\t\t\t<\/span>\t\n\t                        \n\t\t\t\t\t\t<\/a>\n\t\t\t\t\t\t\n\t\t\t\t\t\t\t<!-- upvote section -->\n\t\t\t\t\t\t\t<div class=\"upvote-section\">\n\t\t\t\t\t\t\t\t<span data-post-id=\"1450\" data-item-title=\"Revista Estudios Internacionales\" data-item-link=\"http:\/\/www.reei.org\/\" class=\"upvote-btn upvote-on\">\n\t\t\t\t\t\t\t\t\t<i class=\"fa fa-thumbs-up\"><\/i>\n\t\t\t\t\t\t\t\t<\/span>\n\t\t\t\t\t\t\t\t<span class=\"upvote-count\">\n\t\t\t\t\t\t\t\t\t\t\t\t\t\t\t\t\t<\/span>\n\t\t\t\t\t\t\t<\/div>\n\t\t\t\t\t\t\t<!-- \/upvote section -->\n\n\t\t\t\t\t\t\t\t\t\t\t\t\n\t\t\t\t\t<\/li>\n\t\t\t\t\t\n\t\t\t\t\t<li id=\"item-1450-16\">\n\t\t\t\t\t\t\t\t\t\t\t\t<!-- List Anchor -->\n\t\t\t\t\t\t<a   href=\"https:\/\/jus.com.br\/revista\/direito-comercial\"\n\t\t\t\t\t\t\ttarget=\"_blank\">\n\n\t\t\t\t\t\t\t<!-- Image, If Present -->\n\t\t\t\t\t\t\t16 - \t\t\t\t\t\t\t\t\t\t\t\t\t\t\n\t\t\t\t\t\t\t\n\t\t\t\t\t\t\t\t<span class=\"list-img\">\n\t\t\t\t\t\t\t\t\t\t\t\t\t\t\t\t\t\t<img src=\"https:\/\/www.uninter.com\/biblioteca\/wp-content\/uploads\/2019\/08\/navigandi-150x150.jpg\" alt=\"\">\n\t\t\t\t\t\t\t\t<\/span>\n\t\t\t\t\t\t\t\n\t\t\t\t\t\t\t<!-- Link Text -->\n\t\t\t\t\t\t\tRevista Jus Navigandi\t\t\t\t\t\t\t\n\t\t\t\t\t\t\t\t\t\t\t\t\t\t<span style=\"font-size:12px;\"><br>\n\t                                \t\t\t\t\t\t\t<\/span>\t\n\t                        \n\t\t\t\t\t\t<\/a>\n\t\t\t\t\t\t\n\t\t\t\t\t\t\t<!-- upvote section -->\n\t\t\t\t\t\t\t<div class=\"upvote-section\">\n\t\t\t\t\t\t\t\t<span data-post-id=\"1450\" data-item-title=\"Revista Jus Navigandi\" data-item-link=\"https:\/\/jus.com.br\/revista\/direito-comercial\" class=\"upvote-btn upvote-on\">\n\t\t\t\t\t\t\t\t\t<i class=\"fa fa-thumbs-up\"><\/i>\n\t\t\t\t\t\t\t\t<\/span>\n\t\t\t\t\t\t\t\t<span class=\"upvote-count\">\n\t\t\t\t\t\t\t\t\t\t\t\t\t\t\t\t\t<\/span>\n\t\t\t\t\t\t\t<\/div>\n\t\t\t\t\t\t\t<!-- \/upvote section -->\n\n\t\t\t\t\t\t\t\t\t\t\t\t\n\t\t\t\t\t<\/li>\n\t\t\t\t\t\t\t\t\t<\/ul>\n\n\t\t\t<\/div>\n\n\t\t<\/div>\n\t\t<!-- \/Individual List Item -->\n\n\t\t\n\t\t<br \/>\n\r\n<!--  Starting Simple Link Directory Plugin Output -->\n<div class=\"qcopd_embed_container\">\r\n\r\n\r\n\r\n\r\n\r\n\r\n\r\n<\/div>\r\n<div class=\"qcopd-list-wrapper\">\n\t<div id=\"opd-list-holder\" class=\"qcopd-list-holder\">\n\t\t\n\t\t<!-- Individual List Item -->\n\t\t<div id=\"list-item-1-2001\" class=\"qc-grid-item qcopd-list-column opd-column-1 simple opd-list-id-2001\">\n\t\t\t<div class=\"qcopd-single-list\">\n\t\t\t\t\t<h2 onclick=\"if(document.getElementById('2001').style.display=='block'){document.getElementById('2001').style.display='none';}else{document.getElementById('2001').style.display='block';};\">\n\t\t\t\t\tRela\u00e7\u00f5es Internacionais &#8211; Artigos Selecionados\t\t\t\t<\/h2>\n\t\t\t\t<ul  style=display:none; id=2001 >\n\t\t\t\t\t\n\t\t\t\t\t<li id=\"item-2001-1\">\n\t\t\t\t\t\t\t\t\t\t\t\t<!-- List Anchor -->\n\t\t\t\t\t\t<a   href=\"http:\/\/www.scielo.br\/scielo.php?script=sci_arttext&#038;pid=S0104-93132013000200002&#038;lng=pt&#038;nrm=iso\"\n\t\t\t\t\t\t\ttarget=\"_blank\">\n\n\t\t\t\t\t\t\t<!-- Image, If Present -->\n\t\t\t\t\t\t\t1 - \t\t\t\t\t\t\t\t\t\t\t\t\t\t\t<span class=\"list-img\">\n\t\t\t\t\t\t\t\t\t<img src=\"https:\/\/www.uninter.com\/biblioteca\/wp-content\/plugins\/simple-link-directory\/\/assets\/images\/list-image-placeholder.png\" alt=\"\">\n\t\t\t\t\t\t\t\t<\/span>\n\t\t\t\t\t\t\t\n\t\t\t\t\t\t\t<!-- Link Text -->\n\t\t\t\t\t\t\tCAMPOS, Roberta Bivar Carneiro; MAURICIO JUNIOR, Cleonardo. As formas elementares da lideran\u00e7a carism\u00e1tica: o verbo e a imag\u00e9tica na circula\u00e7\u00e3o do carisma pentecostal. Mana, Rio de Janeiro, v. 19, n. 2, p. 249-276, 2013.\t\t\t\t\t\t\t\n\t\t\t\t\t\t\t\t\t\t\t\t\t\t<span style=\"font-size:12px;\"><br>\n\t                                \t\t\t\t\t\t\t<\/span>\t\n\t                        \n\t\t\t\t\t\t<\/a>\n\t\t\t\t\t\t\n\t\t\t\t\t\t\t<!-- upvote section -->\n\t\t\t\t\t\t\t<div class=\"upvote-section\">\n\t\t\t\t\t\t\t\t<span data-post-id=\"2001\" data-item-title=\"CAMPOS, Roberta Bivar Carneiro; MAURICIO JUNIOR, Cleonardo. As formas elementares da lideran\u00e7a carism\u00e1tica: o verbo e a imag\u00e9tica na circula\u00e7\u00e3o do carisma pentecostal. Mana, Rio de Janeiro, v. 19, n. 2, p. 249-276, 2013.\" data-item-link=\"http:\/\/www.scielo.br\/scielo.php?script=sci_arttext&#038;pid=S0104-93132013000200002&#038;lng=pt&#038;nrm=iso\" class=\"upvote-btn upvote-on\">\n\t\t\t\t\t\t\t\t\t<i class=\"fa fa-thumbs-up\"><\/i>\n\t\t\t\t\t\t\t\t<\/span>\n\t\t\t\t\t\t\t\t<span class=\"upvote-count\">\n\t\t\t\t\t\t\t\t\t\t\t\t\t\t\t\t\t<\/span>\n\t\t\t\t\t\t\t<\/div>\n\t\t\t\t\t\t\t<!-- \/upvote section -->\n\n\t\t\t\t\t\t\t\t\t\t\t\t\n\t\t\t\t\t<\/li>\n\t\t\t\t\t\n\t\t\t\t\t<li id=\"item-2001-2\">\n\t\t\t\t\t\t\t\t\t\t\t\t<!-- List Anchor -->\n\t\t\t\t\t\t<a   href=\"http:\/\/www.scielo.br\/scielo.php?script=sci_arttext&#038;pid=S0102-69092007000200014&#038;lng=en&#038;nrm=iso\"\n\t\t\t\t\t\t\ttarget=\"_blank\">\n\n\t\t\t\t\t\t\t<!-- Image, If Present -->\n\t\t\t\t\t\t\t2 - \t\t\t\t\t\t\t\t\t\t\t\t\t\t\t<span class=\"list-img\">\n\t\t\t\t\t\t\t\t\t<img src=\"https:\/\/www.uninter.com\/biblioteca\/wp-content\/plugins\/simple-link-directory\/\/assets\/images\/list-image-placeholder.png\" alt=\"\">\n\t\t\t\t\t\t\t\t<\/span>\n\t\t\t\t\t\t\t\n\t\t\t\t\t\t\t<!-- Link Text -->\n\t\t\t\t\t\t\tKUSCHNIR, Karina. Antropologia e pol\u00edtica. Revista Brasileira de Ci\u00eancias Sociais, S\u00e3o Paulo, v. 22, n. 64, p. 163-167, 2007.\t\t\t\t\t\t\t\n\t\t\t\t\t\t\t\t\t\t\t\t\t\t<span style=\"font-size:12px;\"><br>\n\t                                \t\t\t\t\t\t\t<\/span>\t\n\t                        \n\t\t\t\t\t\t<\/a>\n\t\t\t\t\t\t\n\t\t\t\t\t\t\t<!-- upvote section -->\n\t\t\t\t\t\t\t<div class=\"upvote-section\">\n\t\t\t\t\t\t\t\t<span data-post-id=\"2001\" data-item-title=\"KUSCHNIR, Karina. Antropologia e pol\u00edtica. Revista Brasileira de Ci\u00eancias Sociais, S\u00e3o Paulo, v. 22, n. 64, p. 163-167, 2007.\" data-item-link=\"http:\/\/www.scielo.br\/scielo.php?script=sci_arttext&#038;pid=S0102-69092007000200014&#038;lng=en&#038;nrm=iso\" class=\"upvote-btn upvote-on\">\n\t\t\t\t\t\t\t\t\t<i class=\"fa fa-thumbs-up\"><\/i>\n\t\t\t\t\t\t\t\t<\/span>\n\t\t\t\t\t\t\t\t<span class=\"upvote-count\">\n\t\t\t\t\t\t\t\t\t\t\t\t\t\t\t\t\t<\/span>\n\t\t\t\t\t\t\t<\/div>\n\t\t\t\t\t\t\t<!-- \/upvote section -->\n\n\t\t\t\t\t\t\t\t\t\t\t\t\n\t\t\t\t\t<\/li>\n\t\t\t\t\t\n\t\t\t\t\t<li id=\"item-2001-3\">\n\t\t\t\t\t\t\t\t\t\t\t\t<!-- List Anchor -->\n\t\t\t\t\t\t<a   href=\"http:\/\/www.scielo.br\/scielo.php?script=sci_arttext&#038;pid=S0104-93132013000300001&#038;lng=pt&#038;nrm=iso\"\n\t\t\t\t\t\t\ttarget=\"_blank\">\n\n\t\t\t\t\t\t\t<!-- Image, If Present -->\n\t\t\t\t\t\t\t3 - \t\t\t\t\t\t\t\t\t\t\t\t\t\t\t<span class=\"list-img\">\n\t\t\t\t\t\t\t\t\t<img src=\"https:\/\/www.uninter.com\/biblioteca\/wp-content\/plugins\/simple-link-directory\/\/assets\/images\/list-image-placeholder.png\" alt=\"\">\n\t\t\t\t\t\t\t\t<\/span>\n\t\t\t\t\t\t\t\n\t\t\t\t\t\t\t<!-- Link Text -->\n\t\t\t\t\t\t\tOLIVEIRA, Lu\u00eds R. Cardoso de. Concretude simb\u00f3lica e descri\u00e7\u00e3o etnogr\u00e1fica (sobre a rela\u00e7\u00e3o entre antropologia e filosofia). Mana, Rio de Janeiro, v. 19, n. 3, p. 409-435, 2013.\t\t\t\t\t\t\t\n\t\t\t\t\t\t\t\t\t\t\t\t\t\t<span style=\"font-size:12px;\"><br>\n\t                                \t\t\t\t\t\t\t<\/span>\t\n\t                        \n\t\t\t\t\t\t<\/a>\n\t\t\t\t\t\t\n\t\t\t\t\t\t\t<!-- upvote section -->\n\t\t\t\t\t\t\t<div class=\"upvote-section\">\n\t\t\t\t\t\t\t\t<span data-post-id=\"2001\" data-item-title=\"OLIVEIRA, Lu\u00eds R. Cardoso de. Concretude simb\u00f3lica e descri\u00e7\u00e3o etnogr\u00e1fica (sobre a rela\u00e7\u00e3o entre antropologia e filosofia). Mana, Rio de Janeiro, v. 19, n. 3, p. 409-435, 2013.\" data-item-link=\"http:\/\/www.scielo.br\/scielo.php?script=sci_arttext&#038;pid=S0104-93132013000300001&#038;lng=pt&#038;nrm=iso\" class=\"upvote-btn upvote-on\">\n\t\t\t\t\t\t\t\t\t<i class=\"fa fa-thumbs-up\"><\/i>\n\t\t\t\t\t\t\t\t<\/span>\n\t\t\t\t\t\t\t\t<span class=\"upvote-count\">\n\t\t\t\t\t\t\t\t\t\t\t\t\t\t\t\t\t<\/span>\n\t\t\t\t\t\t\t<\/div>\n\t\t\t\t\t\t\t<!-- \/upvote section -->\n\n\t\t\t\t\t\t\t\t\t\t\t\t\n\t\t\t\t\t<\/li>\n\t\t\t\t\t\n\t\t\t\t\t<li id=\"item-2001-4\">\n\t\t\t\t\t\t\t\t\t\t\t\t<!-- List Anchor -->\n\t\t\t\t\t\t<a   href=\"http:\/\/www.scielo.br\/scielo.php?script=sci_arttext&#038;pid=S0103-20702003000100005&#038;lng=en&#038;nrm=iso\"\n\t\t\t\t\t\t\ttarget=\"_blank\">\n\n\t\t\t\t\t\t\t<!-- Image, If Present -->\n\t\t\t\t\t\t\t4 - \t\t\t\t\t\t\t\t\t\t\t\t\t\t\t<span class=\"list-img\">\n\t\t\t\t\t\t\t\t\t<img src=\"https:\/\/www.uninter.com\/biblioteca\/wp-content\/plugins\/simple-link-directory\/\/assets\/images\/list-image-placeholder.png\" alt=\"\">\n\t\t\t\t\t\t\t\t<\/span>\n\t\t\t\t\t\t\t\n\t\t\t\t\t\t\t<!-- Link Text -->\n\t\t\t\t\t\t\tMAGNANI, Jos\u00e9 Guilherme Cantor. A antropologia urbana e os desafios da metr\u00f3pole. Tempo social, S\u00e3o Paulo, v. 15, n. 1, p. 81-95, 2003.\t\t\t\t\t\t\t\n\t\t\t\t\t\t\t\t\t\t\t\t\t\t<span style=\"font-size:12px;\"><br>\n\t                                \t\t\t\t\t\t\t<\/span>\t\n\t                        \n\t\t\t\t\t\t<\/a>\n\t\t\t\t\t\t\n\t\t\t\t\t\t\t<!-- upvote section -->\n\t\t\t\t\t\t\t<div class=\"upvote-section\">\n\t\t\t\t\t\t\t\t<span data-post-id=\"2001\" data-item-title=\"MAGNANI, Jos\u00e9 Guilherme Cantor. A antropologia urbana e os desafios da metr\u00f3pole. Tempo social, S\u00e3o Paulo, v. 15, n. 1, p. 81-95, 2003.\" data-item-link=\"http:\/\/www.scielo.br\/scielo.php?script=sci_arttext&#038;pid=S0103-20702003000100005&#038;lng=en&#038;nrm=iso\" class=\"upvote-btn upvote-on\">\n\t\t\t\t\t\t\t\t\t<i class=\"fa fa-thumbs-up\"><\/i>\n\t\t\t\t\t\t\t\t<\/span>\n\t\t\t\t\t\t\t\t<span class=\"upvote-count\">\n\t\t\t\t\t\t\t\t\t\t\t\t\t\t\t\t\t<\/span>\n\t\t\t\t\t\t\t<\/div>\n\t\t\t\t\t\t\t<!-- \/upvote section -->\n\n\t\t\t\t\t\t\t\t\t\t\t\t\n\t\t\t\t\t<\/li>\n\t\t\t\t\t\n\t\t\t\t\t<li id=\"item-2001-5\">\n\t\t\t\t\t\t\t\t\t\t\t\t<!-- List Anchor -->\n\t\t\t\t\t\t<a   href=\"http:\/\/www.scielo.br\/scielo.php?script=sci_arttext&#038;pid=S2179-89662017000201577&#038;lng=pt&#038;nrm=iso\"\n\t\t\t\t\t\t\ttarget=\"_blank\">\n\n\t\t\t\t\t\t\t<!-- Image, If Present -->\n\t\t\t\t\t\t\t5 - \t\t\t\t\t\t\t\t\t\t\t\t\t\t\t<span class=\"list-img\">\n\t\t\t\t\t\t\t\t\t<img src=\"https:\/\/www.uninter.com\/biblioteca\/wp-content\/plugins\/simple-link-directory\/\/assets\/images\/list-image-placeholder.png\" alt=\"\">\n\t\t\t\t\t\t\t\t<\/span>\n\t\t\t\t\t\t\t\n\t\t\t\t\t\t\t<!-- Link Text -->\n\t\t\t\t\t\t\tREIS, Rossana Rocha. O futuro do Sistema Interamericano de Direitos Humanos: a atua\u00e7\u00e3o da CIDH diante dos processos de ruptura democr\u00e1tica. Revista Direito e Pr\u00e1xis, Rio de Janeiro, v. 8, n. 2, p. 1577-1602, 2017.\t\t\t\t\t\t\t\n\t\t\t\t\t\t\t\t\t\t\t\t\t\t<span style=\"font-size:12px;\"><br>\n\t                                \t\t\t\t\t\t\t<\/span>\t\n\t                        \n\t\t\t\t\t\t<\/a>\n\t\t\t\t\t\t\n\t\t\t\t\t\t\t<!-- upvote section -->\n\t\t\t\t\t\t\t<div class=\"upvote-section\">\n\t\t\t\t\t\t\t\t<span data-post-id=\"2001\" data-item-title=\"REIS, Rossana Rocha. O futuro do Sistema Interamericano de Direitos Humanos: a atua\u00e7\u00e3o da CIDH diante dos processos de ruptura democr\u00e1tica. Revista Direito e Pr\u00e1xis, Rio de Janeiro, v. 8, n. 2, p. 1577-1602, 2017.\" data-item-link=\"http:\/\/www.scielo.br\/scielo.php?script=sci_arttext&#038;pid=S2179-89662017000201577&#038;lng=pt&#038;nrm=iso\" class=\"upvote-btn upvote-on\">\n\t\t\t\t\t\t\t\t\t<i class=\"fa fa-thumbs-up\"><\/i>\n\t\t\t\t\t\t\t\t<\/span>\n\t\t\t\t\t\t\t\t<span class=\"upvote-count\">\n\t\t\t\t\t\t\t\t\t\t\t\t\t\t\t\t\t<\/span>\n\t\t\t\t\t\t\t<\/div>\n\t\t\t\t\t\t\t<!-- \/upvote section -->\n\n\t\t\t\t\t\t\t\t\t\t\t\t\n\t\t\t\t\t<\/li>\n\t\t\t\t\t\n\t\t\t\t\t<li id=\"item-2001-6\">\n\t\t\t\t\t\t\t\t\t\t\t\t<!-- List Anchor -->\n\t\t\t\t\t\t<a   href=\"http:\/\/www.scielo.br\/scielo.php?script=sci_arttext&#038;pid=S2179-89662017000201083&#038;lng=pt&#038;nrm=iso\"\n\t\t\t\t\t\t\ttarget=\"_blank\">\n\n\t\t\t\t\t\t\t<!-- Image, If Present -->\n\t\t\t\t\t\t\t6 - \t\t\t\t\t\t\t\t\t\t\t\t\t\t\t<span class=\"list-img\">\n\t\t\t\t\t\t\t\t\t<img src=\"https:\/\/www.uninter.com\/biblioteca\/wp-content\/plugins\/simple-link-directory\/\/assets\/images\/list-image-placeholder.png\" alt=\"\">\n\t\t\t\t\t\t\t\t<\/span>\n\t\t\t\t\t\t\t\n\t\t\t\t\t\t\t<!-- Link Text -->\n\t\t\t\t\t\t\tSMITH, Andreza do Socorro Pantoja de Oliveira; SANTOS, Jorge Luiz Oliveira dos. Corpos, identidades e viol\u00eancia: o g\u00eanero e os direitos humanos. Revista Direito e Pr\u00e1xis, Rio de Janeiro, v. 8, n. 2, p. 1083-1112, 2017.\t\t\t\t\t\t\t\n\t\t\t\t\t\t\t\t\t\t\t\t\t\t<span style=\"font-size:12px;\"><br>\n\t                                \t\t\t\t\t\t\t<\/span>\t\n\t                        \n\t\t\t\t\t\t<\/a>\n\t\t\t\t\t\t\n\t\t\t\t\t\t\t<!-- upvote section -->\n\t\t\t\t\t\t\t<div class=\"upvote-section\">\n\t\t\t\t\t\t\t\t<span data-post-id=\"2001\" data-item-title=\"SMITH, Andreza do Socorro Pantoja de Oliveira; SANTOS, Jorge Luiz Oliveira dos. Corpos, identidades e viol\u00eancia: o g\u00eanero e os direitos humanos. Revista Direito e Pr\u00e1xis, Rio de Janeiro, v. 8, n. 2, p. 1083-1112, 2017.\" data-item-link=\"http:\/\/www.scielo.br\/scielo.php?script=sci_arttext&#038;pid=S2179-89662017000201083&#038;lng=pt&#038;nrm=iso\" class=\"upvote-btn upvote-on\">\n\t\t\t\t\t\t\t\t\t<i class=\"fa fa-thumbs-up\"><\/i>\n\t\t\t\t\t\t\t\t<\/span>\n\t\t\t\t\t\t\t\t<span class=\"upvote-count\">\n\t\t\t\t\t\t\t\t\t\t\t\t\t\t\t\t\t<\/span>\n\t\t\t\t\t\t\t<\/div>\n\t\t\t\t\t\t\t<!-- \/upvote section -->\n\n\t\t\t\t\t\t\t\t\t\t\t\t\n\t\t\t\t\t<\/li>\n\t\t\t\t\t\n\t\t\t\t\t<li id=\"item-2001-7\">\n\t\t\t\t\t\t\t\t\t\t\t\t<!-- List Anchor -->\n\t\t\t\t\t\t<a   href=\"http:\/\/www.scielo.br\/scielo.php?script=sci_arttext&#038;pid=S1806-64452007000200003&#038;lng=pt&#038;nrm=iso\"\n\t\t\t\t\t\t\ttarget=\"_blank\">\n\n\t\t\t\t\t\t\t<!-- Image, If Present -->\n\t\t\t\t\t\t\t7 - \t\t\t\t\t\t\t\t\t\t\t\t\t\t\t<span class=\"list-img\">\n\t\t\t\t\t\t\t\t\t<img src=\"https:\/\/www.uninter.com\/biblioteca\/wp-content\/plugins\/simple-link-directory\/\/assets\/images\/list-image-placeholder.png\" alt=\"\">\n\t\t\t\t\t\t\t\t<\/span>\n\t\t\t\t\t\t\t\n\t\t\t\t\t\t\t<!-- Link Text -->\n\t\t\t\t\t\t\tSANTOS, Cec\u00edlia MacDowell. Ativismo jur\u00eddico transnacional e o Estado: reflex\u00f5es sobre os casos apresentados contra o Brasil na Comiss\u00e3o Interamericana de Direitos Humanos. Super, Revista Internacional de Direitos Humanos, S\u00e3o Paulo, v.4, n. 7, p. 26-57, 2007.\t\t\t\t\t\t\t\n\t\t\t\t\t\t\t\t\t\t\t\t\t\t<span style=\"font-size:12px;\"><br>\n\t                                \t\t\t\t\t\t\t<\/span>\t\n\t                        \n\t\t\t\t\t\t<\/a>\n\t\t\t\t\t\t\n\t\t\t\t\t\t\t<!-- upvote section -->\n\t\t\t\t\t\t\t<div class=\"upvote-section\">\n\t\t\t\t\t\t\t\t<span data-post-id=\"2001\" data-item-title=\"SANTOS, Cec\u00edlia MacDowell. Ativismo jur\u00eddico transnacional e o Estado: reflex\u00f5es sobre os casos apresentados contra o Brasil na Comiss\u00e3o Interamericana de Direitos Humanos. Super, Revista Internacional de Direitos Humanos, S\u00e3o Paulo, v.4, n. 7, p. 26-57, 2007.\" data-item-link=\"http:\/\/www.scielo.br\/scielo.php?script=sci_arttext&#038;pid=S1806-64452007000200003&#038;lng=pt&#038;nrm=iso\" class=\"upvote-btn upvote-on\">\n\t\t\t\t\t\t\t\t\t<i class=\"fa fa-thumbs-up\"><\/i>\n\t\t\t\t\t\t\t\t<\/span>\n\t\t\t\t\t\t\t\t<span class=\"upvote-count\">\n\t\t\t\t\t\t\t\t\t\t\t\t\t\t\t\t\t<\/span>\n\t\t\t\t\t\t\t<\/div>\n\t\t\t\t\t\t\t<!-- \/upvote section -->\n\n\t\t\t\t\t\t\t\t\t\t\t\t\n\t\t\t\t\t<\/li>\n\t\t\t\t\t\n\t\t\t\t\t<li id=\"item-2001-8\">\n\t\t\t\t\t\t\t\t\t\t\t\t<!-- List Anchor -->\n\t\t\t\t\t\t<a   href=\"http:\/\/www.scielo.br\/scielo.php?script=sci_arttext&#038;pid=S2177-70552012000200011&#038;lng=pt&#038;nrm=iso\"\n\t\t\t\t\t\t\ttarget=\"_blank\">\n\n\t\t\t\t\t\t\t<!-- Image, If Present -->\n\t\t\t\t\t\t\t8 - \t\t\t\t\t\t\t\t\t\t\t\t\t\t\t<span class=\"list-img\">\n\t\t\t\t\t\t\t\t\t<img src=\"https:\/\/www.uninter.com\/biblioteca\/wp-content\/plugins\/simple-link-directory\/\/assets\/images\/list-image-placeholder.png\" alt=\"\">\n\t\t\t\t\t\t\t\t<\/span>\n\t\t\t\t\t\t\t\n\t\t\t\t\t\t\t<!-- Link Text -->\n\t\t\t\t\t\t\tGORCZEVSKI, Cl\u00f3vis; DIAS, Felipe da Veiga. A imprescind\u00edvel contribui\u00e7\u00e3o dos tratados e cortes internacionais para os direitos humanos e fundamentais. Sequ\u00eancia, Florian\u00f3polis, n. 65, p. 241-272, 2012.\t\t\t\t\t\t\t\n\t\t\t\t\t\t\t\t\t\t\t\t\t\t<span style=\"font-size:12px;\"><br>\n\t                                \t\t\t\t\t\t\t<\/span>\t\n\t                        \n\t\t\t\t\t\t<\/a>\n\t\t\t\t\t\t\n\t\t\t\t\t\t\t<!-- upvote section -->\n\t\t\t\t\t\t\t<div class=\"upvote-section\">\n\t\t\t\t\t\t\t\t<span data-post-id=\"2001\" data-item-title=\"GORCZEVSKI, Cl\u00f3vis; DIAS, Felipe da Veiga. A imprescind\u00edvel contribui\u00e7\u00e3o dos tratados e cortes internacionais para os direitos humanos e fundamentais. Sequ\u00eancia, Florian\u00f3polis, n. 65, p. 241-272, 2012.\" data-item-link=\"http:\/\/www.scielo.br\/scielo.php?script=sci_arttext&#038;pid=S2177-70552012000200011&#038;lng=pt&#038;nrm=iso\" class=\"upvote-btn upvote-on\">\n\t\t\t\t\t\t\t\t\t<i class=\"fa fa-thumbs-up\"><\/i>\n\t\t\t\t\t\t\t\t<\/span>\n\t\t\t\t\t\t\t\t<span class=\"upvote-count\">\n\t\t\t\t\t\t\t\t\t\t\t\t\t\t\t\t\t<\/span>\n\t\t\t\t\t\t\t<\/div>\n\t\t\t\t\t\t\t<!-- \/upvote section -->\n\n\t\t\t\t\t\t\t\t\t\t\t\t\n\t\t\t\t\t<\/li>\n\t\t\t\t\t\n\t\t\t\t\t<li id=\"item-2001-9\">\n\t\t\t\t\t\t\t\t\t\t\t\t<!-- List Anchor -->\n\t\t\t\t\t\t<a   href=\"http:\/\/www.scielo.br\/scielo.php?script=sci_arttext&#038;pid=S0034-73292012000200010&#038;lng=en&#038;nrm=iso\"\n\t\t\t\t\t\t\ttarget=\"_blank\">\n\n\t\t\t\t\t\t\t<!-- Image, If Present -->\n\t\t\t\t\t\t\t9 - \t\t\t\t\t\t\t\t\t\t\t\t\t\t\t<span class=\"list-img\">\n\t\t\t\t\t\t\t\t\t<img src=\"https:\/\/www.uninter.com\/biblioteca\/wp-content\/plugins\/simple-link-directory\/\/assets\/images\/list-image-placeholder.png\" alt=\"\">\n\t\t\t\t\t\t\t\t<\/span>\n\t\t\t\t\t\t\t\n\t\t\t\t\t\t\t<!-- Link Text -->\n\t\t\t\t\t\t\tBueno, Clodoaldo. O Bar\u00e3o do Rio Branco no Itamaraty (1902-1912). Rev. bras. pol\u00edt. int., Dez 2012, vol.55, no.2, p.170-189. ISSN 0034-7329\t\t\t\t\t\t\t\n\t\t\t\t\t\t\t\t\t\t\t\t\t\t<span style=\"font-size:12px;\"><br>\n\t                                \t\t\t\t\t\t\t<\/span>\t\n\t                        \n\t\t\t\t\t\t<\/a>\n\t\t\t\t\t\t\n\t\t\t\t\t\t\t<!-- upvote section -->\n\t\t\t\t\t\t\t<div class=\"upvote-section\">\n\t\t\t\t\t\t\t\t<span data-post-id=\"2001\" data-item-title=\"Bueno, Clodoaldo. O Bar\u00e3o do Rio Branco no Itamaraty (1902-1912). Rev. bras. pol\u00edt. int., Dez 2012, vol.55, no.2, p.170-189. ISSN 0034-7329\" data-item-link=\"http:\/\/www.scielo.br\/scielo.php?script=sci_arttext&#038;pid=S0034-73292012000200010&#038;lng=en&#038;nrm=iso\" class=\"upvote-btn upvote-on\">\n\t\t\t\t\t\t\t\t\t<i class=\"fa fa-thumbs-up\"><\/i>\n\t\t\t\t\t\t\t\t<\/span>\n\t\t\t\t\t\t\t\t<span class=\"upvote-count\">\n\t\t\t\t\t\t\t\t\t\t\t\t\t\t\t\t\t<\/span>\n\t\t\t\t\t\t\t<\/div>\n\t\t\t\t\t\t\t<!-- \/upvote section -->\n\n\t\t\t\t\t\t\t\t\t\t\t\t\n\t\t\t\t\t<\/li>\n\t\t\t\t\t\n\t\t\t\t\t<li id=\"item-2001-10\">\n\t\t\t\t\t\t\t\t\t\t\t\t<!-- List Anchor -->\n\t\t\t\t\t\t<a   href=\"http:\/\/www.scielo.br\/scielo.php?script=sci_arttext&#038;pid=S0034-73292003000200001&#038;lng=en&#038;nrm=iso\"\n\t\t\t\t\t\t\ttarget=\"_blank\">\n\n\t\t\t\t\t\t\t<!-- Image, If Present -->\n\t\t\t\t\t\t\t10 - \t\t\t\t\t\t\t\t\t\t\t\t\t\t\t<span class=\"list-img\">\n\t\t\t\t\t\t\t\t\t<img src=\"https:\/\/www.uninter.com\/biblioteca\/wp-content\/plugins\/simple-link-directory\/\/assets\/images\/list-image-placeholder.png\" alt=\"\">\n\t\t\t\t\t\t\t\t<\/span>\n\t\t\t\t\t\t\t\n\t\t\t\t\t\t\t<!-- Link Text -->\n\t\t\t\t\t\t\tCervo, Amado Luiz. Pol\u00edtica exterior e rela\u00e7\u00f5es internacionais do Brasil: enfoque paradigm\u00e1tico. Rev. bras. pol\u00edt. int., Dez 2003, vol.46, no.2, p.5-25. ISSN 0034-7329\t\t\t\t\t\t\t\n\t\t\t\t\t\t\t\t\t\t\t\t\t\t<span style=\"font-size:12px;\"><br>\n\t                                \t\t\t\t\t\t\t<\/span>\t\n\t                        \n\t\t\t\t\t\t<\/a>\n\t\t\t\t\t\t\n\t\t\t\t\t\t\t<!-- upvote section -->\n\t\t\t\t\t\t\t<div class=\"upvote-section\">\n\t\t\t\t\t\t\t\t<span data-post-id=\"2001\" data-item-title=\"Cervo, Amado Luiz. Pol\u00edtica exterior e rela\u00e7\u00f5es internacionais do Brasil: enfoque paradigm\u00e1tico. Rev. bras. pol\u00edt. int., Dez 2003, vol.46, no.2, p.5-25. ISSN 0034-7329\" data-item-link=\"http:\/\/www.scielo.br\/scielo.php?script=sci_arttext&#038;pid=S0034-73292003000200001&#038;lng=en&#038;nrm=iso\" class=\"upvote-btn upvote-on\">\n\t\t\t\t\t\t\t\t\t<i class=\"fa fa-thumbs-up\"><\/i>\n\t\t\t\t\t\t\t\t<\/span>\n\t\t\t\t\t\t\t\t<span class=\"upvote-count\">\n\t\t\t\t\t\t\t\t\t\t\t\t\t\t\t\t\t<\/span>\n\t\t\t\t\t\t\t<\/div>\n\t\t\t\t\t\t\t<!-- \/upvote section -->\n\n\t\t\t\t\t\t\t\t\t\t\t\t\n\t\t\t\t\t<\/li>\n\t\t\t\t\t\n\t\t\t\t\t<li id=\"item-2001-11\">\n\t\t\t\t\t\t\t\t\t\t\t\t<!-- List Anchor -->\n\t\t\t\t\t\t<a   href=\"http:\/\/www.scielo.br\/scielo.php?script=sci_arttext&#038;pid=S0102-85292018000200387&#038;lang=pt\"\n\t\t\t\t\t\t\ttarget=\"_blank\">\n\n\t\t\t\t\t\t\t<!-- Image, If Present -->\n\t\t\t\t\t\t\t11 - \t\t\t\t\t\t\t\t\t\t\t\t\t\t\t<span class=\"list-img\">\n\t\t\t\t\t\t\t\t\t<img src=\"https:\/\/www.uninter.com\/biblioteca\/wp-content\/plugins\/simple-link-directory\/\/assets\/images\/list-image-placeholder.png\" alt=\"\">\n\t\t\t\t\t\t\t\t<\/span>\n\t\t\t\t\t\t\t\n\t\t\t\t\t\t\t<!-- Link Text -->\n\t\t\t\t\t\t\tKIESSLING. CHRISTOPHER K. Brazil, Foreign Policy and Climate Change (1992-2005). Contexto Int. vol.40 Rio de Janeiro May\/Aug. 2018 Epub Sep 03, 2018\t\t\t\t\t\t\t\n\t\t\t\t\t\t\t\t\t\t\t\t\t\t<span style=\"font-size:12px;\"><br>\n\t                                \t\t\t\t\t\t\t<\/span>\t\n\t                        \n\t\t\t\t\t\t<\/a>\n\t\t\t\t\t\t\n\t\t\t\t\t\t\t<!-- upvote section -->\n\t\t\t\t\t\t\t<div class=\"upvote-section\">\n\t\t\t\t\t\t\t\t<span data-post-id=\"2001\" data-item-title=\"KIESSLING. CHRISTOPHER K. Brazil, Foreign Policy and Climate Change (1992-2005). Contexto Int. vol.40 Rio de Janeiro May\/Aug. 2018 Epub Sep 03, 2018\" data-item-link=\"http:\/\/www.scielo.br\/scielo.php?script=sci_arttext&#038;pid=S0102-85292018000200387&#038;lang=pt\" class=\"upvote-btn upvote-on\">\n\t\t\t\t\t\t\t\t\t<i class=\"fa fa-thumbs-up\"><\/i>\n\t\t\t\t\t\t\t\t<\/span>\n\t\t\t\t\t\t\t\t<span class=\"upvote-count\">\n\t\t\t\t\t\t\t\t\t\t\t\t\t\t\t\t\t<\/span>\n\t\t\t\t\t\t\t<\/div>\n\t\t\t\t\t\t\t<!-- \/upvote section -->\n\n\t\t\t\t\t\t\t\t\t\t\t\t\n\t\t\t\t\t<\/li>\n\t\t\t\t\t\n\t\t\t\t\t<li id=\"item-2001-12\">\n\t\t\t\t\t\t\t\t\t\t\t\t<!-- List Anchor -->\n\t\t\t\t\t\t<a   href=\"http:\/\/www.scielo.br\/scielo.php?script=sci_arttext&#038;pid=S0103-33522013000200009&#038;lng=en&#038;nrm=iso\"\n\t\t\t\t\t\t\ttarget=\"_blank\">\n\n\t\t\t\t\t\t\t<!-- Image, If Present -->\n\t\t\t\t\t\t\t12 - \t\t\t\t\t\t\t\t\t\t\t\t\t\t\t<span class=\"list-img\">\n\t\t\t\t\t\t\t\t\t<img src=\"https:\/\/www.uninter.com\/biblioteca\/wp-content\/plugins\/simple-link-directory\/\/assets\/images\/list-image-placeholder.png\" alt=\"\">\n\t\t\t\t\t\t\t\t<\/span>\n\t\t\t\t\t\t\t\n\t\t\t\t\t\t\t<!-- Link Text -->\n\t\t\t\t\t\t\tLopes, Dawisson Bel\u00e9m. Octavio Amorim Neto \u2013 De Dutra a Lula: a condu\u00e7\u00e3o e os determinantes da pol\u00edtica externa brasileira. Rev. Bras. Ci\u00eanc. Pol\u00edt., Ago 2013, no.11, p.231-241. ISSN 0103-3352\t\t\t\t\t\t\t\n\t\t\t\t\t\t\t\t\t\t\t\t\t\t<span style=\"font-size:12px;\"><br>\n\t                                \t\t\t\t\t\t\t<\/span>\t\n\t                        \n\t\t\t\t\t\t<\/a>\n\t\t\t\t\t\t\n\t\t\t\t\t\t\t<!-- upvote section -->\n\t\t\t\t\t\t\t<div class=\"upvote-section\">\n\t\t\t\t\t\t\t\t<span data-post-id=\"2001\" data-item-title=\"Lopes, Dawisson Bel\u00e9m. Octavio Amorim Neto \u2013 De Dutra a Lula: a condu\u00e7\u00e3o e os determinantes da pol\u00edtica externa brasileira. Rev. Bras. Ci\u00eanc. Pol\u00edt., Ago 2013, no.11, p.231-241. ISSN 0103-3352\" data-item-link=\"http:\/\/www.scielo.br\/scielo.php?script=sci_arttext&#038;pid=S0103-33522013000200009&#038;lng=en&#038;nrm=iso\" class=\"upvote-btn upvote-on\">\n\t\t\t\t\t\t\t\t\t<i class=\"fa fa-thumbs-up\"><\/i>\n\t\t\t\t\t\t\t\t<\/span>\n\t\t\t\t\t\t\t\t<span class=\"upvote-count\">\n\t\t\t\t\t\t\t\t\t\t\t\t\t\t\t\t\t<\/span>\n\t\t\t\t\t\t\t<\/div>\n\t\t\t\t\t\t\t<!-- \/upvote section -->\n\n\t\t\t\t\t\t\t\t\t\t\t\t\n\t\t\t\t\t<\/li>\n\t\t\t\t\t\n\t\t\t\t\t<li id=\"item-2001-13\">\n\t\t\t\t\t\t\t\t\t\t\t\t<!-- List Anchor -->\n\t\t\t\t\t\t<a   href=\"http:\/\/www.scielo.br\/scielo.php?script=sci_arttext&#038;pid=S0034-73291998000300002&#038;lng=en&#038;nrm=iso\"\n\t\t\t\t\t\t\ttarget=\"_blank\">\n\n\t\t\t\t\t\t\t<!-- Image, If Present -->\n\t\t\t\t\t\t\t13 - \t\t\t\t\t\t\t\t\t\t\t\t\t\t\t<span class=\"list-img\">\n\t\t\t\t\t\t\t\t\t<img src=\"https:\/\/www.uninter.com\/biblioteca\/wp-content\/plugins\/simple-link-directory\/\/assets\/images\/list-image-placeholder.png\" alt=\"\">\n\t\t\t\t\t\t\t\t<\/span>\n\t\t\t\t\t\t\t\n\t\t\t\t\t\t\t<!-- Link Text -->\n\t\t\t\t\t\t\tSato, Eiiti. 40 anos de pol\u00edtica externa brasileira, 1958-1998: tr\u00eas inflex\u00f5es. Rev. Bras. Pol\u00edt. Int., 1998, vol.41, no.spe, p.8-28. ISSN 0034-7329\t\t\t\t\t\t\t\n\t\t\t\t\t\t\t\t\t\t\t\t\t\t<span style=\"font-size:12px;\"><br>\n\t                                \t\t\t\t\t\t\t<\/span>\t\n\t                        \n\t\t\t\t\t\t<\/a>\n\t\t\t\t\t\t\n\t\t\t\t\t\t\t<!-- upvote section -->\n\t\t\t\t\t\t\t<div class=\"upvote-section\">\n\t\t\t\t\t\t\t\t<span data-post-id=\"2001\" data-item-title=\"Sato, Eiiti. 40 anos de pol\u00edtica externa brasileira, 1958-1998: tr\u00eas inflex\u00f5es. Rev. Bras. Pol\u00edt. Int., 1998, vol.41, no.spe, p.8-28. ISSN 0034-7329\" data-item-link=\"http:\/\/www.scielo.br\/scielo.php?script=sci_arttext&#038;pid=S0034-73291998000300002&#038;lng=en&#038;nrm=iso\" class=\"upvote-btn upvote-on\">\n\t\t\t\t\t\t\t\t\t<i class=\"fa fa-thumbs-up\"><\/i>\n\t\t\t\t\t\t\t\t<\/span>\n\t\t\t\t\t\t\t\t<span class=\"upvote-count\">\n\t\t\t\t\t\t\t\t\t\t\t\t\t\t\t\t\t<\/span>\n\t\t\t\t\t\t\t<\/div>\n\t\t\t\t\t\t\t<!-- \/upvote section -->\n\n\t\t\t\t\t\t\t\t\t\t\t\t\n\t\t\t\t\t<\/li>\n\t\t\t\t\t\n\t\t\t\t\t<li id=\"item-2001-14\">\n\t\t\t\t\t\t\t\t\t\t\t\t<!-- List Anchor -->\n\t\t\t\t\t\t<a   href=\"http:\/\/www.scielo.br\/scielo.php?script=sci_arttext&#038;pid=S0103-20702012000200003&#038;lng=pt&#038;nrm=iso\"\n\t\t\t\t\t\t\ttarget=\"_blank\">\n\n\t\t\t\t\t\t\t<!-- Image, If Present -->\n\t\t\t\t\t\t\t14 - \t\t\t\t\t\t\t\t\t\t\t\t\t\t\t<span class=\"list-img\">\n\t\t\t\t\t\t\t\t\t<img src=\"https:\/\/www.uninter.com\/biblioteca\/wp-content\/plugins\/simple-link-directory\/\/assets\/images\/list-image-placeholder.png\" alt=\"\">\n\t\t\t\t\t\t\t\t<\/span>\n\t\t\t\t\t\t\t\n\t\t\t\t\t\t\t<!-- Link Text -->\n\t\t\t\t\t\t\tCURTO, Diogo Ramada; JERONIMO, Miguel Bandeira; DOMINGOS, Nuno. Na\u00e7\u00f5es e nacionalismos (a teoria, a hist\u00f3ria, a moral). Tempo Social, S\u00e3o Paulo, v. 24, n. 2, p. 33-58, 2012.\t\t\t\t\t\t\t\n\t\t\t\t\t\t\t\t\t\t\t\t\t\t<span style=\"font-size:12px;\"><br>\n\t                                \t\t\t\t\t\t\t<\/span>\t\n\t                        \n\t\t\t\t\t\t<\/a>\n\t\t\t\t\t\t\n\t\t\t\t\t\t\t<!-- upvote section -->\n\t\t\t\t\t\t\t<div class=\"upvote-section\">\n\t\t\t\t\t\t\t\t<span data-post-id=\"2001\" data-item-title=\"CURTO, Diogo Ramada; JERONIMO, Miguel Bandeira; DOMINGOS, Nuno. Na\u00e7\u00f5es e nacionalismos (a teoria, a hist\u00f3ria, a moral). Tempo Social, S\u00e3o Paulo, v. 24, n. 2, p. 33-58, 2012.\" data-item-link=\"http:\/\/www.scielo.br\/scielo.php?script=sci_arttext&#038;pid=S0103-20702012000200003&#038;lng=pt&#038;nrm=iso\" class=\"upvote-btn upvote-on\">\n\t\t\t\t\t\t\t\t\t<i class=\"fa fa-thumbs-up\"><\/i>\n\t\t\t\t\t\t\t\t<\/span>\n\t\t\t\t\t\t\t\t<span class=\"upvote-count\">\n\t\t\t\t\t\t\t\t\t\t\t\t\t\t\t\t\t<\/span>\n\t\t\t\t\t\t\t<\/div>\n\t\t\t\t\t\t\t<!-- \/upvote section -->\n\n\t\t\t\t\t\t\t\t\t\t\t\t\n\t\t\t\t\t<\/li>\n\t\t\t\t\t\n\t\t\t\t\t<li id=\"item-2001-15\">\n\t\t\t\t\t\t\t\t\t\t\t\t<!-- List Anchor -->\n\t\t\t\t\t\t<a   href=\"http:\/\/www.scielo.br\/scielo.php?script=sci_arttext&#038;pid=S0102-64452007000200002&#038;lng=pt&#038;nrm=iso\"\n\t\t\t\t\t\t\ttarget=\"_blank\">\n\n\t\t\t\t\t\t\t<!-- Image, If Present -->\n\t\t\t\t\t\t\t15 - \t\t\t\t\t\t\t\t\t\t\t\t\t\t\t<span class=\"list-img\">\n\t\t\t\t\t\t\t\t\t<img src=\"https:\/\/www.uninter.com\/biblioteca\/wp-content\/plugins\/simple-link-directory\/\/assets\/images\/list-image-placeholder.png\" alt=\"\">\n\t\t\t\t\t\t\t\t<\/span>\n\t\t\t\t\t\t\t\n\t\t\t\t\t\t\t<!-- Link Text -->\n\t\t\t\t\t\t\tFLORENZANO, Modesto. Sobre as origens e o desenvolvimento do estado moderno no ocidente. Lua Nova, S\u00e3o Paulo, n. 71, p. 11-39, 2007.\t\t\t\t\t\t\t\n\t\t\t\t\t\t\t\t\t\t\t\t\t\t<span style=\"font-size:12px;\"><br>\n\t                                \t\t\t\t\t\t\t<\/span>\t\n\t                        \n\t\t\t\t\t\t<\/a>\n\t\t\t\t\t\t\n\t\t\t\t\t\t\t<!-- upvote section -->\n\t\t\t\t\t\t\t<div class=\"upvote-section\">\n\t\t\t\t\t\t\t\t<span data-post-id=\"2001\" data-item-title=\"FLORENZANO, Modesto. Sobre as origens e o desenvolvimento do estado moderno no ocidente. Lua Nova, S\u00e3o Paulo, n. 71, p. 11-39, 2007.\" data-item-link=\"http:\/\/www.scielo.br\/scielo.php?script=sci_arttext&#038;pid=S0102-64452007000200002&#038;lng=pt&#038;nrm=iso\" class=\"upvote-btn upvote-on\">\n\t\t\t\t\t\t\t\t\t<i class=\"fa fa-thumbs-up\"><\/i>\n\t\t\t\t\t\t\t\t<\/span>\n\t\t\t\t\t\t\t\t<span class=\"upvote-count\">\n\t\t\t\t\t\t\t\t\t\t\t\t\t\t\t\t\t<\/span>\n\t\t\t\t\t\t\t<\/div>\n\t\t\t\t\t\t\t<!-- \/upvote section -->\n\n\t\t\t\t\t\t\t\t\t\t\t\t\n\t\t\t\t\t<\/li>\n\t\t\t\t\t\n\t\t\t\t\t<li id=\"item-2001-16\">\n\t\t\t\t\t\t\t\t\t\t\t\t<!-- List Anchor -->\n\t\t\t\t\t\t<a   href=\"http:\/\/www.scielo.br\/scielo.php?script=sci_arttext&#038;pid=S0011-52582015000300617&#038;lng=pt&#038;nrm=iso\"\n\t\t\t\t\t\t\ttarget=\"_blank\">\n\n\t\t\t\t\t\t\t<!-- Image, If Present -->\n\t\t\t\t\t\t\t16 - \t\t\t\t\t\t\t\t\t\t\t\t\t\t\t<span class=\"list-img\">\n\t\t\t\t\t\t\t\t\t<img src=\"https:\/\/www.uninter.com\/biblioteca\/wp-content\/plugins\/simple-link-directory\/\/assets\/images\/list-image-placeholder.png\" alt=\"\">\n\t\t\t\t\t\t\t\t<\/span>\n\t\t\t\t\t\t\t\n\t\t\t\t\t\t\t<!-- Link Text -->\n\t\t\t\t\t\t\tGUIMARAES, Alexandre Queiroz. Economia, Institui\u00e7\u00f5es e Estado de Bem-Estar Social: Respostas \u00e0 Nova Configura\u00e7\u00e3o do Capitalismo p\u00f3s-1970. Dados, Rio de Janeiro, v. 58, n. 3, p. 617-650, 2015.\t\t\t\t\t\t\t\n\t\t\t\t\t\t\t\t\t\t\t\t\t\t<span style=\"font-size:12px;\"><br>\n\t                                \t\t\t\t\t\t\t<\/span>\t\n\t                        \n\t\t\t\t\t\t<\/a>\n\t\t\t\t\t\t\n\t\t\t\t\t\t\t<!-- upvote section -->\n\t\t\t\t\t\t\t<div class=\"upvote-section\">\n\t\t\t\t\t\t\t\t<span data-post-id=\"2001\" data-item-title=\"GUIMARAES, Alexandre Queiroz. Economia, Institui\u00e7\u00f5es e Estado de Bem-Estar Social: Respostas \u00e0 Nova Configura\u00e7\u00e3o do Capitalismo p\u00f3s-1970. Dados, Rio de Janeiro, v. 58, n. 3, p. 617-650, 2015.\" data-item-link=\"http:\/\/www.scielo.br\/scielo.php?script=sci_arttext&#038;pid=S0011-52582015000300617&#038;lng=pt&#038;nrm=iso\" class=\"upvote-btn upvote-on\">\n\t\t\t\t\t\t\t\t\t<i class=\"fa fa-thumbs-up\"><\/i>\n\t\t\t\t\t\t\t\t<\/span>\n\t\t\t\t\t\t\t\t<span class=\"upvote-count\">\n\t\t\t\t\t\t\t\t\t\t\t\t\t\t\t\t\t<\/span>\n\t\t\t\t\t\t\t<\/div>\n\t\t\t\t\t\t\t<!-- \/upvote section -->\n\n\t\t\t\t\t\t\t\t\t\t\t\t\n\t\t\t\t\t<\/li>\n\t\t\t\t\t\n\t\t\t\t\t<li id=\"item-2001-17\">\n\t\t\t\t\t\t\t\t\t\t\t\t<!-- List Anchor -->\n\t\t\t\t\t\t<a   href=\"http:\/\/www.scielo.br\/scielo.php?script=sci_arttext&#038;pid=S0104-44782014000400005&#038;lng=pt&#038;nrm=iso\"\n\t\t\t\t\t\t\ttarget=\"_blank\">\n\n\t\t\t\t\t\t\t<!-- Image, If Present -->\n\t\t\t\t\t\t\t17 - \t\t\t\t\t\t\t\t\t\t\t\t\t\t\t<span class=\"list-img\">\n\t\t\t\t\t\t\t\t\t<img src=\"https:\/\/www.uninter.com\/biblioteca\/wp-content\/plugins\/simple-link-directory\/\/assets\/images\/list-image-placeholder.png\" alt=\"\">\n\t\t\t\t\t\t\t\t<\/span>\n\t\t\t\t\t\t\t\n\t\t\t\t\t\t\t<!-- Link Text -->\n\t\t\t\t\t\t\tPERISSINOTTO, Renato. O conceito de estado desenvolvimentista e sua utilidade para os casos brasileiro e argentino. Revista de Sociologia e Pol\u00edtica, Curitiba, v. 22, n. 52, p. 59-75, 2014.\t\t\t\t\t\t\t\n\t\t\t\t\t\t\t\t\t\t\t\t\t\t<span style=\"font-size:12px;\"><br>\n\t                                \t\t\t\t\t\t\t<\/span>\t\n\t                        \n\t\t\t\t\t\t<\/a>\n\t\t\t\t\t\t\n\t\t\t\t\t\t\t<!-- upvote section -->\n\t\t\t\t\t\t\t<div class=\"upvote-section\">\n\t\t\t\t\t\t\t\t<span data-post-id=\"2001\" data-item-title=\"PERISSINOTTO, Renato. O conceito de estado desenvolvimentista e sua utilidade para os casos brasileiro e argentino. Revista de Sociologia e Pol\u00edtica, Curitiba, v. 22, n. 52, p. 59-75, 2014.\" data-item-link=\"http:\/\/www.scielo.br\/scielo.php?script=sci_arttext&#038;pid=S0104-44782014000400005&#038;lng=pt&#038;nrm=iso\" class=\"upvote-btn upvote-on\">\n\t\t\t\t\t\t\t\t\t<i class=\"fa fa-thumbs-up\"><\/i>\n\t\t\t\t\t\t\t\t<\/span>\n\t\t\t\t\t\t\t\t<span class=\"upvote-count\">\n\t\t\t\t\t\t\t\t\t\t\t\t\t\t\t\t\t<\/span>\n\t\t\t\t\t\t\t<\/div>\n\t\t\t\t\t\t\t<!-- \/upvote section -->\n\n\t\t\t\t\t\t\t\t\t\t\t\t\n\t\t\t\t\t<\/li>\n\t\t\t\t\t\n\t\t\t\t\t<li id=\"item-2001-18\">\n\t\t\t\t\t\t\t\t\t\t\t\t<!-- List Anchor -->\n\t\t\t\t\t\t<a   href=\"http:\/\/www.scielo.br\/scielo.php?script=sci_arttext&#038;pid=S0034-73292010000100001&#038;lng=pt&#038;nrm=iso\"\n\t\t\t\t\t\t\ttarget=\"_blank\">\n\n\t\t\t\t\t\t\t<!-- Image, If Present -->\n\t\t\t\t\t\t\t18 - \t\t\t\t\t\t\t\t\t\t\t\t\t\t\t<span class=\"list-img\">\n\t\t\t\t\t\t\t\t\t<img src=\"https:\/\/www.uninter.com\/biblioteca\/wp-content\/plugins\/simple-link-directory\/\/assets\/images\/list-image-placeholder.png\" alt=\"\">\n\t\t\t\t\t\t\t\t<\/span>\n\t\t\t\t\t\t\t\n\t\t\t\t\t\t\t<!-- Link Text -->\n\t\t\t\t\t\t\tRudzit, Gunther; Nogami, Otto. Seguran\u00e7a e Defesa. Nacionais: conceitos b\u00e1sicos para uma an\u00e1lise. Rev. bras. pol\u00edt. int., Jul 2010, vol.53, no.1, p.5-24. ISSN 0034-7329.\t\t\t\t\t\t\t\n\t\t\t\t\t\t\t\t\t\t\t\t\t\t<span style=\"font-size:12px;\"><br>\n\t                                \t\t\t\t\t\t\t<\/span>\t\n\t                        \n\t\t\t\t\t\t<\/a>\n\t\t\t\t\t\t\n\t\t\t\t\t\t\t<!-- upvote section -->\n\t\t\t\t\t\t\t<div class=\"upvote-section\">\n\t\t\t\t\t\t\t\t<span data-post-id=\"2001\" data-item-title=\"Rudzit, Gunther; Nogami, Otto. Seguran\u00e7a e Defesa. Nacionais: conceitos b\u00e1sicos para uma an\u00e1lise. Rev. bras. pol\u00edt. int., Jul 2010, vol.53, no.1, p.5-24. ISSN 0034-7329.\" data-item-link=\"http:\/\/www.scielo.br\/scielo.php?script=sci_arttext&#038;pid=S0034-73292010000100001&#038;lng=pt&#038;nrm=iso\" class=\"upvote-btn upvote-on\">\n\t\t\t\t\t\t\t\t\t<i class=\"fa fa-thumbs-up\"><\/i>\n\t\t\t\t\t\t\t\t<\/span>\n\t\t\t\t\t\t\t\t<span class=\"upvote-count\">\n\t\t\t\t\t\t\t\t\t\t\t\t\t\t\t\t\t<\/span>\n\t\t\t\t\t\t\t<\/div>\n\t\t\t\t\t\t\t<!-- \/upvote section -->\n\n\t\t\t\t\t\t\t\t\t\t\t\t\n\t\t\t\t\t<\/li>\n\t\t\t\t\t\n\t\t\t\t\t<li id=\"item-2001-19\">\n\t\t\t\t\t\t\t\t\t\t\t\t<!-- List Anchor -->\n\t\t\t\t\t\t<a   href=\"http:\/\/www.scielo.br\/scielo.php?script=sci_arttext&#038;pid=S0011-52582018000100003&#038;lng=pt&#038;nrm=iso\"\n\t\t\t\t\t\t\ttarget=\"_blank\">\n\n\t\t\t\t\t\t\t<!-- Image, If Present -->\n\t\t\t\t\t\t\t19 - \t\t\t\t\t\t\t\t\t\t\t\t\t\t\t<span class=\"list-img\">\n\t\t\t\t\t\t\t\t\t<img src=\"https:\/\/www.uninter.com\/biblioteca\/wp-content\/plugins\/simple-link-directory\/\/assets\/images\/list-image-placeholder.png\" alt=\"\">\n\t\t\t\t\t\t\t\t<\/span>\n\t\t\t\t\t\t\t\n\t\t\t\t\t\t\t<!-- Link Text -->\n\t\t\t\t\t\t\tHerz, Monica; Yamato, Roberto Vilchez. As Transforma\u00e7\u00f5es das Regras Internacionais sobre Viol\u00eancia na Ordem Mundial Contempor\u00e2nea. Dados, Mar 2018, vol.61, no.1, p.3-45. ISSN 0011-5258.\t\t\t\t\t\t\t\n\t\t\t\t\t\t\t\t\t\t\t\t\t\t<span style=\"font-size:12px;\"><br>\n\t                                \t\t\t\t\t\t\t<\/span>\t\n\t                        \n\t\t\t\t\t\t<\/a>\n\t\t\t\t\t\t\n\t\t\t\t\t\t\t<!-- upvote section -->\n\t\t\t\t\t\t\t<div class=\"upvote-section\">\n\t\t\t\t\t\t\t\t<span data-post-id=\"2001\" data-item-title=\"Herz, Monica; Yamato, Roberto Vilchez. As Transforma\u00e7\u00f5es das Regras Internacionais sobre Viol\u00eancia na Ordem Mundial Contempor\u00e2nea. Dados, Mar 2018, vol.61, no.1, p.3-45. ISSN 0011-5258.\" data-item-link=\"http:\/\/www.scielo.br\/scielo.php?script=sci_arttext&#038;pid=S0011-52582018000100003&#038;lng=pt&#038;nrm=iso\" class=\"upvote-btn upvote-on\">\n\t\t\t\t\t\t\t\t\t<i class=\"fa fa-thumbs-up\"><\/i>\n\t\t\t\t\t\t\t\t<\/span>\n\t\t\t\t\t\t\t\t<span class=\"upvote-count\">\n\t\t\t\t\t\t\t\t\t\t\t\t\t\t\t\t\t<\/span>\n\t\t\t\t\t\t\t<\/div>\n\t\t\t\t\t\t\t<!-- \/upvote section -->\n\n\t\t\t\t\t\t\t\t\t\t\t\t\n\t\t\t\t\t<\/li>\n\t\t\t\t\t\n\t\t\t\t\t<li id=\"item-2001-20\">\n\t\t\t\t\t\t\t\t\t\t\t\t<!-- List Anchor -->\n\t\t\t\t\t\t<a   href=\"http:\/\/www.scielo.br\/scielo.php?script=sci_arttext&#038;pid=S0102-85292011000200005&#038;lng=pt&#038;nrm=iso\"\n\t\t\t\t\t\t\ttarget=\"_blank\">\n\n\t\t\t\t\t\t\t<!-- Image, If Present -->\n\t\t\t\t\t\t\t20 - \t\t\t\t\t\t\t\t\t\t\t\t\t\t\t<span class=\"list-img\">\n\t\t\t\t\t\t\t\t\t<img src=\"https:\/\/www.uninter.com\/biblioteca\/wp-content\/plugins\/simple-link-directory\/\/assets\/images\/list-image-placeholder.png\" alt=\"\">\n\t\t\t\t\t\t\t\t<\/span>\n\t\t\t\t\t\t\t\n\t\t\t\t\t\t\t<!-- Link Text -->\n\t\t\t\t\t\t\tCepik, Marco; Borba, Pedro. Crime organizado, Estado e seguran\u00e7a internacional. Contexto int., Dez 2011, vol.33, no.2, p.375-405. ISSN 0102-8529.\t\t\t\t\t\t\t\n\t\t\t\t\t\t\t\t\t\t\t\t\t\t<span style=\"font-size:12px;\"><br>\n\t                                \t\t\t\t\t\t\t<\/span>\t\n\t                        \n\t\t\t\t\t\t<\/a>\n\t\t\t\t\t\t\n\t\t\t\t\t\t\t<!-- upvote section -->\n\t\t\t\t\t\t\t<div class=\"upvote-section\">\n\t\t\t\t\t\t\t\t<span data-post-id=\"2001\" data-item-title=\"Cepik, Marco; Borba, Pedro. Crime organizado, Estado e seguran\u00e7a internacional. Contexto int., Dez 2011, vol.33, no.2, p.375-405. ISSN 0102-8529.\" data-item-link=\"http:\/\/www.scielo.br\/scielo.php?script=sci_arttext&#038;pid=S0102-85292011000200005&#038;lng=pt&#038;nrm=iso\" class=\"upvote-btn upvote-on\">\n\t\t\t\t\t\t\t\t\t<i class=\"fa fa-thumbs-up\"><\/i>\n\t\t\t\t\t\t\t\t<\/span>\n\t\t\t\t\t\t\t\t<span class=\"upvote-count\">\n\t\t\t\t\t\t\t\t\t\t\t\t\t\t\t\t\t<\/span>\n\t\t\t\t\t\t\t<\/div>\n\t\t\t\t\t\t\t<!-- \/upvote section -->\n\n\t\t\t\t\t\t\t\t\t\t\t\t\n\t\t\t\t\t<\/li>\n\t\t\t\t\t\n\t\t\t\t\t<li id=\"item-2001-21\">\n\t\t\t\t\t\t\t\t\t\t\t\t<!-- List Anchor -->\n\t\t\t\t\t\t<a   href=\"http:\/\/www.scielo.br\/scielo.php?script=sci_arttext&#038;pid=S0034-73292008000200006&#038;lng=en&#038;nrm=iso\"\n\t\t\t\t\t\t\ttarget=\"_blank\">\n\n\t\t\t\t\t\t\t<!-- Image, If Present -->\n\t\t\t\t\t\t\t21 - \t\t\t\t\t\t\t\t\t\t\t\t\t\t\t<span class=\"list-img\">\n\t\t\t\t\t\t\t\t\t<img src=\"https:\/\/www.uninter.com\/biblioteca\/wp-content\/plugins\/simple-link-directory\/\/assets\/images\/list-image-placeholder.png\" alt=\"\">\n\t\t\t\t\t\t\t\t<\/span>\n\t\t\t\t\t\t\t\n\t\t\t\t\t\t\t<!-- Link Text -->\n\t\t\t\t\t\t\tFaria, Carlos Aur\u00e9lio Pimenta de. Opini\u00e3o p\u00fablica e pol\u00edtica externa: insulamento, politiza\u00e7\u00e3o e reforma na produ\u00e7\u00e3o da pol\u00edtica exterior do Brasil. Rev. bras. pol\u00edt. int., Dez 2008, vol.51, no.2, p.80-97.\t\t\t\t\t\t\t\n\t\t\t\t\t\t\t\t\t\t\t\t\t\t<span style=\"font-size:12px;\"><br>\n\t                                \t\t\t\t\t\t\t<\/span>\t\n\t                        \n\t\t\t\t\t\t<\/a>\n\t\t\t\t\t\t\n\t\t\t\t\t\t\t<!-- upvote section -->\n\t\t\t\t\t\t\t<div class=\"upvote-section\">\n\t\t\t\t\t\t\t\t<span data-post-id=\"2001\" data-item-title=\"Faria, Carlos Aur\u00e9lio Pimenta de. Opini\u00e3o p\u00fablica e pol\u00edtica externa: insulamento, politiza\u00e7\u00e3o e reforma na produ\u00e7\u00e3o da pol\u00edtica exterior do Brasil. Rev. bras. pol\u00edt. int., Dez 2008, vol.51, no.2, p.80-97.\" data-item-link=\"http:\/\/www.scielo.br\/scielo.php?script=sci_arttext&#038;pid=S0034-73292008000200006&#038;lng=en&#038;nrm=iso\" class=\"upvote-btn upvote-on\">\n\t\t\t\t\t\t\t\t\t<i class=\"fa fa-thumbs-up\"><\/i>\n\t\t\t\t\t\t\t\t<\/span>\n\t\t\t\t\t\t\t\t<span class=\"upvote-count\">\n\t\t\t\t\t\t\t\t\t\t\t\t\t\t\t\t\t<\/span>\n\t\t\t\t\t\t\t<\/div>\n\t\t\t\t\t\t\t<!-- \/upvote section -->\n\n\t\t\t\t\t\t\t\t\t\t\t\t\n\t\t\t\t\t<\/li>\n\t\t\t\t\t\n\t\t\t\t\t<li id=\"item-2001-22\">\n\t\t\t\t\t\t\t\t\t\t\t\t<!-- List Anchor -->\n\t\t\t\t\t\t<a   href=\"http:\/\/www.scielo.br\/scielo.php?script=sci_arttext&#038;pid=S0034-73292010000200002&#038;lng=en&#038;nrm=iso\"\n\t\t\t\t\t\t\ttarget=\"_blank\">\n\n\t\t\t\t\t\t\t<!-- Image, If Present -->\n\t\t\t\t\t\t\t22 - \t\t\t\t\t\t\t\t\t\t\t\t\t\t\t<span class=\"list-img\">\n\t\t\t\t\t\t\t\t\t<img src=\"https:\/\/www.uninter.com\/biblioteca\/wp-content\/plugins\/simple-link-directory\/\/assets\/images\/list-image-placeholder.png\" alt=\"\">\n\t\t\t\t\t\t\t\t<\/span>\n\t\t\t\t\t\t\t\n\t\t\t\t\t\t\t<!-- Link Text -->\n\t\t\t\t\t\t\tFerreira, Marcelo Costa. Os Processos Constituintes de 1946 e 1988 e a defini\u00e7\u00e3o do papel do Congresso Nacional na Pol\u00edtica Externa Brasileira. Rev. bras. pol\u00edt. int., 2010, vol.53, no.2, p.23-48.\t\t\t\t\t\t\t\n\t\t\t\t\t\t\t\t\t\t\t\t\t\t<span style=\"font-size:12px;\"><br>\n\t                                \t\t\t\t\t\t\t<\/span>\t\n\t                        \n\t\t\t\t\t\t<\/a>\n\t\t\t\t\t\t\n\t\t\t\t\t\t\t<!-- upvote section -->\n\t\t\t\t\t\t\t<div class=\"upvote-section\">\n\t\t\t\t\t\t\t\t<span data-post-id=\"2001\" data-item-title=\"Ferreira, Marcelo Costa. Os Processos Constituintes de 1946 e 1988 e a defini\u00e7\u00e3o do papel do Congresso Nacional na Pol\u00edtica Externa Brasileira. Rev. bras. pol\u00edt. int., 2010, vol.53, no.2, p.23-48.\" data-item-link=\"http:\/\/www.scielo.br\/scielo.php?script=sci_arttext&#038;pid=S0034-73292010000200002&#038;lng=en&#038;nrm=iso\" class=\"upvote-btn upvote-on\">\n\t\t\t\t\t\t\t\t\t<i class=\"fa fa-thumbs-up\"><\/i>\n\t\t\t\t\t\t\t\t<\/span>\n\t\t\t\t\t\t\t\t<span class=\"upvote-count\">\n\t\t\t\t\t\t\t\t\t\t\t\t\t\t\t\t\t<\/span>\n\t\t\t\t\t\t\t<\/div>\n\t\t\t\t\t\t\t<!-- \/upvote section -->\n\n\t\t\t\t\t\t\t\t\t\t\t\t\n\t\t\t\t\t<\/li>\n\t\t\t\t\t\n\t\t\t\t\t<li id=\"item-2001-23\">\n\t\t\t\t\t\t\t\t\t\t\t\t<!-- List Anchor -->\n\t\t\t\t\t\t<a   href=\"http:\/\/www.scielo.br\/scielo.php?script=sci_arttext&#038;pid=S0034-73292010000200001&#038;lng=en&#038;nrm=iso\"\n\t\t\t\t\t\t\ttarget=\"_blank\">\n\n\t\t\t\t\t\t\t<!-- Image, If Present -->\n\t\t\t\t\t\t\t23 - \t\t\t\t\t\t\t\t\t\t\t\t\t\t\t<span class=\"list-img\">\n\t\t\t\t\t\t\t\t\t<img src=\"https:\/\/www.uninter.com\/biblioteca\/wp-content\/plugins\/simple-link-directory\/\/assets\/images\/list-image-placeholder.png\" alt=\"\">\n\t\t\t\t\t\t\t\t<\/span>\n\t\t\t\t\t\t\t\n\t\t\t\t\t\t\t<!-- Link Text -->\n\t\t\t\t\t\t\tFigueira, Ariane Roder. Rupturas e continuidades no padr\u00e3o organizacional e decis\u00f3rio do Minist\u00e9rio das Rela\u00e7\u00f5es Exteriores. Rev. bras. pol\u00edt. int., 2010, vol.53, no.2, p.05-22.\t\t\t\t\t\t\t\n\t\t\t\t\t\t\t\t\t\t\t\t\t\t<span style=\"font-size:12px;\"><br>\n\t                                \t\t\t\t\t\t\t<\/span>\t\n\t                        \n\t\t\t\t\t\t<\/a>\n\t\t\t\t\t\t\n\t\t\t\t\t\t\t<!-- upvote section -->\n\t\t\t\t\t\t\t<div class=\"upvote-section\">\n\t\t\t\t\t\t\t\t<span data-post-id=\"2001\" data-item-title=\"Figueira, Ariane Roder. Rupturas e continuidades no padr\u00e3o organizacional e decis\u00f3rio do Minist\u00e9rio das Rela\u00e7\u00f5es Exteriores. Rev. bras. pol\u00edt. int., 2010, vol.53, no.2, p.05-22.\" data-item-link=\"http:\/\/www.scielo.br\/scielo.php?script=sci_arttext&#038;pid=S0034-73292010000200001&#038;lng=en&#038;nrm=iso\" class=\"upvote-btn upvote-on\">\n\t\t\t\t\t\t\t\t\t<i class=\"fa fa-thumbs-up\"><\/i>\n\t\t\t\t\t\t\t\t<\/span>\n\t\t\t\t\t\t\t\t<span class=\"upvote-count\">\n\t\t\t\t\t\t\t\t\t\t\t\t\t\t\t\t\t<\/span>\n\t\t\t\t\t\t\t<\/div>\n\t\t\t\t\t\t\t<!-- \/upvote section -->\n\n\t\t\t\t\t\t\t\t\t\t\t\t\n\t\t\t\t\t<\/li>\n\t\t\t\t\t\n\t\t\t\t\t<li id=\"item-2001-24\">\n\t\t\t\t\t\t\t\t\t\t\t\t<!-- List Anchor -->\n\t\t\t\t\t\t<a   href=\"http:\/\/www.scielo.br\/scielo.php?script=sci_arttext&#038;pid=S0034-73292013000100003&#038;lng=en&#038;nrm=iso\"\n\t\t\t\t\t\t\ttarget=\"_blank\">\n\n\t\t\t\t\t\t\t<!-- Image, If Present -->\n\t\t\t\t\t\t\t24 - \t\t\t\t\t\t\t\t\t\t\t\t\t\t\t<span class=\"list-img\">\n\t\t\t\t\t\t\t\t\t<img src=\"https:\/\/www.uninter.com\/biblioteca\/wp-content\/plugins\/simple-link-directory\/\/assets\/images\/list-image-placeholder.png\" alt=\"\">\n\t\t\t\t\t\t\t\t<\/span>\n\t\t\t\t\t\t\t\n\t\t\t\t\t\t\t<!-- Link Text -->\n\t\t\t\t\t\t\tSalom\u00f3n, M\u00f3nica; Pinheiro, Let\u00edcia. An\u00e1lise de Pol\u00edtica Externa e Pol\u00edtica Externa Brasileira: trajet\u00f3ria, desafios e possibilidades de um campo de estudos. Rev. bras. pol\u00edt. int., 2013, vol.56, no.1, p.40-59.\t\t\t\t\t\t\t\n\t\t\t\t\t\t\t\t\t\t\t\t\t\t<span style=\"font-size:12px;\"><br>\n\t                                \t\t\t\t\t\t\t<\/span>\t\n\t                        \n\t\t\t\t\t\t<\/a>\n\t\t\t\t\t\t\n\t\t\t\t\t\t\t<!-- upvote section -->\n\t\t\t\t\t\t\t<div class=\"upvote-section\">\n\t\t\t\t\t\t\t\t<span data-post-id=\"2001\" data-item-title=\"Salom\u00f3n, M\u00f3nica; Pinheiro, Let\u00edcia. An\u00e1lise de Pol\u00edtica Externa e Pol\u00edtica Externa Brasileira: trajet\u00f3ria, desafios e possibilidades de um campo de estudos. Rev. bras. pol\u00edt. int., 2013, vol.56, no.1, p.40-59.\" data-item-link=\"http:\/\/www.scielo.br\/scielo.php?script=sci_arttext&#038;pid=S0034-73292013000100003&#038;lng=en&#038;nrm=iso\" class=\"upvote-btn upvote-on\">\n\t\t\t\t\t\t\t\t\t<i class=\"fa fa-thumbs-up\"><\/i>\n\t\t\t\t\t\t\t\t<\/span>\n\t\t\t\t\t\t\t\t<span class=\"upvote-count\">\n\t\t\t\t\t\t\t\t\t\t\t\t\t\t\t\t\t<\/span>\n\t\t\t\t\t\t\t<\/div>\n\t\t\t\t\t\t\t<!-- \/upvote section -->\n\n\t\t\t\t\t\t\t\t\t\t\t\t\n\t\t\t\t\t<\/li>\n\t\t\t\t\t\n\t\t\t\t\t<li id=\"item-2001-25\">\n\t\t\t\t\t\t\t\t\t\t\t\t<!-- List Anchor -->\n\t\t\t\t\t\t<a   href=\"http:\/\/www.scielo.br\/scielo.php?script=sci_arttext&#038;pid=S0034-73291998000200008&#038;lng=en&#038;nrm=iso\"\n\t\t\t\t\t\t\ttarget=\"_blank\">\n\n\t\t\t\t\t\t\t<!-- Image, If Present -->\n\t\t\t\t\t\t\t25 - \t\t\t\t\t\t\t\t\t\t\t\t\t\t\t<span class=\"list-img\">\n\t\t\t\t\t\t\t\t\t<img src=\"https:\/\/www.uninter.com\/biblioteca\/wp-content\/plugins\/simple-link-directory\/\/assets\/images\/list-image-placeholder.png\" alt=\"\">\n\t\t\t\t\t\t\t\t<\/span>\n\t\t\t\t\t\t\t\n\t\t\t\t\t\t\t<!-- Link Text -->\n\t\t\t\t\t\t\tSilva, Alexandra de Mello e. Id\u00e9ias e pol\u00edtica externa: a atua\u00e7\u00e3o brasileira na Liga das Na\u00e7\u00f5es e na ONU. Rev. bras. pol\u00edt. int., Dez 1998, vol.41, no.2, p.139-158.\t\t\t\t\t\t\t\n\t\t\t\t\t\t\t\t\t\t\t\t\t\t<span style=\"font-size:12px;\"><br>\n\t                                \t\t\t\t\t\t\t<\/span>\t\n\t                        \n\t\t\t\t\t\t<\/a>\n\t\t\t\t\t\t\n\t\t\t\t\t\t\t<!-- upvote section -->\n\t\t\t\t\t\t\t<div class=\"upvote-section\">\n\t\t\t\t\t\t\t\t<span data-post-id=\"2001\" data-item-title=\"Silva, Alexandra de Mello e. Id\u00e9ias e pol\u00edtica externa: a atua\u00e7\u00e3o brasileira na Liga das Na\u00e7\u00f5es e na ONU. Rev. bras. pol\u00edt. int., Dez 1998, vol.41, no.2, p.139-158.\" data-item-link=\"http:\/\/www.scielo.br\/scielo.php?script=sci_arttext&#038;pid=S0034-73291998000200008&#038;lng=en&#038;nrm=iso\" class=\"upvote-btn upvote-on\">\n\t\t\t\t\t\t\t\t\t<i class=\"fa fa-thumbs-up\"><\/i>\n\t\t\t\t\t\t\t\t<\/span>\n\t\t\t\t\t\t\t\t<span class=\"upvote-count\">\n\t\t\t\t\t\t\t\t\t\t\t\t\t\t\t\t\t<\/span>\n\t\t\t\t\t\t\t<\/div>\n\t\t\t\t\t\t\t<!-- \/upvote section -->\n\n\t\t\t\t\t\t\t\t\t\t\t\t\n\t\t\t\t\t<\/li>\n\t\t\t\t\t\n\t\t\t\t\t<li id=\"item-2001-26\">\n\t\t\t\t\t\t\t\t\t\t\t\t<!-- List Anchor -->\n\t\t\t\t\t\t<a   href=\"http:\/\/www.scielo.br\/scielo.php?script=sci_arttext&#038;pid=S0034-73292014000200133&#038;lng=en&#038;nrm=iso\"\n\t\t\t\t\t\t\ttarget=\"_blank\">\n\n\t\t\t\t\t\t\t<!-- Image, If Present -->\n\t\t\t\t\t\t\t26 - \t\t\t\t\t\t\t\t\t\t\t\t\t\t\t<span class=\"list-img\">\n\t\t\t\t\t\t\t\t\t<img src=\"https:\/\/www.uninter.com\/biblioteca\/wp-content\/plugins\/simple-link-directory\/\/assets\/images\/list-image-placeholder.png\" alt=\"\">\n\t\t\t\t\t\t\t\t<\/span>\n\t\t\t\t\t\t\t\n\t\t\t\t\t\t\t<!-- Link Text -->\n\t\t\t\t\t\t\tCervo, Amado Luiz and Lessa, Ant\u00f4nio Carlos. O decl\u00ednio: inser\u00e7\u00e3o internacional do Brasil (2011-2014). Rev. bras. pol\u00edt. int., Dez 2014, vol.57, no.2, p.133-151. ISSN 0034-7329\t\t\t\t\t\t\t\n\t\t\t\t\t\t\t\t\t\t\t\t\t\t<span style=\"font-size:12px;\"><br>\n\t                                \t\t\t\t\t\t\t<\/span>\t\n\t                        \n\t\t\t\t\t\t<\/a>\n\t\t\t\t\t\t\n\t\t\t\t\t\t\t<!-- upvote section -->\n\t\t\t\t\t\t\t<div class=\"upvote-section\">\n\t\t\t\t\t\t\t\t<span data-post-id=\"2001\" data-item-title=\"Cervo, Amado Luiz and Lessa, Ant\u00f4nio Carlos. O decl\u00ednio: inser\u00e7\u00e3o internacional do Brasil (2011-2014). Rev. bras. pol\u00edt. int., Dez 2014, vol.57, no.2, p.133-151. ISSN 0034-7329\" data-item-link=\"http:\/\/www.scielo.br\/scielo.php?script=sci_arttext&#038;pid=S0034-73292014000200133&#038;lng=en&#038;nrm=iso\" class=\"upvote-btn upvote-on\">\n\t\t\t\t\t\t\t\t\t<i class=\"fa fa-thumbs-up\"><\/i>\n\t\t\t\t\t\t\t\t<\/span>\n\t\t\t\t\t\t\t\t<span class=\"upvote-count\">\n\t\t\t\t\t\t\t\t\t\t\t\t\t\t\t\t\t<\/span>\n\t\t\t\t\t\t\t<\/div>\n\t\t\t\t\t\t\t<!-- \/upvote section -->\n\n\t\t\t\t\t\t\t\t\t\t\t\t\n\t\t\t\t\t<\/li>\n\t\t\t\t\t\n\t\t\t\t\t<li id=\"item-2001-27\">\n\t\t\t\t\t\t\t\t\t\t\t\t<!-- List Anchor -->\n\t\t\t\t\t\t<a   href=\"http:\/\/www.scielo.br\/scielo.php?script=sci_arttext&#038;pid=S0034-73292004000100007&#038;lng=en&#038;nrm=iso\"\n\t\t\t\t\t\t\ttarget=\"_blank\">\n\n\t\t\t\t\t\t\t<!-- Image, If Present -->\n\t\t\t\t\t\t\t27 - \t\t\t\t\t\t\t\t\t\t\t\t\t\t\t<span class=\"list-img\">\n\t\t\t\t\t\t\t\t\t<img src=\"https:\/\/www.uninter.com\/biblioteca\/wp-content\/plugins\/simple-link-directory\/\/assets\/images\/list-image-placeholder.png\" alt=\"\">\n\t\t\t\t\t\t\t\t<\/span>\n\t\t\t\t\t\t\t\n\t\t\t\t\t\t\t<!-- Link Text -->\n\t\t\t\t\t\t\tCouto, Est\u00eav\u00e3o Ferreira. Judicializa\u00e7\u00e3o da pol\u00edtica externa e direitos humanos. Rev. bras. pol\u00edt. int., Jun 2004, vol.47, no.1, p.140-161. ISSN 0034-7329.\t\t\t\t\t\t\t\n\t\t\t\t\t\t\t\t\t\t\t\t\t\t<span style=\"font-size:12px;\"><br>\n\t                                \t\t\t\t\t\t\t<\/span>\t\n\t                        \n\t\t\t\t\t\t<\/a>\n\t\t\t\t\t\t\n\t\t\t\t\t\t\t<!-- upvote section -->\n\t\t\t\t\t\t\t<div class=\"upvote-section\">\n\t\t\t\t\t\t\t\t<span data-post-id=\"2001\" data-item-title=\"Couto, Est\u00eav\u00e3o Ferreira. Judicializa\u00e7\u00e3o da pol\u00edtica externa e direitos humanos. Rev. bras. pol\u00edt. int., Jun 2004, vol.47, no.1, p.140-161. ISSN 0034-7329.\" data-item-link=\"http:\/\/www.scielo.br\/scielo.php?script=sci_arttext&#038;pid=S0034-73292004000100007&#038;lng=en&#038;nrm=iso\" class=\"upvote-btn upvote-on\">\n\t\t\t\t\t\t\t\t\t<i class=\"fa fa-thumbs-up\"><\/i>\n\t\t\t\t\t\t\t\t<\/span>\n\t\t\t\t\t\t\t\t<span class=\"upvote-count\">\n\t\t\t\t\t\t\t\t\t\t\t\t\t\t\t\t\t<\/span>\n\t\t\t\t\t\t\t<\/div>\n\t\t\t\t\t\t\t<!-- \/upvote section -->\n\n\t\t\t\t\t\t\t\t\t\t\t\t\n\t\t\t\t\t<\/li>\n\t\t\t\t\t\n\t\t\t\t\t<li id=\"item-2001-28\">\n\t\t\t\t\t\t\t\t\t\t\t\t<!-- List Anchor -->\n\t\t\t\t\t\t<a   href=\"http:\/\/www.scielo.br\/scielo.php?script=sci_arttext&#038;pid=S0034-73292008000200009&#038;lng=en&#038;nrm=iso\"\n\t\t\t\t\t\t\ttarget=\"_blank\">\n\n\t\t\t\t\t\t\t<!-- Image, If Present -->\n\t\t\t\t\t\t\t28 - \t\t\t\t\t\t\t\t\t\t\t\t\t\t\t<span class=\"list-img\">\n\t\t\t\t\t\t\t\t\t<img src=\"https:\/\/www.uninter.com\/biblioteca\/wp-content\/plugins\/simple-link-directory\/\/assets\/images\/list-image-placeholder.png\" alt=\"\">\n\t\t\t\t\t\t\t\t<\/span>\n\t\t\t\t\t\t\t\n\t\t\t\t\t\t\t<!-- Link Text -->\n\t\t\t\t\t\t\tPecequilo, Cristina Soreanu. A pol\u00edtica externa do Brasil no s\u00e9culo XXI: os eixos combinados de coopera\u00e7\u00e3o horizontal e vertical. Rev. bras. Pol\u00edt. int., Dez 2008, vol.51, no.2, p.136-156. ISSN 0034-7329.\t\t\t\t\t\t\t\n\t\t\t\t\t\t\t\t\t\t\t\t\t\t<span style=\"font-size:12px;\"><br>\n\t                                \t\t\t\t\t\t\t<\/span>\t\n\t                        \n\t\t\t\t\t\t<\/a>\n\t\t\t\t\t\t\n\t\t\t\t\t\t\t<!-- upvote section -->\n\t\t\t\t\t\t\t<div class=\"upvote-section\">\n\t\t\t\t\t\t\t\t<span data-post-id=\"2001\" data-item-title=\"Pecequilo, Cristina Soreanu. A pol\u00edtica externa do Brasil no s\u00e9culo XXI: os eixos combinados de coopera\u00e7\u00e3o horizontal e vertical. Rev. bras. Pol\u00edt. int., Dez 2008, vol.51, no.2, p.136-156. ISSN 0034-7329.\" data-item-link=\"http:\/\/www.scielo.br\/scielo.php?script=sci_arttext&#038;pid=S0034-73292008000200009&#038;lng=en&#038;nrm=iso\" class=\"upvote-btn upvote-on\">\n\t\t\t\t\t\t\t\t\t<i class=\"fa fa-thumbs-up\"><\/i>\n\t\t\t\t\t\t\t\t<\/span>\n\t\t\t\t\t\t\t\t<span class=\"upvote-count\">\n\t\t\t\t\t\t\t\t\t\t\t\t\t\t\t\t\t<\/span>\n\t\t\t\t\t\t\t<\/div>\n\t\t\t\t\t\t\t<!-- \/upvote section -->\n\n\t\t\t\t\t\t\t\t\t\t\t\t\n\t\t\t\t\t<\/li>\n\t\t\t\t\t\n\t\t\t\t\t<li id=\"item-2001-29\">\n\t\t\t\t\t\t\t\t\t\t\t\t<!-- List Anchor -->\n\t\t\t\t\t\t<a   href=\"http:\/\/www.scielo.br\/scielo.php?script=sci_abstract&#038;pid=S0034-73292014000300108&#038;lng=en&#038;nrm=iso&#038;tlng=pt\"\n\t\t\t\t\t\t\ttarget=\"_blank\">\n\n\t\t\t\t\t\t\t<!-- Image, If Present -->\n\t\t\t\t\t\t\t29 - \t\t\t\t\t\t\t\t\t\t\t\t\t\t\t<span class=\"list-img\">\n\t\t\t\t\t\t\t\t\t<img src=\"https:\/\/www.uninter.com\/biblioteca\/wp-content\/plugins\/simple-link-directory\/\/assets\/images\/list-image-placeholder.png\" alt=\"\">\n\t\t\t\t\t\t\t\t<\/span>\n\t\t\t\t\t\t\t\n\t\t\t\t\t\t\t<!-- Link Text -->\n\t\t\t\t\t\t\tGuilhon-Albuquerque, Jos\u00e9-Augusto. Brazil, China, US: a triangular relation?. Rev. bras. pol\u00edt. int., 2014, vol.57, no.spe, p.108-120. ISSN 0034-7329\t\t\t\t\t\t\t\n\t\t\t\t\t\t\t\t\t\t\t\t\t\t<span style=\"font-size:12px;\"><br>\n\t                                \t\t\t\t\t\t\t<\/span>\t\n\t                        \n\t\t\t\t\t\t<\/a>\n\t\t\t\t\t\t\n\t\t\t\t\t\t\t<!-- upvote section -->\n\t\t\t\t\t\t\t<div class=\"upvote-section\">\n\t\t\t\t\t\t\t\t<span data-post-id=\"2001\" data-item-title=\"Guilhon-Albuquerque, Jos\u00e9-Augusto. Brazil, China, US: a triangular relation?. Rev. bras. pol\u00edt. int., 2014, vol.57, no.spe, p.108-120. ISSN 0034-7329\" data-item-link=\"http:\/\/www.scielo.br\/scielo.php?script=sci_abstract&#038;pid=S0034-73292014000300108&#038;lng=en&#038;nrm=iso&#038;tlng=pt\" class=\"upvote-btn upvote-on\">\n\t\t\t\t\t\t\t\t\t<i class=\"fa fa-thumbs-up\"><\/i>\n\t\t\t\t\t\t\t\t<\/span>\n\t\t\t\t\t\t\t\t<span class=\"upvote-count\">\n\t\t\t\t\t\t\t\t\t\t\t\t\t\t\t\t\t<\/span>\n\t\t\t\t\t\t\t<\/div>\n\t\t\t\t\t\t\t<!-- \/upvote section -->\n\n\t\t\t\t\t\t\t\t\t\t\t\t\n\t\t\t\t\t<\/li>\n\t\t\t\t\t\n\t\t\t\t\t<li id=\"item-2001-30\">\n\t\t\t\t\t\t\t\t\t\t\t\t<!-- List Anchor -->\n\t\t\t\t\t\t<a   href=\"http:\/\/www.scielo.br\/scielo.php?script=sci_arttext&#038;pid=S0034-73292011000200004&#038;lng=en&#038;nrm=iso&#038;tlng=pt\"\n\t\t\t\t\t\t\ttarget=\"_blank\">\n\n\t\t\t\t\t\t\t<!-- Image, If Present -->\n\t\t\t\t\t\t\t30 - \t\t\t\t\t\t\t\t\t\t\t\t\t\t\t<span class=\"list-img\">\n\t\t\t\t\t\t\t\t\t<img src=\"https:\/\/www.uninter.com\/biblioteca\/wp-content\/plugins\/simple-link-directory\/\/assets\/images\/list-image-placeholder.png\" alt=\"\">\n\t\t\t\t\t\t\t\t<\/span>\n\t\t\t\t\t\t\t\n\t\t\t\t\t\t\t<!-- Link Text -->\n\t\t\t\t\t\t\tVilela, Elaine; Neiva, Pedro. Temas e regi\u00f5es nas pol\u00edticas externas de Lula e Fernando Henrique: compara\u00e7\u00e3o do discurso dos dois presidentes. Rev. bras. pol\u00edt. int., 2011, vol.54, no.2, p.70-96. ISSN 0034-7329\t\t\t\t\t\t\t\n\t\t\t\t\t\t\t\t\t\t\t\t\t\t<span style=\"font-size:12px;\"><br>\n\t                                \t\t\t\t\t\t\t<\/span>\t\n\t                        \n\t\t\t\t\t\t<\/a>\n\t\t\t\t\t\t\n\t\t\t\t\t\t\t<!-- upvote section -->\n\t\t\t\t\t\t\t<div class=\"upvote-section\">\n\t\t\t\t\t\t\t\t<span data-post-id=\"2001\" data-item-title=\"Vilela, Elaine; Neiva, Pedro. Temas e regi\u00f5es nas pol\u00edticas externas de Lula e Fernando Henrique: compara\u00e7\u00e3o do discurso dos dois presidentes. Rev. bras. pol\u00edt. int., 2011, vol.54, no.2, p.70-96. ISSN 0034-7329\" data-item-link=\"http:\/\/www.scielo.br\/scielo.php?script=sci_arttext&#038;pid=S0034-73292011000200004&#038;lng=en&#038;nrm=iso&#038;tlng=pt\" class=\"upvote-btn upvote-on\">\n\t\t\t\t\t\t\t\t\t<i class=\"fa fa-thumbs-up\"><\/i>\n\t\t\t\t\t\t\t\t<\/span>\n\t\t\t\t\t\t\t\t<span class=\"upvote-count\">\n\t\t\t\t\t\t\t\t\t\t\t\t\t\t\t\t\t<\/span>\n\t\t\t\t\t\t\t<\/div>\n\t\t\t\t\t\t\t<!-- \/upvote section -->\n\n\t\t\t\t\t\t\t\t\t\t\t\t\n\t\t\t\t\t<\/li>\n\t\t\t\t\t\t\t\t\t<\/ul>\n\n\t\t\t<\/div>\n\n\t\t<\/div>\n\t\t<!-- \/Individual List Item -->\n\n\t\t\n\t\t<\/p>\n","protected":false},"excerpt":{"rendered":"<p>CI\u00caNCIAS AGR\u00c1RIAS | COMUNICA\u00c7\u00c3O E MARKETING | DIGITAL | EDUCA\u00c7\u00c3O E ARTES | ENGENHARIA IND\u00daSTRIA E TECNOLOGIAS | GEST\u00c3O E NEG\u00d3CIOS | HUMANIDADES | JUR\u00cdDICA | MEIO AMBIENTE | POL\u00cdTICA | P\u00daBLICO E URBANO | RECURSOS HUMANOS | SA\u00daDE | SEGURAN\u00c7A Peri\u00f3dicos on-line: Clique no curso para expandir as revistas cient\u00edficas. Pol\u00edtica<\/p>\n","protected":false},"author":4,"featured_media":0,"parent":0,"menu_order":0,"comment_status":"closed","ping_status":"closed","template":"templates\/template-full.php","meta":[],"acf":[],"_links":{"self":[{"href":"https:\/\/www.uninter.com\/biblioteca\/wp-json\/wp\/v2\/pages\/3880"}],"collection":[{"href":"https:\/\/www.uninter.com\/biblioteca\/wp-json\/wp\/v2\/pages"}],"about":[{"href":"https:\/\/www.uninter.com\/biblioteca\/wp-json\/wp\/v2\/types\/page"}],"author":[{"embeddable":true,"href":"https:\/\/www.uninter.com\/biblioteca\/wp-json\/wp\/v2\/users\/4"}],"replies":[{"embeddable":true,"href":"https:\/\/www.uninter.com\/biblioteca\/wp-json\/wp\/v2\/comments?post=3880"}],"version-history":[{"count":7,"href":"https:\/\/www.uninter.com\/biblioteca\/wp-json\/wp\/v2\/pages\/3880\/revisions"}],"predecessor-version":[{"id":4733,"href":"https:\/\/www.uninter.com\/biblioteca\/wp-json\/wp\/v2\/pages\/3880\/revisions\/4733"}],"wp:attachment":[{"href":"https:\/\/www.uninter.com\/biblioteca\/wp-json\/wp\/v2\/media?parent=3880"}],"curies":[{"name":"wp","href":"https:\/\/api.w.org\/{rel}","templated":true}]}}