{"id":1897,"date":"2019-08-13T13:15:39","date_gmt":"2019-08-13T16:15:39","guid":{"rendered":"https:\/\/www.uninter.com\/biblioteca\/?page_id=1897"},"modified":"2021-09-27T08:02:19","modified_gmt":"2021-09-27T11:02:19","slug":"escola-de-gestao-publica-politica-juridica-e-seguranca","status":"publish","type":"page","link":"https:\/\/www.uninter.com\/biblioteca\/escola-de-gestao-publica-politica-juridica-e-seguranca\/","title":{"rendered":"Escola de Gest\u00e3o P\u00fablica, Pol\u00edtica, Jur\u00eddica e Seguran\u00e7a"},"content":{"rendered":"<h2>Peri\u00f3dicos on-line: Clique no curso para expandir as revistas cient\u00edficas.<\/h2>\n<div style=\"background: #003168; border-radius: 10px; font-family: Arial; color: #ffffff; font-size: 30px; padding: 10px 20px 10px 20px; text-decoration: none; width: 100%; font-weight: bold;\">ESCOLA DE GEST\u00c3O P\u00daBLICA, POL\u00cdTICA, JUR\u00cdDICA E SEGURAN\u00c7A<\/div>\n<p>\r\n<!--  Starting Simple Link Directory Plugin Output -->\n<div class=\"qcopd_embed_container\">\r\n\r\n\r\n\r\n\r\n\r\n\r\n\r\n<\/div>\r\n<div class=\"qcopd-list-wrapper\">\n\t<div id=\"opd-list-holder\" class=\"qcopd-list-holder\">\n\t\t\n\t\t<!-- Individual List Item -->\n\t\t<div id=\"list-item-1-1281\" class=\"qc-grid-item qcopd-list-column opd-column-1 simple opd-list-id-1281\">\n\t\t\t<div class=\"qcopd-single-list\">\n\t\t\t\t\t<h2 onclick=\"if(document.getElementById('1281').style.display=='block'){document.getElementById('1281').style.display='none';}else{document.getElementById('1281').style.display='block';};\">\n\t\t\t\t\tCi\u00eancia Pol\u00edtica\t\t\t\t<\/h2>\n\t\t\t\t<ul  style=display:none; id=1281 >\n\t\t\t\t\t\n\t\t\t\t\t<li id=\"item-1281-1\">\n\t\t\t\t\t\t\t\t\t\t\t\t<!-- List Anchor -->\n\t\t\t\t\t\t<a   href=\"http:\/\/www.scielo.br\/scielo.php?script=sci_serial&#038;pid=0103-4014&#038;lng=pt&#038;nrm=iso\"\n\t\t\t\t\t\t\ttarget=\"_blank\">\n\n\t\t\t\t\t\t\t<!-- Image, If Present -->\n\t\t\t\t\t\t\t1 - \t\t\t\t\t\t\t\t\t\t\t\t\t\t\n\t\t\t\t\t\t\t\n\t\t\t\t\t\t\t\t<span class=\"list-img\">\n\t\t\t\t\t\t\t\t\t\t\t\t\t\t\t\t\t\t<img src=\"https:\/\/www.uninter.com\/biblioteca\/wp-content\/uploads\/2019\/08\/avancados-150x150.jpg\" alt=\"\">\n\t\t\t\t\t\t\t\t<\/span>\n\t\t\t\t\t\t\t\n\t\t\t\t\t\t\t<!-- Link Text -->\n\t\t\t\t\t\t\tRevista Estudos Avan\u00e7ados\t\t\t\t\t\t\t\n\t\t\t\t\t\t\t\t\t\t\t\t\t\t<span style=\"font-size:12px;\"><br>\n\t                                \t\t\t\t\t\t\t<\/span>\t\n\t                        \n\t\t\t\t\t\t<\/a>\n\t\t\t\t\t\t\n\t\t\t\t\t\t\t<!-- upvote section -->\n\t\t\t\t\t\t\t<div class=\"upvote-section\">\n\t\t\t\t\t\t\t\t<span data-post-id=\"1281\" data-item-title=\"Revista Estudos Avan\u00e7ados\" data-item-link=\"http:\/\/www.scielo.br\/scielo.php?script=sci_serial&#038;pid=0103-4014&#038;lng=pt&#038;nrm=iso\" class=\"upvote-btn upvote-on\">\n\t\t\t\t\t\t\t\t\t<i class=\"fa fa-thumbs-up\"><\/i>\n\t\t\t\t\t\t\t\t<\/span>\n\t\t\t\t\t\t\t\t<span class=\"upvote-count\">\n\t\t\t\t\t\t\t\t\t1519\t\t\t\t\t\t\t\t<\/span>\n\t\t\t\t\t\t\t<\/div>\n\t\t\t\t\t\t\t<!-- \/upvote section -->\n\n\t\t\t\t\t\t\t\t\t\t\t\t\n\t\t\t\t\t<\/li>\n\t\t\t\t\t\n\t\t\t\t\t<li id=\"item-1281-2\">\n\t\t\t\t\t\t\t\t\t\t\t\t<!-- List Anchor -->\n\t\t\t\t\t\t<a   href=\"http:\/\/www.scielo.br\/scielo.php?script=sci_serial&#038;pid=0102-6445&#038;lng=pt&#038;nrm=iso\"\n\t\t\t\t\t\t\ttarget=\"_blank\">\n\n\t\t\t\t\t\t\t<!-- Image, If Present -->\n\t\t\t\t\t\t\t2 - \t\t\t\t\t\t\t\t\t\t\t\t\t\t\n\t\t\t\t\t\t\t\n\t\t\t\t\t\t\t\t<span class=\"list-img\">\n\t\t\t\t\t\t\t\t\t\t\t\t\t\t\t\t\t\t<img src=\"https:\/\/www.uninter.com\/biblioteca\/wp-content\/uploads\/2019\/08\/luaNova-150x150.jpg\" alt=\"\">\n\t\t\t\t\t\t\t\t<\/span>\n\t\t\t\t\t\t\t\n\t\t\t\t\t\t\t<!-- Link Text -->\n\t\t\t\t\t\t\tRevista de Cultura e Pol\u00edtica \u2013 Lua Nova\t\t\t\t\t\t\t\n\t\t\t\t\t\t\t\t\t\t\t\t\t\t<span style=\"font-size:12px;\"><br>\n\t                                \t\t\t\t\t\t\t<\/span>\t\n\t                        \n\t\t\t\t\t\t<\/a>\n\t\t\t\t\t\t\n\t\t\t\t\t\t\t<!-- upvote section -->\n\t\t\t\t\t\t\t<div class=\"upvote-section\">\n\t\t\t\t\t\t\t\t<span data-post-id=\"1281\" data-item-title=\"Revista de Cultura e Pol\u00edtica \u2013 Lua Nova\" data-item-link=\"http:\/\/www.scielo.br\/scielo.php?script=sci_serial&#038;pid=0102-6445&#038;lng=pt&#038;nrm=iso\" class=\"upvote-btn upvote-on\">\n\t\t\t\t\t\t\t\t\t<i class=\"fa fa-thumbs-up\"><\/i>\n\t\t\t\t\t\t\t\t<\/span>\n\t\t\t\t\t\t\t\t<span class=\"upvote-count\">\n\t\t\t\t\t\t\t\t\t1493\t\t\t\t\t\t\t\t<\/span>\n\t\t\t\t\t\t\t<\/div>\n\t\t\t\t\t\t\t<!-- \/upvote section -->\n\n\t\t\t\t\t\t\t\t\t\t\t\t\n\t\t\t\t\t<\/li>\n\t\t\t\t\t\n\t\t\t\t\t<li id=\"item-1281-3\">\n\t\t\t\t\t\t\t\t\t\t\t\t<!-- List Anchor -->\n\t\t\t\t\t\t<a   href=\"https:\/\/revistas.pucsp.br\/\/ls\"\n\t\t\t\t\t\t\ttarget=\"_blank\">\n\n\t\t\t\t\t\t\t<!-- Image, If Present -->\n\t\t\t\t\t\t\t3 - \t\t\t\t\t\t\t\t\t\t\t\t\t\t\n\t\t\t\t\t\t\t\n\t\t\t\t\t\t\t\t<span class=\"list-img\">\n\t\t\t\t\t\t\t\t\t\t\t\t\t\t\t\t\t\t<img src=\"https:\/\/www.uninter.com\/biblioteca\/wp-content\/uploads\/2019\/08\/lutasSociais-150x150.jpg\" alt=\"\">\n\t\t\t\t\t\t\t\t<\/span>\n\t\t\t\t\t\t\t\n\t\t\t\t\t\t\t<!-- Link Text -->\n\t\t\t\t\t\t\tRevista Lutas Sociais\t\t\t\t\t\t\t\n\t\t\t\t\t\t\t\t\t\t\t\t\t\t<span style=\"font-size:12px;\"><br>\n\t                                \t\t\t\t\t\t\t<\/span>\t\n\t                        \n\t\t\t\t\t\t<\/a>\n\t\t\t\t\t\t\n\t\t\t\t\t\t\t<!-- upvote section -->\n\t\t\t\t\t\t\t<div class=\"upvote-section\">\n\t\t\t\t\t\t\t\t<span data-post-id=\"1281\" data-item-title=\"Revista Lutas Sociais\" data-item-link=\"https:\/\/revistas.pucsp.br\/\/ls\" class=\"upvote-btn upvote-on\">\n\t\t\t\t\t\t\t\t\t<i class=\"fa fa-thumbs-up\"><\/i>\n\t\t\t\t\t\t\t\t<\/span>\n\t\t\t\t\t\t\t\t<span class=\"upvote-count\">\n\t\t\t\t\t\t\t\t\t2441\t\t\t\t\t\t\t\t<\/span>\n\t\t\t\t\t\t\t<\/div>\n\t\t\t\t\t\t\t<!-- \/upvote section -->\n\n\t\t\t\t\t\t\t\t\t\t\t\t\n\t\t\t\t\t<\/li>\n\t\t\t\t\t\n\t\t\t\t\t<li id=\"item-1281-4\">\n\t\t\t\t\t\t\t\t\t\t\t\t<!-- List Anchor -->\n\t\t\t\t\t\t<a   href=\"http:\/\/periodicos.unb.br\/index.php\/MED\/index\"\n\t\t\t\t\t\t\ttarget=\"_blank\">\n\n\t\t\t\t\t\t\t<!-- Image, If Present -->\n\t\t\t\t\t\t\t4 - \t\t\t\t\t\t\t\t\t\t\t\t\t\t\n\t\t\t\t\t\t\t\n\t\t\t\t\t\t\t\t<span class=\"list-img\">\n\t\t\t\t\t\t\t\t\t\t\t\t\t\t\t\t\t\t<img src=\"https:\/\/www.uninter.com\/biblioteca\/wp-content\/uploads\/2019\/08\/meridiano47-150x150.jpg\" alt=\"\">\n\t\t\t\t\t\t\t\t<\/span>\n\t\t\t\t\t\t\t\n\t\t\t\t\t\t\t<!-- Link Text -->\n\t\t\t\t\t\t\tJornal Meridiano 47\t\t\t\t\t\t\t\n\t\t\t\t\t\t\t\t\t\t\t\t\t\t<span style=\"font-size:12px;\"><br>\n\t                                \t\t\t\t\t\t\t<\/span>\t\n\t                        \n\t\t\t\t\t\t<\/a>\n\t\t\t\t\t\t\n\t\t\t\t\t\t\t<!-- upvote section -->\n\t\t\t\t\t\t\t<div class=\"upvote-section\">\n\t\t\t\t\t\t\t\t<span data-post-id=\"1281\" data-item-title=\"Jornal Meridiano 47\" data-item-link=\"http:\/\/periodicos.unb.br\/index.php\/MED\/index\" class=\"upvote-btn upvote-on\">\n\t\t\t\t\t\t\t\t\t<i class=\"fa fa-thumbs-up\"><\/i>\n\t\t\t\t\t\t\t\t<\/span>\n\t\t\t\t\t\t\t\t<span class=\"upvote-count\">\n\t\t\t\t\t\t\t\t\t551\t\t\t\t\t\t\t\t<\/span>\n\t\t\t\t\t\t\t<\/div>\n\t\t\t\t\t\t\t<!-- \/upvote section -->\n\n\t\t\t\t\t\t\t\t\t\t\t\t\n\t\t\t\t\t<\/li>\n\t\t\t\t\t\n\t\t\t\t\t<li id=\"item-1281-5\">\n\t\t\t\t\t\t\t\t\t\t\t\t<!-- List Anchor -->\n\t\t\t\t\t\t<a   href=\"http:\/\/www.scielo.br\/scielo.php?script=sci_serial&#038;pid=0101-3300&#038;lng=pt&#038;nrm=iso\"\n\t\t\t\t\t\t\ttarget=\"_blank\">\n\n\t\t\t\t\t\t\t<!-- Image, If Present -->\n\t\t\t\t\t\t\t5 - \t\t\t\t\t\t\t\t\t\t\t\t\t\t\n\t\t\t\t\t\t\t\n\t\t\t\t\t\t\t\t<span class=\"list-img\">\n\t\t\t\t\t\t\t\t\t\t\t\t\t\t\t\t\t\t<img src=\"https:\/\/www.uninter.com\/biblioteca\/wp-content\/uploads\/2019\/08\/novosEstudos-150x150.jpg\" alt=\"\">\n\t\t\t\t\t\t\t\t<\/span>\n\t\t\t\t\t\t\t\n\t\t\t\t\t\t\t<!-- Link Text -->\n\t\t\t\t\t\t\tRevista Novos Estudos\t\t\t\t\t\t\t\n\t\t\t\t\t\t\t\t\t\t\t\t\t\t<span style=\"font-size:12px;\"><br>\n\t                                \t\t\t\t\t\t\t<\/span>\t\n\t                        \n\t\t\t\t\t\t<\/a>\n\t\t\t\t\t\t\n\t\t\t\t\t\t\t<!-- upvote section -->\n\t\t\t\t\t\t\t<div class=\"upvote-section\">\n\t\t\t\t\t\t\t\t<span data-post-id=\"1281\" data-item-title=\"Revista Novos Estudos\" data-item-link=\"http:\/\/www.scielo.br\/scielo.php?script=sci_serial&#038;pid=0101-3300&#038;lng=pt&#038;nrm=iso\" class=\"upvote-btn upvote-on\">\n\t\t\t\t\t\t\t\t\t<i class=\"fa fa-thumbs-up\"><\/i>\n\t\t\t\t\t\t\t\t<\/span>\n\t\t\t\t\t\t\t\t<span class=\"upvote-count\">\n\t\t\t\t\t\t\t\t\t550\t\t\t\t\t\t\t\t<\/span>\n\t\t\t\t\t\t\t<\/div>\n\t\t\t\t\t\t\t<!-- \/upvote section -->\n\n\t\t\t\t\t\t\t\t\t\t\t\t\n\t\t\t\t\t<\/li>\n\t\t\t\t\t\n\t\t\t\t\t<li id=\"item-1281-6\">\n\t\t\t\t\t\t\t\t\t\t\t\t<!-- List Anchor -->\n\t\t\t\t\t\t<a   href=\"http:\/\/www.scielo.br\/scielo.php?script=sci_serial&#038;pid=0104-6276&#038;lng=pt&#038;nrm=iso\"\n\t\t\t\t\t\t\ttarget=\"_blank\">\n\n\t\t\t\t\t\t\t<!-- Image, If Present -->\n\t\t\t\t\t\t\t6 - \t\t\t\t\t\t\t\t\t\t\t\t\t\t\n\t\t\t\t\t\t\t\n\t\t\t\t\t\t\t\t<span class=\"list-img\">\n\t\t\t\t\t\t\t\t\t\t\t\t\t\t\t\t\t\t<img src=\"https:\/\/www.uninter.com\/biblioteca\/wp-content\/uploads\/2019\/08\/opiniao-150x150.jpg\" alt=\"\">\n\t\t\t\t\t\t\t\t<\/span>\n\t\t\t\t\t\t\t\n\t\t\t\t\t\t\t<!-- Link Text -->\n\t\t\t\t\t\t\tRevista Opini\u00e3o Publica\t\t\t\t\t\t\t\n\t\t\t\t\t\t\t\t\t\t\t\t\t\t<span style=\"font-size:12px;\"><br>\n\t                                \t\t\t\t\t\t\t<\/span>\t\n\t                        \n\t\t\t\t\t\t<\/a>\n\t\t\t\t\t\t\n\t\t\t\t\t\t\t<!-- upvote section -->\n\t\t\t\t\t\t\t<div class=\"upvote-section\">\n\t\t\t\t\t\t\t\t<span data-post-id=\"1281\" data-item-title=\"Revista Opini\u00e3o Publica\" data-item-link=\"http:\/\/www.scielo.br\/scielo.php?script=sci_serial&#038;pid=0104-6276&#038;lng=pt&#038;nrm=iso\" class=\"upvote-btn upvote-on\">\n\t\t\t\t\t\t\t\t\t<i class=\"fa fa-thumbs-up\"><\/i>\n\t\t\t\t\t\t\t\t<\/span>\n\t\t\t\t\t\t\t\t<span class=\"upvote-count\">\n\t\t\t\t\t\t\t\t\t551\t\t\t\t\t\t\t\t<\/span>\n\t\t\t\t\t\t\t<\/div>\n\t\t\t\t\t\t\t<!-- \/upvote section -->\n\n\t\t\t\t\t\t\t\t\t\t\t\t\n\t\t\t\t\t<\/li>\n\t\t\t\t\t\n\t\t\t\t\t<li id=\"item-1281-7\">\n\t\t\t\t\t\t\t\t\t\t\t\t<!-- List Anchor -->\n\t\t\t\t\t\t<a   href=\"https:\/\/periodicos.ufpel.edu.br\/ojs2\/index.php\/pensamentoplural\/index\"\n\t\t\t\t\t\t\ttarget=\"_blank\">\n\n\t\t\t\t\t\t\t<!-- Image, If Present -->\n\t\t\t\t\t\t\t7 - \t\t\t\t\t\t\t\t\t\t\t\t\t\t\n\t\t\t\t\t\t\t\n\t\t\t\t\t\t\t\t<span class=\"list-img\">\n\t\t\t\t\t\t\t\t\t\t\t\t\t\t\t\t\t\t<img src=\"https:\/\/www.uninter.com\/biblioteca\/wp-content\/uploads\/2019\/08\/plural-2-150x150.jpg\" alt=\"\">\n\t\t\t\t\t\t\t\t<\/span>\n\t\t\t\t\t\t\t\n\t\t\t\t\t\t\t<!-- Link Text -->\n\t\t\t\t\t\t\tRevista Pensamento Plural\t\t\t\t\t\t\t\n\t\t\t\t\t\t\t\t\t\t\t\t\t\t<span style=\"font-size:12px;\"><br>\n\t                                \t\t\t\t\t\t\t<\/span>\t\n\t                        \n\t\t\t\t\t\t<\/a>\n\t\t\t\t\t\t\n\t\t\t\t\t\t\t<!-- upvote section -->\n\t\t\t\t\t\t\t<div class=\"upvote-section\">\n\t\t\t\t\t\t\t\t<span data-post-id=\"1281\" data-item-title=\"Revista Pensamento Plural\" data-item-link=\"https:\/\/periodicos.ufpel.edu.br\/ojs2\/index.php\/pensamentoplural\/index\" class=\"upvote-btn upvote-on\">\n\t\t\t\t\t\t\t\t\t<i class=\"fa fa-thumbs-up\"><\/i>\n\t\t\t\t\t\t\t\t<\/span>\n\t\t\t\t\t\t\t\t<span class=\"upvote-count\">\n\t\t\t\t\t\t\t\t\t3\t\t\t\t\t\t\t\t<\/span>\n\t\t\t\t\t\t\t<\/div>\n\t\t\t\t\t\t\t<!-- \/upvote section -->\n\n\t\t\t\t\t\t\t\t\t\t\t\t\n\t\t\t\t\t<\/li>\n\t\t\t\t\t\n\t\t\t\t\t<li id=\"item-1281-8\">\n\t\t\t\t\t\t\t\t\t\t\t\t<!-- List Anchor -->\n\t\t\t\t\t\t<a   href=\"http:\/\/www.scielo.br\/scielo.php?script=sci_serial&#038;pid=0102-6909&#038;lng=pt&#038;nrm=iso\"\n\t\t\t\t\t\t\ttarget=\"_blank\">\n\n\t\t\t\t\t\t\t<!-- Image, If Present -->\n\t\t\t\t\t\t\t8 - \t\t\t\t\t\t\t\t\t\t\t\t\t\t\n\t\t\t\t\t\t\t\n\t\t\t\t\t\t\t\t<span class=\"list-img\">\n\t\t\t\t\t\t\t\t\t\t\t\t\t\t\t\t\t\t<img src=\"https:\/\/www.uninter.com\/biblioteca\/wp-content\/uploads\/2019\/08\/sociais-150x150.jpg\" alt=\"\">\n\t\t\t\t\t\t\t\t<\/span>\n\t\t\t\t\t\t\t\n\t\t\t\t\t\t\t<!-- Link Text -->\n\t\t\t\t\t\t\tRevista Brasileira de Ci\u00eancias Sociais\t\t\t\t\t\t\t\n\t\t\t\t\t\t\t\t\t\t\t\t\t\t<span style=\"font-size:12px;\"><br>\n\t                                \t\t\t\t\t\t\t<\/span>\t\n\t                        \n\t\t\t\t\t\t<\/a>\n\t\t\t\t\t\t\n\t\t\t\t\t\t\t<!-- upvote section -->\n\t\t\t\t\t\t\t<div class=\"upvote-section\">\n\t\t\t\t\t\t\t\t<span data-post-id=\"1281\" data-item-title=\"Revista Brasileira de Ci\u00eancias Sociais\" data-item-link=\"http:\/\/www.scielo.br\/scielo.php?script=sci_serial&#038;pid=0102-6909&#038;lng=pt&#038;nrm=iso\" class=\"upvote-btn upvote-on\">\n\t\t\t\t\t\t\t\t\t<i class=\"fa fa-thumbs-up\"><\/i>\n\t\t\t\t\t\t\t\t<\/span>\n\t\t\t\t\t\t\t\t<span class=\"upvote-count\">\n\t\t\t\t\t\t\t\t\t3\t\t\t\t\t\t\t\t<\/span>\n\t\t\t\t\t\t\t<\/div>\n\t\t\t\t\t\t\t<!-- \/upvote section -->\n\n\t\t\t\t\t\t\t\t\t\t\t\t\n\t\t\t\t\t<\/li>\n\t\t\t\t\t\n\t\t\t\t\t<li id=\"item-1281-9\">\n\t\t\t\t\t\t\t\t\t\t\t\t<!-- List Anchor -->\n\t\t\t\t\t\t<a   href=\"https:\/\/revistas.ufpr.br\/pe\"\n\t\t\t\t\t\t\ttarget=\"_blank\">\n\n\t\t\t\t\t\t\t<!-- Image, If Present -->\n\t\t\t\t\t\t\t9 - \t\t\t\t\t\t\t\t\t\t\t\t\t\t\n\t\t\t\t\t\t\t\n\t\t\t\t\t\t\t\t<span class=\"list-img\">\n\t\t\t\t\t\t\t\t\t\t\t\t\t\t\t\t\t\t<img src=\"https:\/\/www.uninter.com\/biblioteca\/wp-content\/uploads\/2019\/08\/parana-1-150x150.jpg\" alt=\"\">\n\t\t\t\t\t\t\t\t<\/span>\n\t\t\t\t\t\t\t\n\t\t\t\t\t\t\t<!-- Link Text -->\n\t\t\t\t\t\t\tRevista Brasileira de Direito Eleitoral e Ci\u00eancia Pol\u00edtica \u2013 Paran\u00e1 Eleitoral\t\t\t\t\t\t\t\n\t\t\t\t\t\t\t\t\t\t\t\t\t\t<span style=\"font-size:12px;\"><br>\n\t                                \t\t\t\t\t\t\t<\/span>\t\n\t                        \n\t\t\t\t\t\t<\/a>\n\t\t\t\t\t\t\n\t\t\t\t\t\t\t<!-- upvote section -->\n\t\t\t\t\t\t\t<div class=\"upvote-section\">\n\t\t\t\t\t\t\t\t<span data-post-id=\"1281\" data-item-title=\"Revista Brasileira de Direito Eleitoral e Ci\u00eancia Pol\u00edtica \u2013 Paran\u00e1 Eleitoral\" data-item-link=\"https:\/\/revistas.ufpr.br\/pe\" class=\"upvote-btn upvote-on\">\n\t\t\t\t\t\t\t\t\t<i class=\"fa fa-thumbs-up\"><\/i>\n\t\t\t\t\t\t\t\t<\/span>\n\t\t\t\t\t\t\t\t<span class=\"upvote-count\">\n\t\t\t\t\t\t\t\t\t3\t\t\t\t\t\t\t\t<\/span>\n\t\t\t\t\t\t\t<\/div>\n\t\t\t\t\t\t\t<!-- \/upvote section -->\n\n\t\t\t\t\t\t\t\t\t\t\t\t\n\t\t\t\t\t<\/li>\n\t\t\t\t\t\n\t\t\t\t\t<li id=\"item-1281-10\">\n\t\t\t\t\t\t\t\t\t\t\t\t<!-- List Anchor -->\n\t\t\t\t\t\t<a   href=\"\"\n\t\t\t\t\t\t\ttarget=\"_blank\">\n\n\t\t\t\t\t\t\t<!-- Image, If Present -->\n\t\t\t\t\t\t\t10 - \t\t\t\t\t\t\t\t\t\t\t\t\t\t\n\t\t\t\t\t\t\t\n\t\t\t\t\t\t\t\t<span class=\"list-img\">\n\t\t\t\t\t\t\t\t\t\t\t\t\t\t\t\t\t\t<img src=\"https:\/\/www.uninter.com\/biblioteca\/wp-content\/uploads\/2019\/08\/rbpi-150x150.jpg\" alt=\"\">\n\t\t\t\t\t\t\t\t<\/span>\n\t\t\t\t\t\t\t\n\t\t\t\t\t\t\t<!-- Link Text -->\n\t\t\t\t\t\t\tRevista Brasileira de Pol\u00edtica Internacional\t\t\t\t\t\t\t\n\t\t\t\t\t\t\t\t\t\t\t\t\t\t<span style=\"font-size:12px;\"><br>\n\t                                \t\t\t\t\t\t\t<\/span>\t\n\t                        \n\t\t\t\t\t\t<\/a>\n\t\t\t\t\t\t\n\t\t\t\t\t\t\t<!-- upvote section -->\n\t\t\t\t\t\t\t<div class=\"upvote-section\">\n\t\t\t\t\t\t\t\t<span data-post-id=\"1281\" data-item-title=\"Revista Brasileira de Pol\u00edtica Internacional\" data-item-link=\"\" class=\"upvote-btn upvote-on\">\n\t\t\t\t\t\t\t\t\t<i class=\"fa fa-thumbs-up\"><\/i>\n\t\t\t\t\t\t\t\t<\/span>\n\t\t\t\t\t\t\t\t<span class=\"upvote-count\">\n\t\t\t\t\t\t\t\t\t3\t\t\t\t\t\t\t\t<\/span>\n\t\t\t\t\t\t\t<\/div>\n\t\t\t\t\t\t\t<!-- \/upvote section -->\n\n\t\t\t\t\t\t\t\t\t\t\t\t\n\t\t\t\t\t<\/li>\n\t\t\t\t\t\n\t\t\t\t\t<li id=\"item-1281-11\">\n\t\t\t\t\t\t\t\t\t\t\t\t<!-- List Anchor -->\n\t\t\t\t\t\t<a   href=\"https:\/\/revistas.ufpr.br\/conjgloblal\"\n\t\t\t\t\t\t\ttarget=\"_blank\">\n\n\t\t\t\t\t\t\t<!-- Image, If Present -->\n\t\t\t\t\t\t\t11 - \t\t\t\t\t\t\t\t\t\t\t\t\t\t\n\t\t\t\t\t\t\t\n\t\t\t\t\t\t\t\t<span class=\"list-img\">\n\t\t\t\t\t\t\t\t\t\t\t\t\t\t\t\t\t\t<img src=\"https:\/\/www.uninter.com\/biblioteca\/wp-content\/uploads\/2019\/08\/conjuntura-150x150.jpg\" alt=\"\">\n\t\t\t\t\t\t\t\t<\/span>\n\t\t\t\t\t\t\t\n\t\t\t\t\t\t\t<!-- Link Text -->\n\t\t\t\t\t\t\tRevista Conjuntura Global\t\t\t\t\t\t\t\n\t\t\t\t\t\t\t\t\t\t\t\t\t\t<span style=\"font-size:12px;\"><br>\n\t                                \t\t\t\t\t\t\t<\/span>\t\n\t                        \n\t\t\t\t\t\t<\/a>\n\t\t\t\t\t\t\n\t\t\t\t\t\t\t<!-- upvote section -->\n\t\t\t\t\t\t\t<div class=\"upvote-section\">\n\t\t\t\t\t\t\t\t<span data-post-id=\"1281\" data-item-title=\"Revista Conjuntura Global\" data-item-link=\"https:\/\/revistas.ufpr.br\/conjgloblal\" class=\"upvote-btn upvote-on\">\n\t\t\t\t\t\t\t\t\t<i class=\"fa fa-thumbs-up\"><\/i>\n\t\t\t\t\t\t\t\t<\/span>\n\t\t\t\t\t\t\t\t<span class=\"upvote-count\">\n\t\t\t\t\t\t\t\t\t3\t\t\t\t\t\t\t\t<\/span>\n\t\t\t\t\t\t\t<\/div>\n\t\t\t\t\t\t\t<!-- \/upvote section -->\n\n\t\t\t\t\t\t\t\t\t\t\t\t\n\t\t\t\t\t<\/li>\n\t\t\t\t\t\n\t\t\t\t\t<li id=\"item-1281-12\">\n\t\t\t\t\t\t\t\t\t\t\t\t<!-- List Anchor -->\n\t\t\t\t\t\t<a   href=\"https:\/\/scielo.conicyt.cl\/scielo.php?script=sci_serial&#038;pid=0718-090X&#038;lng=es&#038;nrm=iso\"\n\t\t\t\t\t\t\ttarget=\"_blank\">\n\n\t\t\t\t\t\t\t<!-- Image, If Present -->\n\t\t\t\t\t\t\t12 - \t\t\t\t\t\t\t\t\t\t\t\t\t\t\n\t\t\t\t\t\t\t\n\t\t\t\t\t\t\t\t<span class=\"list-img\">\n\t\t\t\t\t\t\t\t\t\t\t\t\t\t\t\t\t\t<img src=\"https:\/\/www.uninter.com\/biblioteca\/wp-content\/uploads\/2019\/08\/rcp-150x150.jpg\" alt=\"\">\n\t\t\t\t\t\t\t\t<\/span>\n\t\t\t\t\t\t\t\n\t\t\t\t\t\t\t<!-- Link Text -->\n\t\t\t\t\t\t\tRevista de Ci\u00eancia Pol\u00edtica\t\t\t\t\t\t\t\n\t\t\t\t\t\t\t\t\t\t\t\t\t\t<span style=\"font-size:12px;\"><br>\n\t                                \t\t\t\t\t\t\t<\/span>\t\n\t                        \n\t\t\t\t\t\t<\/a>\n\t\t\t\t\t\t\n\t\t\t\t\t\t\t<!-- upvote section -->\n\t\t\t\t\t\t\t<div class=\"upvote-section\">\n\t\t\t\t\t\t\t\t<span data-post-id=\"1281\" data-item-title=\"Revista de Ci\u00eancia Pol\u00edtica\" data-item-link=\"https:\/\/scielo.conicyt.cl\/scielo.php?script=sci_serial&#038;pid=0718-090X&#038;lng=es&#038;nrm=iso\" class=\"upvote-btn upvote-on\">\n\t\t\t\t\t\t\t\t\t<i class=\"fa fa-thumbs-up\"><\/i>\n\t\t\t\t\t\t\t\t<\/span>\n\t\t\t\t\t\t\t\t<span class=\"upvote-count\">\n\t\t\t\t\t\t\t\t\t3\t\t\t\t\t\t\t\t<\/span>\n\t\t\t\t\t\t\t<\/div>\n\t\t\t\t\t\t\t<!-- \/upvote section -->\n\n\t\t\t\t\t\t\t\t\t\t\t\t\n\t\t\t\t\t<\/li>\n\t\t\t\t\t\n\t\t\t\t\t<li id=\"item-1281-13\">\n\t\t\t\t\t\t\t\t\t\t\t\t<!-- List Anchor -->\n\t\t\t\t\t\t<a   href=\"https:\/\/seer.ufrgs.br\/index.php\/debates\/index\"\n\t\t\t\t\t\t\ttarget=\"_blank\">\n\n\t\t\t\t\t\t\t<!-- Image, If Present -->\n\t\t\t\t\t\t\t13 - \t\t\t\t\t\t\t\t\t\t\t\t\t\t\n\t\t\t\t\t\t\t\n\t\t\t\t\t\t\t\t<span class=\"list-img\">\n\t\t\t\t\t\t\t\t\t\t\t\t\t\t\t\t\t\t<img src=\"https:\/\/www.uninter.com\/biblioteca\/wp-content\/uploads\/2019\/08\/debates-150x150.jpg\" alt=\"\">\n\t\t\t\t\t\t\t\t<\/span>\n\t\t\t\t\t\t\t\n\t\t\t\t\t\t\t<!-- Link Text -->\n\t\t\t\t\t\t\tRevista Debates\t\t\t\t\t\t\t\n\t\t\t\t\t\t\t\t\t\t\t\t\t\t<span style=\"font-size:12px;\"><br>\n\t                                \t\t\t\t\t\t\t<\/span>\t\n\t                        \n\t\t\t\t\t\t<\/a>\n\t\t\t\t\t\t\n\t\t\t\t\t\t\t<!-- upvote section -->\n\t\t\t\t\t\t\t<div class=\"upvote-section\">\n\t\t\t\t\t\t\t\t<span data-post-id=\"1281\" data-item-title=\"Revista Debates\" data-item-link=\"https:\/\/seer.ufrgs.br\/index.php\/debates\/index\" class=\"upvote-btn upvote-on\">\n\t\t\t\t\t\t\t\t\t<i class=\"fa fa-thumbs-up\"><\/i>\n\t\t\t\t\t\t\t\t<\/span>\n\t\t\t\t\t\t\t\t<span class=\"upvote-count\">\n\t\t\t\t\t\t\t\t\t3\t\t\t\t\t\t\t\t<\/span>\n\t\t\t\t\t\t\t<\/div>\n\t\t\t\t\t\t\t<!-- \/upvote section -->\n\n\t\t\t\t\t\t\t\t\t\t\t\t\n\t\t\t\t\t<\/li>\n\t\t\t\t\t\n\t\t\t\t\t<li id=\"item-1281-14\">\n\t\t\t\t\t\t\t\t\t\t\t\t<!-- List Anchor -->\n\t\t\t\t\t\t<a   href=\"http:\/\/www.scielo.br\/scielo.php?script=sci_serial&#038;pid=0101-3157&#038;lng=pt&#038;nrm=iso\"\n\t\t\t\t\t\t\ttarget=\"_blank\">\n\n\t\t\t\t\t\t\t<!-- Image, If Present -->\n\t\t\t\t\t\t\t14 - \t\t\t\t\t\t\t\t\t\t\t\t\t\t\n\t\t\t\t\t\t\t\n\t\t\t\t\t\t\t\t<span class=\"list-img\">\n\t\t\t\t\t\t\t\t\t\t\t\t\t\t\t\t\t\t<img src=\"https:\/\/www.uninter.com\/biblioteca\/wp-content\/uploads\/2019\/08\/economia-150x150.jpg\" alt=\"\">\n\t\t\t\t\t\t\t\t<\/span>\n\t\t\t\t\t\t\t\n\t\t\t\t\t\t\t<!-- Link Text -->\n\t\t\t\t\t\t\tRevista Economia Pol\u00edtica\t\t\t\t\t\t\t\n\t\t\t\t\t\t\t\t\t\t\t\t\t\t<span style=\"font-size:12px;\"><br>\n\t                                \t\t\t\t\t\t\t<\/span>\t\n\t                        \n\t\t\t\t\t\t<\/a>\n\t\t\t\t\t\t\n\t\t\t\t\t\t\t<!-- upvote section -->\n\t\t\t\t\t\t\t<div class=\"upvote-section\">\n\t\t\t\t\t\t\t\t<span data-post-id=\"1281\" data-item-title=\"Revista Economia Pol\u00edtica\" data-item-link=\"http:\/\/www.scielo.br\/scielo.php?script=sci_serial&#038;pid=0101-3157&#038;lng=pt&#038;nrm=iso\" class=\"upvote-btn upvote-on\">\n\t\t\t\t\t\t\t\t\t<i class=\"fa fa-thumbs-up\"><\/i>\n\t\t\t\t\t\t\t\t<\/span>\n\t\t\t\t\t\t\t\t<span class=\"upvote-count\">\n\t\t\t\t\t\t\t\t\t3\t\t\t\t\t\t\t\t<\/span>\n\t\t\t\t\t\t\t<\/div>\n\t\t\t\t\t\t\t<!-- \/upvote section -->\n\n\t\t\t\t\t\t\t\t\t\t\t\t\n\t\t\t\t\t<\/li>\n\t\t\t\t\t\n\t\t\t\t\t<li id=\"item-1281-15\">\n\t\t\t\t\t\t\t\t\t\t\t\t<!-- List Anchor -->\n\t\t\t\t\t\t<a   href=\"https:\/\/revistas.ufpr.br\/politica\"\n\t\t\t\t\t\t\ttarget=\"_blank\">\n\n\t\t\t\t\t\t\t<!-- Image, If Present -->\n\t\t\t\t\t\t\t15 - \t\t\t\t\t\t\t\t\t\t\t\t\t\t\n\t\t\t\t\t\t\t\n\t\t\t\t\t\t\t\t<span class=\"list-img\">\n\t\t\t\t\t\t\t\t\t\t\t\t\t\t\t\t\t\t<img src=\"https:\/\/www.uninter.com\/biblioteca\/wp-content\/uploads\/2019\/08\/recp-150x150.jpg\" alt=\"\">\n\t\t\t\t\t\t\t\t<\/span>\n\t\t\t\t\t\t\t\n\t\t\t\t\t\t\t<!-- Link Text -->\n\t\t\t\t\t\t\tRevista Eletr\u00f4nica de Ci\u00eancia Pol\u00edtica\t\t\t\t\t\t\t\n\t\t\t\t\t\t\t\t\t\t\t\t\t\t<span style=\"font-size:12px;\"><br>\n\t                                \t\t\t\t\t\t\t<\/span>\t\n\t                        \n\t\t\t\t\t\t<\/a>\n\t\t\t\t\t\t\n\t\t\t\t\t\t\t<!-- upvote section -->\n\t\t\t\t\t\t\t<div class=\"upvote-section\">\n\t\t\t\t\t\t\t\t<span data-post-id=\"1281\" data-item-title=\"Revista Eletr\u00f4nica de Ci\u00eancia Pol\u00edtica\" data-item-link=\"https:\/\/revistas.ufpr.br\/politica\" class=\"upvote-btn upvote-on\">\n\t\t\t\t\t\t\t\t\t<i class=\"fa fa-thumbs-up\"><\/i>\n\t\t\t\t\t\t\t\t<\/span>\n\t\t\t\t\t\t\t\t<span class=\"upvote-count\">\n\t\t\t\t\t\t\t\t\t3\t\t\t\t\t\t\t\t<\/span>\n\t\t\t\t\t\t\t<\/div>\n\t\t\t\t\t\t\t<!-- \/upvote section -->\n\n\t\t\t\t\t\t\t\t\t\t\t\t\n\t\t\t\t\t<\/li>\n\t\t\t\t\t\n\t\t\t\t\t<li id=\"item-1281-16\">\n\t\t\t\t\t\t\t\t\t\t\t\t<!-- List Anchor -->\n\t\t\t\t\t\t<a   href=\"https:\/\/siaiap32.univali.br\/\/seer\/index.php\/rdp\"\n\t\t\t\t\t\t\ttarget=\"_blank\">\n\n\t\t\t\t\t\t\t<!-- Image, If Present -->\n\t\t\t\t\t\t\t16 - \t\t\t\t\t\t\t\t\t\t\t\t\t\t\n\t\t\t\t\t\t\t\n\t\t\t\t\t\t\t\t<span class=\"list-img\">\n\t\t\t\t\t\t\t\t\t\t\t\t\t\t\t\t\t\t<img src=\"https:\/\/www.uninter.com\/biblioteca\/wp-content\/uploads\/2019\/08\/direitoPolitica-150x150.jpg\" alt=\"\">\n\t\t\t\t\t\t\t\t<\/span>\n\t\t\t\t\t\t\t\n\t\t\t\t\t\t\t<!-- Link Text -->\n\t\t\t\t\t\t\tRevista Eletr\u00f4nica de Direito e Pol\u00edtica\t\t\t\t\t\t\t\n\t\t\t\t\t\t\t\t\t\t\t\t\t\t<span style=\"font-size:12px;\"><br>\n\t                                \t\t\t\t\t\t\t<\/span>\t\n\t                        \n\t\t\t\t\t\t<\/a>\n\t\t\t\t\t\t\n\t\t\t\t\t\t\t<!-- upvote section -->\n\t\t\t\t\t\t\t<div class=\"upvote-section\">\n\t\t\t\t\t\t\t\t<span data-post-id=\"1281\" data-item-title=\"Revista Eletr\u00f4nica de Direito e Pol\u00edtica\" data-item-link=\"https:\/\/siaiap32.univali.br\/\/seer\/index.php\/rdp\" class=\"upvote-btn upvote-on\">\n\t\t\t\t\t\t\t\t\t<i class=\"fa fa-thumbs-up\"><\/i>\n\t\t\t\t\t\t\t\t<\/span>\n\t\t\t\t\t\t\t\t<span class=\"upvote-count\">\n\t\t\t\t\t\t\t\t\t3\t\t\t\t\t\t\t\t<\/span>\n\t\t\t\t\t\t\t<\/div>\n\t\t\t\t\t\t\t<!-- \/upvote section -->\n\n\t\t\t\t\t\t\t\t\t\t\t\t\n\t\t\t\t\t<\/li>\n\t\t\t\t\t\n\t\t\t\t\t<li id=\"item-1281-17\">\n\t\t\t\t\t\t\t\t\t\t\t\t<!-- List Anchor -->\n\t\t\t\t\t\t<a   href=\"http:\/\/www.intellectus.uerj.br\/\"\n\t\t\t\t\t\t\ttarget=\"_blank\">\n\n\t\t\t\t\t\t\t<!-- Image, If Present -->\n\t\t\t\t\t\t\t17 - \t\t\t\t\t\t\t\t\t\t\t\t\t\t\n\t\t\t\t\t\t\t\n\t\t\t\t\t\t\t\t<span class=\"list-img\">\n\t\t\t\t\t\t\t\t\t\t\t\t\t\t\t\t\t\t<img src=\"https:\/\/www.uninter.com\/biblioteca\/wp-content\/uploads\/2019\/08\/intellectus-150x150.jpg\" alt=\"\">\n\t\t\t\t\t\t\t\t<\/span>\n\t\t\t\t\t\t\t\n\t\t\t\t\t\t\t<!-- Link Text -->\n\t\t\t\t\t\t\tRevista Intell\u00e8ctus\t\t\t\t\t\t\t\n\t\t\t\t\t\t\t\t\t\t\t\t\t\t<span style=\"font-size:12px;\"><br>\n\t                                \t\t\t\t\t\t\t<\/span>\t\n\t                        \n\t\t\t\t\t\t<\/a>\n\t\t\t\t\t\t\n\t\t\t\t\t\t\t<!-- upvote section -->\n\t\t\t\t\t\t\t<div class=\"upvote-section\">\n\t\t\t\t\t\t\t\t<span data-post-id=\"1281\" data-item-title=\"Revista Intell\u00e8ctus\" data-item-link=\"http:\/\/www.intellectus.uerj.br\/\" class=\"upvote-btn upvote-on\">\n\t\t\t\t\t\t\t\t\t<i class=\"fa fa-thumbs-up\"><\/i>\n\t\t\t\t\t\t\t\t<\/span>\n\t\t\t\t\t\t\t\t<span class=\"upvote-count\">\n\t\t\t\t\t\t\t\t\t3\t\t\t\t\t\t\t\t<\/span>\n\t\t\t\t\t\t\t<\/div>\n\t\t\t\t\t\t\t<!-- \/upvote section -->\n\n\t\t\t\t\t\t\t\t\t\t\t\t\n\t\t\t\t\t<\/li>\n\t\t\t\t\t\n\t\t\t\t\t<li id=\"item-1281-18\">\n\t\t\t\t\t\t\t\t\t\t\t\t<!-- List Anchor -->\n\t\t\t\t\t\t<a   href=\"http:\/\/www.scielo.br\/scielo.php\/script_sci_serial\/pid_0102-6992\/lng_en\/nrm_iso\/lng_en\"\n\t\t\t\t\t\t\ttarget=\"_blank\">\n\n\t\t\t\t\t\t\t<!-- Image, If Present -->\n\t\t\t\t\t\t\t18 - \t\t\t\t\t\t\t\t\t\t\t\t\t\t\n\t\t\t\t\t\t\t\n\t\t\t\t\t\t\t\t<span class=\"list-img\">\n\t\t\t\t\t\t\t\t\t\t\t\t\t\t\t\t\t\t<img src=\"https:\/\/www.uninter.com\/biblioteca\/wp-content\/uploads\/2019\/08\/se-150x150.jpg\" alt=\"\">\n\t\t\t\t\t\t\t\t<\/span>\n\t\t\t\t\t\t\t\n\t\t\t\t\t\t\t<!-- Link Text -->\n\t\t\t\t\t\t\tRevista Sociedade e Estado\t\t\t\t\t\t\t\n\t\t\t\t\t\t\t\t\t\t\t\t\t\t<span style=\"font-size:12px;\"><br>\n\t                                \t\t\t\t\t\t\t<\/span>\t\n\t                        \n\t\t\t\t\t\t<\/a>\n\t\t\t\t\t\t\n\t\t\t\t\t\t\t<!-- upvote section -->\n\t\t\t\t\t\t\t<div class=\"upvote-section\">\n\t\t\t\t\t\t\t\t<span data-post-id=\"1281\" data-item-title=\"Revista Sociedade e Estado\" data-item-link=\"http:\/\/www.scielo.br\/scielo.php\/script_sci_serial\/pid_0102-6992\/lng_en\/nrm_iso\/lng_en\" class=\"upvote-btn upvote-on\">\n\t\t\t\t\t\t\t\t\t<i class=\"fa fa-thumbs-up\"><\/i>\n\t\t\t\t\t\t\t\t<\/span>\n\t\t\t\t\t\t\t\t<span class=\"upvote-count\">\n\t\t\t\t\t\t\t\t\t3\t\t\t\t\t\t\t\t<\/span>\n\t\t\t\t\t\t\t<\/div>\n\t\t\t\t\t\t\t<!-- \/upvote section -->\n\n\t\t\t\t\t\t\t\t\t\t\t\t\n\t\t\t\t\t<\/li>\n\t\t\t\t\t\n\t\t\t\t\t<li id=\"item-1281-19\">\n\t\t\t\t\t\t\t\t\t\t\t\t<!-- List Anchor -->\n\t\t\t\t\t\t<a   href=\"https:\/\/sur.conectas.org\/\"\n\t\t\t\t\t\t\ttarget=\"_blank\">\n\n\t\t\t\t\t\t\t<!-- Image, If Present -->\n\t\t\t\t\t\t\t19 - \t\t\t\t\t\t\t\t\t\t\t\t\t\t\n\t\t\t\t\t\t\t\n\t\t\t\t\t\t\t\t<span class=\"list-img\">\n\t\t\t\t\t\t\t\t\t\t\t\t\t\t\t\t\t\t<img src=\"https:\/\/www.uninter.com\/biblioteca\/wp-content\/uploads\/2019\/08\/sur-150x150.jpg\" alt=\"\">\n\t\t\t\t\t\t\t\t<\/span>\n\t\t\t\t\t\t\t\n\t\t\t\t\t\t\t<!-- Link Text -->\n\t\t\t\t\t\t\tSUR \u2013 Revista Internacional de Direitos Humanos\t\t\t\t\t\t\t\n\t\t\t\t\t\t\t\t\t\t\t\t\t\t<span style=\"font-size:12px;\"><br>\n\t                                \t\t\t\t\t\t\t<\/span>\t\n\t                        \n\t\t\t\t\t\t<\/a>\n\t\t\t\t\t\t\n\t\t\t\t\t\t\t<!-- upvote section -->\n\t\t\t\t\t\t\t<div class=\"upvote-section\">\n\t\t\t\t\t\t\t\t<span data-post-id=\"1281\" data-item-title=\"SUR \u2013 Revista Internacional de Direitos Humanos\" data-item-link=\"https:\/\/sur.conectas.org\/\" class=\"upvote-btn upvote-on\">\n\t\t\t\t\t\t\t\t\t<i class=\"fa fa-thumbs-up\"><\/i>\n\t\t\t\t\t\t\t\t<\/span>\n\t\t\t\t\t\t\t\t<span class=\"upvote-count\">\n\t\t\t\t\t\t\t\t\t3\t\t\t\t\t\t\t\t<\/span>\n\t\t\t\t\t\t\t<\/div>\n\t\t\t\t\t\t\t<!-- \/upvote section -->\n\n\t\t\t\t\t\t\t\t\t\t\t\t\n\t\t\t\t\t<\/li>\n\t\t\t\t\t\n\t\t\t\t\t<li id=\"item-1281-20\">\n\t\t\t\t\t\t\t\t\t\t\t\t<!-- List Anchor -->\n\t\t\t\t\t\t<a   href=\"http:\/\/www.scielo.br\/scielo.php?script=sci_serial&#038;pid=0104-9313&#038;lng=en&#038;nrm=iso\"\n\t\t\t\t\t\t\ttarget=\"_blank\">\n\n\t\t\t\t\t\t\t<!-- Image, If Present -->\n\t\t\t\t\t\t\t20 - \t\t\t\t\t\t\t\t\t\t\t\t\t\t\n\t\t\t\t\t\t\t\n\t\t\t\t\t\t\t\t<span class=\"list-img\">\n\t\t\t\t\t\t\t\t\t\t\t\t\t\t\t\t\t\t<img src=\"https:\/\/www.uninter.com\/biblioteca\/wp-content\/uploads\/2019\/08\/mana-150x150.jpg\" alt=\"\">\n\t\t\t\t\t\t\t\t<\/span>\n\t\t\t\t\t\t\t\n\t\t\t\t\t\t\t<!-- Link Text -->\n\t\t\t\t\t\t\tRevista Mana: estudos de antropologia social\t\t\t\t\t\t\t\n\t\t\t\t\t\t\t\t\t\t\t\t\t\t<span style=\"font-size:12px;\"><br>\n\t                                \t\t\t\t\t\t\t<\/span>\t\n\t                        \n\t\t\t\t\t\t<\/a>\n\t\t\t\t\t\t\n\t\t\t\t\t\t\t<!-- upvote section -->\n\t\t\t\t\t\t\t<div class=\"upvote-section\">\n\t\t\t\t\t\t\t\t<span data-post-id=\"1281\" data-item-title=\"Revista Mana: estudos de antropologia social\" data-item-link=\"http:\/\/www.scielo.br\/scielo.php?script=sci_serial&#038;pid=0104-9313&#038;lng=en&#038;nrm=iso\" class=\"upvote-btn upvote-on\">\n\t\t\t\t\t\t\t\t\t<i class=\"fa fa-thumbs-up\"><\/i>\n\t\t\t\t\t\t\t\t<\/span>\n\t\t\t\t\t\t\t\t<span class=\"upvote-count\">\n\t\t\t\t\t\t\t\t\t3\t\t\t\t\t\t\t\t<\/span>\n\t\t\t\t\t\t\t<\/div>\n\t\t\t\t\t\t\t<!-- \/upvote section -->\n\n\t\t\t\t\t\t\t\t\t\t\t\t\n\t\t\t\t\t<\/li>\n\t\t\t\t\t\n\t\t\t\t\t<li id=\"item-1281-21\">\n\t\t\t\t\t\t\t\t\t\t\t\t<!-- List Anchor -->\n\t\t\t\t\t\t<a   href=\"http:\/\/www.scielo.br\/scielo.php?script=sci_serial&#038;pid=0103-3352&#038;lng=en&#038;nrm=iso\"\n\t\t\t\t\t\t\ttarget=\"_blank\">\n\n\t\t\t\t\t\t\t<!-- Image, If Present -->\n\t\t\t\t\t\t\t21 - \t\t\t\t\t\t\t\t\t\t\t\t\t\t\n\t\t\t\t\t\t\t\n\t\t\t\t\t\t\t\t<span class=\"list-img\">\n\t\t\t\t\t\t\t\t\t\t\t\t\t\t\t\t\t\t<img src=\"https:\/\/www.uninter.com\/biblioteca\/wp-content\/uploads\/2019\/08\/brasileira-1-150x150.jpg\" alt=\"\">\n\t\t\t\t\t\t\t\t<\/span>\n\t\t\t\t\t\t\t\n\t\t\t\t\t\t\t<!-- Link Text -->\n\t\t\t\t\t\t\tRevista Brasileira de Ci\u00eancia Pol\u00edtica\t\t\t\t\t\t\t\n\t\t\t\t\t\t\t\t\t\t\t\t\t\t<span style=\"font-size:12px;\"><br>\n\t                                \t\t\t\t\t\t\t<\/span>\t\n\t                        \n\t\t\t\t\t\t<\/a>\n\t\t\t\t\t\t\n\t\t\t\t\t\t\t<!-- upvote section -->\n\t\t\t\t\t\t\t<div class=\"upvote-section\">\n\t\t\t\t\t\t\t\t<span data-post-id=\"1281\" data-item-title=\"Revista Brasileira de Ci\u00eancia Pol\u00edtica\" data-item-link=\"http:\/\/www.scielo.br\/scielo.php?script=sci_serial&#038;pid=0103-3352&#038;lng=en&#038;nrm=iso\" class=\"upvote-btn upvote-on\">\n\t\t\t\t\t\t\t\t\t<i class=\"fa fa-thumbs-up\"><\/i>\n\t\t\t\t\t\t\t\t<\/span>\n\t\t\t\t\t\t\t\t<span class=\"upvote-count\">\n\t\t\t\t\t\t\t\t\t3\t\t\t\t\t\t\t\t<\/span>\n\t\t\t\t\t\t\t<\/div>\n\t\t\t\t\t\t\t<!-- \/upvote section -->\n\n\t\t\t\t\t\t\t\t\t\t\t\t\n\t\t\t\t\t<\/li>\n\t\t\t\t\t\n\t\t\t\t\t<li id=\"item-1281-22\">\n\t\t\t\t\t\t\t\t\t\t\t\t<!-- List Anchor -->\n\t\t\t\t\t\t<a   href=\"https:\/\/www.e-publicacoes.uerj.br\/index.php\/revistaceaju\/issue\/archive\"\n\t\t\t\t\t\t\ttarget=\"_blank\">\n\n\t\t\t\t\t\t\t<!-- Image, If Present -->\n\t\t\t\t\t\t\t22 - \t\t\t\t\t\t\t\t\t\t\t\t\t\t\n\t\t\t\t\t\t\t\n\t\t\t\t\t\t\t\t<span class=\"list-img\">\n\t\t\t\t\t\t\t\t\t\t\t\t\t\t\t\t\t\t<img src=\"https:\/\/www.uninter.com\/biblioteca\/wp-content\/uploads\/2019\/08\/praxis-2-150x150.jpg\" alt=\"\">\n\t\t\t\t\t\t\t\t<\/span>\n\t\t\t\t\t\t\t\n\t\t\t\t\t\t\t<!-- Link Text -->\n\t\t\t\t\t\t\tRevista Direito e Pr\u00e1xis\t\t\t\t\t\t\t\n\t\t\t\t\t\t\t\t\t\t\t\t\t\t<span style=\"font-size:12px;\"><br>\n\t                                \t\t\t\t\t\t\t<\/span>\t\n\t                        \n\t\t\t\t\t\t<\/a>\n\t\t\t\t\t\t\n\t\t\t\t\t\t\t<!-- upvote section -->\n\t\t\t\t\t\t\t<div class=\"upvote-section\">\n\t\t\t\t\t\t\t\t<span data-post-id=\"1281\" data-item-title=\"Revista Direito e Pr\u00e1xis\" data-item-link=\"https:\/\/www.e-publicacoes.uerj.br\/index.php\/revistaceaju\/issue\/archive\" class=\"upvote-btn upvote-on\">\n\t\t\t\t\t\t\t\t\t<i class=\"fa fa-thumbs-up\"><\/i>\n\t\t\t\t\t\t\t\t<\/span>\n\t\t\t\t\t\t\t\t<span class=\"upvote-count\">\n\t\t\t\t\t\t\t\t\t2\t\t\t\t\t\t\t\t<\/span>\n\t\t\t\t\t\t\t<\/div>\n\t\t\t\t\t\t\t<!-- \/upvote section -->\n\n\t\t\t\t\t\t\t\t\t\t\t\t\n\t\t\t\t\t<\/li>\n\t\t\t\t\t\n\t\t\t\t\t<li id=\"item-1281-23\">\n\t\t\t\t\t\t\t\t\t\t\t\t<!-- List Anchor -->\n\t\t\t\t\t\t<a   href=\"https:\/\/periodicos.ufsc.br\/index.php\/sequencia\/index\"\n\t\t\t\t\t\t\ttarget=\"_blank\">\n\n\t\t\t\t\t\t\t<!-- Image, If Present -->\n\t\t\t\t\t\t\t23 - \t\t\t\t\t\t\t\t\t\t\t\t\t\t\n\t\t\t\t\t\t\t\n\t\t\t\t\t\t\t\t<span class=\"list-img\">\n\t\t\t\t\t\t\t\t\t\t\t\t\t\t\t\t\t\t<img src=\"https:\/\/www.uninter.com\/biblioteca\/wp-content\/uploads\/2019\/08\/sequencia-150x150.jpg\" alt=\"\">\n\t\t\t\t\t\t\t\t<\/span>\n\t\t\t\t\t\t\t\n\t\t\t\t\t\t\t<!-- Link Text -->\n\t\t\t\t\t\t\tRevista Seq\u00fc\u00eancia: Estudos Jur\u00eddicos e Pol\u00edticos\t\t\t\t\t\t\t\n\t\t\t\t\t\t\t\t\t\t\t\t\t\t<span style=\"font-size:12px;\"><br>\n\t                                \t\t\t\t\t\t\t<\/span>\t\n\t                        \n\t\t\t\t\t\t<\/a>\n\t\t\t\t\t\t\n\t\t\t\t\t\t\t<!-- upvote section -->\n\t\t\t\t\t\t\t<div class=\"upvote-section\">\n\t\t\t\t\t\t\t\t<span data-post-id=\"1281\" data-item-title=\"Revista Seq\u00fc\u00eancia: Estudos Jur\u00eddicos e Pol\u00edticos\" data-item-link=\"https:\/\/periodicos.ufsc.br\/index.php\/sequencia\/index\" class=\"upvote-btn upvote-on\">\n\t\t\t\t\t\t\t\t\t<i class=\"fa fa-thumbs-up\"><\/i>\n\t\t\t\t\t\t\t\t<\/span>\n\t\t\t\t\t\t\t\t<span class=\"upvote-count\">\n\t\t\t\t\t\t\t\t\t2\t\t\t\t\t\t\t\t<\/span>\n\t\t\t\t\t\t\t<\/div>\n\t\t\t\t\t\t\t<!-- \/upvote section -->\n\n\t\t\t\t\t\t\t\t\t\t\t\t\n\t\t\t\t\t<\/li>\n\t\t\t\t\t\n\t\t\t\t\t<li id=\"item-1281-24\">\n\t\t\t\t\t\t\t\t\t\t\t\t<!-- List Anchor -->\n\t\t\t\t\t\t<a   href=\"http:\/\/www.scielo.br\/scielo.php?script=sci_issues&#038;pid=0104-4478&#038;lng=pt&#038;nrm=iso\"\n\t\t\t\t\t\t\ttarget=\"_blank\">\n\n\t\t\t\t\t\t\t<!-- Image, If Present -->\n\t\t\t\t\t\t\t24 - \t\t\t\t\t\t\t\t\t\t\t\t\t\t\n\t\t\t\t\t\t\t\n\t\t\t\t\t\t\t\t<span class=\"list-img\">\n\t\t\t\t\t\t\t\t\t\t\t\t\t\t\t\t\t\t<img src=\"https:\/\/www.uninter.com\/biblioteca\/wp-content\/uploads\/2019\/08\/sociologiaPolitica-150x150.jpg\" alt=\"\">\n\t\t\t\t\t\t\t\t<\/span>\n\t\t\t\t\t\t\t\n\t\t\t\t\t\t\t<!-- Link Text -->\n\t\t\t\t\t\t\tRevista de Sociologia e Pol\u00edtica\t\t\t\t\t\t\t\n\t\t\t\t\t\t\t\t\t\t\t\t\t\t<span style=\"font-size:12px;\"><br>\n\t                                \t\t\t\t\t\t\t<\/span>\t\n\t                        \n\t\t\t\t\t\t<\/a>\n\t\t\t\t\t\t\n\t\t\t\t\t\t\t<!-- upvote section -->\n\t\t\t\t\t\t\t<div class=\"upvote-section\">\n\t\t\t\t\t\t\t\t<span data-post-id=\"1281\" data-item-title=\"Revista de Sociologia e Pol\u00edtica\" data-item-link=\"http:\/\/www.scielo.br\/scielo.php?script=sci_issues&#038;pid=0104-4478&#038;lng=pt&#038;nrm=iso\" class=\"upvote-btn upvote-on\">\n\t\t\t\t\t\t\t\t\t<i class=\"fa fa-thumbs-up\"><\/i>\n\t\t\t\t\t\t\t\t<\/span>\n\t\t\t\t\t\t\t\t<span class=\"upvote-count\">\n\t\t\t\t\t\t\t\t\t2\t\t\t\t\t\t\t\t<\/span>\n\t\t\t\t\t\t\t<\/div>\n\t\t\t\t\t\t\t<!-- \/upvote section -->\n\n\t\t\t\t\t\t\t\t\t\t\t\t\n\t\t\t\t\t<\/li>\n\t\t\t\t\t\n\t\t\t\t\t<li id=\"item-1281-25\">\n\t\t\t\t\t\t\t\t\t\t\t\t<!-- List Anchor -->\n\t\t\t\t\t\t<a   href=\"http:\/\/bibliotecadigital.fgv.br\/ojs\/index.php\/reh\/issue\/archive\"\n\t\t\t\t\t\t\ttarget=\"_blank\">\n\n\t\t\t\t\t\t\t<!-- Image, If Present -->\n\t\t\t\t\t\t\t25 - \t\t\t\t\t\t\t\t\t\t\t\t\t\t\n\t\t\t\t\t\t\t\n\t\t\t\t\t\t\t\t<span class=\"list-img\">\n\t\t\t\t\t\t\t\t\t\t\t\t\t\t\t\t\t\t<img src=\"https:\/\/www.uninter.com\/biblioteca\/wp-content\/uploads\/2019\/08\/estudosHistoricos-150x150.jpg\" alt=\"\">\n\t\t\t\t\t\t\t\t<\/span>\n\t\t\t\t\t\t\t\n\t\t\t\t\t\t\t<!-- Link Text -->\n\t\t\t\t\t\t\tRevista Estudos Hist\u00f3ricos\t\t\t\t\t\t\t\n\t\t\t\t\t\t\t\t\t\t\t\t\t\t<span style=\"font-size:12px;\"><br>\n\t                                \t\t\t\t\t\t\t<\/span>\t\n\t                        \n\t\t\t\t\t\t<\/a>\n\t\t\t\t\t\t\n\t\t\t\t\t\t\t<!-- upvote section -->\n\t\t\t\t\t\t\t<div class=\"upvote-section\">\n\t\t\t\t\t\t\t\t<span data-post-id=\"1281\" data-item-title=\"Revista Estudos Hist\u00f3ricos\" data-item-link=\"http:\/\/bibliotecadigital.fgv.br\/ojs\/index.php\/reh\/issue\/archive\" class=\"upvote-btn upvote-on\">\n\t\t\t\t\t\t\t\t\t<i class=\"fa fa-thumbs-up\"><\/i>\n\t\t\t\t\t\t\t\t<\/span>\n\t\t\t\t\t\t\t\t<span class=\"upvote-count\">\n\t\t\t\t\t\t\t\t\t2\t\t\t\t\t\t\t\t<\/span>\n\t\t\t\t\t\t\t<\/div>\n\t\t\t\t\t\t\t<!-- \/upvote section -->\n\n\t\t\t\t\t\t\t\t\t\t\t\t\n\t\t\t\t\t<\/li>\n\t\t\t\t\t\n\t\t\t\t\t<li id=\"item-1281-26\">\n\t\t\t\t\t\t\t\t\t\t\t\t<!-- List Anchor -->\n\t\t\t\t\t\t<a   href=\"http:\/\/repositorio.ipea.gov.br\/bitstream\/11058\/8060\/1\/td_2334.pdf\"\n\t\t\t\t\t\t\ttarget=\"_blank\">\n\n\t\t\t\t\t\t\t<!-- Image, If Present -->\n\t\t\t\t\t\t\t26 - \t\t\t\t\t\t\t\t\t\t\t\t\t\t\n\t\t\t\t\t\t\t\n\t\t\t\t\t\t\t\t<span class=\"list-img\">\n\t\t\t\t\t\t\t\t\t\t\t\t\t\t\t\t\t\t<img src=\"https:\/\/www.uninter.com\/biblioteca\/wp-content\/uploads\/2019\/08\/ipea-150x150.jpg\" alt=\"\">\n\t\t\t\t\t\t\t\t<\/span>\n\t\t\t\t\t\t\t\n\t\t\t\t\t\t\t<!-- Link Text -->\n\t\t\t\t\t\t\tRevista IPEA\t\t\t\t\t\t\t\n\t\t\t\t\t\t\t\t\t\t\t\t\t\t<span style=\"font-size:12px;\"><br>\n\t                                \t\t\t\t\t\t\t<\/span>\t\n\t                        \n\t\t\t\t\t\t<\/a>\n\t\t\t\t\t\t\n\t\t\t\t\t\t\t<!-- upvote section -->\n\t\t\t\t\t\t\t<div class=\"upvote-section\">\n\t\t\t\t\t\t\t\t<span data-post-id=\"1281\" data-item-title=\"Revista IPEA\" data-item-link=\"http:\/\/repositorio.ipea.gov.br\/bitstream\/11058\/8060\/1\/td_2334.pdf\" class=\"upvote-btn upvote-on\">\n\t\t\t\t\t\t\t\t\t<i class=\"fa fa-thumbs-up\"><\/i>\n\t\t\t\t\t\t\t\t<\/span>\n\t\t\t\t\t\t\t\t<span class=\"upvote-count\">\n\t\t\t\t\t\t\t\t\t2\t\t\t\t\t\t\t\t<\/span>\n\t\t\t\t\t\t\t<\/div>\n\t\t\t\t\t\t\t<!-- \/upvote section -->\n\n\t\t\t\t\t\t\t\t\t\t\t\t\n\t\t\t\t\t<\/li>\n\t\t\t\t\t\n\t\t\t\t\t<li id=\"item-1281-27\">\n\t\t\t\t\t\t\t\t\t\t\t\t<!-- List Anchor -->\n\t\t\t\t\t\t<a   href=\"http:\/\/www.scielo.br\/scielo.php?script=sci_issues&#038;pid=0011-5258&#038;lng=en&#038;nrm=iso\"\n\t\t\t\t\t\t\ttarget=\"_blank\">\n\n\t\t\t\t\t\t\t<!-- Image, If Present -->\n\t\t\t\t\t\t\t27 - \t\t\t\t\t\t\t\t\t\t\t\t\t\t\n\t\t\t\t\t\t\t\n\t\t\t\t\t\t\t\t<span class=\"list-img\">\n\t\t\t\t\t\t\t\t\t\t\t\t\t\t\t\t\t\t<img src=\"https:\/\/www.uninter.com\/biblioteca\/wp-content\/uploads\/2019\/08\/dados-150x150.jpg\" alt=\"\">\n\t\t\t\t\t\t\t\t<\/span>\n\t\t\t\t\t\t\t\n\t\t\t\t\t\t\t<!-- Link Text -->\n\t\t\t\t\t\t\tDADOS \u2013 Revista de Ci\u00eancias Sociais\t\t\t\t\t\t\t\n\t\t\t\t\t\t\t\t\t\t\t\t\t\t<span style=\"font-size:12px;\"><br>\n\t                                \t\t\t\t\t\t\t<\/span>\t\n\t                        \n\t\t\t\t\t\t<\/a>\n\t\t\t\t\t\t\n\t\t\t\t\t\t\t<!-- upvote section -->\n\t\t\t\t\t\t\t<div class=\"upvote-section\">\n\t\t\t\t\t\t\t\t<span data-post-id=\"1281\" data-item-title=\"DADOS \u2013 Revista de Ci\u00eancias Sociais\" data-item-link=\"http:\/\/www.scielo.br\/scielo.php?script=sci_issues&#038;pid=0011-5258&#038;lng=en&#038;nrm=iso\" class=\"upvote-btn upvote-on\">\n\t\t\t\t\t\t\t\t\t<i class=\"fa fa-thumbs-up\"><\/i>\n\t\t\t\t\t\t\t\t<\/span>\n\t\t\t\t\t\t\t\t<span class=\"upvote-count\">\n\t\t\t\t\t\t\t\t\t2\t\t\t\t\t\t\t\t<\/span>\n\t\t\t\t\t\t\t<\/div>\n\t\t\t\t\t\t\t<!-- \/upvote section -->\n\n\t\t\t\t\t\t\t\t\t\t\t\t\n\t\t\t\t\t<\/li>\n\t\t\t\t\t\n\t\t\t\t\t<li id=\"item-1281-28\">\n\t\t\t\t\t\t\t\t\t\t\t\t<!-- List Anchor -->\n\t\t\t\t\t\t<a   href=\"https:\/\/www2.camara.leg.br\/atividade-legislativa\/estudos-e-notas-tecnicas\/publicacoes-da-consultoria-legislativa\/areas-da-conle\/tema3\/2010_4088.pdf\"\n\t\t\t\t\t\t\ttarget=\"_blank\">\n\n\t\t\t\t\t\t\t<!-- Image, If Present -->\n\t\t\t\t\t\t\t28 - \t\t\t\t\t\t\t\t\t\t\t\t\t\t\n\t\t\t\t\t\t\t\n\t\t\t\t\t\t\t\t<span class=\"list-img\">\n\t\t\t\t\t\t\t\t\t\t\t\t\t\t\t\t\t\t<img src=\"https:\/\/www.uninter.com\/biblioteca\/wp-content\/uploads\/2019\/08\/legislativa-150x150.jpg\" alt=\"\">\n\t\t\t\t\t\t\t\t<\/span>\n\t\t\t\t\t\t\t\n\t\t\t\t\t\t\t<!-- Link Text -->\n\t\t\t\t\t\t\tRevista Consultoria Legislativa\t\t\t\t\t\t\t\n\t\t\t\t\t\t\t\t\t\t\t\t\t\t<span style=\"font-size:12px;\"><br>\n\t                                \t\t\t\t\t\t\t<\/span>\t\n\t                        \n\t\t\t\t\t\t<\/a>\n\t\t\t\t\t\t\n\t\t\t\t\t\t\t<!-- upvote section -->\n\t\t\t\t\t\t\t<div class=\"upvote-section\">\n\t\t\t\t\t\t\t\t<span data-post-id=\"1281\" data-item-title=\"Revista Consultoria Legislativa\" data-item-link=\"https:\/\/www2.camara.leg.br\/atividade-legislativa\/estudos-e-notas-tecnicas\/publicacoes-da-consultoria-legislativa\/areas-da-conle\/tema3\/2010_4088.pdf\" class=\"upvote-btn upvote-on\">\n\t\t\t\t\t\t\t\t\t<i class=\"fa fa-thumbs-up\"><\/i>\n\t\t\t\t\t\t\t\t<\/span>\n\t\t\t\t\t\t\t\t<span class=\"upvote-count\">\n\t\t\t\t\t\t\t\t\t2\t\t\t\t\t\t\t\t<\/span>\n\t\t\t\t\t\t\t<\/div>\n\t\t\t\t\t\t\t<!-- \/upvote section -->\n\n\t\t\t\t\t\t\t\t\t\t\t\t\n\t\t\t\t\t<\/li>\n\t\t\t\t\t\n\t\t\t\t\t<li id=\"item-1281-29\">\n\t\t\t\t\t\t\t\t\t\t\t\t<!-- List Anchor -->\n\t\t\t\t\t\t<a   href=\"https:\/\/journals.openedition.org\/rccs\/\"\n\t\t\t\t\t\t\ttarget=\"_blank\">\n\n\t\t\t\t\t\t\t<!-- Image, If Present -->\n\t\t\t\t\t\t\t29 - \t\t\t\t\t\t\t\t\t\t\t\t\t\t\n\t\t\t\t\t\t\t\n\t\t\t\t\t\t\t\t<span class=\"list-img\">\n\t\t\t\t\t\t\t\t\t\t\t\t\t\t\t\t\t\t<img src=\"https:\/\/www.uninter.com\/biblioteca\/wp-content\/uploads\/2019\/08\/critica-150x150.jpg\" alt=\"\">\n\t\t\t\t\t\t\t\t<\/span>\n\t\t\t\t\t\t\t\n\t\t\t\t\t\t\t<!-- Link Text -->\n\t\t\t\t\t\t\tRevista Cr\u00edtica de Ci\u00eancias Sociais\t\t\t\t\t\t\t\n\t\t\t\t\t\t\t\t\t\t\t\t\t\t<span style=\"font-size:12px;\"><br>\n\t                                \t\t\t\t\t\t\t<\/span>\t\n\t                        \n\t\t\t\t\t\t<\/a>\n\t\t\t\t\t\t\n\t\t\t\t\t\t\t<!-- upvote section -->\n\t\t\t\t\t\t\t<div class=\"upvote-section\">\n\t\t\t\t\t\t\t\t<span data-post-id=\"1281\" data-item-title=\"Revista Cr\u00edtica de Ci\u00eancias Sociais\" data-item-link=\"https:\/\/journals.openedition.org\/rccs\/\" class=\"upvote-btn upvote-on\">\n\t\t\t\t\t\t\t\t\t<i class=\"fa fa-thumbs-up\"><\/i>\n\t\t\t\t\t\t\t\t<\/span>\n\t\t\t\t\t\t\t\t<span class=\"upvote-count\">\n\t\t\t\t\t\t\t\t\t2\t\t\t\t\t\t\t\t<\/span>\n\t\t\t\t\t\t\t<\/div>\n\t\t\t\t\t\t\t<!-- \/upvote section -->\n\n\t\t\t\t\t\t\t\t\t\t\t\t\n\t\t\t\t\t<\/li>\n\t\t\t\t\t\n\t\t\t\t\t<li id=\"item-1281-30\">\n\t\t\t\t\t\t\t\t\t\t\t\t<!-- List Anchor -->\n\t\t\t\t\t\t<a   href=\"https:\/\/periodicos.fclar.unesp.br\/perspectivas%20\"\n\t\t\t\t\t\t\ttarget=\"_blank\">\n\n\t\t\t\t\t\t\t<!-- Image, If Present -->\n\t\t\t\t\t\t\t30 - \t\t\t\t\t\t\t\t\t\t\t\t\t\t\n\t\t\t\t\t\t\t\n\t\t\t\t\t\t\t\t<span class=\"list-img\">\n\t\t\t\t\t\t\t\t\t\t\t\t\t\t\t\t\t\t<img src=\"https:\/\/www.uninter.com\/biblioteca\/wp-content\/uploads\/2019\/08\/Perspectivas-150x150.jpg\" alt=\"\">\n\t\t\t\t\t\t\t\t<\/span>\n\t\t\t\t\t\t\t\n\t\t\t\t\t\t\t<!-- Link Text -->\n\t\t\t\t\t\t\tPerspectivas: Revista de Ci\u00eancias Sociais \t\t\t\t\t\t\t\n\t\t\t\t\t\t\t\t\t\t\t\t\t\t<span style=\"font-size:12px;\"><br>\n\t                                \t\t\t\t\t\t\t<\/span>\t\n\t                        \n\t\t\t\t\t\t<\/a>\n\t\t\t\t\t\t\n\t\t\t\t\t\t\t<!-- upvote section -->\n\t\t\t\t\t\t\t<div class=\"upvote-section\">\n\t\t\t\t\t\t\t\t<span data-post-id=\"1281\" data-item-title=\"Perspectivas: Revista de Ci\u00eancias Sociais\" data-item-link=\"https:\/\/periodicos.fclar.unesp.br\/perspectivas%20\" class=\"upvote-btn upvote-on\">\n\t\t\t\t\t\t\t\t\t<i class=\"fa fa-thumbs-up\"><\/i>\n\t\t\t\t\t\t\t\t<\/span>\n\t\t\t\t\t\t\t\t<span class=\"upvote-count\">\n\t\t\t\t\t\t\t\t\t\t\t\t\t\t\t\t\t<\/span>\n\t\t\t\t\t\t\t<\/div>\n\t\t\t\t\t\t\t<!-- \/upvote section -->\n\n\t\t\t\t\t\t\t\t\t\t\t\t\n\t\t\t\t\t<\/li>\n\t\t\t\t\t\n\t\t\t\t\t<li id=\"item-1281-31\">\n\t\t\t\t\t\t\t\t\t\t\t\t<!-- List Anchor -->\n\t\t\t\t\t\t<a   href=\"https:\/\/revistaseletronicas.pucrs.br\/ojs\/index.php\/iberoamericana\/index\"\n\t\t\t\t\t\t\ttarget=\"_blank\">\n\n\t\t\t\t\t\t\t<!-- Image, If Present -->\n\t\t\t\t\t\t\t31 - \t\t\t\t\t\t\t\t\t\t\t\t\t\t\n\t\t\t\t\t\t\t\n\t\t\t\t\t\t\t\t<span class=\"list-img\">\n\t\t\t\t\t\t\t\t\t\t\t\t\t\t\t\t\t\t<img src=\"https:\/\/www.uninter.com\/biblioteca\/wp-content\/uploads\/2021\/11\/ESTUDOS-IBERO-AMERICANOS-150x150.jpg\" alt=\"\">\n\t\t\t\t\t\t\t\t<\/span>\n\t\t\t\t\t\t\t\n\t\t\t\t\t\t\t<!-- Link Text -->\n\t\t\t\t\t\t\tESTUDOS IBERO-AMERICANOS\t\t\t\t\t\t\t\n\t\t\t\t\t\t\t\t\t\t\t\t\t\t<span style=\"font-size:12px;\"><br>\n\t                                \t\t\t\t\t\t\t<\/span>\t\n\t                        \n\t\t\t\t\t\t<\/a>\n\t\t\t\t\t\t\n\t\t\t\t\t\t\t<!-- upvote section -->\n\t\t\t\t\t\t\t<div class=\"upvote-section\">\n\t\t\t\t\t\t\t\t<span data-post-id=\"1281\" data-item-title=\"ESTUDOS IBERO-AMERICANOS\" data-item-link=\"https:\/\/revistaseletronicas.pucrs.br\/ojs\/index.php\/iberoamericana\/index\" class=\"upvote-btn upvote-on\">\n\t\t\t\t\t\t\t\t\t<i class=\"fa fa-thumbs-up\"><\/i>\n\t\t\t\t\t\t\t\t<\/span>\n\t\t\t\t\t\t\t\t<span class=\"upvote-count\">\n\t\t\t\t\t\t\t\t\t1\t\t\t\t\t\t\t\t<\/span>\n\t\t\t\t\t\t\t<\/div>\n\t\t\t\t\t\t\t<!-- \/upvote section -->\n\n\t\t\t\t\t\t\t\t\t\t\t\t\n\t\t\t\t\t<\/li>\n\t\t\t\t\t\n\t\t\t\t\t<li id=\"item-1281-32\">\n\t\t\t\t\t\t\t\t\t\t\t\t<!-- List Anchor -->\n\t\t\t\t\t\t<a   href=\"https:\/\/pos.direito.ufmg.br\/rbep\/index.php\/rbep\"\n\t\t\t\t\t\t\ttarget=\"_blank\">\n\n\t\t\t\t\t\t\t<!-- Image, If Present -->\n\t\t\t\t\t\t\t32 - \t\t\t\t\t\t\t\t\t\t\t\t\t\t\n\t\t\t\t\t\t\t\n\t\t\t\t\t\t\t\t<span class=\"list-img\">\n\t\t\t\t\t\t\t\t\t\t\t\t\t\t\t\t\t\t<img src=\"https:\/\/www.uninter.com\/biblioteca\/wp-content\/uploads\/2021\/11\/REVISTA-BRASILEIRA-DE-ESTUDOS-POL\u00cdTICOS-150x150.jpg\" alt=\"\">\n\t\t\t\t\t\t\t\t<\/span>\n\t\t\t\t\t\t\t\n\t\t\t\t\t\t\t<!-- Link Text -->\n\t\t\t\t\t\t\tREVISTA BRASILEIRA DE ESTUDOS POL\u00cdTICOS\t\t\t\t\t\t\t\n\t\t\t\t\t\t\t\t\t\t\t\t\t\t<span style=\"font-size:12px;\"><br>\n\t                                \t\t\t\t\t\t\t<\/span>\t\n\t                        \n\t\t\t\t\t\t<\/a>\n\t\t\t\t\t\t\n\t\t\t\t\t\t\t<!-- upvote section -->\n\t\t\t\t\t\t\t<div class=\"upvote-section\">\n\t\t\t\t\t\t\t\t<span data-post-id=\"1281\" data-item-title=\"REVISTA BRASILEIRA DE ESTUDOS POL\u00cdTICOS\" data-item-link=\"https:\/\/pos.direito.ufmg.br\/rbep\/index.php\/rbep\" class=\"upvote-btn upvote-on\">\n\t\t\t\t\t\t\t\t\t<i class=\"fa fa-thumbs-up\"><\/i>\n\t\t\t\t\t\t\t\t<\/span>\n\t\t\t\t\t\t\t\t<span class=\"upvote-count\">\n\t\t\t\t\t\t\t\t\t1\t\t\t\t\t\t\t\t<\/span>\n\t\t\t\t\t\t\t<\/div>\n\t\t\t\t\t\t\t<!-- \/upvote section -->\n\n\t\t\t\t\t\t\t\t\t\t\t\t\n\t\t\t\t\t<\/li>\n\t\t\t\t\t\t\t\t\t<\/ul>\n\n\t\t\t<\/div>\n\n\t\t<\/div>\n\t\t<!-- \/Individual List Item -->\n\n\t\t\n\t\t<br \/>\n\r\n<!--  Starting Simple Link Directory Plugin Output -->\n<div class=\"qcopd_embed_container\">\r\n\r\n\r\n\r\n\r\n\r\n\r\n\r\n<\/div>\r\n<div class=\"qcopd-list-wrapper\">\n\t<div id=\"opd-list-holder\" class=\"qcopd-list-holder\">\n\t\t\n\t\t<!-- Individual List Item -->\n\t\t<div id=\"list-item-1-1312\" class=\"qc-grid-item qcopd-list-column opd-column-1 simple opd-list-id-1312\">\n\t\t\t<div class=\"qcopd-single-list\">\n\t\t\t\t\t<h2 onclick=\"if(document.getElementById('1312').style.display=='block'){document.getElementById('1312').style.display='none';}else{document.getElementById('1312').style.display='block';};\">\n\t\t\t\t\tDireito\t\t\t\t<\/h2>\n\t\t\t\t<ul  style=display:none; id=1312 >\n\t\t\t\t\t\n\t\t\t\t\t<li id=\"item-1312-1\">\n\t\t\t\t\t\t\t\t\t\t\t\t<!-- List Anchor -->\n\t\t\t\t\t\t<a   href=\"https:\/\/www.editoraforum.com.br\/material-gratuito\/\"\n\t\t\t\t\t\t\ttarget=\"_blank\">\n\n\t\t\t\t\t\t\t<!-- Image, If Present -->\n\t\t\t\t\t\t\t1 - \t\t\t\t\t\t\t\t\t\t\t\t\t\t\n\t\t\t\t\t\t\t\n\t\t\t\t\t\t\t\t<span class=\"list-img\">\n\t\t\t\t\t\t\t\t\t\t\t\t\t\t\t\t\t\t<img src=\"https:\/\/www.uninter.com\/biblioteca\/wp-content\/uploads\/2019\/08\/forum-150x150.jpg\" alt=\"\">\n\t\t\t\t\t\t\t\t<\/span>\n\t\t\t\t\t\t\t\n\t\t\t\t\t\t\t<!-- Link Text -->\n\t\t\t\t\t\t\tEditora Forum \u2013 Material Gratuito\t\t\t\t\t\t\t\n\t\t\t\t\t\t\t\t\t\t\t\t\t\t<span style=\"font-size:12px;\"><br>\n\t                                \t\t\t\t\t\t\t<\/span>\t\n\t                        \n\t\t\t\t\t\t<\/a>\n\t\t\t\t\t\t\n\t\t\t\t\t\t\t<!-- upvote section -->\n\t\t\t\t\t\t\t<div class=\"upvote-section\">\n\t\t\t\t\t\t\t\t<span data-post-id=\"1312\" data-item-title=\"Editora Forum \u2013 Material Gratuito\" data-item-link=\"https:\/\/www.editoraforum.com.br\/material-gratuito\/\" class=\"upvote-btn upvote-on\">\n\t\t\t\t\t\t\t\t\t<i class=\"fa fa-thumbs-up\"><\/i>\n\t\t\t\t\t\t\t\t<\/span>\n\t\t\t\t\t\t\t\t<span class=\"upvote-count\">\n\t\t\t\t\t\t\t\t\t2\t\t\t\t\t\t\t\t<\/span>\n\t\t\t\t\t\t\t<\/div>\n\t\t\t\t\t\t\t<!-- \/upvote section -->\n\n\t\t\t\t\t\t\t\t\t\t\t\t\n\t\t\t\t\t<\/li>\n\t\t\t\t\t\n\t\t\t\t\t<li id=\"item-1312-2\">\n\t\t\t\t\t\t\t\t\t\t\t\t<!-- List Anchor -->\n\t\t\t\t\t\t<a   href=\"https:\/\/seer.ufrgs.br\/index.php\/ppgdir\/index\"\n\t\t\t\t\t\t\ttarget=\"_blank\">\n\n\t\t\t\t\t\t\t<!-- Image, If Present -->\n\t\t\t\t\t\t\t2 - \t\t\t\t\t\t\t\t\t\t\t\t\t\t\n\t\t\t\t\t\t\t\n\t\t\t\t\t\t\t\t<span class=\"list-img\">\n\t\t\t\t\t\t\t\t\t\t\t\t\t\t\t\t\t\t<img src=\"https:\/\/www.uninter.com\/biblioteca\/wp-content\/uploads\/2019\/08\/cadernos-2-150x150.jpg\" alt=\"\">\n\t\t\t\t\t\t\t\t<\/span>\n\t\t\t\t\t\t\t\n\t\t\t\t\t\t\t<!-- Link Text -->\n\t\t\t\t\t\t\tCadernos do Programa de P\u00f3s-Gradua\u00e7\u00e3o em Direito\t\t\t\t\t\t\t\n\t\t\t\t\t\t\t\t\t\t\t\t\t\t<span style=\"font-size:12px;\"><br>\n\t                                \t\t\t\t\t\t\t<\/span>\t\n\t                        \n\t\t\t\t\t\t<\/a>\n\t\t\t\t\t\t\n\t\t\t\t\t\t\t<!-- upvote section -->\n\t\t\t\t\t\t\t<div class=\"upvote-section\">\n\t\t\t\t\t\t\t\t<span data-post-id=\"1312\" data-item-title=\"Cadernos do Programa de P\u00f3s-Gradua\u00e7\u00e3o em Direito\" data-item-link=\"https:\/\/seer.ufrgs.br\/index.php\/ppgdir\/index\" class=\"upvote-btn upvote-on\">\n\t\t\t\t\t\t\t\t\t<i class=\"fa fa-thumbs-up\"><\/i>\n\t\t\t\t\t\t\t\t<\/span>\n\t\t\t\t\t\t\t\t<span class=\"upvote-count\">\n\t\t\t\t\t\t\t\t\t2\t\t\t\t\t\t\t\t<\/span>\n\t\t\t\t\t\t\t<\/div>\n\t\t\t\t\t\t\t<!-- \/upvote section -->\n\n\t\t\t\t\t\t\t\t\t\t\t\t\n\t\t\t\t\t<\/li>\n\t\t\t\t\t\n\t\t\t\t\t<li id=\"item-1312-3\">\n\t\t\t\t\t\t\t\t\t\t\t\t<!-- List Anchor -->\n\t\t\t\t\t\t<a   href=\"https:\/\/www.portaldeperiodicos.idp.edu.br\/cienciajuridica\"\n\t\t\t\t\t\t\ttarget=\"_blank\">\n\n\t\t\t\t\t\t\t<!-- Image, If Present -->\n\t\t\t\t\t\t\t3 - \t\t\t\t\t\t\t\t\t\t\t\t\t\t\n\t\t\t\t\t\t\t\n\t\t\t\t\t\t\t\t<span class=\"list-img\">\n\t\t\t\t\t\t\t\t\t\t\t\t\t\t\t\t\t\t<img src=\"https:\/\/www.uninter.com\/biblioteca\/wp-content\/uploads\/2019\/08\/foco-1-150x150.jpg\" alt=\"\">\n\t\t\t\t\t\t\t\t<\/span>\n\t\t\t\t\t\t\t\n\t\t\t\t\t\t\t<!-- Link Text -->\n\t\t\t\t\t\t\tRevista Ci\u00eancia Jur\u00eddica em Foco\t\t\t\t\t\t\t\n\t\t\t\t\t\t\t\t\t\t\t\t\t\t<span style=\"font-size:12px;\"><br>\n\t                                \t\t\t\t\t\t\t<\/span>\t\n\t                        \n\t\t\t\t\t\t<\/a>\n\t\t\t\t\t\t\n\t\t\t\t\t\t\t<!-- upvote section -->\n\t\t\t\t\t\t\t<div class=\"upvote-section\">\n\t\t\t\t\t\t\t\t<span data-post-id=\"1312\" data-item-title=\"Revista Ci\u00eancia Jur\u00eddica em Foco\" data-item-link=\"https:\/\/www.portaldeperiodicos.idp.edu.br\/cienciajuridica\" class=\"upvote-btn upvote-on\">\n\t\t\t\t\t\t\t\t\t<i class=\"fa fa-thumbs-up\"><\/i>\n\t\t\t\t\t\t\t\t<\/span>\n\t\t\t\t\t\t\t\t<span class=\"upvote-count\">\n\t\t\t\t\t\t\t\t\t2\t\t\t\t\t\t\t\t<\/span>\n\t\t\t\t\t\t\t<\/div>\n\t\t\t\t\t\t\t<!-- \/upvote section -->\n\n\t\t\t\t\t\t\t\t\t\t\t\t\n\t\t\t\t\t<\/li>\n\t\t\t\t\t\n\t\t\t\t\t<li id=\"item-1312-4\">\n\t\t\t\t\t\t\t\t\t\t\t\t<!-- List Anchor -->\n\t\t\t\t\t\t<a   href=\"http:\/\/direitoestadosociedade.jur.puc-rio.br\/cgi\/cgilua.exe\/sys\/start.htm?tpl=home\"\n\t\t\t\t\t\t\ttarget=\"_blank\">\n\n\t\t\t\t\t\t\t<!-- Image, If Present -->\n\t\t\t\t\t\t\t4 - \t\t\t\t\t\t\t\t\t\t\t\t\t\t\n\t\t\t\t\t\t\t\n\t\t\t\t\t\t\t\t<span class=\"list-img\">\n\t\t\t\t\t\t\t\t\t\t\t\t\t\t\t\t\t\t<img src=\"https:\/\/www.uninter.com\/biblioteca\/wp-content\/uploads\/2019\/08\/sociedade-2-150x150.jpg\" alt=\"\">\n\t\t\t\t\t\t\t\t<\/span>\n\t\t\t\t\t\t\t\n\t\t\t\t\t\t\t<!-- Link Text -->\n\t\t\t\t\t\t\tRevista Direito, Estado e Sociedade\t\t\t\t\t\t\t\n\t\t\t\t\t\t\t\t\t\t\t\t\t\t<span style=\"font-size:12px;\"><br>\n\t                                \t\t\t\t\t\t\t<\/span>\t\n\t                        \n\t\t\t\t\t\t<\/a>\n\t\t\t\t\t\t\n\t\t\t\t\t\t\t<!-- upvote section -->\n\t\t\t\t\t\t\t<div class=\"upvote-section\">\n\t\t\t\t\t\t\t\t<span data-post-id=\"1312\" data-item-title=\"Revista Direito, Estado e Sociedade\" data-item-link=\"http:\/\/direitoestadosociedade.jur.puc-rio.br\/cgi\/cgilua.exe\/sys\/start.htm?tpl=home\" class=\"upvote-btn upvote-on\">\n\t\t\t\t\t\t\t\t\t<i class=\"fa fa-thumbs-up\"><\/i>\n\t\t\t\t\t\t\t\t<\/span>\n\t\t\t\t\t\t\t\t<span class=\"upvote-count\">\n\t\t\t\t\t\t\t\t\t2\t\t\t\t\t\t\t\t<\/span>\n\t\t\t\t\t\t\t<\/div>\n\t\t\t\t\t\t\t<!-- \/upvote section -->\n\n\t\t\t\t\t\t\t\t\t\t\t\t\n\t\t\t\t\t<\/li>\n\t\t\t\t\t\n\t\t\t\t\t<li id=\"item-1312-5\">\n\t\t\t\t\t\t\t\t\t\t\t\t<!-- List Anchor -->\n\t\t\t\t\t\t<a   href=\"https:\/\/www.portaldeperiodicos.idp.edu.br\/cadernovirtual\"\n\t\t\t\t\t\t\ttarget=\"_blank\">\n\n\t\t\t\t\t\t\t<!-- Image, If Present -->\n\t\t\t\t\t\t\t5 - \t\t\t\t\t\t\t\t\t\t\t\t\t\t\n\t\t\t\t\t\t\t\n\t\t\t\t\t\t\t\t<span class=\"list-img\">\n\t\t\t\t\t\t\t\t\t\t\t\t\t\t\t\t\t\t<img src=\"https:\/\/www.uninter.com\/biblioteca\/wp-content\/uploads\/2019\/08\/virtual-150x150.jpg\" alt=\"\">\n\t\t\t\t\t\t\t\t<\/span>\n\t\t\t\t\t\t\t\n\t\t\t\t\t\t\t<!-- Link Text -->\n\t\t\t\t\t\t\tCaderno Virtual\t\t\t\t\t\t\t\n\t\t\t\t\t\t\t\t\t\t\t\t\t\t<span style=\"font-size:12px;\"><br>\n\t                                \t\t\t\t\t\t\t<\/span>\t\n\t                        \n\t\t\t\t\t\t<\/a>\n\t\t\t\t\t\t\n\t\t\t\t\t\t\t<!-- upvote section -->\n\t\t\t\t\t\t\t<div class=\"upvote-section\">\n\t\t\t\t\t\t\t\t<span data-post-id=\"1312\" data-item-title=\"Caderno Virtual\" data-item-link=\"https:\/\/www.portaldeperiodicos.idp.edu.br\/cadernovirtual\" class=\"upvote-btn upvote-on\">\n\t\t\t\t\t\t\t\t\t<i class=\"fa fa-thumbs-up\"><\/i>\n\t\t\t\t\t\t\t\t<\/span>\n\t\t\t\t\t\t\t\t<span class=\"upvote-count\">\n\t\t\t\t\t\t\t\t\t2\t\t\t\t\t\t\t\t<\/span>\n\t\t\t\t\t\t\t<\/div>\n\t\t\t\t\t\t\t<!-- \/upvote section -->\n\n\t\t\t\t\t\t\t\t\t\t\t\t\n\t\t\t\t\t<\/li>\n\t\t\t\t\t\n\t\t\t\t\t<li id=\"item-1312-6\">\n\t\t\t\t\t\t\t\t\t\t\t\t<!-- List Anchor -->\n\t\t\t\t\t\t<a   href=\"https:\/\/ojs.franca.unesp.br\/index.php\/direitoalternativo\"\n\t\t\t\t\t\t\ttarget=\"_blank\">\n\n\t\t\t\t\t\t\t<!-- Image, If Present -->\n\t\t\t\t\t\t\t6 - \t\t\t\t\t\t\t\t\t\t\t\t\t\t\n\t\t\t\t\t\t\t\n\t\t\t\t\t\t\t\t<span class=\"list-img\">\n\t\t\t\t\t\t\t\t\t\t\t\t\t\t\t\t\t\t<img src=\"https:\/\/www.uninter.com\/biblioteca\/wp-content\/uploads\/2019\/08\/alternativo-150x150.jpg\" alt=\"\">\n\t\t\t\t\t\t\t\t<\/span>\n\t\t\t\t\t\t\t\n\t\t\t\t\t\t\t<!-- Link Text -->\n\t\t\t\t\t\t\tRevista O Direito Alternativo\t\t\t\t\t\t\t\n\t\t\t\t\t\t\t\t\t\t\t\t\t\t<span style=\"font-size:12px;\"><br>\n\t                                \t\t\t\t\t\t\t<\/span>\t\n\t                        \n\t\t\t\t\t\t<\/a>\n\t\t\t\t\t\t\n\t\t\t\t\t\t\t<!-- upvote section -->\n\t\t\t\t\t\t\t<div class=\"upvote-section\">\n\t\t\t\t\t\t\t\t<span data-post-id=\"1312\" data-item-title=\"Revista O Direito Alternativo\" data-item-link=\"https:\/\/ojs.franca.unesp.br\/index.php\/direitoalternativo\" class=\"upvote-btn upvote-on\">\n\t\t\t\t\t\t\t\t\t<i class=\"fa fa-thumbs-up\"><\/i>\n\t\t\t\t\t\t\t\t<\/span>\n\t\t\t\t\t\t\t\t<span class=\"upvote-count\">\n\t\t\t\t\t\t\t\t\t2\t\t\t\t\t\t\t\t<\/span>\n\t\t\t\t\t\t\t<\/div>\n\t\t\t\t\t\t\t<!-- \/upvote section -->\n\n\t\t\t\t\t\t\t\t\t\t\t\t\n\t\t\t\t\t<\/li>\n\t\t\t\t\t\n\t\t\t\t\t<li id=\"item-1312-7\">\n\t\t\t\t\t\t\t\t\t\t\t\t<!-- List Anchor -->\n\t\t\t\t\t\t<a   href=\"https:\/\/www.revistas.ufg.br\/revfd\/index\"\n\t\t\t\t\t\t\ttarget=\"_blank\">\n\n\t\t\t\t\t\t\t<!-- Image, If Present -->\n\t\t\t\t\t\t\t7 - \t\t\t\t\t\t\t\t\t\t\t\t\t\t\n\t\t\t\t\t\t\t\n\t\t\t\t\t\t\t\t<span class=\"list-img\">\n\t\t\t\t\t\t\t\t\t\t\t\t\t\t\t\t\t\t<img src=\"https:\/\/www.uninter.com\/biblioteca\/wp-content\/uploads\/2019\/08\/ufg-150x150.jpg\" alt=\"\">\n\t\t\t\t\t\t\t\t<\/span>\n\t\t\t\t\t\t\t\n\t\t\t\t\t\t\t<!-- Link Text -->\n\t\t\t\t\t\t\tRevista da Faculdade de Direito da UFG\t\t\t\t\t\t\t\n\t\t\t\t\t\t\t\t\t\t\t\t\t\t<span style=\"font-size:12px;\"><br>\n\t                                \t\t\t\t\t\t\t<\/span>\t\n\t                        \n\t\t\t\t\t\t<\/a>\n\t\t\t\t\t\t\n\t\t\t\t\t\t\t<!-- upvote section -->\n\t\t\t\t\t\t\t<div class=\"upvote-section\">\n\t\t\t\t\t\t\t\t<span data-post-id=\"1312\" data-item-title=\"Revista da Faculdade de Direito da UFG\" data-item-link=\"https:\/\/www.revistas.ufg.br\/revfd\/index\" class=\"upvote-btn upvote-on\">\n\t\t\t\t\t\t\t\t\t<i class=\"fa fa-thumbs-up\"><\/i>\n\t\t\t\t\t\t\t\t<\/span>\n\t\t\t\t\t\t\t\t<span class=\"upvote-count\">\n\t\t\t\t\t\t\t\t\t2\t\t\t\t\t\t\t\t<\/span>\n\t\t\t\t\t\t\t<\/div>\n\t\t\t\t\t\t\t<!-- \/upvote section -->\n\n\t\t\t\t\t\t\t\t\t\t\t\t\n\t\t\t\t\t<\/li>\n\t\t\t\t\t\n\t\t\t\t\t<li id=\"item-1312-8\">\n\t\t\t\t\t\t\t\t\t\t\t\t<!-- List Anchor -->\n\t\t\t\t\t\t<a   href=\"http:\/\/periodicos.pucminas.br\/index.php\/Direito\"\n\t\t\t\t\t\t\ttarget=\"_blank\">\n\n\t\t\t\t\t\t\t<!-- Image, If Present -->\n\t\t\t\t\t\t\t8 - \t\t\t\t\t\t\t\t\t\t\t\t\t\t\n\t\t\t\t\t\t\t\n\t\t\t\t\t\t\t\t<span class=\"list-img\">\n\t\t\t\t\t\t\t\t\t\t\t\t\t\t\t\t\t\t<img src=\"https:\/\/www.uninter.com\/biblioteca\/wp-content\/uploads\/2019\/08\/minaira-150x150.jpg\" alt=\"\">\n\t\t\t\t\t\t\t\t<\/span>\n\t\t\t\t\t\t\t\n\t\t\t\t\t\t\t<!-- Link Text -->\n\t\t\t\t\t\t\tRevista da Faculdade Mineira de Direito\t\t\t\t\t\t\t\n\t\t\t\t\t\t\t\t\t\t\t\t\t\t<span style=\"font-size:12px;\"><br>\n\t                                \t\t\t\t\t\t\t<\/span>\t\n\t                        \n\t\t\t\t\t\t<\/a>\n\t\t\t\t\t\t\n\t\t\t\t\t\t\t<!-- upvote section -->\n\t\t\t\t\t\t\t<div class=\"upvote-section\">\n\t\t\t\t\t\t\t\t<span data-post-id=\"1312\" data-item-title=\"Revista da Faculdade Mineira de Direito\" data-item-link=\"http:\/\/periodicos.pucminas.br\/index.php\/Direito\" class=\"upvote-btn upvote-on\">\n\t\t\t\t\t\t\t\t\t<i class=\"fa fa-thumbs-up\"><\/i>\n\t\t\t\t\t\t\t\t<\/span>\n\t\t\t\t\t\t\t\t<span class=\"upvote-count\">\n\t\t\t\t\t\t\t\t\t2\t\t\t\t\t\t\t\t<\/span>\n\t\t\t\t\t\t\t<\/div>\n\t\t\t\t\t\t\t<!-- \/upvote section -->\n\n\t\t\t\t\t\t\t\t\t\t\t\t\n\t\t\t\t\t<\/li>\n\t\t\t\t\t\n\t\t\t\t\t<li id=\"item-1312-9\">\n\t\t\t\t\t\t\t\t\t\t\t\t<!-- List Anchor -->\n\t\t\t\t\t\t<a   href=\"http:\/\/www.uel.br\/revistas\/uel\/index.php\/direitopub\"\n\t\t\t\t\t\t\ttarget=\"_blank\">\n\n\t\t\t\t\t\t\t<!-- Image, If Present -->\n\t\t\t\t\t\t\t9 - \t\t\t\t\t\t\t\t\t\t\t\t\t\t\n\t\t\t\t\t\t\t\n\t\t\t\t\t\t\t\t<span class=\"list-img\">\n\t\t\t\t\t\t\t\t\t\t\t\t\t\t\t\t\t\t<img src=\"https:\/\/www.uninter.com\/biblioteca\/wp-content\/uploads\/2019\/08\/publico-150x150.jpg\" alt=\"\">\n\t\t\t\t\t\t\t\t<\/span>\n\t\t\t\t\t\t\t\n\t\t\t\t\t\t\t<!-- Link Text -->\n\t\t\t\t\t\t\tRevista de Direito P\u00fablico\t\t\t\t\t\t\t\n\t\t\t\t\t\t\t\t\t\t\t\t\t\t<span style=\"font-size:12px;\"><br>\n\t                                \t\t\t\t\t\t\t<\/span>\t\n\t                        \n\t\t\t\t\t\t<\/a>\n\t\t\t\t\t\t\n\t\t\t\t\t\t\t<!-- upvote section -->\n\t\t\t\t\t\t\t<div class=\"upvote-section\">\n\t\t\t\t\t\t\t\t<span data-post-id=\"1312\" data-item-title=\"Revista de Direito P\u00fablico\" data-item-link=\"http:\/\/www.uel.br\/revistas\/uel\/index.php\/direitopub\" class=\"upvote-btn upvote-on\">\n\t\t\t\t\t\t\t\t\t<i class=\"fa fa-thumbs-up\"><\/i>\n\t\t\t\t\t\t\t\t<\/span>\n\t\t\t\t\t\t\t\t<span class=\"upvote-count\">\n\t\t\t\t\t\t\t\t\t2\t\t\t\t\t\t\t\t<\/span>\n\t\t\t\t\t\t\t<\/div>\n\t\t\t\t\t\t\t<!-- \/upvote section -->\n\n\t\t\t\t\t\t\t\t\t\t\t\t\n\t\t\t\t\t<\/li>\n\t\t\t\t\t\n\t\t\t\t\t<li id=\"item-1312-10\">\n\t\t\t\t\t\t\t\t\t\t\t\t<!-- List Anchor -->\n\t\t\t\t\t\t<a   href=\"https:\/\/ojs.franca.unesp.br\/index.php\/estudosjuridicosunesp\"\n\t\t\t\t\t\t\ttarget=\"_blank\">\n\n\t\t\t\t\t\t\t<!-- Image, If Present -->\n\t\t\t\t\t\t\t10 - \t\t\t\t\t\t\t\t\t\t\t\t\t\t\n\t\t\t\t\t\t\t\n\t\t\t\t\t\t\t\t<span class=\"list-img\">\n\t\t\t\t\t\t\t\t\t\t\t\t\t\t\t\t\t\t<img src=\"https:\/\/www.uninter.com\/biblioteca\/wp-content\/uploads\/2019\/08\/unesp-150x150.jpg\" alt=\"\">\n\t\t\t\t\t\t\t\t<\/span>\n\t\t\t\t\t\t\t\n\t\t\t\t\t\t\t<!-- Link Text -->\n\t\t\t\t\t\t\tRevista de Estudos Jur\u00eddicos\t\t\t\t\t\t\t\n\t\t\t\t\t\t\t\t\t\t\t\t\t\t<span style=\"font-size:12px;\"><br>\n\t                                \t\t\t\t\t\t\t<\/span>\t\n\t                        \n\t\t\t\t\t\t<\/a>\n\t\t\t\t\t\t\n\t\t\t\t\t\t\t<!-- upvote section -->\n\t\t\t\t\t\t\t<div class=\"upvote-section\">\n\t\t\t\t\t\t\t\t<span data-post-id=\"1312\" data-item-title=\"Revista de Estudos Jur\u00eddicos\" data-item-link=\"https:\/\/ojs.franca.unesp.br\/index.php\/estudosjuridicosunesp\" class=\"upvote-btn upvote-on\">\n\t\t\t\t\t\t\t\t\t<i class=\"fa fa-thumbs-up\"><\/i>\n\t\t\t\t\t\t\t\t<\/span>\n\t\t\t\t\t\t\t\t<span class=\"upvote-count\">\n\t\t\t\t\t\t\t\t\t2\t\t\t\t\t\t\t\t<\/span>\n\t\t\t\t\t\t\t<\/div>\n\t\t\t\t\t\t\t<!-- \/upvote section -->\n\n\t\t\t\t\t\t\t\t\t\t\t\t\n\t\t\t\t\t<\/li>\n\t\t\t\t\t\n\t\t\t\t\t<li id=\"item-1312-11\">\n\t\t\t\t\t\t\t\t\t\t\t\t<!-- List Anchor -->\n\t\t\t\t\t\t<a   href=\"http:\/\/revistaeletronicardfd.unibrasil.com.br\/index.php\/rdfd\"\n\t\t\t\t\t\t\ttarget=\"_blank\">\n\n\t\t\t\t\t\t\t<!-- Image, If Present -->\n\t\t\t\t\t\t\t11 - \t\t\t\t\t\t\t\t\t\t\t\t\t\t\n\t\t\t\t\t\t\t\n\t\t\t\t\t\t\t\t<span class=\"list-img\">\n\t\t\t\t\t\t\t\t\t\t\t\t\t\t\t\t\t\t<img src=\"https:\/\/www.uninter.com\/biblioteca\/wp-content\/uploads\/2019\/08\/democracia-150x150.jpg\" alt=\"\">\n\t\t\t\t\t\t\t\t<\/span>\n\t\t\t\t\t\t\t\n\t\t\t\t\t\t\t<!-- Link Text -->\n\t\t\t\t\t\t\tRevista Direitos Fundamentais &amp; Democracia\t\t\t\t\t\t\t\n\t\t\t\t\t\t\t\t\t\t\t\t\t\t<span style=\"font-size:12px;\"><br>\n\t                                \t\t\t\t\t\t\t<\/span>\t\n\t                        \n\t\t\t\t\t\t<\/a>\n\t\t\t\t\t\t\n\t\t\t\t\t\t\t<!-- upvote section -->\n\t\t\t\t\t\t\t<div class=\"upvote-section\">\n\t\t\t\t\t\t\t\t<span data-post-id=\"1312\" data-item-title=\"Revista Direitos Fundamentais &amp; Democracia\" data-item-link=\"http:\/\/revistaeletronicardfd.unibrasil.com.br\/index.php\/rdfd\" class=\"upvote-btn upvote-on\">\n\t\t\t\t\t\t\t\t\t<i class=\"fa fa-thumbs-up\"><\/i>\n\t\t\t\t\t\t\t\t<\/span>\n\t\t\t\t\t\t\t\t<span class=\"upvote-count\">\n\t\t\t\t\t\t\t\t\t2\t\t\t\t\t\t\t\t<\/span>\n\t\t\t\t\t\t\t<\/div>\n\t\t\t\t\t\t\t<!-- \/upvote section -->\n\n\t\t\t\t\t\t\t\t\t\t\t\t\n\t\t\t\t\t<\/li>\n\t\t\t\t\t\n\t\t\t\t\t<li id=\"item-1312-12\">\n\t\t\t\t\t\t\t\t\t\t\t\t<!-- List Anchor -->\n\t\t\t\t\t\t<a   href=\"https:\/\/siaiap32.univali.br\/\/seer\/index.php\/rdp\"\n\t\t\t\t\t\t\ttarget=\"_blank\">\n\n\t\t\t\t\t\t\t<!-- Image, If Present -->\n\t\t\t\t\t\t\t12 - \t\t\t\t\t\t\t\t\t\t\t\t\t\t\n\t\t\t\t\t\t\t\n\t\t\t\t\t\t\t\t<span class=\"list-img\">\n\t\t\t\t\t\t\t\t\t\t\t\t\t\t\t\t\t\t<img src=\"https:\/\/www.uninter.com\/biblioteca\/wp-content\/uploads\/2019\/08\/politica-1-150x150.jpg\" alt=\"\">\n\t\t\t\t\t\t\t\t<\/span>\n\t\t\t\t\t\t\t\n\t\t\t\t\t\t\t<!-- Link Text -->\n\t\t\t\t\t\t\tRevista Eletr\u00f4nica Direito e Pol\u00edtica\t\t\t\t\t\t\t\n\t\t\t\t\t\t\t\t\t\t\t\t\t\t<span style=\"font-size:12px;\"><br>\n\t                                \t\t\t\t\t\t\t<\/span>\t\n\t                        \n\t\t\t\t\t\t<\/a>\n\t\t\t\t\t\t\n\t\t\t\t\t\t\t<!-- upvote section -->\n\t\t\t\t\t\t\t<div class=\"upvote-section\">\n\t\t\t\t\t\t\t\t<span data-post-id=\"1312\" data-item-title=\"Revista Eletr\u00f4nica Direito e Pol\u00edtica\" data-item-link=\"https:\/\/siaiap32.univali.br\/\/seer\/index.php\/rdp\" class=\"upvote-btn upvote-on\">\n\t\t\t\t\t\t\t\t\t<i class=\"fa fa-thumbs-up\"><\/i>\n\t\t\t\t\t\t\t\t<\/span>\n\t\t\t\t\t\t\t\t<span class=\"upvote-count\">\n\t\t\t\t\t\t\t\t\t2\t\t\t\t\t\t\t\t<\/span>\n\t\t\t\t\t\t\t<\/div>\n\t\t\t\t\t\t\t<!-- \/upvote section -->\n\n\t\t\t\t\t\t\t\t\t\t\t\t\n\t\t\t\t\t<\/li>\n\t\t\t\t\t\n\t\t\t\t\t<li id=\"item-1312-13\">\n\t\t\t\t\t\t\t\t\t\t\t\t<!-- List Anchor -->\n\t\t\t\t\t\t<a   href=\"http:\/\/periodicos.pucminas.br\/index.php\/DireitoSerro\"\n\t\t\t\t\t\t\ttarget=\"_blank\">\n\n\t\t\t\t\t\t\t<!-- Image, If Present -->\n\t\t\t\t\t\t\t13 - \t\t\t\t\t\t\t\t\t\t\t\t\t\t\n\t\t\t\t\t\t\t\n\t\t\t\t\t\t\t\t<span class=\"list-img\">\n\t\t\t\t\t\t\t\t\t\t\t\t\t\t\t\t\t\t<img src=\"https:\/\/www.uninter.com\/biblioteca\/wp-content\/uploads\/2019\/08\/eletronica-150x150.jpg\" alt=\"\">\n\t\t\t\t\t\t\t\t<\/span>\n\t\t\t\t\t\t\t\n\t\t\t\t\t\t\t<!-- Link Text -->\n\t\t\t\t\t\t\tRevista Eletr\u00f4nica do Curso de Direito\t\t\t\t\t\t\t\n\t\t\t\t\t\t\t\t\t\t\t\t\t\t<span style=\"font-size:12px;\"><br>\n\t                                \t\t\t\t\t\t\t<\/span>\t\n\t                        \n\t\t\t\t\t\t<\/a>\n\t\t\t\t\t\t\n\t\t\t\t\t\t\t<!-- upvote section -->\n\t\t\t\t\t\t\t<div class=\"upvote-section\">\n\t\t\t\t\t\t\t\t<span data-post-id=\"1312\" data-item-title=\"Revista Eletr\u00f4nica do Curso de Direito\" data-item-link=\"http:\/\/periodicos.pucminas.br\/index.php\/DireitoSerro\" class=\"upvote-btn upvote-on\">\n\t\t\t\t\t\t\t\t\t<i class=\"fa fa-thumbs-up\"><\/i>\n\t\t\t\t\t\t\t\t<\/span>\n\t\t\t\t\t\t\t\t<span class=\"upvote-count\">\n\t\t\t\t\t\t\t\t\t2\t\t\t\t\t\t\t\t<\/span>\n\t\t\t\t\t\t\t<\/div>\n\t\t\t\t\t\t\t<!-- \/upvote section -->\n\n\t\t\t\t\t\t\t\t\t\t\t\t\n\t\t\t\t\t<\/li>\n\t\t\t\t\t\n\t\t\t\t\t<li id=\"item-1312-14\">\n\t\t\t\t\t\t\t\t\t\t\t\t<!-- List Anchor -->\n\t\t\t\t\t\t<a   href=\"https:\/\/idec.org.br\/revistas\"\n\t\t\t\t\t\t\ttarget=\"_blank\">\n\n\t\t\t\t\t\t\t<!-- Image, If Present -->\n\t\t\t\t\t\t\t14 - \t\t\t\t\t\t\t\t\t\t\t\t\t\t\n\t\t\t\t\t\t\t\n\t\t\t\t\t\t\t\t<span class=\"list-img\">\n\t\t\t\t\t\t\t\t\t\t\t\t\t\t\t\t\t\t<img src=\"https:\/\/www.uninter.com\/biblioteca\/wp-content\/uploads\/2019\/08\/idex-150x150.jpg\" alt=\"\">\n\t\t\t\t\t\t\t\t<\/span>\n\t\t\t\t\t\t\t\n\t\t\t\t\t\t\t<!-- Link Text -->\n\t\t\t\t\t\t\tRevista Idec\t\t\t\t\t\t\t\n\t\t\t\t\t\t\t\t\t\t\t\t\t\t<span style=\"font-size:12px;\"><br>\n\t                                \t\t\t\t\t\t\t<\/span>\t\n\t                        \n\t\t\t\t\t\t<\/a>\n\t\t\t\t\t\t\n\t\t\t\t\t\t\t<!-- upvote section -->\n\t\t\t\t\t\t\t<div class=\"upvote-section\">\n\t\t\t\t\t\t\t\t<span data-post-id=\"1312\" data-item-title=\"Revista Idec\" data-item-link=\"https:\/\/idec.org.br\/revistas\" class=\"upvote-btn upvote-on\">\n\t\t\t\t\t\t\t\t\t<i class=\"fa fa-thumbs-up\"><\/i>\n\t\t\t\t\t\t\t\t<\/span>\n\t\t\t\t\t\t\t\t<span class=\"upvote-count\">\n\t\t\t\t\t\t\t\t\t2\t\t\t\t\t\t\t\t<\/span>\n\t\t\t\t\t\t\t<\/div>\n\t\t\t\t\t\t\t<!-- \/upvote section -->\n\n\t\t\t\t\t\t\t\t\t\t\t\t\n\t\t\t\t\t<\/li>\n\t\t\t\t\t\n\t\t\t\t\t<li id=\"item-1312-15\">\n\t\t\t\t\t\t\t\t\t\t\t\t<!-- List Anchor -->\n\t\t\t\t\t\t<a   href=\"https:\/\/www3.faac.unesp.br\/ridh\/index.php\/ridh\"\n\t\t\t\t\t\t\ttarget=\"_blank\">\n\n\t\t\t\t\t\t\t<!-- Image, If Present -->\n\t\t\t\t\t\t\t15 - \t\t\t\t\t\t\t\t\t\t\t\t\t\t\n\t\t\t\t\t\t\t\n\t\t\t\t\t\t\t\t<span class=\"list-img\">\n\t\t\t\t\t\t\t\t\t\t\t\t\t\t\t\t\t\t<img src=\"https:\/\/www.uninter.com\/biblioteca\/wp-content\/uploads\/2019\/08\/humanos-150x150.jpg\" alt=\"\">\n\t\t\t\t\t\t\t\t<\/span>\n\t\t\t\t\t\t\t\n\t\t\t\t\t\t\t<!-- Link Text -->\n\t\t\t\t\t\t\tRevista Interdisciplinar de Direitos Humanos\t\t\t\t\t\t\t\n\t\t\t\t\t\t\t\t\t\t\t\t\t\t<span style=\"font-size:12px;\"><br>\n\t                                \t\t\t\t\t\t\t<\/span>\t\n\t                        \n\t\t\t\t\t\t<\/a>\n\t\t\t\t\t\t\n\t\t\t\t\t\t\t<!-- upvote section -->\n\t\t\t\t\t\t\t<div class=\"upvote-section\">\n\t\t\t\t\t\t\t\t<span data-post-id=\"1312\" data-item-title=\"Revista Interdisciplinar de Direitos Humanos\" data-item-link=\"https:\/\/www3.faac.unesp.br\/ridh\/index.php\/ridh\" class=\"upvote-btn upvote-on\">\n\t\t\t\t\t\t\t\t\t<i class=\"fa fa-thumbs-up\"><\/i>\n\t\t\t\t\t\t\t\t<\/span>\n\t\t\t\t\t\t\t\t<span class=\"upvote-count\">\n\t\t\t\t\t\t\t\t\t2\t\t\t\t\t\t\t\t<\/span>\n\t\t\t\t\t\t\t<\/div>\n\t\t\t\t\t\t\t<!-- \/upvote section -->\n\n\t\t\t\t\t\t\t\t\t\t\t\t\n\t\t\t\t\t<\/li>\n\t\t\t\t\t\n\t\t\t\t\t<li id=\"item-1312-16\">\n\t\t\t\t\t\t\t\t\t\t\t\t<!-- List Anchor -->\n\t\t\t\t\t\t<a   href=\"http:\/\/revista.unicuritiba.edu.br\/index.php\/RevJur\/index\"\n\t\t\t\t\t\t\ttarget=\"_blank\">\n\n\t\t\t\t\t\t\t<!-- Image, If Present -->\n\t\t\t\t\t\t\t16 - \t\t\t\t\t\t\t\t\t\t\t\t\t\t\n\t\t\t\t\t\t\t\n\t\t\t\t\t\t\t\t<span class=\"list-img\">\n\t\t\t\t\t\t\t\t\t\t\t\t\t\t\t\t\t\t<img src=\"https:\/\/www.uninter.com\/biblioteca\/wp-content\/uploads\/2019\/08\/juridica-150x150.jpg\" alt=\"\">\n\t\t\t\t\t\t\t\t<\/span>\n\t\t\t\t\t\t\t\n\t\t\t\t\t\t\t<!-- Link Text -->\n\t\t\t\t\t\t\tRevista Jur\u00eddica\t\t\t\t\t\t\t\n\t\t\t\t\t\t\t\t\t\t\t\t\t\t<span style=\"font-size:12px;\"><br>\n\t                                \t\t\t\t\t\t\t<\/span>\t\n\t                        \n\t\t\t\t\t\t<\/a>\n\t\t\t\t\t\t\n\t\t\t\t\t\t\t<!-- upvote section -->\n\t\t\t\t\t\t\t<div class=\"upvote-section\">\n\t\t\t\t\t\t\t\t<span data-post-id=\"1312\" data-item-title=\"Revista Jur\u00eddica\" data-item-link=\"http:\/\/revista.unicuritiba.edu.br\/index.php\/RevJur\/index\" class=\"upvote-btn upvote-on\">\n\t\t\t\t\t\t\t\t\t<i class=\"fa fa-thumbs-up\"><\/i>\n\t\t\t\t\t\t\t\t<\/span>\n\t\t\t\t\t\t\t\t<span class=\"upvote-count\">\n\t\t\t\t\t\t\t\t\t2\t\t\t\t\t\t\t\t<\/span>\n\t\t\t\t\t\t\t<\/div>\n\t\t\t\t\t\t\t<!-- \/upvote section -->\n\n\t\t\t\t\t\t\t\t\t\t\t\t\n\t\t\t\t\t<\/li>\n\t\t\t\t\t\n\t\t\t\t\t<li id=\"item-1312-17\">\n\t\t\t\t\t\t\t\t\t\t\t\t<!-- List Anchor -->\n\t\t\t\t\t\t<a   href=\"https:\/\/revistajusticaesistemacriminal.fae.edu\/direito\/about\/editorialPolicies#focusAndScope\"\n\t\t\t\t\t\t\ttarget=\"_blank\">\n\n\t\t\t\t\t\t\t<!-- Image, If Present -->\n\t\t\t\t\t\t\t17 - \t\t\t\t\t\t\t\t\t\t\t\t\t\t\n\t\t\t\t\t\t\t\n\t\t\t\t\t\t\t\t<span class=\"list-img\">\n\t\t\t\t\t\t\t\t\t\t\t\t\t\t\t\t\t\t<img src=\"https:\/\/www.uninter.com\/biblioteca\/wp-content\/uploads\/2019\/08\/criminal-150x150.jpg\" alt=\"\">\n\t\t\t\t\t\t\t\t<\/span>\n\t\t\t\t\t\t\t\n\t\t\t\t\t\t\t<!-- Link Text -->\n\t\t\t\t\t\t\tRevista Justi\u00e7a e Sistema Criminal\t\t\t\t\t\t\t\n\t\t\t\t\t\t\t\t\t\t\t\t\t\t<span style=\"font-size:12px;\"><br>\n\t                                \t\t\t\t\t\t\t<\/span>\t\n\t                        \n\t\t\t\t\t\t<\/a>\n\t\t\t\t\t\t\n\t\t\t\t\t\t\t<!-- upvote section -->\n\t\t\t\t\t\t\t<div class=\"upvote-section\">\n\t\t\t\t\t\t\t\t<span data-post-id=\"1312\" data-item-title=\"Revista Justi\u00e7a e Sistema Criminal\" data-item-link=\"https:\/\/revistajusticaesistemacriminal.fae.edu\/direito\/about\/editorialPolicies#focusAndScope\" class=\"upvote-btn upvote-on\">\n\t\t\t\t\t\t\t\t\t<i class=\"fa fa-thumbs-up\"><\/i>\n\t\t\t\t\t\t\t\t<\/span>\n\t\t\t\t\t\t\t\t<span class=\"upvote-count\">\n\t\t\t\t\t\t\t\t\t2\t\t\t\t\t\t\t\t<\/span>\n\t\t\t\t\t\t\t<\/div>\n\t\t\t\t\t\t\t<!-- \/upvote section -->\n\n\t\t\t\t\t\t\t\t\t\t\t\t\n\t\t\t\t\t<\/li>\n\t\t\t\t\t\n\t\t\t\t\t<li id=\"item-1312-18\">\n\t\t\t\t\t\t\t\t\t\t\t\t<!-- List Anchor -->\n\t\t\t\t\t\t<a   href=\"http:\/\/periodicos.pucminas.br\/index.php\/virtuajus\"\n\t\t\t\t\t\t\ttarget=\"_blank\">\n\n\t\t\t\t\t\t\t<!-- Image, If Present -->\n\t\t\t\t\t\t\t18 - \t\t\t\t\t\t\t\t\t\t\t\t\t\t\n\t\t\t\t\t\t\t\n\t\t\t\t\t\t\t\t<span class=\"list-img\">\n\t\t\t\t\t\t\t\t\t\t\t\t\t\t\t\t\t\t<img src=\"https:\/\/www.uninter.com\/biblioteca\/wp-content\/uploads\/2019\/08\/virtuaJus-150x150.jpg\" alt=\"\">\n\t\t\t\t\t\t\t\t<\/span>\n\t\t\t\t\t\t\t\n\t\t\t\t\t\t\t<!-- Link Text -->\n\t\t\t\t\t\t\tRevista Virtuajus\t\t\t\t\t\t\t\n\t\t\t\t\t\t\t\t\t\t\t\t\t\t<span style=\"font-size:12px;\"><br>\n\t                                \t\t\t\t\t\t\t<\/span>\t\n\t                        \n\t\t\t\t\t\t<\/a>\n\t\t\t\t\t\t\n\t\t\t\t\t\t\t<!-- upvote section -->\n\t\t\t\t\t\t\t<div class=\"upvote-section\">\n\t\t\t\t\t\t\t\t<span data-post-id=\"1312\" data-item-title=\"Revista Virtuajus\" data-item-link=\"http:\/\/periodicos.pucminas.br\/index.php\/virtuajus\" class=\"upvote-btn upvote-on\">\n\t\t\t\t\t\t\t\t\t<i class=\"fa fa-thumbs-up\"><\/i>\n\t\t\t\t\t\t\t\t<\/span>\n\t\t\t\t\t\t\t\t<span class=\"upvote-count\">\n\t\t\t\t\t\t\t\t\t2\t\t\t\t\t\t\t\t<\/span>\n\t\t\t\t\t\t\t<\/div>\n\t\t\t\t\t\t\t<!-- \/upvote section -->\n\n\t\t\t\t\t\t\t\t\t\t\t\t\n\t\t\t\t\t<\/li>\n\t\t\t\t\t\n\t\t\t\t\t<li id=\"item-1312-19\">\n\t\t\t\t\t\t\t\t\t\t\t\t<!-- List Anchor -->\n\t\t\t\t\t\t<a   href=\"http:\/\/bibliotecadigital.fgv.br\/ojs\/index.php\/rda\/issue\/archive\"\n\t\t\t\t\t\t\ttarget=\"_blank\">\n\n\t\t\t\t\t\t\t<!-- Image, If Present -->\n\t\t\t\t\t\t\t19 - \t\t\t\t\t\t\t\t\t\t\t\t\t\t\n\t\t\t\t\t\t\t\n\t\t\t\t\t\t\t\t<span class=\"list-img\">\n\t\t\t\t\t\t\t\t\t\t\t\t\t\t\t\t\t\t<img src=\"https:\/\/www.uninter.com\/biblioteca\/wp-content\/uploads\/2019\/08\/Revista-RDB-150x150.jpg\" alt=\"\">\n\t\t\t\t\t\t\t\t<\/span>\n\t\t\t\t\t\t\t\n\t\t\t\t\t\t\t<!-- Link Text -->\n\t\t\t\t\t\t\tRevista de Direito Administrativo - RDB\t\t\t\t\t\t\t\n\t\t\t\t\t\t\t\t\t\t\t\t\t\t<span style=\"font-size:12px;\"><br>\n\t                                \t\t\t\t\t\t\t<\/span>\t\n\t                        \n\t\t\t\t\t\t<\/a>\n\t\t\t\t\t\t\n\t\t\t\t\t\t\t<!-- upvote section -->\n\t\t\t\t\t\t\t<div class=\"upvote-section\">\n\t\t\t\t\t\t\t\t<span data-post-id=\"1312\" data-item-title=\"Revista de Direito Administrativo - RDB\" data-item-link=\"http:\/\/bibliotecadigital.fgv.br\/ojs\/index.php\/rda\/issue\/archive\" class=\"upvote-btn upvote-on\">\n\t\t\t\t\t\t\t\t\t<i class=\"fa fa-thumbs-up\"><\/i>\n\t\t\t\t\t\t\t\t<\/span>\n\t\t\t\t\t\t\t\t<span class=\"upvote-count\">\n\t\t\t\t\t\t\t\t\t2\t\t\t\t\t\t\t\t<\/span>\n\t\t\t\t\t\t\t<\/div>\n\t\t\t\t\t\t\t<!-- \/upvote section -->\n\n\t\t\t\t\t\t\t\t\t\t\t\t\n\t\t\t\t\t<\/li>\n\t\t\t\t\t\n\t\t\t\t\t<li id=\"item-1312-20\">\n\t\t\t\t\t\t\t\t\t\t\t\t<!-- List Anchor -->\n\t\t\t\t\t\t<a   href=\"https:\/\/portalrevistas.ucb.br\/index.php\/REPATS\/issue\/view\/547\"\n\t\t\t\t\t\t\ttarget=\"_blank\">\n\n\t\t\t\t\t\t\t<!-- Image, If Present -->\n\t\t\t\t\t\t\t20 - \t\t\t\t\t\t\t\t\t\t\t\t\t\t\n\t\t\t\t\t\t\t\n\t\t\t\t\t\t\t\t<span class=\"list-img\">\n\t\t\t\t\t\t\t\t\t\t\t\t\t\t\t\t\t\t<img src=\"https:\/\/www.uninter.com\/biblioteca\/wp-content\/uploads\/2019\/08\/REPATS-150x150.png\" alt=\"\">\n\t\t\t\t\t\t\t\t<\/span>\n\t\t\t\t\t\t\t\n\t\t\t\t\t\t\t<!-- Link Text -->\n\t\t\t\t\t\t\tRevista de Estudos e Pesquisas Avan\u00e7adas do Terceiro Setor (REPATS)\t\t\t\t\t\t\t\n\t\t\t\t\t\t\t\t\t\t\t\t\t\t<span style=\"font-size:12px;\"><br>\n\t                                \t\t\t\t\t\t\t<\/span>\t\n\t                        \n\t\t\t\t\t\t<\/a>\n\t\t\t\t\t\t\n\t\t\t\t\t\t\t<!-- upvote section -->\n\t\t\t\t\t\t\t<div class=\"upvote-section\">\n\t\t\t\t\t\t\t\t<span data-post-id=\"1312\" data-item-title=\"Revista de Estudos e Pesquisas Avan\u00e7adas do Terceiro Setor (REPATS)\" data-item-link=\"https:\/\/portalrevistas.ucb.br\/index.php\/REPATS\/issue\/view\/547\" class=\"upvote-btn upvote-on\">\n\t\t\t\t\t\t\t\t\t<i class=\"fa fa-thumbs-up\"><\/i>\n\t\t\t\t\t\t\t\t<\/span>\n\t\t\t\t\t\t\t\t<span class=\"upvote-count\">\n\t\t\t\t\t\t\t\t\t2\t\t\t\t\t\t\t\t<\/span>\n\t\t\t\t\t\t\t<\/div>\n\t\t\t\t\t\t\t<!-- \/upvote section -->\n\n\t\t\t\t\t\t\t\t\t\t\t\t\n\t\t\t\t\t<\/li>\n\t\t\t\t\t\n\t\t\t\t\t<li id=\"item-1312-21\">\n\t\t\t\t\t\t\t\t\t\t\t\t<!-- List Anchor -->\n\t\t\t\t\t\t<a   href=\"http:\/\/www.tjmmg.jus.br\/rei\"\n\t\t\t\t\t\t\ttarget=\"_blank\">\n\n\t\t\t\t\t\t\t<!-- Image, If Present -->\n\t\t\t\t\t\t\t21 - \t\t\t\t\t\t\t\t\t\t\t\t\t\t\n\t\t\t\t\t\t\t\n\t\t\t\t\t\t\t\t<span class=\"list-img\">\n\t\t\t\t\t\t\t\t\t\t\t\t\t\t\t\t\t\t<img src=\"https:\/\/www.uninter.com\/biblioteca\/wp-content\/uploads\/2019\/08\/rev-estudos-e-informa\u00e7\u00f5es-150x150.jpg\" alt=\"\">\n\t\t\t\t\t\t\t\t<\/span>\n\t\t\t\t\t\t\t\n\t\t\t\t\t\t\t<!-- Link Text -->\n\t\t\t\t\t\t\tRevista de Estudos &amp; Informa\u00e7\u00f5es\t\t\t\t\t\t\t\n\t\t\t\t\t\t\t\t\t\t\t\t\t\t<span style=\"font-size:12px;\"><br>\n\t                                \t\t\t\t\t\t\t<\/span>\t\n\t                        \n\t\t\t\t\t\t<\/a>\n\t\t\t\t\t\t\n\t\t\t\t\t\t\t<!-- upvote section -->\n\t\t\t\t\t\t\t<div class=\"upvote-section\">\n\t\t\t\t\t\t\t\t<span data-post-id=\"1312\" data-item-title=\"Revista de Estudos &amp; Informa\u00e7\u00f5es\" data-item-link=\"http:\/\/www.tjmmg.jus.br\/rei\" class=\"upvote-btn upvote-on\">\n\t\t\t\t\t\t\t\t\t<i class=\"fa fa-thumbs-up\"><\/i>\n\t\t\t\t\t\t\t\t<\/span>\n\t\t\t\t\t\t\t\t<span class=\"upvote-count\">\n\t\t\t\t\t\t\t\t\t2\t\t\t\t\t\t\t\t<\/span>\n\t\t\t\t\t\t\t<\/div>\n\t\t\t\t\t\t\t<!-- \/upvote section -->\n\n\t\t\t\t\t\t\t\t\t\t\t\t\n\t\t\t\t\t<\/li>\n\t\t\t\t\t\n\t\t\t\t\t<li id=\"item-1312-22\">\n\t\t\t\t\t\t\t\t\t\t\t\t<!-- List Anchor -->\n\t\t\t\t\t\t<a   href=\"http:\/\/periodicos.unisantos.br\/leopoldianum\/issue\/archive\"\n\t\t\t\t\t\t\ttarget=\"_blank\">\n\n\t\t\t\t\t\t\t<!-- Image, If Present -->\n\t\t\t\t\t\t\t22 - \t\t\t\t\t\t\t\t\t\t\t\t\t\t\n\t\t\t\t\t\t\t\n\t\t\t\t\t\t\t\t<span class=\"list-img\">\n\t\t\t\t\t\t\t\t\t\t\t\t\t\t\t\t\t\t<img src=\"https:\/\/www.uninter.com\/biblioteca\/wp-content\/uploads\/2019\/08\/cover_issue_94_pt_BR-150x150.jpg\" alt=\"\">\n\t\t\t\t\t\t\t\t<\/span>\n\t\t\t\t\t\t\t\n\t\t\t\t\t\t\t<!-- Link Text -->\n\t\t\t\t\t\t\tLEOPOLDIANUM: Revista de Estudos e Comunica\u00e7\u00f5es da Universidade Cat\u00f3lica de Santos\t\t\t\t\t\t\t\n\t\t\t\t\t\t\t\t\t\t\t\t\t\t<span style=\"font-size:12px;\"><br>\n\t                                \t\t\t\t\t\t\t<\/span>\t\n\t                        \n\t\t\t\t\t\t<\/a>\n\t\t\t\t\t\t\n\t\t\t\t\t\t\t<!-- upvote section -->\n\t\t\t\t\t\t\t<div class=\"upvote-section\">\n\t\t\t\t\t\t\t\t<span data-post-id=\"1312\" data-item-title=\"LEOPOLDIANUM: Revista de Estudos e Comunica\u00e7\u00f5es da Universidade Cat\u00f3lica de Santos\" data-item-link=\"http:\/\/periodicos.unisantos.br\/leopoldianum\/issue\/archive\" class=\"upvote-btn upvote-on\">\n\t\t\t\t\t\t\t\t\t<i class=\"fa fa-thumbs-up\"><\/i>\n\t\t\t\t\t\t\t\t<\/span>\n\t\t\t\t\t\t\t\t<span class=\"upvote-count\">\n\t\t\t\t\t\t\t\t\t2\t\t\t\t\t\t\t\t<\/span>\n\t\t\t\t\t\t\t<\/div>\n\t\t\t\t\t\t\t<!-- \/upvote section -->\n\n\t\t\t\t\t\t\t\t\t\t\t\t\n\t\t\t\t\t<\/li>\n\t\t\t\t\t\n\t\t\t\t\t<li id=\"item-1312-23\">\n\t\t\t\t\t\t\t\t\t\t\t\t<!-- List Anchor -->\n\t\t\t\t\t\t<a   href=\"http:\/\/revista.fadisma.com.br\/index.php\/revista-juridica\/issue\/archive\"\n\t\t\t\t\t\t\ttarget=\"_blank\">\n\n\t\t\t\t\t\t\t<!-- Image, If Present -->\n\t\t\t\t\t\t\t23 - \t\t\t\t\t\t\t\t\t\t\t\t\t\t\n\t\t\t\t\t\t\t\n\t\t\t\t\t\t\t\t<span class=\"list-img\">\n\t\t\t\t\t\t\t\t\t\t\t\t\t\t\t\t\t\t<img src=\"https:\/\/www.uninter.com\/biblioteca\/wp-content\/uploads\/2019\/08\/FADISMA-150x150.png\" alt=\"\">\n\t\t\t\t\t\t\t\t<\/span>\n\t\t\t\t\t\t\t\n\t\t\t\t\t\t\t<!-- Link Text -->\n\t\t\t\t\t\t\tRevista Jur\u00eddica da FADISMA\t\t\t\t\t\t\t\n\t\t\t\t\t\t\t\t\t\t\t\t\t\t<span style=\"font-size:12px;\"><br>\n\t                                \t\t\t\t\t\t\t<\/span>\t\n\t                        \n\t\t\t\t\t\t<\/a>\n\t\t\t\t\t\t\n\t\t\t\t\t\t\t<!-- upvote section -->\n\t\t\t\t\t\t\t<div class=\"upvote-section\">\n\t\t\t\t\t\t\t\t<span data-post-id=\"1312\" data-item-title=\"Revista Jur\u00eddica da FADISMA\" data-item-link=\"http:\/\/revista.fadisma.com.br\/index.php\/revista-juridica\/issue\/archive\" class=\"upvote-btn upvote-on\">\n\t\t\t\t\t\t\t\t\t<i class=\"fa fa-thumbs-up\"><\/i>\n\t\t\t\t\t\t\t\t<\/span>\n\t\t\t\t\t\t\t\t<span class=\"upvote-count\">\n\t\t\t\t\t\t\t\t\t2\t\t\t\t\t\t\t\t<\/span>\n\t\t\t\t\t\t\t<\/div>\n\t\t\t\t\t\t\t<!-- \/upvote section -->\n\n\t\t\t\t\t\t\t\t\t\t\t\t\n\t\t\t\t\t<\/li>\n\t\t\t\t\t\n\t\t\t\t\t<li id=\"item-1312-24\">\n\t\t\t\t\t\t\t\t\t\t\t\t<!-- List Anchor -->\n\t\t\t\t\t\t<a   href=\"http:\/\/www.pge.ms.gov.br\/esap\/\"\n\t\t\t\t\t\t\ttarget=\"_blank\">\n\n\t\t\t\t\t\t\t<!-- Image, If Present -->\n\t\t\t\t\t\t\t24 - \t\t\t\t\t\t\t\t\t\t\t\t\t\t\n\t\t\t\t\t\t\t\n\t\t\t\t\t\t\t\t<span class=\"list-img\">\n\t\t\t\t\t\t\t\t\t\t\t\t\t\t\t\t\t\t<img src=\"https:\/\/www.uninter.com\/biblioteca\/wp-content\/uploads\/2021\/05\/e-1-150x150.jpg\" alt=\"\">\n\t\t\t\t\t\t\t\t<\/span>\n\t\t\t\t\t\t\t\n\t\t\t\t\t\t\t<!-- Link Text -->\n\t\t\t\t\t\t\tEscola Superior da Advocacia P\u00fablica do Mato Grosso do Sul \t\t\t\t\t\t\t\n\t\t\t\t\t\t\t\t\t\t\t\t\t\t<span style=\"font-size:12px;\"><br>\n\t                                \t\t\t\t\t\t\t<\/span>\t\n\t                        \n\t\t\t\t\t\t<\/a>\n\t\t\t\t\t\t\n\t\t\t\t\t\t\t<!-- upvote section -->\n\t\t\t\t\t\t\t<div class=\"upvote-section\">\n\t\t\t\t\t\t\t\t<span data-post-id=\"1312\" data-item-title=\"Escola Superior da Advocacia P\u00fablica do Mato Grosso do Sul\" data-item-link=\"http:\/\/www.pge.ms.gov.br\/esap\/\" class=\"upvote-btn upvote-on\">\n\t\t\t\t\t\t\t\t\t<i class=\"fa fa-thumbs-up\"><\/i>\n\t\t\t\t\t\t\t\t<\/span>\n\t\t\t\t\t\t\t\t<span class=\"upvote-count\">\n\t\t\t\t\t\t\t\t\t1\t\t\t\t\t\t\t\t<\/span>\n\t\t\t\t\t\t\t<\/div>\n\t\t\t\t\t\t\t<!-- \/upvote section -->\n\n\t\t\t\t\t\t\t\t\t\t\t\t\n\t\t\t\t\t<\/li>\n\t\t\t\t\t\n\t\t\t\t\t<li id=\"item-1312-25\">\n\t\t\t\t\t\t\t\t\t\t\t\t<!-- List Anchor -->\n\t\t\t\t\t\t<a   href=\"https:\/\/revista.uemg.br\/index.php\/gtic-direitoecidadania\"\n\t\t\t\t\t\t\ttarget=\"_blank\">\n\n\t\t\t\t\t\t\t<!-- Image, If Present -->\n\t\t\t\t\t\t\t25 - \t\t\t\t\t\t\t\t\t\t\t\t\t\t\n\t\t\t\t\t\t\t\n\t\t\t\t\t\t\t\t<span class=\"list-img\">\n\t\t\t\t\t\t\t\t\t\t\t\t\t\t\t\t\t\t<img src=\"https:\/\/www.uninter.com\/biblioteca\/wp-content\/uploads\/2021\/05\/pageHeaderLogoImage_pt_BR-150x150.png\" alt=\"\">\n\t\t\t\t\t\t\t\t<\/span>\n\t\t\t\t\t\t\t\n\t\t\t\t\t\t\t<!-- Link Text -->\n\t\t\t\t\t\t\tRevista Direito e Cidadania \t\t\t\t\t\t\t\n\t\t\t\t\t\t\t\t\t\t\t\t\t\t<span style=\"font-size:12px;\"><br>\n\t                                \t\t\t\t\t\t\t<\/span>\t\n\t                        \n\t\t\t\t\t\t<\/a>\n\t\t\t\t\t\t\n\t\t\t\t\t\t\t<!-- upvote section -->\n\t\t\t\t\t\t\t<div class=\"upvote-section\">\n\t\t\t\t\t\t\t\t<span data-post-id=\"1312\" data-item-title=\"Revista Direito e Cidadania\" data-item-link=\"https:\/\/revista.uemg.br\/index.php\/gtic-direitoecidadania\" class=\"upvote-btn upvote-on\">\n\t\t\t\t\t\t\t\t\t<i class=\"fa fa-thumbs-up\"><\/i>\n\t\t\t\t\t\t\t\t<\/span>\n\t\t\t\t\t\t\t\t<span class=\"upvote-count\">\n\t\t\t\t\t\t\t\t\t1\t\t\t\t\t\t\t\t<\/span>\n\t\t\t\t\t\t\t<\/div>\n\t\t\t\t\t\t\t<!-- \/upvote section -->\n\n\t\t\t\t\t\t\t\t\t\t\t\t\n\t\t\t\t\t<\/li>\n\t\t\t\t\t\n\t\t\t\t\t<li id=\"item-1312-26\">\n\t\t\t\t\t\t\t\t\t\t\t\t<!-- List Anchor -->\n\t\t\t\t\t\t<a   href=\"https:\/\/www.portaldeperiodicos.idp.edu.br\/rda\"\n\t\t\t\t\t\t\ttarget=\"_blank\">\n\n\t\t\t\t\t\t\t<!-- Image, If Present -->\n\t\t\t\t\t\t\t26 - \t\t\t\t\t\t\t\t\t\t\t\t\t\t\n\t\t\t\t\t\t\t\n\t\t\t\t\t\t\t\t<span class=\"list-img\">\n\t\t\t\t\t\t\t\t\t\t\t\t\t\t\t\t\t\t<img src=\"https:\/\/www.uninter.com\/biblioteca\/wp-content\/uploads\/2021\/05\/homepageImage_pt_BR-150x150.jpg\" alt=\"\">\n\t\t\t\t\t\t\t\t<\/span>\n\t\t\t\t\t\t\t\n\t\t\t\t\t\t\t<!-- Link Text -->\n\t\t\t\t\t\t\tRevista de Direito e Atualidades\t\t\t\t\t\t\t\n\t\t\t\t\t\t\t\t\t\t\t\t\t\t<span style=\"font-size:12px;\"><br>\n\t                                \t\t\t\t\t\t\t<\/span>\t\n\t                        \n\t\t\t\t\t\t<\/a>\n\t\t\t\t\t\t\n\t\t\t\t\t\t\t<!-- upvote section -->\n\t\t\t\t\t\t\t<div class=\"upvote-section\">\n\t\t\t\t\t\t\t\t<span data-post-id=\"1312\" data-item-title=\"Revista de Direito e Atualidades\" data-item-link=\"https:\/\/www.portaldeperiodicos.idp.edu.br\/rda\" class=\"upvote-btn upvote-on\">\n\t\t\t\t\t\t\t\t\t<i class=\"fa fa-thumbs-up\"><\/i>\n\t\t\t\t\t\t\t\t<\/span>\n\t\t\t\t\t\t\t\t<span class=\"upvote-count\">\n\t\t\t\t\t\t\t\t\t1\t\t\t\t\t\t\t\t<\/span>\n\t\t\t\t\t\t\t<\/div>\n\t\t\t\t\t\t\t<!-- \/upvote section -->\n\n\t\t\t\t\t\t\t\t\t\t\t\t\n\t\t\t\t\t<\/li>\n\t\t\t\t\t\n\t\t\t\t\t<li id=\"item-1312-27\">\n\t\t\t\t\t\t\t\t\t\t\t\t<!-- List Anchor -->\n\t\t\t\t\t\t<a   href=\"https:\/\/www.scielo.br\/j\/sur\/i\/2009.v6n11\/\"\n\t\t\t\t\t\t\ttarget=\"_blank\">\n\n\t\t\t\t\t\t\t<!-- Image, If Present -->\n\t\t\t\t\t\t\t27 - \t\t\t\t\t\t\t\t\t\t\t\t\t\t\n\t\t\t\t\t\t\t\n\t\t\t\t\t\t\t\t<span class=\"list-img\">\n\t\t\t\t\t\t\t\t\t\t\t\t\t\t\t\t\t\t<img src=\"https:\/\/www.uninter.com\/biblioteca\/wp-content\/uploads\/2021\/05\/sur_glogo-150x127.gif\" alt=\"\">\n\t\t\t\t\t\t\t\t<\/span>\n\t\t\t\t\t\t\t\n\t\t\t\t\t\t\t<!-- Link Text -->\n\t\t\t\t\t\t\tSur. Revista Internacional de Direitos Humanos\t\t\t\t\t\t\t\n\t\t\t\t\t\t\t\t\t\t\t\t\t\t<span style=\"font-size:12px;\"><br>\n\t                                \t\t\t\t\t\t\t<\/span>\t\n\t                        \n\t\t\t\t\t\t<\/a>\n\t\t\t\t\t\t\n\t\t\t\t\t\t\t<!-- upvote section -->\n\t\t\t\t\t\t\t<div class=\"upvote-section\">\n\t\t\t\t\t\t\t\t<span data-post-id=\"1312\" data-item-title=\"Sur. Revista Internacional de Direitos Humanos\" data-item-link=\"https:\/\/www.scielo.br\/j\/sur\/i\/2009.v6n11\/\" class=\"upvote-btn upvote-on\">\n\t\t\t\t\t\t\t\t\t<i class=\"fa fa-thumbs-up\"><\/i>\n\t\t\t\t\t\t\t\t<\/span>\n\t\t\t\t\t\t\t\t<span class=\"upvote-count\">\n\t\t\t\t\t\t\t\t\t1\t\t\t\t\t\t\t\t<\/span>\n\t\t\t\t\t\t\t<\/div>\n\t\t\t\t\t\t\t<!-- \/upvote section -->\n\n\t\t\t\t\t\t\t\t\t\t\t\t\n\t\t\t\t\t<\/li>\n\t\t\t\t\t\n\t\t\t\t\t<li id=\"item-1312-28\">\n\t\t\t\t\t\t\t\t\t\t\t\t<!-- List Anchor -->\n\t\t\t\t\t\t<a   href=\"https:\/\/irpen.org.br\/site\/revistas\"\n\t\t\t\t\t\t\ttarget=\"_blank\">\n\n\t\t\t\t\t\t\t<!-- Image, If Present -->\n\t\t\t\t\t\t\t28 - \t\t\t\t\t\t\t\t\t\t\t\t\t\t\n\t\t\t\t\t\t\t\n\t\t\t\t\t\t\t\t<span class=\"list-img\">\n\t\t\t\t\t\t\t\t\t\t\t\t\t\t\t\t\t\t<img src=\"https:\/\/www.uninter.com\/biblioteca\/wp-content\/uploads\/2021\/10\/Revista-do-Irpen-150x150.png\" alt=\"\">\n\t\t\t\t\t\t\t\t<\/span>\n\t\t\t\t\t\t\t\n\t\t\t\t\t\t\t<!-- Link Text -->\n\t\t\t\t\t\t\tRevista do Irpen\t\t\t\t\t\t\t\n\t\t\t\t\t\t\t\t\t\t\t\t\t\t<span style=\"font-size:12px;\"><br>\n\t                                \t\t\t\t\t\t\t<\/span>\t\n\t                        \n\t\t\t\t\t\t<\/a>\n\t\t\t\t\t\t\n\t\t\t\t\t\t\t<!-- upvote section -->\n\t\t\t\t\t\t\t<div class=\"upvote-section\">\n\t\t\t\t\t\t\t\t<span data-post-id=\"1312\" data-item-title=\"Revista do Irpen\" data-item-link=\"https:\/\/irpen.org.br\/site\/revistas\" class=\"upvote-btn upvote-on\">\n\t\t\t\t\t\t\t\t\t<i class=\"fa fa-thumbs-up\"><\/i>\n\t\t\t\t\t\t\t\t<\/span>\n\t\t\t\t\t\t\t\t<span class=\"upvote-count\">\n\t\t\t\t\t\t\t\t\t1\t\t\t\t\t\t\t\t<\/span>\n\t\t\t\t\t\t\t<\/div>\n\t\t\t\t\t\t\t<!-- \/upvote section -->\n\n\t\t\t\t\t\t\t\t\t\t\t\t\n\t\t\t\t\t<\/li>\n\t\t\t\t\t\n\t\t\t\t\t<li id=\"item-1312-29\">\n\t\t\t\t\t\t\t\t\t\t\t\t<!-- List Anchor -->\n\t\t\t\t\t\t<a   href=\"https:\/\/www.boletimjuridico.com.br\/artigos\/cronicas\/4458\/direito-educacional\"\n\t\t\t\t\t\t\ttarget=\"_blank\">\n\n\t\t\t\t\t\t\t<!-- Image, If Present -->\n\t\t\t\t\t\t\t29 - \t\t\t\t\t\t\t\t\t\t\t\t\t\t\n\t\t\t\t\t\t\t\n\t\t\t\t\t\t\t\t<span class=\"list-img\">\n\t\t\t\t\t\t\t\t\t\t\t\t\t\t\t\t\t\t<img src=\"https:\/\/www.uninter.com\/biblioteca\/wp-content\/uploads\/2021\/11\/BOLETIM-DE-DIREITO-EDUCACIONAL-150x70.png\" alt=\"\">\n\t\t\t\t\t\t\t\t<\/span>\n\t\t\t\t\t\t\t\n\t\t\t\t\t\t\t<!-- Link Text -->\n\t\t\t\t\t\t\tBOLETIM DE DIREITO EDUCACIONAL\t\t\t\t\t\t\t\n\t\t\t\t\t\t\t\t\t\t\t\t\t\t<span style=\"font-size:12px;\"><br>\n\t                                \t\t\t\t\t\t\t<\/span>\t\n\t                        \n\t\t\t\t\t\t<\/a>\n\t\t\t\t\t\t\n\t\t\t\t\t\t\t<!-- upvote section -->\n\t\t\t\t\t\t\t<div class=\"upvote-section\">\n\t\t\t\t\t\t\t\t<span data-post-id=\"1312\" data-item-title=\"BOLETIM DE DIREITO EDUCACIONAL\" data-item-link=\"https:\/\/www.boletimjuridico.com.br\/artigos\/cronicas\/4458\/direito-educacional\" class=\"upvote-btn upvote-on\">\n\t\t\t\t\t\t\t\t\t<i class=\"fa fa-thumbs-up\"><\/i>\n\t\t\t\t\t\t\t\t<\/span>\n\t\t\t\t\t\t\t\t<span class=\"upvote-count\">\n\t\t\t\t\t\t\t\t\t1\t\t\t\t\t\t\t\t<\/span>\n\t\t\t\t\t\t\t<\/div>\n\t\t\t\t\t\t\t<!-- \/upvote section -->\n\n\t\t\t\t\t\t\t\t\t\t\t\t\n\t\t\t\t\t<\/li>\n\t\t\t\t\t\n\t\t\t\t\t<li id=\"item-1312-30\">\n\t\t\t\t\t\t\t\t\t\t\t\t<!-- List Anchor -->\n\t\t\t\t\t\t<a   href=\"https:\/\/cadernosdolegislativo.almg.gov.br\/seer\/index.php\/cadernos-ele\"\n\t\t\t\t\t\t\ttarget=\"_blank\">\n\n\t\t\t\t\t\t\t<!-- Image, If Present -->\n\t\t\t\t\t\t\t30 - \t\t\t\t\t\t\t\t\t\t\t\t\t\t\n\t\t\t\t\t\t\t\n\t\t\t\t\t\t\t\t<span class=\"list-img\">\n\t\t\t\t\t\t\t\t\t\t\t\t\t\t\t\t\t\t<img src=\"https:\/\/www.uninter.com\/biblioteca\/wp-content\/uploads\/2021\/11\/CADERNOS-DA-ESCOLA-DO-LEGISLATIVO-150x150.png\" alt=\"\">\n\t\t\t\t\t\t\t\t<\/span>\n\t\t\t\t\t\t\t\n\t\t\t\t\t\t\t<!-- Link Text -->\n\t\t\t\t\t\t\tCADERNOS DA ESCOLA DO LEGISLATIVO\t\t\t\t\t\t\t\n\t\t\t\t\t\t\t\t\t\t\t\t\t\t<span style=\"font-size:12px;\"><br>\n\t                                \t\t\t\t\t\t\t<\/span>\t\n\t                        \n\t\t\t\t\t\t<\/a>\n\t\t\t\t\t\t\n\t\t\t\t\t\t\t<!-- upvote section -->\n\t\t\t\t\t\t\t<div class=\"upvote-section\">\n\t\t\t\t\t\t\t\t<span data-post-id=\"1312\" data-item-title=\"CADERNOS DA ESCOLA DO LEGISLATIVO\" data-item-link=\"https:\/\/cadernosdolegislativo.almg.gov.br\/seer\/index.php\/cadernos-ele\" class=\"upvote-btn upvote-on\">\n\t\t\t\t\t\t\t\t\t<i class=\"fa fa-thumbs-up\"><\/i>\n\t\t\t\t\t\t\t\t<\/span>\n\t\t\t\t\t\t\t\t<span class=\"upvote-count\">\n\t\t\t\t\t\t\t\t\t1\t\t\t\t\t\t\t\t<\/span>\n\t\t\t\t\t\t\t<\/div>\n\t\t\t\t\t\t\t<!-- \/upvote section -->\n\n\t\t\t\t\t\t\t\t\t\t\t\t\n\t\t\t\t\t<\/li>\n\t\t\t\t\t\n\t\t\t\t\t<li id=\"item-1312-31\">\n\t\t\t\t\t\t\t\t\t\t\t\t<!-- List Anchor -->\n\t\t\t\t\t\t<a   href=\"https:\/\/revistas.ufpr.br\/extensao\"\n\t\t\t\t\t\t\ttarget=\"_blank\">\n\n\t\t\t\t\t\t\t<!-- Image, If Present -->\n\t\t\t\t\t\t\t31 - \t\t\t\t\t\t\t\t\t\t\t\t\t\t\n\t\t\t\t\t\t\t\n\t\t\t\t\t\t\t\t<span class=\"list-img\">\n\t\t\t\t\t\t\t\t\t\t\t\t\t\t\t\t\t\t<img src=\"https:\/\/www.uninter.com\/biblioteca\/wp-content\/uploads\/2021\/11\/EXTENS\u00c3O-EM-FOCO-150x150.jpg\" alt=\"\">\n\t\t\t\t\t\t\t\t<\/span>\n\t\t\t\t\t\t\t\n\t\t\t\t\t\t\t<!-- Link Text -->\n\t\t\t\t\t\t\tEXTENS\u00c3O EM FOCO\t\t\t\t\t\t\t\n\t\t\t\t\t\t\t\t\t\t\t\t\t\t<span style=\"font-size:12px;\"><br>\n\t                                \t\t\t\t\t\t\t<\/span>\t\n\t                        \n\t\t\t\t\t\t<\/a>\n\t\t\t\t\t\t\n\t\t\t\t\t\t\t<!-- upvote section -->\n\t\t\t\t\t\t\t<div class=\"upvote-section\">\n\t\t\t\t\t\t\t\t<span data-post-id=\"1312\" data-item-title=\"EXTENS\u00c3O EM FOCO\" data-item-link=\"https:\/\/revistas.ufpr.br\/extensao\" class=\"upvote-btn upvote-on\">\n\t\t\t\t\t\t\t\t\t<i class=\"fa fa-thumbs-up\"><\/i>\n\t\t\t\t\t\t\t\t<\/span>\n\t\t\t\t\t\t\t\t<span class=\"upvote-count\">\n\t\t\t\t\t\t\t\t\t1\t\t\t\t\t\t\t\t<\/span>\n\t\t\t\t\t\t\t<\/div>\n\t\t\t\t\t\t\t<!-- \/upvote section -->\n\n\t\t\t\t\t\t\t\t\t\t\t\t\n\t\t\t\t\t<\/li>\n\t\t\t\t\t\n\t\t\t\t\t<li id=\"item-1312-32\">\n\t\t\t\t\t\t\t\t\t\t\t\t<!-- List Anchor -->\n\t\t\t\t\t\t<a   href=\"https:\/\/revista.cade.gov.br\/index.php\/revistadedefesadaconcorrencia\"\n\t\t\t\t\t\t\ttarget=\"_blank\">\n\n\t\t\t\t\t\t\t<!-- Image, If Present -->\n\t\t\t\t\t\t\t32 - \t\t\t\t\t\t\t\t\t\t\t\t\t\t\n\t\t\t\t\t\t\t\n\t\t\t\t\t\t\t\t<span class=\"list-img\">\n\t\t\t\t\t\t\t\t\t\t\t\t\t\t\t\t\t\t<img src=\"https:\/\/www.uninter.com\/biblioteca\/wp-content\/uploads\/2021\/11\/REVISTA-DE-DIREITO-DA-CONCORR\u00caNCIA-150x150.png\" alt=\"\">\n\t\t\t\t\t\t\t\t<\/span>\n\t\t\t\t\t\t\t\n\t\t\t\t\t\t\t<!-- Link Text -->\n\t\t\t\t\t\t\tREVISTA DE DIREITO DA CONCORR\u00caNCIA\t\t\t\t\t\t\t\n\t\t\t\t\t\t\t\t\t\t\t\t\t\t<span style=\"font-size:12px;\"><br>\n\t                                \t\t\t\t\t\t\t<\/span>\t\n\t                        \n\t\t\t\t\t\t<\/a>\n\t\t\t\t\t\t\n\t\t\t\t\t\t\t<!-- upvote section -->\n\t\t\t\t\t\t\t<div class=\"upvote-section\">\n\t\t\t\t\t\t\t\t<span data-post-id=\"1312\" data-item-title=\"REVISTA DE DIREITO DA CONCORR\u00caNCIA\" data-item-link=\"https:\/\/revista.cade.gov.br\/index.php\/revistadedefesadaconcorrencia\" class=\"upvote-btn upvote-on\">\n\t\t\t\t\t\t\t\t\t<i class=\"fa fa-thumbs-up\"><\/i>\n\t\t\t\t\t\t\t\t<\/span>\n\t\t\t\t\t\t\t\t<span class=\"upvote-count\">\n\t\t\t\t\t\t\t\t\t1\t\t\t\t\t\t\t\t<\/span>\n\t\t\t\t\t\t\t<\/div>\n\t\t\t\t\t\t\t<!-- \/upvote section -->\n\n\t\t\t\t\t\t\t\t\t\t\t\t\n\t\t\t\t\t<\/li>\n\t\t\t\t\t\n\t\t\t\t\t<li id=\"item-1312-33\">\n\t\t\t\t\t\t\t\t\t\t\t\t<!-- List Anchor -->\n\t\t\t\t\t\t<a   href=\"https:\/\/www12.senado.leg.br\/ril\"\n\t\t\t\t\t\t\ttarget=\"_blank\">\n\n\t\t\t\t\t\t\t<!-- Image, If Present -->\n\t\t\t\t\t\t\t33 - \t\t\t\t\t\t\t\t\t\t\t\t\t\t\n\t\t\t\t\t\t\t\n\t\t\t\t\t\t\t\t<span class=\"list-img\">\n\t\t\t\t\t\t\t\t\t\t\t\t\t\t\t\t\t\t<img src=\"https:\/\/www.uninter.com\/biblioteca\/wp-content\/uploads\/2021\/11\/REVISTA-DE-INFORMA\u00c7\u00c3O-LEGISLATIVA-150x150.png\" alt=\"\">\n\t\t\t\t\t\t\t\t<\/span>\n\t\t\t\t\t\t\t\n\t\t\t\t\t\t\t<!-- Link Text -->\n\t\t\t\t\t\t\tREVISTA DE INFORMA\u00c7\u00c3O LEGISLATIVA\t\t\t\t\t\t\t\n\t\t\t\t\t\t\t\t\t\t\t\t\t\t<span style=\"font-size:12px;\"><br>\n\t                                \t\t\t\t\t\t\t<\/span>\t\n\t                        \n\t\t\t\t\t\t<\/a>\n\t\t\t\t\t\t\n\t\t\t\t\t\t\t<!-- upvote section -->\n\t\t\t\t\t\t\t<div class=\"upvote-section\">\n\t\t\t\t\t\t\t\t<span data-post-id=\"1312\" data-item-title=\"REVISTA DE INFORMA\u00c7\u00c3O LEGISLATIVA\" data-item-link=\"https:\/\/www12.senado.leg.br\/ril\" class=\"upvote-btn upvote-on\">\n\t\t\t\t\t\t\t\t\t<i class=\"fa fa-thumbs-up\"><\/i>\n\t\t\t\t\t\t\t\t<\/span>\n\t\t\t\t\t\t\t\t<span class=\"upvote-count\">\n\t\t\t\t\t\t\t\t\t1\t\t\t\t\t\t\t\t<\/span>\n\t\t\t\t\t\t\t<\/div>\n\t\t\t\t\t\t\t<!-- \/upvote section -->\n\n\t\t\t\t\t\t\t\t\t\t\t\t\n\t\t\t\t\t<\/li>\n\t\t\t\t\t\n\t\t\t\t\t<li id=\"item-1312-34\">\n\t\t\t\t\t\t\t\t\t\t\t\t<!-- List Anchor -->\n\t\t\t\t\t\t<a   href=\"https:\/\/www.portaldeperiodicos.idp.edu.br\/direitopublico\"\n\t\t\t\t\t\t\ttarget=\"_blank\">\n\n\t\t\t\t\t\t\t<!-- Image, If Present -->\n\t\t\t\t\t\t\t34 - \t\t\t\t\t\t\t\t\t\t\t\t\t\t\n\t\t\t\t\t\t\t\n\t\t\t\t\t\t\t\t<span class=\"list-img\">\n\t\t\t\t\t\t\t\t\t\t\t\t\t\t\t\t\t\t<img src=\"https:\/\/www.uninter.com\/biblioteca\/wp-content\/uploads\/2021\/11\/DIREITO-P\u00daBLICO-150x150.png\" alt=\"\">\n\t\t\t\t\t\t\t\t<\/span>\n\t\t\t\t\t\t\t\n\t\t\t\t\t\t\t<!-- Link Text -->\n\t\t\t\t\t\t\tDIREITO P\u00daBLICO\t\t\t\t\t\t\t\n\t\t\t\t\t\t\t\t\t\t\t\t\t\t<span style=\"font-size:12px;\"><br>\n\t                                \t\t\t\t\t\t\t<\/span>\t\n\t                        \n\t\t\t\t\t\t<\/a>\n\t\t\t\t\t\t\n\t\t\t\t\t\t\t<!-- upvote section -->\n\t\t\t\t\t\t\t<div class=\"upvote-section\">\n\t\t\t\t\t\t\t\t<span data-post-id=\"1312\" data-item-title=\"DIREITO P\u00daBLICO\" data-item-link=\"https:\/\/www.portaldeperiodicos.idp.edu.br\/direitopublico\" class=\"upvote-btn upvote-on\">\n\t\t\t\t\t\t\t\t\t<i class=\"fa fa-thumbs-up\"><\/i>\n\t\t\t\t\t\t\t\t<\/span>\n\t\t\t\t\t\t\t\t<span class=\"upvote-count\">\n\t\t\t\t\t\t\t\t\t1\t\t\t\t\t\t\t\t<\/span>\n\t\t\t\t\t\t\t<\/div>\n\t\t\t\t\t\t\t<!-- \/upvote section -->\n\n\t\t\t\t\t\t\t\t\t\t\t\t\n\t\t\t\t\t<\/li>\n\t\t\t\t\t\n\t\t\t\t\t<li id=\"item-1312-35\">\n\t\t\t\t\t\t\t\t\t\t\t\t<!-- List Anchor -->\n\t\t\t\t\t\t<a   href=\"http:\/\/revista.alep.pr.gov.br\/index.php\/escolalegislativo\"\n\t\t\t\t\t\t\ttarget=\"_blank\">\n\n\t\t\t\t\t\t\t<!-- Image, If Present -->\n\t\t\t\t\t\t\t35 - \t\t\t\t\t\t\t\t\t\t\t\t\t\t\n\t\t\t\t\t\t\t\n\t\t\t\t\t\t\t\t<span class=\"list-img\">\n\t\t\t\t\t\t\t\t\t\t\t\t\t\t\t\t\t\t<img src=\"https:\/\/www.uninter.com\/biblioteca\/wp-content\/uploads\/2021\/11\/REVISTA-DO-LEGISLATIVO-PARANAENSE-150x150.png\" alt=\"\">\n\t\t\t\t\t\t\t\t<\/span>\n\t\t\t\t\t\t\t\n\t\t\t\t\t\t\t<!-- Link Text -->\n\t\t\t\t\t\t\tREVISTA DO LEGISLATIVO PARANAENSE\t\t\t\t\t\t\t\n\t\t\t\t\t\t\t\t\t\t\t\t\t\t<span style=\"font-size:12px;\"><br>\n\t                                \t\t\t\t\t\t\t<\/span>\t\n\t                        \n\t\t\t\t\t\t<\/a>\n\t\t\t\t\t\t\n\t\t\t\t\t\t\t<!-- upvote section -->\n\t\t\t\t\t\t\t<div class=\"upvote-section\">\n\t\t\t\t\t\t\t\t<span data-post-id=\"1312\" data-item-title=\"REVISTA DO LEGISLATIVO PARANAENSE\" data-item-link=\"http:\/\/revista.alep.pr.gov.br\/index.php\/escolalegislativo\" class=\"upvote-btn upvote-on\">\n\t\t\t\t\t\t\t\t\t<i class=\"fa fa-thumbs-up\"><\/i>\n\t\t\t\t\t\t\t\t<\/span>\n\t\t\t\t\t\t\t\t<span class=\"upvote-count\">\n\t\t\t\t\t\t\t\t\t1\t\t\t\t\t\t\t\t<\/span>\n\t\t\t\t\t\t\t<\/div>\n\t\t\t\t\t\t\t<!-- \/upvote section -->\n\n\t\t\t\t\t\t\t\t\t\t\t\t\n\t\t\t\t\t<\/li>\n\t\t\t\t\t\n\t\t\t\t\t<li id=\"item-1312-36\">\n\t\t\t\t\t\t\t\t\t\t\t\t<!-- List Anchor -->\n\t\t\t\t\t\t<a   href=\"https:\/\/www.tre-pr.jus.br\/o-tre\/revista-parana-eleitoral\/revistas-e-livros\"\n\t\t\t\t\t\t\ttarget=\"_blank\">\n\n\t\t\t\t\t\t\t<!-- Image, If Present -->\n\t\t\t\t\t\t\t36 - \t\t\t\t\t\t\t\t\t\t\t\t\t\t\n\t\t\t\t\t\t\t\n\t\t\t\t\t\t\t\t<span class=\"list-img\">\n\t\t\t\t\t\t\t\t\t\t\t\t\t\t\t\t\t\t<img src=\"https:\/\/www.uninter.com\/biblioteca\/wp-content\/uploads\/2021\/11\/PARAN\u00c1-ELEITORAL-100x150.jpeg\" alt=\"\">\n\t\t\t\t\t\t\t\t<\/span>\n\t\t\t\t\t\t\t\n\t\t\t\t\t\t\t<!-- Link Text -->\n\t\t\t\t\t\t\tPARAN\u00c1 ELEITORAL\t\t\t\t\t\t\t\n\t\t\t\t\t\t\t\t\t\t\t\t\t\t<span style=\"font-size:12px;\"><br>\n\t                                \t\t\t\t\t\t\t<\/span>\t\n\t                        \n\t\t\t\t\t\t<\/a>\n\t\t\t\t\t\t\n\t\t\t\t\t\t\t<!-- upvote section -->\n\t\t\t\t\t\t\t<div class=\"upvote-section\">\n\t\t\t\t\t\t\t\t<span data-post-id=\"1312\" data-item-title=\"PARAN\u00c1 ELEITORAL\" data-item-link=\"https:\/\/www.tre-pr.jus.br\/o-tre\/revista-parana-eleitoral\/revistas-e-livros\" class=\"upvote-btn upvote-on\">\n\t\t\t\t\t\t\t\t\t<i class=\"fa fa-thumbs-up\"><\/i>\n\t\t\t\t\t\t\t\t<\/span>\n\t\t\t\t\t\t\t\t<span class=\"upvote-count\">\n\t\t\t\t\t\t\t\t\t1\t\t\t\t\t\t\t\t<\/span>\n\t\t\t\t\t\t\t<\/div>\n\t\t\t\t\t\t\t<!-- \/upvote section -->\n\n\t\t\t\t\t\t\t\t\t\t\t\t\n\t\t\t\t\t<\/li>\n\t\t\t\t\t\t\t\t\t<\/ul>\n\n\t\t\t<\/div>\n\n\t\t<\/div>\n\t\t<!-- \/Individual List Item -->\n\n\t\t\n\t\t<br \/>\n\r\n<!--  Starting Simple Link Directory Plugin Output -->\n<div class=\"qcopd_embed_container\">\r\n\r\n\r\n\r\n\r\n\r\n\r\n\r\n<\/div>\r\n<div class=\"qcopd-list-wrapper\">\n\t<div id=\"opd-list-holder\" class=\"qcopd-list-holder\">\n\t\t\n\t\t<!-- Individual List Item -->\n\t\t<div id=\"list-item-1-1333\" class=\"qc-grid-item qcopd-list-column opd-column-1 simple opd-list-id-1333\">\n\t\t\t<div class=\"qcopd-single-list\">\n\t\t\t\t\t<h2 onclick=\"if(document.getElementById('1333').style.display=='block'){document.getElementById('1333').style.display='none';}else{document.getElementById('1333').style.display='block';};\">\n\t\t\t\t\tMestrado em Direito\t\t\t\t<\/h2>\n\t\t\t\t<ul  style=display:none; id=1333 >\n\t\t\t\t\t\n\t\t\t\t\t<li id=\"item-1333-1\">\n\t\t\t\t\t\t\t\t\t\t\t\t<!-- List Anchor -->\n\t\t\t\t\t\t<a   href=\"http:\/\/bibliotecadigital.fgv.br\/ojs\/index.php\/rda\/article\/view\/47503\/45249\"\n\t\t\t\t\t\t\ttarget=\"_blank\">\n\n\t\t\t\t\t\t\t<!-- Image, If Present -->\n\t\t\t\t\t\t\t1 - \t\t\t\t\t\t\t\t\t\t\t\t\t\t\n\t\t\t\t\t\t\t\n\t\t\t\t\t\t\t\t<span class=\"list-img\">\n\t\t\t\t\t\t\t\t\t\t\t\t\t\t\t\t\t\t<img src=\"https:\/\/www.uninter.com\/biblioteca\/wp-content\/uploads\/2019\/08\/administrativo-150x150.jpg\" alt=\"\">\n\t\t\t\t\t\t\t\t<\/span>\n\t\t\t\t\t\t\t\n\t\t\t\t\t\t\t<!-- Link Text -->\n\t\t\t\t\t\t\tRevista de Direito Administrativo\t\t\t\t\t\t\t\n\t\t\t\t\t\t\t\t\t\t\t\t\t\t<span style=\"font-size:12px;\"><br>\n\t                                \t\t\t\t\t\t\t<\/span>\t\n\t                        \n\t\t\t\t\t\t<\/a>\n\t\t\t\t\t\t\n\t\t\t\t\t\t\t<!-- upvote section -->\n\t\t\t\t\t\t\t<div class=\"upvote-section\">\n\t\t\t\t\t\t\t\t<span data-post-id=\"1333\" data-item-title=\"Revista de Direito Administrativo\" data-item-link=\"http:\/\/bibliotecadigital.fgv.br\/ojs\/index.php\/rda\/article\/view\/47503\/45249\" class=\"upvote-btn upvote-on\">\n\t\t\t\t\t\t\t\t\t<i class=\"fa fa-thumbs-up\"><\/i>\n\t\t\t\t\t\t\t\t<\/span>\n\t\t\t\t\t\t\t\t<span class=\"upvote-count\">\n\t\t\t\t\t\t\t\t\t6112\t\t\t\t\t\t\t\t<\/span>\n\t\t\t\t\t\t\t<\/div>\n\t\t\t\t\t\t\t<!-- \/upvote section -->\n\n\t\t\t\t\t\t\t\t\t\t\t\t\n\t\t\t\t\t<\/li>\n\t\t\t\t\t\n\t\t\t\t\t<li id=\"item-1333-2\">\n\t\t\t\t\t\t\t\t\t\t\t\t<!-- List Anchor -->\n\t\t\t\t\t\t<a   href=\"https:\/\/www.aeaweb.org\/journals\/aer\"\n\t\t\t\t\t\t\ttarget=\"_blank\">\n\n\t\t\t\t\t\t\t<!-- Image, If Present -->\n\t\t\t\t\t\t\t2 - \t\t\t\t\t\t\t\t\t\t\t\t\t\t\n\t\t\t\t\t\t\t\n\t\t\t\t\t\t\t\t<span class=\"list-img\">\n\t\t\t\t\t\t\t\t\t\t\t\t\t\t\t\t\t\t<img src=\"https:\/\/www.uninter.com\/biblioteca\/wp-content\/uploads\/2019\/08\/review-150x150.jpg\" alt=\"\">\n\t\t\t\t\t\t\t\t<\/span>\n\t\t\t\t\t\t\t\n\t\t\t\t\t\t\t<!-- Link Text -->\n\t\t\t\t\t\t\tAmerican Economic Review\t\t\t\t\t\t\t\n\t\t\t\t\t\t\t\t\t\t\t\t\t\t<span style=\"font-size:12px;\"><br>\n\t                                \t\t\t\t\t\t\t<\/span>\t\n\t                        \n\t\t\t\t\t\t<\/a>\n\t\t\t\t\t\t\n\t\t\t\t\t\t\t<!-- upvote section -->\n\t\t\t\t\t\t\t<div class=\"upvote-section\">\n\t\t\t\t\t\t\t\t<span data-post-id=\"1333\" data-item-title=\"American Economic Review\" data-item-link=\"https:\/\/www.aeaweb.org\/journals\/aer\" class=\"upvote-btn upvote-on\">\n\t\t\t\t\t\t\t\t\t<i class=\"fa fa-thumbs-up\"><\/i>\n\t\t\t\t\t\t\t\t<\/span>\n\t\t\t\t\t\t\t\t<span class=\"upvote-count\">\n\t\t\t\t\t\t\t\t\t16442\t\t\t\t\t\t\t\t<\/span>\n\t\t\t\t\t\t\t<\/div>\n\t\t\t\t\t\t\t<!-- \/upvote section -->\n\n\t\t\t\t\t\t\t\t\t\t\t\t\n\t\t\t\t\t<\/li>\n\t\t\t\t\t\n\t\t\t\t\t<li id=\"item-1333-3\">\n\t\t\t\t\t\t\t\t\t\t\t\t<!-- List Anchor -->\n\t\t\t\t\t\t<a   href=\"https:\/\/www.pnas.org\/\"\n\t\t\t\t\t\t\ttarget=\"_blank\">\n\n\t\t\t\t\t\t\t<!-- Image, If Present -->\n\t\t\t\t\t\t\t3 - \t\t\t\t\t\t\t\t\t\t\t\t\t\t\n\t\t\t\t\t\t\t\n\t\t\t\t\t\t\t\t<span class=\"list-img\">\n\t\t\t\t\t\t\t\t\t\t\t\t\t\t\t\t\t\t<img src=\"https:\/\/www.uninter.com\/biblioteca\/wp-content\/uploads\/2019\/08\/pnas-150x150.jpg\" alt=\"\">\n\t\t\t\t\t\t\t\t<\/span>\n\t\t\t\t\t\t\t\n\t\t\t\t\t\t\t<!-- Link Text -->\n\t\t\t\t\t\t\tProceedings of the National Academy of Sciences of the USA\t\t\t\t\t\t\t\n\t\t\t\t\t\t\t\t\t\t\t\t\t\t<span style=\"font-size:12px;\"><br>\n\t                                \t\t\t\t\t\t\t<\/span>\t\n\t                        \n\t\t\t\t\t\t<\/a>\n\t\t\t\t\t\t\n\t\t\t\t\t\t\t<!-- upvote section -->\n\t\t\t\t\t\t\t<div class=\"upvote-section\">\n\t\t\t\t\t\t\t\t<span data-post-id=\"1333\" data-item-title=\"Proceedings of the National Academy of Sciences of the USA\" data-item-link=\"https:\/\/www.pnas.org\/\" class=\"upvote-btn upvote-on\">\n\t\t\t\t\t\t\t\t\t<i class=\"fa fa-thumbs-up\"><\/i>\n\t\t\t\t\t\t\t\t<\/span>\n\t\t\t\t\t\t\t\t<span class=\"upvote-count\">\n\t\t\t\t\t\t\t\t\t17397\t\t\t\t\t\t\t\t<\/span>\n\t\t\t\t\t\t\t<\/div>\n\t\t\t\t\t\t\t<!-- \/upvote section -->\n\n\t\t\t\t\t\t\t\t\t\t\t\t\n\t\t\t\t\t<\/li>\n\t\t\t\t\t\n\t\t\t\t\t<li id=\"item-1333-4\">\n\t\t\t\t\t\t\t\t\t\t\t\t<!-- List Anchor -->\n\t\t\t\t\t\t<a   href=\"http:\/\/bibliotecadigital.fgv.br\/dspace\/handle\/10438\/2847\"\n\t\t\t\t\t\t\ttarget=\"_blank\">\n\n\t\t\t\t\t\t\t<!-- Image, If Present -->\n\t\t\t\t\t\t\t4 - \t\t\t\t\t\t\t\t\t\t\t\t\t\t\n\t\t\t\t\t\t\t\n\t\t\t\t\t\t\t\t<span class=\"list-img\">\n\t\t\t\t\t\t\t\t\t\t\t\t\t\t\t\t\t\t<img src=\"https:\/\/www.uninter.com\/biblioteca\/wp-content\/uploads\/2019\/08\/direitoGV-150x150.jpg\" alt=\"\">\n\t\t\t\t\t\t\t\t<\/span>\n\t\t\t\t\t\t\t\n\t\t\t\t\t\t\t<!-- Link Text -->\n\t\t\t\t\t\t\tDireito FGV\t\t\t\t\t\t\t\n\t\t\t\t\t\t\t\t\t\t\t\t\t\t<span style=\"font-size:12px;\"><br>\n\t                                \t\t\t\t\t\t\t<\/span>\t\n\t                        \n\t\t\t\t\t\t<\/a>\n\t\t\t\t\t\t\n\t\t\t\t\t\t\t<!-- upvote section -->\n\t\t\t\t\t\t\t<div class=\"upvote-section\">\n\t\t\t\t\t\t\t\t<span data-post-id=\"1333\" data-item-title=\"Direito FGV\" data-item-link=\"http:\/\/bibliotecadigital.fgv.br\/dspace\/handle\/10438\/2847\" class=\"upvote-btn upvote-on\">\n\t\t\t\t\t\t\t\t\t<i class=\"fa fa-thumbs-up\"><\/i>\n\t\t\t\t\t\t\t\t<\/span>\n\t\t\t\t\t\t\t\t<span class=\"upvote-count\">\n\t\t\t\t\t\t\t\t\t13747\t\t\t\t\t\t\t\t<\/span>\n\t\t\t\t\t\t\t<\/div>\n\t\t\t\t\t\t\t<!-- \/upvote section -->\n\n\t\t\t\t\t\t\t\t\t\t\t\t\n\t\t\t\t\t<\/li>\n\t\t\t\t\t\n\t\t\t\t\t<li id=\"item-1333-5\">\n\t\t\t\t\t\t\t\t\t\t\t\t<!-- List Anchor -->\n\t\t\t\t\t\t<a   href=\"https:\/\/dialnet.unirioja.es\/revista\/2894\/A\/2005\"\n\t\t\t\t\t\t\ttarget=\"_blank\">\n\n\t\t\t\t\t\t\t<!-- Image, If Present -->\n\t\t\t\t\t\t\t5 - \t\t\t\t\t\t\t\t\t\t\t\t\t\t\n\t\t\t\t\t\t\t\n\t\t\t\t\t\t\t\t<span class=\"list-img\">\n\t\t\t\t\t\t\t\t\t\t\t\t\t\t\t\t\t\t<img src=\"https:\/\/www.uninter.com\/biblioteca\/wp-content\/uploads\/2019\/08\/cuadernos-1-150x150.jpg\" alt=\"\">\n\t\t\t\t\t\t\t\t<\/span>\n\t\t\t\t\t\t\t\n\t\t\t\t\t\t\t<!-- Link Text -->\n\t\t\t\t\t\t\tCuadernos del Instituto Antonio de Nebrija de Estudios sobre la universidad\t\t\t\t\t\t\t\n\t\t\t\t\t\t\t\t\t\t\t\t\t\t<span style=\"font-size:12px;\"><br>\n\t                                \t\t\t\t\t\t\t<\/span>\t\n\t                        \n\t\t\t\t\t\t<\/a>\n\t\t\t\t\t\t\n\t\t\t\t\t\t\t<!-- upvote section -->\n\t\t\t\t\t\t\t<div class=\"upvote-section\">\n\t\t\t\t\t\t\t\t<span data-post-id=\"1333\" data-item-title=\"Cuadernos del Instituto Antonio de Nebrija de Estudios sobre la universidad\" data-item-link=\"https:\/\/dialnet.unirioja.es\/revista\/2894\/A\/2005\" class=\"upvote-btn upvote-on\">\n\t\t\t\t\t\t\t\t\t<i class=\"fa fa-thumbs-up\"><\/i>\n\t\t\t\t\t\t\t\t<\/span>\n\t\t\t\t\t\t\t\t<span class=\"upvote-count\">\n\t\t\t\t\t\t\t\t\t13116\t\t\t\t\t\t\t\t<\/span>\n\t\t\t\t\t\t\t<\/div>\n\t\t\t\t\t\t\t<!-- \/upvote section -->\n\n\t\t\t\t\t\t\t\t\t\t\t\t\n\t\t\t\t\t<\/li>\n\t\t\t\t\t\n\t\t\t\t\t<li id=\"item-1333-6\">\n\t\t\t\t\t\t\t\t\t\t\t\t<!-- List Anchor -->\n\t\t\t\t\t\t<a   href=\"https:\/\/dialnet.unirioja.es\/servlet\/revista?codigo=4629\"\n\t\t\t\t\t\t\ttarget=\"_blank\">\n\n\t\t\t\t\t\t\t<!-- Image, If Present -->\n\t\t\t\t\t\t\t6 - \t\t\t\t\t\t\t\t\t\t\t\t\t\t\n\t\t\t\t\t\t\t\n\t\t\t\t\t\t\t\t<span class=\"list-img\">\n\t\t\t\t\t\t\t\t\t\t\t\t\t\t\t\t\t\t<img src=\"https:\/\/www.uninter.com\/biblioteca\/wp-content\/uploads\/2019\/08\/anuario-150x150.jpg\" alt=\"\">\n\t\t\t\t\t\t\t\t<\/span>\n\t\t\t\t\t\t\t\n\t\t\t\t\t\t\t<!-- Link Text -->\n\t\t\t\t\t\t\tAnuario Mexicano de Historia del Derecho\t\t\t\t\t\t\t\n\t\t\t\t\t\t\t\t\t\t\t\t\t\t<span style=\"font-size:12px;\"><br>\n\t                                \t\t\t\t\t\t\t<\/span>\t\n\t                        \n\t\t\t\t\t\t<\/a>\n\t\t\t\t\t\t\n\t\t\t\t\t\t\t<!-- upvote section -->\n\t\t\t\t\t\t\t<div class=\"upvote-section\">\n\t\t\t\t\t\t\t\t<span data-post-id=\"1333\" data-item-title=\"Anuario Mexicano de Historia del Derecho\" data-item-link=\"https:\/\/dialnet.unirioja.es\/servlet\/revista?codigo=4629\" class=\"upvote-btn upvote-on\">\n\t\t\t\t\t\t\t\t\t<i class=\"fa fa-thumbs-up\"><\/i>\n\t\t\t\t\t\t\t\t<\/span>\n\t\t\t\t\t\t\t\t<span class=\"upvote-count\">\n\t\t\t\t\t\t\t\t\t13320\t\t\t\t\t\t\t\t<\/span>\n\t\t\t\t\t\t\t<\/div>\n\t\t\t\t\t\t\t<!-- \/upvote section -->\n\n\t\t\t\t\t\t\t\t\t\t\t\t\n\t\t\t\t\t<\/li>\n\t\t\t\t\t\n\t\t\t\t\t<li id=\"item-1333-7\">\n\t\t\t\t\t\t\t\t\t\t\t\t<!-- List Anchor -->\n\t\t\t\t\t\t<a   href=\"https:\/\/revistas.juridicas.unam.mx\/index.php\/cuestiones-constitucionales\/article\/view\/6045\/7986\"\n\t\t\t\t\t\t\ttarget=\"_blank\">\n\n\t\t\t\t\t\t\t<!-- Image, If Present -->\n\t\t\t\t\t\t\t7 - \t\t\t\t\t\t\t\t\t\t\t\t\t\t\n\t\t\t\t\t\t\t\n\t\t\t\t\t\t\t\t<span class=\"list-img\">\n\t\t\t\t\t\t\t\t\t\t\t\t\t\t\t\t\t\t<img src=\"https:\/\/www.uninter.com\/biblioteca\/wp-content\/uploads\/2019\/08\/cuestiones-150x150.jpg\" alt=\"\">\n\t\t\t\t\t\t\t\t<\/span>\n\t\t\t\t\t\t\t\n\t\t\t\t\t\t\t<!-- Link Text -->\n\t\t\t\t\t\t\tCuestiones Constitucionales Revista Mexicana de Derecho Constitucional\t\t\t\t\t\t\t\n\t\t\t\t\t\t\t\t\t\t\t\t\t\t<span style=\"font-size:12px;\"><br>\n\t                                \t\t\t\t\t\t\t<\/span>\t\n\t                        \n\t\t\t\t\t\t<\/a>\n\t\t\t\t\t\t\n\t\t\t\t\t\t\t<!-- upvote section -->\n\t\t\t\t\t\t\t<div class=\"upvote-section\">\n\t\t\t\t\t\t\t\t<span data-post-id=\"1333\" data-item-title=\"Cuestiones Constitucionales Revista Mexicana de Derecho Constitucional\" data-item-link=\"https:\/\/revistas.juridicas.unam.mx\/index.php\/cuestiones-constitucionales\/article\/view\/6045\/7986\" class=\"upvote-btn upvote-on\">\n\t\t\t\t\t\t\t\t\t<i class=\"fa fa-thumbs-up\"><\/i>\n\t\t\t\t\t\t\t\t<\/span>\n\t\t\t\t\t\t\t\t<span class=\"upvote-count\">\n\t\t\t\t\t\t\t\t\t14241\t\t\t\t\t\t\t\t<\/span>\n\t\t\t\t\t\t\t<\/div>\n\t\t\t\t\t\t\t<!-- \/upvote section -->\n\n\t\t\t\t\t\t\t\t\t\t\t\t\n\t\t\t\t\t<\/li>\n\t\t\t\t\t\n\t\t\t\t\t<li id=\"item-1333-8\">\n\t\t\t\t\t\t\t\t\t\t\t\t<!-- List Anchor -->\n\t\t\t\t\t\t<a   href=\"https:\/\/academic.oup.com\/ajcl\"\n\t\t\t\t\t\t\ttarget=\"_blank\">\n\n\t\t\t\t\t\t\t<!-- Image, If Present -->\n\t\t\t\t\t\t\t8 - \t\t\t\t\t\t\t\t\t\t\t\t\t\t\n\t\t\t\t\t\t\t\n\t\t\t\t\t\t\t\t<span class=\"list-img\">\n\t\t\t\t\t\t\t\t\t\t\t\t\t\t\t\t\t\t<img src=\"https:\/\/www.uninter.com\/biblioteca\/wp-content\/uploads\/2019\/08\/comnparativeLaw-150x150.jpg\" alt=\"\">\n\t\t\t\t\t\t\t\t<\/span>\n\t\t\t\t\t\t\t\n\t\t\t\t\t\t\t<!-- Link Text -->\n\t\t\t\t\t\t\tAmerican Journal of Comparative Law\t\t\t\t\t\t\t\n\t\t\t\t\t\t\t\t\t\t\t\t\t\t<span style=\"font-size:12px;\"><br>\n\t                                \t\t\t\t\t\t\t<\/span>\t\n\t                        \n\t\t\t\t\t\t<\/a>\n\t\t\t\t\t\t\n\t\t\t\t\t\t\t<!-- upvote section -->\n\t\t\t\t\t\t\t<div class=\"upvote-section\">\n\t\t\t\t\t\t\t\t<span data-post-id=\"1333\" data-item-title=\"American Journal of Comparative Law\" data-item-link=\"https:\/\/academic.oup.com\/ajcl\" class=\"upvote-btn upvote-on\">\n\t\t\t\t\t\t\t\t\t<i class=\"fa fa-thumbs-up\"><\/i>\n\t\t\t\t\t\t\t\t<\/span>\n\t\t\t\t\t\t\t\t<span class=\"upvote-count\">\n\t\t\t\t\t\t\t\t\t12675\t\t\t\t\t\t\t\t<\/span>\n\t\t\t\t\t\t\t<\/div>\n\t\t\t\t\t\t\t<!-- \/upvote section -->\n\n\t\t\t\t\t\t\t\t\t\t\t\t\n\t\t\t\t\t<\/li>\n\t\t\t\t\t\n\t\t\t\t\t<li id=\"item-1333-9\">\n\t\t\t\t\t\t\t\t\t\t\t\t<!-- List Anchor -->\n\t\t\t\t\t\t<a   href=\"https:\/\/www.cambridge.org\/core\/journals\/perspectives-on-politics\/article\/the-cartel-party-thesis-a-restatement\/458996C30EF168AF3A13A3134AA1ACCE#\"\n\t\t\t\t\t\t\ttarget=\"_blank\">\n\n\t\t\t\t\t\t\t<!-- Image, If Present -->\n\t\t\t\t\t\t\t9 - \t\t\t\t\t\t\t\t\t\t\t\t\t\t\n\t\t\t\t\t\t\t\n\t\t\t\t\t\t\t\t<span class=\"list-img\">\n\t\t\t\t\t\t\t\t\t\t\t\t\t\t\t\t\t\t<img src=\"https:\/\/www.uninter.com\/biblioteca\/wp-content\/uploads\/2019\/08\/journal-150x150.jpg\" alt=\"\">\n\t\t\t\t\t\t\t\t<\/span>\n\t\t\t\t\t\t\t\n\t\t\t\t\t\t\t<!-- Link Text -->\n\t\t\t\t\t\t\tJournal Perspectives on Politics\t\t\t\t\t\t\t\n\t\t\t\t\t\t\t\t\t\t\t\t\t\t<span style=\"font-size:12px;\"><br>\n\t                                \t\t\t\t\t\t\t<\/span>\t\n\t                        \n\t\t\t\t\t\t<\/a>\n\t\t\t\t\t\t\n\t\t\t\t\t\t\t<!-- upvote section -->\n\t\t\t\t\t\t\t<div class=\"upvote-section\">\n\t\t\t\t\t\t\t\t<span data-post-id=\"1333\" data-item-title=\"Journal Perspectives on Politics\" data-item-link=\"https:\/\/www.cambridge.org\/core\/journals\/perspectives-on-politics\/article\/the-cartel-party-thesis-a-restatement\/458996C30EF168AF3A13A3134AA1ACCE#\" class=\"upvote-btn upvote-on\">\n\t\t\t\t\t\t\t\t\t<i class=\"fa fa-thumbs-up\"><\/i>\n\t\t\t\t\t\t\t\t<\/span>\n\t\t\t\t\t\t\t\t<span class=\"upvote-count\">\n\t\t\t\t\t\t\t\t\t11459\t\t\t\t\t\t\t\t<\/span>\n\t\t\t\t\t\t\t<\/div>\n\t\t\t\t\t\t\t<!-- \/upvote section -->\n\n\t\t\t\t\t\t\t\t\t\t\t\t\n\t\t\t\t\t<\/li>\n\t\t\t\t\t\n\t\t\t\t\t<li id=\"item-1333-10\">\n\t\t\t\t\t\t\t\t\t\t\t\t<!-- List Anchor -->\n\t\t\t\t\t\t<a   href=\"http:\/\/www.cervantesvirtual.com\/obra\/la-dificultad-de-defender-el-control-judicial-de-las-leyes-0\/\"\n\t\t\t\t\t\t\ttarget=\"_blank\">\n\n\t\t\t\t\t\t\t<!-- Image, If Present -->\n\t\t\t\t\t\t\t10 - \t\t\t\t\t\t\t\t\t\t\t\t\t\t\n\t\t\t\t\t\t\t\n\t\t\t\t\t\t\t\t<span class=\"list-img\">\n\t\t\t\t\t\t\t\t\t\t\t\t\t\t\t\t\t\t<img src=\"https:\/\/www.uninter.com\/biblioteca\/wp-content\/uploads\/2019\/08\/isonomia-150x150.jpg\" alt=\"\">\n\t\t\t\t\t\t\t\t<\/span>\n\t\t\t\t\t\t\t\n\t\t\t\t\t\t\t<!-- Link Text -->\n\t\t\t\t\t\t\tIsonom\u00eda: Revista de Teor\u00eda y Filosof\u00eda del Derecho\t\t\t\t\t\t\t\n\t\t\t\t\t\t\t\t\t\t\t\t\t\t<span style=\"font-size:12px;\"><br>\n\t                                \t\t\t\t\t\t\t<\/span>\t\n\t                        \n\t\t\t\t\t\t<\/a>\n\t\t\t\t\t\t\n\t\t\t\t\t\t\t<!-- upvote section -->\n\t\t\t\t\t\t\t<div class=\"upvote-section\">\n\t\t\t\t\t\t\t\t<span data-post-id=\"1333\" data-item-title=\"Isonom\u00eda: Revista de Teor\u00eda y Filosof\u00eda del Derecho\" data-item-link=\"http:\/\/www.cervantesvirtual.com\/obra\/la-dificultad-de-defender-el-control-judicial-de-las-leyes-0\/\" class=\"upvote-btn upvote-on\">\n\t\t\t\t\t\t\t\t\t<i class=\"fa fa-thumbs-up\"><\/i>\n\t\t\t\t\t\t\t\t<\/span>\n\t\t\t\t\t\t\t\t<span class=\"upvote-count\">\n\t\t\t\t\t\t\t\t\t11839\t\t\t\t\t\t\t\t<\/span>\n\t\t\t\t\t\t\t<\/div>\n\t\t\t\t\t\t\t<!-- \/upvote section -->\n\n\t\t\t\t\t\t\t\t\t\t\t\t\n\t\t\t\t\t<\/li>\n\t\t\t\t\t\n\t\t\t\t\t<li id=\"item-1333-11\">\n\t\t\t\t\t\t\t\t\t\t\t\t<!-- List Anchor -->\n\t\t\t\t\t\t<a   href=\"https:\/\/www.yalelawjournal.org\/\"\n\t\t\t\t\t\t\ttarget=\"_blank\">\n\n\t\t\t\t\t\t\t<!-- Image, If Present -->\n\t\t\t\t\t\t\t11 - \t\t\t\t\t\t\t\t\t\t\t\t\t\t\n\t\t\t\t\t\t\t\n\t\t\t\t\t\t\t\t<span class=\"list-img\">\n\t\t\t\t\t\t\t\t\t\t\t\t\t\t\t\t\t\t<img src=\"https:\/\/www.uninter.com\/biblioteca\/wp-content\/uploads\/2019\/08\/yale-150x150.jpg\" alt=\"\">\n\t\t\t\t\t\t\t\t<\/span>\n\t\t\t\t\t\t\t\n\t\t\t\t\t\t\t<!-- Link Text -->\n\t\t\t\t\t\t\tThe Yale Law Journal\t\t\t\t\t\t\t\n\t\t\t\t\t\t\t\t\t\t\t\t\t\t<span style=\"font-size:12px;\"><br>\n\t                                \t\t\t\t\t\t\t<\/span>\t\n\t                        \n\t\t\t\t\t\t<\/a>\n\t\t\t\t\t\t\n\t\t\t\t\t\t\t<!-- upvote section -->\n\t\t\t\t\t\t\t<div class=\"upvote-section\">\n\t\t\t\t\t\t\t\t<span data-post-id=\"1333\" data-item-title=\"The Yale Law Journal\" data-item-link=\"https:\/\/www.yalelawjournal.org\/\" class=\"upvote-btn upvote-on\">\n\t\t\t\t\t\t\t\t\t<i class=\"fa fa-thumbs-up\"><\/i>\n\t\t\t\t\t\t\t\t<\/span>\n\t\t\t\t\t\t\t\t<span class=\"upvote-count\">\n\t\t\t\t\t\t\t\t\t11357\t\t\t\t\t\t\t\t<\/span>\n\t\t\t\t\t\t\t<\/div>\n\t\t\t\t\t\t\t<!-- \/upvote section -->\n\n\t\t\t\t\t\t\t\t\t\t\t\t\n\t\t\t\t\t<\/li>\n\t\t\t\t\t\n\t\t\t\t\t<li id=\"item-1333-12\">\n\t\t\t\t\t\t\t\t\t\t\t\t<!-- List Anchor -->\n\t\t\t\t\t\t<a   href=\"http:\/\/periodicos.uem.br\/ojs\/index.php\/EspacoAcademico\"\n\t\t\t\t\t\t\ttarget=\"_blank\">\n\n\t\t\t\t\t\t\t<!-- Image, If Present -->\n\t\t\t\t\t\t\t12 - \t\t\t\t\t\t\t\t\t\t\t\t\t\t\n\t\t\t\t\t\t\t\n\t\t\t\t\t\t\t\t<span class=\"list-img\">\n\t\t\t\t\t\t\t\t\t\t\t\t\t\t\t\t\t\t<img src=\"https:\/\/www.uninter.com\/biblioteca\/wp-content\/uploads\/2019\/08\/espaco-1-150x150.jpg\" alt=\"\">\n\t\t\t\t\t\t\t\t<\/span>\n\t\t\t\t\t\t\t\n\t\t\t\t\t\t\t<!-- Link Text -->\n\t\t\t\t\t\t\tRevista Espa\u00e7o Acad\u00eamico\t\t\t\t\t\t\t\n\t\t\t\t\t\t\t\t\t\t\t\t\t\t<span style=\"font-size:12px;\"><br>\n\t                                \t\t\t\t\t\t\t<\/span>\t\n\t                        \n\t\t\t\t\t\t<\/a>\n\t\t\t\t\t\t\n\t\t\t\t\t\t\t<!-- upvote section -->\n\t\t\t\t\t\t\t<div class=\"upvote-section\">\n\t\t\t\t\t\t\t\t<span data-post-id=\"1333\" data-item-title=\"Revista Espa\u00e7o Acad\u00eamico\" data-item-link=\"http:\/\/periodicos.uem.br\/ojs\/index.php\/EspacoAcademico\" class=\"upvote-btn upvote-on\">\n\t\t\t\t\t\t\t\t\t<i class=\"fa fa-thumbs-up\"><\/i>\n\t\t\t\t\t\t\t\t<\/span>\n\t\t\t\t\t\t\t\t<span class=\"upvote-count\">\n\t\t\t\t\t\t\t\t\t11983\t\t\t\t\t\t\t\t<\/span>\n\t\t\t\t\t\t\t<\/div>\n\t\t\t\t\t\t\t<!-- \/upvote section -->\n\n\t\t\t\t\t\t\t\t\t\t\t\t\n\t\t\t\t\t<\/li>\n\t\t\t\t\t\n\t\t\t\t\t<li id=\"item-1333-13\">\n\t\t\t\t\t\t\t\t\t\t\t\t<!-- List Anchor -->\n\t\t\t\t\t\t<a   href=\"http:\/\/www2.senado.leg.br\/bdsf\/item\/id\/22\"\n\t\t\t\t\t\t\ttarget=\"_blank\">\n\n\t\t\t\t\t\t\t<!-- Image, If Present -->\n\t\t\t\t\t\t\t13 - \t\t\t\t\t\t\t\t\t\t\t\t\t\t\n\t\t\t\t\t\t\t\n\t\t\t\t\t\t\t\t<span class=\"list-img\">\n\t\t\t\t\t\t\t\t\t\t\t\t\t\t\t\t\t\t<img src=\"https:\/\/www.uninter.com\/biblioteca\/wp-content\/uploads\/2019\/08\/infLeg-150x150.jpg\" alt=\"\">\n\t\t\t\t\t\t\t\t<\/span>\n\t\t\t\t\t\t\t\n\t\t\t\t\t\t\t<!-- Link Text -->\n\t\t\t\t\t\t\tRevista de Informa\u00e7\u00e3o Legislativa\t\t\t\t\t\t\t\n\t\t\t\t\t\t\t\t\t\t\t\t\t\t<span style=\"font-size:12px;\"><br>\n\t                                \t\t\t\t\t\t\t<\/span>\t\n\t                        \n\t\t\t\t\t\t<\/a>\n\t\t\t\t\t\t\n\t\t\t\t\t\t\t<!-- upvote section -->\n\t\t\t\t\t\t\t<div class=\"upvote-section\">\n\t\t\t\t\t\t\t\t<span data-post-id=\"1333\" data-item-title=\"Revista de Informa\u00e7\u00e3o Legislativa\" data-item-link=\"http:\/\/www2.senado.leg.br\/bdsf\/item\/id\/22\" class=\"upvote-btn upvote-on\">\n\t\t\t\t\t\t\t\t\t<i class=\"fa fa-thumbs-up\"><\/i>\n\t\t\t\t\t\t\t\t<\/span>\n\t\t\t\t\t\t\t\t<span class=\"upvote-count\">\n\t\t\t\t\t\t\t\t\t10573\t\t\t\t\t\t\t\t<\/span>\n\t\t\t\t\t\t\t<\/div>\n\t\t\t\t\t\t\t<!-- \/upvote section -->\n\n\t\t\t\t\t\t\t\t\t\t\t\t\n\t\t\t\t\t<\/li>\n\t\t\t\t\t\n\t\t\t\t\t<li id=\"item-1333-14\">\n\t\t\t\t\t\t\t\t\t\t\t\t<!-- List Anchor -->\n\t\t\t\t\t\t<a   href=\"http:\/\/www.revistaaec.com\/index.php\/revistaaec\/article\/view\/520\"\n\t\t\t\t\t\t\ttarget=\"_blank\">\n\n\t\t\t\t\t\t\t<!-- Image, If Present -->\n\t\t\t\t\t\t\t14 - \t\t\t\t\t\t\t\t\t\t\t\t\t\t\n\t\t\t\t\t\t\t\n\t\t\t\t\t\t\t\t<span class=\"list-img\">\n\t\t\t\t\t\t\t\t\t\t\t\t\t\t\t\t\t\t<img src=\"https:\/\/www.uninter.com\/biblioteca\/wp-content\/uploads\/2019\/08\/aec-150x150.jpg\" alt=\"\">\n\t\t\t\t\t\t\t\t<\/span>\n\t\t\t\t\t\t\t\n\t\t\t\t\t\t\t<!-- Link Text -->\n\t\t\t\t\t\t\tA&amp;C \u2013 Revista de Direito Administrativo &amp; Constitucional\t\t\t\t\t\t\t\n\t\t\t\t\t\t\t\t\t\t\t\t\t\t<span style=\"font-size:12px;\"><br>\n\t                                \t\t\t\t\t\t\t<\/span>\t\n\t                        \n\t\t\t\t\t\t<\/a>\n\t\t\t\t\t\t\n\t\t\t\t\t\t\t<!-- upvote section -->\n\t\t\t\t\t\t\t<div class=\"upvote-section\">\n\t\t\t\t\t\t\t\t<span data-post-id=\"1333\" data-item-title=\"A&amp;C \u2013 Revista de Direito Administrativo &amp; Constitucional\" data-item-link=\"http:\/\/www.revistaaec.com\/index.php\/revistaaec\/article\/view\/520\" class=\"upvote-btn upvote-on\">\n\t\t\t\t\t\t\t\t\t<i class=\"fa fa-thumbs-up\"><\/i>\n\t\t\t\t\t\t\t\t<\/span>\n\t\t\t\t\t\t\t\t<span class=\"upvote-count\">\n\t\t\t\t\t\t\t\t\t10066\t\t\t\t\t\t\t\t<\/span>\n\t\t\t\t\t\t\t<\/div>\n\t\t\t\t\t\t\t<!-- \/upvote section -->\n\n\t\t\t\t\t\t\t\t\t\t\t\t\n\t\t\t\t\t<\/li>\n\t\t\t\t\t\n\t\t\t\t\t<li id=\"item-1333-15\">\n\t\t\t\t\t\t\t\t\t\t\t\t<!-- List Anchor -->\n\t\t\t\t\t\t<a   href=\"http:\/\/revista.unicuritiba.edu.br\/index.php\/RevJur\/article\/view\/99\"\n\t\t\t\t\t\t\ttarget=\"_blank\">\n\n\t\t\t\t\t\t\t<!-- Image, If Present -->\n\t\t\t\t\t\t\t15 - \t\t\t\t\t\t\t\t\t\t\t\t\t\t\n\t\t\t\t\t\t\t\n\t\t\t\t\t\t\t\t<span class=\"list-img\">\n\t\t\t\t\t\t\t\t\t\t\t\t\t\t\t\t\t\t<img src=\"https:\/\/www.uninter.com\/biblioteca\/wp-content\/uploads\/2019\/08\/unicuritiba-150x150.jpg\" alt=\"\">\n\t\t\t\t\t\t\t\t<\/span>\n\t\t\t\t\t\t\t\n\t\t\t\t\t\t\t<!-- Link Text -->\n\t\t\t\t\t\t\tRevista Jur\u00eddica \u2013 UniCuritiba\t\t\t\t\t\t\t\n\t\t\t\t\t\t\t\t\t\t\t\t\t\t<span style=\"font-size:12px;\"><br>\n\t                                \t\t\t\t\t\t\t<\/span>\t\n\t                        \n\t\t\t\t\t\t<\/a>\n\t\t\t\t\t\t\n\t\t\t\t\t\t\t<!-- upvote section -->\n\t\t\t\t\t\t\t<div class=\"upvote-section\">\n\t\t\t\t\t\t\t\t<span data-post-id=\"1333\" data-item-title=\"Revista Jur\u00eddica \u2013 UniCuritiba\" data-item-link=\"http:\/\/revista.unicuritiba.edu.br\/index.php\/RevJur\/article\/view\/99\" class=\"upvote-btn upvote-on\">\n\t\t\t\t\t\t\t\t\t<i class=\"fa fa-thumbs-up\"><\/i>\n\t\t\t\t\t\t\t\t<\/span>\n\t\t\t\t\t\t\t\t<span class=\"upvote-count\">\n\t\t\t\t\t\t\t\t\t10952\t\t\t\t\t\t\t\t<\/span>\n\t\t\t\t\t\t\t<\/div>\n\t\t\t\t\t\t\t<!-- \/upvote section -->\n\n\t\t\t\t\t\t\t\t\t\t\t\t\n\t\t\t\t\t<\/li>\n\t\t\t\t\t\n\t\t\t\t\t<li id=\"item-1333-16\">\n\t\t\t\t\t\t\t\t\t\t\t\t<!-- List Anchor -->\n\t\t\t\t\t\t<a   href=\"http:\/\/revistaeletronicardfd.unibrasil.com.br\/index.php\/rdfd\/article\/view\/309\"\n\t\t\t\t\t\t\ttarget=\"_blank\">\n\n\t\t\t\t\t\t\t<!-- Image, If Present -->\n\t\t\t\t\t\t\t16 - \t\t\t\t\t\t\t\t\t\t\t\t\t\t\n\t\t\t\t\t\t\t\n\t\t\t\t\t\t\t\t<span class=\"list-img\">\n\t\t\t\t\t\t\t\t\t\t\t\t\t\t\t\t\t\t<img src=\"https:\/\/www.uninter.com\/biblioteca\/wp-content\/uploads\/2019\/08\/democracia-1-150x150.jpg\" alt=\"\">\n\t\t\t\t\t\t\t\t<\/span>\n\t\t\t\t\t\t\t\n\t\t\t\t\t\t\t<!-- Link Text -->\n\t\t\t\t\t\t\tRevista Direitos Fundamentais &amp; Democracia\t\t\t\t\t\t\t\n\t\t\t\t\t\t\t\t\t\t\t\t\t\t<span style=\"font-size:12px;\"><br>\n\t                                \t\t\t\t\t\t\t<\/span>\t\n\t                        \n\t\t\t\t\t\t<\/a>\n\t\t\t\t\t\t\n\t\t\t\t\t\t\t<!-- upvote section -->\n\t\t\t\t\t\t\t<div class=\"upvote-section\">\n\t\t\t\t\t\t\t\t<span data-post-id=\"1333\" data-item-title=\"Revista Direitos Fundamentais &amp; Democracia\" data-item-link=\"http:\/\/revistaeletronicardfd.unibrasil.com.br\/index.php\/rdfd\/article\/view\/309\" class=\"upvote-btn upvote-on\">\n\t\t\t\t\t\t\t\t\t<i class=\"fa fa-thumbs-up\"><\/i>\n\t\t\t\t\t\t\t\t<\/span>\n\t\t\t\t\t\t\t\t<span class=\"upvote-count\">\n\t\t\t\t\t\t\t\t\t10348\t\t\t\t\t\t\t\t<\/span>\n\t\t\t\t\t\t\t<\/div>\n\t\t\t\t\t\t\t<!-- \/upvote section -->\n\n\t\t\t\t\t\t\t\t\t\t\t\t\n\t\t\t\t\t<\/li>\n\t\t\t\t\t\n\t\t\t\t\t<li id=\"item-1333-17\">\n\t\t\t\t\t\t\t\t\t\t\t\t<!-- List Anchor -->\n\t\t\t\t\t\t<a   href=\"https:\/\/bdjur.stj.jus.br\/jspui\/handle\/2011\/63294\"\n\t\t\t\t\t\t\ttarget=\"_blank\">\n\n\t\t\t\t\t\t\t<!-- Image, If Present -->\n\t\t\t\t\t\t\t17 - \t\t\t\t\t\t\t\t\t\t\t\t\t\t\n\t\t\t\t\t\t\t\n\t\t\t\t\t\t\t\t<span class=\"list-img\">\n\t\t\t\t\t\t\t\t\t\t\t\t\t\t\t\t\t\t<img src=\"https:\/\/www.uninter.com\/biblioteca\/wp-content\/uploads\/2019\/08\/bdjur-150x150.jpg\" alt=\"\">\n\t\t\t\t\t\t\t\t<\/span>\n\t\t\t\t\t\t\t\n\t\t\t\t\t\t\t<!-- Link Text -->\n\t\t\t\t\t\t\tBiblioteca Digital Jur\u00eddica\t\t\t\t\t\t\t\n\t\t\t\t\t\t\t\t\t\t\t\t\t\t<span style=\"font-size:12px;\"><br>\n\t                                \t\t\t\t\t\t\t<\/span>\t\n\t                        \n\t\t\t\t\t\t<\/a>\n\t\t\t\t\t\t\n\t\t\t\t\t\t\t<!-- upvote section -->\n\t\t\t\t\t\t\t<div class=\"upvote-section\">\n\t\t\t\t\t\t\t\t<span data-post-id=\"1333\" data-item-title=\"Biblioteca Digital Jur\u00eddica\" data-item-link=\"https:\/\/bdjur.stj.jus.br\/jspui\/handle\/2011\/63294\" class=\"upvote-btn upvote-on\">\n\t\t\t\t\t\t\t\t\t<i class=\"fa fa-thumbs-up\"><\/i>\n\t\t\t\t\t\t\t\t<\/span>\n\t\t\t\t\t\t\t\t<span class=\"upvote-count\">\n\t\t\t\t\t\t\t\t\t11270\t\t\t\t\t\t\t\t<\/span>\n\t\t\t\t\t\t\t<\/div>\n\t\t\t\t\t\t\t<!-- \/upvote section -->\n\n\t\t\t\t\t\t\t\t\t\t\t\t\n\t\t\t\t\t<\/li>\n\t\t\t\t\t\n\t\t\t\t\t<li id=\"item-1333-18\">\n\t\t\t\t\t\t\t\t\t\t\t\t<!-- List Anchor -->\n\t\t\t\t\t\t<a   href=\"https:\/\/scholarship.law.berkeley.edu\/facpubs\/937\/\"\n\t\t\t\t\t\t\ttarget=\"_blank\">\n\n\t\t\t\t\t\t\t<!-- Image, If Present -->\n\t\t\t\t\t\t\t18 - \t\t\t\t\t\t\t\t\t\t\t\t\t\t\n\t\t\t\t\t\t\t\n\t\t\t\t\t\t\t\t<span class=\"list-img\">\n\t\t\t\t\t\t\t\t\t\t\t\t\t\t\t\t\t\t<img src=\"https:\/\/www.uninter.com\/biblioteca\/wp-content\/uploads\/2019\/08\/bekerley-150x150.jpg\" alt=\"\">\n\t\t\t\t\t\t\t\t<\/span>\n\t\t\t\t\t\t\t\n\t\t\t\t\t\t\t<!-- Link Text -->\n\t\t\t\t\t\t\tBerkeley Law University of California\t\t\t\t\t\t\t\n\t\t\t\t\t\t\t\t\t\t\t\t\t\t<span style=\"font-size:12px;\"><br>\n\t                                \t\t\t\t\t\t\t<\/span>\t\n\t                        \n\t\t\t\t\t\t<\/a>\n\t\t\t\t\t\t\n\t\t\t\t\t\t\t<!-- upvote section -->\n\t\t\t\t\t\t\t<div class=\"upvote-section\">\n\t\t\t\t\t\t\t\t<span data-post-id=\"1333\" data-item-title=\"Berkeley Law University of California\" data-item-link=\"https:\/\/scholarship.law.berkeley.edu\/facpubs\/937\/\" class=\"upvote-btn upvote-on\">\n\t\t\t\t\t\t\t\t\t<i class=\"fa fa-thumbs-up\"><\/i>\n\t\t\t\t\t\t\t\t<\/span>\n\t\t\t\t\t\t\t\t<span class=\"upvote-count\">\n\t\t\t\t\t\t\t\t\t10249\t\t\t\t\t\t\t\t<\/span>\n\t\t\t\t\t\t\t<\/div>\n\t\t\t\t\t\t\t<!-- \/upvote section -->\n\n\t\t\t\t\t\t\t\t\t\t\t\t\n\t\t\t\t\t<\/li>\n\t\t\t\t\t\n\t\t\t\t\t<li id=\"item-1333-19\">\n\t\t\t\t\t\t\t\t\t\t\t\t<!-- List Anchor -->\n\t\t\t\t\t\t<a   href=\"https:\/\/www.aeaweb.org\/journals\/jep\"\n\t\t\t\t\t\t\ttarget=\"_blank\">\n\n\t\t\t\t\t\t\t<!-- Image, If Present -->\n\t\t\t\t\t\t\t19 - \t\t\t\t\t\t\t\t\t\t\t\t\t\t\n\t\t\t\t\t\t\t\n\t\t\t\t\t\t\t\t<span class=\"list-img\">\n\t\t\t\t\t\t\t\t\t\t\t\t\t\t\t\t\t\t<img src=\"https:\/\/www.uninter.com\/biblioteca\/wp-content\/uploads\/2019\/08\/perspectives-150x150.jpg\" alt=\"\">\n\t\t\t\t\t\t\t\t<\/span>\n\t\t\t\t\t\t\t\n\t\t\t\t\t\t\t<!-- Link Text -->\n\t\t\t\t\t\t\tJournal of Economic Perspectives\t\t\t\t\t\t\t\n\t\t\t\t\t\t\t\t\t\t\t\t\t\t<span style=\"font-size:12px;\"><br>\n\t                                \t\t\t\t\t\t\t<\/span>\t\n\t                        \n\t\t\t\t\t\t<\/a>\n\t\t\t\t\t\t\n\t\t\t\t\t\t\t<!-- upvote section -->\n\t\t\t\t\t\t\t<div class=\"upvote-section\">\n\t\t\t\t\t\t\t\t<span data-post-id=\"1333\" data-item-title=\"Journal of Economic Perspectives\" data-item-link=\"https:\/\/www.aeaweb.org\/journals\/jep\" class=\"upvote-btn upvote-on\">\n\t\t\t\t\t\t\t\t\t<i class=\"fa fa-thumbs-up\"><\/i>\n\t\t\t\t\t\t\t\t<\/span>\n\t\t\t\t\t\t\t\t<span class=\"upvote-count\">\n\t\t\t\t\t\t\t\t\t9570\t\t\t\t\t\t\t\t<\/span>\n\t\t\t\t\t\t\t<\/div>\n\t\t\t\t\t\t\t<!-- \/upvote section -->\n\n\t\t\t\t\t\t\t\t\t\t\t\t\n\t\t\t\t\t<\/li>\n\t\t\t\t\t\n\t\t\t\t\t<li id=\"item-1333-20\">\n\t\t\t\t\t\t\t\t\t\t\t\t<!-- List Anchor -->\n\t\t\t\t\t\t<a   href=\"https:\/\/www.journals.uchicago.edu\/doi\/abs\/10.1086\/467950\"\n\t\t\t\t\t\t\ttarget=\"_blank\">\n\n\t\t\t\t\t\t\t<!-- Image, If Present -->\n\t\t\t\t\t\t\t20 - \t\t\t\t\t\t\t\t\t\t\t\t\t\t\n\t\t\t\t\t\t\t\n\t\t\t\t\t\t\t\t<span class=\"list-img\">\n\t\t\t\t\t\t\t\t\t\t\t\t\t\t\t\t\t\t<img src=\"https:\/\/www.uninter.com\/biblioteca\/wp-content\/uploads\/2019\/08\/legal-150x150.jpg\" alt=\"\">\n\t\t\t\t\t\t\t\t<\/span>\n\t\t\t\t\t\t\t\n\t\t\t\t\t\t\t<!-- Link Text -->\n\t\t\t\t\t\t\tThe Journal of Legal Studies\t\t\t\t\t\t\t\n\t\t\t\t\t\t\t\t\t\t\t\t\t\t<span style=\"font-size:12px;\"><br>\n\t                                \t\t\t\t\t\t\t<\/span>\t\n\t                        \n\t\t\t\t\t\t<\/a>\n\t\t\t\t\t\t\n\t\t\t\t\t\t\t<!-- upvote section -->\n\t\t\t\t\t\t\t<div class=\"upvote-section\">\n\t\t\t\t\t\t\t\t<span data-post-id=\"1333\" data-item-title=\"The Journal of Legal Studies\" data-item-link=\"https:\/\/www.journals.uchicago.edu\/doi\/abs\/10.1086\/467950\" class=\"upvote-btn upvote-on\">\n\t\t\t\t\t\t\t\t\t<i class=\"fa fa-thumbs-up\"><\/i>\n\t\t\t\t\t\t\t\t<\/span>\n\t\t\t\t\t\t\t\t<span class=\"upvote-count\">\n\t\t\t\t\t\t\t\t\t9595\t\t\t\t\t\t\t\t<\/span>\n\t\t\t\t\t\t\t<\/div>\n\t\t\t\t\t\t\t<!-- \/upvote section -->\n\n\t\t\t\t\t\t\t\t\t\t\t\t\n\t\t\t\t\t<\/li>\n\t\t\t\t\t\n\t\t\t\t\t<li id=\"item-1333-21\">\n\t\t\t\t\t\t\t\t\t\t\t\t<!-- List Anchor -->\n\t\t\t\t\t\t<a   href=\"https:\/\/www.nber.org\/papers\/w0741\"\n\t\t\t\t\t\t\ttarget=\"_blank\">\n\n\t\t\t\t\t\t\t<!-- Image, If Present -->\n\t\t\t\t\t\t\t21 - \t\t\t\t\t\t\t\t\t\t\t\t\t\t\n\t\t\t\t\t\t\t\n\t\t\t\t\t\t\t\t<span class=\"list-img\">\n\t\t\t\t\t\t\t\t\t\t\t\t\t\t\t\t\t\t<img src=\"https:\/\/www.uninter.com\/biblioteca\/wp-content\/uploads\/2019\/08\/economic-150x150.jpg\" alt=\"\">\n\t\t\t\t\t\t\t\t<\/span>\n\t\t\t\t\t\t\t\n\t\t\t\t\t\t\t<!-- Link Text -->\n\t\t\t\t\t\t\tThe National Bureau of Economic Research\t\t\t\t\t\t\t\n\t\t\t\t\t\t\t\t\t\t\t\t\t\t<span style=\"font-size:12px;\"><br>\n\t                                \t\t\t\t\t\t\t<\/span>\t\n\t                        \n\t\t\t\t\t\t<\/a>\n\t\t\t\t\t\t\n\t\t\t\t\t\t\t<!-- upvote section -->\n\t\t\t\t\t\t\t<div class=\"upvote-section\">\n\t\t\t\t\t\t\t\t<span data-post-id=\"1333\" data-item-title=\"The National Bureau of Economic Research\" data-item-link=\"https:\/\/www.nber.org\/papers\/w0741\" class=\"upvote-btn upvote-on\">\n\t\t\t\t\t\t\t\t\t<i class=\"fa fa-thumbs-up\"><\/i>\n\t\t\t\t\t\t\t\t<\/span>\n\t\t\t\t\t\t\t\t<span class=\"upvote-count\">\n\t\t\t\t\t\t\t\t\t9969\t\t\t\t\t\t\t\t<\/span>\n\t\t\t\t\t\t\t<\/div>\n\t\t\t\t\t\t\t<!-- \/upvote section -->\n\n\t\t\t\t\t\t\t\t\t\t\t\t\n\t\t\t\t\t<\/li>\n\t\t\t\t\t\n\t\t\t\t\t<li id=\"item-1333-22\">\n\t\t\t\t\t\t\t\t\t\t\t\t<!-- List Anchor -->\n\t\t\t\t\t\t<a   href=\"https:\/\/www.journals.uchicago.edu\/doi\/abs\/10.1086\/467262\"\n\t\t\t\t\t\t\ttarget=\"_blank\">\n\n\t\t\t\t\t\t\t<!-- Image, If Present -->\n\t\t\t\t\t\t\t22 - \t\t\t\t\t\t\t\t\t\t\t\t\t\t\n\t\t\t\t\t\t\t\n\t\t\t\t\t\t\t\t<span class=\"list-img\">\n\t\t\t\t\t\t\t\t\t\t\t\t\t\t\t\t\t\t<img src=\"https:\/\/www.uninter.com\/biblioteca\/wp-content\/uploads\/2019\/08\/laworec-150x150.jpg\" alt=\"\">\n\t\t\t\t\t\t\t\t<\/span>\n\t\t\t\t\t\t\t\n\t\t\t\t\t\t\t<!-- Link Text -->\n\t\t\t\t\t\t\tThe Journal of Law and Economics\t\t\t\t\t\t\t\n\t\t\t\t\t\t\t\t\t\t\t\t\t\t<span style=\"font-size:12px;\"><br>\n\t                                \t\t\t\t\t\t\t<\/span>\t\n\t                        \n\t\t\t\t\t\t<\/a>\n\t\t\t\t\t\t\n\t\t\t\t\t\t\t<!-- upvote section -->\n\t\t\t\t\t\t\t<div class=\"upvote-section\">\n\t\t\t\t\t\t\t\t<span data-post-id=\"1333\" data-item-title=\"The Journal of Law and Economics\" data-item-link=\"https:\/\/www.journals.uchicago.edu\/doi\/abs\/10.1086\/467262\" class=\"upvote-btn upvote-on\">\n\t\t\t\t\t\t\t\t\t<i class=\"fa fa-thumbs-up\"><\/i>\n\t\t\t\t\t\t\t\t<\/span>\n\t\t\t\t\t\t\t\t<span class=\"upvote-count\">\n\t\t\t\t\t\t\t\t\t9668\t\t\t\t\t\t\t\t<\/span>\n\t\t\t\t\t\t\t<\/div>\n\t\t\t\t\t\t\t<!-- \/upvote section -->\n\n\t\t\t\t\t\t\t\t\t\t\t\t\n\t\t\t\t\t<\/li>\n\t\t\t\t\t\n\t\t\t\t\t<li id=\"item-1333-23\">\n\t\t\t\t\t\t\t\t\t\t\t\t<!-- List Anchor -->\n\t\t\t\t\t\t<a   href=\"https:\/\/chicagounbound.uchicago.edu\/law_and_economics\/374\/\"\n\t\t\t\t\t\t\ttarget=\"_blank\">\n\n\t\t\t\t\t\t\t<!-- Image, If Present -->\n\t\t\t\t\t\t\t23 - \t\t\t\t\t\t\t\t\t\t\t\t\t\t\n\t\t\t\t\t\t\t\n\t\t\t\t\t\t\t\t<span class=\"list-img\">\n\t\t\t\t\t\t\t\t\t\t\t\t\t\t\t\t\t\t<img src=\"https:\/\/www.uninter.com\/biblioteca\/wp-content\/uploads\/2019\/08\/forLaw-150x150.jpg\" alt=\"\">\n\t\t\t\t\t\t\t\t<\/span>\n\t\t\t\t\t\t\t\n\t\t\t\t\t\t\t<!-- Link Text -->\n\t\t\t\t\t\t\tFor Law and Economics\t\t\t\t\t\t\t\n\t\t\t\t\t\t\t\t\t\t\t\t\t\t<span style=\"font-size:12px;\"><br>\n\t                                \t\t\t\t\t\t\t<\/span>\t\n\t                        \n\t\t\t\t\t\t<\/a>\n\t\t\t\t\t\t\n\t\t\t\t\t\t\t<!-- upvote section -->\n\t\t\t\t\t\t\t<div class=\"upvote-section\">\n\t\t\t\t\t\t\t\t<span data-post-id=\"1333\" data-item-title=\"For Law and Economics\" data-item-link=\"https:\/\/chicagounbound.uchicago.edu\/law_and_economics\/374\/\" class=\"upvote-btn upvote-on\">\n\t\t\t\t\t\t\t\t\t<i class=\"fa fa-thumbs-up\"><\/i>\n\t\t\t\t\t\t\t\t<\/span>\n\t\t\t\t\t\t\t\t<span class=\"upvote-count\">\n\t\t\t\t\t\t\t\t\t8848\t\t\t\t\t\t\t\t<\/span>\n\t\t\t\t\t\t\t<\/div>\n\t\t\t\t\t\t\t<!-- \/upvote section -->\n\n\t\t\t\t\t\t\t\t\t\t\t\t\n\t\t\t\t\t<\/li>\n\t\t\t\t\t\n\t\t\t\t\t<li id=\"item-1333-24\">\n\t\t\t\t\t\t\t\t\t\t\t\t<!-- List Anchor -->\n\t\t\t\t\t\t<a   href=\"https:\/\/portalrevistas.ucb.br\/index.php\/EALR\/issue\/view\/433\"\n\t\t\t\t\t\t\ttarget=\"_blank\">\n\n\t\t\t\t\t\t\t<!-- Image, If Present -->\n\t\t\t\t\t\t\t24 - \t\t\t\t\t\t\t\t\t\t\t\t\t\t\n\t\t\t\t\t\t\t\n\t\t\t\t\t\t\t\t<span class=\"list-img\">\n\t\t\t\t\t\t\t\t\t\t\t\t\t\t\t\t\t\t<img src=\"https:\/\/www.uninter.com\/biblioteca\/wp-content\/uploads\/2019\/08\/eclawReview-150x150.jpg\" alt=\"\">\n\t\t\t\t\t\t\t\t<\/span>\n\t\t\t\t\t\t\t\n\t\t\t\t\t\t\t<!-- Link Text -->\n\t\t\t\t\t\t\tEconomic Analysis of Law Review\t\t\t\t\t\t\t\n\t\t\t\t\t\t\t\t\t\t\t\t\t\t<span style=\"font-size:12px;\"><br>\n\t                                \t\t\t\t\t\t\t<\/span>\t\n\t                        \n\t\t\t\t\t\t<\/a>\n\t\t\t\t\t\t\n\t\t\t\t\t\t\t<!-- upvote section -->\n\t\t\t\t\t\t\t<div class=\"upvote-section\">\n\t\t\t\t\t\t\t\t<span data-post-id=\"1333\" data-item-title=\"Economic Analysis of Law Review\" data-item-link=\"https:\/\/portalrevistas.ucb.br\/index.php\/EALR\/issue\/view\/433\" class=\"upvote-btn upvote-on\">\n\t\t\t\t\t\t\t\t\t<i class=\"fa fa-thumbs-up\"><\/i>\n\t\t\t\t\t\t\t\t<\/span>\n\t\t\t\t\t\t\t\t<span class=\"upvote-count\">\n\t\t\t\t\t\t\t\t\t8578\t\t\t\t\t\t\t\t<\/span>\n\t\t\t\t\t\t\t<\/div>\n\t\t\t\t\t\t\t<!-- \/upvote section -->\n\n\t\t\t\t\t\t\t\t\t\t\t\t\n\t\t\t\t\t<\/li>\n\t\t\t\t\t\n\t\t\t\t\t<li id=\"item-1333-25\">\n\t\t\t\t\t\t\t\t\t\t\t\t<!-- List Anchor -->\n\t\t\t\t\t\t<a   href=\"http:\/\/observatory-elites.org\/newsletter\/\"\n\t\t\t\t\t\t\ttarget=\"_blank\">\n\n\t\t\t\t\t\t\t<!-- Image, If Present -->\n\t\t\t\t\t\t\t25 - \t\t\t\t\t\t\t\t\t\t\t\t\t\t\n\t\t\t\t\t\t\t\n\t\t\t\t\t\t\t\t<span class=\"list-img\">\n\t\t\t\t\t\t\t\t\t\t\t\t\t\t\t\t\t\t<img src=\"https:\/\/www.uninter.com\/biblioteca\/wp-content\/uploads\/2019\/08\/elites-150x150.jpg\" alt=\"\">\n\t\t\t\t\t\t\t\t<\/span>\n\t\t\t\t\t\t\t\n\t\t\t\t\t\t\t<!-- Link Text -->\n\t\t\t\t\t\t\tThe Observatory of Social and Political Elites of Brazil\t\t\t\t\t\t\t\n\t\t\t\t\t\t\t\t\t\t\t\t\t\t<span style=\"font-size:12px;\"><br>\n\t                                \t\t\t\t\t\t\t<\/span>\t\n\t                        \n\t\t\t\t\t\t<\/a>\n\t\t\t\t\t\t\n\t\t\t\t\t\t\t<!-- upvote section -->\n\t\t\t\t\t\t\t<div class=\"upvote-section\">\n\t\t\t\t\t\t\t\t<span data-post-id=\"1333\" data-item-title=\"The Observatory of Social and Political Elites of Brazil\" data-item-link=\"http:\/\/observatory-elites.org\/newsletter\/\" class=\"upvote-btn upvote-on\">\n\t\t\t\t\t\t\t\t\t<i class=\"fa fa-thumbs-up\"><\/i>\n\t\t\t\t\t\t\t\t<\/span>\n\t\t\t\t\t\t\t\t<span class=\"upvote-count\">\n\t\t\t\t\t\t\t\t\t9176\t\t\t\t\t\t\t\t<\/span>\n\t\t\t\t\t\t\t<\/div>\n\t\t\t\t\t\t\t<!-- \/upvote section -->\n\n\t\t\t\t\t\t\t\t\t\t\t\t\n\t\t\t\t\t<\/li>\n\t\t\t\t\t\n\t\t\t\t\t<li id=\"item-1333-26\">\n\t\t\t\t\t\t\t\t\t\t\t\t<!-- List Anchor -->\n\t\t\t\t\t\t<a   href=\"http:\/\/www.revistaintellectus.com.br\/edicoesAnteriores.aspx\"\n\t\t\t\t\t\t\t>\n\n\t\t\t\t\t\t\t<!-- Image, If Present -->\n\t\t\t\t\t\t\t26 - \t\t\t\t\t\t\t\t\t\t\t\t\t\t\n\t\t\t\t\t\t\t\n\t\t\t\t\t\t\t\t<span class=\"list-img\">\n\t\t\t\t\t\t\t\t\t\t\t\t\t\t\t\t\t\t<img src=\"https:\/\/www.uninter.com\/biblioteca\/wp-content\/uploads\/2019\/08\/intellectus-1-150x150.jpg\" alt=\"\">\n\t\t\t\t\t\t\t\t<\/span>\n\t\t\t\t\t\t\t\n\t\t\t\t\t\t\t<!-- Link Text -->\n\t\t\t\t\t\t\t Revista Intellectus\t\t\t\t\t\t\t\n\t\t\t\t\t\t\t\t\t\t\t\t\t\t<span style=\"font-size:12px;\"><br>\n\t                                \t\t\t\t\t\t\t<\/span>\t\n\t                        \n\t\t\t\t\t\t<\/a>\n\t\t\t\t\t\t\n\t\t\t\t\t\t\t<!-- upvote section -->\n\t\t\t\t\t\t\t<div class=\"upvote-section\">\n\t\t\t\t\t\t\t\t<span data-post-id=\"1333\" data-item-title=\"Revista Intellectus\" data-item-link=\"http:\/\/www.revistaintellectus.com.br\/edicoesAnteriores.aspx\" class=\"upvote-btn upvote-on\">\n\t\t\t\t\t\t\t\t\t<i class=\"fa fa-thumbs-up\"><\/i>\n\t\t\t\t\t\t\t\t<\/span>\n\t\t\t\t\t\t\t\t<span class=\"upvote-count\">\n\t\t\t\t\t\t\t\t\t7686\t\t\t\t\t\t\t\t<\/span>\n\t\t\t\t\t\t\t<\/div>\n\t\t\t\t\t\t\t<!-- \/upvote section -->\n\n\t\t\t\t\t\t\t\t\t\t\t\t\n\t\t\t\t\t<\/li>\n\t\t\t\t\t\n\t\t\t\t\t<li id=\"item-1333-27\">\n\t\t\t\t\t\t\t\t\t\t\t\t<!-- List Anchor -->\n\t\t\t\t\t\t<a   href=\"https:\/\/indexlaw.org\/index.php\/revistaddsus\/issue\/archive\"\n\t\t\t\t\t\t\ttarget=\"_blank\">\n\n\t\t\t\t\t\t\t<!-- Image, If Present -->\n\t\t\t\t\t\t\t27 - \t\t\t\t\t\t\t\t\t\t\t\t\t\t\n\t\t\t\t\t\t\t\n\t\t\t\t\t\t\t\t<span class=\"list-img\">\n\t\t\t\t\t\t\t\t\t\t\t\t\t\t\t\t\t\t<img src=\"https:\/\/www.uninter.com\/biblioteca\/wp-content\/uploads\/2019\/08\/sustentavel-150x150.jpg\" alt=\"\">\n\t\t\t\t\t\t\t\t<\/span>\n\t\t\t\t\t\t\t\n\t\t\t\t\t\t\t<!-- Link Text -->\n\t\t\t\t\t\t\tRevista de Direito, Economia e Desenvolvimento Sustent\u00e1vel\t\t\t\t\t\t\t\n\t\t\t\t\t\t\t\t\t\t\t\t\t\t<span style=\"font-size:12px;\"><br>\n\t                                \t\t\t\t\t\t\t<\/span>\t\n\t                        \n\t\t\t\t\t\t<\/a>\n\t\t\t\t\t\t\n\t\t\t\t\t\t\t<!-- upvote section -->\n\t\t\t\t\t\t\t<div class=\"upvote-section\">\n\t\t\t\t\t\t\t\t<span data-post-id=\"1333\" data-item-title=\"Revista de Direito, Economia e Desenvolvimento Sustent\u00e1vel\" data-item-link=\"https:\/\/indexlaw.org\/index.php\/revistaddsus\/issue\/archive\" class=\"upvote-btn upvote-on\">\n\t\t\t\t\t\t\t\t\t<i class=\"fa fa-thumbs-up\"><\/i>\n\t\t\t\t\t\t\t\t<\/span>\n\t\t\t\t\t\t\t\t<span class=\"upvote-count\">\n\t\t\t\t\t\t\t\t\t6631\t\t\t\t\t\t\t\t<\/span>\n\t\t\t\t\t\t\t<\/div>\n\t\t\t\t\t\t\t<!-- \/upvote section -->\n\n\t\t\t\t\t\t\t\t\t\t\t\t\n\t\t\t\t\t<\/li>\n\t\t\t\t\t\n\t\t\t\t\t<li id=\"item-1333-28\">\n\t\t\t\t\t\t\t\t\t\t\t\t<!-- List Anchor -->\n\t\t\t\t\t\t<a   href=\"https:\/\/indexlaw.org\/index.php\/revistapoliticiajudiciaria\/issue\/archive\"\n\t\t\t\t\t\t\ttarget=\"_blank\">\n\n\t\t\t\t\t\t\t<!-- Image, If Present -->\n\t\t\t\t\t\t\t28 - \t\t\t\t\t\t\t\t\t\t\t\t\t\t\n\t\t\t\t\t\t\t\n\t\t\t\t\t\t\t\t<span class=\"list-img\">\n\t\t\t\t\t\t\t\t\t\t\t\t\t\t\t\t\t\t<img src=\"https:\/\/www.uninter.com\/biblioteca\/wp-content\/uploads\/2019\/08\/daJustica-150x150.jpg\" alt=\"\">\n\t\t\t\t\t\t\t\t<\/span>\n\t\t\t\t\t\t\t\n\t\t\t\t\t\t\t<!-- Link Text -->\n\t\t\t\t\t\t\tRevista de pol\u00edtica judici\u00e1ria, gest\u00e3o e administra\u00e7\u00e3o da Justi\u00e7a\t\t\t\t\t\t\t\n\t\t\t\t\t\t\t\t\t\t\t\t\t\t<span style=\"font-size:12px;\"><br>\n\t                                \t\t\t\t\t\t\t<\/span>\t\n\t                        \n\t\t\t\t\t\t<\/a>\n\t\t\t\t\t\t\n\t\t\t\t\t\t\t<!-- upvote section -->\n\t\t\t\t\t\t\t<div class=\"upvote-section\">\n\t\t\t\t\t\t\t\t<span data-post-id=\"1333\" data-item-title=\"Revista de pol\u00edtica judici\u00e1ria, gest\u00e3o e administra\u00e7\u00e3o da Justi\u00e7a\" data-item-link=\"https:\/\/indexlaw.org\/index.php\/revistapoliticiajudiciaria\/issue\/archive\" class=\"upvote-btn upvote-on\">\n\t\t\t\t\t\t\t\t\t<i class=\"fa fa-thumbs-up\"><\/i>\n\t\t\t\t\t\t\t\t<\/span>\n\t\t\t\t\t\t\t\t<span class=\"upvote-count\">\n\t\t\t\t\t\t\t\t\t6036\t\t\t\t\t\t\t\t<\/span>\n\t\t\t\t\t\t\t<\/div>\n\t\t\t\t\t\t\t<!-- \/upvote section -->\n\n\t\t\t\t\t\t\t\t\t\t\t\t\n\t\t\t\t\t<\/li>\n\t\t\t\t\t\n\t\t\t\t\t<li id=\"item-1333-29\">\n\t\t\t\t\t\t\t\t\t\t\t\t<!-- List Anchor -->\n\t\t\t\t\t\t<a   href=\"https:\/\/papers.ssrn.com\/sol3\/papers.cfm?abstract_id=2740090\"\n\t\t\t\t\t\t\ttarget=\"_blank\">\n\n\t\t\t\t\t\t\t<!-- Image, If Present -->\n\t\t\t\t\t\t\t29 - \t\t\t\t\t\t\t\t\t\t\t\t\t\t\n\t\t\t\t\t\t\t\n\t\t\t\t\t\t\t\t<span class=\"list-img\">\n\t\t\t\t\t\t\t\t\t\t\t\t\t\t\t\t\t\t<img src=\"https:\/\/www.uninter.com\/biblioteca\/wp-content\/uploads\/2019\/08\/system-150x150.jpg\" alt=\"\">\n\t\t\t\t\t\t\t\t<\/span>\n\t\t\t\t\t\t\t\n\t\t\t\t\t\t\t<!-- Link Text -->\n\t\t\t\t\t\t\tJustice System Journal\t\t\t\t\t\t\t\n\t\t\t\t\t\t\t\t\t\t\t\t\t\t<span style=\"font-size:12px;\"><br>\n\t                                \t\t\t\t\t\t\t<\/span>\t\n\t                        \n\t\t\t\t\t\t<\/a>\n\t\t\t\t\t\t\n\t\t\t\t\t\t\t<!-- upvote section -->\n\t\t\t\t\t\t\t<div class=\"upvote-section\">\n\t\t\t\t\t\t\t\t<span data-post-id=\"1333\" data-item-title=\"Justice System Journal\" data-item-link=\"https:\/\/papers.ssrn.com\/sol3\/papers.cfm?abstract_id=2740090\" class=\"upvote-btn upvote-on\">\n\t\t\t\t\t\t\t\t\t<i class=\"fa fa-thumbs-up\"><\/i>\n\t\t\t\t\t\t\t\t<\/span>\n\t\t\t\t\t\t\t\t<span class=\"upvote-count\">\n\t\t\t\t\t\t\t\t\t6192\t\t\t\t\t\t\t\t<\/span>\n\t\t\t\t\t\t\t<\/div>\n\t\t\t\t\t\t\t<!-- \/upvote section -->\n\n\t\t\t\t\t\t\t\t\t\t\t\t\n\t\t\t\t\t<\/li>\n\t\t\t\t\t\n\t\t\t\t\t<li id=\"item-1333-30\">\n\t\t\t\t\t\t\t\t\t\t\t\t<!-- List Anchor -->\n\t\t\t\t\t\t<a   href=\"https:\/\/academic.oup.com\/jleo\"\n\t\t\t\t\t\t\ttarget=\"_blank\">\n\n\t\t\t\t\t\t\t<!-- Image, If Present -->\n\t\t\t\t\t\t\t30 - \t\t\t\t\t\t\t\t\t\t\t\t\t\t\n\t\t\t\t\t\t\t\n\t\t\t\t\t\t\t\t<span class=\"list-img\">\n\t\t\t\t\t\t\t\t\t\t\t\t\t\t\t\t\t\t<img src=\"https:\/\/www.uninter.com\/biblioteca\/wp-content\/uploads\/2019\/08\/oganization-150x150.jpg\" alt=\"\">\n\t\t\t\t\t\t\t\t<\/span>\n\t\t\t\t\t\t\t\n\t\t\t\t\t\t\t<!-- Link Text -->\n\t\t\t\t\t\t\tThe Journal of Law, Economics, &amp; Organization\t\t\t\t\t\t\t\n\t\t\t\t\t\t\t\t\t\t\t\t\t\t<span style=\"font-size:12px;\"><br>\n\t                                \t\t\t\t\t\t\t<\/span>\t\n\t                        \n\t\t\t\t\t\t<\/a>\n\t\t\t\t\t\t\n\t\t\t\t\t\t\t<!-- upvote section -->\n\t\t\t\t\t\t\t<div class=\"upvote-section\">\n\t\t\t\t\t\t\t\t<span data-post-id=\"1333\" data-item-title=\"The Journal of Law, Economics, &amp; Organization\" data-item-link=\"https:\/\/academic.oup.com\/jleo\" class=\"upvote-btn upvote-on\">\n\t\t\t\t\t\t\t\t\t<i class=\"fa fa-thumbs-up\"><\/i>\n\t\t\t\t\t\t\t\t<\/span>\n\t\t\t\t\t\t\t\t<span class=\"upvote-count\">\n\t\t\t\t\t\t\t\t\t4499\t\t\t\t\t\t\t\t<\/span>\n\t\t\t\t\t\t\t<\/div>\n\t\t\t\t\t\t\t<!-- \/upvote section -->\n\n\t\t\t\t\t\t\t\t\t\t\t\t\n\t\t\t\t\t<\/li>\n\t\t\t\t\t\n\t\t\t\t\t<li id=\"item-1333-31\">\n\t\t\t\t\t\t\t\t\t\t\t\t<!-- List Anchor -->\n\t\t\t\t\t\t<a   href=\"https:\/\/jle.aals.org\/home\/\"\n\t\t\t\t\t\t\ttarget=\"_blank\">\n\n\t\t\t\t\t\t\t<!-- Image, If Present -->\n\t\t\t\t\t\t\t31 - \t\t\t\t\t\t\t\t\t\t\t\t\t\t\n\t\t\t\t\t\t\t\n\t\t\t\t\t\t\t\t<span class=\"list-img\">\n\t\t\t\t\t\t\t\t\t\t\t\t\t\t\t\t\t\t<img src=\"https:\/\/www.uninter.com\/biblioteca\/wp-content\/uploads\/2019\/08\/educatio-150x150.jpg\" alt=\"\">\n\t\t\t\t\t\t\t\t<\/span>\n\t\t\t\t\t\t\t\n\t\t\t\t\t\t\t<!-- Link Text -->\n\t\t\t\t\t\t\tJournal of legal education\t\t\t\t\t\t\t\n\t\t\t\t\t\t\t\t\t\t\t\t\t\t<span style=\"font-size:12px;\"><br>\n\t                                \t\t\t\t\t\t\t<\/span>\t\n\t                        \n\t\t\t\t\t\t<\/a>\n\t\t\t\t\t\t\n\t\t\t\t\t\t\t<!-- upvote section -->\n\t\t\t\t\t\t\t<div class=\"upvote-section\">\n\t\t\t\t\t\t\t\t<span data-post-id=\"1333\" data-item-title=\"Journal of legal education\" data-item-link=\"https:\/\/jle.aals.org\/home\/\" class=\"upvote-btn upvote-on\">\n\t\t\t\t\t\t\t\t\t<i class=\"fa fa-thumbs-up\"><\/i>\n\t\t\t\t\t\t\t\t<\/span>\n\t\t\t\t\t\t\t\t<span class=\"upvote-count\">\n\t\t\t\t\t\t\t\t\t5233\t\t\t\t\t\t\t\t<\/span>\n\t\t\t\t\t\t\t<\/div>\n\t\t\t\t\t\t\t<!-- \/upvote section -->\n\n\t\t\t\t\t\t\t\t\t\t\t\t\n\t\t\t\t\t<\/li>\n\t\t\t\t\t\n\t\t\t\t\t<li id=\"item-1333-32\">\n\t\t\t\t\t\t\t\t\t\t\t\t<!-- List Anchor -->\n\t\t\t\t\t\t<a   href=\"http:\/\/lawreview.uchicago.edu\/print-archive\"\n\t\t\t\t\t\t\ttarget=\"_blank\">\n\n\t\t\t\t\t\t\t<!-- Image, If Present -->\n\t\t\t\t\t\t\t32 - \t\t\t\t\t\t\t\t\t\t\t\t\t\t\n\t\t\t\t\t\t\t\n\t\t\t\t\t\t\t\t<span class=\"list-img\">\n\t\t\t\t\t\t\t\t\t\t\t\t\t\t\t\t\t\t<img src=\"https:\/\/www.uninter.com\/biblioteca\/wp-content\/uploads\/2019\/08\/chicago-150x150.jpg\" alt=\"\">\n\t\t\t\t\t\t\t\t<\/span>\n\t\t\t\t\t\t\t\n\t\t\t\t\t\t\t<!-- Link Text -->\n\t\t\t\t\t\t\tThe University of Chicago Law Review\t\t\t\t\t\t\t\n\t\t\t\t\t\t\t\t\t\t\t\t\t\t<span style=\"font-size:12px;\"><br>\n\t                                \t\t\t\t\t\t\t<\/span>\t\n\t                        \n\t\t\t\t\t\t<\/a>\n\t\t\t\t\t\t\n\t\t\t\t\t\t\t<!-- upvote section -->\n\t\t\t\t\t\t\t<div class=\"upvote-section\">\n\t\t\t\t\t\t\t\t<span data-post-id=\"1333\" data-item-title=\"The University of Chicago Law Review\" data-item-link=\"http:\/\/lawreview.uchicago.edu\/print-archive\" class=\"upvote-btn upvote-on\">\n\t\t\t\t\t\t\t\t\t<i class=\"fa fa-thumbs-up\"><\/i>\n\t\t\t\t\t\t\t\t<\/span>\n\t\t\t\t\t\t\t\t<span class=\"upvote-count\">\n\t\t\t\t\t\t\t\t\t4635\t\t\t\t\t\t\t\t<\/span>\n\t\t\t\t\t\t\t<\/div>\n\t\t\t\t\t\t\t<!-- \/upvote section -->\n\n\t\t\t\t\t\t\t\t\t\t\t\t\n\t\t\t\t\t<\/li>\n\t\t\t\t\t\n\t\t\t\t\t<li id=\"item-1333-33\">\n\t\t\t\t\t\t\t\t\t\t\t\t<!-- List Anchor -->\n\t\t\t\t\t\t<a   href=\"https:\/\/scholarship.law.unc.edu\/nclr\/\"\n\t\t\t\t\t\t\ttarget=\"_blank\">\n\n\t\t\t\t\t\t\t<!-- Image, If Present -->\n\t\t\t\t\t\t\t33 - \t\t\t\t\t\t\t\t\t\t\t\t\t\t\n\t\t\t\t\t\t\t\n\t\t\t\t\t\t\t\t<span class=\"list-img\">\n\t\t\t\t\t\t\t\t\t\t\t\t\t\t\t\t\t\t<img src=\"https:\/\/www.uninter.com\/biblioteca\/wp-content\/uploads\/2019\/08\/carolina-150x150.jpg\" alt=\"\">\n\t\t\t\t\t\t\t\t<\/span>\n\t\t\t\t\t\t\t\n\t\t\t\t\t\t\t<!-- Link Text -->\n\t\t\t\t\t\t\tNorth Carolina Law Review\t\t\t\t\t\t\t\n\t\t\t\t\t\t\t\t\t\t\t\t\t\t<span style=\"font-size:12px;\"><br>\n\t                                \t\t\t\t\t\t\t<\/span>\t\n\t                        \n\t\t\t\t\t\t<\/a>\n\t\t\t\t\t\t\n\t\t\t\t\t\t\t<!-- upvote section -->\n\t\t\t\t\t\t\t<div class=\"upvote-section\">\n\t\t\t\t\t\t\t\t<span data-post-id=\"1333\" data-item-title=\"North Carolina Law Review\" data-item-link=\"https:\/\/scholarship.law.unc.edu\/nclr\/\" class=\"upvote-btn upvote-on\">\n\t\t\t\t\t\t\t\t\t<i class=\"fa fa-thumbs-up\"><\/i>\n\t\t\t\t\t\t\t\t<\/span>\n\t\t\t\t\t\t\t\t<span class=\"upvote-count\">\n\t\t\t\t\t\t\t\t\t5376\t\t\t\t\t\t\t\t<\/span>\n\t\t\t\t\t\t\t<\/div>\n\t\t\t\t\t\t\t<!-- \/upvote section -->\n\n\t\t\t\t\t\t\t\t\t\t\t\t\n\t\t\t\t\t<\/li>\n\t\t\t\t\t\n\t\t\t\t\t<li id=\"item-1333-34\">\n\t\t\t\t\t\t\t\t\t\t\t\t<!-- List Anchor -->\n\t\t\t\t\t\t<a   href=\"https:\/\/scholarship.law.duke.edu\/lcp\/vol28\/iss1\/2\/\"\n\t\t\t\t\t\t\ttarget=\"_blank\">\n\n\t\t\t\t\t\t\t<!-- Image, If Present -->\n\t\t\t\t\t\t\t34 - \t\t\t\t\t\t\t\t\t\t\t\t\t\t\n\t\t\t\t\t\t\t\n\t\t\t\t\t\t\t\t<span class=\"list-img\">\n\t\t\t\t\t\t\t\t\t\t\t\t\t\t\t\t\t\t<img src=\"https:\/\/www.uninter.com\/biblioteca\/wp-content\/uploads\/2019\/08\/problems-150x150.jpg\" alt=\"\">\n\t\t\t\t\t\t\t\t<\/span>\n\t\t\t\t\t\t\t\n\t\t\t\t\t\t\t<!-- Link Text -->\n\t\t\t\t\t\t\tLaw and Contemporary Problems\t\t\t\t\t\t\t\n\t\t\t\t\t\t\t\t\t\t\t\t\t\t<span style=\"font-size:12px;\"><br>\n\t                                \t\t\t\t\t\t\t<\/span>\t\n\t                        \n\t\t\t\t\t\t<\/a>\n\t\t\t\t\t\t\n\t\t\t\t\t\t\t<!-- upvote section -->\n\t\t\t\t\t\t\t<div class=\"upvote-section\">\n\t\t\t\t\t\t\t\t<span data-post-id=\"1333\" data-item-title=\"Law and Contemporary Problems\" data-item-link=\"https:\/\/scholarship.law.duke.edu\/lcp\/vol28\/iss1\/2\/\" class=\"upvote-btn upvote-on\">\n\t\t\t\t\t\t\t\t\t<i class=\"fa fa-thumbs-up\"><\/i>\n\t\t\t\t\t\t\t\t<\/span>\n\t\t\t\t\t\t\t\t<span class=\"upvote-count\">\n\t\t\t\t\t\t\t\t\t5574\t\t\t\t\t\t\t\t<\/span>\n\t\t\t\t\t\t\t<\/div>\n\t\t\t\t\t\t\t<!-- \/upvote section -->\n\n\t\t\t\t\t\t\t\t\t\t\t\t\n\t\t\t\t\t<\/li>\n\t\t\t\t\t\n\t\t\t\t\t<li id=\"item-1333-35\">\n\t\t\t\t\t\t\t\t\t\t\t\t<!-- List Anchor -->\n\t\t\t\t\t\t<a   href=\"https:\/\/revistas.ufpr.br\/rsp\/issue\/view\/1508\"\n\t\t\t\t\t\t\ttarget=\"_blank\">\n\n\t\t\t\t\t\t\t<!-- Image, If Present -->\n\t\t\t\t\t\t\t35 - \t\t\t\t\t\t\t\t\t\t\t\t\t\t\n\t\t\t\t\t\t\t\n\t\t\t\t\t\t\t\t<span class=\"list-img\">\n\t\t\t\t\t\t\t\t\t\t\t\t\t\t\t\t\t\t<img src=\"https:\/\/www.uninter.com\/biblioteca\/wp-content\/uploads\/2019\/08\/sociPol-150x150.jpg\" alt=\"\">\n\t\t\t\t\t\t\t\t<\/span>\n\t\t\t\t\t\t\t\n\t\t\t\t\t\t\t<!-- Link Text -->\n\t\t\t\t\t\t\tRevista de Sociologia Pol\u00edtica\t\t\t\t\t\t\t\n\t\t\t\t\t\t\t\t\t\t\t\t\t\t<span style=\"font-size:12px;\"><br>\n\t                                \t\t\t\t\t\t\t<\/span>\t\n\t                        \n\t\t\t\t\t\t<\/a>\n\t\t\t\t\t\t\n\t\t\t\t\t\t\t<!-- upvote section -->\n\t\t\t\t\t\t\t<div class=\"upvote-section\">\n\t\t\t\t\t\t\t\t<span data-post-id=\"1333\" data-item-title=\"Revista de Sociologia Pol\u00edtica\" data-item-link=\"https:\/\/revistas.ufpr.br\/rsp\/issue\/view\/1508\" class=\"upvote-btn upvote-on\">\n\t\t\t\t\t\t\t\t\t<i class=\"fa fa-thumbs-up\"><\/i>\n\t\t\t\t\t\t\t\t<\/span>\n\t\t\t\t\t\t\t\t<span class=\"upvote-count\">\n\t\t\t\t\t\t\t\t\t5579\t\t\t\t\t\t\t\t<\/span>\n\t\t\t\t\t\t\t<\/div>\n\t\t\t\t\t\t\t<!-- \/upvote section -->\n\n\t\t\t\t\t\t\t\t\t\t\t\t\n\t\t\t\t\t<\/li>\n\t\t\t\t\t\n\t\t\t\t\t<li id=\"item-1333-36\">\n\t\t\t\t\t\t\t\t\t\t\t\t<!-- List Anchor -->\n\t\t\t\t\t\t<a   href=\"http:\/\/www.anima-opet.com.br\/edicoes-anteriores.php?pagina=anteriores\"\n\t\t\t\t\t\t\ttarget=\"_blank\">\n\n\t\t\t\t\t\t\t<!-- Image, If Present -->\n\t\t\t\t\t\t\t36 - \t\t\t\t\t\t\t\t\t\t\t\t\t\t\n\t\t\t\t\t\t\t\n\t\t\t\t\t\t\t\t<span class=\"list-img\">\n\t\t\t\t\t\t\t\t\t\t\t\t\t\t\t\t\t\t<img src=\"https:\/\/www.uninter.com\/biblioteca\/wp-content\/uploads\/2019\/08\/opet-150x150.jpg\" alt=\"\">\n\t\t\t\t\t\t\t\t<\/span>\n\t\t\t\t\t\t\t\n\t\t\t\t\t\t\t<!-- Link Text -->\n\t\t\t\t\t\t\tRevista Eletr\u00f4nica do Curso de Direito das Faculdades OPET\t\t\t\t\t\t\t\n\t\t\t\t\t\t\t\t\t\t\t\t\t\t<span style=\"font-size:12px;\"><br>\n\t                                \t\t\t\t\t\t\t<\/span>\t\n\t                        \n\t\t\t\t\t\t<\/a>\n\t\t\t\t\t\t\n\t\t\t\t\t\t\t<!-- upvote section -->\n\t\t\t\t\t\t\t<div class=\"upvote-section\">\n\t\t\t\t\t\t\t\t<span data-post-id=\"1333\" data-item-title=\"Revista Eletr\u00f4nica do Curso de Direito das Faculdades OPET\" data-item-link=\"http:\/\/www.anima-opet.com.br\/edicoes-anteriores.php?pagina=anteriores\" class=\"upvote-btn upvote-on\">\n\t\t\t\t\t\t\t\t\t<i class=\"fa fa-thumbs-up\"><\/i>\n\t\t\t\t\t\t\t\t<\/span>\n\t\t\t\t\t\t\t\t<span class=\"upvote-count\">\n\t\t\t\t\t\t\t\t\t5258\t\t\t\t\t\t\t\t<\/span>\n\t\t\t\t\t\t\t<\/div>\n\t\t\t\t\t\t\t<!-- \/upvote section -->\n\n\t\t\t\t\t\t\t\t\t\t\t\t\n\t\t\t\t\t<\/li>\n\t\t\t\t\t\n\t\t\t\t\t<li id=\"item-1333-37\">\n\t\t\t\t\t\t\t\t\t\t\t\t<!-- List Anchor -->\n\t\t\t\t\t\t<a   href=\"http:\/\/socialsciences.scielo.org\/scielo.php?script=sci_arttext&#038;pid=S0102-69092005000100008\"\n\t\t\t\t\t\t\ttarget=\"_blank\">\n\n\t\t\t\t\t\t\t<!-- Image, If Present -->\n\t\t\t\t\t\t\t37 - \t\t\t\t\t\t\t\t\t\t\t\t\t\t\n\t\t\t\t\t\t\t\n\t\t\t\t\t\t\t\t<span class=\"list-img\">\n\t\t\t\t\t\t\t\t\t\t\t\t\t\t\t\t\t\t<img src=\"https:\/\/www.uninter.com\/biblioteca\/wp-content\/uploads\/2019\/08\/cienSoci-150x150.jpg\" alt=\"\">\n\t\t\t\t\t\t\t\t<\/span>\n\t\t\t\t\t\t\t\n\t\t\t\t\t\t\t<!-- Link Text -->\n\t\t\t\t\t\t\tRevista Brasileira de Ci\u00eancias Sociais\t\t\t\t\t\t\t\n\t\t\t\t\t\t\t\t\t\t\t\t\t\t<span style=\"font-size:12px;\"><br>\n\t                                \t\t\t\t\t\t\t<\/span>\t\n\t                        \n\t\t\t\t\t\t<\/a>\n\t\t\t\t\t\t\n\t\t\t\t\t\t\t<!-- upvote section -->\n\t\t\t\t\t\t\t<div class=\"upvote-section\">\n\t\t\t\t\t\t\t\t<span data-post-id=\"1333\" data-item-title=\"Revista Brasileira de Ci\u00eancias Sociais\" data-item-link=\"http:\/\/socialsciences.scielo.org\/scielo.php?script=sci_arttext&#038;pid=S0102-69092005000100008\" class=\"upvote-btn upvote-on\">\n\t\t\t\t\t\t\t\t\t<i class=\"fa fa-thumbs-up\"><\/i>\n\t\t\t\t\t\t\t\t<\/span>\n\t\t\t\t\t\t\t\t<span class=\"upvote-count\">\n\t\t\t\t\t\t\t\t\t5032\t\t\t\t\t\t\t\t<\/span>\n\t\t\t\t\t\t\t<\/div>\n\t\t\t\t\t\t\t<!-- \/upvote section -->\n\n\t\t\t\t\t\t\t\t\t\t\t\t\n\t\t\t\t\t<\/li>\n\t\t\t\t\t\n\t\t\t\t\t<li id=\"item-1333-38\">\n\t\t\t\t\t\t\t\t\t\t\t\t<!-- List Anchor -->\n\t\t\t\t\t\t<a   href=\"https:\/\/illinoislawreview.org\/\"\n\t\t\t\t\t\t\ttarget=\"_blank\">\n\n\t\t\t\t\t\t\t<!-- Image, If Present -->\n\t\t\t\t\t\t\t38 - \t\t\t\t\t\t\t\t\t\t\t\t\t\t\n\t\t\t\t\t\t\t\n\t\t\t\t\t\t\t\t<span class=\"list-img\">\n\t\t\t\t\t\t\t\t\t\t\t\t\t\t\t\t\t\t<img src=\"https:\/\/www.uninter.com\/biblioteca\/wp-content\/uploads\/2019\/08\/ilinois-150x150.jpg\" alt=\"\">\n\t\t\t\t\t\t\t\t<\/span>\n\t\t\t\t\t\t\t\n\t\t\t\t\t\t\t<!-- Link Text -->\n\t\t\t\t\t\t\tUniversity of Illinois Law Review\t\t\t\t\t\t\t\n\t\t\t\t\t\t\t\t\t\t\t\t\t\t<span style=\"font-size:12px;\"><br>\n\t                                \t\t\t\t\t\t\t<\/span>\t\n\t                        \n\t\t\t\t\t\t<\/a>\n\t\t\t\t\t\t\n\t\t\t\t\t\t\t<!-- upvote section -->\n\t\t\t\t\t\t\t<div class=\"upvote-section\">\n\t\t\t\t\t\t\t\t<span data-post-id=\"1333\" data-item-title=\"University of Illinois Law Review\" data-item-link=\"https:\/\/illinoislawreview.org\/\" class=\"upvote-btn upvote-on\">\n\t\t\t\t\t\t\t\t\t<i class=\"fa fa-thumbs-up\"><\/i>\n\t\t\t\t\t\t\t\t<\/span>\n\t\t\t\t\t\t\t\t<span class=\"upvote-count\">\n\t\t\t\t\t\t\t\t\t5681\t\t\t\t\t\t\t\t<\/span>\n\t\t\t\t\t\t\t<\/div>\n\t\t\t\t\t\t\t<!-- \/upvote section -->\n\n\t\t\t\t\t\t\t\t\t\t\t\t\n\t\t\t\t\t<\/li>\n\t\t\t\t\t\n\t\t\t\t\t<li id=\"item-1333-39\">\n\t\t\t\t\t\t\t\t\t\t\t\t<!-- List Anchor -->\n\t\t\t\t\t\t<a   href=\"http:\/\/www.esmarn.tjrn.jus.br\/revistas\/index.php\/revista_direito_e_liberdade\/issue\/archive\"\n\t\t\t\t\t\t\ttarget=\"_blank\">\n\n\t\t\t\t\t\t\t<!-- Image, If Present -->\n\t\t\t\t\t\t\t39 - \t\t\t\t\t\t\t\t\t\t\t\t\t\t\n\t\t\t\t\t\t\t\n\t\t\t\t\t\t\t\t<span class=\"list-img\">\n\t\t\t\t\t\t\t\t\t\t\t\t\t\t\t\t\t\t<img src=\"https:\/\/www.uninter.com\/biblioteca\/wp-content\/uploads\/2019\/08\/liberdade-150x150.jpg\" alt=\"\">\n\t\t\t\t\t\t\t\t<\/span>\n\t\t\t\t\t\t\t\n\t\t\t\t\t\t\t<!-- Link Text -->\n\t\t\t\t\t\t\tRevista Direito e Liberdade\t\t\t\t\t\t\t\n\t\t\t\t\t\t\t\t\t\t\t\t\t\t<span style=\"font-size:12px;\"><br>\n\t                                \t\t\t\t\t\t\t<\/span>\t\n\t                        \n\t\t\t\t\t\t<\/a>\n\t\t\t\t\t\t\n\t\t\t\t\t\t\t<!-- upvote section -->\n\t\t\t\t\t\t\t<div class=\"upvote-section\">\n\t\t\t\t\t\t\t\t<span data-post-id=\"1333\" data-item-title=\"Revista Direito e Liberdade\" data-item-link=\"http:\/\/www.esmarn.tjrn.jus.br\/revistas\/index.php\/revista_direito_e_liberdade\/issue\/archive\" class=\"upvote-btn upvote-on\">\n\t\t\t\t\t\t\t\t\t<i class=\"fa fa-thumbs-up\"><\/i>\n\t\t\t\t\t\t\t\t<\/span>\n\t\t\t\t\t\t\t\t<span class=\"upvote-count\">\n\t\t\t\t\t\t\t\t\t5029\t\t\t\t\t\t\t\t<\/span>\n\t\t\t\t\t\t\t<\/div>\n\t\t\t\t\t\t\t<!-- \/upvote section -->\n\n\t\t\t\t\t\t\t\t\t\t\t\t\n\t\t\t\t\t<\/li>\n\t\t\t\t\t\n\t\t\t\t\t<li id=\"item-1333-40\">\n\t\t\t\t\t\t\t\t\t\t\t\t<!-- List Anchor -->\n\t\t\t\t\t\t<a   href=\"http:\/\/www.scielo.br\/scielo.php?script=sci_abstract&#038;pid=S0103-63512016000300687&#038;lng=pt&#038;nrm=iso&#038;tlng=en\"\n\t\t\t\t\t\t\ttarget=\"_blank\">\n\n\t\t\t\t\t\t\t<!-- Image, If Present -->\n\t\t\t\t\t\t\t40 - \t\t\t\t\t\t\t\t\t\t\t\t\t\t\n\t\t\t\t\t\t\t\n\t\t\t\t\t\t\t\t<span class=\"list-img\">\n\t\t\t\t\t\t\t\t\t\t\t\t\t\t\t\t\t\t<img src=\"https:\/\/www.uninter.com\/biblioteca\/wp-content\/uploads\/2019\/08\/novaEco-150x150.jpg\" alt=\"\">\n\t\t\t\t\t\t\t\t<\/span>\n\t\t\t\t\t\t\t\n\t\t\t\t\t\t\t<!-- Link Text -->\n\t\t\t\t\t\t\tRevista Nova Economia\t\t\t\t\t\t\t\n\t\t\t\t\t\t\t\t\t\t\t\t\t\t<span style=\"font-size:12px;\"><br>\n\t                                \t\t\t\t\t\t\t<\/span>\t\n\t                        \n\t\t\t\t\t\t<\/a>\n\t\t\t\t\t\t\n\t\t\t\t\t\t\t<!-- upvote section -->\n\t\t\t\t\t\t\t<div class=\"upvote-section\">\n\t\t\t\t\t\t\t\t<span data-post-id=\"1333\" data-item-title=\"Revista Nova Economia\" data-item-link=\"http:\/\/www.scielo.br\/scielo.php?script=sci_abstract&#038;pid=S0103-63512016000300687&#038;lng=pt&#038;nrm=iso&#038;tlng=en\" class=\"upvote-btn upvote-on\">\n\t\t\t\t\t\t\t\t\t<i class=\"fa fa-thumbs-up\"><\/i>\n\t\t\t\t\t\t\t\t<\/span>\n\t\t\t\t\t\t\t\t<span class=\"upvote-count\">\n\t\t\t\t\t\t\t\t\t4981\t\t\t\t\t\t\t\t<\/span>\n\t\t\t\t\t\t\t<\/div>\n\t\t\t\t\t\t\t<!-- \/upvote section -->\n\n\t\t\t\t\t\t\t\t\t\t\t\t\n\t\t\t\t\t<\/li>\n\t\t\t\t\t\n\t\t\t\t\t<li id=\"item-1333-41\">\n\t\t\t\t\t\t\t\t\t\t\t\t<!-- List Anchor -->\n\t\t\t\t\t\t<a   href=\"https:\/\/papers.ssrn.com\/sol3\/papers.cfm?abstract_id=3091278\"\n\t\t\t\t\t\t\ttarget=\"_blank\">\n\n\t\t\t\t\t\t\t<!-- Image, If Present -->\n\t\t\t\t\t\t\t41 - \t\t\t\t\t\t\t\t\t\t\t\t\t\t\n\t\t\t\t\t\t\t\n\t\t\t\t\t\t\t\t<span class=\"list-img\">\n\t\t\t\t\t\t\t\t\t\t\t\t\t\t\t\t\t\t<img src=\"https:\/\/www.uninter.com\/biblioteca\/wp-content\/uploads\/2019\/08\/revEcono-150x150.jpg\" alt=\"\">\n\t\t\t\t\t\t\t\t<\/span>\n\t\t\t\t\t\t\t\n\t\t\t\t\t\t\t<!-- Link Text -->\n\t\t\t\t\t\t\tRevista Economia\t\t\t\t\t\t\t\n\t\t\t\t\t\t\t\t\t\t\t\t\t\t<span style=\"font-size:12px;\"><br>\n\t                                \t\t\t\t\t\t\t<\/span>\t\n\t                        \n\t\t\t\t\t\t<\/a>\n\t\t\t\t\t\t\n\t\t\t\t\t\t\t<!-- upvote section -->\n\t\t\t\t\t\t\t<div class=\"upvote-section\">\n\t\t\t\t\t\t\t\t<span data-post-id=\"1333\" data-item-title=\"Revista Economia\" data-item-link=\"https:\/\/papers.ssrn.com\/sol3\/papers.cfm?abstract_id=3091278\" class=\"upvote-btn upvote-on\">\n\t\t\t\t\t\t\t\t\t<i class=\"fa fa-thumbs-up\"><\/i>\n\t\t\t\t\t\t\t\t<\/span>\n\t\t\t\t\t\t\t\t<span class=\"upvote-count\">\n\t\t\t\t\t\t\t\t\t4140\t\t\t\t\t\t\t\t<\/span>\n\t\t\t\t\t\t\t<\/div>\n\t\t\t\t\t\t\t<!-- \/upvote section -->\n\n\t\t\t\t\t\t\t\t\t\t\t\t\n\t\t\t\t\t<\/li>\n\t\t\t\t\t\n\t\t\t\t\t<li id=\"item-1333-42\">\n\t\t\t\t\t\t\t\t\t\t\t\t<!-- List Anchor -->\n\t\t\t\t\t\t<a   href=\"https:\/\/papers.ssrn.com\/sol3\/papers.cfm?abstract_id=2968906\"\n\t\t\t\t\t\t\ttarget=\"_blank\">\n\n\t\t\t\t\t\t\t<!-- Image, If Present -->\n\t\t\t\t\t\t\t42 - \t\t\t\t\t\t\t\t\t\t\t\t\t\t\n\t\t\t\t\t\t\t\n\t\t\t\t\t\t\t\t<span class=\"list-img\">\n\t\t\t\t\t\t\t\t\t\t\t\t\t\t\t\t\t\t<img src=\"https:\/\/www.uninter.com\/biblioteca\/wp-content\/uploads\/2019\/08\/fgv-150x150.jpg\" alt=\"\">\n\t\t\t\t\t\t\t\t<\/span>\n\t\t\t\t\t\t\t\n\t\t\t\t\t\t\t<!-- Link Text -->\n\t\t\t\t\t\t\tFGV Direito SP\t\t\t\t\t\t\t\n\t\t\t\t\t\t\t\t\t\t\t\t\t\t<span style=\"font-size:12px;\"><br>\n\t                                \t\t\t\t\t\t\t<\/span>\t\n\t                        \n\t\t\t\t\t\t<\/a>\n\t\t\t\t\t\t\n\t\t\t\t\t\t\t<!-- upvote section -->\n\t\t\t\t\t\t\t<div class=\"upvote-section\">\n\t\t\t\t\t\t\t\t<span data-post-id=\"1333\" data-item-title=\"FGV Direito SP\" data-item-link=\"https:\/\/papers.ssrn.com\/sol3\/papers.cfm?abstract_id=2968906\" class=\"upvote-btn upvote-on\">\n\t\t\t\t\t\t\t\t\t<i class=\"fa fa-thumbs-up\"><\/i>\n\t\t\t\t\t\t\t\t<\/span>\n\t\t\t\t\t\t\t\t<span class=\"upvote-count\">\n\t\t\t\t\t\t\t\t\t3373\t\t\t\t\t\t\t\t<\/span>\n\t\t\t\t\t\t\t<\/div>\n\t\t\t\t\t\t\t<!-- \/upvote section -->\n\n\t\t\t\t\t\t\t\t\t\t\t\t\n\t\t\t\t\t<\/li>\n\t\t\t\t\t\n\t\t\t\t\t<li id=\"item-1333-43\">\n\t\t\t\t\t\t\t\t\t\t\t\t<!-- List Anchor -->\n\t\t\t\t\t\t<a   href=\"https:\/\/www.cambridge.org\/core\/journals\/journal-of-institutional-economics\/article\/bias-insecurity-and-the-level-of-trust-in-the-judiciary-the-case-of-brazil\/78C2F0A3E26BDFFE9AA834491BFD30AF\"\n\t\t\t\t\t\t\ttarget=\"_blank\">\n\n\t\t\t\t\t\t\t<!-- Image, If Present -->\n\t\t\t\t\t\t\t43 - \t\t\t\t\t\t\t\t\t\t\t\t\t\t\n\t\t\t\t\t\t\t\n\t\t\t\t\t\t\t\t<span class=\"list-img\">\n\t\t\t\t\t\t\t\t\t\t\t\t\t\t\t\t\t\t<img src=\"https:\/\/www.uninter.com\/biblioteca\/wp-content\/uploads\/2019\/08\/journalInst-150x150.jpg\" alt=\"\">\n\t\t\t\t\t\t\t\t<\/span>\n\t\t\t\t\t\t\t\n\t\t\t\t\t\t\t<!-- Link Text -->\n\t\t\t\t\t\t\tJournal of Institutional Economics\t\t\t\t\t\t\t\n\t\t\t\t\t\t\t\t\t\t\t\t\t\t<span style=\"font-size:12px;\"><br>\n\t                                \t\t\t\t\t\t\t<\/span>\t\n\t                        \n\t\t\t\t\t\t<\/a>\n\t\t\t\t\t\t\n\t\t\t\t\t\t\t<!-- upvote section -->\n\t\t\t\t\t\t\t<div class=\"upvote-section\">\n\t\t\t\t\t\t\t\t<span data-post-id=\"1333\" data-item-title=\"Journal of Institutional Economics\" data-item-link=\"https:\/\/www.cambridge.org\/core\/journals\/journal-of-institutional-economics\/article\/bias-insecurity-and-the-level-of-trust-in-the-judiciary-the-case-of-brazil\/78C2F0A3E26BDFFE9AA834491BFD30AF\" class=\"upvote-btn upvote-on\">\n\t\t\t\t\t\t\t\t\t<i class=\"fa fa-thumbs-up\"><\/i>\n\t\t\t\t\t\t\t\t<\/span>\n\t\t\t\t\t\t\t\t<span class=\"upvote-count\">\n\t\t\t\t\t\t\t\t\t4126\t\t\t\t\t\t\t\t<\/span>\n\t\t\t\t\t\t\t<\/div>\n\t\t\t\t\t\t\t<!-- \/upvote section -->\n\n\t\t\t\t\t\t\t\t\t\t\t\t\n\t\t\t\t\t<\/li>\n\t\t\t\t\t\n\t\t\t\t\t<li id=\"item-1333-44\">\n\t\t\t\t\t\t\t\t\t\t\t\t<!-- List Anchor -->\n\t\t\t\t\t\t<a   href=\"https:\/\/humbertodalla.pro.br\/\"\n\t\t\t\t\t\t\ttarget=\"_blank\">\n\n\t\t\t\t\t\t\t<!-- Image, If Present -->\n\t\t\t\t\t\t\t44 - \t\t\t\t\t\t\t\t\t\t\t\t\t\t\n\t\t\t\t\t\t\t\n\t\t\t\t\t\t\t\t<span class=\"list-img\">\n\t\t\t\t\t\t\t\t\t\t\t\t\t\t\t\t\t\t<img src=\"https:\/\/www.uninter.com\/biblioteca\/wp-content\/uploads\/2019\/08\/humberto-150x150.jpg\" alt=\"\">\n\t\t\t\t\t\t\t\t<\/span>\n\t\t\t\t\t\t\t\n\t\t\t\t\t\t\t<!-- Link Text -->\n\t\t\t\t\t\t\tHumberto Dalla\t\t\t\t\t\t\t\n\t\t\t\t\t\t\t\t\t\t\t\t\t\t<span style=\"font-size:12px;\"><br>\n\t                                \t\t\t\t\t\t\t<\/span>\t\n\t                        \n\t\t\t\t\t\t<\/a>\n\t\t\t\t\t\t\n\t\t\t\t\t\t\t<!-- upvote section -->\n\t\t\t\t\t\t\t<div class=\"upvote-section\">\n\t\t\t\t\t\t\t\t<span data-post-id=\"1333\" data-item-title=\"Humberto Dalla\" data-item-link=\"https:\/\/humbertodalla.pro.br\/\" class=\"upvote-btn upvote-on\">\n\t\t\t\t\t\t\t\t\t<i class=\"fa fa-thumbs-up\"><\/i>\n\t\t\t\t\t\t\t\t<\/span>\n\t\t\t\t\t\t\t\t<span class=\"upvote-count\">\n\t\t\t\t\t\t\t\t\t3404\t\t\t\t\t\t\t\t<\/span>\n\t\t\t\t\t\t\t<\/div>\n\t\t\t\t\t\t\t<!-- \/upvote section -->\n\n\t\t\t\t\t\t\t\t\t\t\t\t\n\t\t\t\t\t<\/li>\n\t\t\t\t\t\n\t\t\t\t\t<li id=\"item-1333-45\">\n\t\t\t\t\t\t\t\t\t\t\t\t<!-- List Anchor -->\n\t\t\t\t\t\t<a   href=\"http:\/\/www.dominiopublico.gov.br\/download\/teste\/arqs\/cp041679.pdf\"\n\t\t\t\t\t\t\ttarget=\"_blank\">\n\n\t\t\t\t\t\t\t<!-- Image, If Present -->\n\t\t\t\t\t\t\t45 - \t\t\t\t\t\t\t\t\t\t\t\t\t\t\n\t\t\t\t\t\t\t\n\t\t\t\t\t\t\t\t<span class=\"list-img\">\n\t\t\t\t\t\t\t\t\t\t\t\t\t\t\t\t\t\t<img src=\"https:\/\/www.uninter.com\/biblioteca\/wp-content\/uploads\/2019\/08\/maxime-150x150.jpg\" alt=\"\">\n\t\t\t\t\t\t\t\t<\/span>\n\t\t\t\t\t\t\t\n\t\t\t\t\t\t\t<!-- Link Text -->\n\t\t\t\t\t\t\tMaxime\t\t\t\t\t\t\t\n\t\t\t\t\t\t\t\t\t\t\t\t\t\t<span style=\"font-size:12px;\"><br>\n\t                                \t\t\t\t\t\t\t<\/span>\t\n\t                        \n\t\t\t\t\t\t<\/a>\n\t\t\t\t\t\t\n\t\t\t\t\t\t\t<!-- upvote section -->\n\t\t\t\t\t\t\t<div class=\"upvote-section\">\n\t\t\t\t\t\t\t\t<span data-post-id=\"1333\" data-item-title=\"Maxime\" data-item-link=\"http:\/\/www.dominiopublico.gov.br\/download\/teste\/arqs\/cp041679.pdf\" class=\"upvote-btn upvote-on\">\n\t\t\t\t\t\t\t\t\t<i class=\"fa fa-thumbs-up\"><\/i>\n\t\t\t\t\t\t\t\t<\/span>\n\t\t\t\t\t\t\t\t<span class=\"upvote-count\">\n\t\t\t\t\t\t\t\t\t4166\t\t\t\t\t\t\t\t<\/span>\n\t\t\t\t\t\t\t<\/div>\n\t\t\t\t\t\t\t<!-- \/upvote section -->\n\n\t\t\t\t\t\t\t\t\t\t\t\t\n\t\t\t\t\t<\/li>\n\t\t\t\t\t\n\t\t\t\t\t<li id=\"item-1333-46\">\n\t\t\t\t\t\t\t\t\t\t\t\t<!-- List Anchor -->\n\t\t\t\t\t\t<a   href=\"https:\/\/www.repository.law.indiana.edu\/cgi\/viewcontent.cgi?referer=https:\/\/www.uninter.com\/biblioteca\/periodicos-online\/&#038;httpsredir=1&#038;article=1276&#038;context=ijgls\"\n\t\t\t\t\t\t\ttarget=\"_blank\">\n\n\t\t\t\t\t\t\t<!-- Image, If Present -->\n\t\t\t\t\t\t\t46 - \t\t\t\t\t\t\t\t\t\t\t\t\t\t\n\t\t\t\t\t\t\t\n\t\t\t\t\t\t\t\t<span class=\"list-img\">\n\t\t\t\t\t\t\t\t\t\t\t\t\t\t\t\t\t\t<img src=\"https:\/\/www.uninter.com\/biblioteca\/wp-content\/uploads\/2019\/08\/lawIndiana-150x150.jpg\" alt=\"\">\n\t\t\t\t\t\t\t\t<\/span>\n\t\t\t\t\t\t\t\n\t\t\t\t\t\t\t<!-- Link Text -->\n\t\t\t\t\t\t\tLaw Indiana\t\t\t\t\t\t\t\n\t\t\t\t\t\t\t\t\t\t\t\t\t\t<span style=\"font-size:12px;\"><br>\n\t                                \t\t\t\t\t\t\t<\/span>\t\n\t                        \n\t\t\t\t\t\t<\/a>\n\t\t\t\t\t\t\n\t\t\t\t\t\t\t<!-- upvote section -->\n\t\t\t\t\t\t\t<div class=\"upvote-section\">\n\t\t\t\t\t\t\t\t<span data-post-id=\"1333\" data-item-title=\"Law Indiana\" data-item-link=\"https:\/\/www.repository.law.indiana.edu\/cgi\/viewcontent.cgi?referer=https:\/\/www.uninter.com\/biblioteca\/periodicos-online\/&#038;httpsredir=1&#038;article=1276&#038;context=ijgls\" class=\"upvote-btn upvote-on\">\n\t\t\t\t\t\t\t\t\t<i class=\"fa fa-thumbs-up\"><\/i>\n\t\t\t\t\t\t\t\t<\/span>\n\t\t\t\t\t\t\t\t<span class=\"upvote-count\">\n\t\t\t\t\t\t\t\t\t3436\t\t\t\t\t\t\t\t<\/span>\n\t\t\t\t\t\t\t<\/div>\n\t\t\t\t\t\t\t<!-- \/upvote section -->\n\n\t\t\t\t\t\t\t\t\t\t\t\t\n\t\t\t\t\t<\/li>\n\t\t\t\t\t\n\t\t\t\t\t<li id=\"item-1333-47\">\n\t\t\t\t\t\t\t\t\t\t\t\t<!-- List Anchor -->\n\t\t\t\t\t\t<a   href=\"https:\/\/papers.ssrn.com\/sol3\/papers.cfm?abstract_id=2132397\"\n\t\t\t\t\t\t\ttarget=\"_blank\">\n\n\t\t\t\t\t\t\t<!-- Image, If Present -->\n\t\t\t\t\t\t\t47 - \t\t\t\t\t\t\t\t\t\t\t\t\t\t\n\t\t\t\t\t\t\t\n\t\t\t\t\t\t\t\t<span class=\"list-img\">\n\t\t\t\t\t\t\t\t\t\t\t\t\t\t\t\t\t\t<img src=\"https:\/\/www.uninter.com\/biblioteca\/wp-content\/uploads\/2019\/08\/harvard-150x150.jpg\" alt=\"\">\n\t\t\t\t\t\t\t\t<\/span>\n\t\t\t\t\t\t\t\n\t\t\t\t\t\t\t<!-- Link Text -->\n\t\t\t\t\t\t\tHarvard Civil Rights- Civil Liberties Law Review\t\t\t\t\t\t\t\n\t\t\t\t\t\t\t\t\t\t\t\t\t\t<span style=\"font-size:12px;\"><br>\n\t                                \t\t\t\t\t\t\t<\/span>\t\n\t                        \n\t\t\t\t\t\t<\/a>\n\t\t\t\t\t\t\n\t\t\t\t\t\t\t<!-- upvote section -->\n\t\t\t\t\t\t\t<div class=\"upvote-section\">\n\t\t\t\t\t\t\t\t<span data-post-id=\"1333\" data-item-title=\"Harvard Civil Rights- Civil Liberties Law Review\" data-item-link=\"https:\/\/papers.ssrn.com\/sol3\/papers.cfm?abstract_id=2132397\" class=\"upvote-btn upvote-on\">\n\t\t\t\t\t\t\t\t\t<i class=\"fa fa-thumbs-up\"><\/i>\n\t\t\t\t\t\t\t\t<\/span>\n\t\t\t\t\t\t\t\t<span class=\"upvote-count\">\n\t\t\t\t\t\t\t\t\t4325\t\t\t\t\t\t\t\t<\/span>\n\t\t\t\t\t\t\t<\/div>\n\t\t\t\t\t\t\t<!-- \/upvote section -->\n\n\t\t\t\t\t\t\t\t\t\t\t\t\n\t\t\t\t\t<\/li>\n\t\t\t\t\t\n\t\t\t\t\t<li id=\"item-1333-48\">\n\t\t\t\t\t\t\t\t\t\t\t\t<!-- List Anchor -->\n\t\t\t\t\t\t<a   href=\"http:\/\/www.centropgm.unifi.it\/quaderni\/\"\n\t\t\t\t\t\t\ttarget=\"_blank\">\n\n\t\t\t\t\t\t\t<!-- Image, If Present -->\n\t\t\t\t\t\t\t48 - \t\t\t\t\t\t\t\t\t\t\t\t\t\t\n\t\t\t\t\t\t\t\n\t\t\t\t\t\t\t\t<span class=\"list-img\">\n\t\t\t\t\t\t\t\t\t\t\t\t\t\t\t\t\t\t<img src=\"https:\/\/www.uninter.com\/biblioteca\/wp-content\/uploads\/2019\/08\/quaderni-150x150.jpg\" alt=\"\">\n\t\t\t\t\t\t\t\t<\/span>\n\t\t\t\t\t\t\t\n\t\t\t\t\t\t\t<!-- Link Text -->\n\t\t\t\t\t\t\tQuaderni Fiorentini per la storia del pensiero giuridico moderno\t\t\t\t\t\t\t\n\t\t\t\t\t\t\t\t\t\t\t\t\t\t<span style=\"font-size:12px;\"><br>\n\t                                \t\t\t\t\t\t\t<\/span>\t\n\t                        \n\t\t\t\t\t\t<\/a>\n\t\t\t\t\t\t\n\t\t\t\t\t\t\t<!-- upvote section -->\n\t\t\t\t\t\t\t<div class=\"upvote-section\">\n\t\t\t\t\t\t\t\t<span data-post-id=\"1333\" data-item-title=\"Quaderni Fiorentini per la storia del pensiero giuridico moderno\" data-item-link=\"http:\/\/www.centropgm.unifi.it\/quaderni\/\" class=\"upvote-btn upvote-on\">\n\t\t\t\t\t\t\t\t\t<i class=\"fa fa-thumbs-up\"><\/i>\n\t\t\t\t\t\t\t\t<\/span>\n\t\t\t\t\t\t\t\t<span class=\"upvote-count\">\n\t\t\t\t\t\t\t\t\t3380\t\t\t\t\t\t\t\t<\/span>\n\t\t\t\t\t\t\t<\/div>\n\t\t\t\t\t\t\t<!-- \/upvote section -->\n\n\t\t\t\t\t\t\t\t\t\t\t\t\n\t\t\t\t\t<\/li>\n\t\t\t\t\t\n\t\t\t\t\t<li id=\"item-1333-49\">\n\t\t\t\t\t\t\t\t\t\t\t\t<!-- List Anchor -->\n\t\t\t\t\t\t<a   href=\"https:\/\/dialnet.unirioja.es\/servlet\/revista?codigo=115\"\n\t\t\t\t\t\t\ttarget=\"_blank\">\n\n\t\t\t\t\t\t\t<!-- Image, If Present -->\n\t\t\t\t\t\t\t49 - \t\t\t\t\t\t\t\t\t\t\t\t\t\t\n\t\t\t\t\t\t\t\n\t\t\t\t\t\t\t\t<span class=\"list-img\">\n\t\t\t\t\t\t\t\t\t\t\t\t\t\t\t\t\t\t<img src=\"https:\/\/www.uninter.com\/biblioteca\/wp-content\/uploads\/2019\/08\/derecho-150x150.jpg\" alt=\"\">\n\t\t\t\t\t\t\t\t<\/span>\n\t\t\t\t\t\t\t\n\t\t\t\t\t\t\t<!-- Link Text -->\n\t\t\t\t\t\t\tAnuario de hist\u00f3ria del derecho espa\u00f1ol\t\t\t\t\t\t\t\n\t\t\t\t\t\t\t\t\t\t\t\t\t\t<span style=\"font-size:12px;\"><br>\n\t                                \t\t\t\t\t\t\t<\/span>\t\n\t                        \n\t\t\t\t\t\t<\/a>\n\t\t\t\t\t\t\n\t\t\t\t\t\t\t<!-- upvote section -->\n\t\t\t\t\t\t\t<div class=\"upvote-section\">\n\t\t\t\t\t\t\t\t<span data-post-id=\"1333\" data-item-title=\"Anuario de hist\u00f3ria del derecho espa\u00f1ol\" data-item-link=\"https:\/\/dialnet.unirioja.es\/servlet\/revista?codigo=115\" class=\"upvote-btn upvote-on\">\n\t\t\t\t\t\t\t\t\t<i class=\"fa fa-thumbs-up\"><\/i>\n\t\t\t\t\t\t\t\t<\/span>\n\t\t\t\t\t\t\t\t<span class=\"upvote-count\">\n\t\t\t\t\t\t\t\t\t3454\t\t\t\t\t\t\t\t<\/span>\n\t\t\t\t\t\t\t<\/div>\n\t\t\t\t\t\t\t<!-- \/upvote section -->\n\n\t\t\t\t\t\t\t\t\t\t\t\t\n\t\t\t\t\t<\/li>\n\t\t\t\t\t\n\t\t\t\t\t<li id=\"item-1333-50\">\n\t\t\t\t\t\t\t\t\t\t\t\t<!-- List Anchor -->\n\t\t\t\t\t\t<a   href=\"https:\/\/forhistiur.de\/\"\n\t\t\t\t\t\t\ttarget=\"_blank\">\n\n\t\t\t\t\t\t\t<!-- Image, If Present -->\n\t\t\t\t\t\t\t50 - \t\t\t\t\t\t\t\t\t\t\t\t\t\t\n\t\t\t\t\t\t\t\n\t\t\t\t\t\t\t\t<span class=\"list-img\">\n\t\t\t\t\t\t\t\t\t\t\t\t\t\t\t\t\t\t<img src=\"https:\/\/www.uninter.com\/biblioteca\/wp-content\/uploads\/2019\/08\/iuris-150x150.jpg\" alt=\"\">\n\t\t\t\t\t\t\t\t<\/span>\n\t\t\t\t\t\t\t\n\t\t\t\t\t\t\t<!-- Link Text -->\n\t\t\t\t\t\t\tForum historiae Iuris \u2013 Erste Europ\u00e4ische Internetzeitschrift f\u00fcr Rechtsgeschichte\t\t\t\t\t\t\t\n\t\t\t\t\t\t\t\t\t\t\t\t\t\t<span style=\"font-size:12px;\"><br>\n\t                                \t\t\t\t\t\t\t<\/span>\t\n\t                        \n\t\t\t\t\t\t<\/a>\n\t\t\t\t\t\t\n\t\t\t\t\t\t\t<!-- upvote section -->\n\t\t\t\t\t\t\t<div class=\"upvote-section\">\n\t\t\t\t\t\t\t\t<span data-post-id=\"1333\" data-item-title=\"Forum historiae Iuris \u2013 Erste Europ\u00e4ische Internetzeitschrift f\u00fcr Rechtsgeschichte\" data-item-link=\"https:\/\/forhistiur.de\/\" class=\"upvote-btn upvote-on\">\n\t\t\t\t\t\t\t\t\t<i class=\"fa fa-thumbs-up\"><\/i>\n\t\t\t\t\t\t\t\t<\/span>\n\t\t\t\t\t\t\t\t<span class=\"upvote-count\">\n\t\t\t\t\t\t\t\t\t4370\t\t\t\t\t\t\t\t<\/span>\n\t\t\t\t\t\t\t<\/div>\n\t\t\t\t\t\t\t<!-- \/upvote section -->\n\n\t\t\t\t\t\t\t\t\t\t\t\t\n\t\t\t\t\t<\/li>\n\t\t\t\t\t\n\t\t\t\t\t<li id=\"item-1333-51\">\n\t\t\t\t\t\t\t\t\t\t\t\t<!-- List Anchor -->\n\t\t\t\t\t\t<a   href=\"https:\/\/dialnet.unirioja.es\/servlet\/revista?codigo=1308\"\n\t\t\t\t\t\t\ttarget=\"_blank\">\n\n\t\t\t\t\t\t\t<!-- Image, If Present -->\n\t\t\t\t\t\t\t51 - \t\t\t\t\t\t\t\t\t\t\t\t\t\t\n\t\t\t\t\t\t\t\n\t\t\t\t\t\t\t\t<span class=\"list-img\">\n\t\t\t\t\t\t\t\t\t\t\t\t\t\t\t\t\t\t<img src=\"https:\/\/www.uninter.com\/biblioteca\/wp-content\/uploads\/2019\/08\/diritto-150x150.jpg\" alt=\"\">\n\t\t\t\t\t\t\t\t<\/span>\n\t\t\t\t\t\t\t\n\t\t\t\t\t\t\t<!-- Link Text -->\n\t\t\t\t\t\t\tRivista Internazionale di filosofia del diritto\t\t\t\t\t\t\t\n\t\t\t\t\t\t\t\t\t\t\t\t\t\t<span style=\"font-size:12px;\"><br>\n\t                                \t\t\t\t\t\t\t<\/span>\t\n\t                        \n\t\t\t\t\t\t<\/a>\n\t\t\t\t\t\t\n\t\t\t\t\t\t\t<!-- upvote section -->\n\t\t\t\t\t\t\t<div class=\"upvote-section\">\n\t\t\t\t\t\t\t\t<span data-post-id=\"1333\" data-item-title=\"Rivista Internazionale di filosofia del diritto\" data-item-link=\"https:\/\/dialnet.unirioja.es\/servlet\/revista?codigo=1308\" class=\"upvote-btn upvote-on\">\n\t\t\t\t\t\t\t\t\t<i class=\"fa fa-thumbs-up\"><\/i>\n\t\t\t\t\t\t\t\t<\/span>\n\t\t\t\t\t\t\t\t<span class=\"upvote-count\">\n\t\t\t\t\t\t\t\t\t3448\t\t\t\t\t\t\t\t<\/span>\n\t\t\t\t\t\t\t<\/div>\n\t\t\t\t\t\t\t<!-- \/upvote section -->\n\n\t\t\t\t\t\t\t\t\t\t\t\t\n\t\t\t\t\t<\/li>\n\t\t\t\t\t\n\t\t\t\t\t<li id=\"item-1333-52\">\n\t\t\t\t\t\t\t\t\t\t\t\t<!-- List Anchor -->\n\t\t\t\t\t\t<a   href=\"https:\/\/siaiap32.univali.br\/\/seer\/index.php\/nej\"\n\t\t\t\t\t\t\ttarget=\"_blank\">\n\n\t\t\t\t\t\t\t<!-- Image, If Present -->\n\t\t\t\t\t\t\t52 - \t\t\t\t\t\t\t\t\t\t\t\t\t\t\n\t\t\t\t\t\t\t\n\t\t\t\t\t\t\t\t<span class=\"list-img\">\n\t\t\t\t\t\t\t\t\t\t\t\t\t\t\t\t\t\t<img src=\"https:\/\/www.uninter.com\/biblioteca\/wp-content\/uploads\/2019\/08\/novos-150x150.jpg\" alt=\"\">\n\t\t\t\t\t\t\t\t<\/span>\n\t\t\t\t\t\t\t\n\t\t\t\t\t\t\t<!-- Link Text -->\n\t\t\t\t\t\t\tRevista Nej \u2013 Novos Estudos Jur\u00eddicos\t\t\t\t\t\t\t\n\t\t\t\t\t\t\t\t\t\t\t\t\t\t<span style=\"font-size:12px;\"><br>\n\t                                \t\t\t\t\t\t\t<\/span>\t\n\t                        \n\t\t\t\t\t\t<\/a>\n\t\t\t\t\t\t\n\t\t\t\t\t\t\t<!-- upvote section -->\n\t\t\t\t\t\t\t<div class=\"upvote-section\">\n\t\t\t\t\t\t\t\t<span data-post-id=\"1333\" data-item-title=\"Revista Nej \u2013 Novos Estudos Jur\u00eddicos\" data-item-link=\"https:\/\/siaiap32.univali.br\/\/seer\/index.php\/nej\" class=\"upvote-btn upvote-on\">\n\t\t\t\t\t\t\t\t\t<i class=\"fa fa-thumbs-up\"><\/i>\n\t\t\t\t\t\t\t\t<\/span>\n\t\t\t\t\t\t\t\t<span class=\"upvote-count\">\n\t\t\t\t\t\t\t\t\t3159\t\t\t\t\t\t\t\t<\/span>\n\t\t\t\t\t\t\t<\/div>\n\t\t\t\t\t\t\t<!-- \/upvote section -->\n\n\t\t\t\t\t\t\t\t\t\t\t\t\n\t\t\t\t\t<\/li>\n\t\t\t\t\t\n\t\t\t\t\t<li id=\"item-1333-53\">\n\t\t\t\t\t\t\t\t\t\t\t\t<!-- List Anchor -->\n\t\t\t\t\t\t<a   href=\"https:\/\/onlinelibrary.wiley.com\/journal\/15405893\"\n\t\t\t\t\t\t\ttarget=\"_blank\">\n\n\t\t\t\t\t\t\t<!-- Image, If Present -->\n\t\t\t\t\t\t\t53 - \t\t\t\t\t\t\t\t\t\t\t\t\t\t\n\t\t\t\t\t\t\t\n\t\t\t\t\t\t\t\t<span class=\"list-img\">\n\t\t\t\t\t\t\t\t\t\t\t\t\t\t\t\t\t\t<img src=\"https:\/\/www.uninter.com\/biblioteca\/wp-content\/uploads\/2021\/05\/lasr.v55.1.cover_.gif\" alt=\"\">\n\t\t\t\t\t\t\t\t<\/span>\n\t\t\t\t\t\t\t\n\t\t\t\t\t\t\t<!-- Link Text -->\n\t\t\t\t\t\t\tLaw &amp; Society Review \t\t\t\t\t\t\t\n\t\t\t\t\t\t\t\t\t\t\t\t\t\t<span style=\"font-size:12px;\"><br>\n\t                                \t\t\t\t\t\t\t<\/span>\t\n\t                        \n\t\t\t\t\t\t<\/a>\n\t\t\t\t\t\t\n\t\t\t\t\t\t\t<!-- upvote section -->\n\t\t\t\t\t\t\t<div class=\"upvote-section\">\n\t\t\t\t\t\t\t\t<span data-post-id=\"1333\" data-item-title=\"Law &amp; Society Review\" data-item-link=\"https:\/\/onlinelibrary.wiley.com\/journal\/15405893\" class=\"upvote-btn upvote-on\">\n\t\t\t\t\t\t\t\t\t<i class=\"fa fa-thumbs-up\"><\/i>\n\t\t\t\t\t\t\t\t<\/span>\n\t\t\t\t\t\t\t\t<span class=\"upvote-count\">\n\t\t\t\t\t\t\t\t\t4064\t\t\t\t\t\t\t\t<\/span>\n\t\t\t\t\t\t\t<\/div>\n\t\t\t\t\t\t\t<!-- \/upvote section -->\n\n\t\t\t\t\t\t\t\t\t\t\t\t\n\t\t\t\t\t<\/li>\n\t\t\t\t\t\n\t\t\t\t\t<li id=\"item-1333-54\">\n\t\t\t\t\t\t\t\t\t\t\t\t<!-- List Anchor -->\n\t\t\t\t\t\t<a   href=\"https:\/\/ejpr.onlinelibrary.wiley.com\/journal\/14756765\"\n\t\t\t\t\t\t\ttarget=\"_blank\">\n\n\t\t\t\t\t\t\t<!-- Image, If Present -->\n\t\t\t\t\t\t\t54 - \t\t\t\t\t\t\t\t\t\t\t\t\t\t\n\t\t\t\t\t\t\t\n\t\t\t\t\t\t\t\t<span class=\"list-img\">\n\t\t\t\t\t\t\t\t\t\t\t\t\t\t\t\t\t\t<img src=\"https:\/\/www.uninter.com\/biblioteca\/wp-content\/uploads\/2021\/05\/ejpr.v60.2.cover_.gif\" alt=\"\">\n\t\t\t\t\t\t\t\t<\/span>\n\t\t\t\t\t\t\t\n\t\t\t\t\t\t\t<!-- Link Text -->\n\t\t\t\t\t\t\tEuropean Journal of Political Research \t\t\t\t\t\t\t\n\t\t\t\t\t\t\t\t\t\t\t\t\t\t<span style=\"font-size:12px;\"><br>\n\t                                \t\t\t\t\t\t\t<\/span>\t\n\t                        \n\t\t\t\t\t\t<\/a>\n\t\t\t\t\t\t\n\t\t\t\t\t\t\t<!-- upvote section -->\n\t\t\t\t\t\t\t<div class=\"upvote-section\">\n\t\t\t\t\t\t\t\t<span data-post-id=\"1333\" data-item-title=\"European Journal of Political Research\" data-item-link=\"https:\/\/ejpr.onlinelibrary.wiley.com\/journal\/14756765\" class=\"upvote-btn upvote-on\">\n\t\t\t\t\t\t\t\t\t<i class=\"fa fa-thumbs-up\"><\/i>\n\t\t\t\t\t\t\t\t<\/span>\n\t\t\t\t\t\t\t\t<span class=\"upvote-count\">\n\t\t\t\t\t\t\t\t\t1157\t\t\t\t\t\t\t\t<\/span>\n\t\t\t\t\t\t\t<\/div>\n\t\t\t\t\t\t\t<!-- \/upvote section -->\n\n\t\t\t\t\t\t\t\t\t\t\t\t\n\t\t\t\t\t<\/li>\n\t\t\t\t\t\n\t\t\t\t\t<li id=\"item-1333-55\">\n\t\t\t\t\t\t\t\t\t\t\t\t<!-- List Anchor -->\n\t\t\t\t\t\t<a   href=\"http:\/\/www.apcp.pt\/pt\/revistas-cientificas\"\n\t\t\t\t\t\t\ttarget=\"_blank\">\n\n\t\t\t\t\t\t\t<!-- Image, If Present -->\n\t\t\t\t\t\t\t55 - \t\t\t\t\t\t\t\t\t\t\t\t\t\t\n\t\t\t\t\t\t\t\n\t\t\t\t\t\t\t\t<span class=\"list-img\">\n\t\t\t\t\t\t\t\t\t\t\t\t\t\t\t\t\t\t<img src=\"https:\/\/www.uninter.com\/biblioteca\/wp-content\/uploads\/2021\/05\/mainLogo-150x45.png\" alt=\"\">\n\t\t\t\t\t\t\t\t<\/span>\n\t\t\t\t\t\t\t\n\t\t\t\t\t\t\t<!-- Link Text -->\n\t\t\t\t\t\t\tAssocia\u00e7\u00e3o Portuguesa de Ci\u00eancia Pol\u00edtica \t\t\t\t\t\t\t\n\t\t\t\t\t\t\t\t\t\t\t\t\t\t<span style=\"font-size:12px;\"><br>\n\t                                \t\t\t\t\t\t\t<\/span>\t\n\t                        \n\t\t\t\t\t\t<\/a>\n\t\t\t\t\t\t\n\t\t\t\t\t\t\t<!-- upvote section -->\n\t\t\t\t\t\t\t<div class=\"upvote-section\">\n\t\t\t\t\t\t\t\t<span data-post-id=\"1333\" data-item-title=\"Associa\u00e7\u00e3o Portuguesa de Ci\u00eancia Pol\u00edtica\" data-item-link=\"http:\/\/www.apcp.pt\/pt\/revistas-cientificas\" class=\"upvote-btn upvote-on\">\n\t\t\t\t\t\t\t\t\t<i class=\"fa fa-thumbs-up\"><\/i>\n\t\t\t\t\t\t\t\t<\/span>\n\t\t\t\t\t\t\t\t<span class=\"upvote-count\">\n\t\t\t\t\t\t\t\t\t1166\t\t\t\t\t\t\t\t<\/span>\n\t\t\t\t\t\t\t<\/div>\n\t\t\t\t\t\t\t<!-- \/upvote section -->\n\n\t\t\t\t\t\t\t\t\t\t\t\t\n\t\t\t\t\t<\/li>\n\t\t\t\t\t\n\t\t\t\t\t<li id=\"item-1333-56\">\n\t\t\t\t\t\t\t\t\t\t\t\t<!-- List Anchor -->\n\t\t\t\t\t\t<a   href=\"https:\/\/academic.oup.com\/qje\"\n\t\t\t\t\t\t\ttarget=\"_blank\">\n\n\t\t\t\t\t\t\t<!-- Image, If Present -->\n\t\t\t\t\t\t\t56 - \t\t\t\t\t\t\t\t\t\t\t\t\t\t\n\t\t\t\t\t\t\t\n\t\t\t\t\t\t\t\t<span class=\"list-img\">\n\t\t\t\t\t\t\t\t\t\t\t\t\t\t\t\t\t\t<img src=\"https:\/\/www.uninter.com\/biblioteca\/wp-content\/uploads\/2021\/05\/m_cover-150x150.png\" alt=\"\">\n\t\t\t\t\t\t\t\t<\/span>\n\t\t\t\t\t\t\t\n\t\t\t\t\t\t\t<!-- Link Text -->\n\t\t\t\t\t\t\tThe Quarterly Journal of Economics \t\t\t\t\t\t\t\n\t\t\t\t\t\t\t\t\t\t\t\t\t\t<span style=\"font-size:12px;\"><br>\n\t                                \t\t\t\t\t\t\t<\/span>\t\n\t                        \n\t\t\t\t\t\t<\/a>\n\t\t\t\t\t\t\n\t\t\t\t\t\t\t<!-- upvote section -->\n\t\t\t\t\t\t\t<div class=\"upvote-section\">\n\t\t\t\t\t\t\t\t<span data-post-id=\"1333\" data-item-title=\"The Quarterly Journal of Economics\" data-item-link=\"https:\/\/academic.oup.com\/qje\" class=\"upvote-btn upvote-on\">\n\t\t\t\t\t\t\t\t\t<i class=\"fa fa-thumbs-up\"><\/i>\n\t\t\t\t\t\t\t\t<\/span>\n\t\t\t\t\t\t\t\t<span class=\"upvote-count\">\n\t\t\t\t\t\t\t\t\t2066\t\t\t\t\t\t\t\t<\/span>\n\t\t\t\t\t\t\t<\/div>\n\t\t\t\t\t\t\t<!-- \/upvote section -->\n\n\t\t\t\t\t\t\t\t\t\t\t\t\n\t\t\t\t\t<\/li>\n\t\t\t\t\t\n\t\t\t\t\t<li id=\"item-1333-57\">\n\t\t\t\t\t\t\t\t\t\t\t\t<!-- List Anchor -->\n\t\t\t\t\t\t<a   href=\"https:\/\/rbpg.capes.gov.br\/index.php\/rbpg\"\n\t\t\t\t\t\t\ttarget=\"_blank\">\n\n\t\t\t\t\t\t\t<!-- Image, If Present -->\n\t\t\t\t\t\t\t57 - \t\t\t\t\t\t\t\t\t\t\t\t\t\t\n\t\t\t\t\t\t\t\n\t\t\t\t\t\t\t\t<span class=\"list-img\">\n\t\t\t\t\t\t\t\t\t\t\t\t\t\t\t\t\t\t<img src=\"https:\/\/www.uninter.com\/biblioteca\/wp-content\/uploads\/2021\/05\/cover_issue_45_pt_BR-150x150.png\" alt=\"\">\n\t\t\t\t\t\t\t\t<\/span>\n\t\t\t\t\t\t\t\n\t\t\t\t\t\t\t<!-- Link Text -->\n\t\t\t\t\t\t\tRevista Brasileira de P\u00f3s-Gradua\u00e7\u00e3o \t\t\t\t\t\t\t\n\t\t\t\t\t\t\t\t\t\t\t\t\t\t<span style=\"font-size:12px;\"><br>\n\t                                \t\t\t\t\t\t\t<\/span>\t\n\t                        \n\t\t\t\t\t\t<\/a>\n\t\t\t\t\t\t\n\t\t\t\t\t\t\t<!-- upvote section -->\n\t\t\t\t\t\t\t<div class=\"upvote-section\">\n\t\t\t\t\t\t\t\t<span data-post-id=\"1333\" data-item-title=\"Revista Brasileira de P\u00f3s-Gradua\u00e7\u00e3o\" data-item-link=\"https:\/\/rbpg.capes.gov.br\/index.php\/rbpg\" class=\"upvote-btn upvote-on\">\n\t\t\t\t\t\t\t\t\t<i class=\"fa fa-thumbs-up\"><\/i>\n\t\t\t\t\t\t\t\t<\/span>\n\t\t\t\t\t\t\t\t<span class=\"upvote-count\">\n\t\t\t\t\t\t\t\t\t1166\t\t\t\t\t\t\t\t<\/span>\n\t\t\t\t\t\t\t<\/div>\n\t\t\t\t\t\t\t<!-- \/upvote section -->\n\n\t\t\t\t\t\t\t\t\t\t\t\t\n\t\t\t\t\t<\/li>\n\t\t\t\t\t\n\t\t\t\t\t<li id=\"item-1333-58\">\n\t\t\t\t\t\t\t\t\t\t\t\t<!-- List Anchor -->\n\t\t\t\t\t\t<a   href=\"https:\/\/ilj.law.indiana.edu\/\"\n\t\t\t\t\t\t\ttarget=\"_blank\">\n\n\t\t\t\t\t\t\t<!-- Image, If Present -->\n\t\t\t\t\t\t\t58 - \t\t\t\t\t\t\t\t\t\t\t\t\t\t\n\t\t\t\t\t\t\t\n\t\t\t\t\t\t\t\t<span class=\"list-img\">\n\t\t\t\t\t\t\t\t\t\t\t\t\t\t\t\t\t\t<img src=\"https:\/\/www.uninter.com\/biblioteca\/wp-content\/uploads\/2021\/05\/i-150x150.jpg\" alt=\"\">\n\t\t\t\t\t\t\t\t<\/span>\n\t\t\t\t\t\t\t\n\t\t\t\t\t\t\t<!-- Link Text -->\n\t\t\t\t\t\t\tIndiana Law Journal \t\t\t\t\t\t\t\n\t\t\t\t\t\t\t\t\t\t\t\t\t\t<span style=\"font-size:12px;\"><br>\n\t                                \t\t\t\t\t\t\t<\/span>\t\n\t                        \n\t\t\t\t\t\t<\/a>\n\t\t\t\t\t\t\n\t\t\t\t\t\t\t<!-- upvote section -->\n\t\t\t\t\t\t\t<div class=\"upvote-section\">\n\t\t\t\t\t\t\t\t<span data-post-id=\"1333\" data-item-title=\"Indiana Law Journal\" data-item-link=\"https:\/\/ilj.law.indiana.edu\/\" class=\"upvote-btn upvote-on\">\n\t\t\t\t\t\t\t\t\t<i class=\"fa fa-thumbs-up\"><\/i>\n\t\t\t\t\t\t\t\t<\/span>\n\t\t\t\t\t\t\t\t<span class=\"upvote-count\">\n\t\t\t\t\t\t\t\t\t1110\t\t\t\t\t\t\t\t<\/span>\n\t\t\t\t\t\t\t<\/div>\n\t\t\t\t\t\t\t<!-- \/upvote section -->\n\n\t\t\t\t\t\t\t\t\t\t\t\t\n\t\t\t\t\t<\/li>\n\t\t\t\t\t\n\t\t\t\t\t<li id=\"item-1333-59\">\n\t\t\t\t\t\t\t\t\t\t\t\t<!-- List Anchor -->\n\t\t\t\t\t\t<a   href=\"https:\/\/tilj.org\/\"\n\t\t\t\t\t\t\ttarget=\"_blank\">\n\n\t\t\t\t\t\t\t<!-- Image, If Present -->\n\t\t\t\t\t\t\t59 - \t\t\t\t\t\t\t\t\t\t\t\t\t\t\n\t\t\t\t\t\t\t\n\t\t\t\t\t\t\t\t<span class=\"list-img\">\n\t\t\t\t\t\t\t\t\t\t\t\t\t\t\t\t\t\t<img src=\"https:\/\/www.uninter.com\/biblioteca\/wp-content\/uploads\/2021\/05\/T-150x150.jpg\" alt=\"\">\n\t\t\t\t\t\t\t\t<\/span>\n\t\t\t\t\t\t\t\n\t\t\t\t\t\t\t<!-- Link Text -->\n\t\t\t\t\t\t\tTexas International Law Journal\t\t\t\t\t\t\t\n\t\t\t\t\t\t\t\t\t\t\t\t\t\t<span style=\"font-size:12px;\"><br>\n\t                                \t\t\t\t\t\t\t<\/span>\t\n\t                        \n\t\t\t\t\t\t<\/a>\n\t\t\t\t\t\t\n\t\t\t\t\t\t\t<!-- upvote section -->\n\t\t\t\t\t\t\t<div class=\"upvote-section\">\n\t\t\t\t\t\t\t\t<span data-post-id=\"1333\" data-item-title=\"Texas International Law Journal\" data-item-link=\"https:\/\/tilj.org\/\" class=\"upvote-btn upvote-on\">\n\t\t\t\t\t\t\t\t\t<i class=\"fa fa-thumbs-up\"><\/i>\n\t\t\t\t\t\t\t\t<\/span>\n\t\t\t\t\t\t\t\t<span class=\"upvote-count\">\n\t\t\t\t\t\t\t\t\t2115\t\t\t\t\t\t\t\t<\/span>\n\t\t\t\t\t\t\t<\/div>\n\t\t\t\t\t\t\t<!-- \/upvote section -->\n\n\t\t\t\t\t\t\t\t\t\t\t\t\n\t\t\t\t\t<\/li>\n\t\t\t\t\t\n\t\t\t\t\t<li id=\"item-1333-60\">\n\t\t\t\t\t\t\t\t\t\t\t\t<!-- List Anchor -->\n\t\t\t\t\t\t<a   href=\"https:\/\/sciendo.com\/journal\/EB\"\n\t\t\t\t\t\t\ttarget=\"_blank\">\n\n\t\t\t\t\t\t\t<!-- Image, If Present -->\n\t\t\t\t\t\t\t60 - \t\t\t\t\t\t\t\t\t\t\t\t\t\t\n\t\t\t\t\t\t\t\n\t\t\t\t\t\t\t\t<span class=\"list-img\">\n\t\t\t\t\t\t\t\t\t\t\t\t\t\t\t\t\t\t<img src=\"https:\/\/www.uninter.com\/biblioteca\/wp-content\/uploads\/2021\/05\/e-150x150.jpg\" alt=\"\">\n\t\t\t\t\t\t\t\t<\/span>\n\t\t\t\t\t\t\t\n\t\t\t\t\t\t\t<!-- Link Text -->\n\t\t\t\t\t\t\tEconomics and business \t\t\t\t\t\t\t\n\t\t\t\t\t\t\t\t\t\t\t\t\t\t<span style=\"font-size:12px;\"><br>\n\t                                \t\t\t\t\t\t\t<\/span>\t\n\t                        \n\t\t\t\t\t\t<\/a>\n\t\t\t\t\t\t\n\t\t\t\t\t\t\t<!-- upvote section -->\n\t\t\t\t\t\t\t<div class=\"upvote-section\">\n\t\t\t\t\t\t\t\t<span data-post-id=\"1333\" data-item-title=\"Economics and business\" data-item-link=\"https:\/\/sciendo.com\/journal\/EB\" class=\"upvote-btn upvote-on\">\n\t\t\t\t\t\t\t\t\t<i class=\"fa fa-thumbs-up\"><\/i>\n\t\t\t\t\t\t\t\t<\/span>\n\t\t\t\t\t\t\t\t<span class=\"upvote-count\">\n\t\t\t\t\t\t\t\t\t1148\t\t\t\t\t\t\t\t<\/span>\n\t\t\t\t\t\t\t<\/div>\n\t\t\t\t\t\t\t<!-- \/upvote section -->\n\n\t\t\t\t\t\t\t\t\t\t\t\t\n\t\t\t\t\t<\/li>\n\t\t\t\t\t\t\t\t\t<\/ul>\n\n\t\t\t<\/div>\n\n\t\t<\/div>\n\t\t<!-- \/Individual List Item -->\n\n\t\t\n\t\t<br \/>\n\r\n<!--  Starting Simple Link Directory Plugin Output -->\n<div class=\"qcopd_embed_container\">\r\n\r\n\r\n\r\n\r\n\r\n\r\n\r\n<\/div>\r\n<div class=\"qcopd-list-wrapper\">\n\t<div id=\"opd-list-holder\" class=\"qcopd-list-holder\">\n\t\t\n\t\t<!-- Individual List Item -->\n\t\t<div id=\"list-item-1-1396\" class=\"qc-grid-item qcopd-list-column opd-column-1 simple opd-list-id-1396\">\n\t\t\t<div class=\"qcopd-single-list\">\n\t\t\t\t\t<h2 onclick=\"if(document.getElementById('1396').style.display=='block'){document.getElementById('1396').style.display='none';}else{document.getElementById('1396').style.display='block';};\">\n\t\t\t\t\tGest\u00e3o de Seguran\u00e7a Privada\t\t\t\t<\/h2>\n\t\t\t\t<ul  style=display:none; id=1396 >\n\t\t\t\t\t\n\t\t\t\t\t<li id=\"item-1396-1\">\n\t\t\t\t\t\t\t\t\t\t\t\t<!-- List Anchor -->\n\t\t\t\t\t\t<a   href=\"http:\/\/www.scielo.br\/scielo.php?script=sci_issues&#038;pid=1413-8123&#038;lng=pt&#038;nrm=iso\"\n\t\t\t\t\t\t\ttarget=\"_blank\">\n\n\t\t\t\t\t\t\t<!-- Image, If Present -->\n\t\t\t\t\t\t\t1 - \t\t\t\t\t\t\t\t\t\t\t\t\t\t\n\t\t\t\t\t\t\t\n\t\t\t\t\t\t\t\t<span class=\"list-img\">\n\t\t\t\t\t\t\t\t\t\t\t\t\t\t\t\t\t\t<img src=\"https:\/\/www.uninter.com\/biblioteca\/wp-content\/uploads\/2019\/08\/coletiva-150x150.jpg\" alt=\"\">\n\t\t\t\t\t\t\t\t<\/span>\n\t\t\t\t\t\t\t\n\t\t\t\t\t\t\t<!-- Link Text -->\n\t\t\t\t\t\t\tCi\u00eancia e Sa\u00fade Coletiva\t\t\t\t\t\t\t\n\t\t\t\t\t\t\t\t\t\t\t\t\t\t<span style=\"font-size:12px;\"><br>\n\t                                \t\t\t\t\t\t\t<\/span>\t\n\t                        \n\t\t\t\t\t\t<\/a>\n\t\t\t\t\t\t\n\t\t\t\t\t\t\t<!-- upvote section -->\n\t\t\t\t\t\t\t<div class=\"upvote-section\">\n\t\t\t\t\t\t\t\t<span data-post-id=\"1396\" data-item-title=\"Ci\u00eancia e Sa\u00fade Coletiva\" data-item-link=\"http:\/\/www.scielo.br\/scielo.php?script=sci_issues&#038;pid=1413-8123&#038;lng=pt&#038;nrm=iso\" class=\"upvote-btn upvote-on\">\n\t\t\t\t\t\t\t\t\t<i class=\"fa fa-thumbs-up\"><\/i>\n\t\t\t\t\t\t\t\t<\/span>\n\t\t\t\t\t\t\t\t<span class=\"upvote-count\">\n\t\t\t\t\t\t\t\t\t1\t\t\t\t\t\t\t\t<\/span>\n\t\t\t\t\t\t\t<\/div>\n\t\t\t\t\t\t\t<!-- \/upvote section -->\n\n\t\t\t\t\t\t\t\t\t\t\t\t\n\t\t\t\t\t<\/li>\n\t\t\t\t\t\n\t\t\t\t\t<li id=\"item-1396-2\">\n\t\t\t\t\t\t\t\t\t\t\t\t<!-- List Anchor -->\n\t\t\t\t\t\t<a   href=\"https:\/\/revistas.unifacs.br\/index.php\/rgb\/issue\/archive\"\n\t\t\t\t\t\t\ttarget=\"_blank\">\n\n\t\t\t\t\t\t\t<!-- Image, If Present -->\n\t\t\t\t\t\t\t2 - \t\t\t\t\t\t\t\t\t\t\t\t\t\t\n\t\t\t\t\t\t\t\n\t\t\t\t\t\t\t\t<span class=\"list-img\">\n\t\t\t\t\t\t\t\t\t\t\t\t\t\t\t\t\t\t<img src=\"https:\/\/www.uninter.com\/biblioteca\/wp-content\/uploads\/2019\/08\/planejamento-150x150.jpg\" alt=\"\">\n\t\t\t\t\t\t\t\t<\/span>\n\t\t\t\t\t\t\t\n\t\t\t\t\t\t\t<!-- Link Text -->\n\t\t\t\t\t\t\tGest\u00e3o e Planejamento\t\t\t\t\t\t\t\n\t\t\t\t\t\t\t\t\t\t\t\t\t\t<span style=\"font-size:12px;\"><br>\n\t                                \t\t\t\t\t\t\t<\/span>\t\n\t                        \n\t\t\t\t\t\t<\/a>\n\t\t\t\t\t\t\n\t\t\t\t\t\t\t<!-- upvote section -->\n\t\t\t\t\t\t\t<div class=\"upvote-section\">\n\t\t\t\t\t\t\t\t<span data-post-id=\"1396\" data-item-title=\"Gest\u00e3o e Planejamento\" data-item-link=\"https:\/\/revistas.unifacs.br\/index.php\/rgb\/issue\/archive\" class=\"upvote-btn upvote-on\">\n\t\t\t\t\t\t\t\t\t<i class=\"fa fa-thumbs-up\"><\/i>\n\t\t\t\t\t\t\t\t<\/span>\n\t\t\t\t\t\t\t\t<span class=\"upvote-count\">\n\t\t\t\t\t\t\t\t\t1\t\t\t\t\t\t\t\t<\/span>\n\t\t\t\t\t\t\t<\/div>\n\t\t\t\t\t\t\t<!-- \/upvote section -->\n\n\t\t\t\t\t\t\t\t\t\t\t\t\n\t\t\t\t\t<\/li>\n\t\t\t\t\t\n\t\t\t\t\t<li id=\"item-1396-3\">\n\t\t\t\t\t\t\t\t\t\t\t\t<!-- List Anchor -->\n\t\t\t\t\t\t<a   href=\"https:\/\/periodicos.ufpe.br\/revistas\/gestaopublica\/issue\/archive\"\n\t\t\t\t\t\t\ttarget=\"_blank\">\n\n\t\t\t\t\t\t\t<!-- Image, If Present -->\n\t\t\t\t\t\t\t3 - \t\t\t\t\t\t\t\t\t\t\t\t\t\t\n\t\t\t\t\t\t\t\n\t\t\t\t\t\t\t\t<span class=\"list-img\">\n\t\t\t\t\t\t\t\t\t\t\t\t\t\t\t\t\t\t<img src=\"https:\/\/www.uninter.com\/biblioteca\/wp-content\/uploads\/2019\/08\/desafios-150x150.jpg\" alt=\"\">\n\t\t\t\t\t\t\t\t<\/span>\n\t\t\t\t\t\t\t\n\t\t\t\t\t\t\t<!-- Link Text -->\n\t\t\t\t\t\t\tGest\u00e3o P\u00fablica \u2013 Pr\u00e1ticas e Desafios\t\t\t\t\t\t\t\n\t\t\t\t\t\t\t\t\t\t\t\t\t\t<span style=\"font-size:12px;\"><br>\n\t                                \t\t\t\t\t\t\t<\/span>\t\n\t                        \n\t\t\t\t\t\t<\/a>\n\t\t\t\t\t\t\n\t\t\t\t\t\t\t<!-- upvote section -->\n\t\t\t\t\t\t\t<div class=\"upvote-section\">\n\t\t\t\t\t\t\t\t<span data-post-id=\"1396\" data-item-title=\"Gest\u00e3o P\u00fablica \u2013 Pr\u00e1ticas e Desafios\" data-item-link=\"https:\/\/periodicos.ufpe.br\/revistas\/gestaopublica\/issue\/archive\" class=\"upvote-btn upvote-on\">\n\t\t\t\t\t\t\t\t\t<i class=\"fa fa-thumbs-up\"><\/i>\n\t\t\t\t\t\t\t\t<\/span>\n\t\t\t\t\t\t\t\t<span class=\"upvote-count\">\n\t\t\t\t\t\t\t\t\t1\t\t\t\t\t\t\t\t<\/span>\n\t\t\t\t\t\t\t<\/div>\n\t\t\t\t\t\t\t<!-- \/upvote section -->\n\n\t\t\t\t\t\t\t\t\t\t\t\t\n\t\t\t\t\t<\/li>\n\t\t\t\t\t\n\t\t\t\t\t<li id=\"item-1396-4\">\n\t\t\t\t\t\t\t\t\t\t\t\t<!-- List Anchor -->\n\t\t\t\t\t\t<a   href=\"http:\/\/www2.marilia.unesp.br\/revistas\/index.php\/levs\/issue\/archive\"\n\t\t\t\t\t\t\ttarget=\"_blank\">\n\n\t\t\t\t\t\t\t<!-- Image, If Present -->\n\t\t\t\t\t\t\t4 - \t\t\t\t\t\t\t\t\t\t\t\t\t\t\n\t\t\t\t\t\t\t\n\t\t\t\t\t\t\t\t<span class=\"list-img\">\n\t\t\t\t\t\t\t\t\t\t\t\t\t\t\t\t\t\t<img src=\"https:\/\/www.uninter.com\/biblioteca\/wp-content\/uploads\/2019\/08\/levs-150x150.jpg\" alt=\"\">\n\t\t\t\t\t\t\t\t<\/span>\n\t\t\t\t\t\t\t\n\t\t\t\t\t\t\t<!-- Link Text -->\n\t\t\t\t\t\t\tLEVS \u2013 Revista do Laborat\u00f3rio de Estudos da Viol\u00eancia e Seguran\u00e7a\t\t\t\t\t\t\t\n\t\t\t\t\t\t\t\t\t\t\t\t\t\t<span style=\"font-size:12px;\"><br>\n\t                                \t\t\t\t\t\t\t<\/span>\t\n\t                        \n\t\t\t\t\t\t<\/a>\n\t\t\t\t\t\t\n\t\t\t\t\t\t\t<!-- upvote section -->\n\t\t\t\t\t\t\t<div class=\"upvote-section\">\n\t\t\t\t\t\t\t\t<span data-post-id=\"1396\" data-item-title=\"LEVS \u2013 Revista do Laborat\u00f3rio de Estudos da Viol\u00eancia e Seguran\u00e7a\" data-item-link=\"http:\/\/www2.marilia.unesp.br\/revistas\/index.php\/levs\/issue\/archive\" class=\"upvote-btn upvote-on\">\n\t\t\t\t\t\t\t\t\t<i class=\"fa fa-thumbs-up\"><\/i>\n\t\t\t\t\t\t\t\t<\/span>\n\t\t\t\t\t\t\t\t<span class=\"upvote-count\">\n\t\t\t\t\t\t\t\t\t1\t\t\t\t\t\t\t\t<\/span>\n\t\t\t\t\t\t\t<\/div>\n\t\t\t\t\t\t\t<!-- \/upvote section -->\n\n\t\t\t\t\t\t\t\t\t\t\t\t\n\t\t\t\t\t<\/li>\n\t\t\t\t\t\n\t\t\t\t\t<li id=\"item-1396-5\">\n\t\t\t\t\t\t\t\t\t\t\t\t<!-- List Anchor -->\n\t\t\t\t\t\t<a   href=\"http:\/\/periodicos.ifpb.edu.br\/index.php\/rebrast\/issue\/archive\"\n\t\t\t\t\t\t\ttarget=\"_blank\">\n\n\t\t\t\t\t\t\t<!-- Image, If Present -->\n\t\t\t\t\t\t\t5 - \t\t\t\t\t\t\t\t\t\t\t\t\t\t\n\t\t\t\t\t\t\t\n\t\t\t\t\t\t\t\t<span class=\"list-img\">\n\t\t\t\t\t\t\t\t\t\t\t\t\t\t\t\t\t\t<img src=\"https:\/\/www.uninter.com\/biblioteca\/wp-content\/uploads\/2019\/08\/segtrab-150x150.jpg\" alt=\"\">\n\t\t\t\t\t\t\t\t<\/span>\n\t\t\t\t\t\t\t\n\t\t\t\t\t\t\t<!-- Link Text -->\n\t\t\t\t\t\t\tRevista Brasileira de Sa\u00fade e Seguran\u00e7a no Trabalho\t\t\t\t\t\t\t\n\t\t\t\t\t\t\t\t\t\t\t\t\t\t<span style=\"font-size:12px;\"><br>\n\t                                \t\t\t\t\t\t\t<\/span>\t\n\t                        \n\t\t\t\t\t\t<\/a>\n\t\t\t\t\t\t\n\t\t\t\t\t\t\t<!-- upvote section -->\n\t\t\t\t\t\t\t<div class=\"upvote-section\">\n\t\t\t\t\t\t\t\t<span data-post-id=\"1396\" data-item-title=\"Revista Brasileira de Sa\u00fade e Seguran\u00e7a no Trabalho\" data-item-link=\"http:\/\/periodicos.ifpb.edu.br\/index.php\/rebrast\/issue\/archive\" class=\"upvote-btn upvote-on\">\n\t\t\t\t\t\t\t\t\t<i class=\"fa fa-thumbs-up\"><\/i>\n\t\t\t\t\t\t\t\t<\/span>\n\t\t\t\t\t\t\t\t<span class=\"upvote-count\">\n\t\t\t\t\t\t\t\t\t1\t\t\t\t\t\t\t\t<\/span>\n\t\t\t\t\t\t\t<\/div>\n\t\t\t\t\t\t\t<!-- \/upvote section -->\n\n\t\t\t\t\t\t\t\t\t\t\t\t\n\t\t\t\t\t<\/li>\n\t\t\t\t\t\n\t\t\t\t\t<li id=\"item-1396-6\">\n\t\t\t\t\t\t\t\t\t\t\t\t<!-- List Anchor -->\n\t\t\t\t\t\t<a   href=\"http:\/\/www.scielo.br\/scielo.php?script=sci_issues&#038;pid=0104-4478&#038;lng=pt&#038;nrm=isso\"\n\t\t\t\t\t\t\ttarget=\"_blank\">\n\n\t\t\t\t\t\t\t<!-- Image, If Present -->\n\t\t\t\t\t\t\t6 - \t\t\t\t\t\t\t\t\t\t\t\t\t\t\n\t\t\t\t\t\t\t\n\t\t\t\t\t\t\t\t<span class=\"list-img\">\n\t\t\t\t\t\t\t\t\t\t\t\t\t\t\t\t\t\t<img src=\"https:\/\/www.uninter.com\/biblioteca\/wp-content\/uploads\/2019\/08\/sociPolit-150x150.jpg\" alt=\"\">\n\t\t\t\t\t\t\t\t<\/span>\n\t\t\t\t\t\t\t\n\t\t\t\t\t\t\t<!-- Link Text -->\n\t\t\t\t\t\t\tRevista de Sociologia e Pol\u00edtica\t\t\t\t\t\t\t\n\t\t\t\t\t\t\t\t\t\t\t\t\t\t<span style=\"font-size:12px;\"><br>\n\t                                \t\t\t\t\t\t\t<\/span>\t\n\t                        \n\t\t\t\t\t\t<\/a>\n\t\t\t\t\t\t\n\t\t\t\t\t\t\t<!-- upvote section -->\n\t\t\t\t\t\t\t<div class=\"upvote-section\">\n\t\t\t\t\t\t\t\t<span data-post-id=\"1396\" data-item-title=\"Revista de Sociologia e Pol\u00edtica\" data-item-link=\"http:\/\/www.scielo.br\/scielo.php?script=sci_issues&#038;pid=0104-4478&#038;lng=pt&#038;nrm=isso\" class=\"upvote-btn upvote-on\">\n\t\t\t\t\t\t\t\t\t<i class=\"fa fa-thumbs-up\"><\/i>\n\t\t\t\t\t\t\t\t<\/span>\n\t\t\t\t\t\t\t\t<span class=\"upvote-count\">\n\t\t\t\t\t\t\t\t\t1\t\t\t\t\t\t\t\t<\/span>\n\t\t\t\t\t\t\t<\/div>\n\t\t\t\t\t\t\t<!-- \/upvote section -->\n\n\t\t\t\t\t\t\t\t\t\t\t\t\n\t\t\t\t\t<\/li>\n\t\t\t\t\t\n\t\t\t\t\t<li id=\"item-1396-7\">\n\t\t\t\t\t\t\t\t\t\t\t\t<!-- List Anchor -->\n\t\t\t\t\t\t<a   href=\"https:\/\/rop.emnuvens.com.br\/rop\/issue\/archive\"\n\t\t\t\t\t\t\ttarget=\"_blank\">\n\n\t\t\t\t\t\t\t<!-- Image, If Present -->\n\t\t\t\t\t\t\t7 - \t\t\t\t\t\t\t\t\t\t\t\t\t\t\n\t\t\t\t\t\t\t\n\t\t\t\t\t\t\t\t<span class=\"list-img\">\n\t\t\t\t\t\t\t\t\t\t\t\t\t\t\t\t\t\t<img src=\"https:\/\/www.uninter.com\/biblioteca\/wp-content\/uploads\/2019\/08\/defSocial-150x150.jpg\" alt=\"\">\n\t\t\t\t\t\t\t\t<\/span>\n\t\t\t\t\t\t\t\n\t\t\t\t\t\t\t<!-- Link Text -->\n\t\t\t\t\t\t\tRevista Ordem P\u00fablica e Defesa Social\t\t\t\t\t\t\t\n\t\t\t\t\t\t\t\t\t\t\t\t\t\t<span style=\"font-size:12px;\"><br>\n\t                                \t\t\t\t\t\t\t<\/span>\t\n\t                        \n\t\t\t\t\t\t<\/a>\n\t\t\t\t\t\t\n\t\t\t\t\t\t\t<!-- upvote section -->\n\t\t\t\t\t\t\t<div class=\"upvote-section\">\n\t\t\t\t\t\t\t\t<span data-post-id=\"1396\" data-item-title=\"Revista Ordem P\u00fablica e Defesa Social\" data-item-link=\"https:\/\/rop.emnuvens.com.br\/rop\/issue\/archive\" class=\"upvote-btn upvote-on\">\n\t\t\t\t\t\t\t\t\t<i class=\"fa fa-thumbs-up\"><\/i>\n\t\t\t\t\t\t\t\t<\/span>\n\t\t\t\t\t\t\t\t<span class=\"upvote-count\">\n\t\t\t\t\t\t\t\t\t1\t\t\t\t\t\t\t\t<\/span>\n\t\t\t\t\t\t\t<\/div>\n\t\t\t\t\t\t\t<!-- \/upvote section -->\n\n\t\t\t\t\t\t\t\t\t\t\t\t\n\t\t\t\t\t<\/li>\n\t\t\t\t\t\n\t\t\t\t\t<li id=\"item-1396-8\">\n\t\t\t\t\t\t\t\t\t\t\t\t<!-- List Anchor -->\n\t\t\t\t\t\t<a   href=\"http:\/\/periodicos.pucminas.br\/index.php\/conecte-se\"\n\t\t\t\t\t\t\ttarget=\"_blank\">\n\n\t\t\t\t\t\t\t<!-- Image, If Present -->\n\t\t\t\t\t\t\t8 - \t\t\t\t\t\t\t\t\t\t\t\t\t\t\n\t\t\t\t\t\t\t\n\t\t\t\t\t\t\t\t<span class=\"list-img\">\n\t\t\t\t\t\t\t\t\t\t\t\t\t\t\t\t\t\t<img src=\"https:\/\/www.uninter.com\/biblioteca\/wp-content\/uploads\/2019\/08\/conecte-150x150.jpg\" alt=\"\">\n\t\t\t\t\t\t\t\t<\/span>\n\t\t\t\t\t\t\t\n\t\t\t\t\t\t\t<!-- Link Text -->\n\t\t\t\t\t\t\tRevista Interdisciplinar de Extens\u00e3o \u2013 Conecte-se!\t\t\t\t\t\t\t\n\t\t\t\t\t\t\t\t\t\t\t\t\t\t<span style=\"font-size:12px;\"><br>\n\t                                \t\t\t\t\t\t\t<\/span>\t\n\t                        \n\t\t\t\t\t\t<\/a>\n\t\t\t\t\t\t\n\t\t\t\t\t\t\t<!-- upvote section -->\n\t\t\t\t\t\t\t<div class=\"upvote-section\">\n\t\t\t\t\t\t\t\t<span data-post-id=\"1396\" data-item-title=\"Revista Interdisciplinar de Extens\u00e3o \u2013 Conecte-se!\" data-item-link=\"http:\/\/periodicos.pucminas.br\/index.php\/conecte-se\" class=\"upvote-btn upvote-on\">\n\t\t\t\t\t\t\t\t\t<i class=\"fa fa-thumbs-up\"><\/i>\n\t\t\t\t\t\t\t\t<\/span>\n\t\t\t\t\t\t\t\t<span class=\"upvote-count\">\n\t\t\t\t\t\t\t\t\t2\t\t\t\t\t\t\t\t<\/span>\n\t\t\t\t\t\t\t<\/div>\n\t\t\t\t\t\t\t<!-- \/upvote section -->\n\n\t\t\t\t\t\t\t\t\t\t\t\t\n\t\t\t\t\t<\/li>\n\t\t\t\t\t\n\t\t\t\t\t<li id=\"item-1396-9\">\n\t\t\t\t\t\t\t\t\t\t\t\t<!-- List Anchor -->\n\t\t\t\t\t\t<a   href=\"https:\/\/cuadernosdeseguridad.com\/#\"\n\t\t\t\t\t\t\ttarget=\"_blank\">\n\n\t\t\t\t\t\t\t<!-- Image, If Present -->\n\t\t\t\t\t\t\t9 - \t\t\t\t\t\t\t\t\t\t\t\t\t\t\n\t\t\t\t\t\t\t\n\t\t\t\t\t\t\t\t<span class=\"list-img\">\n\t\t\t\t\t\t\t\t\t\t\t\t\t\t\t\t\t\t<img src=\"https:\/\/www.uninter.com\/biblioteca\/wp-content\/uploads\/2019\/08\/seguridad-150x150.jpg\" alt=\"\">\n\t\t\t\t\t\t\t\t<\/span>\n\t\t\t\t\t\t\t\n\t\t\t\t\t\t\t<!-- Link Text -->\n\t\t\t\t\t\t\tCuadernos de Seguridad\t\t\t\t\t\t\t\n\t\t\t\t\t\t\t\t\t\t\t\t\t\t<span style=\"font-size:12px;\"><br>\n\t                                \t\t\t\t\t\t\t<\/span>\t\n\t                        \n\t\t\t\t\t\t<\/a>\n\t\t\t\t\t\t\n\t\t\t\t\t\t\t<!-- upvote section -->\n\t\t\t\t\t\t\t<div class=\"upvote-section\">\n\t\t\t\t\t\t\t\t<span data-post-id=\"1396\" data-item-title=\"Cuadernos de Seguridad\" data-item-link=\"https:\/\/cuadernosdeseguridad.com\/#\" class=\"upvote-btn upvote-on\">\n\t\t\t\t\t\t\t\t\t<i class=\"fa fa-thumbs-up\"><\/i>\n\t\t\t\t\t\t\t\t<\/span>\n\t\t\t\t\t\t\t\t<span class=\"upvote-count\">\n\t\t\t\t\t\t\t\t\t1\t\t\t\t\t\t\t\t<\/span>\n\t\t\t\t\t\t\t<\/div>\n\t\t\t\t\t\t\t<!-- \/upvote section -->\n\n\t\t\t\t\t\t\t\t\t\t\t\t\n\t\t\t\t\t<\/li>\n\t\t\t\t\t\n\t\t\t\t\t<li id=\"item-1396-10\">\n\t\t\t\t\t\t\t\t\t\t\t\t<!-- List Anchor -->\n\t\t\t\t\t\t<a   href=\"https:\/\/www.gov.br\/abin\/pt-br\/centrais-de-conteudo\/revista-brasileira-de-inteligencia\"\n\t\t\t\t\t\t\ttarget=\"_blank\">\n\n\t\t\t\t\t\t\t<!-- Image, If Present -->\n\t\t\t\t\t\t\t10 - \t\t\t\t\t\t\t\t\t\t\t\t\t\t\n\t\t\t\t\t\t\t\n\t\t\t\t\t\t\t\t<span class=\"list-img\">\n\t\t\t\t\t\t\t\t\t\t\t\t\t\t\t\t\t\t<img src=\"https:\/\/www.uninter.com\/biblioteca\/wp-content\/uploads\/2019\/08\/inteligencia-150x150.jpg\" alt=\"\">\n\t\t\t\t\t\t\t\t<\/span>\n\t\t\t\t\t\t\t\n\t\t\t\t\t\t\t<!-- Link Text -->\n\t\t\t\t\t\t\tRevista Brasileira de Intelig\u00eancia\t\t\t\t\t\t\t\n\t\t\t\t\t\t\t\t\t\t\t\t\t\t<span style=\"font-size:12px;\"><br>\n\t                                \t\t\t\t\t\t\t<\/span>\t\n\t                        \n\t\t\t\t\t\t<\/a>\n\t\t\t\t\t\t\n\t\t\t\t\t\t\t<!-- upvote section -->\n\t\t\t\t\t\t\t<div class=\"upvote-section\">\n\t\t\t\t\t\t\t\t<span data-post-id=\"1396\" data-item-title=\"Revista Brasileira de Intelig\u00eancia\" data-item-link=\"https:\/\/www.gov.br\/abin\/pt-br\/centrais-de-conteudo\/revista-brasileira-de-inteligencia\" class=\"upvote-btn upvote-on\">\n\t\t\t\t\t\t\t\t\t<i class=\"fa fa-thumbs-up\"><\/i>\n\t\t\t\t\t\t\t\t<\/span>\n\t\t\t\t\t\t\t\t<span class=\"upvote-count\">\n\t\t\t\t\t\t\t\t\t1\t\t\t\t\t\t\t\t<\/span>\n\t\t\t\t\t\t\t<\/div>\n\t\t\t\t\t\t\t<!-- \/upvote section -->\n\n\t\t\t\t\t\t\t\t\t\t\t\t\n\t\t\t\t\t<\/li>\n\t\t\t\t\t\n\t\t\t\t\t<li id=\"item-1396-11\">\n\t\t\t\t\t\t\t\t\t\t\t\t<!-- List Anchor -->\n\t\t\t\t\t\t<a   href=\"https:\/\/www.revistamacroseguridad.com\/\"\n\t\t\t\t\t\t\ttarget=\"_blank\">\n\n\t\t\t\t\t\t\t<!-- Image, If Present -->\n\t\t\t\t\t\t\t11 - \t\t\t\t\t\t\t\t\t\t\t\t\t\t\n\t\t\t\t\t\t\t\n\t\t\t\t\t\t\t\t<span class=\"list-img\">\n\t\t\t\t\t\t\t\t\t\t\t\t\t\t\t\t\t\t<img src=\"https:\/\/www.uninter.com\/biblioteca\/wp-content\/uploads\/2019\/08\/macro-150x150.jpg\" alt=\"\">\n\t\t\t\t\t\t\t\t<\/span>\n\t\t\t\t\t\t\t\n\t\t\t\t\t\t\t<!-- Link Text -->\n\t\t\t\t\t\t\tRevista Macro Seguridad\t\t\t\t\t\t\t\n\t\t\t\t\t\t\t\t\t\t\t\t\t\t<span style=\"font-size:12px;\"><br>\n\t                                \t\t\t\t\t\t\t<\/span>\t\n\t                        \n\t\t\t\t\t\t<\/a>\n\t\t\t\t\t\t\n\t\t\t\t\t\t\t<!-- upvote section -->\n\t\t\t\t\t\t\t<div class=\"upvote-section\">\n\t\t\t\t\t\t\t\t<span data-post-id=\"1396\" data-item-title=\"Revista Macro Seguridad\" data-item-link=\"https:\/\/www.revistamacroseguridad.com\/\" class=\"upvote-btn upvote-on\">\n\t\t\t\t\t\t\t\t\t<i class=\"fa fa-thumbs-up\"><\/i>\n\t\t\t\t\t\t\t\t<\/span>\n\t\t\t\t\t\t\t\t<span class=\"upvote-count\">\n\t\t\t\t\t\t\t\t\t1\t\t\t\t\t\t\t\t<\/span>\n\t\t\t\t\t\t\t<\/div>\n\t\t\t\t\t\t\t<!-- \/upvote section -->\n\n\t\t\t\t\t\t\t\t\t\t\t\t\n\t\t\t\t\t<\/li>\n\t\t\t\t\t\n\t\t\t\t\t<li id=\"item-1396-12\">\n\t\t\t\t\t\t\t\t\t\t\t\t<!-- List Anchor -->\n\t\t\t\t\t\t<a   href=\"http:\/\/revistas.fw.uri.br\/index.php\/recet\/index\"\n\t\t\t\t\t\t\ttarget=\"_blank\">\n\n\t\t\t\t\t\t\t<!-- Image, If Present -->\n\t\t\t\t\t\t\t12 - \t\t\t\t\t\t\t\t\t\t\t\t\t\t\n\t\t\t\t\t\t\t\n\t\t\t\t\t\t\t\t<span class=\"list-img\">\n\t\t\t\t\t\t\t\t\t\t\t\t\t\t\t\t\t\t<img src=\"https:\/\/www.uninter.com\/biblioteca\/wp-content\/uploads\/2019\/08\/compuTec-150x150.jpg\" alt=\"\">\n\t\t\t\t\t\t\t\t<\/span>\n\t\t\t\t\t\t\t\n\t\t\t\t\t\t\t<!-- Link Text -->\n\t\t\t\t\t\t\tRECeT - Revista de Engenharia, Computa\u00e7\u00e3o e Tecnologia\t\t\t\t\t\t\t\n\t\t\t\t\t\t\t\t\t\t\t\t\t\t<span style=\"font-size:12px;\"><br>\n\t                                \t\t\t\t\t\t\t<\/span>\t\n\t                        \n\t\t\t\t\t\t<\/a>\n\t\t\t\t\t\t\n\t\t\t\t\t\t\t<!-- upvote section -->\n\t\t\t\t\t\t\t<div class=\"upvote-section\">\n\t\t\t\t\t\t\t\t<span data-post-id=\"1396\" data-item-title=\"RECeT - Revista de Engenharia, Computa\u00e7\u00e3o e Tecnologia\" data-item-link=\"http:\/\/revistas.fw.uri.br\/index.php\/recet\/index\" class=\"upvote-btn upvote-on\">\n\t\t\t\t\t\t\t\t\t<i class=\"fa fa-thumbs-up\"><\/i>\n\t\t\t\t\t\t\t\t<\/span>\n\t\t\t\t\t\t\t\t<span class=\"upvote-count\">\n\t\t\t\t\t\t\t\t\t1\t\t\t\t\t\t\t\t<\/span>\n\t\t\t\t\t\t\t<\/div>\n\t\t\t\t\t\t\t<!-- \/upvote section -->\n\n\t\t\t\t\t\t\t\t\t\t\t\t\n\t\t\t\t\t<\/li>\n\t\t\t\t\t\n\t\t\t\t\t<li id=\"item-1396-13\">\n\t\t\t\t\t\t\t\t\t\t\t\t<!-- List Anchor -->\n\t\t\t\t\t\t<a   href=\"http:\/\/revistagt.fpl.edu.br\/get\"\n\t\t\t\t\t\t\ttarget=\"_blank\">\n\n\t\t\t\t\t\t\t<!-- Image, If Present -->\n\t\t\t\t\t\t\t13 - \t\t\t\t\t\t\t\t\t\t\t\t\t\t\n\t\t\t\t\t\t\t\n\t\t\t\t\t\t\t\t<span class=\"list-img\">\n\t\t\t\t\t\t\t\t\t\t\t\t\t\t\t\t\t\t<img src=\"https:\/\/www.uninter.com\/biblioteca\/wp-content\/uploads\/2019\/08\/infoTec-150x150.jpg\" alt=\"\">\n\t\t\t\t\t\t\t\t<\/span>\n\t\t\t\t\t\t\t\n\t\t\t\t\t\t\t<!-- Link Text -->\n\t\t\t\t\t\t\tREVISTA GEST\u00c3O &amp; TECNOLOGIA\t\t\t\t\t\t\t\n\t\t\t\t\t\t\t\t\t\t\t\t\t\t<span style=\"font-size:12px;\"><br>\n\t                                \t\t\t\t\t\t\t<\/span>\t\n\t                        \n\t\t\t\t\t\t<\/a>\n\t\t\t\t\t\t\n\t\t\t\t\t\t\t<!-- upvote section -->\n\t\t\t\t\t\t\t<div class=\"upvote-section\">\n\t\t\t\t\t\t\t\t<span data-post-id=\"1396\" data-item-title=\"REVISTA GEST\u00c3O &amp; TECNOLOGIA\" data-item-link=\"http:\/\/revistagt.fpl.edu.br\/get\" class=\"upvote-btn upvote-on\">\n\t\t\t\t\t\t\t\t\t<i class=\"fa fa-thumbs-up\"><\/i>\n\t\t\t\t\t\t\t\t<\/span>\n\t\t\t\t\t\t\t\t<span class=\"upvote-count\">\n\t\t\t\t\t\t\t\t\t1\t\t\t\t\t\t\t\t<\/span>\n\t\t\t\t\t\t\t<\/div>\n\t\t\t\t\t\t\t<!-- \/upvote section -->\n\n\t\t\t\t\t\t\t\t\t\t\t\t\n\t\t\t\t\t<\/li>\n\t\t\t\t\t\n\t\t\t\t\t<li id=\"item-1396-14\">\n\t\t\t\t\t\t\t\t\t\t\t\t<!-- List Anchor -->\n\t\t\t\t\t\t<a   href=\"http:\/\/www.periodicosibepes.org.br\/index.php\/reinfo\"\n\t\t\t\t\t\t\ttarget=\"_blank\">\n\n\t\t\t\t\t\t\t<!-- Image, If Present -->\n\t\t\t\t\t\t\t14 - \t\t\t\t\t\t\t\t\t\t\t\t\t\t\n\t\t\t\t\t\t\t\n\t\t\t\t\t\t\t\t<span class=\"list-img\">\n\t\t\t\t\t\t\t\t\t\t\t\t\t\t\t\t\t\t<img src=\"https:\/\/www.uninter.com\/biblioteca\/wp-content\/uploads\/2019\/08\/resi-150x150.jpg\" alt=\"\">\n\t\t\t\t\t\t\t\t<\/span>\n\t\t\t\t\t\t\t\n\t\t\t\t\t\t\t<!-- Link Text -->\n\t\t\t\t\t\t\tRevista Eletr\u00f4nica de Sistema de Informa\u00e7\u00e3o\t\t\t\t\t\t\t\n\t\t\t\t\t\t\t\t\t\t\t\t\t\t<span style=\"font-size:12px;\"><br>\n\t                                \t\t\t\t\t\t\t<\/span>\t\n\t                        \n\t\t\t\t\t\t<\/a>\n\t\t\t\t\t\t\n\t\t\t\t\t\t\t<!-- upvote section -->\n\t\t\t\t\t\t\t<div class=\"upvote-section\">\n\t\t\t\t\t\t\t\t<span data-post-id=\"1396\" data-item-title=\"Revista Eletr\u00f4nica de Sistema de Informa\u00e7\u00e3o\" data-item-link=\"http:\/\/www.periodicosibepes.org.br\/index.php\/reinfo\" class=\"upvote-btn upvote-on\">\n\t\t\t\t\t\t\t\t\t<i class=\"fa fa-thumbs-up\"><\/i>\n\t\t\t\t\t\t\t\t<\/span>\n\t\t\t\t\t\t\t\t<span class=\"upvote-count\">\n\t\t\t\t\t\t\t\t\t1\t\t\t\t\t\t\t\t<\/span>\n\t\t\t\t\t\t\t<\/div>\n\t\t\t\t\t\t\t<!-- \/upvote section -->\n\n\t\t\t\t\t\t\t\t\t\t\t\t\n\t\t\t\t\t<\/li>\n\t\t\t\t\t\n\t\t\t\t\t<li id=\"item-1396-15\">\n\t\t\t\t\t\t\t\t\t\t\t\t<!-- List Anchor -->\n\t\t\t\t\t\t<a   href=\"https:\/\/periodicos.ufpb.br\/ojs2\/index.php\/pgc\/about\"\n\t\t\t\t\t\t\ttarget=\"_blank\">\n\n\t\t\t\t\t\t\t<!-- Image, If Present -->\n\t\t\t\t\t\t\t15 - \t\t\t\t\t\t\t\t\t\t\t\t\t\t\n\t\t\t\t\t\t\t\n\t\t\t\t\t\t\t\t<span class=\"list-img\">\n\t\t\t\t\t\t\t\t\t\t\t\t\t\t\t\t\t\t<img src=\"https:\/\/www.uninter.com\/biblioteca\/wp-content\/uploads\/2019\/08\/resiget-150x150.jpg\" alt=\"\">\n\t\t\t\t\t\t\t\t<\/span>\n\t\t\t\t\t\t\t\n\t\t\t\t\t\t\t<!-- Link Text -->\n\t\t\t\t\t\t\tRevista Perspectivas em Gest\u00e3o &amp; Conhecimento (PG&amp;C)\t\t\t\t\t\t\t\n\t\t\t\t\t\t\t\t\t\t\t\t\t\t<span style=\"font-size:12px;\"><br>\n\t                                \t\t\t\t\t\t\t<\/span>\t\n\t                        \n\t\t\t\t\t\t<\/a>\n\t\t\t\t\t\t\n\t\t\t\t\t\t\t<!-- upvote section -->\n\t\t\t\t\t\t\t<div class=\"upvote-section\">\n\t\t\t\t\t\t\t\t<span data-post-id=\"1396\" data-item-title=\"Revista Perspectivas em Gest\u00e3o &amp; Conhecimento (PG&amp;C)\" data-item-link=\"https:\/\/periodicos.ufpb.br\/ojs2\/index.php\/pgc\/about\" class=\"upvote-btn upvote-on\">\n\t\t\t\t\t\t\t\t\t<i class=\"fa fa-thumbs-up\"><\/i>\n\t\t\t\t\t\t\t\t<\/span>\n\t\t\t\t\t\t\t\t<span class=\"upvote-count\">\n\t\t\t\t\t\t\t\t\t1\t\t\t\t\t\t\t\t<\/span>\n\t\t\t\t\t\t\t<\/div>\n\t\t\t\t\t\t\t<!-- \/upvote section -->\n\n\t\t\t\t\t\t\t\t\t\t\t\t\n\t\t\t\t\t<\/li>\n\t\t\t\t\t\n\t\t\t\t\t<li id=\"item-1396-16\">\n\t\t\t\t\t\t\t\t\t\t\t\t<!-- List Anchor -->\n\t\t\t\t\t\t<a   href=\"https:\/\/www.prodemge.gov.br\/revista-fonte\"\n\t\t\t\t\t\t\ttarget=\"_blank\">\n\n\t\t\t\t\t\t\t<!-- Image, If Present -->\n\t\t\t\t\t\t\t16 - \t\t\t\t\t\t\t\t\t\t\t\t\t\t\n\t\t\t\t\t\t\t\n\t\t\t\t\t\t\t\t<span class=\"list-img\">\n\t\t\t\t\t\t\t\t\t\t\t\t\t\t\t\t\t\t<img src=\"https:\/\/www.uninter.com\/biblioteca\/wp-content\/uploads\/2019\/08\/fonte-150x150.jpg\" alt=\"\">\n\t\t\t\t\t\t\t\t<\/span>\n\t\t\t\t\t\t\t\n\t\t\t\t\t\t\t<!-- Link Text -->\n\t\t\t\t\t\t\tRevista Fonte\t\t\t\t\t\t\t\n\t\t\t\t\t\t\t\t\t\t\t\t\t\t<span style=\"font-size:12px;\"><br>\n\t                                \t\t\t\t\t\t\t<\/span>\t\n\t                        \n\t\t\t\t\t\t<\/a>\n\t\t\t\t\t\t\n\t\t\t\t\t\t\t<!-- upvote section -->\n\t\t\t\t\t\t\t<div class=\"upvote-section\">\n\t\t\t\t\t\t\t\t<span data-post-id=\"1396\" data-item-title=\"Revista Fonte\" data-item-link=\"https:\/\/www.prodemge.gov.br\/revista-fonte\" class=\"upvote-btn upvote-on\">\n\t\t\t\t\t\t\t\t\t<i class=\"fa fa-thumbs-up\"><\/i>\n\t\t\t\t\t\t\t\t<\/span>\n\t\t\t\t\t\t\t\t<span class=\"upvote-count\">\n\t\t\t\t\t\t\t\t\t1\t\t\t\t\t\t\t\t<\/span>\n\t\t\t\t\t\t\t<\/div>\n\t\t\t\t\t\t\t<!-- \/upvote section -->\n\n\t\t\t\t\t\t\t\t\t\t\t\t\n\t\t\t\t\t<\/li>\n\t\t\t\t\t\n\t\t\t\t\t<li id=\"item-1396-17\">\n\t\t\t\t\t\t\t\t\t\t\t\t<!-- List Anchor -->\n\t\t\t\t\t\t<a   href=\"http:\/\/www.techoje.com.br\/site\/techoje\/artigos_autor\/buscaAutor\/A\"\n\t\t\t\t\t\t\ttarget=\"_blank\">\n\n\t\t\t\t\t\t\t<!-- Image, If Present -->\n\t\t\t\t\t\t\t17 - \t\t\t\t\t\t\t\t\t\t\t\t\t\t\n\t\t\t\t\t\t\t\n\t\t\t\t\t\t\t\t<span class=\"list-img\">\n\t\t\t\t\t\t\t\t\t\t\t\t\t\t\t\t\t\t<img src=\"https:\/\/www.uninter.com\/biblioteca\/wp-content\/uploads\/2019\/08\/techoje-150x150.jpg\" alt=\"\">\n\t\t\t\t\t\t\t\t<\/span>\n\t\t\t\t\t\t\t\n\t\t\t\t\t\t\t<!-- Link Text -->\n\t\t\t\t\t\t\tTechoje \u2013 Uma Revista de Opini\u00e3o\t\t\t\t\t\t\t\n\t\t\t\t\t\t\t\t\t\t\t\t\t\t<span style=\"font-size:12px;\"><br>\n\t                                \t\t\t\t\t\t\t<\/span>\t\n\t                        \n\t\t\t\t\t\t<\/a>\n\t\t\t\t\t\t\n\t\t\t\t\t\t\t<!-- upvote section -->\n\t\t\t\t\t\t\t<div class=\"upvote-section\">\n\t\t\t\t\t\t\t\t<span data-post-id=\"1396\" data-item-title=\"Techoje \u2013 Uma Revista de Opini\u00e3o\" data-item-link=\"http:\/\/www.techoje.com.br\/site\/techoje\/artigos_autor\/buscaAutor\/A\" class=\"upvote-btn upvote-on\">\n\t\t\t\t\t\t\t\t\t<i class=\"fa fa-thumbs-up\"><\/i>\n\t\t\t\t\t\t\t\t<\/span>\n\t\t\t\t\t\t\t\t<span class=\"upvote-count\">\n\t\t\t\t\t\t\t\t\t1\t\t\t\t\t\t\t\t<\/span>\n\t\t\t\t\t\t\t<\/div>\n\t\t\t\t\t\t\t<!-- \/upvote section -->\n\n\t\t\t\t\t\t\t\t\t\t\t\t\n\t\t\t\t\t<\/li>\n\t\t\t\t\t\n\t\t\t\t\t<li id=\"item-1396-18\">\n\t\t\t\t\t\t\t\t\t\t\t\t<!-- List Anchor -->\n\t\t\t\t\t\t<a   href=\"https:\/\/periodicos.ifrs.edu.br\/index.php\/ScientiaTec\"\n\t\t\t\t\t\t\ttarget=\"_blank\">\n\n\t\t\t\t\t\t\t<!-- Image, If Present -->\n\t\t\t\t\t\t\t18 - \t\t\t\t\t\t\t\t\t\t\t\t\t\t\n\t\t\t\t\t\t\t\n\t\t\t\t\t\t\t\t<span class=\"list-img\">\n\t\t\t\t\t\t\t\t\t\t\t\t\t\t\t\t\t\t<img src=\"https:\/\/www.uninter.com\/biblioteca\/wp-content\/uploads\/2019\/08\/scientia-150x150.jpg\" alt=\"\">\n\t\t\t\t\t\t\t\t<\/span>\n\t\t\t\t\t\t\t\n\t\t\t\t\t\t\t<!-- Link Text -->\n\t\t\t\t\t\t\tScientia Tec \u2013 Revista de Educa\u00e7\u00e3o e Tecnologia do IFRS\t\t\t\t\t\t\t\n\t\t\t\t\t\t\t\t\t\t\t\t\t\t<span style=\"font-size:12px;\"><br>\n\t                                \t\t\t\t\t\t\t<\/span>\t\n\t                        \n\t\t\t\t\t\t<\/a>\n\t\t\t\t\t\t\n\t\t\t\t\t\t\t<!-- upvote section -->\n\t\t\t\t\t\t\t<div class=\"upvote-section\">\n\t\t\t\t\t\t\t\t<span data-post-id=\"1396\" data-item-title=\"Scientia Tec \u2013 Revista de Educa\u00e7\u00e3o e Tecnologia do IFRS\" data-item-link=\"https:\/\/periodicos.ifrs.edu.br\/index.php\/ScientiaTec\" class=\"upvote-btn upvote-on\">\n\t\t\t\t\t\t\t\t\t<i class=\"fa fa-thumbs-up\"><\/i>\n\t\t\t\t\t\t\t\t<\/span>\n\t\t\t\t\t\t\t\t<span class=\"upvote-count\">\n\t\t\t\t\t\t\t\t\t1\t\t\t\t\t\t\t\t<\/span>\n\t\t\t\t\t\t\t<\/div>\n\t\t\t\t\t\t\t<!-- \/upvote section -->\n\n\t\t\t\t\t\t\t\t\t\t\t\t\n\t\t\t\t\t<\/li>\n\t\t\t\t\t\n\t\t\t\t\t<li id=\"item-1396-19\">\n\t\t\t\t\t\t\t\t\t\t\t\t<!-- List Anchor -->\n\t\t\t\t\t\t<a   href=\"http:\/\/www.uel.br\/revistas\/uel\/index.php\/semexatas\"\n\t\t\t\t\t\t\ttarget=\"_blank\">\n\n\t\t\t\t\t\t\t<!-- Image, If Present -->\n\t\t\t\t\t\t\t19 - \t\t\t\t\t\t\t\t\t\t\t\t\t\t\n\t\t\t\t\t\t\t\n\t\t\t\t\t\t\t\t<span class=\"list-img\">\n\t\t\t\t\t\t\t\t\t\t\t\t\t\t\t\t\t\t<img src=\"https:\/\/www.uninter.com\/biblioteca\/wp-content\/uploads\/2019\/08\/semina-150x150.jpg\" alt=\"\">\n\t\t\t\t\t\t\t\t<\/span>\n\t\t\t\t\t\t\t\n\t\t\t\t\t\t\t<!-- Link Text -->\n\t\t\t\t\t\t\tSemina \u2013 Ci\u00eancias Exatas e Tecnol\u00f3gicas\t\t\t\t\t\t\t\n\t\t\t\t\t\t\t\t\t\t\t\t\t\t<span style=\"font-size:12px;\"><br>\n\t                                \t\t\t\t\t\t\t<\/span>\t\n\t                        \n\t\t\t\t\t\t<\/a>\n\t\t\t\t\t\t\n\t\t\t\t\t\t\t<!-- upvote section -->\n\t\t\t\t\t\t\t<div class=\"upvote-section\">\n\t\t\t\t\t\t\t\t<span data-post-id=\"1396\" data-item-title=\"Semina \u2013 Ci\u00eancias Exatas e Tecnol\u00f3gicas\" data-item-link=\"http:\/\/www.uel.br\/revistas\/uel\/index.php\/semexatas\" class=\"upvote-btn upvote-on\">\n\t\t\t\t\t\t\t\t\t<i class=\"fa fa-thumbs-up\"><\/i>\n\t\t\t\t\t\t\t\t<\/span>\n\t\t\t\t\t\t\t\t<span class=\"upvote-count\">\n\t\t\t\t\t\t\t\t\t1\t\t\t\t\t\t\t\t<\/span>\n\t\t\t\t\t\t\t<\/div>\n\t\t\t\t\t\t\t<!-- \/upvote section -->\n\n\t\t\t\t\t\t\t\t\t\t\t\t\n\t\t\t\t\t<\/li>\n\t\t\t\t\t\n\t\t\t\t\t<li id=\"item-1396-20\">\n\t\t\t\t\t\t\t\t\t\t\t\t<!-- List Anchor -->\n\t\t\t\t\t\t<a   href=\"https:\/\/tema.sbmac.org.br\/tema\/issue\/archive\"\n\t\t\t\t\t\t\ttarget=\"_blank\">\n\n\t\t\t\t\t\t\t<!-- Image, If Present -->\n\t\t\t\t\t\t\t20 - \t\t\t\t\t\t\t\t\t\t\t\t\t\t\n\t\t\t\t\t\t\t\n\t\t\t\t\t\t\t\t<span class=\"list-img\">\n\t\t\t\t\t\t\t\t\t\t\t\t\t\t\t\t\t\t<img src=\"https:\/\/www.uninter.com\/biblioteca\/wp-content\/uploads\/2019\/08\/tema-150x150.jpg\" alt=\"\">\n\t\t\t\t\t\t\t\t<\/span>\n\t\t\t\t\t\t\t\n\t\t\t\t\t\t\t<!-- Link Text -->\n\t\t\t\t\t\t\tTema \u2013 Tend\u00eancias em Matem\u00e1tica Aplicada e Computacional\t\t\t\t\t\t\t\n\t\t\t\t\t\t\t\t\t\t\t\t\t\t<span style=\"font-size:12px;\"><br>\n\t                                \t\t\t\t\t\t\t<\/span>\t\n\t                        \n\t\t\t\t\t\t<\/a>\n\t\t\t\t\t\t\n\t\t\t\t\t\t\t<!-- upvote section -->\n\t\t\t\t\t\t\t<div class=\"upvote-section\">\n\t\t\t\t\t\t\t\t<span data-post-id=\"1396\" data-item-title=\"Tema \u2013 Tend\u00eancias em Matem\u00e1tica Aplicada e Computacional\" data-item-link=\"https:\/\/tema.sbmac.org.br\/tema\/issue\/archive\" class=\"upvote-btn upvote-on\">\n\t\t\t\t\t\t\t\t\t<i class=\"fa fa-thumbs-up\"><\/i>\n\t\t\t\t\t\t\t\t<\/span>\n\t\t\t\t\t\t\t\t<span class=\"upvote-count\">\n\t\t\t\t\t\t\t\t\t1\t\t\t\t\t\t\t\t<\/span>\n\t\t\t\t\t\t\t<\/div>\n\t\t\t\t\t\t\t<!-- \/upvote section -->\n\n\t\t\t\t\t\t\t\t\t\t\t\t\n\t\t\t\t\t<\/li>\n\t\t\t\t\t\t\t\t\t<\/ul>\n\n\t\t\t<\/div>\n\n\t\t<\/div>\n\t\t<!-- \/Individual List Item -->\n\n\t\t\n\t\t<br \/>\n\r\n<!--  Starting Simple Link Directory Plugin Output -->\n<div class=\"qcopd_embed_container\">\r\n\r\n\r\n\r\n\r\n\r\n\r\n\r\n<\/div>\r\n<div class=\"qcopd-list-wrapper\">\n\t<div id=\"opd-list-holder\" class=\"qcopd-list-holder\">\n\t\t\n\t\t<!-- Individual List Item -->\n\t\t<div id=\"list-item-1-1418\" class=\"qc-grid-item qcopd-list-column opd-column-1 simple opd-list-id-1418\">\n\t\t\t<div class=\"qcopd-single-list\">\n\t\t\t\t\t<h2 onclick=\"if(document.getElementById('1418').style.display=='block'){document.getElementById('1418').style.display='none';}else{document.getElementById('1418').style.display='block';};\">\n\t\t\t\t\tGEST\u00c3O DE SERVI\u00c7OS JUDICIAIS E NOTARIAIS\t\t\t\t<\/h2>\n\t\t\t\t<ul  style=display:none; id=1418 >\n\t\t\t\t\t\n\t\t\t\t\t<li id=\"item-1418-1\">\n\t\t\t\t\t\t\t\t\t\t\t\t<!-- List Anchor -->\n\t\t\t\t\t\t<a   href=\"http:\/\/boletimjuridico.publicacoesonline.com.br\/category\/processo-civil\/noticias-dos-tribunais-processo-civil\/\"\n\t\t\t\t\t\t\ttarget=\"_blank\">\n\n\t\t\t\t\t\t\t<!-- Image, If Present -->\n\t\t\t\t\t\t\t1 - \t\t\t\t\t\t\t\t\t\t\t\t\t\t\n\t\t\t\t\t\t\t\n\t\t\t\t\t\t\t\t<span class=\"list-img\">\n\t\t\t\t\t\t\t\t\t\t\t\t\t\t\t\t\t\t<img src=\"https:\/\/www.uninter.com\/biblioteca\/wp-content\/uploads\/2019\/08\/boletim-1-150x150.jpg\" alt=\"\">\n\t\t\t\t\t\t\t\t<\/span>\n\t\t\t\t\t\t\t\n\t\t\t\t\t\t\t<!-- Link Text -->\n\t\t\t\t\t\t\tBoletim Jur\u00eddico\t\t\t\t\t\t\t\n\t\t\t\t\t\t\t\t\t\t\t\t\t\t<span style=\"font-size:12px;\"><br>\n\t                                \t\t\t\t\t\t\t<\/span>\t\n\t                        \n\t\t\t\t\t\t<\/a>\n\t\t\t\t\t\t\n\t\t\t\t\t\t\t<!-- upvote section -->\n\t\t\t\t\t\t\t<div class=\"upvote-section\">\n\t\t\t\t\t\t\t\t<span data-post-id=\"1418\" data-item-title=\"Boletim Jur\u00eddico\" data-item-link=\"http:\/\/boletimjuridico.publicacoesonline.com.br\/category\/processo-civil\/noticias-dos-tribunais-processo-civil\/\" class=\"upvote-btn upvote-on\">\n\t\t\t\t\t\t\t\t\t<i class=\"fa fa-thumbs-up\"><\/i>\n\t\t\t\t\t\t\t\t<\/span>\n\t\t\t\t\t\t\t\t<span class=\"upvote-count\">\n\t\t\t\t\t\t\t\t\t1\t\t\t\t\t\t\t\t<\/span>\n\t\t\t\t\t\t\t<\/div>\n\t\t\t\t\t\t\t<!-- \/upvote section -->\n\n\t\t\t\t\t\t\t\t\t\t\t\t\n\t\t\t\t\t<\/li>\n\t\t\t\t\t\n\t\t\t\t\t<li id=\"item-1418-2\">\n\t\t\t\t\t\t\t\t\t\t\t\t<!-- List Anchor -->\n\t\t\t\t\t\t<a   href=\"https:\/\/periodicos.univali.br\/index.php\/nej\"\n\t\t\t\t\t\t\ttarget=\"_blank\">\n\n\t\t\t\t\t\t\t<!-- Image, If Present -->\n\t\t\t\t\t\t\t2 - \t\t\t\t\t\t\t\t\t\t\t\t\t\t\n\t\t\t\t\t\t\t\n\t\t\t\t\t\t\t\t<span class=\"list-img\">\n\t\t\t\t\t\t\t\t\t\t\t\t\t\t\t\t\t\t<img src=\"https:\/\/www.uninter.com\/biblioteca\/wp-content\/uploads\/2019\/08\/nej-150x150.jpg\" alt=\"\">\n\t\t\t\t\t\t\t\t<\/span>\n\t\t\t\t\t\t\t\n\t\t\t\t\t\t\t<!-- Link Text -->\n\t\t\t\t\t\t\tRevista Nej \u2013 Novos Estudos Jur\u00eddicos\t\t\t\t\t\t\t\n\t\t\t\t\t\t\t\t\t\t\t\t\t\t<span style=\"font-size:12px;\"><br>\n\t                                \t\t\t\t\t\t\t<\/span>\t\n\t                        \n\t\t\t\t\t\t<\/a>\n\t\t\t\t\t\t\n\t\t\t\t\t\t\t<!-- upvote section -->\n\t\t\t\t\t\t\t<div class=\"upvote-section\">\n\t\t\t\t\t\t\t\t<span data-post-id=\"1418\" data-item-title=\"Revista Nej \u2013 Novos Estudos Jur\u00eddicos\" data-item-link=\"https:\/\/periodicos.univali.br\/index.php\/nej\" class=\"upvote-btn upvote-on\">\n\t\t\t\t\t\t\t\t\t<i class=\"fa fa-thumbs-up\"><\/i>\n\t\t\t\t\t\t\t\t<\/span>\n\t\t\t\t\t\t\t\t<span class=\"upvote-count\">\n\t\t\t\t\t\t\t\t\t1\t\t\t\t\t\t\t\t<\/span>\n\t\t\t\t\t\t\t<\/div>\n\t\t\t\t\t\t\t<!-- \/upvote section -->\n\n\t\t\t\t\t\t\t\t\t\t\t\t\n\t\t\t\t\t<\/li>\n\t\t\t\t\t\n\t\t\t\t\t<li id=\"item-1418-3\">\n\t\t\t\t\t\t\t\t\t\t\t\t<!-- List Anchor -->\n\t\t\t\t\t\t<a   href=\"https:\/\/www.portaldeperiodicos.idp.edu.br\/observatorio\"\n\t\t\t\t\t\t\ttarget=\"_blank\">\n\n\t\t\t\t\t\t\t<!-- Image, If Present -->\n\t\t\t\t\t\t\t3 - \t\t\t\t\t\t\t\t\t\t\t\t\t\t\n\t\t\t\t\t\t\t\n\t\t\t\t\t\t\t\t<span class=\"list-img\">\n\t\t\t\t\t\t\t\t\t\t\t\t\t\t\t\t\t\t<img src=\"https:\/\/www.uninter.com\/biblioteca\/wp-content\/uploads\/2019\/08\/observatorio-150x150.jpg\" alt=\"\">\n\t\t\t\t\t\t\t\t<\/span>\n\t\t\t\t\t\t\t\n\t\t\t\t\t\t\t<!-- Link Text -->\n\t\t\t\t\t\t\tObservat\u00f3rio da Jurisdi\u00e7\u00e3o Constitucional\t\t\t\t\t\t\t\n\t\t\t\t\t\t\t\t\t\t\t\t\t\t<span style=\"font-size:12px;\"><br>\n\t                                \t\t\t\t\t\t\t<\/span>\t\n\t                        \n\t\t\t\t\t\t<\/a>\n\t\t\t\t\t\t\n\t\t\t\t\t\t\t<!-- upvote section -->\n\t\t\t\t\t\t\t<div class=\"upvote-section\">\n\t\t\t\t\t\t\t\t<span data-post-id=\"1418\" data-item-title=\"Observat\u00f3rio da Jurisdi\u00e7\u00e3o Constitucional\" data-item-link=\"https:\/\/www.portaldeperiodicos.idp.edu.br\/observatorio\" class=\"upvote-btn upvote-on\">\n\t\t\t\t\t\t\t\t\t<i class=\"fa fa-thumbs-up\"><\/i>\n\t\t\t\t\t\t\t\t<\/span>\n\t\t\t\t\t\t\t\t<span class=\"upvote-count\">\n\t\t\t\t\t\t\t\t\t1\t\t\t\t\t\t\t\t<\/span>\n\t\t\t\t\t\t\t<\/div>\n\t\t\t\t\t\t\t<!-- \/upvote section -->\n\n\t\t\t\t\t\t\t\t\t\t\t\t\n\t\t\t\t\t<\/li>\n\t\t\t\t\t\n\t\t\t\t\t<li id=\"item-1418-4\">\n\t\t\t\t\t\t\t\t\t\t\t\t<!-- List Anchor -->\n\t\t\t\t\t\t<a   href=\"http:\/\/periodicos.pucminas.br\/index.php\/percursoacademico\"\n\t\t\t\t\t\t\ttarget=\"_blank\">\n\n\t\t\t\t\t\t\t<!-- Image, If Present -->\n\t\t\t\t\t\t\t4 - \t\t\t\t\t\t\t\t\t\t\t\t\t\t\n\t\t\t\t\t\t\t\n\t\t\t\t\t\t\t\t<span class=\"list-img\">\n\t\t\t\t\t\t\t\t\t\t\t\t\t\t\t\t\t\t<img src=\"https:\/\/www.uninter.com\/biblioteca\/wp-content\/uploads\/2019\/08\/percurso-150x150.jpg\" alt=\"\">\n\t\t\t\t\t\t\t\t<\/span>\n\t\t\t\t\t\t\t\n\t\t\t\t\t\t\t<!-- Link Text -->\n\t\t\t\t\t\t\tRevista Percurso Acad\u00eamico\t\t\t\t\t\t\t\n\t\t\t\t\t\t\t\t\t\t\t\t\t\t<span style=\"font-size:12px;\"><br>\n\t                                \t\t\t\t\t\t\t<\/span>\t\n\t                        \n\t\t\t\t\t\t<\/a>\n\t\t\t\t\t\t\n\t\t\t\t\t\t\t<!-- upvote section -->\n\t\t\t\t\t\t\t<div class=\"upvote-section\">\n\t\t\t\t\t\t\t\t<span data-post-id=\"1418\" data-item-title=\"Revista Percurso Acad\u00eamico\" data-item-link=\"http:\/\/periodicos.pucminas.br\/index.php\/percursoacademico\" class=\"upvote-btn upvote-on\">\n\t\t\t\t\t\t\t\t\t<i class=\"fa fa-thumbs-up\"><\/i>\n\t\t\t\t\t\t\t\t<\/span>\n\t\t\t\t\t\t\t\t<span class=\"upvote-count\">\n\t\t\t\t\t\t\t\t\t1\t\t\t\t\t\t\t\t<\/span>\n\t\t\t\t\t\t\t<\/div>\n\t\t\t\t\t\t\t<!-- \/upvote section -->\n\n\t\t\t\t\t\t\t\t\t\t\t\t\n\t\t\t\t\t<\/li>\n\t\t\t\t\t\n\t\t\t\t\t<li id=\"item-1418-5\">\n\t\t\t\t\t\t\t\t\t\t\t\t<!-- List Anchor -->\n\t\t\t\t\t\t<a   href=\"https:\/\/revistas.ufpr.br\/direito\/issue\/view\/2251\"\n\t\t\t\t\t\t\ttarget=\"_blank\">\n\n\t\t\t\t\t\t\t<!-- Image, If Present -->\n\t\t\t\t\t\t\t5 - \t\t\t\t\t\t\t\t\t\t\t\t\t\t\n\t\t\t\t\t\t\t\n\t\t\t\t\t\t\t\t<span class=\"list-img\">\n\t\t\t\t\t\t\t\t\t\t\t\t\t\t\t\t\t\t<img src=\"https:\/\/www.uninter.com\/biblioteca\/wp-content\/uploads\/2019\/08\/ufpr-150x150.jpg\" alt=\"\">\n\t\t\t\t\t\t\t\t<\/span>\n\t\t\t\t\t\t\t\n\t\t\t\t\t\t\t<!-- Link Text -->\n\t\t\t\t\t\t\tRevista da Faculdade de Direito UFPR\t\t\t\t\t\t\t\n\t\t\t\t\t\t\t\t\t\t\t\t\t\t<span style=\"font-size:12px;\"><br>\n\t                                \t\t\t\t\t\t\t<\/span>\t\n\t                        \n\t\t\t\t\t\t<\/a>\n\t\t\t\t\t\t\n\t\t\t\t\t\t\t<!-- upvote section -->\n\t\t\t\t\t\t\t<div class=\"upvote-section\">\n\t\t\t\t\t\t\t\t<span data-post-id=\"1418\" data-item-title=\"Revista da Faculdade de Direito UFPR\" data-item-link=\"https:\/\/revistas.ufpr.br\/direito\/issue\/view\/2251\" class=\"upvote-btn upvote-on\">\n\t\t\t\t\t\t\t\t\t<i class=\"fa fa-thumbs-up\"><\/i>\n\t\t\t\t\t\t\t\t<\/span>\n\t\t\t\t\t\t\t\t<span class=\"upvote-count\">\n\t\t\t\t\t\t\t\t\t1\t\t\t\t\t\t\t\t<\/span>\n\t\t\t\t\t\t\t<\/div>\n\t\t\t\t\t\t\t<!-- \/upvote section -->\n\n\t\t\t\t\t\t\t\t\t\t\t\t\n\t\t\t\t\t<\/li>\n\t\t\t\t\t\n\t\t\t\t\t<li id=\"item-1418-6\">\n\t\t\t\t\t\t\t\t\t\t\t\t<!-- List Anchor -->\n\t\t\t\t\t\t<a   href=\"http:\/\/www2.senado.leg.br\/bdsf\/handle\/id\/22\"\n\t\t\t\t\t\t\ttarget=\"_blank\">\n\n\t\t\t\t\t\t\t<!-- Image, If Present -->\n\t\t\t\t\t\t\t6 - \t\t\t\t\t\t\t\t\t\t\t\t\t\t\n\t\t\t\t\t\t\t\n\t\t\t\t\t\t\t\t<span class=\"list-img\">\n\t\t\t\t\t\t\t\t\t\t\t\t\t\t\t\t\t\t<img src=\"https:\/\/www.uninter.com\/biblioteca\/wp-content\/uploads\/2019\/08\/senado-150x150.jpg\" alt=\"\">\n\t\t\t\t\t\t\t\t<\/span>\n\t\t\t\t\t\t\t\n\t\t\t\t\t\t\t<!-- Link Text -->\n\t\t\t\t\t\t\tRevista de Informa\u00e7\u00e3o Legislativa \u2013 Senado Federal, Subsecretaria de Edi\u00e7\u00f5es T\u00e9cnicas\t\t\t\t\t\t\t\n\t\t\t\t\t\t\t\t\t\t\t\t\t\t<span style=\"font-size:12px;\"><br>\n\t                                \t\t\t\t\t\t\t<\/span>\t\n\t                        \n\t\t\t\t\t\t<\/a>\n\t\t\t\t\t\t\n\t\t\t\t\t\t\t<!-- upvote section -->\n\t\t\t\t\t\t\t<div class=\"upvote-section\">\n\t\t\t\t\t\t\t\t<span data-post-id=\"1418\" data-item-title=\"Revista de Informa\u00e7\u00e3o Legislativa \u2013 Senado Federal, Subsecretaria de Edi\u00e7\u00f5es T\u00e9cnicas\" data-item-link=\"http:\/\/www2.senado.leg.br\/bdsf\/handle\/id\/22\" class=\"upvote-btn upvote-on\">\n\t\t\t\t\t\t\t\t\t<i class=\"fa fa-thumbs-up\"><\/i>\n\t\t\t\t\t\t\t\t<\/span>\n\t\t\t\t\t\t\t\t<span class=\"upvote-count\">\n\t\t\t\t\t\t\t\t\t1\t\t\t\t\t\t\t\t<\/span>\n\t\t\t\t\t\t\t<\/div>\n\t\t\t\t\t\t\t<!-- \/upvote section -->\n\n\t\t\t\t\t\t\t\t\t\t\t\t\n\t\t\t\t\t<\/li>\n\t\t\t\t\t\n\t\t\t\t\t<li id=\"item-1418-7\">\n\t\t\t\t\t\t\t\t\t\t\t\t<!-- List Anchor -->\n\t\t\t\t\t\t<a   href=\"https:\/\/revistas.ufpr.br\/rinc\"\n\t\t\t\t\t\t\ttarget=\"_blank\">\n\n\t\t\t\t\t\t\t<!-- Image, If Present -->\n\t\t\t\t\t\t\t7 - \t\t\t\t\t\t\t\t\t\t\t\t\t\t\n\t\t\t\t\t\t\t\n\t\t\t\t\t\t\t\t<span class=\"list-img\">\n\t\t\t\t\t\t\t\t\t\t\t\t\t\t\t\t\t\t<img src=\"https:\/\/www.uninter.com\/biblioteca\/wp-content\/uploads\/2019\/08\/investig-150x150.jpg\" alt=\"\">\n\t\t\t\t\t\t\t\t<\/span>\n\t\t\t\t\t\t\t\n\t\t\t\t\t\t\t<!-- Link Text -->\n\t\t\t\t\t\t\tRevista de Investiga\u00e7\u00f5es Constitucionais\t\t\t\t\t\t\t\n\t\t\t\t\t\t\t\t\t\t\t\t\t\t<span style=\"font-size:12px;\"><br>\n\t                                \t\t\t\t\t\t\t<\/span>\t\n\t                        \n\t\t\t\t\t\t<\/a>\n\t\t\t\t\t\t\n\t\t\t\t\t\t\t<!-- upvote section -->\n\t\t\t\t\t\t\t<div class=\"upvote-section\">\n\t\t\t\t\t\t\t\t<span data-post-id=\"1418\" data-item-title=\"Revista de Investiga\u00e7\u00f5es Constitucionais\" data-item-link=\"https:\/\/revistas.ufpr.br\/rinc\" class=\"upvote-btn upvote-on\">\n\t\t\t\t\t\t\t\t\t<i class=\"fa fa-thumbs-up\"><\/i>\n\t\t\t\t\t\t\t\t<\/span>\n\t\t\t\t\t\t\t\t<span class=\"upvote-count\">\n\t\t\t\t\t\t\t\t\t1\t\t\t\t\t\t\t\t<\/span>\n\t\t\t\t\t\t\t<\/div>\n\t\t\t\t\t\t\t<!-- \/upvote section -->\n\n\t\t\t\t\t\t\t\t\t\t\t\t\n\t\t\t\t\t<\/li>\n\t\t\t\t\t\n\t\t\t\t\t<li id=\"item-1418-8\">\n\t\t\t\t\t\t\t\t\t\t\t\t<!-- List Anchor -->\n\t\t\t\t\t\t<a   href=\"https:\/\/revistas.ufpr.br\/cejur\/about\/editorialPolicies#focusAndScope\"\n\t\t\t\t\t\t\ttarget=\"_blank\">\n\n\t\t\t\t\t\t\t<!-- Image, If Present -->\n\t\t\t\t\t\t\t8 - \t\t\t\t\t\t\t\t\t\t\t\t\t\t\n\t\t\t\t\t\t\t\n\t\t\t\t\t\t\t\t<span class=\"list-img\">\n\t\t\t\t\t\t\t\t\t\t\t\t\t\t\t\t\t\t<img src=\"https:\/\/www.uninter.com\/biblioteca\/wp-content\/uploads\/2019\/08\/cejur-150x150.jpg\" alt=\"\">\n\t\t\t\t\t\t\t\t<\/span>\n\t\t\t\t\t\t\t\n\t\t\t\t\t\t\t<!-- Link Text -->\n\t\t\t\t\t\t\tRevista Eletr\u00f4nica do CEJUR\t\t\t\t\t\t\t\n\t\t\t\t\t\t\t\t\t\t\t\t\t\t<span style=\"font-size:12px;\"><br>\n\t                                \t\t\t\t\t\t\t<\/span>\t\n\t                        \n\t\t\t\t\t\t<\/a>\n\t\t\t\t\t\t\n\t\t\t\t\t\t\t<!-- upvote section -->\n\t\t\t\t\t\t\t<div class=\"upvote-section\">\n\t\t\t\t\t\t\t\t<span data-post-id=\"1418\" data-item-title=\"Revista Eletr\u00f4nica do CEJUR\" data-item-link=\"https:\/\/revistas.ufpr.br\/cejur\/about\/editorialPolicies#focusAndScope\" class=\"upvote-btn upvote-on\">\n\t\t\t\t\t\t\t\t\t<i class=\"fa fa-thumbs-up\"><\/i>\n\t\t\t\t\t\t\t\t<\/span>\n\t\t\t\t\t\t\t\t<span class=\"upvote-count\">\n\t\t\t\t\t\t\t\t\t1\t\t\t\t\t\t\t\t<\/span>\n\t\t\t\t\t\t\t<\/div>\n\t\t\t\t\t\t\t<!-- \/upvote section -->\n\n\t\t\t\t\t\t\t\t\t\t\t\t\n\t\t\t\t\t<\/li>\n\t\t\t\t\t\n\t\t\t\t\t<li id=\"item-1418-9\">\n\t\t\t\t\t\t\t\t\t\t\t\t<!-- List Anchor -->\n\t\t\t\t\t\t<a   href=\"http:\/\/rdn.cnbsp.org.br\/index.php\/direitonotarial\"\n\t\t\t\t\t\t\ttarget=\"_blank\">\n\n\t\t\t\t\t\t\t<!-- Image, If Present -->\n\t\t\t\t\t\t\t9 - \t\t\t\t\t\t\t\t\t\t\t\t\t\t\n\t\t\t\t\t\t\t\n\t\t\t\t\t\t\t\t<span class=\"list-img\">\n\t\t\t\t\t\t\t\t\t\t\t\t\t\t\t\t\t\t<img src=\"https:\/\/www.uninter.com\/biblioteca\/wp-content\/uploads\/2021\/09\/RDN-150x150.png\" alt=\"\">\n\t\t\t\t\t\t\t\t<\/span>\n\t\t\t\t\t\t\t\n\t\t\t\t\t\t\t<!-- Link Text -->\n\t\t\t\t\t\t\tRevista de Direito Notarial - RDN\t\t\t\t\t\t\t\n\t\t\t\t\t\t\t\t\t\t\t\t\t\t<span style=\"font-size:12px;\"><br>\n\t                                \t\t\t\t\t\t\t<\/span>\t\n\t                        \n\t\t\t\t\t\t<\/a>\n\t\t\t\t\t\t\n\t\t\t\t\t\t\t<!-- upvote section -->\n\t\t\t\t\t\t\t<div class=\"upvote-section\">\n\t\t\t\t\t\t\t\t<span data-post-id=\"1418\" data-item-title=\"Revista de Direito Notarial - RDN\" data-item-link=\"http:\/\/rdn.cnbsp.org.br\/index.php\/direitonotarial\" class=\"upvote-btn upvote-on\">\n\t\t\t\t\t\t\t\t\t<i class=\"fa fa-thumbs-up\"><\/i>\n\t\t\t\t\t\t\t\t<\/span>\n\t\t\t\t\t\t\t\t<span class=\"upvote-count\">\n\t\t\t\t\t\t\t\t\t1\t\t\t\t\t\t\t\t<\/span>\n\t\t\t\t\t\t\t<\/div>\n\t\t\t\t\t\t\t<!-- \/upvote section -->\n\n\t\t\t\t\t\t\t\t\t\t\t\t\n\t\t\t\t\t<\/li>\n\t\t\t\t\t\n\t\t\t\t\t<li id=\"item-1418-10\">\n\t\t\t\t\t\t\t\t\t\t\t\t<!-- List Anchor -->\n\t\t\t\t\t\t<a   href=\"https:\/\/revistas.direitosbc.br\/index.php\/fdsbc\/issue\/view\/61\"\n\t\t\t\t\t\t\ttarget=\"_blank\">\n\n\t\t\t\t\t\t\t<!-- Image, If Present -->\n\t\t\t\t\t\t\t10 - \t\t\t\t\t\t\t\t\t\t\t\t\t\t\n\t\t\t\t\t\t\t\n\t\t\t\t\t\t\t\t<span class=\"list-img\">\n\t\t\t\t\t\t\t\t\t\t\t\t\t\t\t\t\t\t<img src=\"https:\/\/www.uninter.com\/biblioteca\/wp-content\/uploads\/2021\/09\/RD-150x150.jpg\" alt=\"\">\n\t\t\t\t\t\t\t\t<\/span>\n\t\t\t\t\t\t\t\n\t\t\t\t\t\t\t<!-- Link Text -->\n\t\t\t\t\t\t\tRevista da Faculdade de Direito de S\u00e3o Bernardo do Campo \t\t\t\t\t\t\t\n\t\t\t\t\t\t\t\t\t\t\t\t\t\t<span style=\"font-size:12px;\"><br>\n\t                                \t\t\t\t\t\t\t<\/span>\t\n\t                        \n\t\t\t\t\t\t<\/a>\n\t\t\t\t\t\t\n\t\t\t\t\t\t\t<!-- upvote section -->\n\t\t\t\t\t\t\t<div class=\"upvote-section\">\n\t\t\t\t\t\t\t\t<span data-post-id=\"1418\" data-item-title=\"Revista da Faculdade de Direito de S\u00e3o Bernardo do Campo\" data-item-link=\"https:\/\/revistas.direitosbc.br\/index.php\/fdsbc\/issue\/view\/61\" class=\"upvote-btn upvote-on\">\n\t\t\t\t\t\t\t\t\t<i class=\"fa fa-thumbs-up\"><\/i>\n\t\t\t\t\t\t\t\t<\/span>\n\t\t\t\t\t\t\t\t<span class=\"upvote-count\">\n\t\t\t\t\t\t\t\t\t1\t\t\t\t\t\t\t\t<\/span>\n\t\t\t\t\t\t\t<\/div>\n\t\t\t\t\t\t\t<!-- \/upvote section -->\n\n\t\t\t\t\t\t\t\t\t\t\t\t\n\t\t\t\t\t<\/li>\n\t\t\t\t\t\n\t\t\t\t\t<li id=\"item-1418-11\">\n\t\t\t\t\t\t\t\t\t\t\t\t<!-- List Anchor -->\n\t\t\t\t\t\t<a   href=\"http:\/\/periodicos.processus.com.br\/\"\n\t\t\t\t\t\t\ttarget=\"_blank\">\n\n\t\t\t\t\t\t\t<!-- Image, If Present -->\n\t\t\t\t\t\t\t11 - \t\t\t\t\t\t\t\t\t\t\t\t\t\t\n\t\t\t\t\t\t\t\n\t\t\t\t\t\t\t\t<span class=\"list-img\">\n\t\t\t\t\t\t\t\t\t\t\t\t\t\t\t\t\t\t<img src=\"https:\/\/www.uninter.com\/biblioteca\/wp-content\/uploads\/2021\/09\/RP-150x150.png\" alt=\"\">\n\t\t\t\t\t\t\t\t<\/span>\n\t\t\t\t\t\t\t\n\t\t\t\t\t\t\t<!-- Link Text -->\n\t\t\t\t\t\t\tREVISTA PROCESSUS\t\t\t\t\t\t\t\n\t\t\t\t\t\t\t\t\t\t\t\t\t\t<span style=\"font-size:12px;\"><br>\n\t                                \t\t\t\t\t\t\t<\/span>\t\n\t                        \n\t\t\t\t\t\t<\/a>\n\t\t\t\t\t\t\n\t\t\t\t\t\t\t<!-- upvote section -->\n\t\t\t\t\t\t\t<div class=\"upvote-section\">\n\t\t\t\t\t\t\t\t<span data-post-id=\"1418\" data-item-title=\"REVISTA PROCESSUS\" data-item-link=\"http:\/\/periodicos.processus.com.br\/\" class=\"upvote-btn upvote-on\">\n\t\t\t\t\t\t\t\t\t<i class=\"fa fa-thumbs-up\"><\/i>\n\t\t\t\t\t\t\t\t<\/span>\n\t\t\t\t\t\t\t\t<span class=\"upvote-count\">\n\t\t\t\t\t\t\t\t\t1\t\t\t\t\t\t\t\t<\/span>\n\t\t\t\t\t\t\t<\/div>\n\t\t\t\t\t\t\t<!-- \/upvote section -->\n\n\t\t\t\t\t\t\t\t\t\t\t\t\n\t\t\t\t\t<\/li>\n\t\t\t\t\t\n\t\t\t\t\t<li id=\"item-1418-12\">\n\t\t\t\t\t\t\t\t\t\t\t\t<!-- List Anchor -->\n\t\t\t\t\t\t<a   href=\"https:\/\/ambitojuridico.com.br\/category\/revista-ambito-juridico\/\"\n\t\t\t\t\t\t\ttarget=\"_blank\">\n\n\t\t\t\t\t\t\t<!-- Image, If Present -->\n\t\t\t\t\t\t\t12 - \t\t\t\t\t\t\t\t\t\t\t\t\t\t\n\t\t\t\t\t\t\t\n\t\t\t\t\t\t\t\t<span class=\"list-img\">\n\t\t\t\t\t\t\t\t\t\t\t\t\t\t\t\t\t\t<img src=\"https:\/\/www.uninter.com\/biblioteca\/wp-content\/uploads\/2021\/09\/RAJ-150x136.jpg\" alt=\"\">\n\t\t\t\t\t\t\t\t<\/span>\n\t\t\t\t\t\t\t\n\t\t\t\t\t\t\t<!-- Link Text -->\n\t\t\t\t\t\t\tREVISTA \u00c2MBITO JUR\u00cdDICO\t\t\t\t\t\t\t\n\t\t\t\t\t\t\t\t\t\t\t\t\t\t<span style=\"font-size:12px;\"><br>\n\t                                \t\t\t\t\t\t\t<\/span>\t\n\t                        \n\t\t\t\t\t\t<\/a>\n\t\t\t\t\t\t\n\t\t\t\t\t\t\t<!-- upvote section -->\n\t\t\t\t\t\t\t<div class=\"upvote-section\">\n\t\t\t\t\t\t\t\t<span data-post-id=\"1418\" data-item-title=\"REVISTA \u00c2MBITO JUR\u00cdDICO\" data-item-link=\"https:\/\/ambitojuridico.com.br\/category\/revista-ambito-juridico\/\" class=\"upvote-btn upvote-on\">\n\t\t\t\t\t\t\t\t\t<i class=\"fa fa-thumbs-up\"><\/i>\n\t\t\t\t\t\t\t\t<\/span>\n\t\t\t\t\t\t\t\t<span class=\"upvote-count\">\n\t\t\t\t\t\t\t\t\t1\t\t\t\t\t\t\t\t<\/span>\n\t\t\t\t\t\t\t<\/div>\n\t\t\t\t\t\t\t<!-- \/upvote section -->\n\n\t\t\t\t\t\t\t\t\t\t\t\t\n\t\t\t\t\t<\/li>\n\t\t\t\t\t\n\t\t\t\t\t<li id=\"item-1418-13\">\n\t\t\t\t\t\t\t\t\t\t\t\t<!-- List Anchor -->\n\t\t\t\t\t\t<a   href=\"http:\/\/dialogojuridico.fbuni.edu.br\/index.php\/dialogo-juridico\"\n\t\t\t\t\t\t\ttarget=\"_blank\">\n\n\t\t\t\t\t\t\t<!-- Image, If Present -->\n\t\t\t\t\t\t\t13 - \t\t\t\t\t\t\t\t\t\t\t\t\t\t\n\t\t\t\t\t\t\t\n\t\t\t\t\t\t\t\t<span class=\"list-img\">\n\t\t\t\t\t\t\t\t\t\t\t\t\t\t\t\t\t\t<img src=\"https:\/\/www.uninter.com\/biblioteca\/wp-content\/uploads\/2021\/09\/RDJ-150x150.png\" alt=\"\">\n\t\t\t\t\t\t\t\t<\/span>\n\t\t\t\t\t\t\t\n\t\t\t\t\t\t\t<!-- Link Text -->\n\t\t\t\t\t\t\tRevista Di\u00e1logo Jur\u00eddico\t\t\t\t\t\t\t\n\t\t\t\t\t\t\t\t\t\t\t\t\t\t<span style=\"font-size:12px;\"><br>\n\t                                \t\t\t\t\t\t\t<\/span>\t\n\t                        \n\t\t\t\t\t\t<\/a>\n\t\t\t\t\t\t\n\t\t\t\t\t\t\t<!-- upvote section -->\n\t\t\t\t\t\t\t<div class=\"upvote-section\">\n\t\t\t\t\t\t\t\t<span data-post-id=\"1418\" data-item-title=\"Revista Di\u00e1logo Jur\u00eddico\" data-item-link=\"http:\/\/dialogojuridico.fbuni.edu.br\/index.php\/dialogo-juridico\" class=\"upvote-btn upvote-on\">\n\t\t\t\t\t\t\t\t\t<i class=\"fa fa-thumbs-up\"><\/i>\n\t\t\t\t\t\t\t\t<\/span>\n\t\t\t\t\t\t\t\t<span class=\"upvote-count\">\n\t\t\t\t\t\t\t\t\t1\t\t\t\t\t\t\t\t<\/span>\n\t\t\t\t\t\t\t<\/div>\n\t\t\t\t\t\t\t<!-- \/upvote section -->\n\n\t\t\t\t\t\t\t\t\t\t\t\t\n\t\t\t\t\t<\/li>\n\t\t\t\t\t\n\t\t\t\t\t<li id=\"item-1418-14\">\n\t\t\t\t\t\t\t\t\t\t\t\t<!-- List Anchor -->\n\t\t\t\t\t\t<a   href=\"https:\/\/portalperiodicos.unoesc.edu.br\/espacojuridico\/index\"\n\t\t\t\t\t\t\ttarget=\"_blank\">\n\n\t\t\t\t\t\t\t<!-- Image, If Present -->\n\t\t\t\t\t\t\t14 - \t\t\t\t\t\t\t\t\t\t\t\t\t\t\n\t\t\t\t\t\t\t\n\t\t\t\t\t\t\t\t<span class=\"list-img\">\n\t\t\t\t\t\t\t\t\t\t\t\t\t\t\t\t\t\t<img src=\"https:\/\/www.uninter.com\/biblioteca\/wp-content\/uploads\/2021\/09\/cover_issue_449_pt_BR-150x150.jpg\" alt=\"\">\n\t\t\t\t\t\t\t\t<\/span>\n\t\t\t\t\t\t\t\n\t\t\t\t\t\t\t<!-- Link Text -->\n\t\t\t\t\t\t\tEspa\u00e7o Jur\u00eddico Journal of Law [EJJL]\t\t\t\t\t\t\t\n\t\t\t\t\t\t\t\t\t\t\t\t\t\t<span style=\"font-size:12px;\"><br>\n\t                                \t\t\t\t\t\t\t<\/span>\t\n\t                        \n\t\t\t\t\t\t<\/a>\n\t\t\t\t\t\t\n\t\t\t\t\t\t\t<!-- upvote section -->\n\t\t\t\t\t\t\t<div class=\"upvote-section\">\n\t\t\t\t\t\t\t\t<span data-post-id=\"1418\" data-item-title=\"Espa\u00e7o Jur\u00eddico Journal of Law [EJJL]\" data-item-link=\"https:\/\/portalperiodicos.unoesc.edu.br\/espacojuridico\/index\" class=\"upvote-btn upvote-on\">\n\t\t\t\t\t\t\t\t\t<i class=\"fa fa-thumbs-up\"><\/i>\n\t\t\t\t\t\t\t\t<\/span>\n\t\t\t\t\t\t\t\t<span class=\"upvote-count\">\n\t\t\t\t\t\t\t\t\t1\t\t\t\t\t\t\t\t<\/span>\n\t\t\t\t\t\t\t<\/div>\n\t\t\t\t\t\t\t<!-- \/upvote section -->\n\n\t\t\t\t\t\t\t\t\t\t\t\t\n\t\t\t\t\t<\/li>\n\t\t\t\t\t\n\t\t\t\t\t<li id=\"item-1418-15\">\n\t\t\t\t\t\t\t\t\t\t\t\t<!-- List Anchor -->\n\t\t\t\t\t\t<a   href=\"https:\/\/periodicos.uninove.br\/prisma\/\"\n\t\t\t\t\t\t\ttarget=\"_blank\">\n\n\t\t\t\t\t\t\t<!-- Image, If Present -->\n\t\t\t\t\t\t\t15 - \t\t\t\t\t\t\t\t\t\t\t\t\t\t\n\t\t\t\t\t\t\t\n\t\t\t\t\t\t\t\t<span class=\"list-img\">\n\t\t\t\t\t\t\t\t\t\t\t\t\t\t\t\t\t\t<img src=\"https:\/\/www.uninter.com\/biblioteca\/wp-content\/uploads\/2021\/09\/homeHeaderLogoImage_pt_BR-150x102.png\" alt=\"\">\n\t\t\t\t\t\t\t\t<\/span>\n\t\t\t\t\t\t\t\n\t\t\t\t\t\t\t<!-- Link Text -->\n\t\t\t\t\t\t\tRevista Prisma Jur\u00eddico \t\t\t\t\t\t\t\n\t\t\t\t\t\t\t\t\t\t\t\t\t\t<span style=\"font-size:12px;\"><br>\n\t                                \t\t\t\t\t\t\t<\/span>\t\n\t                        \n\t\t\t\t\t\t<\/a>\n\t\t\t\t\t\t\n\t\t\t\t\t\t\t<!-- upvote section -->\n\t\t\t\t\t\t\t<div class=\"upvote-section\">\n\t\t\t\t\t\t\t\t<span data-post-id=\"1418\" data-item-title=\"Revista Prisma Jur\u00eddico\" data-item-link=\"https:\/\/periodicos.uninove.br\/prisma\/\" class=\"upvote-btn upvote-on\">\n\t\t\t\t\t\t\t\t\t<i class=\"fa fa-thumbs-up\"><\/i>\n\t\t\t\t\t\t\t\t<\/span>\n\t\t\t\t\t\t\t\t<span class=\"upvote-count\">\n\t\t\t\t\t\t\t\t\t1\t\t\t\t\t\t\t\t<\/span>\n\t\t\t\t\t\t\t<\/div>\n\t\t\t\t\t\t\t<!-- \/upvote section -->\n\n\t\t\t\t\t\t\t\t\t\t\t\t\n\t\t\t\t\t<\/li>\n\t\t\t\t\t\n\t\t\t\t\t<li id=\"item-1418-16\">\n\t\t\t\t\t\t\t\t\t\t\t\t<!-- List Anchor -->\n\t\t\t\t\t\t<a   href=\"https:\/\/revistajuridica.presidencia.gov.br\/index.php\/saj\/sobre-revista\"\n\t\t\t\t\t\t\ttarget=\"_blank\">\n\n\t\t\t\t\t\t\t<!-- Image, If Present -->\n\t\t\t\t\t\t\t16 - \t\t\t\t\t\t\t\t\t\t\t\t\t\t\n\t\t\t\t\t\t\t\n\t\t\t\t\t\t\t\t<span class=\"list-img\">\n\t\t\t\t\t\t\t\t\t\t\t\t\t\t\t\t\t\t<img src=\"https:\/\/www.uninter.com\/biblioteca\/wp-content\/uploads\/2021\/09\/pageHeaderLogoImage_pt_BR-150x150.jpg\" alt=\"\">\n\t\t\t\t\t\t\t\t<\/span>\n\t\t\t\t\t\t\t\n\t\t\t\t\t\t\t<!-- Link Text -->\n\t\t\t\t\t\t\tRevista Jur\u00eddica da Presid\u00eancia\t\t\t\t\t\t\t\n\t\t\t\t\t\t\t\t\t\t\t\t\t\t<span style=\"font-size:12px;\"><br>\n\t                                \t\t\t\t\t\t\t<\/span>\t\n\t                        \n\t\t\t\t\t\t<\/a>\n\t\t\t\t\t\t\n\t\t\t\t\t\t\t<!-- upvote section -->\n\t\t\t\t\t\t\t<div class=\"upvote-section\">\n\t\t\t\t\t\t\t\t<span data-post-id=\"1418\" data-item-title=\"Revista Jur\u00eddica da Presid\u00eancia\" data-item-link=\"https:\/\/revistajuridica.presidencia.gov.br\/index.php\/saj\/sobre-revista\" class=\"upvote-btn upvote-on\">\n\t\t\t\t\t\t\t\t\t<i class=\"fa fa-thumbs-up\"><\/i>\n\t\t\t\t\t\t\t\t<\/span>\n\t\t\t\t\t\t\t\t<span class=\"upvote-count\">\n\t\t\t\t\t\t\t\t\t\t\t\t\t\t\t\t\t<\/span>\n\t\t\t\t\t\t\t<\/div>\n\t\t\t\t\t\t\t<!-- \/upvote section -->\n\n\t\t\t\t\t\t\t\t\t\t\t\t\n\t\t\t\t\t<\/li>\n\t\t\t\t\t\n\t\t\t\t\t<li id=\"item-1418-17\">\n\t\t\t\t\t\t\t\t\t\t\t\t<!-- List Anchor -->\n\t\t\t\t\t\t<a   href=\"https:\/\/www.e-publicacoes.uerj.br\/index.php\/quaestioiuris\/index\"\n\t\t\t\t\t\t\ttarget=\"_blank\">\n\n\t\t\t\t\t\t\t<!-- Image, If Present -->\n\t\t\t\t\t\t\t17 - \t\t\t\t\t\t\t\t\t\t\t\t\t\t\n\t\t\t\t\t\t\t\n\t\t\t\t\t\t\t\t<span class=\"list-img\">\n\t\t\t\t\t\t\t\t\t\t\t\t\t\t\t\t\t\t<img src=\"https:\/\/www.uninter.com\/biblioteca\/wp-content\/uploads\/2021\/09\/Quaestio-Iuris-QI--150x150.jpg\" alt=\"\">\n\t\t\t\t\t\t\t\t<\/span>\n\t\t\t\t\t\t\t\n\t\t\t\t\t\t\t<!-- Link Text -->\n\t\t\t\t\t\t\tQuaestio Iuris (QI)\u00a0\t\t\t\t\t\t\t\n\t\t\t\t\t\t\t\t\t\t\t\t\t\t<span style=\"font-size:12px;\"><br>\n\t                                \t\t\t\t\t\t\t<\/span>\t\n\t                        \n\t\t\t\t\t\t<\/a>\n\t\t\t\t\t\t\n\t\t\t\t\t\t\t<!-- upvote section -->\n\t\t\t\t\t\t\t<div class=\"upvote-section\">\n\t\t\t\t\t\t\t\t<span data-post-id=\"1418\" data-item-title=\"Quaestio Iuris (QI)\u00a0\" data-item-link=\"https:\/\/www.e-publicacoes.uerj.br\/index.php\/quaestioiuris\/index\" class=\"upvote-btn upvote-on\">\n\t\t\t\t\t\t\t\t\t<i class=\"fa fa-thumbs-up\"><\/i>\n\t\t\t\t\t\t\t\t<\/span>\n\t\t\t\t\t\t\t\t<span class=\"upvote-count\">\n\t\t\t\t\t\t\t\t\t\t\t\t\t\t\t\t\t<\/span>\n\t\t\t\t\t\t\t<\/div>\n\t\t\t\t\t\t\t<!-- \/upvote section -->\n\n\t\t\t\t\t\t\t\t\t\t\t\t\n\t\t\t\t\t<\/li>\n\t\t\t\t\t\n\t\t\t\t\t<li id=\"item-1418-18\">\n\t\t\t\t\t\t\t\t\t\t\t\t<!-- List Anchor -->\n\t\t\t\t\t\t<a   href=\"https:\/\/periodicos.uninove.br\/thesisjuris\"\n\t\t\t\t\t\t\ttarget=\"_blank\">\n\n\t\t\t\t\t\t\t<!-- Image, If Present -->\n\t\t\t\t\t\t\t18 - \t\t\t\t\t\t\t\t\t\t\t\t\t\t\n\t\t\t\t\t\t\t\n\t\t\t\t\t\t\t\t<span class=\"list-img\">\n\t\t\t\t\t\t\t\t\t\t\t\t\t\t\t\t\t\t<img src=\"https:\/\/www.uninter.com\/biblioteca\/wp-content\/uploads\/2021\/09\/pageHeaderLogoImage_pt_BR-150x150.png\" alt=\"\">\n\t\t\t\t\t\t\t\t<\/span>\n\t\t\t\t\t\t\t\n\t\t\t\t\t\t\t<!-- Link Text -->\n\t\t\t\t\t\t\tRevista Thesis Juris\t\t\t\t\t\t\t\n\t\t\t\t\t\t\t\t\t\t\t\t\t\t<span style=\"font-size:12px;\"><br>\n\t                                \t\t\t\t\t\t\t<\/span>\t\n\t                        \n\t\t\t\t\t\t<\/a>\n\t\t\t\t\t\t\n\t\t\t\t\t\t\t<!-- upvote section -->\n\t\t\t\t\t\t\t<div class=\"upvote-section\">\n\t\t\t\t\t\t\t\t<span data-post-id=\"1418\" data-item-title=\"Revista Thesis Juris\" data-item-link=\"https:\/\/periodicos.uninove.br\/thesisjuris\" class=\"upvote-btn upvote-on\">\n\t\t\t\t\t\t\t\t\t<i class=\"fa fa-thumbs-up\"><\/i>\n\t\t\t\t\t\t\t\t<\/span>\n\t\t\t\t\t\t\t\t<span class=\"upvote-count\">\n\t\t\t\t\t\t\t\t\t\t\t\t\t\t\t\t\t<\/span>\n\t\t\t\t\t\t\t<\/div>\n\t\t\t\t\t\t\t<!-- \/upvote section -->\n\n\t\t\t\t\t\t\t\t\t\t\t\t\n\t\t\t\t\t<\/li>\n\t\t\t\t\t\n\t\t\t\t\t<li id=\"item-1418-19\">\n\t\t\t\t\t\t\t\t\t\t\t\t<!-- List Anchor -->\n\t\t\t\t\t\t<a   href=\"https:\/\/www.uel.br\/revistas\/uel\/index.php\/iuris\/index\"\n\t\t\t\t\t\t\ttarget=\"_blank\">\n\n\t\t\t\t\t\t\t<!-- Image, If Present -->\n\t\t\t\t\t\t\t19 - \t\t\t\t\t\t\t\t\t\t\t\t\t\t\n\t\t\t\t\t\t\t\n\t\t\t\t\t\t\t\t<span class=\"list-img\">\n\t\t\t\t\t\t\t\t\t\t\t\t\t\t\t\t\t\t<img src=\"https:\/\/www.uninter.com\/biblioteca\/wp-content\/uploads\/2021\/09\/cover_issue_1780_pt_BR-150x150.png\" alt=\"\">\n\t\t\t\t\t\t\t\t<\/span>\n\t\t\t\t\t\t\t\n\t\t\t\t\t\t\t<!-- Link Text -->\n\t\t\t\t\t\t\tScientia Iuris\t\t\t\t\t\t\t\n\t\t\t\t\t\t\t\t\t\t\t\t\t\t<span style=\"font-size:12px;\"><br>\n\t                                \t\t\t\t\t\t\t<\/span>\t\n\t                        \n\t\t\t\t\t\t<\/a>\n\t\t\t\t\t\t\n\t\t\t\t\t\t\t<!-- upvote section -->\n\t\t\t\t\t\t\t<div class=\"upvote-section\">\n\t\t\t\t\t\t\t\t<span data-post-id=\"1418\" data-item-title=\"Scientia Iuris\" data-item-link=\"https:\/\/www.uel.br\/revistas\/uel\/index.php\/iuris\/index\" class=\"upvote-btn upvote-on\">\n\t\t\t\t\t\t\t\t\t<i class=\"fa fa-thumbs-up\"><\/i>\n\t\t\t\t\t\t\t\t<\/span>\n\t\t\t\t\t\t\t\t<span class=\"upvote-count\">\n\t\t\t\t\t\t\t\t\t\t\t\t\t\t\t\t\t<\/span>\n\t\t\t\t\t\t\t<\/div>\n\t\t\t\t\t\t\t<!-- \/upvote section -->\n\n\t\t\t\t\t\t\t\t\t\t\t\t\n\t\t\t\t\t<\/li>\n\t\t\t\t\t\n\t\t\t\t\t<li id=\"item-1418-20\">\n\t\t\t\t\t\t\t\t\t\t\t\t<!-- List Anchor -->\n\t\t\t\t\t\t<a   href=\"https:\/\/revistas.unipar.br\/index.php\/juridica\"\n\t\t\t\t\t\t\ttarget=\"_blank\">\n\n\t\t\t\t\t\t\t<!-- Image, If Present -->\n\t\t\t\t\t\t\t20 - \t\t\t\t\t\t\t\t\t\t\t\t\t\t\n\t\t\t\t\t\t\t\n\t\t\t\t\t\t\t\t<span class=\"list-img\">\n\t\t\t\t\t\t\t\t\t\t\t\t\t\t\t\t\t\t<img src=\"https:\/\/www.uninter.com\/biblioteca\/wp-content\/uploads\/2021\/09\/homepageImage_pt_BR-150x150.png\" alt=\"\">\n\t\t\t\t\t\t\t\t<\/span>\n\t\t\t\t\t\t\t\n\t\t\t\t\t\t\t<!-- Link Text -->\n\t\t\t\t\t\t\tRevistas de Ci\u00eancias Jur\u00eddicas e Sociais da UNIPAR\t\t\t\t\t\t\t\n\t\t\t\t\t\t\t\t\t\t\t\t\t\t<span style=\"font-size:12px;\"><br>\n\t                                \t\t\t\t\t\t\t<\/span>\t\n\t                        \n\t\t\t\t\t\t<\/a>\n\t\t\t\t\t\t\n\t\t\t\t\t\t\t<!-- upvote section -->\n\t\t\t\t\t\t\t<div class=\"upvote-section\">\n\t\t\t\t\t\t\t\t<span data-post-id=\"1418\" data-item-title=\"Revistas de Ci\u00eancias Jur\u00eddicas e Sociais da UNIPAR\" data-item-link=\"https:\/\/revistas.unipar.br\/index.php\/juridica\" class=\"upvote-btn upvote-on\">\n\t\t\t\t\t\t\t\t\t<i class=\"fa fa-thumbs-up\"><\/i>\n\t\t\t\t\t\t\t\t<\/span>\n\t\t\t\t\t\t\t\t<span class=\"upvote-count\">\n\t\t\t\t\t\t\t\t\t\t\t\t\t\t\t\t\t<\/span>\n\t\t\t\t\t\t\t<\/div>\n\t\t\t\t\t\t\t<!-- \/upvote section -->\n\n\t\t\t\t\t\t\t\t\t\t\t\t\n\t\t\t\t\t<\/li>\n\t\t\t\t\t\t\t\t\t<\/ul>\n\n\t\t\t<\/div>\n\n\t\t<\/div>\n\t\t<!-- \/Individual List Item -->\n\n\t\t\n\t\t<br \/>\n\r\n<!--  Starting Simple Link Directory Plugin Output -->\n<div class=\"qcopd_embed_container\">\r\n\r\n\r\n\r\n\r\n\r\n\r\n\r\n<\/div>\r\n<div class=\"qcopd-list-wrapper\">\n\t<div id=\"opd-list-holder\" class=\"qcopd-list-holder\">\n\t\t\n\t\t<!-- Individual List Item -->\n\t\t<div id=\"list-item-1-2511\" class=\"qc-grid-item qcopd-list-column opd-column-1 simple opd-list-id-2511\">\n\t\t\t<div class=\"qcopd-single-list\">\n\t\t\t\t\t<h2 onclick=\"if(document.getElementById('2511').style.display=='block'){document.getElementById('2511').style.display='none';}else{document.getElementById('2511').style.display='block';};\">\n\t\t\t\t\tInvestiga\u00e7\u00e3o Profissional\t\t\t\t<\/h2>\n\t\t\t\t<ul  style=display:none; id=2511 >\n\t\t\t\t\t\n\t\t\t\t\t<li id=\"item-2511-1\">\n\t\t\t\t\t\t\t\t\t\t\t\t<!-- List Anchor -->\n\t\t\t\t\t\t<a   href=\"https:\/\/direitosp.fgv.br\/publicacoes\/revista\/revista-direito-gv\"\n\t\t\t\t\t\t\ttarget=\"_blank\">\n\n\t\t\t\t\t\t\t<!-- Image, If Present -->\n\t\t\t\t\t\t\t1 - \t\t\t\t\t\t\t\t\t\t\t\t\t\t\n\t\t\t\t\t\t\t\n\t\t\t\t\t\t\t\t<span class=\"list-img\">\n\t\t\t\t\t\t\t\t\t\t\t\t\t\t\t\t\t\t<img src=\"https:\/\/www.uninter.com\/biblioteca\/wp-content\/uploads\/2020\/04\/rdgv33_capa-140x150.jpg\" alt=\"\">\n\t\t\t\t\t\t\t\t<\/span>\n\t\t\t\t\t\t\t\n\t\t\t\t\t\t\t<!-- Link Text -->\n\t\t\t\t\t\t\tRevista Direito FGV\t\t\t\t\t\t\t\n\t\t\t\t\t\t\t\t\t\t\t\t\t\t<span style=\"font-size:12px;\"><br>\n\t                                \t\t\t\t\t\t\t<\/span>\t\n\t                        \n\t\t\t\t\t\t<\/a>\n\t\t\t\t\t\t\n\t\t\t\t\t\t\t<!-- upvote section -->\n\t\t\t\t\t\t\t<div class=\"upvote-section\">\n\t\t\t\t\t\t\t\t<span data-post-id=\"2511\" data-item-title=\"Revista Direito FGV\" data-item-link=\"https:\/\/direitosp.fgv.br\/publicacoes\/revista\/revista-direito-gv\" class=\"upvote-btn upvote-on\">\n\t\t\t\t\t\t\t\t\t<i class=\"fa fa-thumbs-up\"><\/i>\n\t\t\t\t\t\t\t\t<\/span>\n\t\t\t\t\t\t\t\t<span class=\"upvote-count\">\n\t\t\t\t\t\t\t\t\t3\t\t\t\t\t\t\t\t<\/span>\n\t\t\t\t\t\t\t<\/div>\n\t\t\t\t\t\t\t<!-- \/upvote section -->\n\n\t\t\t\t\t\t\t\t\t\t\t\t\n\t\t\t\t\t<\/li>\n\t\t\t\t\t\n\t\t\t\t\t<li id=\"item-2511-2\">\n\t\t\t\t\t\t\t\t\t\t\t\t<!-- List Anchor -->\n\t\t\t\t\t\t<a   href=\"https:\/\/www.portaldeperiodicos.idp.edu.br\/direitopublico\/issue\/view\/200\"\n\t\t\t\t\t\t\ttarget=\"_blank\">\n\n\t\t\t\t\t\t\t<!-- Image, If Present -->\n\t\t\t\t\t\t\t2 - \t\t\t\t\t\t\t\t\t\t\t\t\t\t\n\t\t\t\t\t\t\t\n\t\t\t\t\t\t\t\t<span class=\"list-img\">\n\t\t\t\t\t\t\t\t\t\t\t\t\t\t\t\t\t\t<img src=\"https:\/\/www.uninter.com\/biblioteca\/wp-content\/uploads\/2020\/04\/cover_issue_200_pt_BR-150x150.jpg\" alt=\"\">\n\t\t\t\t\t\t\t\t<\/span>\n\t\t\t\t\t\t\t\n\t\t\t\t\t\t\t<!-- Link Text -->\n\t\t\t\t\t\t\tRevista Direito P\u00fablico\t\t\t\t\t\t\t\n\t\t\t\t\t\t\t\t\t\t\t\t\t\t<span style=\"font-size:12px;\"><br>\n\t                                \t\t\t\t\t\t\t<\/span>\t\n\t                        \n\t\t\t\t\t\t<\/a>\n\t\t\t\t\t\t\n\t\t\t\t\t\t\t<!-- upvote section -->\n\t\t\t\t\t\t\t<div class=\"upvote-section\">\n\t\t\t\t\t\t\t\t<span data-post-id=\"2511\" data-item-title=\"Revista Direito P\u00fablico\" data-item-link=\"https:\/\/www.portaldeperiodicos.idp.edu.br\/direitopublico\/issue\/view\/200\" class=\"upvote-btn upvote-on\">\n\t\t\t\t\t\t\t\t\t<i class=\"fa fa-thumbs-up\"><\/i>\n\t\t\t\t\t\t\t\t<\/span>\n\t\t\t\t\t\t\t\t<span class=\"upvote-count\">\n\t\t\t\t\t\t\t\t\t2\t\t\t\t\t\t\t\t<\/span>\n\t\t\t\t\t\t\t<\/div>\n\t\t\t\t\t\t\t<!-- \/upvote section -->\n\n\t\t\t\t\t\t\t\t\t\t\t\t\n\t\t\t\t\t<\/li>\n\t\t\t\t\t\n\t\t\t\t\t<li id=\"item-2511-3\">\n\t\t\t\t\t\t\t\t\t\t\t\t<!-- List Anchor -->\n\t\t\t\t\t\t<a   href=\"https:\/\/revistas.ufpr.br\/direito\"\n\t\t\t\t\t\t\ttarget=\"_blank\">\n\n\t\t\t\t\t\t\t<!-- Image, If Present -->\n\t\t\t\t\t\t\t3 - \t\t\t\t\t\t\t\t\t\t\t\t\t\t\n\t\t\t\t\t\t\t\n\t\t\t\t\t\t\t\t<span class=\"list-img\">\n\t\t\t\t\t\t\t\t\t\t\t\t\t\t\t\t\t\t<img src=\"https:\/\/www.uninter.com\/biblioteca\/wp-content\/uploads\/2020\/04\/homepageImage_pt_BR-150x150.jpg\" alt=\"\">\n\t\t\t\t\t\t\t\t<\/span>\n\t\t\t\t\t\t\t\n\t\t\t\t\t\t\t<!-- Link Text -->\n\t\t\t\t\t\t\tRevista da Faculdade de Direito UFPR\t\t\t\t\t\t\t\n\t\t\t\t\t\t\t\t\t\t\t\t\t\t<span style=\"font-size:12px;\"><br>\n\t                                \t\t\t\t\t\t\t<\/span>\t\n\t                        \n\t\t\t\t\t\t<\/a>\n\t\t\t\t\t\t\n\t\t\t\t\t\t\t<!-- upvote section -->\n\t\t\t\t\t\t\t<div class=\"upvote-section\">\n\t\t\t\t\t\t\t\t<span data-post-id=\"2511\" data-item-title=\"Revista da Faculdade de Direito UFPR\" data-item-link=\"https:\/\/revistas.ufpr.br\/direito\" class=\"upvote-btn upvote-on\">\n\t\t\t\t\t\t\t\t\t<i class=\"fa fa-thumbs-up\"><\/i>\n\t\t\t\t\t\t\t\t<\/span>\n\t\t\t\t\t\t\t\t<span class=\"upvote-count\">\n\t\t\t\t\t\t\t\t\t2\t\t\t\t\t\t\t\t<\/span>\n\t\t\t\t\t\t\t<\/div>\n\t\t\t\t\t\t\t<!-- \/upvote section -->\n\n\t\t\t\t\t\t\t\t\t\t\t\t\n\t\t\t\t\t<\/li>\n\t\t\t\t\t\n\t\t\t\t\t<li id=\"item-2511-4\">\n\t\t\t\t\t\t\t\t\t\t\t\t<!-- List Anchor -->\n\t\t\t\t\t\t<a   href=\"https:\/\/periodicos.ufsm.br\/revistadireito\"\n\t\t\t\t\t\t\ttarget=\"_blank\">\n\n\t\t\t\t\t\t\t<!-- Image, If Present -->\n\t\t\t\t\t\t\t4 - \t\t\t\t\t\t\t\t\t\t\t\t\t\t\n\t\t\t\t\t\t\t\n\t\t\t\t\t\t\t\t<span class=\"list-img\">\n\t\t\t\t\t\t\t\t\t\t\t\t\t\t\t\t\t\t<img src=\"https:\/\/www.uninter.com\/biblioteca\/wp-content\/uploads\/2020\/04\/chamada-parecerista-150x150.jpg\" alt=\"\">\n\t\t\t\t\t\t\t\t<\/span>\n\t\t\t\t\t\t\t\n\t\t\t\t\t\t\t<!-- Link Text -->\n\t\t\t\t\t\t\tRevista Eletr\u00f4nica do Curso de Direito da UFSM\t\t\t\t\t\t\t\n\t\t\t\t\t\t\t\t\t\t\t\t\t\t<span style=\"font-size:12px;\"><br>\n\t                                \t\t\t\t\t\t\t<\/span>\t\n\t                        \n\t\t\t\t\t\t<\/a>\n\t\t\t\t\t\t\n\t\t\t\t\t\t\t<!-- upvote section -->\n\t\t\t\t\t\t\t<div class=\"upvote-section\">\n\t\t\t\t\t\t\t\t<span data-post-id=\"2511\" data-item-title=\"Revista Eletr\u00f4nica do Curso de Direito da UFSM\" data-item-link=\"https:\/\/periodicos.ufsm.br\/revistadireito\" class=\"upvote-btn upvote-on\">\n\t\t\t\t\t\t\t\t\t<i class=\"fa fa-thumbs-up\"><\/i>\n\t\t\t\t\t\t\t\t<\/span>\n\t\t\t\t\t\t\t\t<span class=\"upvote-count\">\n\t\t\t\t\t\t\t\t\t2\t\t\t\t\t\t\t\t<\/span>\n\t\t\t\t\t\t\t<\/div>\n\t\t\t\t\t\t\t<!-- \/upvote section -->\n\n\t\t\t\t\t\t\t\t\t\t\t\t\n\t\t\t\t\t<\/li>\n\t\t\t\t\t\n\t\t\t\t\t<li id=\"item-2511-5\">\n\t\t\t\t\t\t\t\t\t\t\t\t<!-- List Anchor -->\n\t\t\t\t\t\t<a   href=\"https:\/\/seer.imed.edu.br\/index.php\/revistadedireito\"\n\t\t\t\t\t\t\ttarget=\"_blank\">\n\n\t\t\t\t\t\t\t<!-- Image, If Present -->\n\t\t\t\t\t\t\t5 - \t\t\t\t\t\t\t\t\t\t\t\t\t\t\n\t\t\t\t\t\t\t\n\t\t\t\t\t\t\t\t<span class=\"list-img\">\n\t\t\t\t\t\t\t\t\t\t\t\t\t\t\t\t\t\t<img src=\"https:\/\/www.uninter.com\/biblioteca\/wp-content\/uploads\/2020\/04\/RBDq-150x120.png\" alt=\"\">\n\t\t\t\t\t\t\t\t<\/span>\n\t\t\t\t\t\t\t\n\t\t\t\t\t\t\t<!-- Link Text -->\n\t\t\t\t\t\t\tRevista Brasileira de Direito\t\t\t\t\t\t\t\n\t\t\t\t\t\t\t\t\t\t\t\t\t\t<span style=\"font-size:12px;\"><br>\n\t                                \t\t\t\t\t\t\t<\/span>\t\n\t                        \n\t\t\t\t\t\t<\/a>\n\t\t\t\t\t\t\n\t\t\t\t\t\t\t<!-- upvote section -->\n\t\t\t\t\t\t\t<div class=\"upvote-section\">\n\t\t\t\t\t\t\t\t<span data-post-id=\"2511\" data-item-title=\"Revista Brasileira de Direito\" data-item-link=\"https:\/\/seer.imed.edu.br\/index.php\/revistadedireito\" class=\"upvote-btn upvote-on\">\n\t\t\t\t\t\t\t\t\t<i class=\"fa fa-thumbs-up\"><\/i>\n\t\t\t\t\t\t\t\t<\/span>\n\t\t\t\t\t\t\t\t<span class=\"upvote-count\">\n\t\t\t\t\t\t\t\t\t2\t\t\t\t\t\t\t\t<\/span>\n\t\t\t\t\t\t\t<\/div>\n\t\t\t\t\t\t\t<!-- \/upvote section -->\n\n\t\t\t\t\t\t\t\t\t\t\t\t\n\t\t\t\t\t<\/li>\n\t\t\t\t\t\n\t\t\t\t\t<li id=\"item-2511-6\">\n\t\t\t\t\t\t\t\t\t\t\t\t<!-- List Anchor -->\n\t\t\t\t\t\t<a   href=\"http:\/\/revista.forumseguranca.org.br\/index.php\/rbsp\/issue\/view\/28\"\n\t\t\t\t\t\t\ttarget=\"_blank\">\n\n\t\t\t\t\t\t\t<!-- Image, If Present -->\n\t\t\t\t\t\t\t6 - \t\t\t\t\t\t\t\t\t\t\t\t\t\t\n\t\t\t\t\t\t\t\n\t\t\t\t\t\t\t\t<span class=\"list-img\">\n\t\t\t\t\t\t\t\t\t\t\t\t\t\t\t\t\t\t<img src=\"https:\/\/www.uninter.com\/biblioteca\/wp-content\/uploads\/2020\/04\/cover_issue_28_pt_BR-150x150.png\" alt=\"\">\n\t\t\t\t\t\t\t\t<\/span>\n\t\t\t\t\t\t\t\n\t\t\t\t\t\t\t<!-- Link Text -->\n\t\t\t\t\t\t\tRevista Brasileira de Seguran\u00e7a P\u00fablica\t\t\t\t\t\t\t\n\t\t\t\t\t\t\t\t\t\t\t\t\t\t<span style=\"font-size:12px;\"><br>\n\t                                \t\t\t\t\t\t\t<\/span>\t\n\t                        \n\t\t\t\t\t\t<\/a>\n\t\t\t\t\t\t\n\t\t\t\t\t\t\t<!-- upvote section -->\n\t\t\t\t\t\t\t<div class=\"upvote-section\">\n\t\t\t\t\t\t\t\t<span data-post-id=\"2511\" data-item-title=\"Revista Brasileira de Seguran\u00e7a P\u00fablica\" data-item-link=\"http:\/\/revista.forumseguranca.org.br\/index.php\/rbsp\/issue\/view\/28\" class=\"upvote-btn upvote-on\">\n\t\t\t\t\t\t\t\t\t<i class=\"fa fa-thumbs-up\"><\/i>\n\t\t\t\t\t\t\t\t<\/span>\n\t\t\t\t\t\t\t\t<span class=\"upvote-count\">\n\t\t\t\t\t\t\t\t\t2\t\t\t\t\t\t\t\t<\/span>\n\t\t\t\t\t\t\t<\/div>\n\t\t\t\t\t\t\t<!-- \/upvote section -->\n\n\t\t\t\t\t\t\t\t\t\t\t\t\n\t\t\t\t\t<\/li>\n\t\t\t\t\t\n\t\t\t\t\t<li id=\"item-2511-7\">\n\t\t\t\t\t\t\t\t\t\t\t\t<!-- List Anchor -->\n\t\t\t\t\t\t<a   href=\"https:\/\/portalderevistasusp.mj.gov.br\/index.php\/2021\/05\/26\/revista-brasileira-de-estudos-de-seguranca-publica\/\"\n\t\t\t\t\t\t\ttarget=\"_blank\">\n\n\t\t\t\t\t\t\t<!-- Image, If Present -->\n\t\t\t\t\t\t\t7 - \t\t\t\t\t\t\t\t\t\t\t\t\t\t\n\t\t\t\t\t\t\t\n\t\t\t\t\t\t\t\t<span class=\"list-img\">\n\t\t\t\t\t\t\t\t\t\t\t\t\t\t\t\t\t\t<img src=\"https:\/\/www.uninter.com\/biblioteca\/wp-content\/uploads\/2020\/04\/pageHeaderLogoImage_pt_BR-150x150.jpg\" alt=\"\">\n\t\t\t\t\t\t\t\t<\/span>\n\t\t\t\t\t\t\t\n\t\t\t\t\t\t\t<!-- Link Text -->\n\t\t\t\t\t\t\tRevista Brasileira de Estudos da Seguran\u00e7a P\u00fablica\t\t\t\t\t\t\t\n\t\t\t\t\t\t\t\t\t\t\t\t\t\t<span style=\"font-size:12px;\"><br>\n\t                                \t\t\t\t\t\t\t<\/span>\t\n\t                        \n\t\t\t\t\t\t<\/a>\n\t\t\t\t\t\t\n\t\t\t\t\t\t\t<!-- upvote section -->\n\t\t\t\t\t\t\t<div class=\"upvote-section\">\n\t\t\t\t\t\t\t\t<span data-post-id=\"2511\" data-item-title=\"Revista Brasileira de Estudos da Seguran\u00e7a P\u00fablica\" data-item-link=\"https:\/\/portalderevistasusp.mj.gov.br\/index.php\/2021\/05\/26\/revista-brasileira-de-estudos-de-seguranca-publica\/\" class=\"upvote-btn upvote-on\">\n\t\t\t\t\t\t\t\t\t<i class=\"fa fa-thumbs-up\"><\/i>\n\t\t\t\t\t\t\t\t<\/span>\n\t\t\t\t\t\t\t\t<span class=\"upvote-count\">\n\t\t\t\t\t\t\t\t\t2\t\t\t\t\t\t\t\t<\/span>\n\t\t\t\t\t\t\t<\/div>\n\t\t\t\t\t\t\t<!-- \/upvote section -->\n\n\t\t\t\t\t\t\t\t\t\t\t\t\n\t\t\t\t\t<\/li>\n\t\t\t\t\t\n\t\t\t\t\t<li id=\"item-2511-8\">\n\t\t\t\t\t\t\t\t\t\t\t\t<!-- List Anchor -->\n\t\t\t\t\t\t<a   href=\"https:\/\/periodicos.ufpe.br\/revistas\/gestaopublica\"\n\t\t\t\t\t\t\ttarget=\"_blank\">\n\n\t\t\t\t\t\t\t<!-- Image, If Present -->\n\t\t\t\t\t\t\t8 - \t\t\t\t\t\t\t\t\t\t\t\t\t\t\n\t\t\t\t\t\t\t\n\t\t\t\t\t\t\t\t<span class=\"list-img\">\n\t\t\t\t\t\t\t\t\t\t\t\t\t\t\t\t\t\t<img src=\"https:\/\/www.uninter.com\/biblioteca\/wp-content\/uploads\/2020\/04\/cover_issue_2855_pt_BR-150x150.png\" alt=\"\">\n\t\t\t\t\t\t\t\t<\/span>\n\t\t\t\t\t\t\t\n\t\t\t\t\t\t\t<!-- Link Text -->\n\t\t\t\t\t\t\tRevista Gest\u00e3o P\u00fablica: pr\u00e1ticas e desafios\t\t\t\t\t\t\t\n\t\t\t\t\t\t\t\t\t\t\t\t\t\t<span style=\"font-size:12px;\"><br>\n\t                                \t\t\t\t\t\t\t<\/span>\t\n\t                        \n\t\t\t\t\t\t<\/a>\n\t\t\t\t\t\t\n\t\t\t\t\t\t\t<!-- upvote section -->\n\t\t\t\t\t\t\t<div class=\"upvote-section\">\n\t\t\t\t\t\t\t\t<span data-post-id=\"2511\" data-item-title=\"Revista Gest\u00e3o P\u00fablica: pr\u00e1ticas e desafios\" data-item-link=\"https:\/\/periodicos.ufpe.br\/revistas\/gestaopublica\" class=\"upvote-btn upvote-on\">\n\t\t\t\t\t\t\t\t\t<i class=\"fa fa-thumbs-up\"><\/i>\n\t\t\t\t\t\t\t\t<\/span>\n\t\t\t\t\t\t\t\t<span class=\"upvote-count\">\n\t\t\t\t\t\t\t\t\t2\t\t\t\t\t\t\t\t<\/span>\n\t\t\t\t\t\t\t<\/div>\n\t\t\t\t\t\t\t<!-- \/upvote section -->\n\n\t\t\t\t\t\t\t\t\t\t\t\t\n\t\t\t\t\t<\/li>\n\t\t\t\t\t\n\t\t\t\t\t<li id=\"item-2511-9\">\n\t\t\t\t\t\t\t\t\t\t\t\t<!-- List Anchor -->\n\t\t\t\t\t\t<a   href=\"https:\/\/www.revistas.usp.br\/rgpp\/index\"\n\t\t\t\t\t\t\ttarget=\"_blank\">\n\n\t\t\t\t\t\t\t<!-- Image, If Present -->\n\t\t\t\t\t\t\t9 - \t\t\t\t\t\t\t\t\t\t\t\t\t\t\n\t\t\t\t\t\t\t\n\t\t\t\t\t\t\t\t<span class=\"list-img\">\n\t\t\t\t\t\t\t\t\t\t\t\t\t\t\t\t\t\t<img src=\"https:\/\/www.uninter.com\/biblioteca\/wp-content\/uploads\/2020\/04\/cover_issue_10273_pt_BR-150x150.jpg\" alt=\"\">\n\t\t\t\t\t\t\t\t<\/span>\n\t\t\t\t\t\t\t\n\t\t\t\t\t\t\t<!-- Link Text -->\n\t\t\t\t\t\t\tRevista Gest\u00e3o &amp; Pol\u00edticas P\u00fablicas  - RG&amp;PP\t\t\t\t\t\t\t\n\t\t\t\t\t\t\t\t\t\t\t\t\t\t<span style=\"font-size:12px;\"><br>\n\t                                \t\t\t\t\t\t\t<\/span>\t\n\t                        \n\t\t\t\t\t\t<\/a>\n\t\t\t\t\t\t\n\t\t\t\t\t\t\t<!-- upvote section -->\n\t\t\t\t\t\t\t<div class=\"upvote-section\">\n\t\t\t\t\t\t\t\t<span data-post-id=\"2511\" data-item-title=\"Revista Gest\u00e3o &amp; Pol\u00edticas P\u00fablicas  - RG&amp;PP\" data-item-link=\"https:\/\/www.revistas.usp.br\/rgpp\/index\" class=\"upvote-btn upvote-on\">\n\t\t\t\t\t\t\t\t\t<i class=\"fa fa-thumbs-up\"><\/i>\n\t\t\t\t\t\t\t\t<\/span>\n\t\t\t\t\t\t\t\t<span class=\"upvote-count\">\n\t\t\t\t\t\t\t\t\t\t\t\t\t\t\t\t\t<\/span>\n\t\t\t\t\t\t\t<\/div>\n\t\t\t\t\t\t\t<!-- \/upvote section -->\n\n\t\t\t\t\t\t\t\t\t\t\t\t\n\t\t\t\t\t<\/li>\n\t\t\t\t\t\n\t\t\t\t\t<li id=\"item-2511-10\">\n\t\t\t\t\t\t\t\t\t\t\t\t<!-- List Anchor -->\n\t\t\t\t\t\t<a   href=\"https:\/\/seer.ufrgs.br\/read\"\n\t\t\t\t\t\t\ttarget=\"_blank\">\n\n\t\t\t\t\t\t\t<!-- Image, If Present -->\n\t\t\t\t\t\t\t10 - \t\t\t\t\t\t\t\t\t\t\t\t\t\t\n\t\t\t\t\t\t\t\n\t\t\t\t\t\t\t\t<span class=\"list-img\">\n\t\t\t\t\t\t\t\t\t\t\t\t\t\t\t\t\t\t<img src=\"https:\/\/www.uninter.com\/biblioteca\/wp-content\/uploads\/2020\/04\/homeHeaderTitleImage_pt_BR-1-150x150.jpg\" alt=\"\">\n\t\t\t\t\t\t\t\t<\/span>\n\t\t\t\t\t\t\t\n\t\t\t\t\t\t\t<!-- Link Text -->\n\t\t\t\t\t\t\tRevista  Eletr\u00f4nica de Administra\u00e7\u00e3o\t\t\t\t\t\t\t\n\t\t\t\t\t\t\t\t\t\t\t\t\t\t<span style=\"font-size:12px;\"><br>\n\t                                \t\t\t\t\t\t\t<\/span>\t\n\t                        \n\t\t\t\t\t\t<\/a>\n\t\t\t\t\t\t\n\t\t\t\t\t\t\t<!-- upvote section -->\n\t\t\t\t\t\t\t<div class=\"upvote-section\">\n\t\t\t\t\t\t\t\t<span data-post-id=\"2511\" data-item-title=\"Revista  Eletr\u00f4nica de Administra\u00e7\u00e3o\" data-item-link=\"https:\/\/seer.ufrgs.br\/read\" class=\"upvote-btn upvote-on\">\n\t\t\t\t\t\t\t\t\t<i class=\"fa fa-thumbs-up\"><\/i>\n\t\t\t\t\t\t\t\t<\/span>\n\t\t\t\t\t\t\t\t<span class=\"upvote-count\">\n\t\t\t\t\t\t\t\t\t\t\t\t\t\t\t\t\t<\/span>\n\t\t\t\t\t\t\t<\/div>\n\t\t\t\t\t\t\t<!-- \/upvote section -->\n\n\t\t\t\t\t\t\t\t\t\t\t\t\n\t\t\t\t\t<\/li>\n\t\t\t\t\t\n\t\t\t\t\t<li id=\"item-2511-11\">\n\t\t\t\t\t\t\t\t\t\t\t\t<!-- List Anchor -->\n\t\t\t\t\t\t<a   href=\"https:\/\/periodicos.fgv.br\/rae\/\"\n\t\t\t\t\t\t\ttarget=\"_blank\">\n\n\t\t\t\t\t\t\t<!-- Image, If Present -->\n\t\t\t\t\t\t\t11 - \t\t\t\t\t\t\t\t\t\t\t\t\t\t\n\t\t\t\t\t\t\t\n\t\t\t\t\t\t\t\t<span class=\"list-img\">\n\t\t\t\t\t\t\t\t\t\t\t\t\t\t\t\t\t\t<img src=\"https:\/\/www.uninter.com\/biblioteca\/wp-content\/uploads\/2020\/04\/download-150x150.jpg\" alt=\"\">\n\t\t\t\t\t\t\t\t<\/span>\n\t\t\t\t\t\t\t\n\t\t\t\t\t\t\t<!-- Link Text -->\n\t\t\t\t\t\t\tRAE \u2013 Revista de Administra\u00e7\u00e3o de Empresas\t\t\t\t\t\t\t\n\t\t\t\t\t\t\t\t\t\t\t\t\t\t<span style=\"font-size:12px;\"><br>\n\t                                \t\t\t\t\t\t\t<\/span>\t\n\t                        \n\t\t\t\t\t\t<\/a>\n\t\t\t\t\t\t\n\t\t\t\t\t\t\t<!-- upvote section -->\n\t\t\t\t\t\t\t<div class=\"upvote-section\">\n\t\t\t\t\t\t\t\t<span data-post-id=\"2511\" data-item-title=\"RAE \u2013 Revista de Administra\u00e7\u00e3o de Empresas\" data-item-link=\"https:\/\/periodicos.fgv.br\/rae\/\" class=\"upvote-btn upvote-on\">\n\t\t\t\t\t\t\t\t\t<i class=\"fa fa-thumbs-up\"><\/i>\n\t\t\t\t\t\t\t\t<\/span>\n\t\t\t\t\t\t\t\t<span class=\"upvote-count\">\n\t\t\t\t\t\t\t\t\t2\t\t\t\t\t\t\t\t<\/span>\n\t\t\t\t\t\t\t<\/div>\n\t\t\t\t\t\t\t<!-- \/upvote section -->\n\n\t\t\t\t\t\t\t\t\t\t\t\t\n\t\t\t\t\t<\/li>\n\t\t\t\t\t\n\t\t\t\t\t<li id=\"item-2511-12\">\n\t\t\t\t\t\t\t\t\t\t\t\t<!-- List Anchor -->\n\t\t\t\t\t\t<a   href=\"https:\/\/recc.cra-pr.org.br\/index.php\/recc\"\n\t\t\t\t\t\t\ttarget=\"_blank\">\n\n\t\t\t\t\t\t\t<!-- Image, If Present -->\n\t\t\t\t\t\t\t12 - \t\t\t\t\t\t\t\t\t\t\t\t\t\t\n\t\t\t\t\t\t\t\n\t\t\t\t\t\t\t\t<span class=\"list-img\">\n\t\t\t\t\t\t\t\t\t\t\t\t\t\t\t\t\t\t<img src=\"https:\/\/www.uninter.com\/biblioteca\/wp-content\/uploads\/2020\/04\/rae_v60_1_1_capa_original-150x150.jpg\" alt=\"\">\n\t\t\t\t\t\t\t\t<\/span>\n\t\t\t\t\t\t\t\n\t\t\t\t\t\t\t<!-- Link Text -->\n\t\t\t\t\t\t\tRevista Eletr\u00f4nica Cient\u00edfica do CRA-PR \u2013 RECC\t\t\t\t\t\t\t\n\t\t\t\t\t\t\t\t\t\t\t\t\t\t<span style=\"font-size:12px;\"><br>\n\t                                \t\t\t\t\t\t\t<\/span>\t\n\t                        \n\t\t\t\t\t\t<\/a>\n\t\t\t\t\t\t\n\t\t\t\t\t\t\t<!-- upvote section -->\n\t\t\t\t\t\t\t<div class=\"upvote-section\">\n\t\t\t\t\t\t\t\t<span data-post-id=\"2511\" data-item-title=\"Revista Eletr\u00f4nica Cient\u00edfica do CRA-PR \u2013 RECC\" data-item-link=\"https:\/\/recc.cra-pr.org.br\/index.php\/recc\" class=\"upvote-btn upvote-on\">\n\t\t\t\t\t\t\t\t\t<i class=\"fa fa-thumbs-up\"><\/i>\n\t\t\t\t\t\t\t\t<\/span>\n\t\t\t\t\t\t\t\t<span class=\"upvote-count\">\n\t\t\t\t\t\t\t\t\t2\t\t\t\t\t\t\t\t<\/span>\n\t\t\t\t\t\t\t<\/div>\n\t\t\t\t\t\t\t<!-- \/upvote section -->\n\n\t\t\t\t\t\t\t\t\t\t\t\t\n\t\t\t\t\t<\/li>\n\t\t\t\t\t\n\t\t\t\t\t<li id=\"item-2511-13\">\n\t\t\t\t\t\t\t\t\t\t\t\t<!-- List Anchor -->\n\t\t\t\t\t\t<a   href=\"https:\/\/revistas.ufpr.br\/conjgloblal\/issue\/view\/2937\"\n\t\t\t\t\t\t\ttarget=\"_blank\">\n\n\t\t\t\t\t\t\t<!-- Image, If Present -->\n\t\t\t\t\t\t\t13 - \t\t\t\t\t\t\t\t\t\t\t\t\t\t\n\t\t\t\t\t\t\t\n\t\t\t\t\t\t\t\t<span class=\"list-img\">\n\t\t\t\t\t\t\t\t\t\t\t\t\t\t\t\t\t\t<img src=\"https:\/\/www.uninter.com\/biblioteca\/wp-content\/uploads\/2020\/04\/Conjuntura-atual-150x150.jpg\" alt=\"\">\n\t\t\t\t\t\t\t\t<\/span>\n\t\t\t\t\t\t\t\n\t\t\t\t\t\t\t<!-- Link Text -->\n\t\t\t\t\t\t\tRevista Conjuntura Global\t\t\t\t\t\t\t\n\t\t\t\t\t\t\t\t\t\t\t\t\t\t<span style=\"font-size:12px;\"><br>\n\t                                \t\t\t\t\t\t\t<\/span>\t\n\t                        \n\t\t\t\t\t\t<\/a>\n\t\t\t\t\t\t\n\t\t\t\t\t\t\t<!-- upvote section -->\n\t\t\t\t\t\t\t<div class=\"upvote-section\">\n\t\t\t\t\t\t\t\t<span data-post-id=\"2511\" data-item-title=\"Revista Conjuntura Global\" data-item-link=\"https:\/\/revistas.ufpr.br\/conjgloblal\/issue\/view\/2937\" class=\"upvote-btn upvote-on\">\n\t\t\t\t\t\t\t\t\t<i class=\"fa fa-thumbs-up\"><\/i>\n\t\t\t\t\t\t\t\t<\/span>\n\t\t\t\t\t\t\t\t<span class=\"upvote-count\">\n\t\t\t\t\t\t\t\t\t2\t\t\t\t\t\t\t\t<\/span>\n\t\t\t\t\t\t\t<\/div>\n\t\t\t\t\t\t\t<!-- \/upvote section -->\n\n\t\t\t\t\t\t\t\t\t\t\t\t\n\t\t\t\t\t<\/li>\n\t\t\t\t\t\n\t\t\t\t\t<li id=\"item-2511-14\">\n\t\t\t\t\t\t\t\t\t\t\t\t<!-- List Anchor -->\n\t\t\t\t\t\t<a   href=\"https:\/\/revistas.ufpr.br\/rinc\"\n\t\t\t\t\t\t\ttarget=\"_blank\">\n\n\t\t\t\t\t\t\t<!-- Image, If Present -->\n\t\t\t\t\t\t\t14 - \t\t\t\t\t\t\t\t\t\t\t\t\t\t\n\t\t\t\t\t\t\t\n\t\t\t\t\t\t\t\t<span class=\"list-img\">\n\t\t\t\t\t\t\t\t\t\t\t\t\t\t\t\t\t\t<img src=\"https:\/\/www.uninter.com\/biblioteca\/wp-content\/uploads\/2020\/04\/revista-de-investiga\u00e7\u00e3o-150x150.jpg\" alt=\"\">\n\t\t\t\t\t\t\t\t<\/span>\n\t\t\t\t\t\t\t\n\t\t\t\t\t\t\t<!-- Link Text -->\n\t\t\t\t\t\t\tRevista de Investiga\u00e7\u00f5es Constitucionais\t\t\t\t\t\t\t\n\t\t\t\t\t\t\t\t\t\t\t\t\t\t<span style=\"font-size:12px;\"><br>\n\t                                \t\t\t\t\t\t\t<\/span>\t\n\t                        \n\t\t\t\t\t\t<\/a>\n\t\t\t\t\t\t\n\t\t\t\t\t\t\t<!-- upvote section -->\n\t\t\t\t\t\t\t<div class=\"upvote-section\">\n\t\t\t\t\t\t\t\t<span data-post-id=\"2511\" data-item-title=\"Revista de Investiga\u00e7\u00f5es Constitucionais\" data-item-link=\"https:\/\/revistas.ufpr.br\/rinc\" class=\"upvote-btn upvote-on\">\n\t\t\t\t\t\t\t\t\t<i class=\"fa fa-thumbs-up\"><\/i>\n\t\t\t\t\t\t\t\t<\/span>\n\t\t\t\t\t\t\t\t<span class=\"upvote-count\">\n\t\t\t\t\t\t\t\t\t2\t\t\t\t\t\t\t\t<\/span>\n\t\t\t\t\t\t\t<\/div>\n\t\t\t\t\t\t\t<!-- \/upvote section -->\n\n\t\t\t\t\t\t\t\t\t\t\t\t\n\t\t\t\t\t<\/li>\n\t\t\t\t\t\n\t\t\t\t\t<li id=\"item-2511-15\">\n\t\t\t\t\t\t\t\t\t\t\t\t<!-- List Anchor -->\n\t\t\t\t\t\t<a   href=\"https:\/\/revistas.ufpr.br\/sclplr\"\n\t\t\t\t\t\t\ttarget=\"_blank\">\n\n\t\t\t\t\t\t\t<!-- Image, If Present -->\n\t\t\t\t\t\t\t15 - \t\t\t\t\t\t\t\t\t\t\t\t\t\t\n\t\t\t\t\t\t\t\n\t\t\t\t\t\t\t\t<span class=\"list-img\">\n\t\t\t\t\t\t\t\t\t\t\t\t\t\t\t\t\t\t<img src=\"https:\/\/www.uninter.com\/biblioteca\/wp-content\/uploads\/2020\/04\/homepageImage_pt_BR-150x150.png\" alt=\"\">\n\t\t\t\t\t\t\t\t<\/span>\n\t\t\t\t\t\t\t\n\t\t\t\t\t\t\t<!-- Link Text -->\n\t\t\t\t\t\t\tRevista Sociologias Plurais\t\t\t\t\t\t\t\n\t\t\t\t\t\t\t\t\t\t\t\t\t\t<span style=\"font-size:12px;\"><br>\n\t                                \t\t\t\t\t\t\t<\/span>\t\n\t                        \n\t\t\t\t\t\t<\/a>\n\t\t\t\t\t\t\n\t\t\t\t\t\t\t<!-- upvote section -->\n\t\t\t\t\t\t\t<div class=\"upvote-section\">\n\t\t\t\t\t\t\t\t<span data-post-id=\"2511\" data-item-title=\"Revista Sociologias Plurais\" data-item-link=\"https:\/\/revistas.ufpr.br\/sclplr\" class=\"upvote-btn upvote-on\">\n\t\t\t\t\t\t\t\t\t<i class=\"fa fa-thumbs-up\"><\/i>\n\t\t\t\t\t\t\t\t<\/span>\n\t\t\t\t\t\t\t\t<span class=\"upvote-count\">\n\t\t\t\t\t\t\t\t\t2\t\t\t\t\t\t\t\t<\/span>\n\t\t\t\t\t\t\t<\/div>\n\t\t\t\t\t\t\t<!-- \/upvote section -->\n\n\t\t\t\t\t\t\t\t\t\t\t\t\n\t\t\t\t\t<\/li>\n\t\t\t\t\t\n\t\t\t\t\t<li id=\"item-2511-16\">\n\t\t\t\t\t\t\t\t\t\t\t\t<!-- List Anchor -->\n\t\t\t\t\t\t<a   href=\"https:\/\/www.revistasuninter.com\/revista-humanidades\/index.php\/revista-humanidades\"\n\t\t\t\t\t\t\ttarget=\"_blank\">\n\n\t\t\t\t\t\t\t<!-- Image, If Present -->\n\t\t\t\t\t\t\t16 - \t\t\t\t\t\t\t\t\t\t\t\t\t\t\n\t\t\t\t\t\t\t\n\t\t\t\t\t\t\t\t<span class=\"list-img\">\n\t\t\t\t\t\t\t\t\t\t\t\t\t\t\t\t\t\t<img src=\"https:\/\/www.uninter.com\/biblioteca\/wp-content\/uploads\/2020\/04\/humanidades-150x150.jpg\" alt=\"\">\n\t\t\t\t\t\t\t\t<\/span>\n\t\t\t\t\t\t\t\n\t\t\t\t\t\t\t<!-- Link Text -->\n\t\t\t\t\t\t\tRevista Humanidades em Perspectivas\t\t\t\t\t\t\t\n\t\t\t\t\t\t\t\t\t\t\t\t\t\t<span style=\"font-size:12px;\"><br>\n\t                                \t\t\t\t\t\t\t<\/span>\t\n\t                        \n\t\t\t\t\t\t<\/a>\n\t\t\t\t\t\t\n\t\t\t\t\t\t\t<!-- upvote section -->\n\t\t\t\t\t\t\t<div class=\"upvote-section\">\n\t\t\t\t\t\t\t\t<span data-post-id=\"2511\" data-item-title=\"Revista Humanidades em Perspectivas\" data-item-link=\"https:\/\/www.revistasuninter.com\/revista-humanidades\/index.php\/revista-humanidades\" class=\"upvote-btn upvote-on\">\n\t\t\t\t\t\t\t\t\t<i class=\"fa fa-thumbs-up\"><\/i>\n\t\t\t\t\t\t\t\t<\/span>\n\t\t\t\t\t\t\t\t<span class=\"upvote-count\">\n\t\t\t\t\t\t\t\t\t2\t\t\t\t\t\t\t\t<\/span>\n\t\t\t\t\t\t\t<\/div>\n\t\t\t\t\t\t\t<!-- \/upvote section -->\n\n\t\t\t\t\t\t\t\t\t\t\t\t\n\t\t\t\t\t<\/li>\n\t\t\t\t\t\n\t\t\t\t\t<li id=\"item-2511-17\">\n\t\t\t\t\t\t\t\t\t\t\t\t<!-- List Anchor -->\n\t\t\t\t\t\t<a   href=\"https:\/\/www.revistasuninter.com\/iusgentium\/index.php\/iusgentium\"\n\t\t\t\t\t\t\ttarget=\"_blank\">\n\n\t\t\t\t\t\t\t<!-- Image, If Present -->\n\t\t\t\t\t\t\t17 - \t\t\t\t\t\t\t\t\t\t\t\t\t\t\n\t\t\t\t\t\t\t\n\t\t\t\t\t\t\t\t<span class=\"list-img\">\n\t\t\t\t\t\t\t\t\t\t\t\t\t\t\t\t\t\t<img src=\"https:\/\/www.uninter.com\/biblioteca\/wp-content\/uploads\/2020\/04\/iugentius-150x150.jpg\" alt=\"\">\n\t\t\t\t\t\t\t\t<\/span>\n\t\t\t\t\t\t\t\n\t\t\t\t\t\t\t<!-- Link Text -->\n\t\t\t\t\t\t\tRevista IUS GENTIUM\t\t\t\t\t\t\t\n\t\t\t\t\t\t\t\t\t\t\t\t\t\t<span style=\"font-size:12px;\"><br>\n\t                                \t\t\t\t\t\t\t<\/span>\t\n\t                        \n\t\t\t\t\t\t<\/a>\n\t\t\t\t\t\t\n\t\t\t\t\t\t\t<!-- upvote section -->\n\t\t\t\t\t\t\t<div class=\"upvote-section\">\n\t\t\t\t\t\t\t\t<span data-post-id=\"2511\" data-item-title=\"Revista IUS GENTIUM\" data-item-link=\"https:\/\/www.revistasuninter.com\/iusgentium\/index.php\/iusgentium\" class=\"upvote-btn upvote-on\">\n\t\t\t\t\t\t\t\t\t<i class=\"fa fa-thumbs-up\"><\/i>\n\t\t\t\t\t\t\t\t<\/span>\n\t\t\t\t\t\t\t\t<span class=\"upvote-count\">\n\t\t\t\t\t\t\t\t\t2\t\t\t\t\t\t\t\t<\/span>\n\t\t\t\t\t\t\t<\/div>\n\t\t\t\t\t\t\t<!-- \/upvote section -->\n\n\t\t\t\t\t\t\t\t\t\t\t\t\n\t\t\t\t\t<\/li>\n\t\t\t\t\t\n\t\t\t\t\t<li id=\"item-2511-18\">\n\t\t\t\t\t\t\t\t\t\t\t\t<!-- List Anchor -->\n\t\t\t\t\t\t<a   href=\"https:\/\/www.revistasuninter.com\/intersaberes\/index.php\/revista\"\n\t\t\t\t\t\t\ttarget=\"_blank\">\n\n\t\t\t\t\t\t\t<!-- Image, If Present -->\n\t\t\t\t\t\t\t18 - \t\t\t\t\t\t\t\t\t\t\t\t\t\t\n\t\t\t\t\t\t\t\n\t\t\t\t\t\t\t\t<span class=\"list-img\">\n\t\t\t\t\t\t\t\t\t\t\t\t\t\t\t\t\t\t<img src=\"https:\/\/www.uninter.com\/biblioteca\/wp-content\/uploads\/2020\/04\/homepageImage_pt_BR-1-150x150.png\" alt=\"\">\n\t\t\t\t\t\t\t\t<\/span>\n\t\t\t\t\t\t\t\n\t\t\t\t\t\t\t<!-- Link Text -->\n\t\t\t\t\t\t\tRevista Intersaberes\t\t\t\t\t\t\t\n\t\t\t\t\t\t\t\t\t\t\t\t\t\t<span style=\"font-size:12px;\"><br>\n\t                                \t\t\t\t\t\t\t<\/span>\t\n\t                        \n\t\t\t\t\t\t<\/a>\n\t\t\t\t\t\t\n\t\t\t\t\t\t\t<!-- upvote section -->\n\t\t\t\t\t\t\t<div class=\"upvote-section\">\n\t\t\t\t\t\t\t\t<span data-post-id=\"2511\" data-item-title=\"Revista Intersaberes\" data-item-link=\"https:\/\/www.revistasuninter.com\/intersaberes\/index.php\/revista\" class=\"upvote-btn upvote-on\">\n\t\t\t\t\t\t\t\t\t<i class=\"fa fa-thumbs-up\"><\/i>\n\t\t\t\t\t\t\t\t<\/span>\n\t\t\t\t\t\t\t\t<span class=\"upvote-count\">\n\t\t\t\t\t\t\t\t\t2\t\t\t\t\t\t\t\t<\/span>\n\t\t\t\t\t\t\t<\/div>\n\t\t\t\t\t\t\t<!-- \/upvote section -->\n\n\t\t\t\t\t\t\t\t\t\t\t\t\n\t\t\t\t\t<\/li>\n\t\t\t\t\t\n\t\t\t\t\t<li id=\"item-2511-19\">\n\t\t\t\t\t\t\t\t\t\t\t\t<!-- List Anchor -->\n\t\t\t\t\t\t<a   href=\"https:\/\/www.revistasuninter.com\/revistameioambiente\/index.php\/meioAmbiente\"\n\t\t\t\t\t\t\ttarget=\"_blank\">\n\n\t\t\t\t\t\t\t<!-- Image, If Present -->\n\t\t\t\t\t\t\t19 - \t\t\t\t\t\t\t\t\t\t\t\t\t\t\n\t\t\t\t\t\t\t\n\t\t\t\t\t\t\t\t<span class=\"list-img\">\n\t\t\t\t\t\t\t\t\t\t\t\t\t\t\t\t\t\t<img src=\"https:\/\/www.uninter.com\/biblioteca\/wp-content\/uploads\/2020\/04\/download-1-150x150.jpg\" alt=\"\">\n\t\t\t\t\t\t\t\t<\/span>\n\t\t\t\t\t\t\t\n\t\t\t\t\t\t\t<!-- Link Text -->\n\t\t\t\t\t\t\tRevista Meio Ambiente e Sustentabilidade\t\t\t\t\t\t\t\n\t\t\t\t\t\t\t\t\t\t\t\t\t\t<span style=\"font-size:12px;\"><br>\n\t                                \t\t\t\t\t\t\t<\/span>\t\n\t                        \n\t\t\t\t\t\t<\/a>\n\t\t\t\t\t\t\n\t\t\t\t\t\t\t<!-- upvote section -->\n\t\t\t\t\t\t\t<div class=\"upvote-section\">\n\t\t\t\t\t\t\t\t<span data-post-id=\"2511\" data-item-title=\"Revista Meio Ambiente e Sustentabilidade\" data-item-link=\"https:\/\/www.revistasuninter.com\/revistameioambiente\/index.php\/meioAmbiente\" class=\"upvote-btn upvote-on\">\n\t\t\t\t\t\t\t\t\t<i class=\"fa fa-thumbs-up\"><\/i>\n\t\t\t\t\t\t\t\t<\/span>\n\t\t\t\t\t\t\t\t<span class=\"upvote-count\">\n\t\t\t\t\t\t\t\t\t2\t\t\t\t\t\t\t\t<\/span>\n\t\t\t\t\t\t\t<\/div>\n\t\t\t\t\t\t\t<!-- \/upvote section -->\n\n\t\t\t\t\t\t\t\t\t\t\t\t\n\t\t\t\t\t<\/li>\n\t\t\t\t\t\n\t\t\t\t\t<li id=\"item-2511-20\">\n\t\t\t\t\t\t\t\t\t\t\t\t<!-- List Anchor -->\n\t\t\t\t\t\t<a   href=\"http:\/\/www.uel.br\/revistas\/uel\/index.php\/direitopub\"\n\t\t\t\t\t\t\ttarget=\"_blank\">\n\n\t\t\t\t\t\t\t<!-- Image, If Present -->\n\t\t\t\t\t\t\t20 - \t\t\t\t\t\t\t\t\t\t\t\t\t\t\n\t\t\t\t\t\t\t\n\t\t\t\t\t\t\t\t<span class=\"list-img\">\n\t\t\t\t\t\t\t\t\t\t\t\t\t\t\t\t\t\t<img src=\"https:\/\/www.uninter.com\/biblioteca\/wp-content\/uploads\/2020\/04\/direito-publico-150x150.jpg\" alt=\"\">\n\t\t\t\t\t\t\t\t<\/span>\n\t\t\t\t\t\t\t\n\t\t\t\t\t\t\t<!-- Link Text -->\n\t\t\t\t\t\t\tRevista do Direito P\u00fablico\t\t\t\t\t\t\t\n\t\t\t\t\t\t\t\t\t\t\t\t\t\t<span style=\"font-size:12px;\"><br>\n\t                                \t\t\t\t\t\t\t<\/span>\t\n\t                        \n\t\t\t\t\t\t<\/a>\n\t\t\t\t\t\t\n\t\t\t\t\t\t\t<!-- upvote section -->\n\t\t\t\t\t\t\t<div class=\"upvote-section\">\n\t\t\t\t\t\t\t\t<span data-post-id=\"2511\" data-item-title=\"Revista do Direito P\u00fablico\" data-item-link=\"http:\/\/www.uel.br\/revistas\/uel\/index.php\/direitopub\" class=\"upvote-btn upvote-on\">\n\t\t\t\t\t\t\t\t\t<i class=\"fa fa-thumbs-up\"><\/i>\n\t\t\t\t\t\t\t\t<\/span>\n\t\t\t\t\t\t\t\t<span class=\"upvote-count\">\n\t\t\t\t\t\t\t\t\t2\t\t\t\t\t\t\t\t<\/span>\n\t\t\t\t\t\t\t<\/div>\n\t\t\t\t\t\t\t<!-- \/upvote section -->\n\n\t\t\t\t\t\t\t\t\t\t\t\t\n\t\t\t\t\t<\/li>\n\t\t\t\t\t\t\t\t\t<\/ul>\n\n\t\t\t<\/div>\n\n\t\t<\/div>\n\t\t<!-- \/Individual List Item -->\n\n\t\t\n\t\t<br \/>\n\r\n<!--  Starting Simple Link Directory Plugin Output -->\n<div class=\"qcopd_embed_container\">\r\n\r\n\r\n\r\n\r\n\r\n\r\n\r\n<\/div>\r\n<div class=\"qcopd-list-wrapper\">\n\t<div id=\"opd-list-holder\" class=\"qcopd-list-holder\">\n\t\t\n\t\t<!-- Individual List Item -->\n\t\t<div id=\"list-item-1-1450\" class=\"qc-grid-item qcopd-list-column opd-column-1 simple opd-list-id-1450\">\n\t\t\t<div class=\"qcopd-single-list\">\n\t\t\t\t\t<h2 onclick=\"if(document.getElementById('1450').style.display=='block'){document.getElementById('1450').style.display='none';}else{document.getElementById('1450').style.display='block';};\">\n\t\t\t\t\tRela\u00e7\u00f5es Internacionais\t\t\t\t<\/h2>\n\t\t\t\t<ul  style=display:none; id=1450 >\n\t\t\t\t\t\n\t\t\t\t\t<li id=\"item-1450-1\">\n\t\t\t\t\t\t\t\t\t\t\t\t<!-- List Anchor -->\n\t\t\t\t\t\t<a   href=\"https:\/\/seer.ufrgs.br\/index.php\/austral\/index\"\n\t\t\t\t\t\t\ttarget=\"_blank\">\n\n\t\t\t\t\t\t\t<!-- Image, If Present -->\n\t\t\t\t\t\t\t1 - \t\t\t\t\t\t\t\t\t\t\t\t\t\t\n\t\t\t\t\t\t\t\n\t\t\t\t\t\t\t\t<span class=\"list-img\">\n\t\t\t\t\t\t\t\t\t\t\t\t\t\t\t\t\t\t<img src=\"https:\/\/www.uninter.com\/biblioteca\/wp-content\/uploads\/2019\/08\/austral-150x150.jpg\" alt=\"\">\n\t\t\t\t\t\t\t\t<\/span>\n\t\t\t\t\t\t\t\n\t\t\t\t\t\t\t<!-- Link Text -->\n\t\t\t\t\t\t\tRevista Brasileira de Estrat\u00e9gia e Rela\u00e7\u00f5es Internacionais\t\t\t\t\t\t\t\n\t\t\t\t\t\t\t\t\t\t\t\t\t\t<span style=\"font-size:12px;\"><br>\n\t                                \t\t\t\t\t\t\t<\/span>\t\n\t                        \n\t\t\t\t\t\t<\/a>\n\t\t\t\t\t\t\n\t\t\t\t\t\t\t<!-- upvote section -->\n\t\t\t\t\t\t\t<div class=\"upvote-section\">\n\t\t\t\t\t\t\t\t<span data-post-id=\"1450\" data-item-title=\"Revista Brasileira de Estrat\u00e9gia e Rela\u00e7\u00f5es Internacionais\" data-item-link=\"https:\/\/seer.ufrgs.br\/index.php\/austral\/index\" class=\"upvote-btn upvote-on\">\n\t\t\t\t\t\t\t\t\t<i class=\"fa fa-thumbs-up\"><\/i>\n\t\t\t\t\t\t\t\t<\/span>\n\t\t\t\t\t\t\t\t<span class=\"upvote-count\">\n\t\t\t\t\t\t\t\t\t\t\t\t\t\t\t\t\t<\/span>\n\t\t\t\t\t\t\t<\/div>\n\t\t\t\t\t\t\t<!-- \/upvote section -->\n\n\t\t\t\t\t\t\t\t\t\t\t\t\n\t\t\t\t\t<\/li>\n\t\t\t\t\t\n\t\t\t\t\t<li id=\"item-1450-2\">\n\t\t\t\t\t\t\t\t\t\t\t\t<!-- List Anchor -->\n\t\t\t\t\t\t<a   href=\"http:\/\/periodicos.pucminas.br\/index.php\/conjuntura\"\n\t\t\t\t\t\t\ttarget=\"_blank\">\n\n\t\t\t\t\t\t\t<!-- Image, If Present -->\n\t\t\t\t\t\t\t2 - \t\t\t\t\t\t\t\t\t\t\t\t\t\t\n\t\t\t\t\t\t\t\n\t\t\t\t\t\t\t\t<span class=\"list-img\">\n\t\t\t\t\t\t\t\t\t\t\t\t\t\t\t\t\t\t<img src=\"https:\/\/www.uninter.com\/biblioteca\/wp-content\/uploads\/2019\/08\/conjuntura-1-150x150.jpg\" alt=\"\">\n\t\t\t\t\t\t\t\t<\/span>\n\t\t\t\t\t\t\t\n\t\t\t\t\t\t\t<!-- Link Text -->\n\t\t\t\t\t\t\tRevista Conjuntura Internacional\t\t\t\t\t\t\t\n\t\t\t\t\t\t\t\t\t\t\t\t\t\t<span style=\"font-size:12px;\"><br>\n\t                                \t\t\t\t\t\t\t<\/span>\t\n\t                        \n\t\t\t\t\t\t<\/a>\n\t\t\t\t\t\t\n\t\t\t\t\t\t\t<!-- upvote section -->\n\t\t\t\t\t\t\t<div class=\"upvote-section\">\n\t\t\t\t\t\t\t\t<span data-post-id=\"1450\" data-item-title=\"Revista Conjuntura Internacional\" data-item-link=\"http:\/\/periodicos.pucminas.br\/index.php\/conjuntura\" class=\"upvote-btn upvote-on\">\n\t\t\t\t\t\t\t\t\t<i class=\"fa fa-thumbs-up\"><\/i>\n\t\t\t\t\t\t\t\t<\/span>\n\t\t\t\t\t\t\t\t<span class=\"upvote-count\">\n\t\t\t\t\t\t\t\t\t\t\t\t\t\t\t\t\t<\/span>\n\t\t\t\t\t\t\t<\/div>\n\t\t\t\t\t\t\t<!-- \/upvote section -->\n\n\t\t\t\t\t\t\t\t\t\t\t\t\n\t\t\t\t\t<\/li>\n\t\t\t\t\t\n\t\t\t\t\t<li id=\"item-1450-3\">\n\t\t\t\t\t\t\t\t\t\t\t\t<!-- List Anchor -->\n\t\t\t\t\t\t<a   href=\"http:\/\/periodicos.pucminas.br\/index.php\/estudosinternacionais\"\n\t\t\t\t\t\t\ttarget=\"_blank\">\n\n\t\t\t\t\t\t\t<!-- Image, If Present -->\n\t\t\t\t\t\t\t3 - \t\t\t\t\t\t\t\t\t\t\t\t\t\t\n\t\t\t\t\t\t\t\n\t\t\t\t\t\t\t\t<span class=\"list-img\">\n\t\t\t\t\t\t\t\t\t\t\t\t\t\t\t\t\t\t<img src=\"https:\/\/www.uninter.com\/biblioteca\/wp-content\/uploads\/2019\/08\/ei-150x150.jpg\" alt=\"\">\n\t\t\t\t\t\t\t\t<\/span>\n\t\t\t\t\t\t\t\n\t\t\t\t\t\t\t<!-- Link Text -->\n\t\t\t\t\t\t\tRevista de Rela\u00e7\u00f5es Internacionais da PUC Minas\t\t\t\t\t\t\t\n\t\t\t\t\t\t\t\t\t\t\t\t\t\t<span style=\"font-size:12px;\"><br>\n\t                                \t\t\t\t\t\t\t<\/span>\t\n\t                        \n\t\t\t\t\t\t<\/a>\n\t\t\t\t\t\t\n\t\t\t\t\t\t\t<!-- upvote section -->\n\t\t\t\t\t\t\t<div class=\"upvote-section\">\n\t\t\t\t\t\t\t\t<span data-post-id=\"1450\" data-item-title=\"Revista de Rela\u00e7\u00f5es Internacionais da PUC Minas\" data-item-link=\"http:\/\/periodicos.pucminas.br\/index.php\/estudosinternacionais\" class=\"upvote-btn upvote-on\">\n\t\t\t\t\t\t\t\t\t<i class=\"fa fa-thumbs-up\"><\/i>\n\t\t\t\t\t\t\t\t<\/span>\n\t\t\t\t\t\t\t\t<span class=\"upvote-count\">\n\t\t\t\t\t\t\t\t\t\t\t\t\t\t\t\t\t<\/span>\n\t\t\t\t\t\t\t<\/div>\n\t\t\t\t\t\t\t<!-- \/upvote section -->\n\n\t\t\t\t\t\t\t\t\t\t\t\t\n\t\t\t\t\t<\/li>\n\t\t\t\t\t\n\t\t\t\t\t<li id=\"item-1450-4\">\n\t\t\t\t\t\t\t\t\t\t\t\t<!-- List Anchor -->\n\t\t\t\t\t\t<a   href=\"http:\/\/periodicos.pucminas.br\/index.php\/fronteira\"\n\t\t\t\t\t\t\ttarget=\"_blank\">\n\n\t\t\t\t\t\t\t<!-- Image, If Present -->\n\t\t\t\t\t\t\t4 - \t\t\t\t\t\t\t\t\t\t\t\t\t\t\n\t\t\t\t\t\t\t\n\t\t\t\t\t\t\t\t<span class=\"list-img\">\n\t\t\t\t\t\t\t\t\t\t\t\t\t\t\t\t\t\t<img src=\"https:\/\/www.uninter.com\/biblioteca\/wp-content\/uploads\/2019\/08\/fronteira-150x150.jpg\" alt=\"\">\n\t\t\t\t\t\t\t\t<\/span>\n\t\t\t\t\t\t\t\n\t\t\t\t\t\t\t<!-- Link Text -->\n\t\t\t\t\t\t\tRevista de Inicia\u00e7\u00e3o Cient\u00edfica em Rela\u00e7\u00f5es Internacionais\t\t\t\t\t\t\t\n\t\t\t\t\t\t\t\t\t\t\t\t\t\t<span style=\"font-size:12px;\"><br>\n\t                                \t\t\t\t\t\t\t<\/span>\t\n\t                        \n\t\t\t\t\t\t<\/a>\n\t\t\t\t\t\t\n\t\t\t\t\t\t\t<!-- upvote section -->\n\t\t\t\t\t\t\t<div class=\"upvote-section\">\n\t\t\t\t\t\t\t\t<span data-post-id=\"1450\" data-item-title=\"Revista de Inicia\u00e7\u00e3o Cient\u00edfica em Rela\u00e7\u00f5es Internacionais\" data-item-link=\"http:\/\/periodicos.pucminas.br\/index.php\/fronteira\" class=\"upvote-btn upvote-on\">\n\t\t\t\t\t\t\t\t\t<i class=\"fa fa-thumbs-up\"><\/i>\n\t\t\t\t\t\t\t\t<\/span>\n\t\t\t\t\t\t\t\t<span class=\"upvote-count\">\n\t\t\t\t\t\t\t\t\t\t\t\t\t\t\t\t\t<\/span>\n\t\t\t\t\t\t\t<\/div>\n\t\t\t\t\t\t\t<!-- \/upvote section -->\n\n\t\t\t\t\t\t\t\t\t\t\t\t\n\t\t\t\t\t<\/li>\n\t\t\t\t\t\n\t\t\t\t\t<li id=\"item-1450-5\">\n\t\t\t\t\t\t\t\t\t\t\t\t<!-- List Anchor -->\n\t\t\t\t\t\t<a   href=\"https:\/\/jia.sipa.columbia.edu\/\"\n\t\t\t\t\t\t\ttarget=\"_blank\">\n\n\t\t\t\t\t\t\t<!-- Image, If Present -->\n\t\t\t\t\t\t\t5 - \t\t\t\t\t\t\t\t\t\t\t\t\t\t\n\t\t\t\t\t\t\t\n\t\t\t\t\t\t\t\t<span class=\"list-img\">\n\t\t\t\t\t\t\t\t\t\t\t\t\t\t\t\t\t\t<img src=\"https:\/\/www.uninter.com\/biblioteca\/wp-content\/uploads\/2019\/08\/affairs-150x150.jpg\" alt=\"\">\n\t\t\t\t\t\t\t\t<\/span>\n\t\t\t\t\t\t\t\n\t\t\t\t\t\t\t<!-- Link Text -->\n\t\t\t\t\t\t\tJournal of International Affairs\t\t\t\t\t\t\t\n\t\t\t\t\t\t\t\t\t\t\t\t\t\t<span style=\"font-size:12px;\"><br>\n\t                                \t\t\t\t\t\t\t<\/span>\t\n\t                        \n\t\t\t\t\t\t<\/a>\n\t\t\t\t\t\t\n\t\t\t\t\t\t\t<!-- upvote section -->\n\t\t\t\t\t\t\t<div class=\"upvote-section\">\n\t\t\t\t\t\t\t\t<span data-post-id=\"1450\" data-item-title=\"Journal of International Affairs\" data-item-link=\"https:\/\/jia.sipa.columbia.edu\/\" class=\"upvote-btn upvote-on\">\n\t\t\t\t\t\t\t\t\t<i class=\"fa fa-thumbs-up\"><\/i>\n\t\t\t\t\t\t\t\t<\/span>\n\t\t\t\t\t\t\t\t<span class=\"upvote-count\">\n\t\t\t\t\t\t\t\t\t\t\t\t\t\t\t\t\t<\/span>\n\t\t\t\t\t\t\t<\/div>\n\t\t\t\t\t\t\t<!-- \/upvote section -->\n\n\t\t\t\t\t\t\t\t\t\t\t\t\n\t\t\t\t\t<\/li>\n\t\t\t\t\t\n\t\t\t\t\t<li id=\"item-1450-6\">\n\t\t\t\t\t\t\t\t\t\t\t\t<!-- List Anchor -->\n\t\t\t\t\t\t<a   href=\"https:\/\/www.tandfonline.com\/toc\/fjss20\/current\"\n\t\t\t\t\t\t\ttarget=\"_blank\">\n\n\t\t\t\t\t\t\t<!-- Image, If Present -->\n\t\t\t\t\t\t\t6 - \t\t\t\t\t\t\t\t\t\t\t\t\t\t\n\t\t\t\t\t\t\t\n\t\t\t\t\t\t\t\t<span class=\"list-img\">\n\t\t\t\t\t\t\t\t\t\t\t\t\t\t\t\t\t\t<img src=\"https:\/\/www.uninter.com\/biblioteca\/wp-content\/uploads\/2019\/08\/studies-150x150.jpg\" alt=\"\">\n\t\t\t\t\t\t\t\t<\/span>\n\t\t\t\t\t\t\t\n\t\t\t\t\t\t\t<!-- Link Text -->\n\t\t\t\t\t\t\tJournal of Strategic Studies\t\t\t\t\t\t\t\n\t\t\t\t\t\t\t\t\t\t\t\t\t\t<span style=\"font-size:12px;\"><br>\n\t                                \t\t\t\t\t\t\t<\/span>\t\n\t                        \n\t\t\t\t\t\t<\/a>\n\t\t\t\t\t\t\n\t\t\t\t\t\t\t<!-- upvote section -->\n\t\t\t\t\t\t\t<div class=\"upvote-section\">\n\t\t\t\t\t\t\t\t<span data-post-id=\"1450\" data-item-title=\"Journal of Strategic Studies\" data-item-link=\"https:\/\/www.tandfonline.com\/toc\/fjss20\/current\" class=\"upvote-btn upvote-on\">\n\t\t\t\t\t\t\t\t\t<i class=\"fa fa-thumbs-up\"><\/i>\n\t\t\t\t\t\t\t\t<\/span>\n\t\t\t\t\t\t\t\t<span class=\"upvote-count\">\n\t\t\t\t\t\t\t\t\t\t\t\t\t\t\t\t\t<\/span>\n\t\t\t\t\t\t\t<\/div>\n\t\t\t\t\t\t\t<!-- \/upvote section -->\n\n\t\t\t\t\t\t\t\t\t\t\t\t\n\t\t\t\t\t<\/li>\n\t\t\t\t\t\n\t\t\t\t\t<li id=\"item-1450-7\">\n\t\t\t\t\t\t\t\t\t\t\t\t<!-- List Anchor -->\n\t\t\t\t\t\t<a   href=\"https:\/\/scholarlycommons.law.northwestern.edu\/njtip\/\"\n\t\t\t\t\t\t\ttarget=\"_blank\">\n\n\t\t\t\t\t\t\t<!-- Image, If Present -->\n\t\t\t\t\t\t\t7 - \t\t\t\t\t\t\t\t\t\t\t\t\t\t\n\t\t\t\t\t\t\t\n\t\t\t\t\t\t\t\t<span class=\"list-img\">\n\t\t\t\t\t\t\t\t\t\t\t\t\t\t\t\t\t\t<img src=\"https:\/\/www.uninter.com\/biblioteca\/wp-content\/uploads\/2019\/08\/property-150x150.jpg\" alt=\"\">\n\t\t\t\t\t\t\t\t<\/span>\n\t\t\t\t\t\t\t\n\t\t\t\t\t\t\t<!-- Link Text -->\n\t\t\t\t\t\t\tJournal of Technology and Intellectual Property\t\t\t\t\t\t\t\n\t\t\t\t\t\t\t\t\t\t\t\t\t\t<span style=\"font-size:12px;\"><br>\n\t                                \t\t\t\t\t\t\t<\/span>\t\n\t                        \n\t\t\t\t\t\t<\/a>\n\t\t\t\t\t\t\n\t\t\t\t\t\t\t<!-- upvote section -->\n\t\t\t\t\t\t\t<div class=\"upvote-section\">\n\t\t\t\t\t\t\t\t<span data-post-id=\"1450\" data-item-title=\"Journal of Technology and Intellectual Property\" data-item-link=\"https:\/\/scholarlycommons.law.northwestern.edu\/njtip\/\" class=\"upvote-btn upvote-on\">\n\t\t\t\t\t\t\t\t\t<i class=\"fa fa-thumbs-up\"><\/i>\n\t\t\t\t\t\t\t\t<\/span>\n\t\t\t\t\t\t\t\t<span class=\"upvote-count\">\n\t\t\t\t\t\t\t\t\t\t\t\t\t\t\t\t\t<\/span>\n\t\t\t\t\t\t\t<\/div>\n\t\t\t\t\t\t\t<!-- \/upvote section -->\n\n\t\t\t\t\t\t\t\t\t\t\t\t\n\t\t\t\t\t<\/li>\n\t\t\t\t\t\n\t\t\t\t\t<li id=\"item-1450-8\">\n\t\t\t\t\t\t\t\t\t\t\t\t<!-- List Anchor -->\n\t\t\t\t\t\t<a   href=\"http:\/\/www.iri.usp.br\/?pg=72\"\n\t\t\t\t\t\t\ttarget=\"_blank\">\n\n\t\t\t\t\t\t\t<!-- Image, If Present -->\n\t\t\t\t\t\t\t8 - \t\t\t\t\t\t\t\t\t\t\t\t\t\t\n\t\t\t\t\t\t\t\n\t\t\t\t\t\t\t\t<span class=\"list-img\">\n\t\t\t\t\t\t\t\t\t\t\t\t\t\t\t\t\t\t<img src=\"https:\/\/www.uninter.com\/biblioteca\/wp-content\/uploads\/2019\/08\/panorama-150x150.jpg\" alt=\"\">\n\t\t\t\t\t\t\t\t<\/span>\n\t\t\t\t\t\t\t\n\t\t\t\t\t\t\t<!-- Link Text -->\n\t\t\t\t\t\t\tPanorama da Conjuntura Internacional\t\t\t\t\t\t\t\n\t\t\t\t\t\t\t\t\t\t\t\t\t\t<span style=\"font-size:12px;\"><br>\n\t                                \t\t\t\t\t\t\t<\/span>\t\n\t                        \n\t\t\t\t\t\t<\/a>\n\t\t\t\t\t\t\n\t\t\t\t\t\t\t<!-- upvote section -->\n\t\t\t\t\t\t\t<div class=\"upvote-section\">\n\t\t\t\t\t\t\t\t<span data-post-id=\"1450\" data-item-title=\"Panorama da Conjuntura Internacional\" data-item-link=\"http:\/\/www.iri.usp.br\/?pg=72\" class=\"upvote-btn upvote-on\">\n\t\t\t\t\t\t\t\t\t<i class=\"fa fa-thumbs-up\"><\/i>\n\t\t\t\t\t\t\t\t<\/span>\n\t\t\t\t\t\t\t\t<span class=\"upvote-count\">\n\t\t\t\t\t\t\t\t\t\t\t\t\t\t\t\t\t<\/span>\n\t\t\t\t\t\t\t<\/div>\n\t\t\t\t\t\t\t<!-- \/upvote section -->\n\n\t\t\t\t\t\t\t\t\t\t\t\t\n\t\t\t\t\t<\/li>\n\t\t\t\t\t\n\t\t\t\t\t<li id=\"item-1450-9\">\n\t\t\t\t\t\t\t\t\t\t\t\t<!-- List Anchor -->\n\t\t\t\t\t\t<a   href=\"https:\/\/www.ifri.org\/\"\n\t\t\t\t\t\t\ttarget=\"_blank\">\n\n\t\t\t\t\t\t\t<!-- Image, If Present -->\n\t\t\t\t\t\t\t9 - \t\t\t\t\t\t\t\t\t\t\t\t\t\t\n\t\t\t\t\t\t\t\n\t\t\t\t\t\t\t\t<span class=\"list-img\">\n\t\t\t\t\t\t\t\t\t\t\t\t\t\t\t\t\t\t<img src=\"https:\/\/www.uninter.com\/biblioteca\/wp-content\/uploads\/2019\/08\/ifri-150x150.jpg\" alt=\"\">\n\t\t\t\t\t\t\t\t<\/span>\n\t\t\t\t\t\t\t\n\t\t\t\t\t\t\t<!-- Link Text -->\n\t\t\t\t\t\t\tRelations Internationales\t\t\t\t\t\t\t\n\t\t\t\t\t\t\t\t\t\t\t\t\t\t<span style=\"font-size:12px;\"><br>\n\t                                \t\t\t\t\t\t\t<\/span>\t\n\t                        \n\t\t\t\t\t\t<\/a>\n\t\t\t\t\t\t\n\t\t\t\t\t\t\t<!-- upvote section -->\n\t\t\t\t\t\t\t<div class=\"upvote-section\">\n\t\t\t\t\t\t\t\t<span data-post-id=\"1450\" data-item-title=\"Relations Internationales\" data-item-link=\"https:\/\/www.ifri.org\/\" class=\"upvote-btn upvote-on\">\n\t\t\t\t\t\t\t\t\t<i class=\"fa fa-thumbs-up\"><\/i>\n\t\t\t\t\t\t\t\t<\/span>\n\t\t\t\t\t\t\t\t<span class=\"upvote-count\">\n\t\t\t\t\t\t\t\t\t\t\t\t\t\t\t\t\t<\/span>\n\t\t\t\t\t\t\t<\/div>\n\t\t\t\t\t\t\t<!-- \/upvote section -->\n\n\t\t\t\t\t\t\t\t\t\t\t\t\n\t\t\t\t\t<\/li>\n\t\t\t\t\t\n\t\t\t\t\t<li id=\"item-1450-10\">\n\t\t\t\t\t\t\t\t\t\t\t\t<!-- List Anchor -->\n\t\t\t\t\t\t<a   href=\"https:\/\/revistas.ufpr.br\/dint\/issue\/view\/799\"\n\t\t\t\t\t\t\ttarget=\"_blank\">\n\n\t\t\t\t\t\t\t<!-- Image, If Present -->\n\t\t\t\t\t\t\t10 - \t\t\t\t\t\t\t\t\t\t\t\t\t\t\n\t\t\t\t\t\t\t\n\t\t\t\t\t\t\t\t<span class=\"list-img\">\n\t\t\t\t\t\t\t\t\t\t\t\t\t\t\t\t\t\t<img src=\"https:\/\/www.uninter.com\/biblioteca\/wp-content\/uploads\/2019\/08\/rbdi-150x150.jpg\" alt=\"\">\n\t\t\t\t\t\t\t\t<\/span>\n\t\t\t\t\t\t\t\n\t\t\t\t\t\t\t<!-- Link Text -->\n\t\t\t\t\t\t\tRevista Brasileira de Direito Internacional \u2013 RBDI\t\t\t\t\t\t\t\n\t\t\t\t\t\t\t\t\t\t\t\t\t\t<span style=\"font-size:12px;\"><br>\n\t                                \t\t\t\t\t\t\t<\/span>\t\n\t                        \n\t\t\t\t\t\t<\/a>\n\t\t\t\t\t\t\n\t\t\t\t\t\t\t<!-- upvote section -->\n\t\t\t\t\t\t\t<div class=\"upvote-section\">\n\t\t\t\t\t\t\t\t<span data-post-id=\"1450\" data-item-title=\"Revista Brasileira de Direito Internacional \u2013 RBDI\" data-item-link=\"https:\/\/revistas.ufpr.br\/dint\/issue\/view\/799\" class=\"upvote-btn upvote-on\">\n\t\t\t\t\t\t\t\t\t<i class=\"fa fa-thumbs-up\"><\/i>\n\t\t\t\t\t\t\t\t<\/span>\n\t\t\t\t\t\t\t\t<span class=\"upvote-count\">\n\t\t\t\t\t\t\t\t\t\t\t\t\t\t\t\t\t<\/span>\n\t\t\t\t\t\t\t<\/div>\n\t\t\t\t\t\t\t<!-- \/upvote section -->\n\n\t\t\t\t\t\t\t\t\t\t\t\t\n\t\t\t\t\t<\/li>\n\t\t\t\t\t\n\t\t\t\t\t<li id=\"item-1450-11\">\n\t\t\t\t\t\t\t\t\t\t\t\t<!-- List Anchor -->\n\t\t\t\t\t\t<a   href=\"http:\/\/www.mundorama.net\/2009\/06\/13\/revista-cena-internacional-vol-10-no-2-2008\/\"\n\t\t\t\t\t\t\ttarget=\"_blank\">\n\n\t\t\t\t\t\t\t<!-- Image, If Present -->\n\t\t\t\t\t\t\t11 - \t\t\t\t\t\t\t\t\t\t\t\t\t\t\n\t\t\t\t\t\t\t\n\t\t\t\t\t\t\t\t<span class=\"list-img\">\n\t\t\t\t\t\t\t\t\t\t\t\t\t\t\t\t\t\t<img src=\"https:\/\/www.uninter.com\/biblioteca\/wp-content\/uploads\/2019\/08\/mundorama-150x150.jpg\" alt=\"\">\n\t\t\t\t\t\t\t\t<\/span>\n\t\t\t\t\t\t\t\n\t\t\t\t\t\t\t<!-- Link Text -->\n\t\t\t\t\t\t\tRevista Cena Internacional\t\t\t\t\t\t\t\n\t\t\t\t\t\t\t\t\t\t\t\t\t\t<span style=\"font-size:12px;\"><br>\n\t                                \t\t\t\t\t\t\t<\/span>\t\n\t                        \n\t\t\t\t\t\t<\/a>\n\t\t\t\t\t\t\n\t\t\t\t\t\t\t<!-- upvote section -->\n\t\t\t\t\t\t\t<div class=\"upvote-section\">\n\t\t\t\t\t\t\t\t<span data-post-id=\"1450\" data-item-title=\"Revista Cena Internacional\" data-item-link=\"http:\/\/www.mundorama.net\/2009\/06\/13\/revista-cena-internacional-vol-10-no-2-2008\/\" class=\"upvote-btn upvote-on\">\n\t\t\t\t\t\t\t\t\t<i class=\"fa fa-thumbs-up\"><\/i>\n\t\t\t\t\t\t\t\t<\/span>\n\t\t\t\t\t\t\t\t<span class=\"upvote-count\">\n\t\t\t\t\t\t\t\t\t\t\t\t\t\t\t\t\t<\/span>\n\t\t\t\t\t\t\t<\/div>\n\t\t\t\t\t\t\t<!-- \/upvote section -->\n\n\t\t\t\t\t\t\t\t\t\t\t\t\n\t\t\t\t\t<\/li>\n\t\t\t\t\t\n\t\t\t\t\t<li id=\"item-1450-12\">\n\t\t\t\t\t\t\t\t\t\t\t\t<!-- List Anchor -->\n\t\t\t\t\t\t<a   href=\"https:\/\/portalibre.fgv.br\/main.jsp?lumChannelId=402880811D8E34B9011D92CC23104342\"\n\t\t\t\t\t\t\ttarget=\"_blank\">\n\n\t\t\t\t\t\t\t<!-- Image, If Present -->\n\t\t\t\t\t\t\t12 - \t\t\t\t\t\t\t\t\t\t\t\t\t\t\n\t\t\t\t\t\t\t\n\t\t\t\t\t\t\t\t<span class=\"list-img\">\n\t\t\t\t\t\t\t\t\t\t\t\t\t\t\t\t\t\t<img src=\"https:\/\/www.uninter.com\/biblioteca\/wp-content\/uploads\/2019\/08\/conjunturaEco-150x150.jpg\" alt=\"\">\n\t\t\t\t\t\t\t\t<\/span>\n\t\t\t\t\t\t\t\n\t\t\t\t\t\t\t<!-- Link Text -->\n\t\t\t\t\t\t\tRevista Conjuntura Economica\t\t\t\t\t\t\t\n\t\t\t\t\t\t\t\t\t\t\t\t\t\t<span style=\"font-size:12px;\"><br>\n\t                                \t\t\t\t\t\t\t<\/span>\t\n\t                        \n\t\t\t\t\t\t<\/a>\n\t\t\t\t\t\t\n\t\t\t\t\t\t\t<!-- upvote section -->\n\t\t\t\t\t\t\t<div class=\"upvote-section\">\n\t\t\t\t\t\t\t\t<span data-post-id=\"1450\" data-item-title=\"Revista Conjuntura Economica\" data-item-link=\"https:\/\/portalibre.fgv.br\/main.jsp?lumChannelId=402880811D8E34B9011D92CC23104342\" class=\"upvote-btn upvote-on\">\n\t\t\t\t\t\t\t\t\t<i class=\"fa fa-thumbs-up\"><\/i>\n\t\t\t\t\t\t\t\t<\/span>\n\t\t\t\t\t\t\t\t<span class=\"upvote-count\">\n\t\t\t\t\t\t\t\t\t\t\t\t\t\t\t\t\t<\/span>\n\t\t\t\t\t\t\t<\/div>\n\t\t\t\t\t\t\t<!-- \/upvote section -->\n\n\t\t\t\t\t\t\t\t\t\t\t\t\n\t\t\t\t\t<\/li>\n\t\t\t\t\t\n\t\t\t\t\t<li id=\"item-1450-13\">\n\t\t\t\t\t\t\t\t\t\t\t\t<!-- List Anchor -->\n\t\t\t\t\t\t<a   href=\"https:\/\/jus.com.br\/revista\/direito-economico-internacional\"\n\t\t\t\t\t\t\ttarget=\"_blank\">\n\n\t\t\t\t\t\t\t<!-- Image, If Present -->\n\t\t\t\t\t\t\t13 - \t\t\t\t\t\t\t\t\t\t\t\t\t\t\n\t\t\t\t\t\t\t\n\t\t\t\t\t\t\t\t<span class=\"list-img\">\n\t\t\t\t\t\t\t\t\t\t\t\t\t\t\t\t\t\t<img src=\"https:\/\/www.uninter.com\/biblioteca\/wp-content\/uploads\/2019\/08\/internacional-150x150.jpg\" alt=\"\">\n\t\t\t\t\t\t\t\t<\/span>\n\t\t\t\t\t\t\t\n\t\t\t\t\t\t\t<!-- Link Text -->\n\t\t\t\t\t\t\tRevista de Direito Econ\u00f4mico Internacional\t\t\t\t\t\t\t\n\t\t\t\t\t\t\t\t\t\t\t\t\t\t<span style=\"font-size:12px;\"><br>\n\t                                \t\t\t\t\t\t\t<\/span>\t\n\t                        \n\t\t\t\t\t\t<\/a>\n\t\t\t\t\t\t\n\t\t\t\t\t\t\t<!-- upvote section -->\n\t\t\t\t\t\t\t<div class=\"upvote-section\">\n\t\t\t\t\t\t\t\t<span data-post-id=\"1450\" data-item-title=\"Revista de Direito Econ\u00f4mico Internacional\" data-item-link=\"https:\/\/jus.com.br\/revista\/direito-economico-internacional\" class=\"upvote-btn upvote-on\">\n\t\t\t\t\t\t\t\t\t<i class=\"fa fa-thumbs-up\"><\/i>\n\t\t\t\t\t\t\t\t<\/span>\n\t\t\t\t\t\t\t\t<span class=\"upvote-count\">\n\t\t\t\t\t\t\t\t\t\t\t\t\t\t\t\t\t<\/span>\n\t\t\t\t\t\t\t<\/div>\n\t\t\t\t\t\t\t<!-- \/upvote section -->\n\n\t\t\t\t\t\t\t\t\t\t\t\t\n\t\t\t\t\t<\/li>\n\t\t\t\t\t\n\t\t\t\t\t<li id=\"item-1450-14\">\n\t\t\t\t\t\t\t\t\t\t\t\t<!-- List Anchor -->\n\t\t\t\t\t\t<a   href=\"http:\/\/www.anpec.org.br\/revista\/index.htm\"\n\t\t\t\t\t\t\ttarget=\"_blank\">\n\n\t\t\t\t\t\t\t<!-- Image, If Present -->\n\t\t\t\t\t\t\t14 - \t\t\t\t\t\t\t\t\t\t\t\t\t\t\n\t\t\t\t\t\t\t\n\t\t\t\t\t\t\t\t<span class=\"list-img\">\n\t\t\t\t\t\t\t\t\t\t\t\t\t\t\t\t\t\t<img src=\"https:\/\/www.uninter.com\/biblioteca\/wp-content\/uploads\/2019\/08\/anpec-150x150.jpg\" alt=\"\">\n\t\t\t\t\t\t\t\t<\/span>\n\t\t\t\t\t\t\t\n\t\t\t\t\t\t\t<!-- Link Text -->\n\t\t\t\t\t\t\tRevista Economia\t\t\t\t\t\t\t\n\t\t\t\t\t\t\t\t\t\t\t\t\t\t<span style=\"font-size:12px;\"><br>\n\t                                \t\t\t\t\t\t\t<\/span>\t\n\t                        \n\t\t\t\t\t\t<\/a>\n\t\t\t\t\t\t\n\t\t\t\t\t\t\t<!-- upvote section -->\n\t\t\t\t\t\t\t<div class=\"upvote-section\">\n\t\t\t\t\t\t\t\t<span data-post-id=\"1450\" data-item-title=\"Revista Economia\" data-item-link=\"http:\/\/www.anpec.org.br\/revista\/index.htm\" class=\"upvote-btn upvote-on\">\n\t\t\t\t\t\t\t\t\t<i class=\"fa fa-thumbs-up\"><\/i>\n\t\t\t\t\t\t\t\t<\/span>\n\t\t\t\t\t\t\t\t<span class=\"upvote-count\">\n\t\t\t\t\t\t\t\t\t\t\t\t\t\t\t\t\t<\/span>\n\t\t\t\t\t\t\t<\/div>\n\t\t\t\t\t\t\t<!-- \/upvote section -->\n\n\t\t\t\t\t\t\t\t\t\t\t\t\n\t\t\t\t\t<\/li>\n\t\t\t\t\t\n\t\t\t\t\t<li id=\"item-1450-15\">\n\t\t\t\t\t\t\t\t\t\t\t\t<!-- List Anchor -->\n\t\t\t\t\t\t<a   href=\"http:\/\/www.reei.org\/\"\n\t\t\t\t\t\t\ttarget=\"_blank\">\n\n\t\t\t\t\t\t\t<!-- Image, If Present -->\n\t\t\t\t\t\t\t15 - \t\t\t\t\t\t\t\t\t\t\t\t\t\t\n\t\t\t\t\t\t\t\n\t\t\t\t\t\t\t\t<span class=\"list-img\">\n\t\t\t\t\t\t\t\t\t\t\t\t\t\t\t\t\t\t<img src=\"https:\/\/www.uninter.com\/biblioteca\/wp-content\/uploads\/2019\/08\/reei-150x150.jpg\" alt=\"\">\n\t\t\t\t\t\t\t\t<\/span>\n\t\t\t\t\t\t\t\n\t\t\t\t\t\t\t<!-- Link Text -->\n\t\t\t\t\t\t\tRevista Estudios Internacionales\t\t\t\t\t\t\t\n\t\t\t\t\t\t\t\t\t\t\t\t\t\t<span style=\"font-size:12px;\"><br>\n\t                                \t\t\t\t\t\t\t<\/span>\t\n\t                        \n\t\t\t\t\t\t<\/a>\n\t\t\t\t\t\t\n\t\t\t\t\t\t\t<!-- upvote section -->\n\t\t\t\t\t\t\t<div class=\"upvote-section\">\n\t\t\t\t\t\t\t\t<span data-post-id=\"1450\" data-item-title=\"Revista Estudios Internacionales\" data-item-link=\"http:\/\/www.reei.org\/\" class=\"upvote-btn upvote-on\">\n\t\t\t\t\t\t\t\t\t<i class=\"fa fa-thumbs-up\"><\/i>\n\t\t\t\t\t\t\t\t<\/span>\n\t\t\t\t\t\t\t\t<span class=\"upvote-count\">\n\t\t\t\t\t\t\t\t\t\t\t\t\t\t\t\t\t<\/span>\n\t\t\t\t\t\t\t<\/div>\n\t\t\t\t\t\t\t<!-- \/upvote section -->\n\n\t\t\t\t\t\t\t\t\t\t\t\t\n\t\t\t\t\t<\/li>\n\t\t\t\t\t\n\t\t\t\t\t<li id=\"item-1450-16\">\n\t\t\t\t\t\t\t\t\t\t\t\t<!-- List Anchor -->\n\t\t\t\t\t\t<a   href=\"https:\/\/jus.com.br\/revista\/direito-comercial\"\n\t\t\t\t\t\t\ttarget=\"_blank\">\n\n\t\t\t\t\t\t\t<!-- Image, If Present -->\n\t\t\t\t\t\t\t16 - \t\t\t\t\t\t\t\t\t\t\t\t\t\t\n\t\t\t\t\t\t\t\n\t\t\t\t\t\t\t\t<span class=\"list-img\">\n\t\t\t\t\t\t\t\t\t\t\t\t\t\t\t\t\t\t<img src=\"https:\/\/www.uninter.com\/biblioteca\/wp-content\/uploads\/2019\/08\/navigandi-150x150.jpg\" alt=\"\">\n\t\t\t\t\t\t\t\t<\/span>\n\t\t\t\t\t\t\t\n\t\t\t\t\t\t\t<!-- Link Text -->\n\t\t\t\t\t\t\tRevista Jus Navigandi\t\t\t\t\t\t\t\n\t\t\t\t\t\t\t\t\t\t\t\t\t\t<span style=\"font-size:12px;\"><br>\n\t                                \t\t\t\t\t\t\t<\/span>\t\n\t                        \n\t\t\t\t\t\t<\/a>\n\t\t\t\t\t\t\n\t\t\t\t\t\t\t<!-- upvote section -->\n\t\t\t\t\t\t\t<div class=\"upvote-section\">\n\t\t\t\t\t\t\t\t<span data-post-id=\"1450\" data-item-title=\"Revista Jus Navigandi\" data-item-link=\"https:\/\/jus.com.br\/revista\/direito-comercial\" class=\"upvote-btn upvote-on\">\n\t\t\t\t\t\t\t\t\t<i class=\"fa fa-thumbs-up\"><\/i>\n\t\t\t\t\t\t\t\t<\/span>\n\t\t\t\t\t\t\t\t<span class=\"upvote-count\">\n\t\t\t\t\t\t\t\t\t\t\t\t\t\t\t\t\t<\/span>\n\t\t\t\t\t\t\t<\/div>\n\t\t\t\t\t\t\t<!-- \/upvote section -->\n\n\t\t\t\t\t\t\t\t\t\t\t\t\n\t\t\t\t\t<\/li>\n\t\t\t\t\t\t\t\t\t<\/ul>\n\n\t\t\t<\/div>\n\n\t\t<\/div>\n\t\t<!-- \/Individual List Item -->\n\n\t\t\n\t\t<br \/>\n\r\n<!--  Starting Simple Link Directory Plugin Output -->\n<div class=\"qcopd_embed_container\">\r\n\r\n\r\n\r\n\r\n\r\n\r\n\r\n<\/div>\r\n<div class=\"qcopd-list-wrapper\">\n\t<div id=\"opd-list-holder\" class=\"qcopd-list-holder\">\n\t\t\n\t\t<!-- Individual List Item -->\n\t\t<div id=\"list-item-1-2001\" class=\"qc-grid-item qcopd-list-column opd-column-1 simple opd-list-id-2001\">\n\t\t\t<div class=\"qcopd-single-list\">\n\t\t\t\t\t<h2 onclick=\"if(document.getElementById('2001').style.display=='block'){document.getElementById('2001').style.display='none';}else{document.getElementById('2001').style.display='block';};\">\n\t\t\t\t\tRela\u00e7\u00f5es Internacionais &#8211; Artigos Selecionados\t\t\t\t<\/h2>\n\t\t\t\t<ul  style=display:none; id=2001 >\n\t\t\t\t\t\n\t\t\t\t\t<li id=\"item-2001-1\">\n\t\t\t\t\t\t\t\t\t\t\t\t<!-- List Anchor -->\n\t\t\t\t\t\t<a   href=\"http:\/\/www.scielo.br\/scielo.php?script=sci_arttext&#038;pid=S0104-93132013000200002&#038;lng=pt&#038;nrm=iso\"\n\t\t\t\t\t\t\ttarget=\"_blank\">\n\n\t\t\t\t\t\t\t<!-- Image, If Present -->\n\t\t\t\t\t\t\t1 - \t\t\t\t\t\t\t\t\t\t\t\t\t\t\t<span class=\"list-img\">\n\t\t\t\t\t\t\t\t\t<img src=\"https:\/\/www.uninter.com\/biblioteca\/wp-content\/plugins\/simple-link-directory\/\/assets\/images\/list-image-placeholder.png\" alt=\"\">\n\t\t\t\t\t\t\t\t<\/span>\n\t\t\t\t\t\t\t\n\t\t\t\t\t\t\t<!-- Link Text -->\n\t\t\t\t\t\t\tCAMPOS, Roberta Bivar Carneiro; MAURICIO JUNIOR, Cleonardo. As formas elementares da lideran\u00e7a carism\u00e1tica: o verbo e a imag\u00e9tica na circula\u00e7\u00e3o do carisma pentecostal. Mana, Rio de Janeiro, v. 19, n. 2, p. 249-276, 2013.\t\t\t\t\t\t\t\n\t\t\t\t\t\t\t\t\t\t\t\t\t\t<span style=\"font-size:12px;\"><br>\n\t                                \t\t\t\t\t\t\t<\/span>\t\n\t                        \n\t\t\t\t\t\t<\/a>\n\t\t\t\t\t\t\n\t\t\t\t\t\t\t<!-- upvote section -->\n\t\t\t\t\t\t\t<div class=\"upvote-section\">\n\t\t\t\t\t\t\t\t<span data-post-id=\"2001\" data-item-title=\"CAMPOS, Roberta Bivar Carneiro; MAURICIO JUNIOR, Cleonardo. As formas elementares da lideran\u00e7a carism\u00e1tica: o verbo e a imag\u00e9tica na circula\u00e7\u00e3o do carisma pentecostal. Mana, Rio de Janeiro, v. 19, n. 2, p. 249-276, 2013.\" data-item-link=\"http:\/\/www.scielo.br\/scielo.php?script=sci_arttext&#038;pid=S0104-93132013000200002&#038;lng=pt&#038;nrm=iso\" class=\"upvote-btn upvote-on\">\n\t\t\t\t\t\t\t\t\t<i class=\"fa fa-thumbs-up\"><\/i>\n\t\t\t\t\t\t\t\t<\/span>\n\t\t\t\t\t\t\t\t<span class=\"upvote-count\">\n\t\t\t\t\t\t\t\t\t\t\t\t\t\t\t\t\t<\/span>\n\t\t\t\t\t\t\t<\/div>\n\t\t\t\t\t\t\t<!-- \/upvote section -->\n\n\t\t\t\t\t\t\t\t\t\t\t\t\n\t\t\t\t\t<\/li>\n\t\t\t\t\t\n\t\t\t\t\t<li id=\"item-2001-2\">\n\t\t\t\t\t\t\t\t\t\t\t\t<!-- List Anchor -->\n\t\t\t\t\t\t<a   href=\"http:\/\/www.scielo.br\/scielo.php?script=sci_arttext&#038;pid=S0102-69092007000200014&#038;lng=en&#038;nrm=iso\"\n\t\t\t\t\t\t\ttarget=\"_blank\">\n\n\t\t\t\t\t\t\t<!-- Image, If Present -->\n\t\t\t\t\t\t\t2 - \t\t\t\t\t\t\t\t\t\t\t\t\t\t\t<span class=\"list-img\">\n\t\t\t\t\t\t\t\t\t<img src=\"https:\/\/www.uninter.com\/biblioteca\/wp-content\/plugins\/simple-link-directory\/\/assets\/images\/list-image-placeholder.png\" alt=\"\">\n\t\t\t\t\t\t\t\t<\/span>\n\t\t\t\t\t\t\t\n\t\t\t\t\t\t\t<!-- Link Text -->\n\t\t\t\t\t\t\tKUSCHNIR, Karina. Antropologia e pol\u00edtica. Revista Brasileira de Ci\u00eancias Sociais, S\u00e3o Paulo, v. 22, n. 64, p. 163-167, 2007.\t\t\t\t\t\t\t\n\t\t\t\t\t\t\t\t\t\t\t\t\t\t<span style=\"font-size:12px;\"><br>\n\t                                \t\t\t\t\t\t\t<\/span>\t\n\t                        \n\t\t\t\t\t\t<\/a>\n\t\t\t\t\t\t\n\t\t\t\t\t\t\t<!-- upvote section -->\n\t\t\t\t\t\t\t<div class=\"upvote-section\">\n\t\t\t\t\t\t\t\t<span data-post-id=\"2001\" data-item-title=\"KUSCHNIR, Karina. Antropologia e pol\u00edtica. Revista Brasileira de Ci\u00eancias Sociais, S\u00e3o Paulo, v. 22, n. 64, p. 163-167, 2007.\" data-item-link=\"http:\/\/www.scielo.br\/scielo.php?script=sci_arttext&#038;pid=S0102-69092007000200014&#038;lng=en&#038;nrm=iso\" class=\"upvote-btn upvote-on\">\n\t\t\t\t\t\t\t\t\t<i class=\"fa fa-thumbs-up\"><\/i>\n\t\t\t\t\t\t\t\t<\/span>\n\t\t\t\t\t\t\t\t<span class=\"upvote-count\">\n\t\t\t\t\t\t\t\t\t\t\t\t\t\t\t\t\t<\/span>\n\t\t\t\t\t\t\t<\/div>\n\t\t\t\t\t\t\t<!-- \/upvote section -->\n\n\t\t\t\t\t\t\t\t\t\t\t\t\n\t\t\t\t\t<\/li>\n\t\t\t\t\t\n\t\t\t\t\t<li id=\"item-2001-3\">\n\t\t\t\t\t\t\t\t\t\t\t\t<!-- List Anchor -->\n\t\t\t\t\t\t<a   href=\"http:\/\/www.scielo.br\/scielo.php?script=sci_arttext&#038;pid=S0104-93132013000300001&#038;lng=pt&#038;nrm=iso\"\n\t\t\t\t\t\t\ttarget=\"_blank\">\n\n\t\t\t\t\t\t\t<!-- Image, If Present -->\n\t\t\t\t\t\t\t3 - \t\t\t\t\t\t\t\t\t\t\t\t\t\t\t<span class=\"list-img\">\n\t\t\t\t\t\t\t\t\t<img src=\"https:\/\/www.uninter.com\/biblioteca\/wp-content\/plugins\/simple-link-directory\/\/assets\/images\/list-image-placeholder.png\" alt=\"\">\n\t\t\t\t\t\t\t\t<\/span>\n\t\t\t\t\t\t\t\n\t\t\t\t\t\t\t<!-- Link Text -->\n\t\t\t\t\t\t\tOLIVEIRA, Lu\u00eds R. Cardoso de. Concretude simb\u00f3lica e descri\u00e7\u00e3o etnogr\u00e1fica (sobre a rela\u00e7\u00e3o entre antropologia e filosofia). Mana, Rio de Janeiro, v. 19, n. 3, p. 409-435, 2013.\t\t\t\t\t\t\t\n\t\t\t\t\t\t\t\t\t\t\t\t\t\t<span style=\"font-size:12px;\"><br>\n\t                                \t\t\t\t\t\t\t<\/span>\t\n\t                        \n\t\t\t\t\t\t<\/a>\n\t\t\t\t\t\t\n\t\t\t\t\t\t\t<!-- upvote section -->\n\t\t\t\t\t\t\t<div class=\"upvote-section\">\n\t\t\t\t\t\t\t\t<span data-post-id=\"2001\" data-item-title=\"OLIVEIRA, Lu\u00eds R. Cardoso de. Concretude simb\u00f3lica e descri\u00e7\u00e3o etnogr\u00e1fica (sobre a rela\u00e7\u00e3o entre antropologia e filosofia). Mana, Rio de Janeiro, v. 19, n. 3, p. 409-435, 2013.\" data-item-link=\"http:\/\/www.scielo.br\/scielo.php?script=sci_arttext&#038;pid=S0104-93132013000300001&#038;lng=pt&#038;nrm=iso\" class=\"upvote-btn upvote-on\">\n\t\t\t\t\t\t\t\t\t<i class=\"fa fa-thumbs-up\"><\/i>\n\t\t\t\t\t\t\t\t<\/span>\n\t\t\t\t\t\t\t\t<span class=\"upvote-count\">\n\t\t\t\t\t\t\t\t\t\t\t\t\t\t\t\t\t<\/span>\n\t\t\t\t\t\t\t<\/div>\n\t\t\t\t\t\t\t<!-- \/upvote section -->\n\n\t\t\t\t\t\t\t\t\t\t\t\t\n\t\t\t\t\t<\/li>\n\t\t\t\t\t\n\t\t\t\t\t<li id=\"item-2001-4\">\n\t\t\t\t\t\t\t\t\t\t\t\t<!-- List Anchor -->\n\t\t\t\t\t\t<a   href=\"http:\/\/www.scielo.br\/scielo.php?script=sci_arttext&#038;pid=S0103-20702003000100005&#038;lng=en&#038;nrm=iso\"\n\t\t\t\t\t\t\ttarget=\"_blank\">\n\n\t\t\t\t\t\t\t<!-- Image, If Present -->\n\t\t\t\t\t\t\t4 - \t\t\t\t\t\t\t\t\t\t\t\t\t\t\t<span class=\"list-img\">\n\t\t\t\t\t\t\t\t\t<img src=\"https:\/\/www.uninter.com\/biblioteca\/wp-content\/plugins\/simple-link-directory\/\/assets\/images\/list-image-placeholder.png\" alt=\"\">\n\t\t\t\t\t\t\t\t<\/span>\n\t\t\t\t\t\t\t\n\t\t\t\t\t\t\t<!-- Link Text -->\n\t\t\t\t\t\t\tMAGNANI, Jos\u00e9 Guilherme Cantor. A antropologia urbana e os desafios da metr\u00f3pole. Tempo social, S\u00e3o Paulo, v. 15, n. 1, p. 81-95, 2003.\t\t\t\t\t\t\t\n\t\t\t\t\t\t\t\t\t\t\t\t\t\t<span style=\"font-size:12px;\"><br>\n\t                                \t\t\t\t\t\t\t<\/span>\t\n\t                        \n\t\t\t\t\t\t<\/a>\n\t\t\t\t\t\t\n\t\t\t\t\t\t\t<!-- upvote section -->\n\t\t\t\t\t\t\t<div class=\"upvote-section\">\n\t\t\t\t\t\t\t\t<span data-post-id=\"2001\" data-item-title=\"MAGNANI, Jos\u00e9 Guilherme Cantor. A antropologia urbana e os desafios da metr\u00f3pole. Tempo social, S\u00e3o Paulo, v. 15, n. 1, p. 81-95, 2003.\" data-item-link=\"http:\/\/www.scielo.br\/scielo.php?script=sci_arttext&#038;pid=S0103-20702003000100005&#038;lng=en&#038;nrm=iso\" class=\"upvote-btn upvote-on\">\n\t\t\t\t\t\t\t\t\t<i class=\"fa fa-thumbs-up\"><\/i>\n\t\t\t\t\t\t\t\t<\/span>\n\t\t\t\t\t\t\t\t<span class=\"upvote-count\">\n\t\t\t\t\t\t\t\t\t\t\t\t\t\t\t\t\t<\/span>\n\t\t\t\t\t\t\t<\/div>\n\t\t\t\t\t\t\t<!-- \/upvote section -->\n\n\t\t\t\t\t\t\t\t\t\t\t\t\n\t\t\t\t\t<\/li>\n\t\t\t\t\t\n\t\t\t\t\t<li id=\"item-2001-5\">\n\t\t\t\t\t\t\t\t\t\t\t\t<!-- List Anchor -->\n\t\t\t\t\t\t<a   href=\"http:\/\/www.scielo.br\/scielo.php?script=sci_arttext&#038;pid=S2179-89662017000201577&#038;lng=pt&#038;nrm=iso\"\n\t\t\t\t\t\t\ttarget=\"_blank\">\n\n\t\t\t\t\t\t\t<!-- Image, If Present -->\n\t\t\t\t\t\t\t5 - \t\t\t\t\t\t\t\t\t\t\t\t\t\t\t<span class=\"list-img\">\n\t\t\t\t\t\t\t\t\t<img src=\"https:\/\/www.uninter.com\/biblioteca\/wp-content\/plugins\/simple-link-directory\/\/assets\/images\/list-image-placeholder.png\" alt=\"\">\n\t\t\t\t\t\t\t\t<\/span>\n\t\t\t\t\t\t\t\n\t\t\t\t\t\t\t<!-- Link Text -->\n\t\t\t\t\t\t\tREIS, Rossana Rocha. O futuro do Sistema Interamericano de Direitos Humanos: a atua\u00e7\u00e3o da CIDH diante dos processos de ruptura democr\u00e1tica. Revista Direito e Pr\u00e1xis, Rio de Janeiro, v. 8, n. 2, p. 1577-1602, 2017.\t\t\t\t\t\t\t\n\t\t\t\t\t\t\t\t\t\t\t\t\t\t<span style=\"font-size:12px;\"><br>\n\t                                \t\t\t\t\t\t\t<\/span>\t\n\t                        \n\t\t\t\t\t\t<\/a>\n\t\t\t\t\t\t\n\t\t\t\t\t\t\t<!-- upvote section -->\n\t\t\t\t\t\t\t<div class=\"upvote-section\">\n\t\t\t\t\t\t\t\t<span data-post-id=\"2001\" data-item-title=\"REIS, Rossana Rocha. O futuro do Sistema Interamericano de Direitos Humanos: a atua\u00e7\u00e3o da CIDH diante dos processos de ruptura democr\u00e1tica. Revista Direito e Pr\u00e1xis, Rio de Janeiro, v. 8, n. 2, p. 1577-1602, 2017.\" data-item-link=\"http:\/\/www.scielo.br\/scielo.php?script=sci_arttext&#038;pid=S2179-89662017000201577&#038;lng=pt&#038;nrm=iso\" class=\"upvote-btn upvote-on\">\n\t\t\t\t\t\t\t\t\t<i class=\"fa fa-thumbs-up\"><\/i>\n\t\t\t\t\t\t\t\t<\/span>\n\t\t\t\t\t\t\t\t<span class=\"upvote-count\">\n\t\t\t\t\t\t\t\t\t\t\t\t\t\t\t\t\t<\/span>\n\t\t\t\t\t\t\t<\/div>\n\t\t\t\t\t\t\t<!-- \/upvote section -->\n\n\t\t\t\t\t\t\t\t\t\t\t\t\n\t\t\t\t\t<\/li>\n\t\t\t\t\t\n\t\t\t\t\t<li id=\"item-2001-6\">\n\t\t\t\t\t\t\t\t\t\t\t\t<!-- List Anchor -->\n\t\t\t\t\t\t<a   href=\"http:\/\/www.scielo.br\/scielo.php?script=sci_arttext&#038;pid=S2179-89662017000201083&#038;lng=pt&#038;nrm=iso\"\n\t\t\t\t\t\t\ttarget=\"_blank\">\n\n\t\t\t\t\t\t\t<!-- Image, If Present -->\n\t\t\t\t\t\t\t6 - \t\t\t\t\t\t\t\t\t\t\t\t\t\t\t<span class=\"list-img\">\n\t\t\t\t\t\t\t\t\t<img src=\"https:\/\/www.uninter.com\/biblioteca\/wp-content\/plugins\/simple-link-directory\/\/assets\/images\/list-image-placeholder.png\" alt=\"\">\n\t\t\t\t\t\t\t\t<\/span>\n\t\t\t\t\t\t\t\n\t\t\t\t\t\t\t<!-- Link Text -->\n\t\t\t\t\t\t\tSMITH, Andreza do Socorro Pantoja de Oliveira; SANTOS, Jorge Luiz Oliveira dos. Corpos, identidades e viol\u00eancia: o g\u00eanero e os direitos humanos. Revista Direito e Pr\u00e1xis, Rio de Janeiro, v. 8, n. 2, p. 1083-1112, 2017.\t\t\t\t\t\t\t\n\t\t\t\t\t\t\t\t\t\t\t\t\t\t<span style=\"font-size:12px;\"><br>\n\t                                \t\t\t\t\t\t\t<\/span>\t\n\t                        \n\t\t\t\t\t\t<\/a>\n\t\t\t\t\t\t\n\t\t\t\t\t\t\t<!-- upvote section -->\n\t\t\t\t\t\t\t<div class=\"upvote-section\">\n\t\t\t\t\t\t\t\t<span data-post-id=\"2001\" data-item-title=\"SMITH, Andreza do Socorro Pantoja de Oliveira; SANTOS, Jorge Luiz Oliveira dos. Corpos, identidades e viol\u00eancia: o g\u00eanero e os direitos humanos. Revista Direito e Pr\u00e1xis, Rio de Janeiro, v. 8, n. 2, p. 1083-1112, 2017.\" data-item-link=\"http:\/\/www.scielo.br\/scielo.php?script=sci_arttext&#038;pid=S2179-89662017000201083&#038;lng=pt&#038;nrm=iso\" class=\"upvote-btn upvote-on\">\n\t\t\t\t\t\t\t\t\t<i class=\"fa fa-thumbs-up\"><\/i>\n\t\t\t\t\t\t\t\t<\/span>\n\t\t\t\t\t\t\t\t<span class=\"upvote-count\">\n\t\t\t\t\t\t\t\t\t\t\t\t\t\t\t\t\t<\/span>\n\t\t\t\t\t\t\t<\/div>\n\t\t\t\t\t\t\t<!-- \/upvote section -->\n\n\t\t\t\t\t\t\t\t\t\t\t\t\n\t\t\t\t\t<\/li>\n\t\t\t\t\t\n\t\t\t\t\t<li id=\"item-2001-7\">\n\t\t\t\t\t\t\t\t\t\t\t\t<!-- List Anchor -->\n\t\t\t\t\t\t<a   href=\"http:\/\/www.scielo.br\/scielo.php?script=sci_arttext&#038;pid=S1806-64452007000200003&#038;lng=pt&#038;nrm=iso\"\n\t\t\t\t\t\t\ttarget=\"_blank\">\n\n\t\t\t\t\t\t\t<!-- Image, If Present -->\n\t\t\t\t\t\t\t7 - \t\t\t\t\t\t\t\t\t\t\t\t\t\t\t<span class=\"list-img\">\n\t\t\t\t\t\t\t\t\t<img src=\"https:\/\/www.uninter.com\/biblioteca\/wp-content\/plugins\/simple-link-directory\/\/assets\/images\/list-image-placeholder.png\" alt=\"\">\n\t\t\t\t\t\t\t\t<\/span>\n\t\t\t\t\t\t\t\n\t\t\t\t\t\t\t<!-- Link Text -->\n\t\t\t\t\t\t\tSANTOS, Cec\u00edlia MacDowell. Ativismo jur\u00eddico transnacional e o Estado: reflex\u00f5es sobre os casos apresentados contra o Brasil na Comiss\u00e3o Interamericana de Direitos Humanos. Super, Revista Internacional de Direitos Humanos, S\u00e3o Paulo, v.4, n. 7, p. 26-57, 2007.\t\t\t\t\t\t\t\n\t\t\t\t\t\t\t\t\t\t\t\t\t\t<span style=\"font-size:12px;\"><br>\n\t                                \t\t\t\t\t\t\t<\/span>\t\n\t                        \n\t\t\t\t\t\t<\/a>\n\t\t\t\t\t\t\n\t\t\t\t\t\t\t<!-- upvote section -->\n\t\t\t\t\t\t\t<div class=\"upvote-section\">\n\t\t\t\t\t\t\t\t<span data-post-id=\"2001\" data-item-title=\"SANTOS, Cec\u00edlia MacDowell. Ativismo jur\u00eddico transnacional e o Estado: reflex\u00f5es sobre os casos apresentados contra o Brasil na Comiss\u00e3o Interamericana de Direitos Humanos. Super, Revista Internacional de Direitos Humanos, S\u00e3o Paulo, v.4, n. 7, p. 26-57, 2007.\" data-item-link=\"http:\/\/www.scielo.br\/scielo.php?script=sci_arttext&#038;pid=S1806-64452007000200003&#038;lng=pt&#038;nrm=iso\" class=\"upvote-btn upvote-on\">\n\t\t\t\t\t\t\t\t\t<i class=\"fa fa-thumbs-up\"><\/i>\n\t\t\t\t\t\t\t\t<\/span>\n\t\t\t\t\t\t\t\t<span class=\"upvote-count\">\n\t\t\t\t\t\t\t\t\t\t\t\t\t\t\t\t\t<\/span>\n\t\t\t\t\t\t\t<\/div>\n\t\t\t\t\t\t\t<!-- \/upvote section -->\n\n\t\t\t\t\t\t\t\t\t\t\t\t\n\t\t\t\t\t<\/li>\n\t\t\t\t\t\n\t\t\t\t\t<li id=\"item-2001-8\">\n\t\t\t\t\t\t\t\t\t\t\t\t<!-- List Anchor -->\n\t\t\t\t\t\t<a   href=\"http:\/\/www.scielo.br\/scielo.php?script=sci_arttext&#038;pid=S2177-70552012000200011&#038;lng=pt&#038;nrm=iso\"\n\t\t\t\t\t\t\ttarget=\"_blank\">\n\n\t\t\t\t\t\t\t<!-- Image, If Present -->\n\t\t\t\t\t\t\t8 - \t\t\t\t\t\t\t\t\t\t\t\t\t\t\t<span class=\"list-img\">\n\t\t\t\t\t\t\t\t\t<img src=\"https:\/\/www.uninter.com\/biblioteca\/wp-content\/plugins\/simple-link-directory\/\/assets\/images\/list-image-placeholder.png\" alt=\"\">\n\t\t\t\t\t\t\t\t<\/span>\n\t\t\t\t\t\t\t\n\t\t\t\t\t\t\t<!-- Link Text -->\n\t\t\t\t\t\t\tGORCZEVSKI, Cl\u00f3vis; DIAS, Felipe da Veiga. A imprescind\u00edvel contribui\u00e7\u00e3o dos tratados e cortes internacionais para os direitos humanos e fundamentais. Sequ\u00eancia, Florian\u00f3polis, n. 65, p. 241-272, 2012.\t\t\t\t\t\t\t\n\t\t\t\t\t\t\t\t\t\t\t\t\t\t<span style=\"font-size:12px;\"><br>\n\t                                \t\t\t\t\t\t\t<\/span>\t\n\t                        \n\t\t\t\t\t\t<\/a>\n\t\t\t\t\t\t\n\t\t\t\t\t\t\t<!-- upvote section -->\n\t\t\t\t\t\t\t<div class=\"upvote-section\">\n\t\t\t\t\t\t\t\t<span data-post-id=\"2001\" data-item-title=\"GORCZEVSKI, Cl\u00f3vis; DIAS, Felipe da Veiga. A imprescind\u00edvel contribui\u00e7\u00e3o dos tratados e cortes internacionais para os direitos humanos e fundamentais. Sequ\u00eancia, Florian\u00f3polis, n. 65, p. 241-272, 2012.\" data-item-link=\"http:\/\/www.scielo.br\/scielo.php?script=sci_arttext&#038;pid=S2177-70552012000200011&#038;lng=pt&#038;nrm=iso\" class=\"upvote-btn upvote-on\">\n\t\t\t\t\t\t\t\t\t<i class=\"fa fa-thumbs-up\"><\/i>\n\t\t\t\t\t\t\t\t<\/span>\n\t\t\t\t\t\t\t\t<span class=\"upvote-count\">\n\t\t\t\t\t\t\t\t\t\t\t\t\t\t\t\t\t<\/span>\n\t\t\t\t\t\t\t<\/div>\n\t\t\t\t\t\t\t<!-- \/upvote section -->\n\n\t\t\t\t\t\t\t\t\t\t\t\t\n\t\t\t\t\t<\/li>\n\t\t\t\t\t\n\t\t\t\t\t<li id=\"item-2001-9\">\n\t\t\t\t\t\t\t\t\t\t\t\t<!-- List Anchor -->\n\t\t\t\t\t\t<a   href=\"http:\/\/www.scielo.br\/scielo.php?script=sci_arttext&#038;pid=S0034-73292012000200010&#038;lng=en&#038;nrm=iso\"\n\t\t\t\t\t\t\ttarget=\"_blank\">\n\n\t\t\t\t\t\t\t<!-- Image, If Present -->\n\t\t\t\t\t\t\t9 - \t\t\t\t\t\t\t\t\t\t\t\t\t\t\t<span class=\"list-img\">\n\t\t\t\t\t\t\t\t\t<img src=\"https:\/\/www.uninter.com\/biblioteca\/wp-content\/plugins\/simple-link-directory\/\/assets\/images\/list-image-placeholder.png\" alt=\"\">\n\t\t\t\t\t\t\t\t<\/span>\n\t\t\t\t\t\t\t\n\t\t\t\t\t\t\t<!-- Link Text -->\n\t\t\t\t\t\t\tBueno, Clodoaldo. O Bar\u00e3o do Rio Branco no Itamaraty (1902-1912). Rev. bras. pol\u00edt. int., Dez 2012, vol.55, no.2, p.170-189. ISSN 0034-7329\t\t\t\t\t\t\t\n\t\t\t\t\t\t\t\t\t\t\t\t\t\t<span style=\"font-size:12px;\"><br>\n\t                                \t\t\t\t\t\t\t<\/span>\t\n\t                        \n\t\t\t\t\t\t<\/a>\n\t\t\t\t\t\t\n\t\t\t\t\t\t\t<!-- upvote section -->\n\t\t\t\t\t\t\t<div class=\"upvote-section\">\n\t\t\t\t\t\t\t\t<span data-post-id=\"2001\" data-item-title=\"Bueno, Clodoaldo. O Bar\u00e3o do Rio Branco no Itamaraty (1902-1912). Rev. bras. pol\u00edt. int., Dez 2012, vol.55, no.2, p.170-189. ISSN 0034-7329\" data-item-link=\"http:\/\/www.scielo.br\/scielo.php?script=sci_arttext&#038;pid=S0034-73292012000200010&#038;lng=en&#038;nrm=iso\" class=\"upvote-btn upvote-on\">\n\t\t\t\t\t\t\t\t\t<i class=\"fa fa-thumbs-up\"><\/i>\n\t\t\t\t\t\t\t\t<\/span>\n\t\t\t\t\t\t\t\t<span class=\"upvote-count\">\n\t\t\t\t\t\t\t\t\t\t\t\t\t\t\t\t\t<\/span>\n\t\t\t\t\t\t\t<\/div>\n\t\t\t\t\t\t\t<!-- \/upvote section -->\n\n\t\t\t\t\t\t\t\t\t\t\t\t\n\t\t\t\t\t<\/li>\n\t\t\t\t\t\n\t\t\t\t\t<li id=\"item-2001-10\">\n\t\t\t\t\t\t\t\t\t\t\t\t<!-- List Anchor -->\n\t\t\t\t\t\t<a   href=\"http:\/\/www.scielo.br\/scielo.php?script=sci_arttext&#038;pid=S0034-73292003000200001&#038;lng=en&#038;nrm=iso\"\n\t\t\t\t\t\t\ttarget=\"_blank\">\n\n\t\t\t\t\t\t\t<!-- Image, If Present -->\n\t\t\t\t\t\t\t10 - \t\t\t\t\t\t\t\t\t\t\t\t\t\t\t<span class=\"list-img\">\n\t\t\t\t\t\t\t\t\t<img src=\"https:\/\/www.uninter.com\/biblioteca\/wp-content\/plugins\/simple-link-directory\/\/assets\/images\/list-image-placeholder.png\" alt=\"\">\n\t\t\t\t\t\t\t\t<\/span>\n\t\t\t\t\t\t\t\n\t\t\t\t\t\t\t<!-- Link Text -->\n\t\t\t\t\t\t\tCervo, Amado Luiz. Pol\u00edtica exterior e rela\u00e7\u00f5es internacionais do Brasil: enfoque paradigm\u00e1tico. Rev. bras. pol\u00edt. int., Dez 2003, vol.46, no.2, p.5-25. ISSN 0034-7329\t\t\t\t\t\t\t\n\t\t\t\t\t\t\t\t\t\t\t\t\t\t<span style=\"font-size:12px;\"><br>\n\t                                \t\t\t\t\t\t\t<\/span>\t\n\t                        \n\t\t\t\t\t\t<\/a>\n\t\t\t\t\t\t\n\t\t\t\t\t\t\t<!-- upvote section -->\n\t\t\t\t\t\t\t<div class=\"upvote-section\">\n\t\t\t\t\t\t\t\t<span data-post-id=\"2001\" data-item-title=\"Cervo, Amado Luiz. Pol\u00edtica exterior e rela\u00e7\u00f5es internacionais do Brasil: enfoque paradigm\u00e1tico. Rev. bras. pol\u00edt. int., Dez 2003, vol.46, no.2, p.5-25. ISSN 0034-7329\" data-item-link=\"http:\/\/www.scielo.br\/scielo.php?script=sci_arttext&#038;pid=S0034-73292003000200001&#038;lng=en&#038;nrm=iso\" class=\"upvote-btn upvote-on\">\n\t\t\t\t\t\t\t\t\t<i class=\"fa fa-thumbs-up\"><\/i>\n\t\t\t\t\t\t\t\t<\/span>\n\t\t\t\t\t\t\t\t<span class=\"upvote-count\">\n\t\t\t\t\t\t\t\t\t\t\t\t\t\t\t\t\t<\/span>\n\t\t\t\t\t\t\t<\/div>\n\t\t\t\t\t\t\t<!-- \/upvote section -->\n\n\t\t\t\t\t\t\t\t\t\t\t\t\n\t\t\t\t\t<\/li>\n\t\t\t\t\t\n\t\t\t\t\t<li id=\"item-2001-11\">\n\t\t\t\t\t\t\t\t\t\t\t\t<!-- List Anchor -->\n\t\t\t\t\t\t<a   href=\"http:\/\/www.scielo.br\/scielo.php?script=sci_arttext&#038;pid=S0102-85292018000200387&#038;lang=pt\"\n\t\t\t\t\t\t\ttarget=\"_blank\">\n\n\t\t\t\t\t\t\t<!-- Image, If Present -->\n\t\t\t\t\t\t\t11 - \t\t\t\t\t\t\t\t\t\t\t\t\t\t\t<span class=\"list-img\">\n\t\t\t\t\t\t\t\t\t<img src=\"https:\/\/www.uninter.com\/biblioteca\/wp-content\/plugins\/simple-link-directory\/\/assets\/images\/list-image-placeholder.png\" alt=\"\">\n\t\t\t\t\t\t\t\t<\/span>\n\t\t\t\t\t\t\t\n\t\t\t\t\t\t\t<!-- Link Text -->\n\t\t\t\t\t\t\tKIESSLING. CHRISTOPHER K. Brazil, Foreign Policy and Climate Change (1992-2005). Contexto Int. vol.40 Rio de Janeiro May\/Aug. 2018 Epub Sep 03, 2018\t\t\t\t\t\t\t\n\t\t\t\t\t\t\t\t\t\t\t\t\t\t<span style=\"font-size:12px;\"><br>\n\t                                \t\t\t\t\t\t\t<\/span>\t\n\t                        \n\t\t\t\t\t\t<\/a>\n\t\t\t\t\t\t\n\t\t\t\t\t\t\t<!-- upvote section -->\n\t\t\t\t\t\t\t<div class=\"upvote-section\">\n\t\t\t\t\t\t\t\t<span data-post-id=\"2001\" data-item-title=\"KIESSLING. CHRISTOPHER K. Brazil, Foreign Policy and Climate Change (1992-2005). Contexto Int. vol.40 Rio de Janeiro May\/Aug. 2018 Epub Sep 03, 2018\" data-item-link=\"http:\/\/www.scielo.br\/scielo.php?script=sci_arttext&#038;pid=S0102-85292018000200387&#038;lang=pt\" class=\"upvote-btn upvote-on\">\n\t\t\t\t\t\t\t\t\t<i class=\"fa fa-thumbs-up\"><\/i>\n\t\t\t\t\t\t\t\t<\/span>\n\t\t\t\t\t\t\t\t<span class=\"upvote-count\">\n\t\t\t\t\t\t\t\t\t\t\t\t\t\t\t\t\t<\/span>\n\t\t\t\t\t\t\t<\/div>\n\t\t\t\t\t\t\t<!-- \/upvote section -->\n\n\t\t\t\t\t\t\t\t\t\t\t\t\n\t\t\t\t\t<\/li>\n\t\t\t\t\t\n\t\t\t\t\t<li id=\"item-2001-12\">\n\t\t\t\t\t\t\t\t\t\t\t\t<!-- List Anchor -->\n\t\t\t\t\t\t<a   href=\"http:\/\/www.scielo.br\/scielo.php?script=sci_arttext&#038;pid=S0103-33522013000200009&#038;lng=en&#038;nrm=iso\"\n\t\t\t\t\t\t\ttarget=\"_blank\">\n\n\t\t\t\t\t\t\t<!-- Image, If Present -->\n\t\t\t\t\t\t\t12 - \t\t\t\t\t\t\t\t\t\t\t\t\t\t\t<span class=\"list-img\">\n\t\t\t\t\t\t\t\t\t<img src=\"https:\/\/www.uninter.com\/biblioteca\/wp-content\/plugins\/simple-link-directory\/\/assets\/images\/list-image-placeholder.png\" alt=\"\">\n\t\t\t\t\t\t\t\t<\/span>\n\t\t\t\t\t\t\t\n\t\t\t\t\t\t\t<!-- Link Text -->\n\t\t\t\t\t\t\tLopes, Dawisson Bel\u00e9m. Octavio Amorim Neto \u2013 De Dutra a Lula: a condu\u00e7\u00e3o e os determinantes da pol\u00edtica externa brasileira. Rev. Bras. Ci\u00eanc. Pol\u00edt., Ago 2013, no.11, p.231-241. ISSN 0103-3352\t\t\t\t\t\t\t\n\t\t\t\t\t\t\t\t\t\t\t\t\t\t<span style=\"font-size:12px;\"><br>\n\t                                \t\t\t\t\t\t\t<\/span>\t\n\t                        \n\t\t\t\t\t\t<\/a>\n\t\t\t\t\t\t\n\t\t\t\t\t\t\t<!-- upvote section -->\n\t\t\t\t\t\t\t<div class=\"upvote-section\">\n\t\t\t\t\t\t\t\t<span data-post-id=\"2001\" data-item-title=\"Lopes, Dawisson Bel\u00e9m. Octavio Amorim Neto \u2013 De Dutra a Lula: a condu\u00e7\u00e3o e os determinantes da pol\u00edtica externa brasileira. Rev. Bras. Ci\u00eanc. Pol\u00edt., Ago 2013, no.11, p.231-241. ISSN 0103-3352\" data-item-link=\"http:\/\/www.scielo.br\/scielo.php?script=sci_arttext&#038;pid=S0103-33522013000200009&#038;lng=en&#038;nrm=iso\" class=\"upvote-btn upvote-on\">\n\t\t\t\t\t\t\t\t\t<i class=\"fa fa-thumbs-up\"><\/i>\n\t\t\t\t\t\t\t\t<\/span>\n\t\t\t\t\t\t\t\t<span class=\"upvote-count\">\n\t\t\t\t\t\t\t\t\t\t\t\t\t\t\t\t\t<\/span>\n\t\t\t\t\t\t\t<\/div>\n\t\t\t\t\t\t\t<!-- \/upvote section -->\n\n\t\t\t\t\t\t\t\t\t\t\t\t\n\t\t\t\t\t<\/li>\n\t\t\t\t\t\n\t\t\t\t\t<li id=\"item-2001-13\">\n\t\t\t\t\t\t\t\t\t\t\t\t<!-- List Anchor -->\n\t\t\t\t\t\t<a   href=\"http:\/\/www.scielo.br\/scielo.php?script=sci_arttext&#038;pid=S0034-73291998000300002&#038;lng=en&#038;nrm=iso\"\n\t\t\t\t\t\t\ttarget=\"_blank\">\n\n\t\t\t\t\t\t\t<!-- Image, If Present -->\n\t\t\t\t\t\t\t13 - \t\t\t\t\t\t\t\t\t\t\t\t\t\t\t<span class=\"list-img\">\n\t\t\t\t\t\t\t\t\t<img src=\"https:\/\/www.uninter.com\/biblioteca\/wp-content\/plugins\/simple-link-directory\/\/assets\/images\/list-image-placeholder.png\" alt=\"\">\n\t\t\t\t\t\t\t\t<\/span>\n\t\t\t\t\t\t\t\n\t\t\t\t\t\t\t<!-- Link Text -->\n\t\t\t\t\t\t\tSato, Eiiti. 40 anos de pol\u00edtica externa brasileira, 1958-1998: tr\u00eas inflex\u00f5es. Rev. Bras. Pol\u00edt. Int., 1998, vol.41, no.spe, p.8-28. ISSN 0034-7329\t\t\t\t\t\t\t\n\t\t\t\t\t\t\t\t\t\t\t\t\t\t<span style=\"font-size:12px;\"><br>\n\t                                \t\t\t\t\t\t\t<\/span>\t\n\t                        \n\t\t\t\t\t\t<\/a>\n\t\t\t\t\t\t\n\t\t\t\t\t\t\t<!-- upvote section -->\n\t\t\t\t\t\t\t<div class=\"upvote-section\">\n\t\t\t\t\t\t\t\t<span data-post-id=\"2001\" data-item-title=\"Sato, Eiiti. 40 anos de pol\u00edtica externa brasileira, 1958-1998: tr\u00eas inflex\u00f5es. Rev. Bras. Pol\u00edt. Int., 1998, vol.41, no.spe, p.8-28. ISSN 0034-7329\" data-item-link=\"http:\/\/www.scielo.br\/scielo.php?script=sci_arttext&#038;pid=S0034-73291998000300002&#038;lng=en&#038;nrm=iso\" class=\"upvote-btn upvote-on\">\n\t\t\t\t\t\t\t\t\t<i class=\"fa fa-thumbs-up\"><\/i>\n\t\t\t\t\t\t\t\t<\/span>\n\t\t\t\t\t\t\t\t<span class=\"upvote-count\">\n\t\t\t\t\t\t\t\t\t\t\t\t\t\t\t\t\t<\/span>\n\t\t\t\t\t\t\t<\/div>\n\t\t\t\t\t\t\t<!-- \/upvote section -->\n\n\t\t\t\t\t\t\t\t\t\t\t\t\n\t\t\t\t\t<\/li>\n\t\t\t\t\t\n\t\t\t\t\t<li id=\"item-2001-14\">\n\t\t\t\t\t\t\t\t\t\t\t\t<!-- List Anchor -->\n\t\t\t\t\t\t<a   href=\"http:\/\/www.scielo.br\/scielo.php?script=sci_arttext&#038;pid=S0103-20702012000200003&#038;lng=pt&#038;nrm=iso\"\n\t\t\t\t\t\t\ttarget=\"_blank\">\n\n\t\t\t\t\t\t\t<!-- Image, If Present -->\n\t\t\t\t\t\t\t14 - \t\t\t\t\t\t\t\t\t\t\t\t\t\t\t<span class=\"list-img\">\n\t\t\t\t\t\t\t\t\t<img src=\"https:\/\/www.uninter.com\/biblioteca\/wp-content\/plugins\/simple-link-directory\/\/assets\/images\/list-image-placeholder.png\" alt=\"\">\n\t\t\t\t\t\t\t\t<\/span>\n\t\t\t\t\t\t\t\n\t\t\t\t\t\t\t<!-- Link Text -->\n\t\t\t\t\t\t\tCURTO, Diogo Ramada; JERONIMO, Miguel Bandeira; DOMINGOS, Nuno. Na\u00e7\u00f5es e nacionalismos (a teoria, a hist\u00f3ria, a moral). Tempo Social, S\u00e3o Paulo, v. 24, n. 2, p. 33-58, 2012.\t\t\t\t\t\t\t\n\t\t\t\t\t\t\t\t\t\t\t\t\t\t<span style=\"font-size:12px;\"><br>\n\t                                \t\t\t\t\t\t\t<\/span>\t\n\t                        \n\t\t\t\t\t\t<\/a>\n\t\t\t\t\t\t\n\t\t\t\t\t\t\t<!-- upvote section -->\n\t\t\t\t\t\t\t<div class=\"upvote-section\">\n\t\t\t\t\t\t\t\t<span data-post-id=\"2001\" data-item-title=\"CURTO, Diogo Ramada; JERONIMO, Miguel Bandeira; DOMINGOS, Nuno. Na\u00e7\u00f5es e nacionalismos (a teoria, a hist\u00f3ria, a moral). Tempo Social, S\u00e3o Paulo, v. 24, n. 2, p. 33-58, 2012.\" data-item-link=\"http:\/\/www.scielo.br\/scielo.php?script=sci_arttext&#038;pid=S0103-20702012000200003&#038;lng=pt&#038;nrm=iso\" class=\"upvote-btn upvote-on\">\n\t\t\t\t\t\t\t\t\t<i class=\"fa fa-thumbs-up\"><\/i>\n\t\t\t\t\t\t\t\t<\/span>\n\t\t\t\t\t\t\t\t<span class=\"upvote-count\">\n\t\t\t\t\t\t\t\t\t\t\t\t\t\t\t\t\t<\/span>\n\t\t\t\t\t\t\t<\/div>\n\t\t\t\t\t\t\t<!-- \/upvote section -->\n\n\t\t\t\t\t\t\t\t\t\t\t\t\n\t\t\t\t\t<\/li>\n\t\t\t\t\t\n\t\t\t\t\t<li id=\"item-2001-15\">\n\t\t\t\t\t\t\t\t\t\t\t\t<!-- List Anchor -->\n\t\t\t\t\t\t<a   href=\"http:\/\/www.scielo.br\/scielo.php?script=sci_arttext&#038;pid=S0102-64452007000200002&#038;lng=pt&#038;nrm=iso\"\n\t\t\t\t\t\t\ttarget=\"_blank\">\n\n\t\t\t\t\t\t\t<!-- Image, If Present -->\n\t\t\t\t\t\t\t15 - \t\t\t\t\t\t\t\t\t\t\t\t\t\t\t<span class=\"list-img\">\n\t\t\t\t\t\t\t\t\t<img src=\"https:\/\/www.uninter.com\/biblioteca\/wp-content\/plugins\/simple-link-directory\/\/assets\/images\/list-image-placeholder.png\" alt=\"\">\n\t\t\t\t\t\t\t\t<\/span>\n\t\t\t\t\t\t\t\n\t\t\t\t\t\t\t<!-- Link Text -->\n\t\t\t\t\t\t\tFLORENZANO, Modesto. Sobre as origens e o desenvolvimento do estado moderno no ocidente. Lua Nova, S\u00e3o Paulo, n. 71, p. 11-39, 2007.\t\t\t\t\t\t\t\n\t\t\t\t\t\t\t\t\t\t\t\t\t\t<span style=\"font-size:12px;\"><br>\n\t                                \t\t\t\t\t\t\t<\/span>\t\n\t                        \n\t\t\t\t\t\t<\/a>\n\t\t\t\t\t\t\n\t\t\t\t\t\t\t<!-- upvote section -->\n\t\t\t\t\t\t\t<div class=\"upvote-section\">\n\t\t\t\t\t\t\t\t<span data-post-id=\"2001\" data-item-title=\"FLORENZANO, Modesto. Sobre as origens e o desenvolvimento do estado moderno no ocidente. Lua Nova, S\u00e3o Paulo, n. 71, p. 11-39, 2007.\" data-item-link=\"http:\/\/www.scielo.br\/scielo.php?script=sci_arttext&#038;pid=S0102-64452007000200002&#038;lng=pt&#038;nrm=iso\" class=\"upvote-btn upvote-on\">\n\t\t\t\t\t\t\t\t\t<i class=\"fa fa-thumbs-up\"><\/i>\n\t\t\t\t\t\t\t\t<\/span>\n\t\t\t\t\t\t\t\t<span class=\"upvote-count\">\n\t\t\t\t\t\t\t\t\t\t\t\t\t\t\t\t\t<\/span>\n\t\t\t\t\t\t\t<\/div>\n\t\t\t\t\t\t\t<!-- \/upvote section -->\n\n\t\t\t\t\t\t\t\t\t\t\t\t\n\t\t\t\t\t<\/li>\n\t\t\t\t\t\n\t\t\t\t\t<li id=\"item-2001-16\">\n\t\t\t\t\t\t\t\t\t\t\t\t<!-- List Anchor -->\n\t\t\t\t\t\t<a   href=\"http:\/\/www.scielo.br\/scielo.php?script=sci_arttext&#038;pid=S0011-52582015000300617&#038;lng=pt&#038;nrm=iso\"\n\t\t\t\t\t\t\ttarget=\"_blank\">\n\n\t\t\t\t\t\t\t<!-- Image, If Present -->\n\t\t\t\t\t\t\t16 - \t\t\t\t\t\t\t\t\t\t\t\t\t\t\t<span class=\"list-img\">\n\t\t\t\t\t\t\t\t\t<img src=\"https:\/\/www.uninter.com\/biblioteca\/wp-content\/plugins\/simple-link-directory\/\/assets\/images\/list-image-placeholder.png\" alt=\"\">\n\t\t\t\t\t\t\t\t<\/span>\n\t\t\t\t\t\t\t\n\t\t\t\t\t\t\t<!-- Link Text -->\n\t\t\t\t\t\t\tGUIMARAES, Alexandre Queiroz. Economia, Institui\u00e7\u00f5es e Estado de Bem-Estar Social: Respostas \u00e0 Nova Configura\u00e7\u00e3o do Capitalismo p\u00f3s-1970. Dados, Rio de Janeiro, v. 58, n. 3, p. 617-650, 2015.\t\t\t\t\t\t\t\n\t\t\t\t\t\t\t\t\t\t\t\t\t\t<span style=\"font-size:12px;\"><br>\n\t                                \t\t\t\t\t\t\t<\/span>\t\n\t                        \n\t\t\t\t\t\t<\/a>\n\t\t\t\t\t\t\n\t\t\t\t\t\t\t<!-- upvote section -->\n\t\t\t\t\t\t\t<div class=\"upvote-section\">\n\t\t\t\t\t\t\t\t<span data-post-id=\"2001\" data-item-title=\"GUIMARAES, Alexandre Queiroz. Economia, Institui\u00e7\u00f5es e Estado de Bem-Estar Social: Respostas \u00e0 Nova Configura\u00e7\u00e3o do Capitalismo p\u00f3s-1970. Dados, Rio de Janeiro, v. 58, n. 3, p. 617-650, 2015.\" data-item-link=\"http:\/\/www.scielo.br\/scielo.php?script=sci_arttext&#038;pid=S0011-52582015000300617&#038;lng=pt&#038;nrm=iso\" class=\"upvote-btn upvote-on\">\n\t\t\t\t\t\t\t\t\t<i class=\"fa fa-thumbs-up\"><\/i>\n\t\t\t\t\t\t\t\t<\/span>\n\t\t\t\t\t\t\t\t<span class=\"upvote-count\">\n\t\t\t\t\t\t\t\t\t\t\t\t\t\t\t\t\t<\/span>\n\t\t\t\t\t\t\t<\/div>\n\t\t\t\t\t\t\t<!-- \/upvote section -->\n\n\t\t\t\t\t\t\t\t\t\t\t\t\n\t\t\t\t\t<\/li>\n\t\t\t\t\t\n\t\t\t\t\t<li id=\"item-2001-17\">\n\t\t\t\t\t\t\t\t\t\t\t\t<!-- List Anchor -->\n\t\t\t\t\t\t<a   href=\"http:\/\/www.scielo.br\/scielo.php?script=sci_arttext&#038;pid=S0104-44782014000400005&#038;lng=pt&#038;nrm=iso\"\n\t\t\t\t\t\t\ttarget=\"_blank\">\n\n\t\t\t\t\t\t\t<!-- Image, If Present -->\n\t\t\t\t\t\t\t17 - \t\t\t\t\t\t\t\t\t\t\t\t\t\t\t<span class=\"list-img\">\n\t\t\t\t\t\t\t\t\t<img src=\"https:\/\/www.uninter.com\/biblioteca\/wp-content\/plugins\/simple-link-directory\/\/assets\/images\/list-image-placeholder.png\" alt=\"\">\n\t\t\t\t\t\t\t\t<\/span>\n\t\t\t\t\t\t\t\n\t\t\t\t\t\t\t<!-- Link Text -->\n\t\t\t\t\t\t\tPERISSINOTTO, Renato. O conceito de estado desenvolvimentista e sua utilidade para os casos brasileiro e argentino. Revista de Sociologia e Pol\u00edtica, Curitiba, v. 22, n. 52, p. 59-75, 2014.\t\t\t\t\t\t\t\n\t\t\t\t\t\t\t\t\t\t\t\t\t\t<span style=\"font-size:12px;\"><br>\n\t                                \t\t\t\t\t\t\t<\/span>\t\n\t                        \n\t\t\t\t\t\t<\/a>\n\t\t\t\t\t\t\n\t\t\t\t\t\t\t<!-- upvote section -->\n\t\t\t\t\t\t\t<div class=\"upvote-section\">\n\t\t\t\t\t\t\t\t<span data-post-id=\"2001\" data-item-title=\"PERISSINOTTO, Renato. O conceito de estado desenvolvimentista e sua utilidade para os casos brasileiro e argentino. Revista de Sociologia e Pol\u00edtica, Curitiba, v. 22, n. 52, p. 59-75, 2014.\" data-item-link=\"http:\/\/www.scielo.br\/scielo.php?script=sci_arttext&#038;pid=S0104-44782014000400005&#038;lng=pt&#038;nrm=iso\" class=\"upvote-btn upvote-on\">\n\t\t\t\t\t\t\t\t\t<i class=\"fa fa-thumbs-up\"><\/i>\n\t\t\t\t\t\t\t\t<\/span>\n\t\t\t\t\t\t\t\t<span class=\"upvote-count\">\n\t\t\t\t\t\t\t\t\t\t\t\t\t\t\t\t\t<\/span>\n\t\t\t\t\t\t\t<\/div>\n\t\t\t\t\t\t\t<!-- \/upvote section -->\n\n\t\t\t\t\t\t\t\t\t\t\t\t\n\t\t\t\t\t<\/li>\n\t\t\t\t\t\n\t\t\t\t\t<li id=\"item-2001-18\">\n\t\t\t\t\t\t\t\t\t\t\t\t<!-- List Anchor -->\n\t\t\t\t\t\t<a   href=\"http:\/\/www.scielo.br\/scielo.php?script=sci_arttext&#038;pid=S0034-73292010000100001&#038;lng=pt&#038;nrm=iso\"\n\t\t\t\t\t\t\ttarget=\"_blank\">\n\n\t\t\t\t\t\t\t<!-- Image, If Present -->\n\t\t\t\t\t\t\t18 - \t\t\t\t\t\t\t\t\t\t\t\t\t\t\t<span class=\"list-img\">\n\t\t\t\t\t\t\t\t\t<img src=\"https:\/\/www.uninter.com\/biblioteca\/wp-content\/plugins\/simple-link-directory\/\/assets\/images\/list-image-placeholder.png\" alt=\"\">\n\t\t\t\t\t\t\t\t<\/span>\n\t\t\t\t\t\t\t\n\t\t\t\t\t\t\t<!-- Link Text -->\n\t\t\t\t\t\t\tRudzit, Gunther; Nogami, Otto. Seguran\u00e7a e Defesa. Nacionais: conceitos b\u00e1sicos para uma an\u00e1lise. Rev. bras. pol\u00edt. int., Jul 2010, vol.53, no.1, p.5-24. ISSN 0034-7329.\t\t\t\t\t\t\t\n\t\t\t\t\t\t\t\t\t\t\t\t\t\t<span style=\"font-size:12px;\"><br>\n\t                                \t\t\t\t\t\t\t<\/span>\t\n\t                        \n\t\t\t\t\t\t<\/a>\n\t\t\t\t\t\t\n\t\t\t\t\t\t\t<!-- upvote section -->\n\t\t\t\t\t\t\t<div class=\"upvote-section\">\n\t\t\t\t\t\t\t\t<span data-post-id=\"2001\" data-item-title=\"Rudzit, Gunther; Nogami, Otto. Seguran\u00e7a e Defesa. Nacionais: conceitos b\u00e1sicos para uma an\u00e1lise. Rev. bras. pol\u00edt. int., Jul 2010, vol.53, no.1, p.5-24. ISSN 0034-7329.\" data-item-link=\"http:\/\/www.scielo.br\/scielo.php?script=sci_arttext&#038;pid=S0034-73292010000100001&#038;lng=pt&#038;nrm=iso\" class=\"upvote-btn upvote-on\">\n\t\t\t\t\t\t\t\t\t<i class=\"fa fa-thumbs-up\"><\/i>\n\t\t\t\t\t\t\t\t<\/span>\n\t\t\t\t\t\t\t\t<span class=\"upvote-count\">\n\t\t\t\t\t\t\t\t\t\t\t\t\t\t\t\t\t<\/span>\n\t\t\t\t\t\t\t<\/div>\n\t\t\t\t\t\t\t<!-- \/upvote section -->\n\n\t\t\t\t\t\t\t\t\t\t\t\t\n\t\t\t\t\t<\/li>\n\t\t\t\t\t\n\t\t\t\t\t<li id=\"item-2001-19\">\n\t\t\t\t\t\t\t\t\t\t\t\t<!-- List Anchor -->\n\t\t\t\t\t\t<a   href=\"http:\/\/www.scielo.br\/scielo.php?script=sci_arttext&#038;pid=S0011-52582018000100003&#038;lng=pt&#038;nrm=iso\"\n\t\t\t\t\t\t\ttarget=\"_blank\">\n\n\t\t\t\t\t\t\t<!-- Image, If Present -->\n\t\t\t\t\t\t\t19 - \t\t\t\t\t\t\t\t\t\t\t\t\t\t\t<span class=\"list-img\">\n\t\t\t\t\t\t\t\t\t<img src=\"https:\/\/www.uninter.com\/biblioteca\/wp-content\/plugins\/simple-link-directory\/\/assets\/images\/list-image-placeholder.png\" alt=\"\">\n\t\t\t\t\t\t\t\t<\/span>\n\t\t\t\t\t\t\t\n\t\t\t\t\t\t\t<!-- Link Text -->\n\t\t\t\t\t\t\tHerz, Monica; Yamato, Roberto Vilchez. As Transforma\u00e7\u00f5es das Regras Internacionais sobre Viol\u00eancia na Ordem Mundial Contempor\u00e2nea. Dados, Mar 2018, vol.61, no.1, p.3-45. ISSN 0011-5258.\t\t\t\t\t\t\t\n\t\t\t\t\t\t\t\t\t\t\t\t\t\t<span style=\"font-size:12px;\"><br>\n\t                                \t\t\t\t\t\t\t<\/span>\t\n\t                        \n\t\t\t\t\t\t<\/a>\n\t\t\t\t\t\t\n\t\t\t\t\t\t\t<!-- upvote section -->\n\t\t\t\t\t\t\t<div class=\"upvote-section\">\n\t\t\t\t\t\t\t\t<span data-post-id=\"2001\" data-item-title=\"Herz, Monica; Yamato, Roberto Vilchez. As Transforma\u00e7\u00f5es das Regras Internacionais sobre Viol\u00eancia na Ordem Mundial Contempor\u00e2nea. Dados, Mar 2018, vol.61, no.1, p.3-45. ISSN 0011-5258.\" data-item-link=\"http:\/\/www.scielo.br\/scielo.php?script=sci_arttext&#038;pid=S0011-52582018000100003&#038;lng=pt&#038;nrm=iso\" class=\"upvote-btn upvote-on\">\n\t\t\t\t\t\t\t\t\t<i class=\"fa fa-thumbs-up\"><\/i>\n\t\t\t\t\t\t\t\t<\/span>\n\t\t\t\t\t\t\t\t<span class=\"upvote-count\">\n\t\t\t\t\t\t\t\t\t\t\t\t\t\t\t\t\t<\/span>\n\t\t\t\t\t\t\t<\/div>\n\t\t\t\t\t\t\t<!-- \/upvote section -->\n\n\t\t\t\t\t\t\t\t\t\t\t\t\n\t\t\t\t\t<\/li>\n\t\t\t\t\t\n\t\t\t\t\t<li id=\"item-2001-20\">\n\t\t\t\t\t\t\t\t\t\t\t\t<!-- List Anchor -->\n\t\t\t\t\t\t<a   href=\"http:\/\/www.scielo.br\/scielo.php?script=sci_arttext&#038;pid=S0102-85292011000200005&#038;lng=pt&#038;nrm=iso\"\n\t\t\t\t\t\t\ttarget=\"_blank\">\n\n\t\t\t\t\t\t\t<!-- Image, If Present -->\n\t\t\t\t\t\t\t20 - \t\t\t\t\t\t\t\t\t\t\t\t\t\t\t<span class=\"list-img\">\n\t\t\t\t\t\t\t\t\t<img src=\"https:\/\/www.uninter.com\/biblioteca\/wp-content\/plugins\/simple-link-directory\/\/assets\/images\/list-image-placeholder.png\" alt=\"\">\n\t\t\t\t\t\t\t\t<\/span>\n\t\t\t\t\t\t\t\n\t\t\t\t\t\t\t<!-- Link Text -->\n\t\t\t\t\t\t\tCepik, Marco; Borba, Pedro. Crime organizado, Estado e seguran\u00e7a internacional. Contexto int., Dez 2011, vol.33, no.2, p.375-405. ISSN 0102-8529.\t\t\t\t\t\t\t\n\t\t\t\t\t\t\t\t\t\t\t\t\t\t<span style=\"font-size:12px;\"><br>\n\t                                \t\t\t\t\t\t\t<\/span>\t\n\t                        \n\t\t\t\t\t\t<\/a>\n\t\t\t\t\t\t\n\t\t\t\t\t\t\t<!-- upvote section -->\n\t\t\t\t\t\t\t<div class=\"upvote-section\">\n\t\t\t\t\t\t\t\t<span data-post-id=\"2001\" data-item-title=\"Cepik, Marco; Borba, Pedro. Crime organizado, Estado e seguran\u00e7a internacional. Contexto int., Dez 2011, vol.33, no.2, p.375-405. ISSN 0102-8529.\" data-item-link=\"http:\/\/www.scielo.br\/scielo.php?script=sci_arttext&#038;pid=S0102-85292011000200005&#038;lng=pt&#038;nrm=iso\" class=\"upvote-btn upvote-on\">\n\t\t\t\t\t\t\t\t\t<i class=\"fa fa-thumbs-up\"><\/i>\n\t\t\t\t\t\t\t\t<\/span>\n\t\t\t\t\t\t\t\t<span class=\"upvote-count\">\n\t\t\t\t\t\t\t\t\t\t\t\t\t\t\t\t\t<\/span>\n\t\t\t\t\t\t\t<\/div>\n\t\t\t\t\t\t\t<!-- \/upvote section -->\n\n\t\t\t\t\t\t\t\t\t\t\t\t\n\t\t\t\t\t<\/li>\n\t\t\t\t\t\n\t\t\t\t\t<li id=\"item-2001-21\">\n\t\t\t\t\t\t\t\t\t\t\t\t<!-- List Anchor -->\n\t\t\t\t\t\t<a   href=\"http:\/\/www.scielo.br\/scielo.php?script=sci_arttext&#038;pid=S0034-73292008000200006&#038;lng=en&#038;nrm=iso\"\n\t\t\t\t\t\t\ttarget=\"_blank\">\n\n\t\t\t\t\t\t\t<!-- Image, If Present -->\n\t\t\t\t\t\t\t21 - \t\t\t\t\t\t\t\t\t\t\t\t\t\t\t<span class=\"list-img\">\n\t\t\t\t\t\t\t\t\t<img src=\"https:\/\/www.uninter.com\/biblioteca\/wp-content\/plugins\/simple-link-directory\/\/assets\/images\/list-image-placeholder.png\" alt=\"\">\n\t\t\t\t\t\t\t\t<\/span>\n\t\t\t\t\t\t\t\n\t\t\t\t\t\t\t<!-- Link Text -->\n\t\t\t\t\t\t\tFaria, Carlos Aur\u00e9lio Pimenta de. Opini\u00e3o p\u00fablica e pol\u00edtica externa: insulamento, politiza\u00e7\u00e3o e reforma na produ\u00e7\u00e3o da pol\u00edtica exterior do Brasil. Rev. bras. pol\u00edt. int., Dez 2008, vol.51, no.2, p.80-97.\t\t\t\t\t\t\t\n\t\t\t\t\t\t\t\t\t\t\t\t\t\t<span style=\"font-size:12px;\"><br>\n\t                                \t\t\t\t\t\t\t<\/span>\t\n\t                        \n\t\t\t\t\t\t<\/a>\n\t\t\t\t\t\t\n\t\t\t\t\t\t\t<!-- upvote section -->\n\t\t\t\t\t\t\t<div class=\"upvote-section\">\n\t\t\t\t\t\t\t\t<span data-post-id=\"2001\" data-item-title=\"Faria, Carlos Aur\u00e9lio Pimenta de. Opini\u00e3o p\u00fablica e pol\u00edtica externa: insulamento, politiza\u00e7\u00e3o e reforma na produ\u00e7\u00e3o da pol\u00edtica exterior do Brasil. Rev. bras. pol\u00edt. int., Dez 2008, vol.51, no.2, p.80-97.\" data-item-link=\"http:\/\/www.scielo.br\/scielo.php?script=sci_arttext&#038;pid=S0034-73292008000200006&#038;lng=en&#038;nrm=iso\" class=\"upvote-btn upvote-on\">\n\t\t\t\t\t\t\t\t\t<i class=\"fa fa-thumbs-up\"><\/i>\n\t\t\t\t\t\t\t\t<\/span>\n\t\t\t\t\t\t\t\t<span class=\"upvote-count\">\n\t\t\t\t\t\t\t\t\t\t\t\t\t\t\t\t\t<\/span>\n\t\t\t\t\t\t\t<\/div>\n\t\t\t\t\t\t\t<!-- \/upvote section -->\n\n\t\t\t\t\t\t\t\t\t\t\t\t\n\t\t\t\t\t<\/li>\n\t\t\t\t\t\n\t\t\t\t\t<li id=\"item-2001-22\">\n\t\t\t\t\t\t\t\t\t\t\t\t<!-- List Anchor -->\n\t\t\t\t\t\t<a   href=\"http:\/\/www.scielo.br\/scielo.php?script=sci_arttext&#038;pid=S0034-73292010000200002&#038;lng=en&#038;nrm=iso\"\n\t\t\t\t\t\t\ttarget=\"_blank\">\n\n\t\t\t\t\t\t\t<!-- Image, If Present -->\n\t\t\t\t\t\t\t22 - \t\t\t\t\t\t\t\t\t\t\t\t\t\t\t<span class=\"list-img\">\n\t\t\t\t\t\t\t\t\t<img src=\"https:\/\/www.uninter.com\/biblioteca\/wp-content\/plugins\/simple-link-directory\/\/assets\/images\/list-image-placeholder.png\" alt=\"\">\n\t\t\t\t\t\t\t\t<\/span>\n\t\t\t\t\t\t\t\n\t\t\t\t\t\t\t<!-- Link Text -->\n\t\t\t\t\t\t\tFerreira, Marcelo Costa. Os Processos Constituintes de 1946 e 1988 e a defini\u00e7\u00e3o do papel do Congresso Nacional na Pol\u00edtica Externa Brasileira. Rev. bras. pol\u00edt. int., 2010, vol.53, no.2, p.23-48.\t\t\t\t\t\t\t\n\t\t\t\t\t\t\t\t\t\t\t\t\t\t<span style=\"font-size:12px;\"><br>\n\t                                \t\t\t\t\t\t\t<\/span>\t\n\t                        \n\t\t\t\t\t\t<\/a>\n\t\t\t\t\t\t\n\t\t\t\t\t\t\t<!-- upvote section -->\n\t\t\t\t\t\t\t<div class=\"upvote-section\">\n\t\t\t\t\t\t\t\t<span data-post-id=\"2001\" data-item-title=\"Ferreira, Marcelo Costa. Os Processos Constituintes de 1946 e 1988 e a defini\u00e7\u00e3o do papel do Congresso Nacional na Pol\u00edtica Externa Brasileira. Rev. bras. pol\u00edt. int., 2010, vol.53, no.2, p.23-48.\" data-item-link=\"http:\/\/www.scielo.br\/scielo.php?script=sci_arttext&#038;pid=S0034-73292010000200002&#038;lng=en&#038;nrm=iso\" class=\"upvote-btn upvote-on\">\n\t\t\t\t\t\t\t\t\t<i class=\"fa fa-thumbs-up\"><\/i>\n\t\t\t\t\t\t\t\t<\/span>\n\t\t\t\t\t\t\t\t<span class=\"upvote-count\">\n\t\t\t\t\t\t\t\t\t\t\t\t\t\t\t\t\t<\/span>\n\t\t\t\t\t\t\t<\/div>\n\t\t\t\t\t\t\t<!-- \/upvote section -->\n\n\t\t\t\t\t\t\t\t\t\t\t\t\n\t\t\t\t\t<\/li>\n\t\t\t\t\t\n\t\t\t\t\t<li id=\"item-2001-23\">\n\t\t\t\t\t\t\t\t\t\t\t\t<!-- List Anchor -->\n\t\t\t\t\t\t<a   href=\"http:\/\/www.scielo.br\/scielo.php?script=sci_arttext&#038;pid=S0034-73292010000200001&#038;lng=en&#038;nrm=iso\"\n\t\t\t\t\t\t\ttarget=\"_blank\">\n\n\t\t\t\t\t\t\t<!-- Image, If Present -->\n\t\t\t\t\t\t\t23 - \t\t\t\t\t\t\t\t\t\t\t\t\t\t\t<span class=\"list-img\">\n\t\t\t\t\t\t\t\t\t<img src=\"https:\/\/www.uninter.com\/biblioteca\/wp-content\/plugins\/simple-link-directory\/\/assets\/images\/list-image-placeholder.png\" alt=\"\">\n\t\t\t\t\t\t\t\t<\/span>\n\t\t\t\t\t\t\t\n\t\t\t\t\t\t\t<!-- Link Text -->\n\t\t\t\t\t\t\tFigueira, Ariane Roder. Rupturas e continuidades no padr\u00e3o organizacional e decis\u00f3rio do Minist\u00e9rio das Rela\u00e7\u00f5es Exteriores. Rev. bras. pol\u00edt. int., 2010, vol.53, no.2, p.05-22.\t\t\t\t\t\t\t\n\t\t\t\t\t\t\t\t\t\t\t\t\t\t<span style=\"font-size:12px;\"><br>\n\t                                \t\t\t\t\t\t\t<\/span>\t\n\t                        \n\t\t\t\t\t\t<\/a>\n\t\t\t\t\t\t\n\t\t\t\t\t\t\t<!-- upvote section -->\n\t\t\t\t\t\t\t<div class=\"upvote-section\">\n\t\t\t\t\t\t\t\t<span data-post-id=\"2001\" data-item-title=\"Figueira, Ariane Roder. Rupturas e continuidades no padr\u00e3o organizacional e decis\u00f3rio do Minist\u00e9rio das Rela\u00e7\u00f5es Exteriores. Rev. bras. pol\u00edt. int., 2010, vol.53, no.2, p.05-22.\" data-item-link=\"http:\/\/www.scielo.br\/scielo.php?script=sci_arttext&#038;pid=S0034-73292010000200001&#038;lng=en&#038;nrm=iso\" class=\"upvote-btn upvote-on\">\n\t\t\t\t\t\t\t\t\t<i class=\"fa fa-thumbs-up\"><\/i>\n\t\t\t\t\t\t\t\t<\/span>\n\t\t\t\t\t\t\t\t<span class=\"upvote-count\">\n\t\t\t\t\t\t\t\t\t\t\t\t\t\t\t\t\t<\/span>\n\t\t\t\t\t\t\t<\/div>\n\t\t\t\t\t\t\t<!-- \/upvote section -->\n\n\t\t\t\t\t\t\t\t\t\t\t\t\n\t\t\t\t\t<\/li>\n\t\t\t\t\t\n\t\t\t\t\t<li id=\"item-2001-24\">\n\t\t\t\t\t\t\t\t\t\t\t\t<!-- List Anchor -->\n\t\t\t\t\t\t<a   href=\"http:\/\/www.scielo.br\/scielo.php?script=sci_arttext&#038;pid=S0034-73292013000100003&#038;lng=en&#038;nrm=iso\"\n\t\t\t\t\t\t\ttarget=\"_blank\">\n\n\t\t\t\t\t\t\t<!-- Image, If Present -->\n\t\t\t\t\t\t\t24 - \t\t\t\t\t\t\t\t\t\t\t\t\t\t\t<span class=\"list-img\">\n\t\t\t\t\t\t\t\t\t<img src=\"https:\/\/www.uninter.com\/biblioteca\/wp-content\/plugins\/simple-link-directory\/\/assets\/images\/list-image-placeholder.png\" alt=\"\">\n\t\t\t\t\t\t\t\t<\/span>\n\t\t\t\t\t\t\t\n\t\t\t\t\t\t\t<!-- Link Text -->\n\t\t\t\t\t\t\tSalom\u00f3n, M\u00f3nica; Pinheiro, Let\u00edcia. An\u00e1lise de Pol\u00edtica Externa e Pol\u00edtica Externa Brasileira: trajet\u00f3ria, desafios e possibilidades de um campo de estudos. Rev. bras. pol\u00edt. int., 2013, vol.56, no.1, p.40-59.\t\t\t\t\t\t\t\n\t\t\t\t\t\t\t\t\t\t\t\t\t\t<span style=\"font-size:12px;\"><br>\n\t                                \t\t\t\t\t\t\t<\/span>\t\n\t                        \n\t\t\t\t\t\t<\/a>\n\t\t\t\t\t\t\n\t\t\t\t\t\t\t<!-- upvote section -->\n\t\t\t\t\t\t\t<div class=\"upvote-section\">\n\t\t\t\t\t\t\t\t<span data-post-id=\"2001\" data-item-title=\"Salom\u00f3n, M\u00f3nica; Pinheiro, Let\u00edcia. An\u00e1lise de Pol\u00edtica Externa e Pol\u00edtica Externa Brasileira: trajet\u00f3ria, desafios e possibilidades de um campo de estudos. Rev. bras. pol\u00edt. int., 2013, vol.56, no.1, p.40-59.\" data-item-link=\"http:\/\/www.scielo.br\/scielo.php?script=sci_arttext&#038;pid=S0034-73292013000100003&#038;lng=en&#038;nrm=iso\" class=\"upvote-btn upvote-on\">\n\t\t\t\t\t\t\t\t\t<i class=\"fa fa-thumbs-up\"><\/i>\n\t\t\t\t\t\t\t\t<\/span>\n\t\t\t\t\t\t\t\t<span class=\"upvote-count\">\n\t\t\t\t\t\t\t\t\t\t\t\t\t\t\t\t\t<\/span>\n\t\t\t\t\t\t\t<\/div>\n\t\t\t\t\t\t\t<!-- \/upvote section -->\n\n\t\t\t\t\t\t\t\t\t\t\t\t\n\t\t\t\t\t<\/li>\n\t\t\t\t\t\n\t\t\t\t\t<li id=\"item-2001-25\">\n\t\t\t\t\t\t\t\t\t\t\t\t<!-- List Anchor -->\n\t\t\t\t\t\t<a   href=\"http:\/\/www.scielo.br\/scielo.php?script=sci_arttext&#038;pid=S0034-73291998000200008&#038;lng=en&#038;nrm=iso\"\n\t\t\t\t\t\t\ttarget=\"_blank\">\n\n\t\t\t\t\t\t\t<!-- Image, If Present -->\n\t\t\t\t\t\t\t25 - \t\t\t\t\t\t\t\t\t\t\t\t\t\t\t<span class=\"list-img\">\n\t\t\t\t\t\t\t\t\t<img src=\"https:\/\/www.uninter.com\/biblioteca\/wp-content\/plugins\/simple-link-directory\/\/assets\/images\/list-image-placeholder.png\" alt=\"\">\n\t\t\t\t\t\t\t\t<\/span>\n\t\t\t\t\t\t\t\n\t\t\t\t\t\t\t<!-- Link Text -->\n\t\t\t\t\t\t\tSilva, Alexandra de Mello e. Id\u00e9ias e pol\u00edtica externa: a atua\u00e7\u00e3o brasileira na Liga das Na\u00e7\u00f5es e na ONU. Rev. bras. pol\u00edt. int., Dez 1998, vol.41, no.2, p.139-158.\t\t\t\t\t\t\t\n\t\t\t\t\t\t\t\t\t\t\t\t\t\t<span style=\"font-size:12px;\"><br>\n\t                                \t\t\t\t\t\t\t<\/span>\t\n\t                        \n\t\t\t\t\t\t<\/a>\n\t\t\t\t\t\t\n\t\t\t\t\t\t\t<!-- upvote section -->\n\t\t\t\t\t\t\t<div class=\"upvote-section\">\n\t\t\t\t\t\t\t\t<span data-post-id=\"2001\" data-item-title=\"Silva, Alexandra de Mello e. Id\u00e9ias e pol\u00edtica externa: a atua\u00e7\u00e3o brasileira na Liga das Na\u00e7\u00f5es e na ONU. Rev. bras. pol\u00edt. int., Dez 1998, vol.41, no.2, p.139-158.\" data-item-link=\"http:\/\/www.scielo.br\/scielo.php?script=sci_arttext&#038;pid=S0034-73291998000200008&#038;lng=en&#038;nrm=iso\" class=\"upvote-btn upvote-on\">\n\t\t\t\t\t\t\t\t\t<i class=\"fa fa-thumbs-up\"><\/i>\n\t\t\t\t\t\t\t\t<\/span>\n\t\t\t\t\t\t\t\t<span class=\"upvote-count\">\n\t\t\t\t\t\t\t\t\t\t\t\t\t\t\t\t\t<\/span>\n\t\t\t\t\t\t\t<\/div>\n\t\t\t\t\t\t\t<!-- \/upvote section -->\n\n\t\t\t\t\t\t\t\t\t\t\t\t\n\t\t\t\t\t<\/li>\n\t\t\t\t\t\n\t\t\t\t\t<li id=\"item-2001-26\">\n\t\t\t\t\t\t\t\t\t\t\t\t<!-- List Anchor -->\n\t\t\t\t\t\t<a   href=\"http:\/\/www.scielo.br\/scielo.php?script=sci_arttext&#038;pid=S0034-73292014000200133&#038;lng=en&#038;nrm=iso\"\n\t\t\t\t\t\t\ttarget=\"_blank\">\n\n\t\t\t\t\t\t\t<!-- Image, If Present -->\n\t\t\t\t\t\t\t26 - \t\t\t\t\t\t\t\t\t\t\t\t\t\t\t<span class=\"list-img\">\n\t\t\t\t\t\t\t\t\t<img src=\"https:\/\/www.uninter.com\/biblioteca\/wp-content\/plugins\/simple-link-directory\/\/assets\/images\/list-image-placeholder.png\" alt=\"\">\n\t\t\t\t\t\t\t\t<\/span>\n\t\t\t\t\t\t\t\n\t\t\t\t\t\t\t<!-- Link Text -->\n\t\t\t\t\t\t\tCervo, Amado Luiz and Lessa, Ant\u00f4nio Carlos. O decl\u00ednio: inser\u00e7\u00e3o internacional do Brasil (2011-2014). Rev. bras. pol\u00edt. int., Dez 2014, vol.57, no.2, p.133-151. ISSN 0034-7329\t\t\t\t\t\t\t\n\t\t\t\t\t\t\t\t\t\t\t\t\t\t<span style=\"font-size:12px;\"><br>\n\t                                \t\t\t\t\t\t\t<\/span>\t\n\t                        \n\t\t\t\t\t\t<\/a>\n\t\t\t\t\t\t\n\t\t\t\t\t\t\t<!-- upvote section -->\n\t\t\t\t\t\t\t<div class=\"upvote-section\">\n\t\t\t\t\t\t\t\t<span data-post-id=\"2001\" data-item-title=\"Cervo, Amado Luiz and Lessa, Ant\u00f4nio Carlos. O decl\u00ednio: inser\u00e7\u00e3o internacional do Brasil (2011-2014). Rev. bras. pol\u00edt. int., Dez 2014, vol.57, no.2, p.133-151. ISSN 0034-7329\" data-item-link=\"http:\/\/www.scielo.br\/scielo.php?script=sci_arttext&#038;pid=S0034-73292014000200133&#038;lng=en&#038;nrm=iso\" class=\"upvote-btn upvote-on\">\n\t\t\t\t\t\t\t\t\t<i class=\"fa fa-thumbs-up\"><\/i>\n\t\t\t\t\t\t\t\t<\/span>\n\t\t\t\t\t\t\t\t<span class=\"upvote-count\">\n\t\t\t\t\t\t\t\t\t\t\t\t\t\t\t\t\t<\/span>\n\t\t\t\t\t\t\t<\/div>\n\t\t\t\t\t\t\t<!-- \/upvote section -->\n\n\t\t\t\t\t\t\t\t\t\t\t\t\n\t\t\t\t\t<\/li>\n\t\t\t\t\t\n\t\t\t\t\t<li id=\"item-2001-27\">\n\t\t\t\t\t\t\t\t\t\t\t\t<!-- List Anchor -->\n\t\t\t\t\t\t<a   href=\"http:\/\/www.scielo.br\/scielo.php?script=sci_arttext&#038;pid=S0034-73292004000100007&#038;lng=en&#038;nrm=iso\"\n\t\t\t\t\t\t\ttarget=\"_blank\">\n\n\t\t\t\t\t\t\t<!-- Image, If Present -->\n\t\t\t\t\t\t\t27 - \t\t\t\t\t\t\t\t\t\t\t\t\t\t\t<span class=\"list-img\">\n\t\t\t\t\t\t\t\t\t<img src=\"https:\/\/www.uninter.com\/biblioteca\/wp-content\/plugins\/simple-link-directory\/\/assets\/images\/list-image-placeholder.png\" alt=\"\">\n\t\t\t\t\t\t\t\t<\/span>\n\t\t\t\t\t\t\t\n\t\t\t\t\t\t\t<!-- Link Text -->\n\t\t\t\t\t\t\tCouto, Est\u00eav\u00e3o Ferreira. Judicializa\u00e7\u00e3o da pol\u00edtica externa e direitos humanos. Rev. bras. pol\u00edt. int., Jun 2004, vol.47, no.1, p.140-161. ISSN 0034-7329.\t\t\t\t\t\t\t\n\t\t\t\t\t\t\t\t\t\t\t\t\t\t<span style=\"font-size:12px;\"><br>\n\t                                \t\t\t\t\t\t\t<\/span>\t\n\t                        \n\t\t\t\t\t\t<\/a>\n\t\t\t\t\t\t\n\t\t\t\t\t\t\t<!-- upvote section -->\n\t\t\t\t\t\t\t<div class=\"upvote-section\">\n\t\t\t\t\t\t\t\t<span data-post-id=\"2001\" data-item-title=\"Couto, Est\u00eav\u00e3o Ferreira. Judicializa\u00e7\u00e3o da pol\u00edtica externa e direitos humanos. Rev. bras. pol\u00edt. int., Jun 2004, vol.47, no.1, p.140-161. ISSN 0034-7329.\" data-item-link=\"http:\/\/www.scielo.br\/scielo.php?script=sci_arttext&#038;pid=S0034-73292004000100007&#038;lng=en&#038;nrm=iso\" class=\"upvote-btn upvote-on\">\n\t\t\t\t\t\t\t\t\t<i class=\"fa fa-thumbs-up\"><\/i>\n\t\t\t\t\t\t\t\t<\/span>\n\t\t\t\t\t\t\t\t<span class=\"upvote-count\">\n\t\t\t\t\t\t\t\t\t\t\t\t\t\t\t\t\t<\/span>\n\t\t\t\t\t\t\t<\/div>\n\t\t\t\t\t\t\t<!-- \/upvote section -->\n\n\t\t\t\t\t\t\t\t\t\t\t\t\n\t\t\t\t\t<\/li>\n\t\t\t\t\t\n\t\t\t\t\t<li id=\"item-2001-28\">\n\t\t\t\t\t\t\t\t\t\t\t\t<!-- List Anchor -->\n\t\t\t\t\t\t<a   href=\"http:\/\/www.scielo.br\/scielo.php?script=sci_arttext&#038;pid=S0034-73292008000200009&#038;lng=en&#038;nrm=iso\"\n\t\t\t\t\t\t\ttarget=\"_blank\">\n\n\t\t\t\t\t\t\t<!-- Image, If Present -->\n\t\t\t\t\t\t\t28 - \t\t\t\t\t\t\t\t\t\t\t\t\t\t\t<span class=\"list-img\">\n\t\t\t\t\t\t\t\t\t<img src=\"https:\/\/www.uninter.com\/biblioteca\/wp-content\/plugins\/simple-link-directory\/\/assets\/images\/list-image-placeholder.png\" alt=\"\">\n\t\t\t\t\t\t\t\t<\/span>\n\t\t\t\t\t\t\t\n\t\t\t\t\t\t\t<!-- Link Text -->\n\t\t\t\t\t\t\tPecequilo, Cristina Soreanu. A pol\u00edtica externa do Brasil no s\u00e9culo XXI: os eixos combinados de coopera\u00e7\u00e3o horizontal e vertical. Rev. bras. Pol\u00edt. int., Dez 2008, vol.51, no.2, p.136-156. ISSN 0034-7329.\t\t\t\t\t\t\t\n\t\t\t\t\t\t\t\t\t\t\t\t\t\t<span style=\"font-size:12px;\"><br>\n\t                                \t\t\t\t\t\t\t<\/span>\t\n\t                        \n\t\t\t\t\t\t<\/a>\n\t\t\t\t\t\t\n\t\t\t\t\t\t\t<!-- upvote section -->\n\t\t\t\t\t\t\t<div class=\"upvote-section\">\n\t\t\t\t\t\t\t\t<span data-post-id=\"2001\" data-item-title=\"Pecequilo, Cristina Soreanu. A pol\u00edtica externa do Brasil no s\u00e9culo XXI: os eixos combinados de coopera\u00e7\u00e3o horizontal e vertical. Rev. bras. Pol\u00edt. int., Dez 2008, vol.51, no.2, p.136-156. ISSN 0034-7329.\" data-item-link=\"http:\/\/www.scielo.br\/scielo.php?script=sci_arttext&#038;pid=S0034-73292008000200009&#038;lng=en&#038;nrm=iso\" class=\"upvote-btn upvote-on\">\n\t\t\t\t\t\t\t\t\t<i class=\"fa fa-thumbs-up\"><\/i>\n\t\t\t\t\t\t\t\t<\/span>\n\t\t\t\t\t\t\t\t<span class=\"upvote-count\">\n\t\t\t\t\t\t\t\t\t\t\t\t\t\t\t\t\t<\/span>\n\t\t\t\t\t\t\t<\/div>\n\t\t\t\t\t\t\t<!-- \/upvote section -->\n\n\t\t\t\t\t\t\t\t\t\t\t\t\n\t\t\t\t\t<\/li>\n\t\t\t\t\t\n\t\t\t\t\t<li id=\"item-2001-29\">\n\t\t\t\t\t\t\t\t\t\t\t\t<!-- List Anchor -->\n\t\t\t\t\t\t<a   href=\"http:\/\/www.scielo.br\/scielo.php?script=sci_abstract&#038;pid=S0034-73292014000300108&#038;lng=en&#038;nrm=iso&#038;tlng=pt\"\n\t\t\t\t\t\t\ttarget=\"_blank\">\n\n\t\t\t\t\t\t\t<!-- Image, If Present -->\n\t\t\t\t\t\t\t29 - \t\t\t\t\t\t\t\t\t\t\t\t\t\t\t<span class=\"list-img\">\n\t\t\t\t\t\t\t\t\t<img src=\"https:\/\/www.uninter.com\/biblioteca\/wp-content\/plugins\/simple-link-directory\/\/assets\/images\/list-image-placeholder.png\" alt=\"\">\n\t\t\t\t\t\t\t\t<\/span>\n\t\t\t\t\t\t\t\n\t\t\t\t\t\t\t<!-- Link Text -->\n\t\t\t\t\t\t\tGuilhon-Albuquerque, Jos\u00e9-Augusto. Brazil, China, US: a triangular relation?. Rev. bras. pol\u00edt. int., 2014, vol.57, no.spe, p.108-120. ISSN 0034-7329\t\t\t\t\t\t\t\n\t\t\t\t\t\t\t\t\t\t\t\t\t\t<span style=\"font-size:12px;\"><br>\n\t                                \t\t\t\t\t\t\t<\/span>\t\n\t                        \n\t\t\t\t\t\t<\/a>\n\t\t\t\t\t\t\n\t\t\t\t\t\t\t<!-- upvote section -->\n\t\t\t\t\t\t\t<div class=\"upvote-section\">\n\t\t\t\t\t\t\t\t<span data-post-id=\"2001\" data-item-title=\"Guilhon-Albuquerque, Jos\u00e9-Augusto. Brazil, China, US: a triangular relation?. Rev. bras. pol\u00edt. int., 2014, vol.57, no.spe, p.108-120. ISSN 0034-7329\" data-item-link=\"http:\/\/www.scielo.br\/scielo.php?script=sci_abstract&#038;pid=S0034-73292014000300108&#038;lng=en&#038;nrm=iso&#038;tlng=pt\" class=\"upvote-btn upvote-on\">\n\t\t\t\t\t\t\t\t\t<i class=\"fa fa-thumbs-up\"><\/i>\n\t\t\t\t\t\t\t\t<\/span>\n\t\t\t\t\t\t\t\t<span class=\"upvote-count\">\n\t\t\t\t\t\t\t\t\t\t\t\t\t\t\t\t\t<\/span>\n\t\t\t\t\t\t\t<\/div>\n\t\t\t\t\t\t\t<!-- \/upvote section -->\n\n\t\t\t\t\t\t\t\t\t\t\t\t\n\t\t\t\t\t<\/li>\n\t\t\t\t\t\n\t\t\t\t\t<li id=\"item-2001-30\">\n\t\t\t\t\t\t\t\t\t\t\t\t<!-- List Anchor -->\n\t\t\t\t\t\t<a   href=\"http:\/\/www.scielo.br\/scielo.php?script=sci_arttext&#038;pid=S0034-73292011000200004&#038;lng=en&#038;nrm=iso&#038;tlng=pt\"\n\t\t\t\t\t\t\ttarget=\"_blank\">\n\n\t\t\t\t\t\t\t<!-- Image, If Present -->\n\t\t\t\t\t\t\t30 - \t\t\t\t\t\t\t\t\t\t\t\t\t\t\t<span class=\"list-img\">\n\t\t\t\t\t\t\t\t\t<img src=\"https:\/\/www.uninter.com\/biblioteca\/wp-content\/plugins\/simple-link-directory\/\/assets\/images\/list-image-placeholder.png\" alt=\"\">\n\t\t\t\t\t\t\t\t<\/span>\n\t\t\t\t\t\t\t\n\t\t\t\t\t\t\t<!-- Link Text -->\n\t\t\t\t\t\t\tVilela, Elaine; Neiva, Pedro. Temas e regi\u00f5es nas pol\u00edticas externas de Lula e Fernando Henrique: compara\u00e7\u00e3o do discurso dos dois presidentes. Rev. bras. pol\u00edt. int., 2011, vol.54, no.2, p.70-96. ISSN 0034-7329\t\t\t\t\t\t\t\n\t\t\t\t\t\t\t\t\t\t\t\t\t\t<span style=\"font-size:12px;\"><br>\n\t                                \t\t\t\t\t\t\t<\/span>\t\n\t                        \n\t\t\t\t\t\t<\/a>\n\t\t\t\t\t\t\n\t\t\t\t\t\t\t<!-- upvote section -->\n\t\t\t\t\t\t\t<div class=\"upvote-section\">\n\t\t\t\t\t\t\t\t<span data-post-id=\"2001\" data-item-title=\"Vilela, Elaine; Neiva, Pedro. Temas e regi\u00f5es nas pol\u00edticas externas de Lula e Fernando Henrique: compara\u00e7\u00e3o do discurso dos dois presidentes. Rev. bras. pol\u00edt. int., 2011, vol.54, no.2, p.70-96. ISSN 0034-7329\" data-item-link=\"http:\/\/www.scielo.br\/scielo.php?script=sci_arttext&#038;pid=S0034-73292011000200004&#038;lng=en&#038;nrm=iso&#038;tlng=pt\" class=\"upvote-btn upvote-on\">\n\t\t\t\t\t\t\t\t\t<i class=\"fa fa-thumbs-up\"><\/i>\n\t\t\t\t\t\t\t\t<\/span>\n\t\t\t\t\t\t\t\t<span class=\"upvote-count\">\n\t\t\t\t\t\t\t\t\t\t\t\t\t\t\t\t\t<\/span>\n\t\t\t\t\t\t\t<\/div>\n\t\t\t\t\t\t\t<!-- \/upvote section -->\n\n\t\t\t\t\t\t\t\t\t\t\t\t\n\t\t\t\t\t<\/li>\n\t\t\t\t\t\t\t\t\t<\/ul>\n\n\t\t\t<\/div>\n\n\t\t<\/div>\n\t\t<!-- \/Individual List Item -->\n\n\t\t\n\t\t<br \/>\n\r\n<!--  Starting Simple Link Directory Plugin Output -->\n<div class=\"qcopd_embed_container\">\r\n\r\n\r\n\r\n\r\n\r\n\r\n\r\n<\/div>\r\n<div class=\"qcopd-list-wrapper\">\n\t<div id=\"opd-list-holder\" class=\"qcopd-list-holder\">\n\t\t\n\t\t<!-- Individual List Item -->\n\t\t<div id=\"list-item-1-1468\" class=\"qc-grid-item qcopd-list-column opd-column-1 simple opd-list-id-1468\">\n\t\t\t<div class=\"qcopd-single-list\">\n\t\t\t\t\t<h2 onclick=\"if(document.getElementById('1468').style.display=='block'){document.getElementById('1468').style.display='none';}else{document.getElementById('1468').style.display='block';};\">\n\t\t\t\t\tSeguran\u00e7a P\u00fablica\t\t\t\t<\/h2>\n\t\t\t\t<ul  style=display:none; id=1468 >\n\t\t\t\t\t\n\t\t\t\t\t<li id=\"item-1468-1\">\n\t\t\t\t\t\t\t\t\t\t\t\t<!-- List Anchor -->\n\t\t\t\t\t\t<a   href=\"https:\/\/periodicos.ufsc.br\/index.php\/katalysis\/index\"\n\t\t\t\t\t\t\ttarget=\"_blank\">\n\n\t\t\t\t\t\t\t<!-- Image, If Present -->\n\t\t\t\t\t\t\t1 - \t\t\t\t\t\t\t\t\t\t\t\t\t\t\n\t\t\t\t\t\t\t\n\t\t\t\t\t\t\t\t<span class=\"list-img\">\n\t\t\t\t\t\t\t\t\t\t\t\t\t\t\t\t\t\t<img src=\"https:\/\/www.uninter.com\/biblioteca\/wp-content\/uploads\/2019\/08\/katalysys-150x150.jpg\" alt=\"\">\n\t\t\t\t\t\t\t\t<\/span>\n\t\t\t\t\t\t\t\n\t\t\t\t\t\t\t<!-- Link Text -->\n\t\t\t\t\t\t\tRevista Kat\u00e1lysis\t\t\t\t\t\t\t\n\t\t\t\t\t\t\t\t\t\t\t\t\t\t<span style=\"font-size:12px;\"><br>\n\t                                \t\t\t\t\t\t\t<\/span>\t\n\t                        \n\t\t\t\t\t\t<\/a>\n\t\t\t\t\t\t\n\t\t\t\t\t\t\t<!-- upvote section -->\n\t\t\t\t\t\t\t<div class=\"upvote-section\">\n\t\t\t\t\t\t\t\t<span data-post-id=\"1468\" data-item-title=\"Revista Kat\u00e1lysis\" data-item-link=\"https:\/\/periodicos.ufsc.br\/index.php\/katalysis\/index\" class=\"upvote-btn upvote-on\">\n\t\t\t\t\t\t\t\t\t<i class=\"fa fa-thumbs-up\"><\/i>\n\t\t\t\t\t\t\t\t<\/span>\n\t\t\t\t\t\t\t\t<span class=\"upvote-count\">\n\t\t\t\t\t\t\t\t\t1\t\t\t\t\t\t\t\t<\/span>\n\t\t\t\t\t\t\t<\/div>\n\t\t\t\t\t\t\t<!-- \/upvote section -->\n\n\t\t\t\t\t\t\t\t\t\t\t\t\n\t\t\t\t\t<\/li>\n\t\t\t\t\t\n\t\t\t\t\t<li id=\"item-1468-2\">\n\t\t\t\t\t\t\t\t\t\t\t\t<!-- List Anchor -->\n\t\t\t\t\t\t<a   href=\"http:\/\/www.isprevista.rj.gov.br\/\"\n\t\t\t\t\t\t\ttarget=\"_blank\">\n\n\t\t\t\t\t\t\t<!-- Image, If Present -->\n\t\t\t\t\t\t\t2 - \t\t\t\t\t\t\t\t\t\t\t\t\t\t\n\t\t\t\t\t\t\t\n\t\t\t\t\t\t\t\t<span class=\"list-img\">\n\t\t\t\t\t\t\t\t\t\t\t\t\t\t\t\t\t\t<img src=\"https:\/\/www.uninter.com\/biblioteca\/wp-content\/uploads\/2019\/08\/cadernos-3-150x150.jpg\" alt=\"\">\n\t\t\t\t\t\t\t\t<\/span>\n\t\t\t\t\t\t\t\n\t\t\t\t\t\t\t<!-- Link Text -->\n\t\t\t\t\t\t\tCadernos de Seguran\u00e7a P\u00fablica\t\t\t\t\t\t\t\n\t\t\t\t\t\t\t\t\t\t\t\t\t\t<span style=\"font-size:12px;\"><br>\n\t                                \t\t\t\t\t\t\t<\/span>\t\n\t                        \n\t\t\t\t\t\t<\/a>\n\t\t\t\t\t\t\n\t\t\t\t\t\t\t<!-- upvote section -->\n\t\t\t\t\t\t\t<div class=\"upvote-section\">\n\t\t\t\t\t\t\t\t<span data-post-id=\"1468\" data-item-title=\"Cadernos de Seguran\u00e7a P\u00fablica\" data-item-link=\"http:\/\/www.isprevista.rj.gov.br\/\" class=\"upvote-btn upvote-on\">\n\t\t\t\t\t\t\t\t\t<i class=\"fa fa-thumbs-up\"><\/i>\n\t\t\t\t\t\t\t\t<\/span>\n\t\t\t\t\t\t\t\t<span class=\"upvote-count\">\n\t\t\t\t\t\t\t\t\t1\t\t\t\t\t\t\t\t<\/span>\n\t\t\t\t\t\t\t<\/div>\n\t\t\t\t\t\t\t<!-- \/upvote section -->\n\n\t\t\t\t\t\t\t\t\t\t\t\t\n\t\t\t\t\t<\/li>\n\t\t\t\t\t\n\t\t\t\t\t<li id=\"item-1468-3\">\n\t\t\t\t\t\t\t\t\t\t\t\t<!-- List Anchor -->\n\t\t\t\t\t\t<a   href=\"https:\/\/periodicos.pf.gov.br\/index.php\/RSPC\/about\"\n\t\t\t\t\t\t\ttarget=\"_blank\">\n\n\t\t\t\t\t\t\t<!-- Image, If Present -->\n\t\t\t\t\t\t\t3 - \t\t\t\t\t\t\t\t\t\t\t\t\t\t\n\t\t\t\t\t\t\t\n\t\t\t\t\t\t\t\t<span class=\"list-img\">\n\t\t\t\t\t\t\t\t\t\t\t\t\t\t\t\t\t\t<img src=\"https:\/\/www.uninter.com\/biblioteca\/wp-content\/uploads\/2019\/08\/segPub-1-150x150.jpg\" alt=\"\">\n\t\t\t\t\t\t\t\t<\/span>\n\t\t\t\t\t\t\t\n\t\t\t\t\t\t\t<!-- Link Text -->\n\t\t\t\t\t\t\tRevista Seguran\u00e7a P\u00fablica &amp; Cidadania\t\t\t\t\t\t\t\n\t\t\t\t\t\t\t\t\t\t\t\t\t\t<span style=\"font-size:12px;\"><br>\n\t                                \t\t\t\t\t\t\t<\/span>\t\n\t                        \n\t\t\t\t\t\t<\/a>\n\t\t\t\t\t\t\n\t\t\t\t\t\t\t<!-- upvote section -->\n\t\t\t\t\t\t\t<div class=\"upvote-section\">\n\t\t\t\t\t\t\t\t<span data-post-id=\"1468\" data-item-title=\"Revista Seguran\u00e7a P\u00fablica &amp; Cidadania\" data-item-link=\"https:\/\/periodicos.pf.gov.br\/index.php\/RSPC\/about\" class=\"upvote-btn upvote-on\">\n\t\t\t\t\t\t\t\t\t<i class=\"fa fa-thumbs-up\"><\/i>\n\t\t\t\t\t\t\t\t<\/span>\n\t\t\t\t\t\t\t\t<span class=\"upvote-count\">\n\t\t\t\t\t\t\t\t\t1\t\t\t\t\t\t\t\t<\/span>\n\t\t\t\t\t\t\t<\/div>\n\t\t\t\t\t\t\t<!-- \/upvote section -->\n\n\t\t\t\t\t\t\t\t\t\t\t\t\n\t\t\t\t\t<\/li>\n\t\t\t\t\t\n\t\t\t\t\t<li id=\"item-1468-4\">\n\t\t\t\t\t\t\t\t\t\t\t\t<!-- List Anchor -->\n\t\t\t\t\t\t<a   href=\"http:\/\/www2.marilia.unesp.br\/revistas\/index.php\/levs\"\n\t\t\t\t\t\t\ttarget=\"_blank\">\n\n\t\t\t\t\t\t\t<!-- Image, If Present -->\n\t\t\t\t\t\t\t4 - \t\t\t\t\t\t\t\t\t\t\t\t\t\t\n\t\t\t\t\t\t\t\n\t\t\t\t\t\t\t\t<span class=\"list-img\">\n\t\t\t\t\t\t\t\t\t\t\t\t\t\t\t\t\t\t<img src=\"https:\/\/www.uninter.com\/biblioteca\/wp-content\/uploads\/2019\/08\/levs-1-150x150.jpg\" alt=\"\">\n\t\t\t\t\t\t\t\t<\/span>\n\t\t\t\t\t\t\t\n\t\t\t\t\t\t\t<!-- Link Text -->\n\t\t\t\t\t\t\tLEVS \u2013 Revista do Laborat\u00f3rio de Estudos da Viol\u00eancia e Seguran\u00e7a\t\t\t\t\t\t\t\n\t\t\t\t\t\t\t\t\t\t\t\t\t\t<span style=\"font-size:12px;\"><br>\n\t                                \t\t\t\t\t\t\t<\/span>\t\n\t                        \n\t\t\t\t\t\t<\/a>\n\t\t\t\t\t\t\n\t\t\t\t\t\t\t<!-- upvote section -->\n\t\t\t\t\t\t\t<div class=\"upvote-section\">\n\t\t\t\t\t\t\t\t<span data-post-id=\"1468\" data-item-title=\"LEVS \u2013 Revista do Laborat\u00f3rio de Estudos da Viol\u00eancia e Seguran\u00e7a\" data-item-link=\"http:\/\/www2.marilia.unesp.br\/revistas\/index.php\/levs\" class=\"upvote-btn upvote-on\">\n\t\t\t\t\t\t\t\t\t<i class=\"fa fa-thumbs-up\"><\/i>\n\t\t\t\t\t\t\t\t<\/span>\n\t\t\t\t\t\t\t\t<span class=\"upvote-count\">\n\t\t\t\t\t\t\t\t\t1\t\t\t\t\t\t\t\t<\/span>\n\t\t\t\t\t\t\t<\/div>\n\t\t\t\t\t\t\t<!-- \/upvote section -->\n\n\t\t\t\t\t\t\t\t\t\t\t\t\n\t\t\t\t\t<\/li>\n\t\t\t\t\t\n\t\t\t\t\t<li id=\"item-1468-5\">\n\t\t\t\t\t\t\t\t\t\t\t\t<!-- List Anchor -->\n\t\t\t\t\t\t<a   href=\"https:\/\/portalderevistasusp.mj.gov.br\/index.php\/2021\/05\/26\/revista-brasileira-de-estudos-de-seguranca-publica\/\"\n\t\t\t\t\t\t\ttarget=\"_blank\">\n\n\t\t\t\t\t\t\t<!-- Image, If Present -->\n\t\t\t\t\t\t\t5 - \t\t\t\t\t\t\t\t\t\t\t\t\t\t\n\t\t\t\t\t\t\t\n\t\t\t\t\t\t\t\t<span class=\"list-img\">\n\t\t\t\t\t\t\t\t\t\t\t\t\t\t\t\t\t\t<img src=\"https:\/\/www.uninter.com\/biblioteca\/wp-content\/uploads\/2019\/08\/rebesp-150x150.jpg\" alt=\"\">\n\t\t\t\t\t\t\t\t<\/span>\n\t\t\t\t\t\t\t\n\t\t\t\t\t\t\t<!-- Link Text -->\n\t\t\t\t\t\t\tRevista Brasileira de Estudos em Seguran\u00e7a P\u00fablica\t\t\t\t\t\t\t\n\t\t\t\t\t\t\t\t\t\t\t\t\t\t<span style=\"font-size:12px;\"><br>\n\t                                \t\t\t\t\t\t\t<\/span>\t\n\t                        \n\t\t\t\t\t\t<\/a>\n\t\t\t\t\t\t\n\t\t\t\t\t\t\t<!-- upvote section -->\n\t\t\t\t\t\t\t<div class=\"upvote-section\">\n\t\t\t\t\t\t\t\t<span data-post-id=\"1468\" data-item-title=\"Revista Brasileira de Estudos em Seguran\u00e7a P\u00fablica\" data-item-link=\"https:\/\/portalderevistasusp.mj.gov.br\/index.php\/2021\/05\/26\/revista-brasileira-de-estudos-de-seguranca-publica\/\" class=\"upvote-btn upvote-on\">\n\t\t\t\t\t\t\t\t\t<i class=\"fa fa-thumbs-up\"><\/i>\n\t\t\t\t\t\t\t\t<\/span>\n\t\t\t\t\t\t\t\t<span class=\"upvote-count\">\n\t\t\t\t\t\t\t\t\t1\t\t\t\t\t\t\t\t<\/span>\n\t\t\t\t\t\t\t<\/div>\n\t\t\t\t\t\t\t<!-- \/upvote section -->\n\n\t\t\t\t\t\t\t\t\t\t\t\t\n\t\t\t\t\t<\/li>\n\t\t\t\t\t\n\t\t\t\t\t<li id=\"item-1468-6\">\n\t\t\t\t\t\t\t\t\t\t\t\t<!-- List Anchor -->\n\t\t\t\t\t\t<a   href=\"http:\/\/revista.forumseguranca.org.br\/index.php\/rbsp\"\n\t\t\t\t\t\t\ttarget=\"_blank\">\n\n\t\t\t\t\t\t\t<!-- Image, If Present -->\n\t\t\t\t\t\t\t6 - \t\t\t\t\t\t\t\t\t\t\t\t\t\t\n\t\t\t\t\t\t\t\n\t\t\t\t\t\t\t\t<span class=\"list-img\">\n\t\t\t\t\t\t\t\t\t\t\t\t\t\t\t\t\t\t<img src=\"https:\/\/www.uninter.com\/biblioteca\/wp-content\/uploads\/2019\/08\/revSegPub-150x150.jpg\" alt=\"\">\n\t\t\t\t\t\t\t\t<\/span>\n\t\t\t\t\t\t\t\n\t\t\t\t\t\t\t<!-- Link Text -->\n\t\t\t\t\t\t\tRevista Brasileira de Seguran\u00e7a P\u00fablica\t\t\t\t\t\t\t\n\t\t\t\t\t\t\t\t\t\t\t\t\t\t<span style=\"font-size:12px;\"><br>\n\t                                \t\t\t\t\t\t\t<\/span>\t\n\t                        \n\t\t\t\t\t\t<\/a>\n\t\t\t\t\t\t\n\t\t\t\t\t\t\t<!-- upvote section -->\n\t\t\t\t\t\t\t<div class=\"upvote-section\">\n\t\t\t\t\t\t\t\t<span data-post-id=\"1468\" data-item-title=\"Revista Brasileira de Seguran\u00e7a P\u00fablica\" data-item-link=\"http:\/\/revista.forumseguranca.org.br\/index.php\/rbsp\" class=\"upvote-btn upvote-on\">\n\t\t\t\t\t\t\t\t\t<i class=\"fa fa-thumbs-up\"><\/i>\n\t\t\t\t\t\t\t\t<\/span>\n\t\t\t\t\t\t\t\t<span class=\"upvote-count\">\n\t\t\t\t\t\t\t\t\t1\t\t\t\t\t\t\t\t<\/span>\n\t\t\t\t\t\t\t<\/div>\n\t\t\t\t\t\t\t<!-- \/upvote section -->\n\n\t\t\t\t\t\t\t\t\t\t\t\t\n\t\t\t\t\t<\/li>\n\t\t\t\t\t\n\t\t\t\t\t<li id=\"item-1468-7\">\n\t\t\t\t\t\t\t\t\t\t\t\t<!-- List Anchor -->\n\t\t\t\t\t\t<a   href=\"https:\/\/www.indexlaw.org\/index.php\/revistacpc\"\n\t\t\t\t\t\t\ttarget=\"_blank\">\n\n\t\t\t\t\t\t\t<!-- Image, If Present -->\n\t\t\t\t\t\t\t7 - \t\t\t\t\t\t\t\t\t\t\t\t\t\t\n\t\t\t\t\t\t\t\n\t\t\t\t\t\t\t\t<span class=\"list-img\">\n\t\t\t\t\t\t\t\t\t\t\t\t\t\t\t\t\t\t<img src=\"https:\/\/www.uninter.com\/biblioteca\/wp-content\/uploads\/2019\/08\/critivca-150x150.jpg\" alt=\"\">\n\t\t\t\t\t\t\t\t<\/span>\n\t\t\t\t\t\t\t\n\t\t\t\t\t\t\t<!-- Link Text -->\n\t\t\t\t\t\t\tREVISTA DE CRIMINOLOGIAS E POLITICAS CRIMINAIS\t\t\t\t\t\t\t\n\t\t\t\t\t\t\t\t\t\t\t\t\t\t<span style=\"font-size:12px;\"><br>\n\t                                \t\t\t\t\t\t\t<\/span>\t\n\t                        \n\t\t\t\t\t\t<\/a>\n\t\t\t\t\t\t\n\t\t\t\t\t\t\t<!-- upvote section -->\n\t\t\t\t\t\t\t<div class=\"upvote-section\">\n\t\t\t\t\t\t\t\t<span data-post-id=\"1468\" data-item-title=\"REVISTA DE CRIMINOLOGIAS E POLITICAS CRIMINAIS\" data-item-link=\"https:\/\/www.indexlaw.org\/index.php\/revistacpc\" class=\"upvote-btn upvote-on\">\n\t\t\t\t\t\t\t\t\t<i class=\"fa fa-thumbs-up\"><\/i>\n\t\t\t\t\t\t\t\t<\/span>\n\t\t\t\t\t\t\t\t<span class=\"upvote-count\">\n\t\t\t\t\t\t\t\t\t1\t\t\t\t\t\t\t\t<\/span>\n\t\t\t\t\t\t\t<\/div>\n\t\t\t\t\t\t\t<!-- \/upvote section -->\n\n\t\t\t\t\t\t\t\t\t\t\t\t\n\t\t\t\t\t<\/li>\n\t\t\t\t\t\n\t\t\t\t\t<li id=\"item-1468-8\">\n\t\t\t\t\t\t\t\t\t\t\t\t<!-- List Anchor -->\n\t\t\t\t\t\t<a   href=\"https:\/\/rop.emnuvens.com.br\/rop\"\n\t\t\t\t\t\t\ttarget=\"_blank\">\n\n\t\t\t\t\t\t\t<!-- Image, If Present -->\n\t\t\t\t\t\t\t8 - \t\t\t\t\t\t\t\t\t\t\t\t\t\t\n\t\t\t\t\t\t\t\n\t\t\t\t\t\t\t\t<span class=\"list-img\">\n\t\t\t\t\t\t\t\t\t\t\t\t\t\t\t\t\t\t<img src=\"https:\/\/www.uninter.com\/biblioteca\/wp-content\/uploads\/2019\/08\/ordermPub-150x150.jpg\" alt=\"\">\n\t\t\t\t\t\t\t\t<\/span>\n\t\t\t\t\t\t\t\n\t\t\t\t\t\t\t<!-- Link Text -->\n\t\t\t\t\t\t\tRevista Ordem P\u00fablica\t\t\t\t\t\t\t\n\t\t\t\t\t\t\t\t\t\t\t\t\t\t<span style=\"font-size:12px;\"><br>\n\t                                \t\t\t\t\t\t\t<\/span>\t\n\t                        \n\t\t\t\t\t\t<\/a>\n\t\t\t\t\t\t\n\t\t\t\t\t\t\t<!-- upvote section -->\n\t\t\t\t\t\t\t<div class=\"upvote-section\">\n\t\t\t\t\t\t\t\t<span data-post-id=\"1468\" data-item-title=\"Revista Ordem P\u00fablica\" data-item-link=\"https:\/\/rop.emnuvens.com.br\/rop\" class=\"upvote-btn upvote-on\">\n\t\t\t\t\t\t\t\t\t<i class=\"fa fa-thumbs-up\"><\/i>\n\t\t\t\t\t\t\t\t<\/span>\n\t\t\t\t\t\t\t\t<span class=\"upvote-count\">\n\t\t\t\t\t\t\t\t\t1\t\t\t\t\t\t\t\t<\/span>\n\t\t\t\t\t\t\t<\/div>\n\t\t\t\t\t\t\t<!-- \/upvote section -->\n\n\t\t\t\t\t\t\t\t\t\t\t\t\n\t\t\t\t\t<\/li>\n\t\t\t\t\t\n\t\t\t\t\t<li id=\"item-1468-9\">\n\t\t\t\t\t\t\t\t\t\t\t\t<!-- List Anchor -->\n\t\t\t\t\t\t<a   href=\"https:\/\/periodicos.ufsm.br\/pap\"\n\t\t\t\t\t\t\ttarget=\"_blank\">\n\n\t\t\t\t\t\t\t<!-- Image, If Present -->\n\t\t\t\t\t\t\t9 - \t\t\t\t\t\t\t\t\t\t\t\t\t\t\n\t\t\t\t\t\t\t\n\t\t\t\t\t\t\t\t<span class=\"list-img\">\n\t\t\t\t\t\t\t\t\t\t\t\t\t\t\t\t\t\t<img src=\"https:\/\/www.uninter.com\/biblioteca\/wp-content\/uploads\/2019\/08\/praticas-2-150x150.jpg\" alt=\"\">\n\t\t\t\t\t\t\t\t<\/span>\n\t\t\t\t\t\t\t\n\t\t\t\t\t\t\t<!-- Link Text -->\n\t\t\t\t\t\t\tRevista Pr\u00e1ticas de Administra\u00e7\u00e3o P\u00fablica\t\t\t\t\t\t\t\n\t\t\t\t\t\t\t\t\t\t\t\t\t\t<span style=\"font-size:12px;\"><br>\n\t                                \t\t\t\t\t\t\t<\/span>\t\n\t                        \n\t\t\t\t\t\t<\/a>\n\t\t\t\t\t\t\n\t\t\t\t\t\t\t<!-- upvote section -->\n\t\t\t\t\t\t\t<div class=\"upvote-section\">\n\t\t\t\t\t\t\t\t<span data-post-id=\"1468\" data-item-title=\"Revista Pr\u00e1ticas de Administra\u00e7\u00e3o P\u00fablica\" data-item-link=\"https:\/\/periodicos.ufsm.br\/pap\" class=\"upvote-btn upvote-on\">\n\t\t\t\t\t\t\t\t\t<i class=\"fa fa-thumbs-up\"><\/i>\n\t\t\t\t\t\t\t\t<\/span>\n\t\t\t\t\t\t\t\t<span class=\"upvote-count\">\n\t\t\t\t\t\t\t\t\t1\t\t\t\t\t\t\t\t<\/span>\n\t\t\t\t\t\t\t<\/div>\n\t\t\t\t\t\t\t<!-- \/upvote section -->\n\n\t\t\t\t\t\t\t\t\t\t\t\t\n\t\t\t\t\t<\/li>\n\t\t\t\t\t\n\t\t\t\t\t<li id=\"item-1468-10\">\n\t\t\t\t\t\t\t\t\t\t\t\t<!-- List Anchor -->\n\t\t\t\t\t\t<a   href=\"http:\/\/www.spell.org.br\/impacto\/periodico\/administracao-publica-e-gestao-social\/id\/19\"\n\t\t\t\t\t\t\ttarget=\"_blank\">\n\n\t\t\t\t\t\t\t<!-- Image, If Present -->\n\t\t\t\t\t\t\t10 - \t\t\t\t\t\t\t\t\t\t\t\t\t\t\n\t\t\t\t\t\t\t\n\t\t\t\t\t\t\t\t<span class=\"list-img\">\n\t\t\t\t\t\t\t\t\t\t\t\t\t\t\t\t\t\t<img src=\"https:\/\/www.uninter.com\/biblioteca\/wp-content\/uploads\/2019\/08\/apgs-1-150x150.jpg\" alt=\"\">\n\t\t\t\t\t\t\t\t<\/span>\n\t\t\t\t\t\t\t\n\t\t\t\t\t\t\t<!-- Link Text -->\n\t\t\t\t\t\t\tAPGS \u2013 Administra\u00e7\u00e3o P\u00fablica E Gest\u00e3o Social\t\t\t\t\t\t\t\n\t\t\t\t\t\t\t\t\t\t\t\t\t\t<span style=\"font-size:12px;\"><br>\n\t                                \t\t\t\t\t\t\t<\/span>\t\n\t                        \n\t\t\t\t\t\t<\/a>\n\t\t\t\t\t\t\n\t\t\t\t\t\t\t<!-- upvote section -->\n\t\t\t\t\t\t\t<div class=\"upvote-section\">\n\t\t\t\t\t\t\t\t<span data-post-id=\"1468\" data-item-title=\"APGS \u2013 Administra\u00e7\u00e3o P\u00fablica E Gest\u00e3o Social\" data-item-link=\"http:\/\/www.spell.org.br\/impacto\/periodico\/administracao-publica-e-gestao-social\/id\/19\" class=\"upvote-btn upvote-on\">\n\t\t\t\t\t\t\t\t\t<i class=\"fa fa-thumbs-up\"><\/i>\n\t\t\t\t\t\t\t\t<\/span>\n\t\t\t\t\t\t\t\t<span class=\"upvote-count\">\n\t\t\t\t\t\t\t\t\t1\t\t\t\t\t\t\t\t<\/span>\n\t\t\t\t\t\t\t<\/div>\n\t\t\t\t\t\t\t<!-- \/upvote section -->\n\n\t\t\t\t\t\t\t\t\t\t\t\t\n\t\t\t\t\t<\/li>\n\t\t\t\t\t\n\t\t\t\t\t<li id=\"item-1468-11\">\n\t\t\t\t\t\t\t\t\t\t\t\t<!-- List Anchor -->\n\t\t\t\t\t\t<a   href=\"https:\/\/periodicos.ufpe.br\/revistas\/index.php\/gestaopublica\"\n\t\t\t\t\t\t\ttarget=\"_blank\">\n\n\t\t\t\t\t\t\t<!-- Image, If Present -->\n\t\t\t\t\t\t\t11 - \t\t\t\t\t\t\t\t\t\t\t\t\t\t\n\t\t\t\t\t\t\t\n\t\t\t\t\t\t\t\t<span class=\"list-img\">\n\t\t\t\t\t\t\t\t\t\t\t\t\t\t\t\t\t\t<img src=\"https:\/\/www.uninter.com\/biblioteca\/wp-content\/uploads\/2019\/08\/desafios-1-150x150.jpg\" alt=\"\">\n\t\t\t\t\t\t\t\t<\/span>\n\t\t\t\t\t\t\t\n\t\t\t\t\t\t\t<!-- Link Text -->\n\t\t\t\t\t\t\tGest\u00e3o P\u00fablica: Pr\u00e1ticas e Desafios\t\t\t\t\t\t\t\n\t\t\t\t\t\t\t\t\t\t\t\t\t\t<span style=\"font-size:12px;\"><br>\n\t                                \t\t\t\t\t\t\t<\/span>\t\n\t                        \n\t\t\t\t\t\t<\/a>\n\t\t\t\t\t\t\n\t\t\t\t\t\t\t<!-- upvote section -->\n\t\t\t\t\t\t\t<div class=\"upvote-section\">\n\t\t\t\t\t\t\t\t<span data-post-id=\"1468\" data-item-title=\"Gest\u00e3o P\u00fablica: Pr\u00e1ticas e Desafios\" data-item-link=\"https:\/\/periodicos.ufpe.br\/revistas\/index.php\/gestaopublica\" class=\"upvote-btn upvote-on\">\n\t\t\t\t\t\t\t\t\t<i class=\"fa fa-thumbs-up\"><\/i>\n\t\t\t\t\t\t\t\t<\/span>\n\t\t\t\t\t\t\t\t<span class=\"upvote-count\">\n\t\t\t\t\t\t\t\t\t1\t\t\t\t\t\t\t\t<\/span>\n\t\t\t\t\t\t\t<\/div>\n\t\t\t\t\t\t\t<!-- \/upvote section -->\n\n\t\t\t\t\t\t\t\t\t\t\t\t\n\t\t\t\t\t<\/li>\n\t\t\t\t\t\n\t\t\t\t\t<li id=\"item-1468-12\">\n\t\t\t\t\t\t\t\t\t\t\t\t<!-- List Anchor -->\n\t\t\t\t\t\t<a   href=\"http:\/\/revistas.ung.br\/index.php\/3setor\"\n\t\t\t\t\t\t\ttarget=\"_blank\">\n\n\t\t\t\t\t\t\t<!-- Image, If Present -->\n\t\t\t\t\t\t\t12 - \t\t\t\t\t\t\t\t\t\t\t\t\t\t\n\t\t\t\t\t\t\t\n\t\t\t\t\t\t\t\t<span class=\"list-img\">\n\t\t\t\t\t\t\t\t\t\t\t\t\t\t\t\t\t\t<img src=\"https:\/\/www.uninter.com\/biblioteca\/wp-content\/uploads\/2019\/08\/terceiro-1-150x150.jpg\" alt=\"\">\n\t\t\t\t\t\t\t\t<\/span>\n\t\t\t\t\t\t\t\n\t\t\t\t\t\t\t<!-- Link Text -->\n\t\t\t\t\t\t\tRevista Terceiro Setor &amp; Gest\u00e3o\t\t\t\t\t\t\t\n\t\t\t\t\t\t\t\t\t\t\t\t\t\t<span style=\"font-size:12px;\"><br>\n\t                                \t\t\t\t\t\t\t<\/span>\t\n\t                        \n\t\t\t\t\t\t<\/a>\n\t\t\t\t\t\t\n\t\t\t\t\t\t\t<!-- upvote section -->\n\t\t\t\t\t\t\t<div class=\"upvote-section\">\n\t\t\t\t\t\t\t\t<span data-post-id=\"1468\" data-item-title=\"Revista Terceiro Setor &amp; Gest\u00e3o\" data-item-link=\"http:\/\/revistas.ung.br\/index.php\/3setor\" class=\"upvote-btn upvote-on\">\n\t\t\t\t\t\t\t\t\t<i class=\"fa fa-thumbs-up\"><\/i>\n\t\t\t\t\t\t\t\t<\/span>\n\t\t\t\t\t\t\t\t<span class=\"upvote-count\">\n\t\t\t\t\t\t\t\t\t\t\t\t\t\t\t\t\t<\/span>\n\t\t\t\t\t\t\t<\/div>\n\t\t\t\t\t\t\t<!-- \/upvote section -->\n\n\t\t\t\t\t\t\t\t\t\t\t\t\n\t\t\t\t\t<\/li>\n\t\t\t\t\t\n\t\t\t\t\t<li id=\"item-1468-13\">\n\t\t\t\t\t\t\t\t\t\t\t\t<!-- List Anchor -->\n\t\t\t\t\t\t<a   href=\"http:\/\/bibliotecadigital.fgv.br\/ojs\/index.php\/cgpc\/issue\/archive\"\n\t\t\t\t\t\t\ttarget=\"_blank\">\n\n\t\t\t\t\t\t\t<!-- Image, If Present -->\n\t\t\t\t\t\t\t13 - \t\t\t\t\t\t\t\t\t\t\t\t\t\t\n\t\t\t\t\t\t\t\n\t\t\t\t\t\t\t\t<span class=\"list-img\">\n\t\t\t\t\t\t\t\t\t\t\t\t\t\t\t\t\t\t<img src=\"https:\/\/www.uninter.com\/biblioteca\/wp-content\/uploads\/2019\/08\/PubEcidadania-150x150.jpg\" alt=\"\">\n\t\t\t\t\t\t\t\t<\/span>\n\t\t\t\t\t\t\t\n\t\t\t\t\t\t\t<!-- Link Text -->\n\t\t\t\t\t\t\tCadernos Gest\u00e3o P\u00fablica e Cidadania\t\t\t\t\t\t\t\n\t\t\t\t\t\t\t\t\t\t\t\t\t\t<span style=\"font-size:12px;\"><br>\n\t                                \t\t\t\t\t\t\t<\/span>\t\n\t                        \n\t\t\t\t\t\t<\/a>\n\t\t\t\t\t\t\n\t\t\t\t\t\t\t<!-- upvote section -->\n\t\t\t\t\t\t\t<div class=\"upvote-section\">\n\t\t\t\t\t\t\t\t<span data-post-id=\"1468\" data-item-title=\"Cadernos Gest\u00e3o P\u00fablica e Cidadania\" data-item-link=\"http:\/\/bibliotecadigital.fgv.br\/ojs\/index.php\/cgpc\/issue\/archive\" class=\"upvote-btn upvote-on\">\n\t\t\t\t\t\t\t\t\t<i class=\"fa fa-thumbs-up\"><\/i>\n\t\t\t\t\t\t\t\t<\/span>\n\t\t\t\t\t\t\t\t<span class=\"upvote-count\">\n\t\t\t\t\t\t\t\t\t\t\t\t\t\t\t\t\t<\/span>\n\t\t\t\t\t\t\t<\/div>\n\t\t\t\t\t\t\t<!-- \/upvote section -->\n\n\t\t\t\t\t\t\t\t\t\t\t\t\n\t\t\t\t\t<\/li>\n\t\t\t\t\t\n\t\t\t\t\t<li id=\"item-1468-14\">\n\t\t\t\t\t\t\t\t\t\t\t\t<!-- List Anchor -->\n\t\t\t\t\t\t<a   href=\"https:\/\/revistas.unifacs.br\/index.php\/rgb\/issue\/current\"\n\t\t\t\t\t\t\ttarget=\"_blank\">\n\n\t\t\t\t\t\t\t<!-- Image, If Present -->\n\t\t\t\t\t\t\t14 - \t\t\t\t\t\t\t\t\t\t\t\t\t\t\n\t\t\t\t\t\t\t\n\t\t\t\t\t\t\t\t<span class=\"list-img\">\n\t\t\t\t\t\t\t\t\t\t\t\t\t\t\t\t\t\t<img src=\"https:\/\/www.uninter.com\/biblioteca\/wp-content\/uploads\/2019\/08\/planejamento-1-150x150.jpg\" alt=\"\">\n\t\t\t\t\t\t\t\t<\/span>\n\t\t\t\t\t\t\t\n\t\t\t\t\t\t\t<!-- Link Text -->\n\t\t\t\t\t\t\tGest\u00e3o e Planejamento\t\t\t\t\t\t\t\n\t\t\t\t\t\t\t\t\t\t\t\t\t\t<span style=\"font-size:12px;\"><br>\n\t                                \t\t\t\t\t\t\t<\/span>\t\n\t                        \n\t\t\t\t\t\t<\/a>\n\t\t\t\t\t\t\n\t\t\t\t\t\t\t<!-- upvote section -->\n\t\t\t\t\t\t\t<div class=\"upvote-section\">\n\t\t\t\t\t\t\t\t<span data-post-id=\"1468\" data-item-title=\"Gest\u00e3o e Planejamento\" data-item-link=\"https:\/\/revistas.unifacs.br\/index.php\/rgb\/issue\/current\" class=\"upvote-btn upvote-on\">\n\t\t\t\t\t\t\t\t\t<i class=\"fa fa-thumbs-up\"><\/i>\n\t\t\t\t\t\t\t\t<\/span>\n\t\t\t\t\t\t\t\t<span class=\"upvote-count\">\n\t\t\t\t\t\t\t\t\t\t\t\t\t\t\t\t\t<\/span>\n\t\t\t\t\t\t\t<\/div>\n\t\t\t\t\t\t\t<!-- \/upvote section -->\n\n\t\t\t\t\t\t\t\t\t\t\t\t\n\t\t\t\t\t<\/li>\n\t\t\t\t\t\n\t\t\t\t\t<li id=\"item-1468-15\">\n\t\t\t\t\t\t\t\t\t\t\t\t<!-- List Anchor -->\n\t\t\t\t\t\t<a   href=\"http:\/\/www.revistas.usp.br\/rgpp\"\n\t\t\t\t\t\t\ttarget=\"_blank\">\n\n\t\t\t\t\t\t\t<!-- Image, If Present -->\n\t\t\t\t\t\t\t15 - \t\t\t\t\t\t\t\t\t\t\t\t\t\t\n\t\t\t\t\t\t\t\n\t\t\t\t\t\t\t\t<span class=\"list-img\">\n\t\t\t\t\t\t\t\t\t\t\t\t\t\t\t\t\t\t<img src=\"https:\/\/www.uninter.com\/biblioteca\/wp-content\/uploads\/2019\/08\/rgpp-1-150x150.jpg\" alt=\"\">\n\t\t\t\t\t\t\t\t<\/span>\n\t\t\t\t\t\t\t\n\t\t\t\t\t\t\t<!-- Link Text -->\n\t\t\t\t\t\t\tRevista Gest\u00e3o &amp; Pol\u00edticas P\u00fablicas\t\t\t\t\t\t\t\n\t\t\t\t\t\t\t\t\t\t\t\t\t\t<span style=\"font-size:12px;\"><br>\n\t                                \t\t\t\t\t\t\t<\/span>\t\n\t                        \n\t\t\t\t\t\t<\/a>\n\t\t\t\t\t\t\n\t\t\t\t\t\t\t<!-- upvote section -->\n\t\t\t\t\t\t\t<div class=\"upvote-section\">\n\t\t\t\t\t\t\t\t<span data-post-id=\"1468\" data-item-title=\"Revista Gest\u00e3o &amp; Pol\u00edticas P\u00fablicas\" data-item-link=\"http:\/\/www.revistas.usp.br\/rgpp\" class=\"upvote-btn upvote-on\">\n\t\t\t\t\t\t\t\t\t<i class=\"fa fa-thumbs-up\"><\/i>\n\t\t\t\t\t\t\t\t<\/span>\n\t\t\t\t\t\t\t\t<span class=\"upvote-count\">\n\t\t\t\t\t\t\t\t\t\t\t\t\t\t\t\t\t<\/span>\n\t\t\t\t\t\t\t<\/div>\n\t\t\t\t\t\t\t<!-- \/upvote section -->\n\n\t\t\t\t\t\t\t\t\t\t\t\t\n\t\t\t\t\t<\/li>\n\t\t\t\t\t\n\t\t\t\t\t<li id=\"item-1468-16\">\n\t\t\t\t\t\t\t\t\t\t\t\t<!-- List Anchor -->\n\t\t\t\t\t\t<a   href=\"http:\/\/bibliotecadigital.fgv.br\/ojs\/index.php\/rap\"\n\t\t\t\t\t\t\ttarget=\"_blank\">\n\n\t\t\t\t\t\t\t<!-- Image, If Present -->\n\t\t\t\t\t\t\t16 - \t\t\t\t\t\t\t\t\t\t\t\t\t\t\n\t\t\t\t\t\t\t\n\t\t\t\t\t\t\t\t<span class=\"list-img\">\n\t\t\t\t\t\t\t\t\t\t\t\t\t\t\t\t\t\t<img src=\"https:\/\/www.uninter.com\/biblioteca\/wp-content\/uploads\/2019\/08\/rap-1-150x150.jpg\" alt=\"\">\n\t\t\t\t\t\t\t\t<\/span>\n\t\t\t\t\t\t\t\n\t\t\t\t\t\t\t<!-- Link Text -->\n\t\t\t\t\t\t\tRAP \u2013 Revista de Administra\u00e7\u00e3o P\u00fablica\t\t\t\t\t\t\t\n\t\t\t\t\t\t\t\t\t\t\t\t\t\t<span style=\"font-size:12px;\"><br>\n\t                                \t\t\t\t\t\t\t<\/span>\t\n\t                        \n\t\t\t\t\t\t<\/a>\n\t\t\t\t\t\t\n\t\t\t\t\t\t\t<!-- upvote section -->\n\t\t\t\t\t\t\t<div class=\"upvote-section\">\n\t\t\t\t\t\t\t\t<span data-post-id=\"1468\" data-item-title=\"RAP \u2013 Revista de Administra\u00e7\u00e3o P\u00fablica\" data-item-link=\"http:\/\/bibliotecadigital.fgv.br\/ojs\/index.php\/rap\" class=\"upvote-btn upvote-on\">\n\t\t\t\t\t\t\t\t\t<i class=\"fa fa-thumbs-up\"><\/i>\n\t\t\t\t\t\t\t\t<\/span>\n\t\t\t\t\t\t\t\t<span class=\"upvote-count\">\n\t\t\t\t\t\t\t\t\t\t\t\t\t\t\t\t\t<\/span>\n\t\t\t\t\t\t\t<\/div>\n\t\t\t\t\t\t\t<!-- \/upvote section -->\n\n\t\t\t\t\t\t\t\t\t\t\t\t\n\t\t\t\t\t<\/li>\n\t\t\t\t\t\n\t\t\t\t\t<li id=\"item-1468-17\">\n\t\t\t\t\t\t\t\t\t\t\t\t<!-- List Anchor -->\n\t\t\t\t\t\t<a   href=\"http:\/\/www.revistas.pr.gov.br\/index.php\/apmg\"\n\t\t\t\t\t\t\ttarget=\"_blank\">\n\n\t\t\t\t\t\t\t<!-- Image, If Present -->\n\t\t\t\t\t\t\t17 - \t\t\t\t\t\t\t\t\t\t\t\t\t\t\n\t\t\t\t\t\t\t\n\t\t\t\t\t\t\t\t<span class=\"list-img\">\n\t\t\t\t\t\t\t\t\t\t\t\t\t\t\t\t\t\t<img src=\"https:\/\/www.uninter.com\/biblioteca\/wp-content\/uploads\/2021\/04\/1-1-150x150.jpg\" alt=\"\">\n\t\t\t\t\t\t\t\t<\/span>\n\t\t\t\t\t\t\t\n\t\t\t\t\t\t\t<!-- Link Text -->\n\t\t\t\t\t\t\tRevista de Ci\u00eancias Policiais \t\t\t\t\t\t\t\n\t\t\t\t\t\t\t\t\t\t\t\t\t\t<span style=\"font-size:12px;\"><br>\n\t                                \t\t\t\t\t\t\t<\/span>\t\n\t                        \n\t\t\t\t\t\t<\/a>\n\t\t\t\t\t\t\n\t\t\t\t\t\t\t<!-- upvote section -->\n\t\t\t\t\t\t\t<div class=\"upvote-section\">\n\t\t\t\t\t\t\t\t<span data-post-id=\"1468\" data-item-title=\"Revista de Ci\u00eancias Policiais\" data-item-link=\"http:\/\/www.revistas.pr.gov.br\/index.php\/apmg\" class=\"upvote-btn upvote-on\">\n\t\t\t\t\t\t\t\t\t<i class=\"fa fa-thumbs-up\"><\/i>\n\t\t\t\t\t\t\t\t<\/span>\n\t\t\t\t\t\t\t\t<span class=\"upvote-count\">\n\t\t\t\t\t\t\t\t\t\t\t\t\t\t\t\t\t<\/span>\n\t\t\t\t\t\t\t<\/div>\n\t\t\t\t\t\t\t<!-- \/upvote section -->\n\n\t\t\t\t\t\t\t\t\t\t\t\t\n\t\t\t\t\t<\/li>\n\t\t\t\t\t\n\t\t\t\t\t<li id=\"item-1468-18\">\n\t\t\t\t\t\t\t\t\t\t\t\t<!-- List Anchor -->\n\t\t\t\t\t\t<a   href=\"http:\/\/www.revistas.pr.gov.br\/index.php\/espc\/index\"\n\t\t\t\t\t\t\ttarget=\"_blank\">\n\n\t\t\t\t\t\t\t<!-- Image, If Present -->\n\t\t\t\t\t\t\t18 - \t\t\t\t\t\t\t\t\t\t\t\t\t\t\n\t\t\t\t\t\t\t\n\t\t\t\t\t\t\t\t<span class=\"list-img\">\n\t\t\t\t\t\t\t\t\t\t\t\t\t\t\t\t\t\t<img src=\"https:\/\/www.uninter.com\/biblioteca\/wp-content\/uploads\/2021\/04\/2-150x150.jpg\" alt=\"\">\n\t\t\t\t\t\t\t\t<\/span>\n\t\t\t\t\t\t\t\n\t\t\t\t\t\t\t<!-- Link Text -->\n\t\t\t\t\t\t\tRevista da Escola Superior da Pol\u00edcia Civil\t\t\t\t\t\t\t\n\t\t\t\t\t\t\t\t\t\t\t\t\t\t<span style=\"font-size:12px;\"><br>\n\t                                \t\t\t\t\t\t\t<\/span>\t\n\t                        \n\t\t\t\t\t\t<\/a>\n\t\t\t\t\t\t\n\t\t\t\t\t\t\t<!-- upvote section -->\n\t\t\t\t\t\t\t<div class=\"upvote-section\">\n\t\t\t\t\t\t\t\t<span data-post-id=\"1468\" data-item-title=\"Revista da Escola Superior da Pol\u00edcia Civil\" data-item-link=\"http:\/\/www.revistas.pr.gov.br\/index.php\/espc\/index\" class=\"upvote-btn upvote-on\">\n\t\t\t\t\t\t\t\t\t<i class=\"fa fa-thumbs-up\"><\/i>\n\t\t\t\t\t\t\t\t<\/span>\n\t\t\t\t\t\t\t\t<span class=\"upvote-count\">\n\t\t\t\t\t\t\t\t\t\t\t\t\t\t\t\t\t<\/span>\n\t\t\t\t\t\t\t<\/div>\n\t\t\t\t\t\t\t<!-- \/upvote section -->\n\n\t\t\t\t\t\t\t\t\t\t\t\t\n\t\t\t\t\t<\/li>\n\t\t\t\t\t\n\t\t\t\t\t<li id=\"item-1468-19\">\n\t\t\t\t\t\t\t\t\t\t\t\t<!-- List Anchor -->\n\t\t\t\t\t\t<a   href=\"http:\/\/www.revistas.pr.gov.br\/index.php\/RBOA\"\n\t\t\t\t\t\t\ttarget=\"_blank\">\n\n\t\t\t\t\t\t\t<!-- Image, If Present -->\n\t\t\t\t\t\t\t19 - \t\t\t\t\t\t\t\t\t\t\t\t\t\t\n\t\t\t\t\t\t\t\n\t\t\t\t\t\t\t\t<span class=\"list-img\">\n\t\t\t\t\t\t\t\t\t\t\t\t\t\t\t\t\t\t<img src=\"https:\/\/www.uninter.com\/biblioteca\/wp-content\/uploads\/2021\/04\/3-1-150x150.jpg\" alt=\"\">\n\t\t\t\t\t\t\t\t<\/span>\n\t\t\t\t\t\t\t\n\t\t\t\t\t\t\t<!-- Link Text -->\n\t\t\t\t\t\t\tRevista Brasileira de Opera\u00e7\u00f5es Antibombas\t\t\t\t\t\t\t\n\t\t\t\t\t\t\t\t\t\t\t\t\t\t<span style=\"font-size:12px;\"><br>\n\t                                \t\t\t\t\t\t\t<\/span>\t\n\t                        \n\t\t\t\t\t\t<\/a>\n\t\t\t\t\t\t\n\t\t\t\t\t\t\t<!-- upvote section -->\n\t\t\t\t\t\t\t<div class=\"upvote-section\">\n\t\t\t\t\t\t\t\t<span data-post-id=\"1468\" data-item-title=\"Revista Brasileira de Opera\u00e7\u00f5es Antibombas\" data-item-link=\"http:\/\/www.revistas.pr.gov.br\/index.php\/RBOA\" class=\"upvote-btn upvote-on\">\n\t\t\t\t\t\t\t\t\t<i class=\"fa fa-thumbs-up\"><\/i>\n\t\t\t\t\t\t\t\t<\/span>\n\t\t\t\t\t\t\t\t<span class=\"upvote-count\">\n\t\t\t\t\t\t\t\t\t\t\t\t\t\t\t\t\t<\/span>\n\t\t\t\t\t\t\t<\/div>\n\t\t\t\t\t\t\t<!-- \/upvote section -->\n\n\t\t\t\t\t\t\t\t\t\t\t\t\n\t\t\t\t\t<\/li>\n\t\t\t\t\t\n\t\t\t\t\t<li id=\"item-1468-20\">\n\t\t\t\t\t\t\t\t\t\t\t\t<!-- List Anchor -->\n\t\t\t\t\t\t<a   href=\"https:\/\/revista.ibsp.org.br\/index.php\/RIBSP\"\n\t\t\t\t\t\t\ttarget=\"_blank\">\n\n\t\t\t\t\t\t\t<!-- Image, If Present -->\n\t\t\t\t\t\t\t20 - \t\t\t\t\t\t\t\t\t\t\t\t\t\t\n\t\t\t\t\t\t\t\n\t\t\t\t\t\t\t\t<span class=\"list-img\">\n\t\t\t\t\t\t\t\t\t\t\t\t\t\t\t\t\t\t<img src=\"https:\/\/www.uninter.com\/biblioteca\/wp-content\/uploads\/2021\/04\/4-1-150x150.jpg\" alt=\"\">\n\t\t\t\t\t\t\t\t<\/span>\n\t\t\t\t\t\t\t\n\t\t\t\t\t\t\t<!-- Link Text -->\n\t\t\t\t\t\t\tRevista do Instituto Brasileiro de Seguran\u00e7a P\u00fablica\t\t\t\t\t\t\t\n\t\t\t\t\t\t\t\t\t\t\t\t\t\t<span style=\"font-size:12px;\"><br>\n\t                                \t\t\t\t\t\t\t<\/span>\t\n\t                        \n\t\t\t\t\t\t<\/a>\n\t\t\t\t\t\t\n\t\t\t\t\t\t\t<!-- upvote section -->\n\t\t\t\t\t\t\t<div class=\"upvote-section\">\n\t\t\t\t\t\t\t\t<span data-post-id=\"1468\" data-item-title=\"Revista do Instituto Brasileiro de Seguran\u00e7a P\u00fablica\" data-item-link=\"https:\/\/revista.ibsp.org.br\/index.php\/RIBSP\" class=\"upvote-btn upvote-on\">\n\t\t\t\t\t\t\t\t\t<i class=\"fa fa-thumbs-up\"><\/i>\n\t\t\t\t\t\t\t\t<\/span>\n\t\t\t\t\t\t\t\t<span class=\"upvote-count\">\n\t\t\t\t\t\t\t\t\t\t\t\t\t\t\t\t\t<\/span>\n\t\t\t\t\t\t\t<\/div>\n\t\t\t\t\t\t\t<!-- \/upvote section -->\n\n\t\t\t\t\t\t\t\t\t\t\t\t\n\t\t\t\t\t<\/li>\n\t\t\t\t\t\t\t\t\t<\/ul>\n\n\t\t\t<\/div>\n\n\t\t<\/div>\n\t\t<!-- \/Individual List Item -->\n\n\t\t\n\t\t<br \/>\n\r\n<!--  Starting Simple Link Directory Plugin Output -->\n<div class=\"qcopd_embed_container\">\r\n\r\n\r\n\r\n\r\n\r\n\r\n\r\n<\/div>\r\n<div class=\"qcopd-list-wrapper\">\n\t<div id=\"opd-list-holder\" class=\"qcopd-list-holder\">\n\t\t\n\t\t<!-- Individual List Item -->\n\t\t<div id=\"list-item-1-2007\" class=\"qc-grid-item qcopd-list-column opd-column-1 simple opd-list-id-2007\">\n\t\t\t<div class=\"qcopd-single-list\">\n\t\t\t\t\t<h2 onclick=\"if(document.getElementById('2007').style.display=='block'){document.getElementById('2007').style.display='none';}else{document.getElementById('2007').style.display='block';};\">\n\t\t\t\t\tSeguran\u00e7a P\u00fablica &#8211; Artigos e Links selecionados\t\t\t\t<\/h2>\n\t\t\t\t<ul  style=display:none; id=2007 >\n\t\t\t\t\t\n\t\t\t\t\t<li id=\"item-2007-1\">\n\t\t\t\t\t\t\t\t\t\t\t\t<!-- List Anchor -->\n\t\t\t\t\t\t<a   href=\"https:\/\/www2.camara.leg.br\/a-camara\/estruturaadm\/altosestudos\/pdf\/seguranca-publica-prioridade-nacional\"\n\t\t\t\t\t\t\ttarget=\"_blank\">\n\n\t\t\t\t\t\t\t<!-- Image, If Present -->\n\t\t\t\t\t\t\t1 - \t\t\t\t\t\t\t\t\t\t\t\t\t\t\t<span class=\"list-img\">\n\t\t\t\t\t\t\t\t\t<img src=\"https:\/\/www.uninter.com\/biblioteca\/wp-content\/plugins\/simple-link-directory\/\/assets\/images\/list-image-placeholder.png\" alt=\"\">\n\t\t\t\t\t\t\t\t<\/span>\n\t\t\t\t\t\t\t\n\t\t\t\t\t\t\t<!-- Link Text -->\n\t\t\t\t\t\t\tSeguran\u00e7a p\u00fablica: prioridade nacional\t\t\t\t\t\t\t\n\t\t\t\t\t\t\t\t\t\t\t\t\t\t<span style=\"font-size:12px;\"><br>\n\t                                \t\t\t\t\t\t\t<\/span>\t\n\t                        \n\t\t\t\t\t\t<\/a>\n\t\t\t\t\t\t\n\t\t\t\t\t\t\t<!-- upvote section -->\n\t\t\t\t\t\t\t<div class=\"upvote-section\">\n\t\t\t\t\t\t\t\t<span data-post-id=\"2007\" data-item-title=\"Seguran\u00e7a p\u00fablica: prioridade nacional\" data-item-link=\"https:\/\/www2.camara.leg.br\/a-camara\/estruturaadm\/altosestudos\/pdf\/seguranca-publica-prioridade-nacional\" class=\"upvote-btn upvote-on\">\n\t\t\t\t\t\t\t\t\t<i class=\"fa fa-thumbs-up\"><\/i>\n\t\t\t\t\t\t\t\t<\/span>\n\t\t\t\t\t\t\t\t<span class=\"upvote-count\">\n\t\t\t\t\t\t\t\t\t\t\t\t\t\t\t\t\t<\/span>\n\t\t\t\t\t\t\t<\/div>\n\t\t\t\t\t\t\t<!-- \/upvote section -->\n\n\t\t\t\t\t\t\t\t\t\t\t\t\n\t\t\t\t\t<\/li>\n\t\t\t\t\t\n\t\t\t\t\t<li id=\"item-2007-2\">\n\t\t\t\t\t\t\t\t\t\t\t\t<!-- List Anchor -->\n\t\t\t\t\t\t<a   href=\"http:\/\/www.scielo.br\/pdf\/rdgv\/v12n1\/1808-2432-rdgv-12-1-0049.pdf\"\n\t\t\t\t\t\t\t>\n\n\t\t\t\t\t\t\t<!-- Image, If Present -->\n\t\t\t\t\t\t\t2 - \t\t\t\t\t\t\t\t\t\t\t\t\t\t\t<span class=\"list-img\">\n\t\t\t\t\t\t\t\t\t<img src=\"https:\/\/www.uninter.com\/biblioteca\/wp-content\/plugins\/simple-link-directory\/\/assets\/images\/list-image-placeholder.png\" alt=\"\">\n\t\t\t\t\t\t\t\t<\/span>\n\t\t\t\t\t\t\t\n\t\t\t\t\t\t\t<!-- Link Text -->\n\t\t\t\t\t\t\tEstado,pol\u00edcias e seguran\u00e7a p\u00fablica no Brasil\t\t\t\t\t\t\t\n\t\t\t\t\t\t\t\t\t\t\t\t\t\t<span style=\"font-size:12px;\"><br>\n\t                                \t\t\t\t\t\t\t<\/span>\t\n\t                        \n\t\t\t\t\t\t<\/a>\n\t\t\t\t\t\t\n\t\t\t\t\t\t\t<!-- upvote section -->\n\t\t\t\t\t\t\t<div class=\"upvote-section\">\n\t\t\t\t\t\t\t\t<span data-post-id=\"2007\" data-item-title=\"Estado,pol\u00edcias e seguran\u00e7a p\u00fablica no Brasil\" data-item-link=\"http:\/\/www.scielo.br\/pdf\/rdgv\/v12n1\/1808-2432-rdgv-12-1-0049.pdf\" class=\"upvote-btn upvote-on\">\n\t\t\t\t\t\t\t\t\t<i class=\"fa fa-thumbs-up\"><\/i>\n\t\t\t\t\t\t\t\t<\/span>\n\t\t\t\t\t\t\t\t<span class=\"upvote-count\">\n\t\t\t\t\t\t\t\t\t\t\t\t\t\t\t\t\t<\/span>\n\t\t\t\t\t\t\t<\/div>\n\t\t\t\t\t\t\t<!-- \/upvote section -->\n\n\t\t\t\t\t\t\t\t\t\t\t\t\n\t\t\t\t\t<\/li>\n\t\t\t\t\t\n\t\t\t\t\t<li id=\"item-2007-3\">\n\t\t\t\t\t\t\t\t\t\t\t\t<!-- List Anchor -->\n\t\t\t\t\t\t<a   href=\"https:\/\/justica.gov.br\/news\/politica-nacional-de-seguranca-publica\/minuta_pnasp.pdf\"\n\t\t\t\t\t\t\ttarget=\"_blank\">\n\n\t\t\t\t\t\t\t<!-- Image, If Present -->\n\t\t\t\t\t\t\t3 - \t\t\t\t\t\t\t\t\t\t\t\t\t\t\t<span class=\"list-img\">\n\t\t\t\t\t\t\t\t\t<img src=\"https:\/\/www.uninter.com\/biblioteca\/wp-content\/plugins\/simple-link-directory\/\/assets\/images\/list-image-placeholder.png\" alt=\"\">\n\t\t\t\t\t\t\t\t<\/span>\n\t\t\t\t\t\t\t\n\t\t\t\t\t\t\t<!-- Link Text -->\n\t\t\t\t\t\t\tPol\u00edtica Nacional de Seguran\u00e7a P\u00fablica \u2013 PNaSP\t\t\t\t\t\t\t\n\t\t\t\t\t\t\t\t\t\t\t\t\t\t<span style=\"font-size:12px;\"><br>\n\t                                \t\t\t\t\t\t\t<\/span>\t\n\t                        \n\t\t\t\t\t\t<\/a>\n\t\t\t\t\t\t\n\t\t\t\t\t\t\t<!-- upvote section -->\n\t\t\t\t\t\t\t<div class=\"upvote-section\">\n\t\t\t\t\t\t\t\t<span data-post-id=\"2007\" data-item-title=\"Pol\u00edtica Nacional de Seguran\u00e7a P\u00fablica \u2013 PNaSP\" data-item-link=\"https:\/\/justica.gov.br\/news\/politica-nacional-de-seguranca-publica\/minuta_pnasp.pdf\" class=\"upvote-btn upvote-on\">\n\t\t\t\t\t\t\t\t\t<i class=\"fa fa-thumbs-up\"><\/i>\n\t\t\t\t\t\t\t\t<\/span>\n\t\t\t\t\t\t\t\t<span class=\"upvote-count\">\n\t\t\t\t\t\t\t\t\t\t\t\t\t\t\t\t\t<\/span>\n\t\t\t\t\t\t\t<\/div>\n\t\t\t\t\t\t\t<!-- \/upvote section -->\n\n\t\t\t\t\t\t\t\t\t\t\t\t\n\t\t\t\t\t<\/li>\n\t\t\t\t\t\n\t\t\t\t\t<li id=\"item-2007-4\">\n\t\t\t\t\t\t\t\t\t\t\t\t<!-- List Anchor -->\n\t\t\t\t\t\t<a   href=\"https:\/\/www12.senado.leg.br\/ril\/edicoes\/55\/219\/ril_v55_n219_p155.pdf\"\n\t\t\t\t\t\t\ttarget=\"_blank\">\n\n\t\t\t\t\t\t\t<!-- Image, If Present -->\n\t\t\t\t\t\t\t4 - \t\t\t\t\t\t\t\t\t\t\t\t\t\t\t<span class=\"list-img\">\n\t\t\t\t\t\t\t\t\t<img src=\"https:\/\/www.uninter.com\/biblioteca\/wp-content\/plugins\/simple-link-directory\/\/assets\/images\/list-image-placeholder.png\" alt=\"\">\n\t\t\t\t\t\t\t\t<\/span>\n\t\t\t\t\t\t\t\n\t\t\t\t\t\t\t<!-- Link Text -->\n\t\t\t\t\t\t\tO regime constitucional da seguran\u00e7a p\u00fablica\t\t\t\t\t\t\t\n\t\t\t\t\t\t\t\t\t\t\t\t\t\t<span style=\"font-size:12px;\"><br>\n\t                                \t\t\t\t\t\t\t<\/span>\t\n\t                        \n\t\t\t\t\t\t<\/a>\n\t\t\t\t\t\t\n\t\t\t\t\t\t\t<!-- upvote section -->\n\t\t\t\t\t\t\t<div class=\"upvote-section\">\n\t\t\t\t\t\t\t\t<span data-post-id=\"2007\" data-item-title=\"O regime constitucional da seguran\u00e7a p\u00fablica\" data-item-link=\"https:\/\/www12.senado.leg.br\/ril\/edicoes\/55\/219\/ril_v55_n219_p155.pdf\" class=\"upvote-btn upvote-on\">\n\t\t\t\t\t\t\t\t\t<i class=\"fa fa-thumbs-up\"><\/i>\n\t\t\t\t\t\t\t\t<\/span>\n\t\t\t\t\t\t\t\t<span class=\"upvote-count\">\n\t\t\t\t\t\t\t\t\t\t\t\t\t\t\t\t\t<\/span>\n\t\t\t\t\t\t\t<\/div>\n\t\t\t\t\t\t\t<!-- \/upvote section -->\n\n\t\t\t\t\t\t\t\t\t\t\t\t\n\t\t\t\t\t<\/li>\n\t\t\t\t\t\n\t\t\t\t\t<li id=\"item-2007-5\">\n\t\t\t\t\t\t\t\t\t\t\t\t<!-- List Anchor -->\n\t\t\t\t\t\t<a   href=\"https:\/\/www.portalsp.org.br\/sindpolfsp\/images\/PDF\/livro_Scandiuzzi.pdf\"\n\t\t\t\t\t\t\ttarget=\"_blank\">\n\n\t\t\t\t\t\t\t<!-- Image, If Present -->\n\t\t\t\t\t\t\t5 - \t\t\t\t\t\t\t\t\t\t\t\t\t\t\t<span class=\"list-img\">\n\t\t\t\t\t\t\t\t\t<img src=\"https:\/\/www.uninter.com\/biblioteca\/wp-content\/plugins\/simple-link-directory\/\/assets\/images\/list-image-placeholder.png\" alt=\"\">\n\t\t\t\t\t\t\t\t<\/span>\n\t\t\t\t\t\t\t\n\t\t\t\t\t\t\t<!-- Link Text -->\n\t\t\t\t\t\t\tA seguran\u00e7a p\u00fablica de dentro para fora\t\t\t\t\t\t\t\n\t\t\t\t\t\t\t\t\t\t\t\t\t\t<span style=\"font-size:12px;\"><br>\n\t                                \t\t\t\t\t\t\t<\/span>\t\n\t                        \n\t\t\t\t\t\t<\/a>\n\t\t\t\t\t\t\n\t\t\t\t\t\t\t<!-- upvote section -->\n\t\t\t\t\t\t\t<div class=\"upvote-section\">\n\t\t\t\t\t\t\t\t<span data-post-id=\"2007\" data-item-title=\"A seguran\u00e7a p\u00fablica de dentro para fora\" data-item-link=\"https:\/\/www.portalsp.org.br\/sindpolfsp\/images\/PDF\/livro_Scandiuzzi.pdf\" class=\"upvote-btn upvote-on\">\n\t\t\t\t\t\t\t\t\t<i class=\"fa fa-thumbs-up\"><\/i>\n\t\t\t\t\t\t\t\t<\/span>\n\t\t\t\t\t\t\t\t<span class=\"upvote-count\">\n\t\t\t\t\t\t\t\t\t\t\t\t\t\t\t\t\t<\/span>\n\t\t\t\t\t\t\t<\/div>\n\t\t\t\t\t\t\t<!-- \/upvote section -->\n\n\t\t\t\t\t\t\t\t\t\t\t\t\n\t\t\t\t\t<\/li>\n\t\t\t\t\t\n\t\t\t\t\t<li id=\"item-2007-6\">\n\t\t\t\t\t\t\t\t\t\t\t\t<!-- List Anchor -->\n\t\t\t\t\t\t<a   href=\"http:\/\/books.scielo.org\/id\/c46v3\"\n\t\t\t\t\t\t\ttarget=\"_blank\">\n\n\t\t\t\t\t\t\t<!-- Image, If Present -->\n\t\t\t\t\t\t\t6 - \t\t\t\t\t\t\t\t\t\t\t\t\t\t\t<span class=\"list-img\">\n\t\t\t\t\t\t\t\t\t<img src=\"https:\/\/www.uninter.com\/biblioteca\/wp-content\/plugins\/simple-link-directory\/\/assets\/images\/list-image-placeholder.png\" alt=\"\">\n\t\t\t\t\t\t\t\t<\/span>\n\t\t\t\t\t\t\t\n\t\t\t\t\t\t\t<!-- Link Text -->\n\t\t\t\t\t\t\tSeguran\u00e7a p\u00fablica no Brasil: um campo de desafios\t\t\t\t\t\t\t\n\t\t\t\t\t\t\t\t\t\t\t\t\t\t<span style=\"font-size:12px;\"><br>\n\t                                \t\t\t\t\t\t\t<\/span>\t\n\t                        \n\t\t\t\t\t\t<\/a>\n\t\t\t\t\t\t\n\t\t\t\t\t\t\t<!-- upvote section -->\n\t\t\t\t\t\t\t<div class=\"upvote-section\">\n\t\t\t\t\t\t\t\t<span data-post-id=\"2007\" data-item-title=\"Seguran\u00e7a p\u00fablica no Brasil: um campo de desafios\" data-item-link=\"http:\/\/books.scielo.org\/id\/c46v3\" class=\"upvote-btn upvote-on\">\n\t\t\t\t\t\t\t\t\t<i class=\"fa fa-thumbs-up\"><\/i>\n\t\t\t\t\t\t\t\t<\/span>\n\t\t\t\t\t\t\t\t<span class=\"upvote-count\">\n\t\t\t\t\t\t\t\t\t\t\t\t\t\t\t\t\t<\/span>\n\t\t\t\t\t\t\t<\/div>\n\t\t\t\t\t\t\t<!-- \/upvote section -->\n\n\t\t\t\t\t\t\t\t\t\t\t\t\n\t\t\t\t\t<\/li>\n\t\t\t\t\t\t\t\t\t<\/ul>\n\n\t\t\t<\/div>\n\n\t\t<\/div>\n\t\t<!-- \/Individual List Item -->\n\n\t\t\n\t\t<br \/>\n\r\n<!--  Starting Simple Link Directory Plugin Output -->\n<div class=\"qcopd_embed_container\">\r\n\r\n\r\n\r\n\r\n\r\n\r\n\r\n<\/div>\r\n<div class=\"qcopd-list-wrapper\">\n\t<div id=\"opd-list-holder\" class=\"qcopd-list-holder\">\n\t\t\n\t\t<!-- Individual List Item -->\n\t\t<div id=\"list-item-1-1431\" class=\"qc-grid-item qcopd-list-column opd-column-1 simple opd-list-id-1431\">\n\t\t\t<div class=\"qcopd-single-list\">\n\t\t\t\t\t<h2 onclick=\"if(document.getElementById('1431').style.display=='block'){document.getElementById('1431').style.display='none';}else{document.getElementById('1431').style.display='block';};\">\n\t\t\t\t\tGest\u00e3o P\u00fablica\t\t\t\t<\/h2>\n\t\t\t\t<ul  style=display:none; id=1431 >\n\t\t\t\t\t\n\t\t\t\t\t<li id=\"item-1431-1\">\n\t\t\t\t\t\t\t\t\t\t\t\t<!-- List Anchor -->\n\t\t\t\t\t\t<a   href=\"http:\/\/www.spell.org.br\/periodicos\/ver\/19\/administracao-publica-e-gestao-social\"\n\t\t\t\t\t\t\ttarget=\"_blank\">\n\n\t\t\t\t\t\t\t<!-- Image, If Present -->\n\t\t\t\t\t\t\t1 - \t\t\t\t\t\t\t\t\t\t\t\t\t\t\n\t\t\t\t\t\t\t\n\t\t\t\t\t\t\t\t<span class=\"list-img\">\n\t\t\t\t\t\t\t\t\t\t\t\t\t\t\t\t\t\t<img src=\"https:\/\/www.uninter.com\/biblioteca\/wp-content\/uploads\/2019\/08\/apgs-150x150.jpg\" alt=\"\">\n\t\t\t\t\t\t\t\t<\/span>\n\t\t\t\t\t\t\t\n\t\t\t\t\t\t\t<!-- Link Text -->\n\t\t\t\t\t\t\tRevista Administra\u00e7\u00e3o P\u00fablica e Gest\u00e3o Social \u2013 APGS\t\t\t\t\t\t\t\n\t\t\t\t\t\t\t\t\t\t\t\t\t\t<span style=\"font-size:12px;\"><br>\n\t                                \t\t\t\t\t\t\t<\/span>\t\n\t                        \n\t\t\t\t\t\t<\/a>\n\t\t\t\t\t\t\n\t\t\t\t\t\t\t<!-- upvote section -->\n\t\t\t\t\t\t\t<div class=\"upvote-section\">\n\t\t\t\t\t\t\t\t<span data-post-id=\"1431\" data-item-title=\"Revista Administra\u00e7\u00e3o P\u00fablica e Gest\u00e3o Social \u2013 APGS\" data-item-link=\"http:\/\/www.spell.org.br\/periodicos\/ver\/19\/administracao-publica-e-gestao-social\" class=\"upvote-btn upvote-on\">\n\t\t\t\t\t\t\t\t\t<i class=\"fa fa-thumbs-up\"><\/i>\n\t\t\t\t\t\t\t\t<\/span>\n\t\t\t\t\t\t\t\t<span class=\"upvote-count\">\n\t\t\t\t\t\t\t\t\t1\t\t\t\t\t\t\t\t<\/span>\n\t\t\t\t\t\t\t<\/div>\n\t\t\t\t\t\t\t<!-- \/upvote section -->\n\n\t\t\t\t\t\t\t\t\t\t\t\t\n\t\t\t\t\t<\/li>\n\t\t\t\t\t\n\t\t\t\t\t<li id=\"item-1431-2\">\n\t\t\t\t\t\t\t\t\t\t\t\t<!-- List Anchor -->\n\t\t\t\t\t\t<a   href=\"http:\/\/bibliotecadigital.fgv.br\/ojs\/index.php\/cgpc\/issue\/archive\"\n\t\t\t\t\t\t\ttarget=\"_blank\">\n\n\t\t\t\t\t\t\t<!-- Image, If Present -->\n\t\t\t\t\t\t\t2 - \t\t\t\t\t\t\t\t\t\t\t\t\t\t\n\t\t\t\t\t\t\t\n\t\t\t\t\t\t\t\t<span class=\"list-img\">\n\t\t\t\t\t\t\t\t\t\t\t\t\t\t\t\t\t\t<img src=\"https:\/\/www.uninter.com\/biblioteca\/wp-content\/uploads\/2019\/08\/cidadania-150x150.jpg\" alt=\"\">\n\t\t\t\t\t\t\t\t<\/span>\n\t\t\t\t\t\t\t\n\t\t\t\t\t\t\t<!-- Link Text -->\n\t\t\t\t\t\t\tCadernos Gest\u00e3o P\u00fablica e Cidadania\t\t\t\t\t\t\t\n\t\t\t\t\t\t\t\t\t\t\t\t\t\t<span style=\"font-size:12px;\"><br>\n\t                                \t\t\t\t\t\t\t<\/span>\t\n\t                        \n\t\t\t\t\t\t<\/a>\n\t\t\t\t\t\t\n\t\t\t\t\t\t\t<!-- upvote section -->\n\t\t\t\t\t\t\t<div class=\"upvote-section\">\n\t\t\t\t\t\t\t\t<span data-post-id=\"1431\" data-item-title=\"Cadernos Gest\u00e3o P\u00fablica e Cidadania\" data-item-link=\"http:\/\/bibliotecadigital.fgv.br\/ojs\/index.php\/cgpc\/issue\/archive\" class=\"upvote-btn upvote-on\">\n\t\t\t\t\t\t\t\t\t<i class=\"fa fa-thumbs-up\"><\/i>\n\t\t\t\t\t\t\t\t<\/span>\n\t\t\t\t\t\t\t\t<span class=\"upvote-count\">\n\t\t\t\t\t\t\t\t\t1\t\t\t\t\t\t\t\t<\/span>\n\t\t\t\t\t\t\t<\/div>\n\t\t\t\t\t\t\t<!-- \/upvote section -->\n\n\t\t\t\t\t\t\t\t\t\t\t\t\n\t\t\t\t\t<\/li>\n\t\t\t\t\t\n\t\t\t\t\t<li id=\"item-1431-3\">\n\t\t\t\t\t\t\t\t\t\t\t\t<!-- List Anchor -->\n\t\t\t\t\t\t<a   href=\"http:\/\/www.criminologiacritica.com.br\/nossas-pesquisas\/\"\n\t\t\t\t\t\t\ttarget=\"_blank\">\n\n\t\t\t\t\t\t\t<!-- Image, If Present -->\n\t\t\t\t\t\t\t3 - \t\t\t\t\t\t\t\t\t\t\t\t\t\t\n\t\t\t\t\t\t\t\n\t\t\t\t\t\t\t\t<span class=\"list-img\">\n\t\t\t\t\t\t\t\t\t\t\t\t\t\t\t\t\t\t<img src=\"https:\/\/www.uninter.com\/biblioteca\/wp-content\/uploads\/2019\/08\/critica-1-150x150.jpg\" alt=\"\">\n\t\t\t\t\t\t\t\t<\/span>\n\t\t\t\t\t\t\t\n\t\t\t\t\t\t\t<!-- Link Text -->\n\t\t\t\t\t\t\tCriminologia Cr\u00edtica\t\t\t\t\t\t\t\n\t\t\t\t\t\t\t\t\t\t\t\t\t\t<span style=\"font-size:12px;\"><br>\n\t                                \t\t\t\t\t\t\t<\/span>\t\n\t                        \n\t\t\t\t\t\t<\/a>\n\t\t\t\t\t\t\n\t\t\t\t\t\t\t<!-- upvote section -->\n\t\t\t\t\t\t\t<div class=\"upvote-section\">\n\t\t\t\t\t\t\t\t<span data-post-id=\"1431\" data-item-title=\"Criminologia Cr\u00edtica\" data-item-link=\"http:\/\/www.criminologiacritica.com.br\/nossas-pesquisas\/\" class=\"upvote-btn upvote-on\">\n\t\t\t\t\t\t\t\t\t<i class=\"fa fa-thumbs-up\"><\/i>\n\t\t\t\t\t\t\t\t<\/span>\n\t\t\t\t\t\t\t\t<span class=\"upvote-count\">\n\t\t\t\t\t\t\t\t\t1\t\t\t\t\t\t\t\t<\/span>\n\t\t\t\t\t\t\t<\/div>\n\t\t\t\t\t\t\t<!-- \/upvote section -->\n\n\t\t\t\t\t\t\t\t\t\t\t\t\n\t\t\t\t\t<\/li>\n\t\t\t\t\t\n\t\t\t\t\t<li id=\"item-1431-4\">\n\t\t\t\t\t\t\t\t\t\t\t\t<!-- List Anchor -->\n\t\t\t\t\t\t<a   href=\"https:\/\/periodicos.ufpe.br\/revistas\/index.php\/gestaopublica\"\n\t\t\t\t\t\t\ttarget=\"_blank\">\n\n\t\t\t\t\t\t\t<!-- Image, If Present -->\n\t\t\t\t\t\t\t4 - \t\t\t\t\t\t\t\t\t\t\t\t\t\t\n\t\t\t\t\t\t\t\n\t\t\t\t\t\t\t\t<span class=\"list-img\">\n\t\t\t\t\t\t\t\t\t\t\t\t\t\t\t\t\t\t<img src=\"https:\/\/www.uninter.com\/biblioteca\/wp-content\/uploads\/2019\/08\/publica-1-150x150.jpg\" alt=\"\">\n\t\t\t\t\t\t\t\t<\/span>\n\t\t\t\t\t\t\t\n\t\t\t\t\t\t\t<!-- Link Text -->\n\t\t\t\t\t\t\tGest\u00e3o P\u00fablica \u2013 Pr\u00e1ticas e Desafios\t\t\t\t\t\t\t\n\t\t\t\t\t\t\t\t\t\t\t\t\t\t<span style=\"font-size:12px;\"><br>\n\t                                \t\t\t\t\t\t\t<\/span>\t\n\t                        \n\t\t\t\t\t\t<\/a>\n\t\t\t\t\t\t\n\t\t\t\t\t\t\t<!-- upvote section -->\n\t\t\t\t\t\t\t<div class=\"upvote-section\">\n\t\t\t\t\t\t\t\t<span data-post-id=\"1431\" data-item-title=\"Gest\u00e3o P\u00fablica \u2013 Pr\u00e1ticas e Desafios\" data-item-link=\"https:\/\/periodicos.ufpe.br\/revistas\/index.php\/gestaopublica\" class=\"upvote-btn upvote-on\">\n\t\t\t\t\t\t\t\t\t<i class=\"fa fa-thumbs-up\"><\/i>\n\t\t\t\t\t\t\t\t<\/span>\n\t\t\t\t\t\t\t\t<span class=\"upvote-count\">\n\t\t\t\t\t\t\t\t\t1\t\t\t\t\t\t\t\t<\/span>\n\t\t\t\t\t\t\t<\/div>\n\t\t\t\t\t\t\t<!-- \/upvote section -->\n\n\t\t\t\t\t\t\t\t\t\t\t\t\n\t\t\t\t\t<\/li>\n\t\t\t\t\t\n\t\t\t\t\t<li id=\"item-1431-5\">\n\t\t\t\t\t\t\t\t\t\t\t\t<!-- List Anchor -->\n\t\t\t\t\t\t<a   href=\"http:\/\/www.ip.pbh.gov.br\/\"\n\t\t\t\t\t\t\ttarget=\"_blank\">\n\n\t\t\t\t\t\t\t<!-- Image, If Present -->\n\t\t\t\t\t\t\t5 - \t\t\t\t\t\t\t\t\t\t\t\t\t\t\n\t\t\t\t\t\t\t\n\t\t\t\t\t\t\t\t<span class=\"list-img\">\n\t\t\t\t\t\t\t\t\t\t\t\t\t\t\t\t\t\t<img src=\"https:\/\/www.uninter.com\/biblioteca\/wp-content\/uploads\/2019\/08\/ip-150x150.jpg\" alt=\"\">\n\t\t\t\t\t\t\t\t<\/span>\n\t\t\t\t\t\t\t\n\t\t\t\t\t\t\t<!-- Link Text -->\n\t\t\t\t\t\t\tInform\u00e1tica P\u00fablica\t\t\t\t\t\t\t\n\t\t\t\t\t\t\t\t\t\t\t\t\t\t<span style=\"font-size:12px;\"><br>\n\t                                \t\t\t\t\t\t\t<\/span>\t\n\t                        \n\t\t\t\t\t\t<\/a>\n\t\t\t\t\t\t\n\t\t\t\t\t\t\t<!-- upvote section -->\n\t\t\t\t\t\t\t<div class=\"upvote-section\">\n\t\t\t\t\t\t\t\t<span data-post-id=\"1431\" data-item-title=\"Inform\u00e1tica P\u00fablica\" data-item-link=\"http:\/\/www.ip.pbh.gov.br\/\" class=\"upvote-btn upvote-on\">\n\t\t\t\t\t\t\t\t\t<i class=\"fa fa-thumbs-up\"><\/i>\n\t\t\t\t\t\t\t\t<\/span>\n\t\t\t\t\t\t\t\t<span class=\"upvote-count\">\n\t\t\t\t\t\t\t\t\t\t\t\t\t\t\t\t\t<\/span>\n\t\t\t\t\t\t\t<\/div>\n\t\t\t\t\t\t\t<!-- \/upvote section -->\n\n\t\t\t\t\t\t\t\t\t\t\t\t\n\t\t\t\t\t<\/li>\n\t\t\t\t\t\n\t\t\t\t\t<li id=\"item-1431-6\">\n\t\t\t\t\t\t\t\t\t\t\t\t<!-- List Anchor -->\n\t\t\t\t\t\t<a   href=\"http:\/\/bibliotecadigital.fgv.br\/ojs\/index.php\/rap\"\n\t\t\t\t\t\t\ttarget=\"_blank\">\n\n\t\t\t\t\t\t\t<!-- Image, If Present -->\n\t\t\t\t\t\t\t6 - \t\t\t\t\t\t\t\t\t\t\t\t\t\t\n\t\t\t\t\t\t\t\n\t\t\t\t\t\t\t\t<span class=\"list-img\">\n\t\t\t\t\t\t\t\t\t\t\t\t\t\t\t\t\t\t<img src=\"https:\/\/www.uninter.com\/biblioteca\/wp-content\/uploads\/2019\/08\/rap-150x150.jpg\" alt=\"\">\n\t\t\t\t\t\t\t\t<\/span>\n\t\t\t\t\t\t\t\n\t\t\t\t\t\t\t<!-- Link Text -->\n\t\t\t\t\t\t\tRAP \u2013 Revista de Administra\u00e7\u00e3o P\u00fablica\t\t\t\t\t\t\t\n\t\t\t\t\t\t\t\t\t\t\t\t\t\t<span style=\"font-size:12px;\"><br>\n\t                                \t\t\t\t\t\t\t<\/span>\t\n\t                        \n\t\t\t\t\t\t<\/a>\n\t\t\t\t\t\t\n\t\t\t\t\t\t\t<!-- upvote section -->\n\t\t\t\t\t\t\t<div class=\"upvote-section\">\n\t\t\t\t\t\t\t\t<span data-post-id=\"1431\" data-item-title=\"RAP \u2013 Revista de Administra\u00e7\u00e3o P\u00fablica\" data-item-link=\"http:\/\/bibliotecadigital.fgv.br\/ojs\/index.php\/rap\" class=\"upvote-btn upvote-on\">\n\t\t\t\t\t\t\t\t\t<i class=\"fa fa-thumbs-up\"><\/i>\n\t\t\t\t\t\t\t\t<\/span>\n\t\t\t\t\t\t\t\t<span class=\"upvote-count\">\n\t\t\t\t\t\t\t\t\t\t\t\t\t\t\t\t\t<\/span>\n\t\t\t\t\t\t\t<\/div>\n\t\t\t\t\t\t\t<!-- \/upvote section -->\n\n\t\t\t\t\t\t\t\t\t\t\t\t\n\t\t\t\t\t<\/li>\n\t\t\t\t\t\n\t\t\t\t\t<li id=\"item-1431-7\">\n\t\t\t\t\t\t\t\t\t\t\t\t<!-- List Anchor -->\n\t\t\t\t\t\t<a   href=\"http:\/\/www.spell.org.br\/periodicos\/ver\/154\/revista-de-administracao--sociedade-e-inovacao\"\n\t\t\t\t\t\t\ttarget=\"_blank\">\n\n\t\t\t\t\t\t\t<!-- Image, If Present -->\n\t\t\t\t\t\t\t7 - \t\t\t\t\t\t\t\t\t\t\t\t\t\t\n\t\t\t\t\t\t\t\n\t\t\t\t\t\t\t\t<span class=\"list-img\">\n\t\t\t\t\t\t\t\t\t\t\t\t\t\t\t\t\t\t<img src=\"https:\/\/www.uninter.com\/biblioteca\/wp-content\/uploads\/2019\/08\/rasi-150x150.jpg\" alt=\"\">\n\t\t\t\t\t\t\t\t<\/span>\n\t\t\t\t\t\t\t\n\t\t\t\t\t\t\t<!-- Link Text -->\n\t\t\t\t\t\t\tRevista de Administra\u00e7\u00e3o, Sociedade e Inova\u00e7\u00e3o\t\t\t\t\t\t\t\n\t\t\t\t\t\t\t\t\t\t\t\t\t\t<span style=\"font-size:12px;\"><br>\n\t                                \t\t\t\t\t\t\t<\/span>\t\n\t                        \n\t\t\t\t\t\t<\/a>\n\t\t\t\t\t\t\n\t\t\t\t\t\t\t<!-- upvote section -->\n\t\t\t\t\t\t\t<div class=\"upvote-section\">\n\t\t\t\t\t\t\t\t<span data-post-id=\"1431\" data-item-title=\"Revista de Administra\u00e7\u00e3o, Sociedade e Inova\u00e7\u00e3o\" data-item-link=\"http:\/\/www.spell.org.br\/periodicos\/ver\/154\/revista-de-administracao--sociedade-e-inovacao\" class=\"upvote-btn upvote-on\">\n\t\t\t\t\t\t\t\t\t<i class=\"fa fa-thumbs-up\"><\/i>\n\t\t\t\t\t\t\t\t<\/span>\n\t\t\t\t\t\t\t\t<span class=\"upvote-count\">\n\t\t\t\t\t\t\t\t\t\t\t\t\t\t\t\t\t<\/span>\n\t\t\t\t\t\t\t<\/div>\n\t\t\t\t\t\t\t<!-- \/upvote section -->\n\n\t\t\t\t\t\t\t\t\t\t\t\t\n\t\t\t\t\t<\/li>\n\t\t\t\t\t\n\t\t\t\t\t<li id=\"item-1431-8\">\n\t\t\t\t\t\t\t\t\t\t\t\t<!-- List Anchor -->\n\t\t\t\t\t\t<a   href=\"http:\/\/www.periodicoseletronicos.ufma.br\/index.php\/rppublica\"\n\t\t\t\t\t\t\ttarget=\"_blank\">\n\n\t\t\t\t\t\t\t<!-- Image, If Present -->\n\t\t\t\t\t\t\t8 - \t\t\t\t\t\t\t\t\t\t\t\t\t\t\n\t\t\t\t\t\t\t\n\t\t\t\t\t\t\t\t<span class=\"list-img\">\n\t\t\t\t\t\t\t\t\t\t\t\t\t\t\t\t\t\t<img src=\"https:\/\/www.uninter.com\/biblioteca\/wp-content\/uploads\/2019\/08\/plitPub-150x150.jpg\" alt=\"\">\n\t\t\t\t\t\t\t\t<\/span>\n\t\t\t\t\t\t\t\n\t\t\t\t\t\t\t<!-- Link Text -->\n\t\t\t\t\t\t\tRevista de Pol\u00edticas Publicas\t\t\t\t\t\t\t\n\t\t\t\t\t\t\t\t\t\t\t\t\t\t<span style=\"font-size:12px;\"><br>\n\t                                \t\t\t\t\t\t\t<\/span>\t\n\t                        \n\t\t\t\t\t\t<\/a>\n\t\t\t\t\t\t\n\t\t\t\t\t\t\t<!-- upvote section -->\n\t\t\t\t\t\t\t<div class=\"upvote-section\">\n\t\t\t\t\t\t\t\t<span data-post-id=\"1431\" data-item-title=\"Revista de Pol\u00edticas Publicas\" data-item-link=\"http:\/\/www.periodicoseletronicos.ufma.br\/index.php\/rppublica\" class=\"upvote-btn upvote-on\">\n\t\t\t\t\t\t\t\t\t<i class=\"fa fa-thumbs-up\"><\/i>\n\t\t\t\t\t\t\t\t<\/span>\n\t\t\t\t\t\t\t\t<span class=\"upvote-count\">\n\t\t\t\t\t\t\t\t\t\t\t\t\t\t\t\t\t<\/span>\n\t\t\t\t\t\t\t<\/div>\n\t\t\t\t\t\t\t<!-- \/upvote section -->\n\n\t\t\t\t\t\t\t\t\t\t\t\t\n\t\t\t\t\t<\/li>\n\t\t\t\t\t\n\t\t\t\t\t<li id=\"item-1431-9\">\n\t\t\t\t\t\t\t\t\t\t\t\t<!-- List Anchor -->\n\t\t\t\t\t\t<a   href=\"http:\/\/www.spell.org.br\/periodicos\/ver\/35\/desenvolvimento-em-questao\"\n\t\t\t\t\t\t\ttarget=\"_blank\">\n\n\t\t\t\t\t\t\t<!-- Image, If Present -->\n\t\t\t\t\t\t\t9 - \t\t\t\t\t\t\t\t\t\t\t\t\t\t\n\t\t\t\t\t\t\t\n\t\t\t\t\t\t\t\t<span class=\"list-img\">\n\t\t\t\t\t\t\t\t\t\t\t\t\t\t\t\t\t\t<img src=\"https:\/\/www.uninter.com\/biblioteca\/wp-content\/uploads\/2019\/08\/questao-150x150.jpg\" alt=\"\">\n\t\t\t\t\t\t\t\t<\/span>\n\t\t\t\t\t\t\t\n\t\t\t\t\t\t\t<!-- Link Text -->\n\t\t\t\t\t\t\tRevista Desenvolvimento em Quest\u00e3o\t\t\t\t\t\t\t\n\t\t\t\t\t\t\t\t\t\t\t\t\t\t<span style=\"font-size:12px;\"><br>\n\t                                \t\t\t\t\t\t\t<\/span>\t\n\t                        \n\t\t\t\t\t\t<\/a>\n\t\t\t\t\t\t\n\t\t\t\t\t\t\t<!-- upvote section -->\n\t\t\t\t\t\t\t<div class=\"upvote-section\">\n\t\t\t\t\t\t\t\t<span data-post-id=\"1431\" data-item-title=\"Revista Desenvolvimento em Quest\u00e3o\" data-item-link=\"http:\/\/www.spell.org.br\/periodicos\/ver\/35\/desenvolvimento-em-questao\" class=\"upvote-btn upvote-on\">\n\t\t\t\t\t\t\t\t\t<i class=\"fa fa-thumbs-up\"><\/i>\n\t\t\t\t\t\t\t\t<\/span>\n\t\t\t\t\t\t\t\t<span class=\"upvote-count\">\n\t\t\t\t\t\t\t\t\t\t\t\t\t\t\t\t\t<\/span>\n\t\t\t\t\t\t\t<\/div>\n\t\t\t\t\t\t\t<!-- \/upvote section -->\n\n\t\t\t\t\t\t\t\t\t\t\t\t\n\t\t\t\t\t<\/li>\n\t\t\t\t\t\n\t\t\t\t\t<li id=\"item-1431-10\">\n\t\t\t\t\t\t\t\t\t\t\t\t<!-- List Anchor -->\n\t\t\t\t\t\t<a   href=\"http:\/\/www.spell.org.br\/periodicos\/ver\/133\/revista-do-servico-publico\"\n\t\t\t\t\t\t\ttarget=\"_blank\">\n\n\t\t\t\t\t\t\t<!-- Image, If Present -->\n\t\t\t\t\t\t\t10 - \t\t\t\t\t\t\t\t\t\t\t\t\t\t\n\t\t\t\t\t\t\t\n\t\t\t\t\t\t\t\t<span class=\"list-img\">\n\t\t\t\t\t\t\t\t\t\t\t\t\t\t\t\t\t\t<img src=\"https:\/\/www.uninter.com\/biblioteca\/wp-content\/uploads\/2019\/08\/rsp-150x150.jpg\" alt=\"\">\n\t\t\t\t\t\t\t\t<\/span>\n\t\t\t\t\t\t\t\n\t\t\t\t\t\t\t<!-- Link Text -->\n\t\t\t\t\t\t\tRevista do Servi\u00e7o P\u00fablico\t\t\t\t\t\t\t\n\t\t\t\t\t\t\t\t\t\t\t\t\t\t<span style=\"font-size:12px;\"><br>\n\t                                \t\t\t\t\t\t\t<\/span>\t\n\t                        \n\t\t\t\t\t\t<\/a>\n\t\t\t\t\t\t\n\t\t\t\t\t\t\t<!-- upvote section -->\n\t\t\t\t\t\t\t<div class=\"upvote-section\">\n\t\t\t\t\t\t\t\t<span data-post-id=\"1431\" data-item-title=\"Revista do Servi\u00e7o P\u00fablico\" data-item-link=\"http:\/\/www.spell.org.br\/periodicos\/ver\/133\/revista-do-servico-publico\" class=\"upvote-btn upvote-on\">\n\t\t\t\t\t\t\t\t\t<i class=\"fa fa-thumbs-up\"><\/i>\n\t\t\t\t\t\t\t\t<\/span>\n\t\t\t\t\t\t\t\t<span class=\"upvote-count\">\n\t\t\t\t\t\t\t\t\t\t\t\t\t\t\t\t\t<\/span>\n\t\t\t\t\t\t\t<\/div>\n\t\t\t\t\t\t\t<!-- \/upvote section -->\n\n\t\t\t\t\t\t\t\t\t\t\t\t\n\t\t\t\t\t<\/li>\n\t\t\t\t\t\n\t\t\t\t\t<li id=\"item-1431-11\">\n\t\t\t\t\t\t\t\t\t\t\t\t<!-- List Anchor -->\n\t\t\t\t\t\t<a   href=\"http:\/\/www.revistas.usp.br\/rgpp\"\n\t\t\t\t\t\t\ttarget=\"_blank\">\n\n\t\t\t\t\t\t\t<!-- Image, If Present -->\n\t\t\t\t\t\t\t11 - \t\t\t\t\t\t\t\t\t\t\t\t\t\t\n\t\t\t\t\t\t\t\n\t\t\t\t\t\t\t\t<span class=\"list-img\">\n\t\t\t\t\t\t\t\t\t\t\t\t\t\t\t\t\t\t<img src=\"https:\/\/www.uninter.com\/biblioteca\/wp-content\/uploads\/2019\/08\/rgpp-150x150.jpg\" alt=\"\">\n\t\t\t\t\t\t\t\t<\/span>\n\t\t\t\t\t\t\t\n\t\t\t\t\t\t\t<!-- Link Text -->\n\t\t\t\t\t\t\tRevista Gest\u00e3o &amp; Pol\u00edticas P\u00fablicas\t\t\t\t\t\t\t\n\t\t\t\t\t\t\t\t\t\t\t\t\t\t<span style=\"font-size:12px;\"><br>\n\t                                \t\t\t\t\t\t\t<\/span>\t\n\t                        \n\t\t\t\t\t\t<\/a>\n\t\t\t\t\t\t\n\t\t\t\t\t\t\t<!-- upvote section -->\n\t\t\t\t\t\t\t<div class=\"upvote-section\">\n\t\t\t\t\t\t\t\t<span data-post-id=\"1431\" data-item-title=\"Revista Gest\u00e3o &amp; Pol\u00edticas P\u00fablicas\" data-item-link=\"http:\/\/www.revistas.usp.br\/rgpp\" class=\"upvote-btn upvote-on\">\n\t\t\t\t\t\t\t\t\t<i class=\"fa fa-thumbs-up\"><\/i>\n\t\t\t\t\t\t\t\t<\/span>\n\t\t\t\t\t\t\t\t<span class=\"upvote-count\">\n\t\t\t\t\t\t\t\t\t\t\t\t\t\t\t\t\t<\/span>\n\t\t\t\t\t\t\t<\/div>\n\t\t\t\t\t\t\t<!-- \/upvote section -->\n\n\t\t\t\t\t\t\t\t\t\t\t\t\n\t\t\t\t\t<\/li>\n\t\t\t\t\t\n\t\t\t\t\t<li id=\"item-1431-12\">\n\t\t\t\t\t\t\t\t\t\t\t\t<!-- List Anchor -->\n\t\t\t\t\t\t<a   href=\"http:\/\/www.spell.org.br\/periodicos\/ver\/152\/revista-interdisciplinar-de-gestao-social\"\n\t\t\t\t\t\t\ttarget=\"_blank\">\n\n\t\t\t\t\t\t\t<!-- Image, If Present -->\n\t\t\t\t\t\t\t12 - \t\t\t\t\t\t\t\t\t\t\t\t\t\t\n\t\t\t\t\t\t\t\n\t\t\t\t\t\t\t\t<span class=\"list-img\">\n\t\t\t\t\t\t\t\t\t\t\t\t\t\t\t\t\t\t<img src=\"https:\/\/www.uninter.com\/biblioteca\/wp-content\/uploads\/2019\/08\/rigs-150x150.jpg\" alt=\"\">\n\t\t\t\t\t\t\t\t<\/span>\n\t\t\t\t\t\t\t\n\t\t\t\t\t\t\t<!-- Link Text -->\n\t\t\t\t\t\t\tRevista Interdisciplinar de Gest\u00e3o Social\t\t\t\t\t\t\t\n\t\t\t\t\t\t\t\t\t\t\t\t\t\t<span style=\"font-size:12px;\"><br>\n\t                                \t\t\t\t\t\t\t<\/span>\t\n\t                        \n\t\t\t\t\t\t<\/a>\n\t\t\t\t\t\t\n\t\t\t\t\t\t\t<!-- upvote section -->\n\t\t\t\t\t\t\t<div class=\"upvote-section\">\n\t\t\t\t\t\t\t\t<span data-post-id=\"1431\" data-item-title=\"Revista Interdisciplinar de Gest\u00e3o Social\" data-item-link=\"http:\/\/www.spell.org.br\/periodicos\/ver\/152\/revista-interdisciplinar-de-gestao-social\" class=\"upvote-btn upvote-on\">\n\t\t\t\t\t\t\t\t\t<i class=\"fa fa-thumbs-up\"><\/i>\n\t\t\t\t\t\t\t\t<\/span>\n\t\t\t\t\t\t\t\t<span class=\"upvote-count\">\n\t\t\t\t\t\t\t\t\t\t\t\t\t\t\t\t\t<\/span>\n\t\t\t\t\t\t\t<\/div>\n\t\t\t\t\t\t\t<!-- \/upvote section -->\n\n\t\t\t\t\t\t\t\t\t\t\t\t\n\t\t\t\t\t<\/li>\n\t\t\t\t\t\n\t\t\t\t\t<li id=\"item-1431-13\">\n\t\t\t\t\t\t\t\t\t\t\t\t<!-- List Anchor -->\n\t\t\t\t\t\t<a   href=\"https:\/\/rop.emnuvens.com.br\/rop\"\n\t\t\t\t\t\t\ttarget=\"_blank\">\n\n\t\t\t\t\t\t\t<!-- Image, If Present -->\n\t\t\t\t\t\t\t13 - \t\t\t\t\t\t\t\t\t\t\t\t\t\t\n\t\t\t\t\t\t\t\n\t\t\t\t\t\t\t\t<span class=\"list-img\">\n\t\t\t\t\t\t\t\t\t\t\t\t\t\t\t\t\t\t<img src=\"https:\/\/www.uninter.com\/biblioteca\/wp-content\/uploads\/2019\/08\/ordPub-150x150.jpg\" alt=\"\">\n\t\t\t\t\t\t\t\t<\/span>\n\t\t\t\t\t\t\t\n\t\t\t\t\t\t\t<!-- Link Text -->\n\t\t\t\t\t\t\tRevista Ordem P\u00fablica\t\t\t\t\t\t\t\n\t\t\t\t\t\t\t\t\t\t\t\t\t\t<span style=\"font-size:12px;\"><br>\n\t                                \t\t\t\t\t\t\t<\/span>\t\n\t                        \n\t\t\t\t\t\t<\/a>\n\t\t\t\t\t\t\n\t\t\t\t\t\t\t<!-- upvote section -->\n\t\t\t\t\t\t\t<div class=\"upvote-section\">\n\t\t\t\t\t\t\t\t<span data-post-id=\"1431\" data-item-title=\"Revista Ordem P\u00fablica\" data-item-link=\"https:\/\/rop.emnuvens.com.br\/rop\" class=\"upvote-btn upvote-on\">\n\t\t\t\t\t\t\t\t\t<i class=\"fa fa-thumbs-up\"><\/i>\n\t\t\t\t\t\t\t\t<\/span>\n\t\t\t\t\t\t\t\t<span class=\"upvote-count\">\n\t\t\t\t\t\t\t\t\t\t\t\t\t\t\t\t\t<\/span>\n\t\t\t\t\t\t\t<\/div>\n\t\t\t\t\t\t\t<!-- \/upvote section -->\n\n\t\t\t\t\t\t\t\t\t\t\t\t\n\t\t\t\t\t<\/li>\n\t\t\t\t\t\n\t\t\t\t\t<li id=\"item-1431-14\">\n\t\t\t\t\t\t\t\t\t\t\t\t<!-- List Anchor -->\n\t\t\t\t\t\t<a   href=\"https:\/\/periodicos.ufsm.br\/pap\"\n\t\t\t\t\t\t\ttarget=\"_blank\">\n\n\t\t\t\t\t\t\t<!-- Image, If Present -->\n\t\t\t\t\t\t\t14 - \t\t\t\t\t\t\t\t\t\t\t\t\t\t\n\t\t\t\t\t\t\t\n\t\t\t\t\t\t\t\t<span class=\"list-img\">\n\t\t\t\t\t\t\t\t\t\t\t\t\t\t\t\t\t\t<img src=\"https:\/\/www.uninter.com\/biblioteca\/wp-content\/uploads\/2019\/08\/praticas-1-150x150.jpg\" alt=\"\">\n\t\t\t\t\t\t\t\t<\/span>\n\t\t\t\t\t\t\t\n\t\t\t\t\t\t\t<!-- Link Text -->\n\t\t\t\t\t\t\tRevista Pr\u00e1ticas de Administra\u00e7\u00e3o P\u00fablica\t\t\t\t\t\t\t\n\t\t\t\t\t\t\t\t\t\t\t\t\t\t<span style=\"font-size:12px;\"><br>\n\t                                \t\t\t\t\t\t\t<\/span>\t\n\t                        \n\t\t\t\t\t\t<\/a>\n\t\t\t\t\t\t\n\t\t\t\t\t\t\t<!-- upvote section -->\n\t\t\t\t\t\t\t<div class=\"upvote-section\">\n\t\t\t\t\t\t\t\t<span data-post-id=\"1431\" data-item-title=\"Revista Pr\u00e1ticas de Administra\u00e7\u00e3o P\u00fablica\" data-item-link=\"https:\/\/periodicos.ufsm.br\/pap\" class=\"upvote-btn upvote-on\">\n\t\t\t\t\t\t\t\t\t<i class=\"fa fa-thumbs-up\"><\/i>\n\t\t\t\t\t\t\t\t<\/span>\n\t\t\t\t\t\t\t\t<span class=\"upvote-count\">\n\t\t\t\t\t\t\t\t\t\t\t\t\t\t\t\t\t<\/span>\n\t\t\t\t\t\t\t<\/div>\n\t\t\t\t\t\t\t<!-- \/upvote section -->\n\n\t\t\t\t\t\t\t\t\t\t\t\t\n\t\t\t\t\t<\/li>\n\t\t\t\t\t\n\t\t\t\t\t<li id=\"item-1431-15\">\n\t\t\t\t\t\t\t\t\t\t\t\t<!-- List Anchor -->\n\t\t\t\t\t\t<a   href=\"http:\/\/www.pf.gov.br\/anp\/educacional\/pos-graduacao\/publicacoes-tecnicas-da-anp\/revista-seguranca-publica-cidadania\/revista-seguranca-publica-cidadania\"\n\t\t\t\t\t\t\ttarget=\"_blank\">\n\n\t\t\t\t\t\t\t<!-- Image, If Present -->\n\t\t\t\t\t\t\t15 - \t\t\t\t\t\t\t\t\t\t\t\t\t\t\n\t\t\t\t\t\t\t\n\t\t\t\t\t\t\t\t<span class=\"list-img\">\n\t\t\t\t\t\t\t\t\t\t\t\t\t\t\t\t\t\t<img src=\"https:\/\/www.uninter.com\/biblioteca\/wp-content\/uploads\/2019\/08\/segPub-150x150.jpg\" alt=\"\">\n\t\t\t\t\t\t\t\t<\/span>\n\t\t\t\t\t\t\t\n\t\t\t\t\t\t\t<!-- Link Text -->\n\t\t\t\t\t\t\tRevista Seguran\u00e7a P\u00fablica &amp; Cidadania\t\t\t\t\t\t\t\n\t\t\t\t\t\t\t\t\t\t\t\t\t\t<span style=\"font-size:12px;\"><br>\n\t                                \t\t\t\t\t\t\t<\/span>\t\n\t                        \n\t\t\t\t\t\t<\/a>\n\t\t\t\t\t\t\n\t\t\t\t\t\t\t<!-- upvote section -->\n\t\t\t\t\t\t\t<div class=\"upvote-section\">\n\t\t\t\t\t\t\t\t<span data-post-id=\"1431\" data-item-title=\"Revista Seguran\u00e7a P\u00fablica &amp; Cidadania\" data-item-link=\"http:\/\/www.pf.gov.br\/anp\/educacional\/pos-graduacao\/publicacoes-tecnicas-da-anp\/revista-seguranca-publica-cidadania\/revista-seguranca-publica-cidadania\" class=\"upvote-btn upvote-on\">\n\t\t\t\t\t\t\t\t\t<i class=\"fa fa-thumbs-up\"><\/i>\n\t\t\t\t\t\t\t\t<\/span>\n\t\t\t\t\t\t\t\t<span class=\"upvote-count\">\n\t\t\t\t\t\t\t\t\t\t\t\t\t\t\t\t\t<\/span>\n\t\t\t\t\t\t\t<\/div>\n\t\t\t\t\t\t\t<!-- \/upvote section -->\n\n\t\t\t\t\t\t\t\t\t\t\t\t\n\t\t\t\t\t<\/li>\n\t\t\t\t\t\n\t\t\t\t\t<li id=\"item-1431-16\">\n\t\t\t\t\t\t\t\t\t\t\t\t<!-- List Anchor -->\n\t\t\t\t\t\t<a   href=\"http:\/\/www.spell.org.br\/periodicos\/ver\/131\/sociedade--contabilidade-e-gestao\"\n\t\t\t\t\t\t\ttarget=\"_blank\">\n\n\t\t\t\t\t\t\t<!-- Image, If Present -->\n\t\t\t\t\t\t\t16 - \t\t\t\t\t\t\t\t\t\t\t\t\t\t\n\t\t\t\t\t\t\t\n\t\t\t\t\t\t\t\t<span class=\"list-img\">\n\t\t\t\t\t\t\t\t\t\t\t\t\t\t\t\t\t\t<img src=\"https:\/\/www.uninter.com\/biblioteca\/wp-content\/uploads\/2019\/08\/gestao-150x150.jpg\" alt=\"\">\n\t\t\t\t\t\t\t\t<\/span>\n\t\t\t\t\t\t\t\n\t\t\t\t\t\t\t<!-- Link Text -->\n\t\t\t\t\t\t\tRevista Sociedade, Contabilidade e Gest\u00e3o\t\t\t\t\t\t\t\n\t\t\t\t\t\t\t\t\t\t\t\t\t\t<span style=\"font-size:12px;\"><br>\n\t                                \t\t\t\t\t\t\t<\/span>\t\n\t                        \n\t\t\t\t\t\t<\/a>\n\t\t\t\t\t\t\n\t\t\t\t\t\t\t<!-- upvote section -->\n\t\t\t\t\t\t\t<div class=\"upvote-section\">\n\t\t\t\t\t\t\t\t<span data-post-id=\"1431\" data-item-title=\"Revista Sociedade, Contabilidade e Gest\u00e3o\" data-item-link=\"http:\/\/www.spell.org.br\/periodicos\/ver\/131\/sociedade--contabilidade-e-gestao\" class=\"upvote-btn upvote-on\">\n\t\t\t\t\t\t\t\t\t<i class=\"fa fa-thumbs-up\"><\/i>\n\t\t\t\t\t\t\t\t<\/span>\n\t\t\t\t\t\t\t\t<span class=\"upvote-count\">\n\t\t\t\t\t\t\t\t\t\t\t\t\t\t\t\t\t<\/span>\n\t\t\t\t\t\t\t<\/div>\n\t\t\t\t\t\t\t<!-- \/upvote section -->\n\n\t\t\t\t\t\t\t\t\t\t\t\t\n\t\t\t\t\t<\/li>\n\t\t\t\t\t\n\t\t\t\t\t<li id=\"item-1431-17\">\n\t\t\t\t\t\t\t\t\t\t\t\t<!-- List Anchor -->\n\t\t\t\t\t\t<a   href=\"http:\/\/revistas.ung.br\/index.php\/3setor\"\n\t\t\t\t\t\t\ttarget=\"_blank\">\n\n\t\t\t\t\t\t\t<!-- Image, If Present -->\n\t\t\t\t\t\t\t17 - \t\t\t\t\t\t\t\t\t\t\t\t\t\t\n\t\t\t\t\t\t\t\n\t\t\t\t\t\t\t\t<span class=\"list-img\">\n\t\t\t\t\t\t\t\t\t\t\t\t\t\t\t\t\t\t<img src=\"https:\/\/www.uninter.com\/biblioteca\/wp-content\/uploads\/2019\/08\/terceiro-150x150.jpg\" alt=\"\">\n\t\t\t\t\t\t\t\t<\/span>\n\t\t\t\t\t\t\t\n\t\t\t\t\t\t\t<!-- Link Text -->\n\t\t\t\t\t\t\tRevista Terceiro Setor &amp; Gest\u00e3o\t\t\t\t\t\t\t\n\t\t\t\t\t\t\t\t\t\t\t\t\t\t<span style=\"font-size:12px;\"><br>\n\t                                \t\t\t\t\t\t\t<\/span>\t\n\t                        \n\t\t\t\t\t\t<\/a>\n\t\t\t\t\t\t\n\t\t\t\t\t\t\t<!-- upvote section -->\n\t\t\t\t\t\t\t<div class=\"upvote-section\">\n\t\t\t\t\t\t\t\t<span data-post-id=\"1431\" data-item-title=\"Revista Terceiro Setor &amp; Gest\u00e3o\" data-item-link=\"http:\/\/revistas.ung.br\/index.php\/3setor\" class=\"upvote-btn upvote-on\">\n\t\t\t\t\t\t\t\t\t<i class=\"fa fa-thumbs-up\"><\/i>\n\t\t\t\t\t\t\t\t<\/span>\n\t\t\t\t\t\t\t\t<span class=\"upvote-count\">\n\t\t\t\t\t\t\t\t\t\t\t\t\t\t\t\t\t<\/span>\n\t\t\t\t\t\t\t<\/div>\n\t\t\t\t\t\t\t<!-- \/upvote section -->\n\n\t\t\t\t\t\t\t\t\t\t\t\t\n\t\t\t\t\t<\/li>\n\t\t\t\t\t\n\t\t\t\t\t<li id=\"item-1431-18\">\n\t\t\t\t\t\t\t\t\t\t\t\t<!-- List Anchor -->\n\t\t\t\t\t\t<a   href=\"https:\/\/periodicos.fclar.unesp.br\/temasadm\"\n\t\t\t\t\t\t\ttarget=\"_blank\">\n\n\t\t\t\t\t\t\t<!-- Image, If Present -->\n\t\t\t\t\t\t\t18 - \t\t\t\t\t\t\t\t\t\t\t\t\t\t\n\t\t\t\t\t\t\t\n\t\t\t\t\t\t\t\t<span class=\"list-img\">\n\t\t\t\t\t\t\t\t\t\t\t\t\t\t\t\t\t\t<img src=\"https:\/\/www.uninter.com\/biblioteca\/wp-content\/uploads\/2019\/08\/temap-150x150.jpg\" alt=\"\">\n\t\t\t\t\t\t\t\t<\/span>\n\t\t\t\t\t\t\t\n\t\t\t\t\t\t\t<!-- Link Text -->\n\t\t\t\t\t\t\tTemas de Administra\u00e7\u00e3o P\u00fablica\t\t\t\t\t\t\t\n\t\t\t\t\t\t\t\t\t\t\t\t\t\t<span style=\"font-size:12px;\"><br>\n\t                                \t\t\t\t\t\t\t<\/span>\t\n\t                        \n\t\t\t\t\t\t<\/a>\n\t\t\t\t\t\t\n\t\t\t\t\t\t\t<!-- upvote section -->\n\t\t\t\t\t\t\t<div class=\"upvote-section\">\n\t\t\t\t\t\t\t\t<span data-post-id=\"1431\" data-item-title=\"Temas de Administra\u00e7\u00e3o P\u00fablica\" data-item-link=\"https:\/\/periodicos.fclar.unesp.br\/temasadm\" class=\"upvote-btn upvote-on\">\n\t\t\t\t\t\t\t\t\t<i class=\"fa fa-thumbs-up\"><\/i>\n\t\t\t\t\t\t\t\t<\/span>\n\t\t\t\t\t\t\t\t<span class=\"upvote-count\">\n\t\t\t\t\t\t\t\t\t\t\t\t\t\t\t\t\t<\/span>\n\t\t\t\t\t\t\t<\/div>\n\t\t\t\t\t\t\t<!-- \/upvote section -->\n\n\t\t\t\t\t\t\t\t\t\t\t\t\n\t\t\t\t\t<\/li>\n\t\t\t\t\t\n\t\t\t\t\t<li id=\"item-1431-19\">\n\t\t\t\t\t\t\t\t\t\t\t\t<!-- List Anchor -->\n\t\t\t\t\t\t<a   href=\"https:\/\/raep.emnuvens.com.br\/raep\/issue\/archive\"\n\t\t\t\t\t\t\ttarget=\"_blank\">\n\n\t\t\t\t\t\t\t<!-- Image, If Present -->\n\t\t\t\t\t\t\t19 - \t\t\t\t\t\t\t\t\t\t\t\t\t\t\n\t\t\t\t\t\t\t\n\t\t\t\t\t\t\t\t<span class=\"list-img\">\n\t\t\t\t\t\t\t\t\t\t\t\t\t\t\t\t\t\t<img src=\"https:\/\/www.uninter.com\/biblioteca\/wp-content\/uploads\/2019\/08\/homeHeaderTitleImage_pt_BR-150x124.jpg\" alt=\"\">\n\t\t\t\t\t\t\t\t<\/span>\n\t\t\t\t\t\t\t\n\t\t\t\t\t\t\t<!-- Link Text -->\n\t\t\t\t\t\t\tRAEP - Revista administra\u00e7\u00e3o: Ensino &amp; Pesquisa\t\t\t\t\t\t\t\n\t\t\t\t\t\t\t\t\t\t\t\t\t\t<span style=\"font-size:12px;\"><br>\n\t                                \t\t\t\t\t\t\t<\/span>\t\n\t                        \n\t\t\t\t\t\t<\/a>\n\t\t\t\t\t\t\n\t\t\t\t\t\t\t<!-- upvote section -->\n\t\t\t\t\t\t\t<div class=\"upvote-section\">\n\t\t\t\t\t\t\t\t<span data-post-id=\"1431\" data-item-title=\"RAEP - Revista administra\u00e7\u00e3o: Ensino &amp; Pesquisa\" data-item-link=\"https:\/\/raep.emnuvens.com.br\/raep\/issue\/archive\" class=\"upvote-btn upvote-on\">\n\t\t\t\t\t\t\t\t\t<i class=\"fa fa-thumbs-up\"><\/i>\n\t\t\t\t\t\t\t\t<\/span>\n\t\t\t\t\t\t\t\t<span class=\"upvote-count\">\n\t\t\t\t\t\t\t\t\t\t\t\t\t\t\t\t\t<\/span>\n\t\t\t\t\t\t\t<\/div>\n\t\t\t\t\t\t\t<!-- \/upvote section -->\n\n\t\t\t\t\t\t\t\t\t\t\t\t\n\t\t\t\t\t<\/li>\n\t\t\t\t\t\n\t\t\t\t\t<li id=\"item-1431-20\">\n\t\t\t\t\t\t\t\t\t\t\t\t<!-- List Anchor -->\n\t\t\t\t\t\t<a   href=\"https:\/\/www.revistacgg.org\/contabil\/issue\/archive\"\n\t\t\t\t\t\t\ttarget=\"_blank\">\n\n\t\t\t\t\t\t\t<!-- Image, If Present -->\n\t\t\t\t\t\t\t20 - \t\t\t\t\t\t\t\t\t\t\t\t\t\t\n\t\t\t\t\t\t\t\n\t\t\t\t\t\t\t\t<span class=\"list-img\">\n\t\t\t\t\t\t\t\t\t\t\t\t\t\t\t\t\t\t<img src=\"https:\/\/www.uninter.com\/biblioteca\/wp-content\/uploads\/2019\/08\/homepageImage_en_US-150x150.jpg\" alt=\"\">\n\t\t\t\t\t\t\t\t<\/span>\n\t\t\t\t\t\t\t\n\t\t\t\t\t\t\t<!-- Link Text -->\n\t\t\t\t\t\t\tRevista de Contabilidade, Gest\u00e3o e Governan\u00e7a\t\t\t\t\t\t\t\n\t\t\t\t\t\t\t\t\t\t\t\t\t\t<span style=\"font-size:12px;\"><br>\n\t                                \t\t\t\t\t\t\t<\/span>\t\n\t                        \n\t\t\t\t\t\t<\/a>\n\t\t\t\t\t\t\n\t\t\t\t\t\t\t<!-- upvote section -->\n\t\t\t\t\t\t\t<div class=\"upvote-section\">\n\t\t\t\t\t\t\t\t<span data-post-id=\"1431\" data-item-title=\"Revista de Contabilidade, Gest\u00e3o e Governan\u00e7a\" data-item-link=\"https:\/\/www.revistacgg.org\/contabil\/issue\/archive\" class=\"upvote-btn upvote-on\">\n\t\t\t\t\t\t\t\t\t<i class=\"fa fa-thumbs-up\"><\/i>\n\t\t\t\t\t\t\t\t<\/span>\n\t\t\t\t\t\t\t\t<span class=\"upvote-count\">\n\t\t\t\t\t\t\t\t\t\t\t\t\t\t\t\t\t<\/span>\n\t\t\t\t\t\t\t<\/div>\n\t\t\t\t\t\t\t<!-- \/upvote section -->\n\n\t\t\t\t\t\t\t\t\t\t\t\t\n\t\t\t\t\t<\/li>\n\t\t\t\t\t\n\t\t\t\t\t<li id=\"item-1431-21\">\n\t\t\t\t\t\t\t\t\t\t\t\t<!-- List Anchor -->\n\t\t\t\t\t\t<a   href=\"http:\/\/www.ipea.gov.br\/ppp\/index.php\/PPP\/issue\/archive\"\n\t\t\t\t\t\t\ttarget=\"_blank\">\n\n\t\t\t\t\t\t\t<!-- Image, If Present -->\n\t\t\t\t\t\t\t21 - \t\t\t\t\t\t\t\t\t\t\t\t\t\t\n\t\t\t\t\t\t\t\n\t\t\t\t\t\t\t\t<span class=\"list-img\">\n\t\t\t\t\t\t\t\t\t\t\t\t\t\t\t\t\t\t<img src=\"https:\/\/www.uninter.com\/biblioteca\/wp-content\/uploads\/2019\/08\/cover_issue_53_pt_BR-150x150.jpg\" alt=\"\">\n\t\t\t\t\t\t\t\t<\/span>\n\t\t\t\t\t\t\t\n\t\t\t\t\t\t\t<!-- Link Text -->\n\t\t\t\t\t\t\t IPEA - Planejamento e pol\u00edticas p\u00fablicas - PPP\t\t\t\t\t\t\t\n\t\t\t\t\t\t\t\t\t\t\t\t\t\t<span style=\"font-size:12px;\"><br>\n\t                                \t\t\t\t\t\t\t<\/span>\t\n\t                        \n\t\t\t\t\t\t<\/a>\n\t\t\t\t\t\t\n\t\t\t\t\t\t\t<!-- upvote section -->\n\t\t\t\t\t\t\t<div class=\"upvote-section\">\n\t\t\t\t\t\t\t\t<span data-post-id=\"1431\" data-item-title=\"IPEA - Planejamento e pol\u00edticas p\u00fablicas - PPP\" data-item-link=\"http:\/\/www.ipea.gov.br\/ppp\/index.php\/PPP\/issue\/archive\" class=\"upvote-btn upvote-on\">\n\t\t\t\t\t\t\t\t\t<i class=\"fa fa-thumbs-up\"><\/i>\n\t\t\t\t\t\t\t\t<\/span>\n\t\t\t\t\t\t\t\t<span class=\"upvote-count\">\n\t\t\t\t\t\t\t\t\t\t\t\t\t\t\t\t\t<\/span>\n\t\t\t\t\t\t\t<\/div>\n\t\t\t\t\t\t\t<!-- \/upvote section -->\n\n\t\t\t\t\t\t\t\t\t\t\t\t\n\t\t\t\t\t<\/li>\n\t\t\t\t\t\n\t\t\t\t\t<li id=\"item-1431-22\">\n\t\t\t\t\t\t\t\t\t\t\t\t<!-- List Anchor -->\n\t\t\t\t\t\t<a   href=\"https:\/\/revista.enap.gov.br\/index.php\/RSP\/issue\/archive\"\n\t\t\t\t\t\t\ttarget=\"_blank\">\n\n\t\t\t\t\t\t\t<!-- Image, If Present -->\n\t\t\t\t\t\t\t22 - \t\t\t\t\t\t\t\t\t\t\t\t\t\t\n\t\t\t\t\t\t\t\n\t\t\t\t\t\t\t\t<span class=\"list-img\">\n\t\t\t\t\t\t\t\t\t\t\t\t\t\t\t\t\t\t<img src=\"https:\/\/www.uninter.com\/biblioteca\/wp-content\/uploads\/2019\/08\/Sem-t\u00edtulo-150x150.jpg\" alt=\"\">\n\t\t\t\t\t\t\t\t<\/span>\n\t\t\t\t\t\t\t\n\t\t\t\t\t\t\t<!-- Link Text -->\n\t\t\t\t\t\t\tRevista do Servi\u00e7o P\u00fablico\t\t\t\t\t\t\t\n\t\t\t\t\t\t\t\t\t\t\t\t\t\t<span style=\"font-size:12px;\"><br>\n\t                                \t\t\t\t\t\t\t<\/span>\t\n\t                        \n\t\t\t\t\t\t<\/a>\n\t\t\t\t\t\t\n\t\t\t\t\t\t\t<!-- upvote section -->\n\t\t\t\t\t\t\t<div class=\"upvote-section\">\n\t\t\t\t\t\t\t\t<span data-post-id=\"1431\" data-item-title=\"Revista do Servi\u00e7o P\u00fablico\" data-item-link=\"https:\/\/revista.enap.gov.br\/index.php\/RSP\/issue\/archive\" class=\"upvote-btn upvote-on\">\n\t\t\t\t\t\t\t\t\t<i class=\"fa fa-thumbs-up\"><\/i>\n\t\t\t\t\t\t\t\t<\/span>\n\t\t\t\t\t\t\t\t<span class=\"upvote-count\">\n\t\t\t\t\t\t\t\t\t\t\t\t\t\t\t\t\t<\/span>\n\t\t\t\t\t\t\t<\/div>\n\t\t\t\t\t\t\t<!-- \/upvote section -->\n\n\t\t\t\t\t\t\t\t\t\t\t\t\n\t\t\t\t\t<\/li>\n\t\t\t\t\t\t\t\t\t<\/ul>\n\n\t\t\t<\/div>\n\n\t\t<\/div>\n\t\t<!-- \/Individual List Item -->\n\n\t\t\n\t\t<br \/>\n\r\n<!--  Starting Simple Link Directory Plugin Output -->\n<div class=\"qcopd_embed_container\">\r\n\r\n\r\n\r\n\r\n\r\n\r\n\r\n<\/div>\r\n<div class=\"qcopd-list-wrapper\">\n\t<div id=\"opd-list-holder\" class=\"qcopd-list-holder\">\n\t\t\n\t\t<!-- Individual List Item -->\n\t\t<div id=\"list-item-1-2909\" class=\"qc-grid-item qcopd-list-column opd-column-1 simple opd-list-id-2909\">\n\t\t\t<div class=\"qcopd-single-list\">\n\t\t\t\t\t<h2 onclick=\"if(document.getElementById('2909').style.display=='block'){document.getElementById('2909').style.display='none';}else{document.getElementById('2909').style.display='block';};\">\n\t\t\t\t\tGEST\u00c3O DE TR\u00c2NSITO E MOBILIDADE URBANA\t\t\t\t<\/h2>\n\t\t\t\t<ul  style=display:none; id=2909 >\n\t\t\t\t\t\n\t\t\t\t\t<li id=\"item-2909-1\">\n\t\t\t\t\t\t\t\t\t\t\t\t<!-- List Anchor -->\n\t\t\t\t\t\t<a   href=\"http:\/\/www.antp.org.br\/biblioteca-vitrine\/revista-dos-transportes-publicos.html\"\n\t\t\t\t\t\t\ttarget=\"_blank\">\n\n\t\t\t\t\t\t\t<!-- Image, If Present -->\n\t\t\t\t\t\t\t1 - \t\t\t\t\t\t\t\t\t\t\t\t\t\t\n\t\t\t\t\t\t\t\n\t\t\t\t\t\t\t\t<span class=\"list-img\">\n\t\t\t\t\t\t\t\t\t\t\t\t\t\t\t\t\t\t<img src=\"https:\/\/www.uninter.com\/biblioteca\/wp-content\/uploads\/2020\/08\/rtp154-capa_1-150x150.jpg\" alt=\"\">\n\t\t\t\t\t\t\t\t<\/span>\n\t\t\t\t\t\t\t\n\t\t\t\t\t\t\t<!-- Link Text -->\n\t\t\t\t\t\t\tRevista dos Transportes P\u00fablicos\t\t\t\t\t\t\t\n\t\t\t\t\t\t\t\t\t\t\t\t\t\t<span style=\"font-size:12px;\"><br>\n\t                                \t\t\t\t\t\t\t<\/span>\t\n\t                        \n\t\t\t\t\t\t<\/a>\n\t\t\t\t\t\t\n\t\t\t\t\t\t\t<!-- upvote section -->\n\t\t\t\t\t\t\t<div class=\"upvote-section\">\n\t\t\t\t\t\t\t\t<span data-post-id=\"2909\" data-item-title=\"Revista dos Transportes P\u00fablicos\" data-item-link=\"http:\/\/www.antp.org.br\/biblioteca-vitrine\/revista-dos-transportes-publicos.html\" class=\"upvote-btn upvote-on\">\n\t\t\t\t\t\t\t\t\t<i class=\"fa fa-thumbs-up\"><\/i>\n\t\t\t\t\t\t\t\t<\/span>\n\t\t\t\t\t\t\t\t<span class=\"upvote-count\">\n\t\t\t\t\t\t\t\t\t1\t\t\t\t\t\t\t\t<\/span>\n\t\t\t\t\t\t\t<\/div>\n\t\t\t\t\t\t\t<!-- \/upvote section -->\n\n\t\t\t\t\t\t\t\t\t\t\t\t\n\t\t\t\t\t<\/li>\n\t\t\t\t\t\n\t\t\t\t\t<li id=\"item-2909-2\">\n\t\t\t\t\t\t\t\t\t\t\t\t<!-- List Anchor -->\n\t\t\t\t\t\t<a   href=\"https:\/\/semanaacademica.org.br\/tag\/mobilidade-urbana\"\n\t\t\t\t\t\t\ttarget=\"_blank\">\n\n\t\t\t\t\t\t\t<!-- Image, If Present -->\n\t\t\t\t\t\t\t2 - \t\t\t\t\t\t\t\t\t\t\t\t\t\t\n\t\t\t\t\t\t\t\n\t\t\t\t\t\t\t\t<span class=\"list-img\">\n\t\t\t\t\t\t\t\t\t\t\t\t\t\t\t\t\t\t<img src=\"https:\/\/www.uninter.com\/biblioteca\/wp-content\/uploads\/2020\/08\/3-150x150.png\" alt=\"\">\n\t\t\t\t\t\t\t\t<\/span>\n\t\t\t\t\t\t\t\n\t\t\t\t\t\t\t<!-- Link Text -->\n\t\t\t\t\t\t\tRevista Cient\u00edfica Semana Acad\u00eamica\t\t\t\t\t\t\t\n\t\t\t\t\t\t\t\t\t\t\t\t\t\t<span style=\"font-size:12px;\"><br>\n\t                                \t\t\t\t\t\t\t<\/span>\t\n\t                        \n\t\t\t\t\t\t<\/a>\n\t\t\t\t\t\t\n\t\t\t\t\t\t\t<!-- upvote section -->\n\t\t\t\t\t\t\t<div class=\"upvote-section\">\n\t\t\t\t\t\t\t\t<span data-post-id=\"2909\" data-item-title=\"Revista Cient\u00edfica Semana Acad\u00eamica\" data-item-link=\"https:\/\/semanaacademica.org.br\/tag\/mobilidade-urbana\" class=\"upvote-btn upvote-on\">\n\t\t\t\t\t\t\t\t\t<i class=\"fa fa-thumbs-up\"><\/i>\n\t\t\t\t\t\t\t\t<\/span>\n\t\t\t\t\t\t\t\t<span class=\"upvote-count\">\n\t\t\t\t\t\t\t\t\t1\t\t\t\t\t\t\t\t<\/span>\n\t\t\t\t\t\t\t<\/div>\n\t\t\t\t\t\t\t<!-- \/upvote section -->\n\n\t\t\t\t\t\t\t\t\t\t\t\t\n\t\t\t\t\t<\/li>\n\t\t\t\t\t\n\t\t\t\t\t<li id=\"item-2909-3\">\n\t\t\t\t\t\t\t\t\t\t\t\t<!-- List Anchor -->\n\t\t\t\t\t\t<a   href=\"https:\/\/periodicos.ufpe.br\/revistas\/rbgfe\/article\/view\/234132\"\n\t\t\t\t\t\t\ttarget=\"_blank\">\n\n\t\t\t\t\t\t\t<!-- Image, If Present -->\n\t\t\t\t\t\t\t3 - \t\t\t\t\t\t\t\t\t\t\t\t\t\t\n\t\t\t\t\t\t\t\n\t\t\t\t\t\t\t\t<span class=\"list-img\">\n\t\t\t\t\t\t\t\t\t\t\t\t\t\t\t\t\t\t<img src=\"https:\/\/www.uninter.com\/biblioteca\/wp-content\/uploads\/2020\/08\/5-150x138.jpg\" alt=\"\">\n\t\t\t\t\t\t\t\t<\/span>\n\t\t\t\t\t\t\t\n\t\t\t\t\t\t\t<!-- Link Text -->\n\t\t\t\t\t\t\tRevista Brasileira de Geografia F\u00edsica\t\t\t\t\t\t\t\n\t\t\t\t\t\t\t\t\t\t\t\t\t\t<span style=\"font-size:12px;\"><br>\n\t                                \t\t\t\t\t\t\t<\/span>\t\n\t                        \n\t\t\t\t\t\t<\/a>\n\t\t\t\t\t\t\n\t\t\t\t\t\t\t<!-- upvote section -->\n\t\t\t\t\t\t\t<div class=\"upvote-section\">\n\t\t\t\t\t\t\t\t<span data-post-id=\"2909\" data-item-title=\"Revista Brasileira de Geografia F\u00edsica\" data-item-link=\"https:\/\/periodicos.ufpe.br\/revistas\/rbgfe\/article\/view\/234132\" class=\"upvote-btn upvote-on\">\n\t\t\t\t\t\t\t\t\t<i class=\"fa fa-thumbs-up\"><\/i>\n\t\t\t\t\t\t\t\t<\/span>\n\t\t\t\t\t\t\t\t<span class=\"upvote-count\">\n\t\t\t\t\t\t\t\t\t1\t\t\t\t\t\t\t\t<\/span>\n\t\t\t\t\t\t\t<\/div>\n\t\t\t\t\t\t\t<!-- \/upvote section -->\n\n\t\t\t\t\t\t\t\t\t\t\t\t\n\t\t\t\t\t<\/li>\n\t\t\t\t\t\n\t\t\t\t\t<li id=\"item-2909-4\">\n\t\t\t\t\t\t\t\t\t\t\t\t<!-- List Anchor -->\n\t\t\t\t\t\t<a   href=\"http:\/\/seer.pucgoias.edu.br\/index.php\/estudos\/article\/view\/2922\"\n\t\t\t\t\t\t\ttarget=\"_blank\">\n\n\t\t\t\t\t\t\t<!-- Image, If Present -->\n\t\t\t\t\t\t\t4 - \t\t\t\t\t\t\t\t\t\t\t\t\t\t\n\t\t\t\t\t\t\t\n\t\t\t\t\t\t\t\t<span class=\"list-img\">\n\t\t\t\t\t\t\t\t\t\t\t\t\t\t\t\t\t\t<img src=\"https:\/\/www.uninter.com\/biblioteca\/wp-content\/uploads\/2020\/08\/6-150x135.png\" alt=\"\">\n\t\t\t\t\t\t\t\t<\/span>\n\t\t\t\t\t\t\t\n\t\t\t\t\t\t\t<!-- Link Text -->\n\t\t\t\t\t\t\tRevista EVS - Revista de Ci\u00eancias Ambientais e Sa\u00fade\t\t\t\t\t\t\t\n\t\t\t\t\t\t\t\t\t\t\t\t\t\t<span style=\"font-size:12px;\"><br>\n\t                                \t\t\t\t\t\t\t<\/span>\t\n\t                        \n\t\t\t\t\t\t<\/a>\n\t\t\t\t\t\t\n\t\t\t\t\t\t\t<!-- upvote section -->\n\t\t\t\t\t\t\t<div class=\"upvote-section\">\n\t\t\t\t\t\t\t\t<span data-post-id=\"2909\" data-item-title=\"Revista EVS - Revista de Ci\u00eancias Ambientais e Sa\u00fade\" data-item-link=\"http:\/\/seer.pucgoias.edu.br\/index.php\/estudos\/article\/view\/2922\" class=\"upvote-btn upvote-on\">\n\t\t\t\t\t\t\t\t\t<i class=\"fa fa-thumbs-up\"><\/i>\n\t\t\t\t\t\t\t\t<\/span>\n\t\t\t\t\t\t\t\t<span class=\"upvote-count\">\n\t\t\t\t\t\t\t\t\t1\t\t\t\t\t\t\t\t<\/span>\n\t\t\t\t\t\t\t<\/div>\n\t\t\t\t\t\t\t<!-- \/upvote section -->\n\n\t\t\t\t\t\t\t\t\t\t\t\t\n\t\t\t\t\t<\/li>\n\t\t\t\t\t\n\t\t\t\t\t<li id=\"item-2909-5\">\n\t\t\t\t\t\t\t\t\t\t\t\t<!-- List Anchor -->\n\t\t\t\t\t\t<a   href=\"http:\/\/remhu.csem.org.br\/index.php\/remhu\/issue\/archive\"\n\t\t\t\t\t\t\ttarget=\"_blank\">\n\n\t\t\t\t\t\t\t<!-- Image, If Present -->\n\t\t\t\t\t\t\t5 - \t\t\t\t\t\t\t\t\t\t\t\t\t\t\n\t\t\t\t\t\t\t\n\t\t\t\t\t\t\t\t<span class=\"list-img\">\n\t\t\t\t\t\t\t\t\t\t\t\t\t\t\t\t\t\t<img src=\"https:\/\/www.uninter.com\/biblioteca\/wp-content\/uploads\/2020\/08\/7-150x150.jpg\" alt=\"\">\n\t\t\t\t\t\t\t\t<\/span>\n\t\t\t\t\t\t\t\n\t\t\t\t\t\t\t<!-- Link Text -->\n\t\t\t\t\t\t\tRevista Interdisciplinar da Mobilidade Humana - REMHU\t\t\t\t\t\t\t\n\t\t\t\t\t\t\t\t\t\t\t\t\t\t<span style=\"font-size:12px;\"><br>\n\t                                \t\t\t\t\t\t\t<\/span>\t\n\t                        \n\t\t\t\t\t\t<\/a>\n\t\t\t\t\t\t\n\t\t\t\t\t\t\t<!-- upvote section -->\n\t\t\t\t\t\t\t<div class=\"upvote-section\">\n\t\t\t\t\t\t\t\t<span data-post-id=\"2909\" data-item-title=\"Revista Interdisciplinar da Mobilidade Humana - REMHU\" data-item-link=\"http:\/\/remhu.csem.org.br\/index.php\/remhu\/issue\/archive\" class=\"upvote-btn upvote-on\">\n\t\t\t\t\t\t\t\t\t<i class=\"fa fa-thumbs-up\"><\/i>\n\t\t\t\t\t\t\t\t<\/span>\n\t\t\t\t\t\t\t\t<span class=\"upvote-count\">\n\t\t\t\t\t\t\t\t\t1\t\t\t\t\t\t\t\t<\/span>\n\t\t\t\t\t\t\t<\/div>\n\t\t\t\t\t\t\t<!-- \/upvote section -->\n\n\t\t\t\t\t\t\t\t\t\t\t\t\n\t\t\t\t\t<\/li>\n\t\t\t\t\t\n\t\t\t\t\t<li id=\"item-2909-6\">\n\t\t\t\t\t\t\t\t\t\t\t\t<!-- List Anchor -->\n\t\t\t\t\t\t<a   href=\"https:\/\/infrafm.com.br\/edicoes-da-revista-impressa\"\n\t\t\t\t\t\t\ttarget=\"_blank\">\n\n\t\t\t\t\t\t\t<!-- Image, If Present -->\n\t\t\t\t\t\t\t6 - \t\t\t\t\t\t\t\t\t\t\t\t\t\t\n\t\t\t\t\t\t\t\n\t\t\t\t\t\t\t\t<span class=\"list-img\">\n\t\t\t\t\t\t\t\t\t\t\t\t\t\t\t\t\t\t<img src=\"https:\/\/www.uninter.com\/biblioteca\/wp-content\/uploads\/2020\/08\/8-150x150.jpg\" alt=\"\">\n\t\t\t\t\t\t\t\t<\/span>\n\t\t\t\t\t\t\t\n\t\t\t\t\t\t\t<!-- Link Text -->\n\t\t\t\t\t\t\tRevista Infra\t\t\t\t\t\t\t\n\t\t\t\t\t\t\t\t\t\t\t\t\t\t<span style=\"font-size:12px;\"><br>\n\t                                \t\t\t\t\t\t\t<\/span>\t\n\t                        \n\t\t\t\t\t\t<\/a>\n\t\t\t\t\t\t\n\t\t\t\t\t\t\t<!-- upvote section -->\n\t\t\t\t\t\t\t<div class=\"upvote-section\">\n\t\t\t\t\t\t\t\t<span data-post-id=\"2909\" data-item-title=\"Revista Infra\" data-item-link=\"https:\/\/infrafm.com.br\/edicoes-da-revista-impressa\" class=\"upvote-btn upvote-on\">\n\t\t\t\t\t\t\t\t\t<i class=\"fa fa-thumbs-up\"><\/i>\n\t\t\t\t\t\t\t\t<\/span>\n\t\t\t\t\t\t\t\t<span class=\"upvote-count\">\n\t\t\t\t\t\t\t\t\t1\t\t\t\t\t\t\t\t<\/span>\n\t\t\t\t\t\t\t<\/div>\n\t\t\t\t\t\t\t<!-- \/upvote section -->\n\n\t\t\t\t\t\t\t\t\t\t\t\t\n\t\t\t\t\t<\/li>\n\t\t\t\t\t\n\t\t\t\t\t<li id=\"item-2909-7\">\n\t\t\t\t\t\t\t\t\t\t\t\t<!-- List Anchor -->\n\t\t\t\t\t\t<a   href=\"https:\/\/revistas.unifacs.br\/index.php\/rde\/article\/view\/6300\"\n\t\t\t\t\t\t\ttarget=\"_blank\">\n\n\t\t\t\t\t\t\t<!-- Image, If Present -->\n\t\t\t\t\t\t\t7 - \t\t\t\t\t\t\t\t\t\t\t\t\t\t\n\t\t\t\t\t\t\t\n\t\t\t\t\t\t\t\t<span class=\"list-img\">\n\t\t\t\t\t\t\t\t\t\t\t\t\t\t\t\t\t\t<img src=\"https:\/\/www.uninter.com\/biblioteca\/wp-content\/uploads\/2020\/08\/9-150x130.png\" alt=\"\">\n\t\t\t\t\t\t\t\t<\/span>\n\t\t\t\t\t\t\t\n\t\t\t\t\t\t\t<!-- Link Text -->\n\t\t\t\t\t\t\tRDE - Revista de Desenvolvimento Econ\u00f4mico\t\t\t\t\t\t\t\n\t\t\t\t\t\t\t\t\t\t\t\t\t\t<span style=\"font-size:12px;\"><br>\n\t                                \t\t\t\t\t\t\t<\/span>\t\n\t                        \n\t\t\t\t\t\t<\/a>\n\t\t\t\t\t\t\n\t\t\t\t\t\t\t<!-- upvote section -->\n\t\t\t\t\t\t\t<div class=\"upvote-section\">\n\t\t\t\t\t\t\t\t<span data-post-id=\"2909\" data-item-title=\"RDE - Revista de Desenvolvimento Econ\u00f4mico\" data-item-link=\"https:\/\/revistas.unifacs.br\/index.php\/rde\/article\/view\/6300\" class=\"upvote-btn upvote-on\">\n\t\t\t\t\t\t\t\t\t<i class=\"fa fa-thumbs-up\"><\/i>\n\t\t\t\t\t\t\t\t<\/span>\n\t\t\t\t\t\t\t\t<span class=\"upvote-count\">\n\t\t\t\t\t\t\t\t\t1\t\t\t\t\t\t\t\t<\/span>\n\t\t\t\t\t\t\t<\/div>\n\t\t\t\t\t\t\t<!-- \/upvote section -->\n\n\t\t\t\t\t\t\t\t\t\t\t\t\n\t\t\t\t\t<\/li>\n\t\t\t\t\t\n\t\t\t\t\t<li id=\"item-2909-8\">\n\t\t\t\t\t\t\t\t\t\t\t\t<!-- List Anchor -->\n\t\t\t\t\t\t<a   href=\"https:\/\/periodicos.fclar.unesp.br\/redd\"\n\t\t\t\t\t\t\ttarget=\"_blank\">\n\n\t\t\t\t\t\t\t<!-- Image, If Present -->\n\t\t\t\t\t\t\t8 - \t\t\t\t\t\t\t\t\t\t\t\t\t\t\n\t\t\t\t\t\t\t\n\t\t\t\t\t\t\t\t<span class=\"list-img\">\n\t\t\t\t\t\t\t\t\t\t\t\t\t\t\t\t\t\t<img src=\"https:\/\/www.uninter.com\/biblioteca\/wp-content\/uploads\/2020\/08\/11-150x150.png\" alt=\"\">\n\t\t\t\t\t\t\t\t<\/span>\n\t\t\t\t\t\t\t\n\t\t\t\t\t\t\t<!-- Link Text -->\n\t\t\t\t\t\t\tREDD \u2013 REVISTA ESPA\u00c7O DE DI\u00c1LOGO E DESCONEX\u00c3O\t\t\t\t\t\t\t\n\t\t\t\t\t\t\t\t\t\t\t\t\t\t<span style=\"font-size:12px;\"><br>\n\t                                \t\t\t\t\t\t\t<\/span>\t\n\t                        \n\t\t\t\t\t\t<\/a>\n\t\t\t\t\t\t\n\t\t\t\t\t\t\t<!-- upvote section -->\n\t\t\t\t\t\t\t<div class=\"upvote-section\">\n\t\t\t\t\t\t\t\t<span data-post-id=\"2909\" data-item-title=\"REDD \u2013 REVISTA ESPA\u00c7O DE DI\u00c1LOGO E DESCONEX\u00c3O\" data-item-link=\"https:\/\/periodicos.fclar.unesp.br\/redd\" class=\"upvote-btn upvote-on\">\n\t\t\t\t\t\t\t\t\t<i class=\"fa fa-thumbs-up\"><\/i>\n\t\t\t\t\t\t\t\t<\/span>\n\t\t\t\t\t\t\t\t<span class=\"upvote-count\">\n\t\t\t\t\t\t\t\t\t1\t\t\t\t\t\t\t\t<\/span>\n\t\t\t\t\t\t\t<\/div>\n\t\t\t\t\t\t\t<!-- \/upvote section -->\n\n\t\t\t\t\t\t\t\t\t\t\t\t\n\t\t\t\t\t<\/li>\n\t\t\t\t\t\n\t\t\t\t\t<li id=\"item-2909-9\">\n\t\t\t\t\t\t\t\t\t\t\t\t<!-- List Anchor -->\n\t\t\t\t\t\t<a   href=\"https:\/\/www.labeurb.unicamp.br\/rua\/web\/index.php?r=paginasartigo\/viewpagina&#038;numeroPagina=1&#038;artigo_id=54\"\n\t\t\t\t\t\t\ttarget=\"_blank\">\n\n\t\t\t\t\t\t\t<!-- Image, If Present -->\n\t\t\t\t\t\t\t9 - \t\t\t\t\t\t\t\t\t\t\t\t\t\t\n\t\t\t\t\t\t\t\n\t\t\t\t\t\t\t\t<span class=\"list-img\">\n\t\t\t\t\t\t\t\t\t\t\t\t\t\t\t\t\t\t<img src=\"https:\/\/www.uninter.com\/biblioteca\/wp-content\/uploads\/2020\/08\/13-150x116.jpg\" alt=\"\">\n\t\t\t\t\t\t\t\t<\/span>\n\t\t\t\t\t\t\t\n\t\t\t\t\t\t\t<!-- Link Text -->\n\t\t\t\t\t\t\tRevista Rua\t\t\t\t\t\t\t\n\t\t\t\t\t\t\t\t\t\t\t\t\t\t<span style=\"font-size:12px;\"><br>\n\t                                \t\t\t\t\t\t\t<\/span>\t\n\t                        \n\t\t\t\t\t\t<\/a>\n\t\t\t\t\t\t\n\t\t\t\t\t\t\t<!-- upvote section -->\n\t\t\t\t\t\t\t<div class=\"upvote-section\">\n\t\t\t\t\t\t\t\t<span data-post-id=\"2909\" data-item-title=\"Revista Rua\" data-item-link=\"https:\/\/www.labeurb.unicamp.br\/rua\/web\/index.php?r=paginasartigo\/viewpagina&#038;numeroPagina=1&#038;artigo_id=54\" class=\"upvote-btn upvote-on\">\n\t\t\t\t\t\t\t\t\t<i class=\"fa fa-thumbs-up\"><\/i>\n\t\t\t\t\t\t\t\t<\/span>\n\t\t\t\t\t\t\t\t<span class=\"upvote-count\">\n\t\t\t\t\t\t\t\t\t1\t\t\t\t\t\t\t\t<\/span>\n\t\t\t\t\t\t\t<\/div>\n\t\t\t\t\t\t\t<!-- \/upvote section -->\n\n\t\t\t\t\t\t\t\t\t\t\t\t\n\t\t\t\t\t<\/li>\n\t\t\t\t\t\n\t\t\t\t\t<li id=\"item-2909-10\">\n\t\t\t\t\t\t\t\t\t\t\t\t<!-- List Anchor -->\n\t\t\t\t\t\t<a   href=\"https:\/\/periodicos.pucpr.br\/index.php\/Urbe\"\n\t\t\t\t\t\t\ttarget=\"_blank\">\n\n\t\t\t\t\t\t\t<!-- Image, If Present -->\n\t\t\t\t\t\t\t10 - \t\t\t\t\t\t\t\t\t\t\t\t\t\t\n\t\t\t\t\t\t\t\n\t\t\t\t\t\t\t\t<span class=\"list-img\">\n\t\t\t\t\t\t\t\t\t\t\t\t\t\t\t\t\t\t<img src=\"https:\/\/www.uninter.com\/biblioteca\/wp-content\/uploads\/2020\/08\/15-150x150.jpg\" alt=\"\">\n\t\t\t\t\t\t\t\t<\/span>\n\t\t\t\t\t\t\t\n\t\t\t\t\t\t\t<!-- Link Text -->\n\t\t\t\t\t\t\tRevista Brasileira de Gest\u00e3o Urbana\t\t\t\t\t\t\t\n\t\t\t\t\t\t\t\t\t\t\t\t\t\t<span style=\"font-size:12px;\"><br>\n\t                                \t\t\t\t\t\t\t<\/span>\t\n\t                        \n\t\t\t\t\t\t<\/a>\n\t\t\t\t\t\t\n\t\t\t\t\t\t\t<!-- upvote section -->\n\t\t\t\t\t\t\t<div class=\"upvote-section\">\n\t\t\t\t\t\t\t\t<span data-post-id=\"2909\" data-item-title=\"Revista Brasileira de Gest\u00e3o Urbana\" data-item-link=\"https:\/\/periodicos.pucpr.br\/index.php\/Urbe\" class=\"upvote-btn upvote-on\">\n\t\t\t\t\t\t\t\t\t<i class=\"fa fa-thumbs-up\"><\/i>\n\t\t\t\t\t\t\t\t<\/span>\n\t\t\t\t\t\t\t\t<span class=\"upvote-count\">\n\t\t\t\t\t\t\t\t\t1\t\t\t\t\t\t\t\t<\/span>\n\t\t\t\t\t\t\t<\/div>\n\t\t\t\t\t\t\t<!-- \/upvote section -->\n\n\t\t\t\t\t\t\t\t\t\t\t\t\n\t\t\t\t\t<\/li>\n\t\t\t\t\t\n\t\t\t\t\t<li id=\"item-2909-11\">\n\t\t\t\t\t\t\t\t\t\t\t\t<!-- List Anchor -->\n\t\t\t\t\t\t<a   href=\"https:\/\/periodicos.unicesumar.edu.br\/index.php\/revcesumar\/article\/view\/3051\/0\"\n\t\t\t\t\t\t\ttarget=\"_blank\">\n\n\t\t\t\t\t\t\t<!-- Image, If Present -->\n\t\t\t\t\t\t\t11 - \t\t\t\t\t\t\t\t\t\t\t\t\t\t\n\t\t\t\t\t\t\t\n\t\t\t\t\t\t\t\t<span class=\"list-img\">\n\t\t\t\t\t\t\t\t\t\t\t\t\t\t\t\t\t\t<img src=\"https:\/\/www.uninter.com\/biblioteca\/wp-content\/uploads\/2020\/08\/16-150x150.png\" alt=\"\">\n\t\t\t\t\t\t\t\t<\/span>\n\t\t\t\t\t\t\t\n\t\t\t\t\t\t\t<!-- Link Text -->\n\t\t\t\t\t\t\tRevista Cesumar - Ci\u00eancias Humanas e Sociais Aplicadas\t\t\t\t\t\t\t\n\t\t\t\t\t\t\t\t\t\t\t\t\t\t<span style=\"font-size:12px;\"><br>\n\t                                \t\t\t\t\t\t\t<\/span>\t\n\t                        \n\t\t\t\t\t\t<\/a>\n\t\t\t\t\t\t\n\t\t\t\t\t\t\t<!-- upvote section -->\n\t\t\t\t\t\t\t<div class=\"upvote-section\">\n\t\t\t\t\t\t\t\t<span data-post-id=\"2909\" data-item-title=\"Revista Cesumar - Ci\u00eancias Humanas e Sociais Aplicadas\" data-item-link=\"https:\/\/periodicos.unicesumar.edu.br\/index.php\/revcesumar\/article\/view\/3051\/0\" class=\"upvote-btn upvote-on\">\n\t\t\t\t\t\t\t\t\t<i class=\"fa fa-thumbs-up\"><\/i>\n\t\t\t\t\t\t\t\t<\/span>\n\t\t\t\t\t\t\t\t<span class=\"upvote-count\">\n\t\t\t\t\t\t\t\t\t1\t\t\t\t\t\t\t\t<\/span>\n\t\t\t\t\t\t\t<\/div>\n\t\t\t\t\t\t\t<!-- \/upvote section -->\n\n\t\t\t\t\t\t\t\t\t\t\t\t\n\t\t\t\t\t<\/li>\n\t\t\t\t\t\n\t\t\t\t\t<li id=\"item-2909-12\">\n\t\t\t\t\t\t\t\t\t\t\t\t<!-- List Anchor -->\n\t\t\t\t\t\t<a   href=\"https:\/\/periodicos.utfpr.edu.br\/recc\/article\/view\/6647\"\n\t\t\t\t\t\t\ttarget=\"_blank\">\n\n\t\t\t\t\t\t\t<!-- Image, If Present -->\n\t\t\t\t\t\t\t12 - \t\t\t\t\t\t\t\t\t\t\t\t\t\t\n\t\t\t\t\t\t\t\n\t\t\t\t\t\t\t\t<span class=\"list-img\">\n\t\t\t\t\t\t\t\t\t\t\t\t\t\t\t\t\t\t<img src=\"https:\/\/www.uninter.com\/biblioteca\/wp-content\/uploads\/2020\/08\/17-150x150.jpg\" alt=\"\">\n\t\t\t\t\t\t\t\t<\/span>\n\t\t\t\t\t\t\t\n\t\t\t\t\t\t\t<!-- Link Text -->\n\t\t\t\t\t\t\tREVISTA ENGENHARIA E CONSTRU\u00c7\u00c3O CIVIL\t\t\t\t\t\t\t\n\t\t\t\t\t\t\t\t\t\t\t\t\t\t<span style=\"font-size:12px;\"><br>\n\t                                \t\t\t\t\t\t\t<\/span>\t\n\t                        \n\t\t\t\t\t\t<\/a>\n\t\t\t\t\t\t\n\t\t\t\t\t\t\t<!-- upvote section -->\n\t\t\t\t\t\t\t<div class=\"upvote-section\">\n\t\t\t\t\t\t\t\t<span data-post-id=\"2909\" data-item-title=\"REVISTA ENGENHARIA E CONSTRU\u00c7\u00c3O CIVIL\" data-item-link=\"https:\/\/periodicos.utfpr.edu.br\/recc\/article\/view\/6647\" class=\"upvote-btn upvote-on\">\n\t\t\t\t\t\t\t\t\t<i class=\"fa fa-thumbs-up\"><\/i>\n\t\t\t\t\t\t\t\t<\/span>\n\t\t\t\t\t\t\t\t<span class=\"upvote-count\">\n\t\t\t\t\t\t\t\t\t1\t\t\t\t\t\t\t\t<\/span>\n\t\t\t\t\t\t\t<\/div>\n\t\t\t\t\t\t\t<!-- \/upvote section -->\n\n\t\t\t\t\t\t\t\t\t\t\t\t\n\t\t\t\t\t<\/li>\n\t\t\t\t\t\n\t\t\t\t\t<li id=\"item-2909-13\">\n\t\t\t\t\t\t\t\t\t\t\t\t<!-- List Anchor -->\n\t\t\t\t\t\t<a   href=\"https:\/\/scielo.conicyt.cl\/scielo.php?script=sci_arttext&#038;pid=S0250-71612017000100005\"\n\t\t\t\t\t\t\ttarget=\"_blank\">\n\n\t\t\t\t\t\t\t<!-- Image, If Present -->\n\t\t\t\t\t\t\t13 - \t\t\t\t\t\t\t\t\t\t\t\t\t\t\n\t\t\t\t\t\t\t\n\t\t\t\t\t\t\t\t<span class=\"list-img\">\n\t\t\t\t\t\t\t\t\t\t\t\t\t\t\t\t\t\t<img src=\"https:\/\/www.uninter.com\/biblioteca\/wp-content\/uploads\/2020\/08\/19-150x150.jpg\" alt=\"\">\n\t\t\t\t\t\t\t\t<\/span>\n\t\t\t\t\t\t\t\n\t\t\t\t\t\t\t<!-- Link Text -->\n\t\t\t\t\t\t\tEURE - Revista Latinoamericana de Estudios Urbano Regionales\t\t\t\t\t\t\t\n\t\t\t\t\t\t\t\t\t\t\t\t\t\t<span style=\"font-size:12px;\"><br>\n\t                                \t\t\t\t\t\t\t<\/span>\t\n\t                        \n\t\t\t\t\t\t<\/a>\n\t\t\t\t\t\t\n\t\t\t\t\t\t\t<!-- upvote section -->\n\t\t\t\t\t\t\t<div class=\"upvote-section\">\n\t\t\t\t\t\t\t\t<span data-post-id=\"2909\" data-item-title=\"EURE - Revista Latinoamericana de Estudios Urbano Regionales\" data-item-link=\"https:\/\/scielo.conicyt.cl\/scielo.php?script=sci_arttext&#038;pid=S0250-71612017000100005\" class=\"upvote-btn upvote-on\">\n\t\t\t\t\t\t\t\t\t<i class=\"fa fa-thumbs-up\"><\/i>\n\t\t\t\t\t\t\t\t<\/span>\n\t\t\t\t\t\t\t\t<span class=\"upvote-count\">\n\t\t\t\t\t\t\t\t\t1\t\t\t\t\t\t\t\t<\/span>\n\t\t\t\t\t\t\t<\/div>\n\t\t\t\t\t\t\t<!-- \/upvote section -->\n\n\t\t\t\t\t\t\t\t\t\t\t\t\n\t\t\t\t\t<\/li>\n\t\t\t\t\t\n\t\t\t\t\t<li id=\"item-2909-14\">\n\t\t\t\t\t\t\t\t\t\t\t\t<!-- List Anchor -->\n\t\t\t\t\t\t<a   href=\"https:\/\/periodicos.ufsm.br\/experiencia\"\n\t\t\t\t\t\t\ttarget=\"_blank\">\n\n\t\t\t\t\t\t\t<!-- Image, If Present -->\n\t\t\t\t\t\t\t14 - \t\t\t\t\t\t\t\t\t\t\t\t\t\t\n\t\t\t\t\t\t\t\n\t\t\t\t\t\t\t\t<span class=\"list-img\">\n\t\t\t\t\t\t\t\t\t\t\t\t\t\t\t\t\t\t<img src=\"https:\/\/www.uninter.com\/biblioteca\/wp-content\/uploads\/2020\/08\/20-150x150.png\" alt=\"\">\n\t\t\t\t\t\t\t\t<\/span>\n\t\t\t\t\t\t\t\n\t\t\t\t\t\t\t<!-- Link Text -->\n\t\t\t\t\t\t\tExperi\u00eancia. Revista Cient\u00edfica de Extens\u00e3o\t\t\t\t\t\t\t\n\t\t\t\t\t\t\t\t\t\t\t\t\t\t<span style=\"font-size:12px;\"><br>\n\t                                \t\t\t\t\t\t\t<\/span>\t\n\t                        \n\t\t\t\t\t\t<\/a>\n\t\t\t\t\t\t\n\t\t\t\t\t\t\t<!-- upvote section -->\n\t\t\t\t\t\t\t<div class=\"upvote-section\">\n\t\t\t\t\t\t\t\t<span data-post-id=\"2909\" data-item-title=\"Experi\u00eancia. Revista Cient\u00edfica de Extens\u00e3o\" data-item-link=\"https:\/\/periodicos.ufsm.br\/experiencia\" class=\"upvote-btn upvote-on\">\n\t\t\t\t\t\t\t\t\t<i class=\"fa fa-thumbs-up\"><\/i>\n\t\t\t\t\t\t\t\t<\/span>\n\t\t\t\t\t\t\t\t<span class=\"upvote-count\">\n\t\t\t\t\t\t\t\t\t1\t\t\t\t\t\t\t\t<\/span>\n\t\t\t\t\t\t\t<\/div>\n\t\t\t\t\t\t\t<!-- \/upvote section -->\n\n\t\t\t\t\t\t\t\t\t\t\t\t\n\t\t\t\t\t<\/li>\n\t\t\t\t\t\n\t\t\t\t\t<li id=\"item-2909-15\">\n\t\t\t\t\t\t\t\t\t\t\t\t<!-- List Anchor -->\n\t\t\t\t\t\t<a   href=\"https:\/\/www.revistatransportes.org.br\/anpet\"\n\t\t\t\t\t\t\ttarget=\"_blank\">\n\n\t\t\t\t\t\t\t<!-- Image, If Present -->\n\t\t\t\t\t\t\t15 - \t\t\t\t\t\t\t\t\t\t\t\t\t\t\n\t\t\t\t\t\t\t\n\t\t\t\t\t\t\t\t<span class=\"list-img\">\n\t\t\t\t\t\t\t\t\t\t\t\t\t\t\t\t\t\t<img src=\"https:\/\/www.uninter.com\/biblioteca\/wp-content\/uploads\/2020\/08\/21-150x150.jpg\" alt=\"\">\n\t\t\t\t\t\t\t\t<\/span>\n\t\t\t\t\t\t\t\n\t\t\t\t\t\t\t<!-- Link Text -->\n\t\t\t\t\t\t\tRevista Transportes\t\t\t\t\t\t\t\n\t\t\t\t\t\t\t\t\t\t\t\t\t\t<span style=\"font-size:12px;\"><br>\n\t                                \t\t\t\t\t\t\t<\/span>\t\n\t                        \n\t\t\t\t\t\t<\/a>\n\t\t\t\t\t\t\n\t\t\t\t\t\t\t<!-- upvote section -->\n\t\t\t\t\t\t\t<div class=\"upvote-section\">\n\t\t\t\t\t\t\t\t<span data-post-id=\"2909\" data-item-title=\"Revista Transportes\" data-item-link=\"https:\/\/www.revistatransportes.org.br\/anpet\" class=\"upvote-btn upvote-on\">\n\t\t\t\t\t\t\t\t\t<i class=\"fa fa-thumbs-up\"><\/i>\n\t\t\t\t\t\t\t\t<\/span>\n\t\t\t\t\t\t\t\t<span class=\"upvote-count\">\n\t\t\t\t\t\t\t\t\t1\t\t\t\t\t\t\t\t<\/span>\n\t\t\t\t\t\t\t<\/div>\n\t\t\t\t\t\t\t<!-- \/upvote section -->\n\n\t\t\t\t\t\t\t\t\t\t\t\t\n\t\t\t\t\t<\/li>\n\t\t\t\t\t\n\t\t\t\t\t<li id=\"item-2909-16\">\n\t\t\t\t\t\t\t\t\t\t\t\t<!-- List Anchor -->\n\t\t\t\t\t\t<a   href=\"http:\/\/seer.uftm.edu.br\/revistaeletronica\/index.php\/revistatriangulo\/index\"\n\t\t\t\t\t\t\ttarget=\"_blank\">\n\n\t\t\t\t\t\t\t<!-- Image, If Present -->\n\t\t\t\t\t\t\t16 - \t\t\t\t\t\t\t\t\t\t\t\t\t\t\n\t\t\t\t\t\t\t\n\t\t\t\t\t\t\t\t<span class=\"list-img\">\n\t\t\t\t\t\t\t\t\t\t\t\t\t\t\t\t\t\t<img src=\"https:\/\/www.uninter.com\/biblioteca\/wp-content\/uploads\/2020\/08\/22-150x150.png\" alt=\"\">\n\t\t\t\t\t\t\t\t<\/span>\n\t\t\t\t\t\t\t\n\t\t\t\t\t\t\t<!-- Link Text -->\n\t\t\t\t\t\t\tREVISTA TRI\u00c2NGULO\t\t\t\t\t\t\t\n\t\t\t\t\t\t\t\t\t\t\t\t\t\t<span style=\"font-size:12px;\"><br>\n\t                                \t\t\t\t\t\t\t<\/span>\t\n\t                        \n\t\t\t\t\t\t<\/a>\n\t\t\t\t\t\t\n\t\t\t\t\t\t\t<!-- upvote section -->\n\t\t\t\t\t\t\t<div class=\"upvote-section\">\n\t\t\t\t\t\t\t\t<span data-post-id=\"2909\" data-item-title=\"REVISTA TRI\u00c2NGULO\" data-item-link=\"http:\/\/seer.uftm.edu.br\/revistaeletronica\/index.php\/revistatriangulo\/index\" class=\"upvote-btn upvote-on\">\n\t\t\t\t\t\t\t\t\t<i class=\"fa fa-thumbs-up\"><\/i>\n\t\t\t\t\t\t\t\t<\/span>\n\t\t\t\t\t\t\t\t<span class=\"upvote-count\">\n\t\t\t\t\t\t\t\t\t1\t\t\t\t\t\t\t\t<\/span>\n\t\t\t\t\t\t\t<\/div>\n\t\t\t\t\t\t\t<!-- \/upvote section -->\n\n\t\t\t\t\t\t\t\t\t\t\t\t\n\t\t\t\t\t<\/li>\n\t\t\t\t\t\n\t\t\t\t\t<li id=\"item-2909-17\">\n\t\t\t\t\t\t\t\t\t\t\t\t<!-- List Anchor -->\n\t\t\t\t\t\t<a   href=\"https:\/\/periodicos.unir.br\/index.php\/EDUCA\"\n\t\t\t\t\t\t\ttarget=\"_blank\">\n\n\t\t\t\t\t\t\t<!-- Image, If Present -->\n\t\t\t\t\t\t\t17 - \t\t\t\t\t\t\t\t\t\t\t\t\t\t\n\t\t\t\t\t\t\t\n\t\t\t\t\t\t\t\t<span class=\"list-img\">\n\t\t\t\t\t\t\t\t\t\t\t\t\t\t\t\t\t\t<img src=\"https:\/\/www.uninter.com\/biblioteca\/wp-content\/uploads\/2020\/08\/23-150x150.png\" alt=\"\">\n\t\t\t\t\t\t\t\t<\/span>\n\t\t\t\t\t\t\t\n\t\t\t\t\t\t\t<!-- Link Text -->\n\t\t\t\t\t\t\tEDUCA - REVISTA MULTIDISCIPLINAR EM EDUCA\u00c7\u00c3O\t\t\t\t\t\t\t\n\t\t\t\t\t\t\t\t\t\t\t\t\t\t<span style=\"font-size:12px;\"><br>\n\t                                \t\t\t\t\t\t\t<\/span>\t\n\t                        \n\t\t\t\t\t\t<\/a>\n\t\t\t\t\t\t\n\t\t\t\t\t\t\t<!-- upvote section -->\n\t\t\t\t\t\t\t<div class=\"upvote-section\">\n\t\t\t\t\t\t\t\t<span data-post-id=\"2909\" data-item-title=\"EDUCA - REVISTA MULTIDISCIPLINAR EM EDUCA\u00c7\u00c3O\" data-item-link=\"https:\/\/periodicos.unir.br\/index.php\/EDUCA\" class=\"upvote-btn upvote-on\">\n\t\t\t\t\t\t\t\t\t<i class=\"fa fa-thumbs-up\"><\/i>\n\t\t\t\t\t\t\t\t<\/span>\n\t\t\t\t\t\t\t\t<span class=\"upvote-count\">\n\t\t\t\t\t\t\t\t\t1\t\t\t\t\t\t\t\t<\/span>\n\t\t\t\t\t\t\t<\/div>\n\t\t\t\t\t\t\t<!-- \/upvote section -->\n\n\t\t\t\t\t\t\t\t\t\t\t\t\n\t\t\t\t\t<\/li>\n\t\t\t\t\t\n\t\t\t\t\t<li id=\"item-2909-18\">\n\t\t\t\t\t\t\t\t\t\t\t\t<!-- List Anchor -->\n\t\t\t\t\t\t<a   href=\"http:\/\/www.faema.edu.br\/revistas\/index.php\/Revista-FAEMA\/issue\/view\/47\"\n\t\t\t\t\t\t\ttarget=\"_blank\">\n\n\t\t\t\t\t\t\t<!-- Image, If Present -->\n\t\t\t\t\t\t\t18 - \t\t\t\t\t\t\t\t\t\t\t\t\t\t\n\t\t\t\t\t\t\t\n\t\t\t\t\t\t\t\t<span class=\"list-img\">\n\t\t\t\t\t\t\t\t\t\t\t\t\t\t\t\t\t\t<img src=\"https:\/\/www.uninter.com\/biblioteca\/wp-content\/uploads\/2020\/08\/25-150x150.jpg\" alt=\"\">\n\t\t\t\t\t\t\t\t<\/span>\n\t\t\t\t\t\t\t\n\t\t\t\t\t\t\t<!-- Link Text -->\n\t\t\t\t\t\t\tRevista Cient\u00edfica Faema\t\t\t\t\t\t\t\n\t\t\t\t\t\t\t\t\t\t\t\t\t\t<span style=\"font-size:12px;\"><br>\n\t                                \t\t\t\t\t\t\t<\/span>\t\n\t                        \n\t\t\t\t\t\t<\/a>\n\t\t\t\t\t\t\n\t\t\t\t\t\t\t<!-- upvote section -->\n\t\t\t\t\t\t\t<div class=\"upvote-section\">\n\t\t\t\t\t\t\t\t<span data-post-id=\"2909\" data-item-title=\"Revista Cient\u00edfica Faema\" data-item-link=\"http:\/\/www.faema.edu.br\/revistas\/index.php\/Revista-FAEMA\/issue\/view\/47\" class=\"upvote-btn upvote-on\">\n\t\t\t\t\t\t\t\t\t<i class=\"fa fa-thumbs-up\"><\/i>\n\t\t\t\t\t\t\t\t<\/span>\n\t\t\t\t\t\t\t\t<span class=\"upvote-count\">\n\t\t\t\t\t\t\t\t\t1\t\t\t\t\t\t\t\t<\/span>\n\t\t\t\t\t\t\t<\/div>\n\t\t\t\t\t\t\t<!-- \/upvote section -->\n\n\t\t\t\t\t\t\t\t\t\t\t\t\n\t\t\t\t\t<\/li>\n\t\t\t\t\t\n\t\t\t\t\t<li id=\"item-2909-19\">\n\t\t\t\t\t\t\t\t\t\t\t\t<!-- List Anchor -->\n\t\t\t\t\t\t<a   href=\"http:\/\/www.univates.br\/revistas\/index.php\/destaques\/index\"\n\t\t\t\t\t\t\ttarget=\"_blank\">\n\n\t\t\t\t\t\t\t<!-- Image, If Present -->\n\t\t\t\t\t\t\t19 - \t\t\t\t\t\t\t\t\t\t\t\t\t\t\n\t\t\t\t\t\t\t\n\t\t\t\t\t\t\t\t<span class=\"list-img\">\n\t\t\t\t\t\t\t\t\t\t\t\t\t\t\t\t\t\t<img src=\"https:\/\/www.uninter.com\/biblioteca\/wp-content\/uploads\/2020\/08\/26-150x73.png\" alt=\"\">\n\t\t\t\t\t\t\t\t<\/span>\n\t\t\t\t\t\t\t\n\t\t\t\t\t\t\t<!-- Link Text -->\n\t\t\t\t\t\t\tRevista Destaques Acad\u00eamicos\t\t\t\t\t\t\t\n\t\t\t\t\t\t\t\t\t\t\t\t\t\t<span style=\"font-size:12px;\"><br>\n\t                                \t\t\t\t\t\t\t<\/span>\t\n\t                        \n\t\t\t\t\t\t<\/a>\n\t\t\t\t\t\t\n\t\t\t\t\t\t\t<!-- upvote section -->\n\t\t\t\t\t\t\t<div class=\"upvote-section\">\n\t\t\t\t\t\t\t\t<span data-post-id=\"2909\" data-item-title=\"Revista Destaques Acad\u00eamicos\" data-item-link=\"http:\/\/www.univates.br\/revistas\/index.php\/destaques\/index\" class=\"upvote-btn upvote-on\">\n\t\t\t\t\t\t\t\t\t<i class=\"fa fa-thumbs-up\"><\/i>\n\t\t\t\t\t\t\t\t<\/span>\n\t\t\t\t\t\t\t\t<span class=\"upvote-count\">\n\t\t\t\t\t\t\t\t\t1\t\t\t\t\t\t\t\t<\/span>\n\t\t\t\t\t\t\t<\/div>\n\t\t\t\t\t\t\t<!-- \/upvote section -->\n\n\t\t\t\t\t\t\t\t\t\t\t\t\n\t\t\t\t\t<\/li>\n\t\t\t\t\t\n\t\t\t\t\t<li id=\"item-2909-20\">\n\t\t\t\t\t\t\t\t\t\t\t\t<!-- List Anchor -->\n\t\t\t\t\t\t<a   href=\"https:\/\/periodicos.ufpb.br\/ojs2\/index.php\/tematica\/about\"\n\t\t\t\t\t\t\ttarget=\"_blank\">\n\n\t\t\t\t\t\t\t<!-- Image, If Present -->\n\t\t\t\t\t\t\t20 - \t\t\t\t\t\t\t\t\t\t\t\t\t\t\n\t\t\t\t\t\t\t\n\t\t\t\t\t\t\t\t<span class=\"list-img\">\n\t\t\t\t\t\t\t\t\t\t\t\t\t\t\t\t\t\t<img src=\"https:\/\/www.uninter.com\/biblioteca\/wp-content\/uploads\/2020\/08\/27-150x150.png\" alt=\"\">\n\t\t\t\t\t\t\t\t<\/span>\n\t\t\t\t\t\t\t\n\t\t\t\t\t\t\t<!-- Link Text -->\n\t\t\t\t\t\t\tRevista Tem\u00e1tica \t\t\t\t\t\t\t\n\t\t\t\t\t\t\t\t\t\t\t\t\t\t<span style=\"font-size:12px;\"><br>\n\t                                \t\t\t\t\t\t\t<\/span>\t\n\t                        \n\t\t\t\t\t\t<\/a>\n\t\t\t\t\t\t\n\t\t\t\t\t\t\t<!-- upvote section -->\n\t\t\t\t\t\t\t<div class=\"upvote-section\">\n\t\t\t\t\t\t\t\t<span data-post-id=\"2909\" data-item-title=\"Revista Tem\u00e1tica\" data-item-link=\"https:\/\/periodicos.ufpb.br\/ojs2\/index.php\/tematica\/about\" class=\"upvote-btn upvote-on\">\n\t\t\t\t\t\t\t\t\t<i class=\"fa fa-thumbs-up\"><\/i>\n\t\t\t\t\t\t\t\t<\/span>\n\t\t\t\t\t\t\t\t<span class=\"upvote-count\">\n\t\t\t\t\t\t\t\t\t1\t\t\t\t\t\t\t\t<\/span>\n\t\t\t\t\t\t\t<\/div>\n\t\t\t\t\t\t\t<!-- \/upvote section -->\n\n\t\t\t\t\t\t\t\t\t\t\t\t\n\t\t\t\t\t<\/li>\n\t\t\t\t\t\n\t\t\t\t\t<li id=\"item-2909-21\">\n\t\t\t\t\t\t\t\t\t\t\t\t<!-- List Anchor -->\n\t\t\t\t\t\t<a   href=\"https:\/\/rbeur.anpur.org.br\/rbeur\/issue\/view\/132\"\n\t\t\t\t\t\t\ttarget=\"_blank\">\n\n\t\t\t\t\t\t\t<!-- Image, If Present -->\n\t\t\t\t\t\t\t21 - \t\t\t\t\t\t\t\t\t\t\t\t\t\t\n\t\t\t\t\t\t\t\n\t\t\t\t\t\t\t\t<span class=\"list-img\">\n\t\t\t\t\t\t\t\t\t\t\t\t\t\t\t\t\t\t<img src=\"https:\/\/www.uninter.com\/biblioteca\/wp-content\/uploads\/2020\/08\/28-150x150.jpg\" alt=\"\">\n\t\t\t\t\t\t\t\t<\/span>\n\t\t\t\t\t\t\t\n\t\t\t\t\t\t\t<!-- Link Text -->\n\t\t\t\t\t\t\tREVISTA BRASILEIRA DE ESTUDOS URBANOS E REGIONAIS\t\t\t\t\t\t\t\n\t\t\t\t\t\t\t\t\t\t\t\t\t\t<span style=\"font-size:12px;\"><br>\n\t                                \t\t\t\t\t\t\t<\/span>\t\n\t                        \n\t\t\t\t\t\t<\/a>\n\t\t\t\t\t\t\n\t\t\t\t\t\t\t<!-- upvote section -->\n\t\t\t\t\t\t\t<div class=\"upvote-section\">\n\t\t\t\t\t\t\t\t<span data-post-id=\"2909\" data-item-title=\"REVISTA BRASILEIRA DE ESTUDOS URBANOS E REGIONAIS\" data-item-link=\"https:\/\/rbeur.anpur.org.br\/rbeur\/issue\/view\/132\" class=\"upvote-btn upvote-on\">\n\t\t\t\t\t\t\t\t\t<i class=\"fa fa-thumbs-up\"><\/i>\n\t\t\t\t\t\t\t\t<\/span>\n\t\t\t\t\t\t\t\t<span class=\"upvote-count\">\n\t\t\t\t\t\t\t\t\t1\t\t\t\t\t\t\t\t<\/span>\n\t\t\t\t\t\t\t<\/div>\n\t\t\t\t\t\t\t<!-- \/upvote section -->\n\n\t\t\t\t\t\t\t\t\t\t\t\t\n\t\t\t\t\t<\/li>\n\t\t\t\t\t\n\t\t\t\t\t<li id=\"item-2909-22\">\n\t\t\t\t\t\t\t\t\t\t\t\t<!-- List Anchor -->\n\t\t\t\t\t\t<a   href=\"http:\/\/psicodebate.dpgpsifpm.com.br\/index.php\/periodico\/about\"\n\t\t\t\t\t\t\ttarget=\"_blank\">\n\n\t\t\t\t\t\t\t<!-- Image, If Present -->\n\t\t\t\t\t\t\t22 - \t\t\t\t\t\t\t\t\t\t\t\t\t\t\n\t\t\t\t\t\t\t\n\t\t\t\t\t\t\t\t<span class=\"list-img\">\n\t\t\t\t\t\t\t\t\t\t\t\t\t\t\t\t\t\t<img src=\"https:\/\/www.uninter.com\/biblioteca\/wp-content\/uploads\/2020\/08\/29-150x150.png\" alt=\"\">\n\t\t\t\t\t\t\t\t<\/span>\n\t\t\t\t\t\t\t\n\t\t\t\t\t\t\t<!-- Link Text -->\n\t\t\t\t\t\t\tRevista Psicologia e Sa\u00fade em Debate\t\t\t\t\t\t\t\n\t\t\t\t\t\t\t\t\t\t\t\t\t\t<span style=\"font-size:12px;\"><br>\n\t                                \t\t\t\t\t\t\t<\/span>\t\n\t                        \n\t\t\t\t\t\t<\/a>\n\t\t\t\t\t\t\n\t\t\t\t\t\t\t<!-- upvote section -->\n\t\t\t\t\t\t\t<div class=\"upvote-section\">\n\t\t\t\t\t\t\t\t<span data-post-id=\"2909\" data-item-title=\"Revista Psicologia e Sa\u00fade em Debate\" data-item-link=\"http:\/\/psicodebate.dpgpsifpm.com.br\/index.php\/periodico\/about\" class=\"upvote-btn upvote-on\">\n\t\t\t\t\t\t\t\t\t<i class=\"fa fa-thumbs-up\"><\/i>\n\t\t\t\t\t\t\t\t<\/span>\n\t\t\t\t\t\t\t\t<span class=\"upvote-count\">\n\t\t\t\t\t\t\t\t\t1\t\t\t\t\t\t\t\t<\/span>\n\t\t\t\t\t\t\t<\/div>\n\t\t\t\t\t\t\t<!-- \/upvote section -->\n\n\t\t\t\t\t\t\t\t\t\t\t\t\n\t\t\t\t\t<\/li>\n\t\t\t\t\t\n\t\t\t\t\t<li id=\"item-2909-23\">\n\t\t\t\t\t\t\t\t\t\t\t\t<!-- List Anchor -->\n\t\t\t\t\t\t<a   href=\"https:\/\/revistas.ufpr.br\/psicologia\/index\"\n\t\t\t\t\t\t\ttarget=\"_blank\">\n\n\t\t\t\t\t\t\t<!-- Image, If Present -->\n\t\t\t\t\t\t\t23 - \t\t\t\t\t\t\t\t\t\t\t\t\t\t\n\t\t\t\t\t\t\t\n\t\t\t\t\t\t\t\t<span class=\"list-img\">\n\t\t\t\t\t\t\t\t\t\t\t\t\t\t\t\t\t\t<img src=\"https:\/\/www.uninter.com\/biblioteca\/wp-content\/uploads\/2020\/08\/30-150x150.png\" alt=\"\">\n\t\t\t\t\t\t\t\t<\/span>\n\t\t\t\t\t\t\t\n\t\t\t\t\t\t\t<!-- Link Text -->\n\t\t\t\t\t\t\tREVISTA INTERA\u00c7\u00c3O EM PSICOLOGIA\t\t\t\t\t\t\t\n\t\t\t\t\t\t\t\t\t\t\t\t\t\t<span style=\"font-size:12px;\"><br>\n\t                                \t\t\t\t\t\t\t<\/span>\t\n\t                        \n\t\t\t\t\t\t<\/a>\n\t\t\t\t\t\t\n\t\t\t\t\t\t\t<!-- upvote section -->\n\t\t\t\t\t\t\t<div class=\"upvote-section\">\n\t\t\t\t\t\t\t\t<span data-post-id=\"2909\" data-item-title=\"REVISTA INTERA\u00c7\u00c3O EM PSICOLOGIA\" data-item-link=\"https:\/\/revistas.ufpr.br\/psicologia\/index\" class=\"upvote-btn upvote-on\">\n\t\t\t\t\t\t\t\t\t<i class=\"fa fa-thumbs-up\"><\/i>\n\t\t\t\t\t\t\t\t<\/span>\n\t\t\t\t\t\t\t\t<span class=\"upvote-count\">\n\t\t\t\t\t\t\t\t\t1\t\t\t\t\t\t\t\t<\/span>\n\t\t\t\t\t\t\t<\/div>\n\t\t\t\t\t\t\t<!-- \/upvote section -->\n\n\t\t\t\t\t\t\t\t\t\t\t\t\n\t\t\t\t\t<\/li>\n\t\t\t\t\t\n\t\t\t\t\t<li id=\"item-2909-24\">\n\t\t\t\t\t\t\t\t\t\t\t\t<!-- List Anchor -->\n\t\t\t\t\t\t<a   href=\"http:\/\/portalderevistasusp.mj.gov.br\/index.php\/2021\/05\/26\/revista-brasileira-de-estudos-de-seguranca-publica\/\"\n\t\t\t\t\t\t\ttarget=\"_blank\">\n\n\t\t\t\t\t\t\t<!-- Image, If Present -->\n\t\t\t\t\t\t\t24 - \t\t\t\t\t\t\t\t\t\t\t\t\t\t\n\t\t\t\t\t\t\t\n\t\t\t\t\t\t\t\t<span class=\"list-img\">\n\t\t\t\t\t\t\t\t\t\t\t\t\t\t\t\t\t\t<img src=\"https:\/\/www.uninter.com\/biblioteca\/wp-content\/uploads\/2020\/08\/31-150x150.jpg\" alt=\"\">\n\t\t\t\t\t\t\t\t<\/span>\n\t\t\t\t\t\t\t\n\t\t\t\t\t\t\t<!-- Link Text -->\n\t\t\t\t\t\t\tREBESP REVISTA BRASILEIRA DE ESTUDOS DE SEGURAN\u00c7A P\u00daBLICA\t\t\t\t\t\t\t\n\t\t\t\t\t\t\t\t\t\t\t\t\t\t<span style=\"font-size:12px;\"><br>\n\t                                \t\t\t\t\t\t\t<\/span>\t\n\t                        \n\t\t\t\t\t\t<\/a>\n\t\t\t\t\t\t\n\t\t\t\t\t\t\t<!-- upvote section -->\n\t\t\t\t\t\t\t<div class=\"upvote-section\">\n\t\t\t\t\t\t\t\t<span data-post-id=\"2909\" data-item-title=\"REBESP REVISTA BRASILEIRA DE ESTUDOS DE SEGURAN\u00c7A P\u00daBLICA\" data-item-link=\"http:\/\/portalderevistasusp.mj.gov.br\/index.php\/2021\/05\/26\/revista-brasileira-de-estudos-de-seguranca-publica\/\" class=\"upvote-btn upvote-on\">\n\t\t\t\t\t\t\t\t\t<i class=\"fa fa-thumbs-up\"><\/i>\n\t\t\t\t\t\t\t\t<\/span>\n\t\t\t\t\t\t\t\t<span class=\"upvote-count\">\n\t\t\t\t\t\t\t\t\t1\t\t\t\t\t\t\t\t<\/span>\n\t\t\t\t\t\t\t<\/div>\n\t\t\t\t\t\t\t<!-- \/upvote section -->\n\n\t\t\t\t\t\t\t\t\t\t\t\t\n\t\t\t\t\t<\/li>\n\t\t\t\t\t\n\t\t\t\t\t<li id=\"item-2909-25\">\n\t\t\t\t\t\t\t\t\t\t\t\t<!-- List Anchor -->\n\t\t\t\t\t\t<a   href=\"https:\/\/www.revistas.usp.br\/rgpp\/issue\/view\/10273\"\n\t\t\t\t\t\t\ttarget=\"_blank\">\n\n\t\t\t\t\t\t\t<!-- Image, If Present -->\n\t\t\t\t\t\t\t25 - \t\t\t\t\t\t\t\t\t\t\t\t\t\t\n\t\t\t\t\t\t\t\n\t\t\t\t\t\t\t\t<span class=\"list-img\">\n\t\t\t\t\t\t\t\t\t\t\t\t\t\t\t\t\t\t<img src=\"https:\/\/www.uninter.com\/biblioteca\/wp-content\/uploads\/2020\/08\/33-150x150.jpg\" alt=\"\">\n\t\t\t\t\t\t\t\t<\/span>\n\t\t\t\t\t\t\t\n\t\t\t\t\t\t\t<!-- Link Text -->\n\t\t\t\t\t\t\tREVISTA GEST\u00c3O &amp; POL\u00cdTICAS P\u00daBLICAS\t\t\t\t\t\t\t\n\t\t\t\t\t\t\t\t\t\t\t\t\t\t<span style=\"font-size:12px;\"><br>\n\t                                \t\t\t\t\t\t\t<\/span>\t\n\t                        \n\t\t\t\t\t\t<\/a>\n\t\t\t\t\t\t\n\t\t\t\t\t\t\t<!-- upvote section -->\n\t\t\t\t\t\t\t<div class=\"upvote-section\">\n\t\t\t\t\t\t\t\t<span data-post-id=\"2909\" data-item-title=\"REVISTA GEST\u00c3O &amp; POL\u00cdTICAS P\u00daBLICAS\" data-item-link=\"https:\/\/www.revistas.usp.br\/rgpp\/issue\/view\/10273\" class=\"upvote-btn upvote-on\">\n\t\t\t\t\t\t\t\t\t<i class=\"fa fa-thumbs-up\"><\/i>\n\t\t\t\t\t\t\t\t<\/span>\n\t\t\t\t\t\t\t\t<span class=\"upvote-count\">\n\t\t\t\t\t\t\t\t\t1\t\t\t\t\t\t\t\t<\/span>\n\t\t\t\t\t\t\t<\/div>\n\t\t\t\t\t\t\t<!-- \/upvote section -->\n\n\t\t\t\t\t\t\t\t\t\t\t\t\n\t\t\t\t\t<\/li>\n\t\t\t\t\t\n\t\t\t\t\t<li id=\"item-2909-26\">\n\t\t\t\t\t\t\t\t\t\t\t\t<!-- List Anchor -->\n\t\t\t\t\t\t<a   href=\"https:\/\/periodicos.ufsm.br\/pap\/index\"\n\t\t\t\t\t\t\ttarget=\"_blank\">\n\n\t\t\t\t\t\t\t<!-- Image, If Present -->\n\t\t\t\t\t\t\t26 - \t\t\t\t\t\t\t\t\t\t\t\t\t\t\n\t\t\t\t\t\t\t\n\t\t\t\t\t\t\t\t<span class=\"list-img\">\n\t\t\t\t\t\t\t\t\t\t\t\t\t\t\t\t\t\t<img src=\"https:\/\/www.uninter.com\/biblioteca\/wp-content\/uploads\/2020\/08\/34-150x150.jpg\" alt=\"\">\n\t\t\t\t\t\t\t\t<\/span>\n\t\t\t\t\t\t\t\n\t\t\t\t\t\t\t<!-- Link Text -->\n\t\t\t\t\t\t\tREVISTA PR\u00c1TICAS DE ADMINISTRA\u00c7\u00c3O P\u00daBLICA\t\t\t\t\t\t\t\n\t\t\t\t\t\t\t\t\t\t\t\t\t\t<span style=\"font-size:12px;\"><br>\n\t                                \t\t\t\t\t\t\t<\/span>\t\n\t                        \n\t\t\t\t\t\t<\/a>\n\t\t\t\t\t\t\n\t\t\t\t\t\t\t<!-- upvote section -->\n\t\t\t\t\t\t\t<div class=\"upvote-section\">\n\t\t\t\t\t\t\t\t<span data-post-id=\"2909\" data-item-title=\"REVISTA PR\u00c1TICAS DE ADMINISTRA\u00c7\u00c3O P\u00daBLICA\" data-item-link=\"https:\/\/periodicos.ufsm.br\/pap\/index\" class=\"upvote-btn upvote-on\">\n\t\t\t\t\t\t\t\t\t<i class=\"fa fa-thumbs-up\"><\/i>\n\t\t\t\t\t\t\t\t<\/span>\n\t\t\t\t\t\t\t\t<span class=\"upvote-count\">\n\t\t\t\t\t\t\t\t\t1\t\t\t\t\t\t\t\t<\/span>\n\t\t\t\t\t\t\t<\/div>\n\t\t\t\t\t\t\t<!-- \/upvote section -->\n\n\t\t\t\t\t\t\t\t\t\t\t\t\n\t\t\t\t\t<\/li>\n\t\t\t\t\t\n\t\t\t\t\t<li id=\"item-2909-27\">\n\t\t\t\t\t\t\t\t\t\t\t\t<!-- List Anchor -->\n\t\t\t\t\t\t<a   href=\"https:\/\/www.revistasuninter.com\/intersaberes\/index.php\/revista\/issue\/view\/112\"\n\t\t\t\t\t\t\ttarget=\"_blank\">\n\n\t\t\t\t\t\t\t<!-- Image, If Present -->\n\t\t\t\t\t\t\t27 - \t\t\t\t\t\t\t\t\t\t\t\t\t\t\n\t\t\t\t\t\t\t\n\t\t\t\t\t\t\t\t<span class=\"list-img\">\n\t\t\t\t\t\t\t\t\t\t\t\t\t\t\t\t\t\t<img src=\"https:\/\/www.uninter.com\/biblioteca\/wp-content\/uploads\/2020\/08\/35-150x150.jpg\" alt=\"\">\n\t\t\t\t\t\t\t\t<\/span>\n\t\t\t\t\t\t\t\n\t\t\t\t\t\t\t<!-- Link Text -->\n\t\t\t\t\t\t\tRevista Intersaberes \t\t\t\t\t\t\t\n\t\t\t\t\t\t\t\t\t\t\t\t\t\t<span style=\"font-size:12px;\"><br>\n\t                                \t\t\t\t\t\t\t<\/span>\t\n\t                        \n\t\t\t\t\t\t<\/a>\n\t\t\t\t\t\t\n\t\t\t\t\t\t\t<!-- upvote section -->\n\t\t\t\t\t\t\t<div class=\"upvote-section\">\n\t\t\t\t\t\t\t\t<span data-post-id=\"2909\" data-item-title=\"Revista Intersaberes\" data-item-link=\"https:\/\/www.revistasuninter.com\/intersaberes\/index.php\/revista\/issue\/view\/112\" class=\"upvote-btn upvote-on\">\n\t\t\t\t\t\t\t\t\t<i class=\"fa fa-thumbs-up\"><\/i>\n\t\t\t\t\t\t\t\t<\/span>\n\t\t\t\t\t\t\t\t<span class=\"upvote-count\">\n\t\t\t\t\t\t\t\t\t1\t\t\t\t\t\t\t\t<\/span>\n\t\t\t\t\t\t\t<\/div>\n\t\t\t\t\t\t\t<!-- \/upvote section -->\n\n\t\t\t\t\t\t\t\t\t\t\t\t\n\t\t\t\t\t<\/li>\n\t\t\t\t\t\t\t\t\t<\/ul>\n\n\t\t\t<\/div>\n\n\t\t<\/div>\n\t\t<!-- \/Individual List Item -->\n\n\t\t\n\t\t<br \/>\n\r\n<!--  Starting Simple Link Directory Plugin Output -->\n<div class=\"qcopd_embed_container\">\r\n\r\n\r\n\r\n\r\n\r\n\r\n\r\n<\/div>\r\n<div class=\"qcopd-list-wrapper\">\n\t<div id=\"opd-list-holder\" class=\"qcopd-list-holder\">\n\t\t\n\t\t<!-- Individual List Item -->\n\t\t<div id=\"list-item-1-2949\" class=\"qc-grid-item qcopd-list-column opd-column-1 simple opd-list-id-2949\">\n\t\t\t<div class=\"qcopd-single-list\">\n\t\t\t\t\t<h2 onclick=\"if(document.getElementById('2949').style.display=='block'){document.getElementById('2949').style.display='none';}else{document.getElementById('2949').style.display='block';};\">\n\t\t\t\t\tADMINISTRA\u00c7\u00c3O P\u00daBLICA\t\t\t\t<\/h2>\n\t\t\t\t<ul  style=display:none; id=2949 >\n\t\t\t\t\t\n\t\t\t\t\t<li id=\"item-2949-1\">\n\t\t\t\t\t\t\t\t\t\t\t\t<!-- List Anchor -->\n\t\t\t\t\t\t<a   href=\"https:\/\/periodicos.ufv.br\/apgs\/about\"\n\t\t\t\t\t\t\ttarget=\"_blank\">\n\n\t\t\t\t\t\t\t<!-- Image, If Present -->\n\t\t\t\t\t\t\t1 - \t\t\t\t\t\t\t\t\t\t\t\t\t\t\n\t\t\t\t\t\t\t\n\t\t\t\t\t\t\t\t<span class=\"list-img\">\n\t\t\t\t\t\t\t\t\t\t\t\t\t\t\t\t\t\t<img src=\"https:\/\/www.uninter.com\/biblioteca\/wp-content\/uploads\/2020\/09\/1-150x150.png\" alt=\"\">\n\t\t\t\t\t\t\t\t<\/span>\n\t\t\t\t\t\t\t\n\t\t\t\t\t\t\t<!-- Link Text -->\n\t\t\t\t\t\t\tRevista Administra\u00e7\u00e3o P\u00fablica e Gest\u00e3o Social \u2013 APGS\t\t\t\t\t\t\t\n\t\t\t\t\t\t\t\t\t\t\t\t\t\t<span style=\"font-size:12px;\"><br>\n\t                                \t\t\t\t\t\t\t<\/span>\t\n\t                        \n\t\t\t\t\t\t<\/a>\n\t\t\t\t\t\t\n\t\t\t\t\t\t\t<!-- upvote section -->\n\t\t\t\t\t\t\t<div class=\"upvote-section\">\n\t\t\t\t\t\t\t\t<span data-post-id=\"2949\" data-item-title=\"Revista Administra\u00e7\u00e3o P\u00fablica e Gest\u00e3o Social \u2013 APGS\" data-item-link=\"https:\/\/periodicos.ufv.br\/apgs\/about\" class=\"upvote-btn upvote-on\">\n\t\t\t\t\t\t\t\t\t<i class=\"fa fa-thumbs-up\"><\/i>\n\t\t\t\t\t\t\t\t<\/span>\n\t\t\t\t\t\t\t\t<span class=\"upvote-count\">\n\t\t\t\t\t\t\t\t\t2\t\t\t\t\t\t\t\t<\/span>\n\t\t\t\t\t\t\t<\/div>\n\t\t\t\t\t\t\t<!-- \/upvote section -->\n\n\t\t\t\t\t\t\t\t\t\t\t\t\n\t\t\t\t\t<\/li>\n\t\t\t\t\t\n\t\t\t\t\t<li id=\"item-2949-2\">\n\t\t\t\t\t\t\t\t\t\t\t\t<!-- List Anchor -->\n\t\t\t\t\t\t<a   href=\"http:\/\/bibliotecadigital.fgv.br\/ojs\/index.php\/cgpc\/issue\/archive\"\n\t\t\t\t\t\t\ttarget=\"_blank\">\n\n\t\t\t\t\t\t\t<!-- Image, If Present -->\n\t\t\t\t\t\t\t2 - \t\t\t\t\t\t\t\t\t\t\t\t\t\t\n\t\t\t\t\t\t\t\n\t\t\t\t\t\t\t\t<span class=\"list-img\">\n\t\t\t\t\t\t\t\t\t\t\t\t\t\t\t\t\t\t<img src=\"https:\/\/www.uninter.com\/biblioteca\/wp-content\/uploads\/2020\/09\/2-150x150.jpg\" alt=\"\">\n\t\t\t\t\t\t\t\t<\/span>\n\t\t\t\t\t\t\t\n\t\t\t\t\t\t\t<!-- Link Text -->\n\t\t\t\t\t\t\tCadernos Gest\u00e3o P\u00fablica e Cidadania\t\t\t\t\t\t\t\n\t\t\t\t\t\t\t\t\t\t\t\t\t\t<span style=\"font-size:12px;\"><br>\n\t                                \t\t\t\t\t\t\t<\/span>\t\n\t                        \n\t\t\t\t\t\t<\/a>\n\t\t\t\t\t\t\n\t\t\t\t\t\t\t<!-- upvote section -->\n\t\t\t\t\t\t\t<div class=\"upvote-section\">\n\t\t\t\t\t\t\t\t<span data-post-id=\"2949\" data-item-title=\"Cadernos Gest\u00e3o P\u00fablica e Cidadania\" data-item-link=\"http:\/\/bibliotecadigital.fgv.br\/ojs\/index.php\/cgpc\/issue\/archive\" class=\"upvote-btn upvote-on\">\n\t\t\t\t\t\t\t\t\t<i class=\"fa fa-thumbs-up\"><\/i>\n\t\t\t\t\t\t\t\t<\/span>\n\t\t\t\t\t\t\t\t<span class=\"upvote-count\">\n\t\t\t\t\t\t\t\t\t1\t\t\t\t\t\t\t\t<\/span>\n\t\t\t\t\t\t\t<\/div>\n\t\t\t\t\t\t\t<!-- \/upvote section -->\n\n\t\t\t\t\t\t\t\t\t\t\t\t\n\t\t\t\t\t<\/li>\n\t\t\t\t\t\n\t\t\t\t\t<li id=\"item-2949-3\">\n\t\t\t\t\t\t\t\t\t\t\t\t<!-- List Anchor -->\n\t\t\t\t\t\t<a   href=\"https:\/\/www.indexlaw.org\/index.php\/revistacpc\"\n\t\t\t\t\t\t\ttarget=\"_blank\">\n\n\t\t\t\t\t\t\t<!-- Image, If Present -->\n\t\t\t\t\t\t\t3 - \t\t\t\t\t\t\t\t\t\t\t\t\t\t\n\t\t\t\t\t\t\t\n\t\t\t\t\t\t\t\t<span class=\"list-img\">\n\t\t\t\t\t\t\t\t\t\t\t\t\t\t\t\t\t\t<img src=\"https:\/\/www.uninter.com\/biblioteca\/wp-content\/uploads\/2020\/09\/3-150x150.jpg\" alt=\"\">\n\t\t\t\t\t\t\t\t<\/span>\n\t\t\t\t\t\t\t\n\t\t\t\t\t\t\t<!-- Link Text -->\n\t\t\t\t\t\t\tREVISTA DE CRIMINOLOGIAS E POLITICAS CRIMINAIS\t\t\t\t\t\t\t\n\t\t\t\t\t\t\t\t\t\t\t\t\t\t<span style=\"font-size:12px;\"><br>\n\t                                \t\t\t\t\t\t\t<\/span>\t\n\t                        \n\t\t\t\t\t\t<\/a>\n\t\t\t\t\t\t\n\t\t\t\t\t\t\t<!-- upvote section -->\n\t\t\t\t\t\t\t<div class=\"upvote-section\">\n\t\t\t\t\t\t\t\t<span data-post-id=\"2949\" data-item-title=\"REVISTA DE CRIMINOLOGIAS E POLITICAS CRIMINAIS\" data-item-link=\"https:\/\/www.indexlaw.org\/index.php\/revistacpc\" class=\"upvote-btn upvote-on\">\n\t\t\t\t\t\t\t\t\t<i class=\"fa fa-thumbs-up\"><\/i>\n\t\t\t\t\t\t\t\t<\/span>\n\t\t\t\t\t\t\t\t<span class=\"upvote-count\">\n\t\t\t\t\t\t\t\t\t1\t\t\t\t\t\t\t\t<\/span>\n\t\t\t\t\t\t\t<\/div>\n\t\t\t\t\t\t\t<!-- \/upvote section -->\n\n\t\t\t\t\t\t\t\t\t\t\t\t\n\t\t\t\t\t<\/li>\n\t\t\t\t\t\n\t\t\t\t\t<li id=\"item-2949-4\">\n\t\t\t\t\t\t\t\t\t\t\t\t<!-- List Anchor -->\n\t\t\t\t\t\t<a   href=\"https:\/\/periodicos.ufpe.br\/revistas\/index.php\/gestaopublica\"\n\t\t\t\t\t\t\ttarget=\"_blank\">\n\n\t\t\t\t\t\t\t<!-- Image, If Present -->\n\t\t\t\t\t\t\t4 - \t\t\t\t\t\t\t\t\t\t\t\t\t\t\n\t\t\t\t\t\t\t\n\t\t\t\t\t\t\t\t<span class=\"list-img\">\n\t\t\t\t\t\t\t\t\t\t\t\t\t\t\t\t\t\t<img src=\"https:\/\/www.uninter.com\/biblioteca\/wp-content\/uploads\/2020\/09\/Gestao-Publica-\u2013-Praticas-e-Desafios-150x150.jpg\" alt=\"\">\n\t\t\t\t\t\t\t\t<\/span>\n\t\t\t\t\t\t\t\n\t\t\t\t\t\t\t<!-- Link Text -->\n\t\t\t\t\t\t\tGest\u00e3o P\u00fablica \u2013 Pr\u00e1ticas e Desafios\t\t\t\t\t\t\t\n\t\t\t\t\t\t\t\t\t\t\t\t\t\t<span style=\"font-size:12px;\"><br>\n\t                                \t\t\t\t\t\t\t<\/span>\t\n\t                        \n\t\t\t\t\t\t<\/a>\n\t\t\t\t\t\t\n\t\t\t\t\t\t\t<!-- upvote section -->\n\t\t\t\t\t\t\t<div class=\"upvote-section\">\n\t\t\t\t\t\t\t\t<span data-post-id=\"2949\" data-item-title=\"Gest\u00e3o P\u00fablica \u2013 Pr\u00e1ticas e Desafios\" data-item-link=\"https:\/\/periodicos.ufpe.br\/revistas\/index.php\/gestaopublica\" class=\"upvote-btn upvote-on\">\n\t\t\t\t\t\t\t\t\t<i class=\"fa fa-thumbs-up\"><\/i>\n\t\t\t\t\t\t\t\t<\/span>\n\t\t\t\t\t\t\t\t<span class=\"upvote-count\">\n\t\t\t\t\t\t\t\t\t1\t\t\t\t\t\t\t\t<\/span>\n\t\t\t\t\t\t\t<\/div>\n\t\t\t\t\t\t\t<!-- \/upvote section -->\n\n\t\t\t\t\t\t\t\t\t\t\t\t\n\t\t\t\t\t<\/li>\n\t\t\t\t\t\n\t\t\t\t\t<li id=\"item-2949-5\">\n\t\t\t\t\t\t\t\t\t\t\t\t<!-- List Anchor -->\n\t\t\t\t\t\t<a   href=\"http:\/\/bibliotecadigital.fgv.br\/ojs\/index.php\/rap\"\n\t\t\t\t\t\t\ttarget=\"_blank\">\n\n\t\t\t\t\t\t\t<!-- Image, If Present -->\n\t\t\t\t\t\t\t5 - \t\t\t\t\t\t\t\t\t\t\t\t\t\t\n\t\t\t\t\t\t\t\n\t\t\t\t\t\t\t\t<span class=\"list-img\">\n\t\t\t\t\t\t\t\t\t\t\t\t\t\t\t\t\t\t<img src=\"https:\/\/www.uninter.com\/biblioteca\/wp-content\/uploads\/2020\/09\/6-150x120.jpg\" alt=\"\">\n\t\t\t\t\t\t\t\t<\/span>\n\t\t\t\t\t\t\t\n\t\t\t\t\t\t\t<!-- Link Text -->\n\t\t\t\t\t\t\tRAP \u2013 Revista de Administra\u00e7\u00e3o P\u00fablica\t\t\t\t\t\t\t\n\t\t\t\t\t\t\t\t\t\t\t\t\t\t<span style=\"font-size:12px;\"><br>\n\t                                \t\t\t\t\t\t\t<\/span>\t\n\t                        \n\t\t\t\t\t\t<\/a>\n\t\t\t\t\t\t\n\t\t\t\t\t\t\t<!-- upvote section -->\n\t\t\t\t\t\t\t<div class=\"upvote-section\">\n\t\t\t\t\t\t\t\t<span data-post-id=\"2949\" data-item-title=\"RAP \u2013 Revista de Administra\u00e7\u00e3o P\u00fablica\" data-item-link=\"http:\/\/bibliotecadigital.fgv.br\/ojs\/index.php\/rap\" class=\"upvote-btn upvote-on\">\n\t\t\t\t\t\t\t\t\t<i class=\"fa fa-thumbs-up\"><\/i>\n\t\t\t\t\t\t\t\t<\/span>\n\t\t\t\t\t\t\t\t<span class=\"upvote-count\">\n\t\t\t\t\t\t\t\t\t1\t\t\t\t\t\t\t\t<\/span>\n\t\t\t\t\t\t\t<\/div>\n\t\t\t\t\t\t\t<!-- \/upvote section -->\n\n\t\t\t\t\t\t\t\t\t\t\t\t\n\t\t\t\t\t<\/li>\n\t\t\t\t\t\n\t\t\t\t\t<li id=\"item-2949-6\">\n\t\t\t\t\t\t\t\t\t\t\t\t<!-- List Anchor -->\n\t\t\t\t\t\t<a   href=\"http:\/\/www.spell.org.br\/periodicos\/ver\/154\/revista-de-administracao--sociedade-e-inovacao\"\n\t\t\t\t\t\t\ttarget=\"_blank\">\n\n\t\t\t\t\t\t\t<!-- Image, If Present -->\n\t\t\t\t\t\t\t6 - \t\t\t\t\t\t\t\t\t\t\t\t\t\t\n\t\t\t\t\t\t\t\n\t\t\t\t\t\t\t\t<span class=\"list-img\">\n\t\t\t\t\t\t\t\t\t\t\t\t\t\t\t\t\t\t<img src=\"https:\/\/www.uninter.com\/biblioteca\/wp-content\/uploads\/2020\/09\/7-150x57.png\" alt=\"\">\n\t\t\t\t\t\t\t\t<\/span>\n\t\t\t\t\t\t\t\n\t\t\t\t\t\t\t<!-- Link Text -->\n\t\t\t\t\t\t\tRevista de Administra\u00e7\u00e3o, Sociedade e Inova\u00e7\u00e3o\t\t\t\t\t\t\t\n\t\t\t\t\t\t\t\t\t\t\t\t\t\t<span style=\"font-size:12px;\"><br>\n\t                                \t\t\t\t\t\t\t<\/span>\t\n\t                        \n\t\t\t\t\t\t<\/a>\n\t\t\t\t\t\t\n\t\t\t\t\t\t\t<!-- upvote section -->\n\t\t\t\t\t\t\t<div class=\"upvote-section\">\n\t\t\t\t\t\t\t\t<span data-post-id=\"2949\" data-item-title=\"Revista de Administra\u00e7\u00e3o, Sociedade e Inova\u00e7\u00e3o\" data-item-link=\"http:\/\/www.spell.org.br\/periodicos\/ver\/154\/revista-de-administracao--sociedade-e-inovacao\" class=\"upvote-btn upvote-on\">\n\t\t\t\t\t\t\t\t\t<i class=\"fa fa-thumbs-up\"><\/i>\n\t\t\t\t\t\t\t\t<\/span>\n\t\t\t\t\t\t\t\t<span class=\"upvote-count\">\n\t\t\t\t\t\t\t\t\t1\t\t\t\t\t\t\t\t<\/span>\n\t\t\t\t\t\t\t<\/div>\n\t\t\t\t\t\t\t<!-- \/upvote section -->\n\n\t\t\t\t\t\t\t\t\t\t\t\t\n\t\t\t\t\t<\/li>\n\t\t\t\t\t\n\t\t\t\t\t<li id=\"item-2949-7\">\n\t\t\t\t\t\t\t\t\t\t\t\t<!-- List Anchor -->\n\t\t\t\t\t\t<a   href=\"http:\/\/www.periodicoseletronicos.ufma.br\/index.php\/rppublica\"\n\t\t\t\t\t\t\ttarget=\"_blank\">\n\n\t\t\t\t\t\t\t<!-- Image, If Present -->\n\t\t\t\t\t\t\t7 - \t\t\t\t\t\t\t\t\t\t\t\t\t\t\n\t\t\t\t\t\t\t\n\t\t\t\t\t\t\t\t<span class=\"list-img\">\n\t\t\t\t\t\t\t\t\t\t\t\t\t\t\t\t\t\t<img src=\"https:\/\/www.uninter.com\/biblioteca\/wp-content\/uploads\/2020\/09\/8-150x150.jpg\" alt=\"\">\n\t\t\t\t\t\t\t\t<\/span>\n\t\t\t\t\t\t\t\n\t\t\t\t\t\t\t<!-- Link Text -->\n\t\t\t\t\t\t\tRevista de Pol\u00edticas Publicas\t\t\t\t\t\t\t\n\t\t\t\t\t\t\t\t\t\t\t\t\t\t<span style=\"font-size:12px;\"><br>\n\t                                \t\t\t\t\t\t\t<\/span>\t\n\t                        \n\t\t\t\t\t\t<\/a>\n\t\t\t\t\t\t\n\t\t\t\t\t\t\t<!-- upvote section -->\n\t\t\t\t\t\t\t<div class=\"upvote-section\">\n\t\t\t\t\t\t\t\t<span data-post-id=\"2949\" data-item-title=\"Revista de Pol\u00edticas Publicas\" data-item-link=\"http:\/\/www.periodicoseletronicos.ufma.br\/index.php\/rppublica\" class=\"upvote-btn upvote-on\">\n\t\t\t\t\t\t\t\t\t<i class=\"fa fa-thumbs-up\"><\/i>\n\t\t\t\t\t\t\t\t<\/span>\n\t\t\t\t\t\t\t\t<span class=\"upvote-count\">\n\t\t\t\t\t\t\t\t\t1\t\t\t\t\t\t\t\t<\/span>\n\t\t\t\t\t\t\t<\/div>\n\t\t\t\t\t\t\t<!-- \/upvote section -->\n\n\t\t\t\t\t\t\t\t\t\t\t\t\n\t\t\t\t\t<\/li>\n\t\t\t\t\t\n\t\t\t\t\t<li id=\"item-2949-8\">\n\t\t\t\t\t\t\t\t\t\t\t\t<!-- List Anchor -->\n\t\t\t\t\t\t<a   href=\"http:\/\/www.spell.org.br\/periodicos\/ver\/35\/desenvolvimento-em-questao\"\n\t\t\t\t\t\t\ttarget=\"_blank\">\n\n\t\t\t\t\t\t\t<!-- Image, If Present -->\n\t\t\t\t\t\t\t8 - \t\t\t\t\t\t\t\t\t\t\t\t\t\t\n\t\t\t\t\t\t\t\n\t\t\t\t\t\t\t\t<span class=\"list-img\">\n\t\t\t\t\t\t\t\t\t\t\t\t\t\t\t\t\t\t<img src=\"https:\/\/www.uninter.com\/biblioteca\/wp-content\/uploads\/2020\/09\/9-150x95.jpg\" alt=\"\">\n\t\t\t\t\t\t\t\t<\/span>\n\t\t\t\t\t\t\t\n\t\t\t\t\t\t\t<!-- Link Text -->\n\t\t\t\t\t\t\tRevista Desenvolvimento em Quest\u00e3o\t\t\t\t\t\t\t\n\t\t\t\t\t\t\t\t\t\t\t\t\t\t<span style=\"font-size:12px;\"><br>\n\t                                \t\t\t\t\t\t\t<\/span>\t\n\t                        \n\t\t\t\t\t\t<\/a>\n\t\t\t\t\t\t\n\t\t\t\t\t\t\t<!-- upvote section -->\n\t\t\t\t\t\t\t<div class=\"upvote-section\">\n\t\t\t\t\t\t\t\t<span data-post-id=\"2949\" data-item-title=\"Revista Desenvolvimento em Quest\u00e3o\" data-item-link=\"http:\/\/www.spell.org.br\/periodicos\/ver\/35\/desenvolvimento-em-questao\" class=\"upvote-btn upvote-on\">\n\t\t\t\t\t\t\t\t\t<i class=\"fa fa-thumbs-up\"><\/i>\n\t\t\t\t\t\t\t\t<\/span>\n\t\t\t\t\t\t\t\t<span class=\"upvote-count\">\n\t\t\t\t\t\t\t\t\t1\t\t\t\t\t\t\t\t<\/span>\n\t\t\t\t\t\t\t<\/div>\n\t\t\t\t\t\t\t<!-- \/upvote section -->\n\n\t\t\t\t\t\t\t\t\t\t\t\t\n\t\t\t\t\t<\/li>\n\t\t\t\t\t\n\t\t\t\t\t<li id=\"item-2949-9\">\n\t\t\t\t\t\t\t\t\t\t\t\t<!-- List Anchor -->\n\t\t\t\t\t\t<a   href=\"https:\/\/revista.enap.gov.br\/index.php\/RSP\/about\"\n\t\t\t\t\t\t\ttarget=\"_blank\">\n\n\t\t\t\t\t\t\t<!-- Image, If Present -->\n\t\t\t\t\t\t\t9 - \t\t\t\t\t\t\t\t\t\t\t\t\t\t\n\t\t\t\t\t\t\t\n\t\t\t\t\t\t\t\t<span class=\"list-img\">\n\t\t\t\t\t\t\t\t\t\t\t\t\t\t\t\t\t\t<img src=\"https:\/\/www.uninter.com\/biblioteca\/wp-content\/uploads\/2020\/09\/10-150x120.jpg\" alt=\"\">\n\t\t\t\t\t\t\t\t<\/span>\n\t\t\t\t\t\t\t\n\t\t\t\t\t\t\t<!-- Link Text -->\n\t\t\t\t\t\t\tRevista do Servi\u00e7o P\u00fablico\t\t\t\t\t\t\t\n\t\t\t\t\t\t\t\t\t\t\t\t\t\t<span style=\"font-size:12px;\"><br>\n\t                                \t\t\t\t\t\t\t<\/span>\t\n\t                        \n\t\t\t\t\t\t<\/a>\n\t\t\t\t\t\t\n\t\t\t\t\t\t\t<!-- upvote section -->\n\t\t\t\t\t\t\t<div class=\"upvote-section\">\n\t\t\t\t\t\t\t\t<span data-post-id=\"2949\" data-item-title=\"Revista do Servi\u00e7o P\u00fablico\" data-item-link=\"https:\/\/revista.enap.gov.br\/index.php\/RSP\/about\" class=\"upvote-btn upvote-on\">\n\t\t\t\t\t\t\t\t\t<i class=\"fa fa-thumbs-up\"><\/i>\n\t\t\t\t\t\t\t\t<\/span>\n\t\t\t\t\t\t\t\t<span class=\"upvote-count\">\n\t\t\t\t\t\t\t\t\t1\t\t\t\t\t\t\t\t<\/span>\n\t\t\t\t\t\t\t<\/div>\n\t\t\t\t\t\t\t<!-- \/upvote section -->\n\n\t\t\t\t\t\t\t\t\t\t\t\t\n\t\t\t\t\t<\/li>\n\t\t\t\t\t\n\t\t\t\t\t<li id=\"item-2949-10\">\n\t\t\t\t\t\t\t\t\t\t\t\t<!-- List Anchor -->\n\t\t\t\t\t\t<a   href=\"http:\/\/www.revistas.usp.br\/rgpp\"\n\t\t\t\t\t\t\ttarget=\"_blank\">\n\n\t\t\t\t\t\t\t<!-- Image, If Present -->\n\t\t\t\t\t\t\t10 - \t\t\t\t\t\t\t\t\t\t\t\t\t\t\n\t\t\t\t\t\t\t\n\t\t\t\t\t\t\t\t<span class=\"list-img\">\n\t\t\t\t\t\t\t\t\t\t\t\t\t\t\t\t\t\t<img src=\"https:\/\/www.uninter.com\/biblioteca\/wp-content\/uploads\/2020\/09\/11.jpg\" alt=\"\">\n\t\t\t\t\t\t\t\t<\/span>\n\t\t\t\t\t\t\t\n\t\t\t\t\t\t\t<!-- Link Text -->\n\t\t\t\t\t\t\tRevista Gest\u00e3o &amp; Pol\u00edticas P\u00fablicas\t\t\t\t\t\t\t\n\t\t\t\t\t\t\t\t\t\t\t\t\t\t<span style=\"font-size:12px;\"><br>\n\t                                \t\t\t\t\t\t\t<\/span>\t\n\t                        \n\t\t\t\t\t\t<\/a>\n\t\t\t\t\t\t\n\t\t\t\t\t\t\t<!-- upvote section -->\n\t\t\t\t\t\t\t<div class=\"upvote-section\">\n\t\t\t\t\t\t\t\t<span data-post-id=\"2949\" data-item-title=\"Revista Gest\u00e3o &amp; Pol\u00edticas P\u00fablicas\" data-item-link=\"http:\/\/www.revistas.usp.br\/rgpp\" class=\"upvote-btn upvote-on\">\n\t\t\t\t\t\t\t\t\t<i class=\"fa fa-thumbs-up\"><\/i>\n\t\t\t\t\t\t\t\t<\/span>\n\t\t\t\t\t\t\t\t<span class=\"upvote-count\">\n\t\t\t\t\t\t\t\t\t1\t\t\t\t\t\t\t\t<\/span>\n\t\t\t\t\t\t\t<\/div>\n\t\t\t\t\t\t\t<!-- \/upvote section -->\n\n\t\t\t\t\t\t\t\t\t\t\t\t\n\t\t\t\t\t<\/li>\n\t\t\t\t\t\n\t\t\t\t\t<li id=\"item-2949-11\">\n\t\t\t\t\t\t\t\t\t\t\t\t<!-- List Anchor -->\n\t\t\t\t\t\t<a   href=\"http:\/\/www.spell.org.br\/periodicos\/ver\/152\/revista-interdisciplinar-de-gestao-social\"\n\t\t\t\t\t\t\ttarget=\"_blank\">\n\n\t\t\t\t\t\t\t<!-- Image, If Present -->\n\t\t\t\t\t\t\t11 - \t\t\t\t\t\t\t\t\t\t\t\t\t\t\n\t\t\t\t\t\t\t\n\t\t\t\t\t\t\t\t<span class=\"list-img\">\n\t\t\t\t\t\t\t\t\t\t\t\t\t\t\t\t\t\t<img src=\"https:\/\/www.uninter.com\/biblioteca\/wp-content\/uploads\/2020\/09\/12-150x150.jpg\" alt=\"\">\n\t\t\t\t\t\t\t\t<\/span>\n\t\t\t\t\t\t\t\n\t\t\t\t\t\t\t<!-- Link Text -->\n\t\t\t\t\t\t\tRevista Interdisciplinar de Gest\u00e3o Social\t\t\t\t\t\t\t\n\t\t\t\t\t\t\t\t\t\t\t\t\t\t<span style=\"font-size:12px;\"><br>\n\t                                \t\t\t\t\t\t\t<\/span>\t\n\t                        \n\t\t\t\t\t\t<\/a>\n\t\t\t\t\t\t\n\t\t\t\t\t\t\t<!-- upvote section -->\n\t\t\t\t\t\t\t<div class=\"upvote-section\">\n\t\t\t\t\t\t\t\t<span data-post-id=\"2949\" data-item-title=\"Revista Interdisciplinar de Gest\u00e3o Social\" data-item-link=\"http:\/\/www.spell.org.br\/periodicos\/ver\/152\/revista-interdisciplinar-de-gestao-social\" class=\"upvote-btn upvote-on\">\n\t\t\t\t\t\t\t\t\t<i class=\"fa fa-thumbs-up\"><\/i>\n\t\t\t\t\t\t\t\t<\/span>\n\t\t\t\t\t\t\t\t<span class=\"upvote-count\">\n\t\t\t\t\t\t\t\t\t1\t\t\t\t\t\t\t\t<\/span>\n\t\t\t\t\t\t\t<\/div>\n\t\t\t\t\t\t\t<!-- \/upvote section -->\n\n\t\t\t\t\t\t\t\t\t\t\t\t\n\t\t\t\t\t<\/li>\n\t\t\t\t\t\n\t\t\t\t\t<li id=\"item-2949-12\">\n\t\t\t\t\t\t\t\t\t\t\t\t<!-- List Anchor -->\n\t\t\t\t\t\t<a   href=\"https:\/\/periodicos.ufpb.br\/index.php\/pgc\"\n\t\t\t\t\t\t\ttarget=\"_blank\">\n\n\t\t\t\t\t\t\t<!-- Image, If Present -->\n\t\t\t\t\t\t\t12 - \t\t\t\t\t\t\t\t\t\t\t\t\t\t\n\t\t\t\t\t\t\t\n\t\t\t\t\t\t\t\t<span class=\"list-img\">\n\t\t\t\t\t\t\t\t\t\t\t\t\t\t\t\t\t\t<img src=\"https:\/\/www.uninter.com\/biblioteca\/wp-content\/uploads\/2024\/02\/19PERSPECTIVAS-EM-GESTAO-CONHECIMENTO-150x150.png\" alt=\"\">\n\t\t\t\t\t\t\t\t<\/span>\n\t\t\t\t\t\t\t\n\t\t\t\t\t\t\t<!-- Link Text -->\n\t\t\t\t\t\t\tPerspectivas em Gest\u00e3o &amp; Conhecimento\t\t\t\t\t\t\t\n\t\t\t\t\t\t\t\t\t\t\t\t\t\t<span style=\"font-size:12px;\"><br>\n\t                                \t\t\t\t\t\t\t<\/span>\t\n\t                        \n\t\t\t\t\t\t<\/a>\n\t\t\t\t\t\t\n\t\t\t\t\t\t\t<!-- upvote section -->\n\t\t\t\t\t\t\t<div class=\"upvote-section\">\n\t\t\t\t\t\t\t\t<span data-post-id=\"2949\" data-item-title=\"Perspectivas em Gest\u00e3o &amp; Conhecimento\" data-item-link=\"https:\/\/periodicos.ufpb.br\/index.php\/pgc\" class=\"upvote-btn upvote-on\">\n\t\t\t\t\t\t\t\t\t<i class=\"fa fa-thumbs-up\"><\/i>\n\t\t\t\t\t\t\t\t<\/span>\n\t\t\t\t\t\t\t\t<span class=\"upvote-count\">\n\t\t\t\t\t\t\t\t\t1\t\t\t\t\t\t\t\t<\/span>\n\t\t\t\t\t\t\t<\/div>\n\t\t\t\t\t\t\t<!-- \/upvote section -->\n\n\t\t\t\t\t\t\t\t\t\t\t\t\n\t\t\t\t\t<\/li>\n\t\t\t\t\t\n\t\t\t\t\t<li id=\"item-2949-13\">\n\t\t\t\t\t\t\t\t\t\t\t\t<!-- List Anchor -->\n\t\t\t\t\t\t<a   href=\"https:\/\/periodicos.ufsm.br\/pap\"\n\t\t\t\t\t\t\ttarget=\"_blank\">\n\n\t\t\t\t\t\t\t<!-- Image, If Present -->\n\t\t\t\t\t\t\t13 - \t\t\t\t\t\t\t\t\t\t\t\t\t\t\n\t\t\t\t\t\t\t\n\t\t\t\t\t\t\t\t<span class=\"list-img\">\n\t\t\t\t\t\t\t\t\t\t\t\t\t\t\t\t\t\t<img src=\"https:\/\/www.uninter.com\/biblioteca\/wp-content\/uploads\/2020\/09\/14-150x150.jpg\" alt=\"\">\n\t\t\t\t\t\t\t\t<\/span>\n\t\t\t\t\t\t\t\n\t\t\t\t\t\t\t<!-- Link Text -->\n\t\t\t\t\t\t\tRevista Pr\u00e1ticas de Administra\u00e7\u00e3o P\u00fablica\t\t\t\t\t\t\t\n\t\t\t\t\t\t\t\t\t\t\t\t\t\t<span style=\"font-size:12px;\"><br>\n\t                                \t\t\t\t\t\t\t<\/span>\t\n\t                        \n\t\t\t\t\t\t<\/a>\n\t\t\t\t\t\t\n\t\t\t\t\t\t\t<!-- upvote section -->\n\t\t\t\t\t\t\t<div class=\"upvote-section\">\n\t\t\t\t\t\t\t\t<span data-post-id=\"2949\" data-item-title=\"Revista Pr\u00e1ticas de Administra\u00e7\u00e3o P\u00fablica\" data-item-link=\"https:\/\/periodicos.ufsm.br\/pap\" class=\"upvote-btn upvote-on\">\n\t\t\t\t\t\t\t\t\t<i class=\"fa fa-thumbs-up\"><\/i>\n\t\t\t\t\t\t\t\t<\/span>\n\t\t\t\t\t\t\t\t<span class=\"upvote-count\">\n\t\t\t\t\t\t\t\t\t1\t\t\t\t\t\t\t\t<\/span>\n\t\t\t\t\t\t\t<\/div>\n\t\t\t\t\t\t\t<!-- \/upvote section -->\n\n\t\t\t\t\t\t\t\t\t\t\t\t\n\t\t\t\t\t<\/li>\n\t\t\t\t\t\n\t\t\t\t\t<li id=\"item-2949-14\">\n\t\t\t\t\t\t\t\t\t\t\t\t<!-- List Anchor -->\n\t\t\t\t\t\t<a   href=\"https:\/\/periodicos.pf.gov.br\/index.php\/RSPC\"\n\t\t\t\t\t\t\ttarget=\"_blank\">\n\n\t\t\t\t\t\t\t<!-- Image, If Present -->\n\t\t\t\t\t\t\t14 - \t\t\t\t\t\t\t\t\t\t\t\t\t\t\n\t\t\t\t\t\t\t\n\t\t\t\t\t\t\t\t<span class=\"list-img\">\n\t\t\t\t\t\t\t\t\t\t\t\t\t\t\t\t\t\t<img src=\"https:\/\/www.uninter.com\/biblioteca\/wp-content\/uploads\/2020\/09\/15-150x150.jpg\" alt=\"\">\n\t\t\t\t\t\t\t\t<\/span>\n\t\t\t\t\t\t\t\n\t\t\t\t\t\t\t<!-- Link Text -->\n\t\t\t\t\t\t\tRevista Seguran\u00e7a P\u00fablica &amp; Cidadania\t\t\t\t\t\t\t\n\t\t\t\t\t\t\t\t\t\t\t\t\t\t<span style=\"font-size:12px;\"><br>\n\t                                \t\t\t\t\t\t\t<\/span>\t\n\t                        \n\t\t\t\t\t\t<\/a>\n\t\t\t\t\t\t\n\t\t\t\t\t\t\t<!-- upvote section -->\n\t\t\t\t\t\t\t<div class=\"upvote-section\">\n\t\t\t\t\t\t\t\t<span data-post-id=\"2949\" data-item-title=\"Revista Seguran\u00e7a P\u00fablica &amp; Cidadania\" data-item-link=\"https:\/\/periodicos.pf.gov.br\/index.php\/RSPC\" class=\"upvote-btn upvote-on\">\n\t\t\t\t\t\t\t\t\t<i class=\"fa fa-thumbs-up\"><\/i>\n\t\t\t\t\t\t\t\t<\/span>\n\t\t\t\t\t\t\t\t<span class=\"upvote-count\">\n\t\t\t\t\t\t\t\t\t1\t\t\t\t\t\t\t\t<\/span>\n\t\t\t\t\t\t\t<\/div>\n\t\t\t\t\t\t\t<!-- \/upvote section -->\n\n\t\t\t\t\t\t\t\t\t\t\t\t\n\t\t\t\t\t<\/li>\n\t\t\t\t\t\n\t\t\t\t\t<li id=\"item-2949-15\">\n\t\t\t\t\t\t\t\t\t\t\t\t<!-- List Anchor -->\n\t\t\t\t\t\t<a   href=\"http:\/\/www.spell.org.br\/periodicos\/ver\/131\/sociedade--contabilidade-e-gestao\"\n\t\t\t\t\t\t\ttarget=\"_blank\">\n\n\t\t\t\t\t\t\t<!-- Image, If Present -->\n\t\t\t\t\t\t\t15 - \t\t\t\t\t\t\t\t\t\t\t\t\t\t\n\t\t\t\t\t\t\t\n\t\t\t\t\t\t\t\t<span class=\"list-img\">\n\t\t\t\t\t\t\t\t\t\t\t\t\t\t\t\t\t\t<img src=\"https:\/\/www.uninter.com\/biblioteca\/wp-content\/uploads\/2020\/09\/16-150x97.jpg\" alt=\"\">\n\t\t\t\t\t\t\t\t<\/span>\n\t\t\t\t\t\t\t\n\t\t\t\t\t\t\t<!-- Link Text -->\n\t\t\t\t\t\t\tRevista Sociedade, Contabilidade e Gest\u00e3o\t\t\t\t\t\t\t\n\t\t\t\t\t\t\t\t\t\t\t\t\t\t<span style=\"font-size:12px;\"><br>\n\t                                \t\t\t\t\t\t\t<\/span>\t\n\t                        \n\t\t\t\t\t\t<\/a>\n\t\t\t\t\t\t\n\t\t\t\t\t\t\t<!-- upvote section -->\n\t\t\t\t\t\t\t<div class=\"upvote-section\">\n\t\t\t\t\t\t\t\t<span data-post-id=\"2949\" data-item-title=\"Revista Sociedade, Contabilidade e Gest\u00e3o\" data-item-link=\"http:\/\/www.spell.org.br\/periodicos\/ver\/131\/sociedade--contabilidade-e-gestao\" class=\"upvote-btn upvote-on\">\n\t\t\t\t\t\t\t\t\t<i class=\"fa fa-thumbs-up\"><\/i>\n\t\t\t\t\t\t\t\t<\/span>\n\t\t\t\t\t\t\t\t<span class=\"upvote-count\">\n\t\t\t\t\t\t\t\t\t1\t\t\t\t\t\t\t\t<\/span>\n\t\t\t\t\t\t\t<\/div>\n\t\t\t\t\t\t\t<!-- \/upvote section -->\n\n\t\t\t\t\t\t\t\t\t\t\t\t\n\t\t\t\t\t<\/li>\n\t\t\t\t\t\n\t\t\t\t\t<li id=\"item-2949-16\">\n\t\t\t\t\t\t\t\t\t\t\t\t<!-- List Anchor -->\n\t\t\t\t\t\t<a   href=\"http:\/\/revistas.ung.br\/index.php\/3setor\"\n\t\t\t\t\t\t\ttarget=\"_blank\">\n\n\t\t\t\t\t\t\t<!-- Image, If Present -->\n\t\t\t\t\t\t\t16 - \t\t\t\t\t\t\t\t\t\t\t\t\t\t\n\t\t\t\t\t\t\t\n\t\t\t\t\t\t\t\t<span class=\"list-img\">\n\t\t\t\t\t\t\t\t\t\t\t\t\t\t\t\t\t\t<img src=\"https:\/\/www.uninter.com\/biblioteca\/wp-content\/uploads\/2020\/09\/17-150x150.jpg\" alt=\"\">\n\t\t\t\t\t\t\t\t<\/span>\n\t\t\t\t\t\t\t\n\t\t\t\t\t\t\t<!-- Link Text -->\n\t\t\t\t\t\t\tRevista Terceiro Setor &amp; Gest\u00e3o\t\t\t\t\t\t\t\n\t\t\t\t\t\t\t\t\t\t\t\t\t\t<span style=\"font-size:12px;\"><br>\n\t                                \t\t\t\t\t\t\t<\/span>\t\n\t                        \n\t\t\t\t\t\t<\/a>\n\t\t\t\t\t\t\n\t\t\t\t\t\t\t<!-- upvote section -->\n\t\t\t\t\t\t\t<div class=\"upvote-section\">\n\t\t\t\t\t\t\t\t<span data-post-id=\"2949\" data-item-title=\"Revista Terceiro Setor &amp; Gest\u00e3o\" data-item-link=\"http:\/\/revistas.ung.br\/index.php\/3setor\" class=\"upvote-btn upvote-on\">\n\t\t\t\t\t\t\t\t\t<i class=\"fa fa-thumbs-up\"><\/i>\n\t\t\t\t\t\t\t\t<\/span>\n\t\t\t\t\t\t\t\t<span class=\"upvote-count\">\n\t\t\t\t\t\t\t\t\t1\t\t\t\t\t\t\t\t<\/span>\n\t\t\t\t\t\t\t<\/div>\n\t\t\t\t\t\t\t<!-- \/upvote section -->\n\n\t\t\t\t\t\t\t\t\t\t\t\t\n\t\t\t\t\t<\/li>\n\t\t\t\t\t\n\t\t\t\t\t<li id=\"item-2949-17\">\n\t\t\t\t\t\t\t\t\t\t\t\t<!-- List Anchor -->\n\t\t\t\t\t\t<a   href=\"https:\/\/raep.emnuvens.com.br\/raep\/about\"\n\t\t\t\t\t\t\ttarget=\"_blank\">\n\n\t\t\t\t\t\t\t<!-- Image, If Present -->\n\t\t\t\t\t\t\t17 - \t\t\t\t\t\t\t\t\t\t\t\t\t\t\n\t\t\t\t\t\t\t\n\t\t\t\t\t\t\t\t<span class=\"list-img\">\n\t\t\t\t\t\t\t\t\t\t\t\t\t\t\t\t\t\t<img src=\"https:\/\/www.uninter.com\/biblioteca\/wp-content\/uploads\/2020\/09\/19-150x150.jpg\" alt=\"\">\n\t\t\t\t\t\t\t\t<\/span>\n\t\t\t\t\t\t\t\n\t\t\t\t\t\t\t<!-- Link Text -->\n\t\t\t\t\t\t\tRAEP - Revista administra\u00e7\u00e3o: Ensino &amp; Pesquisa\t\t\t\t\t\t\t\n\t\t\t\t\t\t\t\t\t\t\t\t\t\t<span style=\"font-size:12px;\"><br>\n\t                                \t\t\t\t\t\t\t<\/span>\t\n\t                        \n\t\t\t\t\t\t<\/a>\n\t\t\t\t\t\t\n\t\t\t\t\t\t\t<!-- upvote section -->\n\t\t\t\t\t\t\t<div class=\"upvote-section\">\n\t\t\t\t\t\t\t\t<span data-post-id=\"2949\" data-item-title=\"RAEP - Revista administra\u00e7\u00e3o: Ensino &amp; Pesquisa\" data-item-link=\"https:\/\/raep.emnuvens.com.br\/raep\/about\" class=\"upvote-btn upvote-on\">\n\t\t\t\t\t\t\t\t\t<i class=\"fa fa-thumbs-up\"><\/i>\n\t\t\t\t\t\t\t\t<\/span>\n\t\t\t\t\t\t\t\t<span class=\"upvote-count\">\n\t\t\t\t\t\t\t\t\t1\t\t\t\t\t\t\t\t<\/span>\n\t\t\t\t\t\t\t<\/div>\n\t\t\t\t\t\t\t<!-- \/upvote section -->\n\n\t\t\t\t\t\t\t\t\t\t\t\t\n\t\t\t\t\t<\/li>\n\t\t\t\t\t\n\t\t\t\t\t<li id=\"item-2949-18\">\n\t\t\t\t\t\t\t\t\t\t\t\t<!-- List Anchor -->\n\t\t\t\t\t\t<a   href=\"https:\/\/revistacgg.org\/index.php\/contabil\"\n\t\t\t\t\t\t\ttarget=\"_blank\">\n\n\t\t\t\t\t\t\t<!-- Image, If Present -->\n\t\t\t\t\t\t\t18 - \t\t\t\t\t\t\t\t\t\t\t\t\t\t\n\t\t\t\t\t\t\t\n\t\t\t\t\t\t\t\t<span class=\"list-img\">\n\t\t\t\t\t\t\t\t\t\t\t\t\t\t\t\t\t\t<img src=\"https:\/\/www.uninter.com\/biblioteca\/wp-content\/uploads\/2020\/09\/20-150x150.jpg\" alt=\"\">\n\t\t\t\t\t\t\t\t<\/span>\n\t\t\t\t\t\t\t\n\t\t\t\t\t\t\t<!-- Link Text -->\n\t\t\t\t\t\t\tRevista de Contabilidade, Gest\u00e3o e Governan\u00e7a\t\t\t\t\t\t\t\n\t\t\t\t\t\t\t\t\t\t\t\t\t\t<span style=\"font-size:12px;\"><br>\n\t                                \t\t\t\t\t\t\t<\/span>\t\n\t                        \n\t\t\t\t\t\t<\/a>\n\t\t\t\t\t\t\n\t\t\t\t\t\t\t<!-- upvote section -->\n\t\t\t\t\t\t\t<div class=\"upvote-section\">\n\t\t\t\t\t\t\t\t<span data-post-id=\"2949\" data-item-title=\"Revista de Contabilidade, Gest\u00e3o e Governan\u00e7a\" data-item-link=\"https:\/\/revistacgg.org\/index.php\/contabil\" class=\"upvote-btn upvote-on\">\n\t\t\t\t\t\t\t\t\t<i class=\"fa fa-thumbs-up\"><\/i>\n\t\t\t\t\t\t\t\t<\/span>\n\t\t\t\t\t\t\t\t<span class=\"upvote-count\">\n\t\t\t\t\t\t\t\t\t1\t\t\t\t\t\t\t\t<\/span>\n\t\t\t\t\t\t\t<\/div>\n\t\t\t\t\t\t\t<!-- \/upvote section -->\n\n\t\t\t\t\t\t\t\t\t\t\t\t\n\t\t\t\t\t<\/li>\n\t\t\t\t\t\n\t\t\t\t\t<li id=\"item-2949-19\">\n\t\t\t\t\t\t\t\t\t\t\t\t<!-- List Anchor -->\n\t\t\t\t\t\t<a   href=\"https:\/\/www.ipea.gov.br\/ppp\/index.php\/PPP\/about\"\n\t\t\t\t\t\t\ttarget=\"_blank\">\n\n\t\t\t\t\t\t\t<!-- Image, If Present -->\n\t\t\t\t\t\t\t19 - \t\t\t\t\t\t\t\t\t\t\t\t\t\t\n\t\t\t\t\t\t\t\n\t\t\t\t\t\t\t\t<span class=\"list-img\">\n\t\t\t\t\t\t\t\t\t\t\t\t\t\t\t\t\t\t<img src=\"https:\/\/www.uninter.com\/biblioteca\/wp-content\/uploads\/2020\/09\/21-150x150.jpg\" alt=\"\">\n\t\t\t\t\t\t\t\t<\/span>\n\t\t\t\t\t\t\t\n\t\t\t\t\t\t\t<!-- Link Text -->\n\t\t\t\t\t\t\tIPEA - Planejamento e pol\u00edticas p\u00fablicas - PPP\t\t\t\t\t\t\t\n\t\t\t\t\t\t\t\t\t\t\t\t\t\t<span style=\"font-size:12px;\"><br>\n\t                                \t\t\t\t\t\t\t<\/span>\t\n\t                        \n\t\t\t\t\t\t<\/a>\n\t\t\t\t\t\t\n\t\t\t\t\t\t\t<!-- upvote section -->\n\t\t\t\t\t\t\t<div class=\"upvote-section\">\n\t\t\t\t\t\t\t\t<span data-post-id=\"2949\" data-item-title=\"IPEA - Planejamento e pol\u00edticas p\u00fablicas - PPP\" data-item-link=\"https:\/\/www.ipea.gov.br\/ppp\/index.php\/PPP\/about\" class=\"upvote-btn upvote-on\">\n\t\t\t\t\t\t\t\t\t<i class=\"fa fa-thumbs-up\"><\/i>\n\t\t\t\t\t\t\t\t<\/span>\n\t\t\t\t\t\t\t\t<span class=\"upvote-count\">\n\t\t\t\t\t\t\t\t\t1\t\t\t\t\t\t\t\t<\/span>\n\t\t\t\t\t\t\t<\/div>\n\t\t\t\t\t\t\t<!-- \/upvote section -->\n\n\t\t\t\t\t\t\t\t\t\t\t\t\n\t\t\t\t\t<\/li>\n\t\t\t\t\t\n\t\t\t\t\t<li id=\"item-2949-20\">\n\t\t\t\t\t\t\t\t\t\t\t\t<!-- List Anchor -->\n\t\t\t\t\t\t<a   href=\"https:\/\/periodicos.pucpr.br\/Urbe\/about\"\n\t\t\t\t\t\t\ttarget=\"_blank\">\n\n\t\t\t\t\t\t\t<!-- Image, If Present -->\n\t\t\t\t\t\t\t20 - \t\t\t\t\t\t\t\t\t\t\t\t\t\t\n\t\t\t\t\t\t\t\n\t\t\t\t\t\t\t\t<span class=\"list-img\">\n\t\t\t\t\t\t\t\t\t\t\t\t\t\t\t\t\t\t<img src=\"https:\/\/www.uninter.com\/biblioteca\/wp-content\/uploads\/2020\/09\/URBE-Revista-Brasileira-de-Gestao-Urbana-150x150.jpg\" alt=\"\">\n\t\t\t\t\t\t\t\t<\/span>\n\t\t\t\t\t\t\t\n\t\t\t\t\t\t\t<!-- Link Text -->\n\t\t\t\t\t\t\tURBE- Revista Brasileira de Gest\u00e3o Urbana\t\t\t\t\t\t\t\n\t\t\t\t\t\t\t\t\t\t\t\t\t\t<span style=\"font-size:12px;\"><br>\n\t                                \t\t\t\t\t\t\t<\/span>\t\n\t                        \n\t\t\t\t\t\t<\/a>\n\t\t\t\t\t\t\n\t\t\t\t\t\t\t<!-- upvote section -->\n\t\t\t\t\t\t\t<div class=\"upvote-section\">\n\t\t\t\t\t\t\t\t<span data-post-id=\"2949\" data-item-title=\"URBE- Revista Brasileira de Gest\u00e3o Urbana\" data-item-link=\"https:\/\/periodicos.pucpr.br\/Urbe\/about\" class=\"upvote-btn upvote-on\">\n\t\t\t\t\t\t\t\t\t<i class=\"fa fa-thumbs-up\"><\/i>\n\t\t\t\t\t\t\t\t<\/span>\n\t\t\t\t\t\t\t\t<span class=\"upvote-count\">\n\t\t\t\t\t\t\t\t\t1\t\t\t\t\t\t\t\t<\/span>\n\t\t\t\t\t\t\t<\/div>\n\t\t\t\t\t\t\t<!-- \/upvote section -->\n\n\t\t\t\t\t\t\t\t\t\t\t\t\n\t\t\t\t\t<\/li>\n\t\t\t\t\t\t\t\t\t<\/ul>\n\n\t\t\t<\/div>\n\n\t\t<\/div>\n\t\t<!-- \/Individual List Item -->\n\n\t\t\n\t\t<br \/>\n\r\n<!--  Starting Simple Link Directory Plugin Output -->\n<div class=\"qcopd_embed_container\">\r\n\r\n\r\n\r\n\r\n\r\n\r\n\r\n<\/div>\r\n<div class=\"qcopd-list-wrapper\">\n\t<div id=\"opd-list-holder\" class=\"qcopd-list-holder\">\n\t\t\n\t\t<!-- Individual List Item -->\n\t\t<div id=\"list-item-1-3434\" class=\"qc-grid-item qcopd-list-column opd-column-1 simple opd-list-id-3434\">\n\t\t\t<div class=\"qcopd-single-list\">\n\t\t\t\t\t<h2 onclick=\"if(document.getElementById('3434').style.display=='block'){document.getElementById('3434').style.display='none';}else{document.getElementById('3434').style.display='block';};\">\n\t\t\t\t\tMEDIA\u00c7\u00c3O, CONCILIA\u00c7\u00c3O E ARBITRAGEM\t\t\t\t<\/h2>\n\t\t\t\t<ul  style=display:none; id=3434 >\n\t\t\t\t\t\n\t\t\t\t\t<li id=\"item-3434-1\">\n\t\t\t\t\t\t\t\t\t\t\t\t<!-- List Anchor -->\n\t\t\t\t\t\t<a   href=\"https:\/\/www.sumarios.org\/revista\/media%C3%A7%C3%A3o\"\n\t\t\t\t\t\t\ttarget=\"_blank\">\n\n\t\t\t\t\t\t\t<!-- Image, If Present -->\n\t\t\t\t\t\t\t1 - \t\t\t\t\t\t\t\t\t\t\t\t\t\t\n\t\t\t\t\t\t\t\n\t\t\t\t\t\t\t\t<span class=\"list-img\">\n\t\t\t\t\t\t\t\t\t\t\t\t\t\t\t\t\t\t<img src=\"https:\/\/www.uninter.com\/biblioteca\/wp-content\/uploads\/2021\/09\/1-150x150.png\" alt=\"\">\n\t\t\t\t\t\t\t\t<\/span>\n\t\t\t\t\t\t\t\n\t\t\t\t\t\t\t<!-- Link Text -->\n\t\t\t\t\t\t\tRevista Media\u00e7\u00e3o \t\t\t\t\t\t\t\n\t\t\t\t\t\t\t\t\t\t\t\t\t\t<span style=\"font-size:12px;\"><br>\n\t                                \t\t\t\t\t\t\t<\/span>\t\n\t                        \n\t\t\t\t\t\t<\/a>\n\t\t\t\t\t\t\n\t\t\t\t\t\t\t<!-- upvote section -->\n\t\t\t\t\t\t\t<div class=\"upvote-section\">\n\t\t\t\t\t\t\t\t<span data-post-id=\"3434\" data-item-title=\"Revista Media\u00e7\u00e3o\" data-item-link=\"https:\/\/www.sumarios.org\/revista\/media%C3%A7%C3%A3o\" class=\"upvote-btn upvote-on\">\n\t\t\t\t\t\t\t\t\t<i class=\"fa fa-thumbs-up\"><\/i>\n\t\t\t\t\t\t\t\t<\/span>\n\t\t\t\t\t\t\t\t<span class=\"upvote-count\">\n\t\t\t\t\t\t\t\t\t\t\t\t\t\t\t\t\t<\/span>\n\t\t\t\t\t\t\t<\/div>\n\t\t\t\t\t\t\t<!-- \/upvote section -->\n\n\t\t\t\t\t\t\t\t\t\t\t\t\n\t\t\t\t\t<\/li>\n\t\t\t\t\t\n\t\t\t\t\t<li id=\"item-3434-2\">\n\t\t\t\t\t\t\t\t\t\t\t\t<!-- List Anchor -->\n\t\t\t\t\t\t<a   href=\"https:\/\/www.indexlaw.org\/index.php\/revistasolucoesconflitos\/index\"\n\t\t\t\t\t\t\ttarget=\"_blank\">\n\n\t\t\t\t\t\t\t<!-- Image, If Present -->\n\t\t\t\t\t\t\t2 - \t\t\t\t\t\t\t\t\t\t\t\t\t\t\n\t\t\t\t\t\t\t\n\t\t\t\t\t\t\t\t<span class=\"list-img\">\n\t\t\t\t\t\t\t\t\t\t\t\t\t\t\t\t\t\t<img src=\"https:\/\/www.uninter.com\/biblioteca\/wp-content\/uploads\/2021\/09\/2-150x150.jpg\" alt=\"\">\n\t\t\t\t\t\t\t\t<\/span>\n\t\t\t\t\t\t\t\n\t\t\t\t\t\t\t<!-- Link Text -->\n\t\t\t\t\t\t\tRevista de Formas Consensuais de Solu\u00e7\u00e3o de Conflitos\t\t\t\t\t\t\t\n\t\t\t\t\t\t\t\t\t\t\t\t\t\t<span style=\"font-size:12px;\"><br>\n\t                                \t\t\t\t\t\t\t<\/span>\t\n\t                        \n\t\t\t\t\t\t<\/a>\n\t\t\t\t\t\t\n\t\t\t\t\t\t\t<!-- upvote section -->\n\t\t\t\t\t\t\t<div class=\"upvote-section\">\n\t\t\t\t\t\t\t\t<span data-post-id=\"3434\" data-item-title=\"Revista de Formas Consensuais de Solu\u00e7\u00e3o de Conflitos\" data-item-link=\"https:\/\/www.indexlaw.org\/index.php\/revistasolucoesconflitos\/index\" class=\"upvote-btn upvote-on\">\n\t\t\t\t\t\t\t\t\t<i class=\"fa fa-thumbs-up\"><\/i>\n\t\t\t\t\t\t\t\t<\/span>\n\t\t\t\t\t\t\t\t<span class=\"upvote-count\">\n\t\t\t\t\t\t\t\t\t\t\t\t\t\t\t\t\t<\/span>\n\t\t\t\t\t\t\t<\/div>\n\t\t\t\t\t\t\t<!-- \/upvote section -->\n\n\t\t\t\t\t\t\t\t\t\t\t\t\n\t\t\t\t\t<\/li>\n\t\t\t\t\t\n\t\t\t\t\t<li id=\"item-3434-3\">\n\t\t\t\t\t\t\t\t\t\t\t\t<!-- List Anchor -->\n\t\t\t\t\t\t<a   href=\"https:\/\/ejud.tjpr.jus.br\/revista-gralha-azul\"\n\t\t\t\t\t\t\ttarget=\"_blank\">\n\n\t\t\t\t\t\t\t<!-- Image, If Present -->\n\t\t\t\t\t\t\t3 - \t\t\t\t\t\t\t\t\t\t\t\t\t\t\n\t\t\t\t\t\t\t\n\t\t\t\t\t\t\t\t<span class=\"list-img\">\n\t\t\t\t\t\t\t\t\t\t\t\t\t\t\t\t\t\t<img src=\"https:\/\/www.uninter.com\/biblioteca\/wp-content\/uploads\/2021\/09\/3-150x150.png\" alt=\"\">\n\t\t\t\t\t\t\t\t<\/span>\n\t\t\t\t\t\t\t\n\t\t\t\t\t\t\t<!-- Link Text -->\n\t\t\t\t\t\t\tRevista Gralha Azul\t\t\t\t\t\t\t\n\t\t\t\t\t\t\t\t\t\t\t\t\t\t<span style=\"font-size:12px;\"><br>\n\t                                \t\t\t\t\t\t\t<\/span>\t\n\t                        \n\t\t\t\t\t\t<\/a>\n\t\t\t\t\t\t\n\t\t\t\t\t\t\t<!-- upvote section -->\n\t\t\t\t\t\t\t<div class=\"upvote-section\">\n\t\t\t\t\t\t\t\t<span data-post-id=\"3434\" data-item-title=\"Revista Gralha Azul\" data-item-link=\"https:\/\/ejud.tjpr.jus.br\/revista-gralha-azul\" class=\"upvote-btn upvote-on\">\n\t\t\t\t\t\t\t\t\t<i class=\"fa fa-thumbs-up\"><\/i>\n\t\t\t\t\t\t\t\t<\/span>\n\t\t\t\t\t\t\t\t<span class=\"upvote-count\">\n\t\t\t\t\t\t\t\t\t\t\t\t\t\t\t\t\t<\/span>\n\t\t\t\t\t\t\t<\/div>\n\t\t\t\t\t\t\t<!-- \/upvote section -->\n\n\t\t\t\t\t\t\t\t\t\t\t\t\n\t\t\t\t\t<\/li>\n\t\t\t\t\t\n\t\t\t\t\t<li id=\"item-3434-4\">\n\t\t\t\t\t\t\t\t\t\t\t\t<!-- List Anchor -->\n\t\t\t\t\t\t<a   href=\"https:\/\/ambitojuridico.com.br\/category\/revista-ambito-juridico\/\"\n\t\t\t\t\t\t\ttarget=\"_blank\">\n\n\t\t\t\t\t\t\t<!-- Image, If Present -->\n\t\t\t\t\t\t\t4 - \t\t\t\t\t\t\t\t\t\t\t\t\t\t\n\t\t\t\t\t\t\t\n\t\t\t\t\t\t\t\t<span class=\"list-img\">\n\t\t\t\t\t\t\t\t\t\t\t\t\t\t\t\t\t\t<img src=\"https:\/\/www.uninter.com\/biblioteca\/wp-content\/uploads\/2021\/09\/4-150x136.jpg\" alt=\"\">\n\t\t\t\t\t\t\t\t<\/span>\n\t\t\t\t\t\t\t\n\t\t\t\t\t\t\t<!-- Link Text -->\n\t\t\t\t\t\t\tRevista \u00c2mbito Jur\u00eddico\t\t\t\t\t\t\t\n\t\t\t\t\t\t\t\t\t\t\t\t\t\t<span style=\"font-size:12px;\"><br>\n\t                                \t\t\t\t\t\t\t<\/span>\t\n\t                        \n\t\t\t\t\t\t<\/a>\n\t\t\t\t\t\t\n\t\t\t\t\t\t\t<!-- upvote section -->\n\t\t\t\t\t\t\t<div class=\"upvote-section\">\n\t\t\t\t\t\t\t\t<span data-post-id=\"3434\" data-item-title=\"Revista \u00c2mbito Jur\u00eddico\" data-item-link=\"https:\/\/ambitojuridico.com.br\/category\/revista-ambito-juridico\/\" class=\"upvote-btn upvote-on\">\n\t\t\t\t\t\t\t\t\t<i class=\"fa fa-thumbs-up\"><\/i>\n\t\t\t\t\t\t\t\t<\/span>\n\t\t\t\t\t\t\t\t<span class=\"upvote-count\">\n\t\t\t\t\t\t\t\t\t\t\t\t\t\t\t\t\t<\/span>\n\t\t\t\t\t\t\t<\/div>\n\t\t\t\t\t\t\t<!-- \/upvote section -->\n\n\t\t\t\t\t\t\t\t\t\t\t\t\n\t\t\t\t\t<\/li>\n\t\t\t\t\t\n\t\t\t\t\t<li id=\"item-3434-5\">\n\t\t\t\t\t\t\t\t\t\t\t\t<!-- List Anchor -->\n\t\t\t\t\t\t<a   href=\"https:\/\/revista.uemg.br\/index.php\/mediacao\/index\"\n\t\t\t\t\t\t\ttarget=\"_blank\">\n\n\t\t\t\t\t\t\t<!-- Image, If Present -->\n\t\t\t\t\t\t\t5 - \t\t\t\t\t\t\t\t\t\t\t\t\t\t\n\t\t\t\t\t\t\t\n\t\t\t\t\t\t\t\t<span class=\"list-img\">\n\t\t\t\t\t\t\t\t\t\t\t\t\t\t\t\t\t\t<img src=\"https:\/\/www.uninter.com\/biblioteca\/wp-content\/uploads\/2021\/09\/5-150x150.jpg\" alt=\"\">\n\t\t\t\t\t\t\t\t<\/span>\n\t\t\t\t\t\t\t\n\t\t\t\t\t\t\t<!-- Link Text -->\n\t\t\t\t\t\t\tRevista Media\u00e7\u00e3o Educa\u00e7\u00e3o e Humanidades\t\t\t\t\t\t\t\n\t\t\t\t\t\t\t\t\t\t\t\t\t\t<span style=\"font-size:12px;\"><br>\n\t                                \t\t\t\t\t\t\t<\/span>\t\n\t                        \n\t\t\t\t\t\t<\/a>\n\t\t\t\t\t\t\n\t\t\t\t\t\t\t<!-- upvote section -->\n\t\t\t\t\t\t\t<div class=\"upvote-section\">\n\t\t\t\t\t\t\t\t<span data-post-id=\"3434\" data-item-title=\"Revista Media\u00e7\u00e3o Educa\u00e7\u00e3o e Humanidades\" data-item-link=\"https:\/\/revista.uemg.br\/index.php\/mediacao\/index\" class=\"upvote-btn upvote-on\">\n\t\t\t\t\t\t\t\t\t<i class=\"fa fa-thumbs-up\"><\/i>\n\t\t\t\t\t\t\t\t<\/span>\n\t\t\t\t\t\t\t\t<span class=\"upvote-count\">\n\t\t\t\t\t\t\t\t\t\t\t\t\t\t\t\t\t<\/span>\n\t\t\t\t\t\t\t<\/div>\n\t\t\t\t\t\t\t<!-- \/upvote section -->\n\n\t\t\t\t\t\t\t\t\t\t\t\t\n\t\t\t\t\t<\/li>\n\t\t\t\t\t\n\t\t\t\t\t<li id=\"item-3434-6\">\n\t\t\t\t\t\t\t\t\t\t\t\t<!-- List Anchor -->\n\t\t\t\t\t\t<a   href=\"https:\/\/www.revista.ueg.br\/index.php\/mediacao\"\n\t\t\t\t\t\t\ttarget=\"_blank\">\n\n\t\t\t\t\t\t\t<!-- Image, If Present -->\n\t\t\t\t\t\t\t6 - \t\t\t\t\t\t\t\t\t\t\t\t\t\t\n\t\t\t\t\t\t\t\n\t\t\t\t\t\t\t\t<span class=\"list-img\">\n\t\t\t\t\t\t\t\t\t\t\t\t\t\t\t\t\t\t<img src=\"https:\/\/www.uninter.com\/biblioteca\/wp-content\/uploads\/2021\/09\/6-150x150.jpg\" alt=\"\">\n\t\t\t\t\t\t\t\t<\/span>\n\t\t\t\t\t\t\t\n\t\t\t\t\t\t\t<!-- Link Text -->\n\t\t\t\t\t\t\tRevista Media\u00e7\u00e3o -UEG\t\t\t\t\t\t\t\n\t\t\t\t\t\t\t\t\t\t\t\t\t\t<span style=\"font-size:12px;\"><br>\n\t                                \t\t\t\t\t\t\t<\/span>\t\n\t                        \n\t\t\t\t\t\t<\/a>\n\t\t\t\t\t\t\n\t\t\t\t\t\t\t<!-- upvote section -->\n\t\t\t\t\t\t\t<div class=\"upvote-section\">\n\t\t\t\t\t\t\t\t<span data-post-id=\"3434\" data-item-title=\"Revista Media\u00e7\u00e3o -UEG\" data-item-link=\"https:\/\/www.revista.ueg.br\/index.php\/mediacao\" class=\"upvote-btn upvote-on\">\n\t\t\t\t\t\t\t\t\t<i class=\"fa fa-thumbs-up\"><\/i>\n\t\t\t\t\t\t\t\t<\/span>\n\t\t\t\t\t\t\t\t<span class=\"upvote-count\">\n\t\t\t\t\t\t\t\t\t\t\t\t\t\t\t\t\t<\/span>\n\t\t\t\t\t\t\t<\/div>\n\t\t\t\t\t\t\t<!-- \/upvote section -->\n\n\t\t\t\t\t\t\t\t\t\t\t\t\n\t\t\t\t\t<\/li>\n\t\t\t\t\t\n\t\t\t\t\t<li id=\"item-3434-7\">\n\t\t\t\t\t\t\t\t\t\t\t\t<!-- List Anchor -->\n\t\t\t\t\t\t<a   href=\"https:\/\/revistas.ufpr.br\/dint\/article\/view\/5320\"\n\t\t\t\t\t\t\ttarget=\"_blank\">\n\n\t\t\t\t\t\t\t<!-- Image, If Present -->\n\t\t\t\t\t\t\t7 - \t\t\t\t\t\t\t\t\t\t\t\t\t\t\n\t\t\t\t\t\t\t\n\t\t\t\t\t\t\t\t<span class=\"list-img\">\n\t\t\t\t\t\t\t\t\t\t\t\t\t\t\t\t\t\t<img src=\"https:\/\/www.uninter.com\/biblioteca\/wp-content\/uploads\/2021\/09\/7-150x150.png\" alt=\"\">\n\t\t\t\t\t\t\t\t<\/span>\n\t\t\t\t\t\t\t\n\t\t\t\t\t\t\t<!-- Link Text -->\n\t\t\t\t\t\t\tRevista Brasileira de Direito Internacional - RBDI\t\t\t\t\t\t\t\n\t\t\t\t\t\t\t\t\t\t\t\t\t\t<span style=\"font-size:12px;\"><br>\n\t                                \t\t\t\t\t\t\t<\/span>\t\n\t                        \n\t\t\t\t\t\t<\/a>\n\t\t\t\t\t\t\n\t\t\t\t\t\t\t<!-- upvote section -->\n\t\t\t\t\t\t\t<div class=\"upvote-section\">\n\t\t\t\t\t\t\t\t<span data-post-id=\"3434\" data-item-title=\"Revista Brasileira de Direito Internacional - RBDI\" data-item-link=\"https:\/\/revistas.ufpr.br\/dint\/article\/view\/5320\" class=\"upvote-btn upvote-on\">\n\t\t\t\t\t\t\t\t\t<i class=\"fa fa-thumbs-up\"><\/i>\n\t\t\t\t\t\t\t\t<\/span>\n\t\t\t\t\t\t\t\t<span class=\"upvote-count\">\n\t\t\t\t\t\t\t\t\t\t\t\t\t\t\t\t\t<\/span>\n\t\t\t\t\t\t\t<\/div>\n\t\t\t\t\t\t\t<!-- \/upvote section -->\n\n\t\t\t\t\t\t\t\t\t\t\t\t\n\t\t\t\t\t<\/li>\n\t\t\t\t\t\n\t\t\t\t\t<li id=\"item-3434-8\">\n\t\t\t\t\t\t\t\t\t\t\t\t<!-- List Anchor -->\n\t\t\t\t\t\t<a   href=\"http:\/\/direitoestadosociedade.jur.puc-rio.br\/cgi\/cgilua.exe\/sys\/start.htm?tpl=home\"\n\t\t\t\t\t\t\ttarget=\"_blank\">\n\n\t\t\t\t\t\t\t<!-- Image, If Present -->\n\t\t\t\t\t\t\t8 - \t\t\t\t\t\t\t\t\t\t\t\t\t\t\n\t\t\t\t\t\t\t\n\t\t\t\t\t\t\t\t<span class=\"list-img\">\n\t\t\t\t\t\t\t\t\t\t\t\t\t\t\t\t\t\t<img src=\"https:\/\/www.uninter.com\/biblioteca\/wp-content\/uploads\/2021\/09\/8-150x150.jpg\" alt=\"\">\n\t\t\t\t\t\t\t\t<\/span>\n\t\t\t\t\t\t\t\n\t\t\t\t\t\t\t<!-- Link Text -->\n\t\t\t\t\t\t\tRevista Direito, Estado e Sociedade\t\t\t\t\t\t\t\n\t\t\t\t\t\t\t\t\t\t\t\t\t\t<span style=\"font-size:12px;\"><br>\n\t                                \t\t\t\t\t\t\t<\/span>\t\n\t                        \n\t\t\t\t\t\t<\/a>\n\t\t\t\t\t\t\n\t\t\t\t\t\t\t<!-- upvote section -->\n\t\t\t\t\t\t\t<div class=\"upvote-section\">\n\t\t\t\t\t\t\t\t<span data-post-id=\"3434\" data-item-title=\"Revista Direito, Estado e Sociedade\" data-item-link=\"http:\/\/direitoestadosociedade.jur.puc-rio.br\/cgi\/cgilua.exe\/sys\/start.htm?tpl=home\" class=\"upvote-btn upvote-on\">\n\t\t\t\t\t\t\t\t\t<i class=\"fa fa-thumbs-up\"><\/i>\n\t\t\t\t\t\t\t\t<\/span>\n\t\t\t\t\t\t\t\t<span class=\"upvote-count\">\n\t\t\t\t\t\t\t\t\t\t\t\t\t\t\t\t\t<\/span>\n\t\t\t\t\t\t\t<\/div>\n\t\t\t\t\t\t\t<!-- \/upvote section -->\n\n\t\t\t\t\t\t\t\t\t\t\t\t\n\t\t\t\t\t<\/li>\n\t\t\t\t\t\n\t\t\t\t\t<li id=\"item-3434-9\">\n\t\t\t\t\t\t\t\t\t\t\t\t<!-- List Anchor -->\n\t\t\t\t\t\t<a   href=\"https:\/\/revistaeletronicardfd.unibrasil.com.br\/index.php\/rdfd\"\n\t\t\t\t\t\t\ttarget=\"_blank\">\n\n\t\t\t\t\t\t\t<!-- Image, If Present -->\n\t\t\t\t\t\t\t9 - \t\t\t\t\t\t\t\t\t\t\t\t\t\t\n\t\t\t\t\t\t\t\n\t\t\t\t\t\t\t\t<span class=\"list-img\">\n\t\t\t\t\t\t\t\t\t\t\t\t\t\t\t\t\t\t<img src=\"https:\/\/www.uninter.com\/biblioteca\/wp-content\/uploads\/2021\/09\/9-150x150.jpg\" alt=\"\">\n\t\t\t\t\t\t\t\t<\/span>\n\t\t\t\t\t\t\t\n\t\t\t\t\t\t\t<!-- Link Text -->\n\t\t\t\t\t\t\tRevista Direitos Fundamentais &amp; Democracia\t\t\t\t\t\t\t\n\t\t\t\t\t\t\t\t\t\t\t\t\t\t<span style=\"font-size:12px;\"><br>\n\t                                \t\t\t\t\t\t\t<\/span>\t\n\t                        \n\t\t\t\t\t\t<\/a>\n\t\t\t\t\t\t\n\t\t\t\t\t\t\t<!-- upvote section -->\n\t\t\t\t\t\t\t<div class=\"upvote-section\">\n\t\t\t\t\t\t\t\t<span data-post-id=\"3434\" data-item-title=\"Revista Direitos Fundamentais &amp; Democracia\" data-item-link=\"https:\/\/revistaeletronicardfd.unibrasil.com.br\/index.php\/rdfd\" class=\"upvote-btn upvote-on\">\n\t\t\t\t\t\t\t\t\t<i class=\"fa fa-thumbs-up\"><\/i>\n\t\t\t\t\t\t\t\t<\/span>\n\t\t\t\t\t\t\t\t<span class=\"upvote-count\">\n\t\t\t\t\t\t\t\t\t\t\t\t\t\t\t\t\t<\/span>\n\t\t\t\t\t\t\t<\/div>\n\t\t\t\t\t\t\t<!-- \/upvote section -->\n\n\t\t\t\t\t\t\t\t\t\t\t\t\n\t\t\t\t\t<\/li>\n\t\t\t\t\t\n\t\t\t\t\t<li id=\"item-3434-10\">\n\t\t\t\t\t\t\t\t\t\t\t\t<!-- List Anchor -->\n\t\t\t\t\t\t<a   href=\"http:\/\/revista.unicuritiba.edu.br\/index.php\/RevJur\/index\"\n\t\t\t\t\t\t\ttarget=\"_blank\">\n\n\t\t\t\t\t\t\t<!-- Image, If Present -->\n\t\t\t\t\t\t\t10 - \t\t\t\t\t\t\t\t\t\t\t\t\t\t\n\t\t\t\t\t\t\t\n\t\t\t\t\t\t\t\t<span class=\"list-img\">\n\t\t\t\t\t\t\t\t\t\t\t\t\t\t\t\t\t\t<img src=\"https:\/\/www.uninter.com\/biblioteca\/wp-content\/uploads\/2021\/09\/10-150x150.jpg\" alt=\"\">\n\t\t\t\t\t\t\t\t<\/span>\n\t\t\t\t\t\t\t\n\t\t\t\t\t\t\t<!-- Link Text -->\n\t\t\t\t\t\t\tREVISTA JUR\u00cdDICA\t\t\t\t\t\t\t\n\t\t\t\t\t\t\t\t\t\t\t\t\t\t<span style=\"font-size:12px;\"><br>\n\t                                \t\t\t\t\t\t\t<\/span>\t\n\t                        \n\t\t\t\t\t\t<\/a>\n\t\t\t\t\t\t\n\t\t\t\t\t\t\t<!-- upvote section -->\n\t\t\t\t\t\t\t<div class=\"upvote-section\">\n\t\t\t\t\t\t\t\t<span data-post-id=\"3434\" data-item-title=\"REVISTA JUR\u00cdDICA\" data-item-link=\"http:\/\/revista.unicuritiba.edu.br\/index.php\/RevJur\/index\" class=\"upvote-btn upvote-on\">\n\t\t\t\t\t\t\t\t\t<i class=\"fa fa-thumbs-up\"><\/i>\n\t\t\t\t\t\t\t\t<\/span>\n\t\t\t\t\t\t\t\t<span class=\"upvote-count\">\n\t\t\t\t\t\t\t\t\t\t\t\t\t\t\t\t\t<\/span>\n\t\t\t\t\t\t\t<\/div>\n\t\t\t\t\t\t\t<!-- \/upvote section -->\n\n\t\t\t\t\t\t\t\t\t\t\t\t\n\t\t\t\t\t<\/li>\n\t\t\t\t\t\n\t\t\t\t\t<li id=\"item-3434-11\">\n\t\t\t\t\t\t\t\t\t\t\t\t<!-- List Anchor -->\n\t\t\t\t\t\t<a   href=\"http:\/\/periodicos.pucminas.br\/index.php\/virtuajus\"\n\t\t\t\t\t\t\ttarget=\"_blank\">\n\n\t\t\t\t\t\t\t<!-- Image, If Present -->\n\t\t\t\t\t\t\t11 - \t\t\t\t\t\t\t\t\t\t\t\t\t\t\n\t\t\t\t\t\t\t\n\t\t\t\t\t\t\t\t<span class=\"list-img\">\n\t\t\t\t\t\t\t\t\t\t\t\t\t\t\t\t\t\t<img src=\"https:\/\/www.uninter.com\/biblioteca\/wp-content\/uploads\/2021\/09\/11-150x150.jpg\" alt=\"\">\n\t\t\t\t\t\t\t\t<\/span>\n\t\t\t\t\t\t\t\n\t\t\t\t\t\t\t<!-- Link Text -->\n\t\t\t\t\t\t\tRevista VirtuaJus\t\t\t\t\t\t\t\n\t\t\t\t\t\t\t\t\t\t\t\t\t\t<span style=\"font-size:12px;\"><br>\n\t                                \t\t\t\t\t\t\t<\/span>\t\n\t                        \n\t\t\t\t\t\t<\/a>\n\t\t\t\t\t\t\n\t\t\t\t\t\t\t<!-- upvote section -->\n\t\t\t\t\t\t\t<div class=\"upvote-section\">\n\t\t\t\t\t\t\t\t<span data-post-id=\"3434\" data-item-title=\"Revista VirtuaJus\" data-item-link=\"http:\/\/periodicos.pucminas.br\/index.php\/virtuajus\" class=\"upvote-btn upvote-on\">\n\t\t\t\t\t\t\t\t\t<i class=\"fa fa-thumbs-up\"><\/i>\n\t\t\t\t\t\t\t\t<\/span>\n\t\t\t\t\t\t\t\t<span class=\"upvote-count\">\n\t\t\t\t\t\t\t\t\t\t\t\t\t\t\t\t\t<\/span>\n\t\t\t\t\t\t\t<\/div>\n\t\t\t\t\t\t\t<!-- \/upvote section -->\n\n\t\t\t\t\t\t\t\t\t\t\t\t\n\t\t\t\t\t<\/li>\n\t\t\t\t\t\n\t\t\t\t\t<li id=\"item-3434-12\">\n\t\t\t\t\t\t\t\t\t\t\t\t<!-- List Anchor -->\n\t\t\t\t\t\t<a   href=\"https:\/\/revista.uemg.br\/index.php\/gtic-direitoecidadania\"\n\t\t\t\t\t\t\ttarget=\"_blank\">\n\n\t\t\t\t\t\t\t<!-- Image, If Present -->\n\t\t\t\t\t\t\t12 - \t\t\t\t\t\t\t\t\t\t\t\t\t\t\n\t\t\t\t\t\t\t\n\t\t\t\t\t\t\t\t<span class=\"list-img\">\n\t\t\t\t\t\t\t\t\t\t\t\t\t\t\t\t\t\t<img src=\"https:\/\/www.uninter.com\/biblioteca\/wp-content\/uploads\/2021\/09\/13-150x150.jpg\" alt=\"\">\n\t\t\t\t\t\t\t\t<\/span>\n\t\t\t\t\t\t\t\n\t\t\t\t\t\t\t<!-- Link Text -->\n\t\t\t\t\t\t\tRevista Direito e Cidadania\t\t\t\t\t\t\t\n\t\t\t\t\t\t\t\t\t\t\t\t\t\t<span style=\"font-size:12px;\"><br>\n\t                                \t\t\t\t\t\t\t<\/span>\t\n\t                        \n\t\t\t\t\t\t<\/a>\n\t\t\t\t\t\t\n\t\t\t\t\t\t\t<!-- upvote section -->\n\t\t\t\t\t\t\t<div class=\"upvote-section\">\n\t\t\t\t\t\t\t\t<span data-post-id=\"3434\" data-item-title=\"Revista Direito e Cidadania\" data-item-link=\"https:\/\/revista.uemg.br\/index.php\/gtic-direitoecidadania\" class=\"upvote-btn upvote-on\">\n\t\t\t\t\t\t\t\t\t<i class=\"fa fa-thumbs-up\"><\/i>\n\t\t\t\t\t\t\t\t<\/span>\n\t\t\t\t\t\t\t\t<span class=\"upvote-count\">\n\t\t\t\t\t\t\t\t\t\t\t\t\t\t\t\t\t<\/span>\n\t\t\t\t\t\t\t<\/div>\n\t\t\t\t\t\t\t<!-- \/upvote section -->\n\n\t\t\t\t\t\t\t\t\t\t\t\t\n\t\t\t\t\t<\/li>\n\t\t\t\t\t\n\t\t\t\t\t<li id=\"item-3434-13\">\n\t\t\t\t\t\t\t\t\t\t\t\t<!-- List Anchor -->\n\t\t\t\t\t\t<a   href=\"https:\/\/rbdcivil.ibdcivil.org.br\/rbdc\"\n\t\t\t\t\t\t\ttarget=\"_blank\">\n\n\t\t\t\t\t\t\t<!-- Image, If Present -->\n\t\t\t\t\t\t\t13 - \t\t\t\t\t\t\t\t\t\t\t\t\t\t\n\t\t\t\t\t\t\t\n\t\t\t\t\t\t\t\t<span class=\"list-img\">\n\t\t\t\t\t\t\t\t\t\t\t\t\t\t\t\t\t\t<img src=\"https:\/\/www.uninter.com\/biblioteca\/wp-content\/uploads\/2021\/09\/22-150x150.png\" alt=\"\">\n\t\t\t\t\t\t\t\t<\/span>\n\t\t\t\t\t\t\t\n\t\t\t\t\t\t\t<!-- Link Text -->\n\t\t\t\t\t\t\tRevista Brasileira de Direito Civil \u2013 RBDCivil\t\t\t\t\t\t\t\n\t\t\t\t\t\t\t\t\t\t\t\t\t\t<span style=\"font-size:12px;\"><br>\n\t                                \t\t\t\t\t\t\t<\/span>\t\n\t                        \n\t\t\t\t\t\t<\/a>\n\t\t\t\t\t\t\n\t\t\t\t\t\t\t<!-- upvote section -->\n\t\t\t\t\t\t\t<div class=\"upvote-section\">\n\t\t\t\t\t\t\t\t<span data-post-id=\"3434\" data-item-title=\"Revista Brasileira de Direito Civil \u2013 RBDCivil\" data-item-link=\"https:\/\/rbdcivil.ibdcivil.org.br\/rbdc\" class=\"upvote-btn upvote-on\">\n\t\t\t\t\t\t\t\t\t<i class=\"fa fa-thumbs-up\"><\/i>\n\t\t\t\t\t\t\t\t<\/span>\n\t\t\t\t\t\t\t\t<span class=\"upvote-count\">\n\t\t\t\t\t\t\t\t\t\t\t\t\t\t\t\t\t<\/span>\n\t\t\t\t\t\t\t<\/div>\n\t\t\t\t\t\t\t<!-- \/upvote section -->\n\n\t\t\t\t\t\t\t\t\t\t\t\t\n\t\t\t\t\t<\/li>\n\t\t\t\t\t\n\t\t\t\t\t<li id=\"item-3434-14\">\n\t\t\t\t\t\t\t\t\t\t\t\t<!-- List Anchor -->\n\t\t\t\t\t\t<a   href=\"https:\/\/periodicos.univali.br\/index.php\/nej\"\n\t\t\t\t\t\t\ttarget=\"_blank\">\n\n\t\t\t\t\t\t\t<!-- Image, If Present -->\n\t\t\t\t\t\t\t14 - \t\t\t\t\t\t\t\t\t\t\t\t\t\t\n\t\t\t\t\t\t\t\n\t\t\t\t\t\t\t\t<span class=\"list-img\">\n\t\t\t\t\t\t\t\t\t\t\t\t\t\t\t\t\t\t<img src=\"https:\/\/www.uninter.com\/biblioteca\/wp-content\/uploads\/2021\/09\/15-150x150.jpg\" alt=\"\">\n\t\t\t\t\t\t\t\t<\/span>\n\t\t\t\t\t\t\t\n\t\t\t\t\t\t\t<!-- Link Text -->\n\t\t\t\t\t\t\tRevista NEJ \t\t\t\t\t\t\t\n\t\t\t\t\t\t\t\t\t\t\t\t\t\t<span style=\"font-size:12px;\"><br>\n\t                                \t\t\t\t\t\t\t<\/span>\t\n\t                        \n\t\t\t\t\t\t<\/a>\n\t\t\t\t\t\t\n\t\t\t\t\t\t\t<!-- upvote section -->\n\t\t\t\t\t\t\t<div class=\"upvote-section\">\n\t\t\t\t\t\t\t\t<span data-post-id=\"3434\" data-item-title=\"Revista NEJ\" data-item-link=\"https:\/\/periodicos.univali.br\/index.php\/nej\" class=\"upvote-btn upvote-on\">\n\t\t\t\t\t\t\t\t\t<i class=\"fa fa-thumbs-up\"><\/i>\n\t\t\t\t\t\t\t\t<\/span>\n\t\t\t\t\t\t\t\t<span class=\"upvote-count\">\n\t\t\t\t\t\t\t\t\t\t\t\t\t\t\t\t\t<\/span>\n\t\t\t\t\t\t\t<\/div>\n\t\t\t\t\t\t\t<!-- \/upvote section -->\n\n\t\t\t\t\t\t\t\t\t\t\t\t\n\t\t\t\t\t<\/li>\n\t\t\t\t\t\n\t\t\t\t\t<li id=\"item-3434-15\">\n\t\t\t\t\t\t\t\t\t\t\t\t<!-- List Anchor -->\n\t\t\t\t\t\t<a   href=\"http:\/\/periodicos.pucminas.br\/index.php\/percursoacademico\"\n\t\t\t\t\t\t\ttarget=\"_blank\">\n\n\t\t\t\t\t\t\t<!-- Image, If Present -->\n\t\t\t\t\t\t\t15 - \t\t\t\t\t\t\t\t\t\t\t\t\t\t\n\t\t\t\t\t\t\t\n\t\t\t\t\t\t\t\t<span class=\"list-img\">\n\t\t\t\t\t\t\t\t\t\t\t\t\t\t\t\t\t\t<img src=\"https:\/\/www.uninter.com\/biblioteca\/wp-content\/uploads\/2021\/09\/16-150x150.jpg\" alt=\"\">\n\t\t\t\t\t\t\t\t<\/span>\n\t\t\t\t\t\t\t\n\t\t\t\t\t\t\t<!-- Link Text -->\n\t\t\t\t\t\t\tRevista Percurso Acad\u00eamico\t\t\t\t\t\t\t\n\t\t\t\t\t\t\t\t\t\t\t\t\t\t<span style=\"font-size:12px;\"><br>\n\t                                \t\t\t\t\t\t\t<\/span>\t\n\t                        \n\t\t\t\t\t\t<\/a>\n\t\t\t\t\t\t\n\t\t\t\t\t\t\t<!-- upvote section -->\n\t\t\t\t\t\t\t<div class=\"upvote-section\">\n\t\t\t\t\t\t\t\t<span data-post-id=\"3434\" data-item-title=\"Revista Percurso Acad\u00eamico\" data-item-link=\"http:\/\/periodicos.pucminas.br\/index.php\/percursoacademico\" class=\"upvote-btn upvote-on\">\n\t\t\t\t\t\t\t\t\t<i class=\"fa fa-thumbs-up\"><\/i>\n\t\t\t\t\t\t\t\t<\/span>\n\t\t\t\t\t\t\t\t<span class=\"upvote-count\">\n\t\t\t\t\t\t\t\t\t\t\t\t\t\t\t\t\t<\/span>\n\t\t\t\t\t\t\t<\/div>\n\t\t\t\t\t\t\t<!-- \/upvote section -->\n\n\t\t\t\t\t\t\t\t\t\t\t\t\n\t\t\t\t\t<\/li>\n\t\t\t\t\t\n\t\t\t\t\t<li id=\"item-3434-16\">\n\t\t\t\t\t\t\t\t\t\t\t\t<!-- List Anchor -->\n\t\t\t\t\t\t<a   href=\"https:\/\/revistas.ufpr.br\/rinc\"\n\t\t\t\t\t\t\ttarget=\"_blank\">\n\n\t\t\t\t\t\t\t<!-- Image, If Present -->\n\t\t\t\t\t\t\t16 - \t\t\t\t\t\t\t\t\t\t\t\t\t\t\n\t\t\t\t\t\t\t\n\t\t\t\t\t\t\t\t<span class=\"list-img\">\n\t\t\t\t\t\t\t\t\t\t\t\t\t\t\t\t\t\t<img src=\"https:\/\/www.uninter.com\/biblioteca\/wp-content\/uploads\/2021\/09\/17-150x150.jpg\" alt=\"\">\n\t\t\t\t\t\t\t\t<\/span>\n\t\t\t\t\t\t\t\n\t\t\t\t\t\t\t<!-- Link Text -->\n\t\t\t\t\t\t\tRevista de Investiga\u00e7\u00f5es Constitucionais\t\t\t\t\t\t\t\n\t\t\t\t\t\t\t\t\t\t\t\t\t\t<span style=\"font-size:12px;\"><br>\n\t                                \t\t\t\t\t\t\t<\/span>\t\n\t                        \n\t\t\t\t\t\t<\/a>\n\t\t\t\t\t\t\n\t\t\t\t\t\t\t<!-- upvote section -->\n\t\t\t\t\t\t\t<div class=\"upvote-section\">\n\t\t\t\t\t\t\t\t<span data-post-id=\"3434\" data-item-title=\"Revista de Investiga\u00e7\u00f5es Constitucionais\" data-item-link=\"https:\/\/revistas.ufpr.br\/rinc\" class=\"upvote-btn upvote-on\">\n\t\t\t\t\t\t\t\t\t<i class=\"fa fa-thumbs-up\"><\/i>\n\t\t\t\t\t\t\t\t<\/span>\n\t\t\t\t\t\t\t\t<span class=\"upvote-count\">\n\t\t\t\t\t\t\t\t\t\t\t\t\t\t\t\t\t<\/span>\n\t\t\t\t\t\t\t<\/div>\n\t\t\t\t\t\t\t<!-- \/upvote section -->\n\n\t\t\t\t\t\t\t\t\t\t\t\t\n\t\t\t\t\t<\/li>\n\t\t\t\t\t\n\t\t\t\t\t<li id=\"item-3434-17\">\n\t\t\t\t\t\t\t\t\t\t\t\t<!-- List Anchor -->\n\t\t\t\t\t\t<a   href=\"https:\/\/revistas.ufpr.br\/cejur\/about\/editorialPolicies#focusAndScope\"\n\t\t\t\t\t\t\ttarget=\"_blank\">\n\n\t\t\t\t\t\t\t<!-- Image, If Present -->\n\t\t\t\t\t\t\t17 - \t\t\t\t\t\t\t\t\t\t\t\t\t\t\n\t\t\t\t\t\t\t\n\t\t\t\t\t\t\t\t<span class=\"list-img\">\n\t\t\t\t\t\t\t\t\t\t\t\t\t\t\t\t\t\t<img src=\"https:\/\/www.uninter.com\/biblioteca\/wp-content\/uploads\/2021\/09\/18-150x150.jpg\" alt=\"\">\n\t\t\t\t\t\t\t\t<\/span>\n\t\t\t\t\t\t\t\n\t\t\t\t\t\t\t<!-- Link Text -->\n\t\t\t\t\t\t\tRevista Eletr\u00f4nica do CEJUR\t\t\t\t\t\t\t\n\t\t\t\t\t\t\t\t\t\t\t\t\t\t<span style=\"font-size:12px;\"><br>\n\t                                \t\t\t\t\t\t\t<\/span>\t\n\t                        \n\t\t\t\t\t\t<\/a>\n\t\t\t\t\t\t\n\t\t\t\t\t\t\t<!-- upvote section -->\n\t\t\t\t\t\t\t<div class=\"upvote-section\">\n\t\t\t\t\t\t\t\t<span data-post-id=\"3434\" data-item-title=\"Revista Eletr\u00f4nica do CEJUR\" data-item-link=\"https:\/\/revistas.ufpr.br\/cejur\/about\/editorialPolicies#focusAndScope\" class=\"upvote-btn upvote-on\">\n\t\t\t\t\t\t\t\t\t<i class=\"fa fa-thumbs-up\"><\/i>\n\t\t\t\t\t\t\t\t<\/span>\n\t\t\t\t\t\t\t\t<span class=\"upvote-count\">\n\t\t\t\t\t\t\t\t\t\t\t\t\t\t\t\t\t<\/span>\n\t\t\t\t\t\t\t<\/div>\n\t\t\t\t\t\t\t<!-- \/upvote section -->\n\n\t\t\t\t\t\t\t\t\t\t\t\t\n\t\t\t\t\t<\/li>\n\t\t\t\t\t\n\t\t\t\t\t<li id=\"item-3434-18\">\n\t\t\t\t\t\t\t\t\t\t\t\t<!-- List Anchor -->\n\t\t\t\t\t\t<a   href=\"https:\/\/periodicos.processus.com.br\/\"\n\t\t\t\t\t\t\ttarget=\"_blank\">\n\n\t\t\t\t\t\t\t<!-- Image, If Present -->\n\t\t\t\t\t\t\t18 - \t\t\t\t\t\t\t\t\t\t\t\t\t\t\n\t\t\t\t\t\t\t\n\t\t\t\t\t\t\t\t<span class=\"list-img\">\n\t\t\t\t\t\t\t\t\t\t\t\t\t\t\t\t\t\t<img src=\"https:\/\/www.uninter.com\/biblioteca\/wp-content\/uploads\/2021\/09\/19-150x150.jpg\" alt=\"\">\n\t\t\t\t\t\t\t\t<\/span>\n\t\t\t\t\t\t\t\n\t\t\t\t\t\t\t<!-- Link Text -->\n\t\t\t\t\t\t\tREVISTA PROCESSUS\t\t\t\t\t\t\t\n\t\t\t\t\t\t\t\t\t\t\t\t\t\t<span style=\"font-size:12px;\"><br>\n\t                                \t\t\t\t\t\t\t<\/span>\t\n\t                        \n\t\t\t\t\t\t<\/a>\n\t\t\t\t\t\t\n\t\t\t\t\t\t\t<!-- upvote section -->\n\t\t\t\t\t\t\t<div class=\"upvote-section\">\n\t\t\t\t\t\t\t\t<span data-post-id=\"3434\" data-item-title=\"REVISTA PROCESSUS\" data-item-link=\"https:\/\/periodicos.processus.com.br\/\" class=\"upvote-btn upvote-on\">\n\t\t\t\t\t\t\t\t\t<i class=\"fa fa-thumbs-up\"><\/i>\n\t\t\t\t\t\t\t\t<\/span>\n\t\t\t\t\t\t\t\t<span class=\"upvote-count\">\n\t\t\t\t\t\t\t\t\t\t\t\t\t\t\t\t\t<\/span>\n\t\t\t\t\t\t\t<\/div>\n\t\t\t\t\t\t\t<!-- \/upvote section -->\n\n\t\t\t\t\t\t\t\t\t\t\t\t\n\t\t\t\t\t<\/li>\n\t\t\t\t\t\n\t\t\t\t\t<li id=\"item-3434-19\">\n\t\t\t\t\t\t\t\t\t\t\t\t<!-- List Anchor -->\n\t\t\t\t\t\t<a   href=\"https:\/\/www.e-publicacoes.uerj.br\/index.php\/quaestioiuris\/index\"\n\t\t\t\t\t\t\ttarget=\"_blank\">\n\n\t\t\t\t\t\t\t<!-- Image, If Present -->\n\t\t\t\t\t\t\t19 - \t\t\t\t\t\t\t\t\t\t\t\t\t\t\n\t\t\t\t\t\t\t\n\t\t\t\t\t\t\t\t<span class=\"list-img\">\n\t\t\t\t\t\t\t\t\t\t\t\t\t\t\t\t\t\t<img src=\"https:\/\/www.uninter.com\/biblioteca\/wp-content\/uploads\/2021\/09\/20-150x150.jpg\" alt=\"\">\n\t\t\t\t\t\t\t\t<\/span>\n\t\t\t\t\t\t\t\n\t\t\t\t\t\t\t<!-- Link Text -->\n\t\t\t\t\t\t\tREVISTA QUAESTIO IURIS\t\t\t\t\t\t\t\n\t\t\t\t\t\t\t\t\t\t\t\t\t\t<span style=\"font-size:12px;\"><br>\n\t                                \t\t\t\t\t\t\t<\/span>\t\n\t                        \n\t\t\t\t\t\t<\/a>\n\t\t\t\t\t\t\n\t\t\t\t\t\t\t<!-- upvote section -->\n\t\t\t\t\t\t\t<div class=\"upvote-section\">\n\t\t\t\t\t\t\t\t<span data-post-id=\"3434\" data-item-title=\"REVISTA QUAESTIO IURIS\" data-item-link=\"https:\/\/www.e-publicacoes.uerj.br\/index.php\/quaestioiuris\/index\" class=\"upvote-btn upvote-on\">\n\t\t\t\t\t\t\t\t\t<i class=\"fa fa-thumbs-up\"><\/i>\n\t\t\t\t\t\t\t\t<\/span>\n\t\t\t\t\t\t\t\t<span class=\"upvote-count\">\n\t\t\t\t\t\t\t\t\t\t\t\t\t\t\t\t\t<\/span>\n\t\t\t\t\t\t\t<\/div>\n\t\t\t\t\t\t\t<!-- \/upvote section -->\n\n\t\t\t\t\t\t\t\t\t\t\t\t\n\t\t\t\t\t<\/li>\n\t\t\t\t\t\n\t\t\t\t\t<li id=\"item-3434-20\">\n\t\t\t\t\t\t\t\t\t\t\t\t<!-- List Anchor -->\n\t\t\t\t\t\t<a   href=\"https:\/\/periodicos.uninove.br\/prisma\/\"\n\t\t\t\t\t\t\ttarget=\"_blank\">\n\n\t\t\t\t\t\t\t<!-- Image, If Present -->\n\t\t\t\t\t\t\t20 - \t\t\t\t\t\t\t\t\t\t\t\t\t\t\n\t\t\t\t\t\t\t\n\t\t\t\t\t\t\t\t<span class=\"list-img\">\n\t\t\t\t\t\t\t\t\t\t\t\t\t\t\t\t\t\t<img src=\"https:\/\/www.uninter.com\/biblioteca\/wp-content\/uploads\/2021\/09\/21-150x102.png\" alt=\"\">\n\t\t\t\t\t\t\t\t<\/span>\n\t\t\t\t\t\t\t\n\t\t\t\t\t\t\t<!-- Link Text -->\n\t\t\t\t\t\t\tRevista Prisma Jur\u00eddico\t\t\t\t\t\t\t\n\t\t\t\t\t\t\t\t\t\t\t\t\t\t<span style=\"font-size:12px;\"><br>\n\t                                \t\t\t\t\t\t\t<\/span>\t\n\t                        \n\t\t\t\t\t\t<\/a>\n\t\t\t\t\t\t\n\t\t\t\t\t\t\t<!-- upvote section -->\n\t\t\t\t\t\t\t<div class=\"upvote-section\">\n\t\t\t\t\t\t\t\t<span data-post-id=\"3434\" data-item-title=\"Revista Prisma Jur\u00eddico\" data-item-link=\"https:\/\/periodicos.uninove.br\/prisma\/\" class=\"upvote-btn upvote-on\">\n\t\t\t\t\t\t\t\t\t<i class=\"fa fa-thumbs-up\"><\/i>\n\t\t\t\t\t\t\t\t<\/span>\n\t\t\t\t\t\t\t\t<span class=\"upvote-count\">\n\t\t\t\t\t\t\t\t\t\t\t\t\t\t\t\t\t<\/span>\n\t\t\t\t\t\t\t<\/div>\n\t\t\t\t\t\t\t<!-- \/upvote section -->\n\n\t\t\t\t\t\t\t\t\t\t\t\t\n\t\t\t\t\t<\/li>\n\t\t\t\t\t\t\t\t\t<\/ul>\n\n\t\t\t<\/div>\n\n\t\t<\/div>\n\t\t<!-- \/Individual List Item -->\n\n\t\t\n\t\t<\/p>\n<h2>Ou clique para selecionar outras escolas:<\/h2>\n<div style=\"background: #003168; border-radius: 10px; font-family: Arial; color: #ffffff; font-size: 30px; padding: 10px 20px 10px 20px; text-decoration: none; width: 100%; font-weight: bold;\"><span style=\"color: #ffffff;\"><a style=\"color: #ffffff;\" href=\"https:\/\/www.uninter.com\/biblioteca\/mestrado-academico-em-direito\/\" rel=\"noopener\">MESTRADO ACAD\u00caMICO EM DIREITO<\/a><\/span><\/div>\n<p>&nbsp;<\/p>\n<div style=\"background: #003168; border-radius: 10px; font-family: Arial; color: #ffffff; font-size: 30px; padding: 10px 20px 10px 20px; text-decoration: none; width: 100%; font-weight: bold;\"><span style=\"color: #ffffff;\"><a style=\"color: #ffffff;\" href=\"https:\/\/www.uninter.com\/biblioteca\/mestrado-profissional-em-educacao-e-nova-tecnologias\/\" rel=\"noopener\">MESTRADO PROFISSIONAL EM EDUCA\u00c7\u00c3O E NOVAS TECNOLOGIAS<\/a><\/span><\/div>\n<p>&nbsp;<\/p>\n<div style=\"background: #003168; border-radius: 10px; font-family: Arial; color: #ffffff; font-size: 30px; padding: 10px 20px 10px 20px; text-decoration: none; width: 100%; font-weight: bold;\"><span style=\"color: #ffffff;\"><a style=\"color: #ffffff;\" href=\"https:\/\/www.uninter.com\/biblioteca\/periodicos-on-line-escola-de-educacao\/\">ESCOLA DE EDUCA\u00c7\u00c3O<\/a><\/span><\/div>\n<p>&nbsp;<\/p>\n<div style=\"background: #003168; border-radius: 10px; font-family: Arial; color: #ffffff; font-size: 30px; padding: 10px 20px 10px 20px; text-decoration: none; width: 100%; font-weight: bold;\"><span style=\"color: #ffffff;\"><a style=\"color: #ffffff;\" href=\"https:\/\/www.uninter.com\/biblioteca\/escola-de-saude-biociencia-meio-ambiente-e-humanidades\/\">ESCOLA DE SA\u00daDE, BIOCI\u00caNCIA, MEIO AMBIENTE E HUMANIDADES<\/a><\/span><\/div>\n<p>&nbsp;<\/p>\n<div style=\"background: #003168; border-radius: 10px; font-family: Arial; color: #ffffff; font-size: 30px; padding: 10px 20px 10px 20px; text-decoration: none; width: 100%; font-weight: bold;\"><span style=\"color: #ffffff;\"><a style=\"color: #ffffff;\" href=\"https:\/\/www.uninter.com\/biblioteca\/escola-de-gestao-comunicacao-e-negocios\/\">ESCOLA DE GEST\u00c3O, COMUNICA\u00c7\u00c3O E NEG\u00d3CIOS<\/a><\/span><\/div>\n<p>&nbsp;<\/p>\n<div style=\"background: #003168; border-radius: 10px; font-family: Arial; color: #ffffff; font-size: 30px; padding: 10px 20px 10px 20px; text-decoration: none; width: 100%; font-weight: bold;\"><span style=\"color: #ffffff;\"><a style=\"color: #ffffff;\" href=\"https:\/\/www.uninter.com\/biblioteca\/escola-politecnica\/\">ESCOLA POLIT\u00c9CNICA<\/a><\/span><\/div>\n<p>&nbsp;<\/p>\n<div style=\"background: #003168; border-radius: 10px; font-family: Arial; color: #ffffff; font-size: 30px; padding: 10px 20px 10px 20px; text-decoration: none; width: 100%; font-weight: bold;\"><span style=\"color: #ffffff;\"><a style=\"color: #ffffff;\" href=\"https:\/\/www.uninter.com\/biblioteca\/publicacoes-cientificas-uninter\/\">PUBLICA\u00c7\u00d5ES UNINTER<\/a><\/span><\/div>\n<p>&nbsp;<\/p>\n<div style=\"background: #003168; border-radius: 10px; font-family: Arial; color: #ffffff; font-size: 30px; padding: 10px 20px 10px 20px; text-decoration: none; width: 100%; font-weight: bold;\"><span style=\"color: #ffffff;\"><a style=\"color: #ffffff;\" href=\"https:\/\/www.uninter.com\/biblioteca\/ebsco-ieee-stem-10\/\">EBSCO \u2013 IEEE STEM 10<\/a><\/span><\/div>\n<p>&nbsp;<\/p>\n","protected":false},"excerpt":{"rendered":"<p>Peri\u00f3dicos on-line: Clique no curso para expandir as revistas cient\u00edficas. ESCOLA DE GEST\u00c3O P\u00daBLICA, POL\u00cdTICA, JUR\u00cdDICA E SEGURAN\u00c7A Ou clique para selecionar outras escolas: MESTRADO ACAD\u00caMICO EM DIREITO &nbsp; MESTRADO PROFISSIONAL EM EDUCA\u00c7\u00c3O E NOVAS TECNOLOGIAS &nbsp; ESCOLA DE EDUCA\u00c7\u00c3O &nbsp; ESCOLA DE SA\u00daDE, BIOCI\u00caNCIA, MEIO AMBIENTE E HUMANIDADES &nbsp; ESCOLA DE GEST\u00c3O, COMUNICA\u00c7\u00c3O E [&hellip;]<\/p>\n","protected":false},"author":4,"featured_media":0,"parent":0,"menu_order":0,"comment_status":"closed","ping_status":"closed","template":"templates\/template-full-notitle.php","meta":[],"acf":[],"_links":{"self":[{"href":"https:\/\/www.uninter.com\/biblioteca\/wp-json\/wp\/v2\/pages\/1897"}],"collection":[{"href":"https:\/\/www.uninter.com\/biblioteca\/wp-json\/wp\/v2\/pages"}],"about":[{"href":"https:\/\/www.uninter.com\/biblioteca\/wp-json\/wp\/v2\/types\/page"}],"author":[{"embeddable":true,"href":"https:\/\/www.uninter.com\/biblioteca\/wp-json\/wp\/v2\/users\/4"}],"replies":[{"embeddable":true,"href":"https:\/\/www.uninter.com\/biblioteca\/wp-json\/wp\/v2\/comments?post=1897"}],"version-history":[{"count":16,"href":"https:\/\/www.uninter.com\/biblioteca\/wp-json\/wp\/v2\/pages\/1897\/revisions"}],"predecessor-version":[{"id":3435,"href":"https:\/\/www.uninter.com\/biblioteca\/wp-json\/wp\/v2\/pages\/1897\/revisions\/3435"}],"wp:attachment":[{"href":"https:\/\/www.uninter.com\/biblioteca\/wp-json\/wp\/v2\/media?parent=1897"}],"curies":[{"name":"wp","href":"https:\/\/api.w.org\/{rel}","templated":true}]}}