{"id":102,"date":"2017-11-17T14:24:35","date_gmt":"2017-11-17T16:24:35","guid":{"rendered":"https:\/\/www.uninter.com\/biblioteca\/?page_id=102"},"modified":"2024-11-27T13:45:26","modified_gmt":"2024-11-27T16:45:26","slug":"equipe","status":"publish","type":"page","link":"https:\/\/www.uninter.com\/biblioteca\/equipe\/","title":{"rendered":"Equipe"},"content":{"rendered":"<p><strong>Administra\u00e7\u00e3o<\/strong><\/p>\n<h5><strong>Gestora do Sistema Integrado de Bibliotecas<\/strong>: Me. Bibliotec\u00e1ria Vanda Fattori Dias\u00a0<strong>CRB-9\/547<\/strong><\/h5>\n<p><strong>Chefias imediatas<\/strong><\/p>\n<h5><strong>Setores de Processo T\u00e9cnico e F\u00edsico e Setor de Circula\u00e7\u00e3o<\/strong><strong>:\u00a0<\/strong>C\u00e9lia Regina Pinheiro Vasques <strong>CRB-9\/1180\u00a0 <\/strong>e Norma L\u00facia Leal <strong>CRB-9\/1047\u00a0<\/strong><\/h5>\n<p><strong>Setores<\/strong>:<\/p>\n<p>Sele\u00e7\u00e3o e Aquisi\u00e7\u00e3o;<\/p>\n<p>Pesquisas Bibliogr\u00e1ficas;<\/p>\n<p>Restauro;<\/p>\n<p>Processo t\u00e9cnico;<\/p>\n<p>Processo f\u00edsico;<\/p>\n<p>Gerenciamento Bibliotecas Virtuais (PEARSON e MINHA BIBLIOTECA).<\/p>\n<p><strong>Equipe &#8211; Biblioteca Central<\/strong><\/p>\n<ul>\n<li>Adonis Skerkoski da Silva;<\/li>\n<li>Gilmar S\u00e9rgio Pallar;<\/li>\n<li>Guilherme Avers\u00e3o Venturi;<\/li>\n<li>Jos\u00e9lia Aparecida Zabroscki;<\/li>\n<li>Pedro Luiz da Silva (restaurador).<\/li>\n<\/ul>\n<p><img decoding=\"async\" loading=\"lazy\" class=\"wp-image-5639 aligncenter\" src=\"https:\/\/www.uninter.com\/biblioteca\/wp-content\/uploads\/2024\/11\/UninterFEST-230-1024x682.jpg\" alt=\"\" width=\"576\" height=\"384\" srcset=\"https:\/\/www.uninter.com\/biblioteca\/wp-content\/uploads\/2024\/11\/UninterFEST-230-1024x682.jpg 1024w, https:\/\/www.uninter.com\/biblioteca\/wp-content\/uploads\/2024\/11\/UninterFEST-230-300x200.jpg 300w, https:\/\/www.uninter.com\/biblioteca\/wp-content\/uploads\/2024\/11\/UninterFEST-230-768x512.jpg 768w, https:\/\/www.uninter.com\/biblioteca\/wp-content\/uploads\/2024\/11\/UninterFEST-230-1536x1023.jpg 1536w, https:\/\/www.uninter.com\/biblioteca\/wp-content\/uploads\/2024\/11\/UninterFEST-230-2048x1364.jpg 2048w, https:\/\/www.uninter.com\/biblioteca\/wp-content\/uploads\/2024\/11\/UninterFEST-230-272x182.jpg 272w\" sizes=\"(max-width: 576px) 100vw, 576px\" \/><\/p>\n<p>&nbsp;<\/p>\n","protected":false},"excerpt":{"rendered":"<p>Administra\u00e7\u00e3o Gestora do Sistema Integrado de Bibliotecas: Me. Bibliotec\u00e1ria Vanda Fattori Dias\u00a0CRB-9\/547 Chefias imediatas Setores de Processo T\u00e9cnico e F\u00edsico e Setor de Circula\u00e7\u00e3o:\u00a0C\u00e9lia Regina Pinheiro Vasques CRB-9\/1180\u00a0 e Norma L\u00facia Leal CRB-9\/1047\u00a0 Setores: Sele\u00e7\u00e3o e Aquisi\u00e7\u00e3o; Pesquisas Bibliogr\u00e1ficas; Restauro; Processo t\u00e9cnico; Processo f\u00edsico; Gerenciamento Bibliotecas Virtuais (PEARSON e MINHA BIBLIOTECA). Equipe &#8211; Biblioteca Central [&hellip;]<\/p>\n","protected":false},"author":1,"featured_media":0,"parent":0,"menu_order":0,"comment_status":"closed","ping_status":"closed","template":"templates\/template-full.php","meta":[],"acf":[],"_links":{"self":[{"href":"https:\/\/www.uninter.com\/biblioteca\/wp-json\/wp\/v2\/pages\/102"}],"collection":[{"href":"https:\/\/www.uninter.com\/biblioteca\/wp-json\/wp\/v2\/pages"}],"about":[{"href":"https:\/\/www.uninter.com\/biblioteca\/wp-json\/wp\/v2\/types\/page"}],"author":[{"embeddable":true,"href":"https:\/\/www.uninter.com\/biblioteca\/wp-json\/wp\/v2\/users\/1"}],"replies":[{"embeddable":true,"href":"https:\/\/www.uninter.com\/biblioteca\/wp-json\/wp\/v2\/comments?post=102"}],"version-history":[{"count":45,"href":"https:\/\/www.uninter.com\/biblioteca\/wp-json\/wp\/v2\/pages\/102\/revisions"}],"predecessor-version":[{"id":5651,"href":"https:\/\/www.uninter.com\/biblioteca\/wp-json\/wp\/v2\/pages\/102\/revisions\/5651"}],"wp:attachment":[{"href":"https:\/\/www.uninter.com\/biblioteca\/wp-json\/wp\/v2\/media?parent=102"}],"curies":[{"name":"wp","href":"https:\/\/api.w.org\/{rel}","templated":true}]}}